{"id":2762,"date":"2023-09-15T11:15:58","date_gmt":"2023-09-15T11:15:58","guid":{"rendered":"https:\/\/blogsaverroes.juntadeandalucia.es\/lahungara\/?page_id=2762"},"modified":"2023-09-15T11:23:04","modified_gmt":"2023-09-15T11:23:04","slug":"2022-2023","status":"publish","type":"page","link":"https:\/\/blogsaverroes.juntadeandalucia.es\/lahungara\/equipo\/2022-2023\/","title":{"rendered":"Nuestro Equipo (2022 &#8211; 2023)"},"content":{"rendered":"<table>\n<tbody>\n<tr>\n<td><em>Responsable de la Biblioteca<\/em><br \/>\nMiriam Garc\u00eda Vidal<\/td>\n<\/tr>\n<tr>\n<td><em>Atenci\u00f3n a la diversidad<br \/>\n<\/em>Esther Algeciras \u00c1lvarez<\/td>\n<\/tr>\n<tr>\n<td><em>Coeducaci\u00f3n<br \/>\n<\/em>Mar\u00eda Jos\u00e9 Mu\u00f1oz Estepa<\/td>\n<\/tr>\n<tr>\n<td><em>Proyecto Ling\u00fc\u00edstico<\/em><br \/>\nCarmen Miranda P\u00e9rez<\/td>\n<\/tr>\n<tr>\n<td><em>Dinamizaci\u00f3n de espacios digitales<\/em><br \/>\nMar\u00eda del Mar Ib\u00e1\u00f1ez Jim\u00e9nez-Herrera<\/td>\n<\/tr>\n<tr>\n<td><em>Servicio de pr\u00e9stamos<\/em><br \/>\nCarmen Vargas Su\u00e1rez<br \/>\nAscensi\u00f3n Vera<\/td>\n<\/tr>\n<tr>\n<td><em>Soporte t\u00e9cnico<\/em><br \/>\nAlba Mar\u00eda Navarro Izquierdo<br \/>\nFrancisco Javier Navarro Izquierdo<\/td>\n<\/tr>\n<tr>\n<td><em>Mantenimiento del cat\u00e1logo<\/em><br \/>\nMario Benicio Nieto<br \/>\nIgnacio P\u00e9rez G\u00e1lvez<br \/>\nJulio de Vega L\u00f3pez<br \/>\nRub\u00e9n Zaya Grilo<\/td>\n<\/tr>\n<\/tbody>\n<\/table>\n","protected":false},"excerpt":{"rendered":"<p>Responsable de la Biblioteca Miriam Garc\u00eda Vidal Atenci\u00f3n a la diversidad Esther Algeciras \u00c1lvarez Coeducaci\u00f3n Mar\u00eda Jos\u00e9 Mu\u00f1oz Estepa Proyecto Ling\u00fc\u00edstico Carmen Miranda P\u00e9rez Dinamizaci\u00f3n de espacios digitales Mar\u00eda del Mar Ib\u00e1\u00f1ez Jim\u00e9nez-Herrera Servicio de pr\u00e9stamos Carmen Vargas Su\u00e1rez Ascensi\u00f3n Vera Soporte t\u00e9cnico Alba Mar\u00eda Navarro Izquierdo Francisco Javier Navarro Izquierdo Mantenimiento del cat\u00e1logo Mario [&hellip;]<\/p>\n","protected":false},"author":12292,"featured_media":0,"parent":1289,"menu_order":0,"comment_status":"closed","ping_status":"closed","template":"","meta":{"ngg_post_thumbnail":0,"footnotes":""},"aioseo_notices":[],"_links":{"self":[{"href":"https:\/\/blogsaverroes.juntadeandalucia.es\/lahungara\/wp-json\/wp\/v2\/pages\/2762"}],"collection":[{"href":"https:\/\/blogsaverroes.juntadeandalucia.es\/lahungara\/wp-json\/wp\/v2\/pages"}],"about":[{"href":"https:\/\/blogsaverroes.juntadeandalucia.es\/lahungara\/wp-json\/wp\/v2\/types\/page"}],"author":[{"embeddable":true,"href":"https:\/\/blogsaverroes.juntadeandalucia.es\/lahungara\/wp-json\/wp\/v2\/users\/12292"}],"replies":[{"embeddable":true,"href":"https:\/\/blogsaverroes.juntadeandalucia.es\/lahungara\/wp-json\/wp\/v2\/comments?post=2762"}],"version-history":[{"count":2,"href":"https:\/\/blogsaverroes.juntadeandalucia.es\/lahungara\/wp-json\/wp\/v2\/pages\/2762\/revisions"}],"predecessor-version":[{"id":2764,"href":"https:\/\/blogsaverroes.juntadeandalucia.es\/lahungara\/wp-json\/wp\/v2\/pages\/2762\/revisions\/2764"}],"up":[{"embeddable":true,"href":"https:\/\/blogsaverroes.juntadeandalucia.es\/lahungara\/wp-json\/wp\/v2\/pages\/1289"}],"wp:attachment":[{"href":"https:\/\/blogsaverroes.juntadeandalucia.es\/lahungara\/wp-json\/wp\/v2\/media?parent=2762"}],"curies":[{"name":"wp","href":"https:\/\/api.w.org\/{rel}","templated":true}]}}