{"id":5397,"date":"2021-01-11T12:23:03","date_gmt":"2021-01-11T11:23:03","guid":{"rendered":"https:\/\/blogsaverroes.juntadeandalucia.es\/lajara\/?page_id=5397"},"modified":"2022-09-11T23:52:43","modified_gmt":"2022-09-11T21:52:43","slug":"transformacion-digital-educativa","status":"publish","type":"page","link":"https:\/\/blogsaverroes.juntadeandalucia.es\/lajara\/planes-y-proyectos\/transformacion-digital-educativa\/","title":{"rendered":"Transformaci\u00f3n Digital Educativa"},"content":{"rendered":"<p><strong>Enlaces a recursos TIC &#8211; Educaci\u00f3n Digital<\/strong><\/p>\n<ol>\n<li><a href=\"https:\/\/docs.google.com\/document\/d\/1qfSepfL8RCDYlmPFgHG4rjCH4OTNp3Gx0Udi0Wx4OHI\/edit?usp=sharing\" target=\"_blank\" rel=\"noopener noreferrer\">Recursos digitales en 1 minuto<\/a><\/li>\n<\/ol>\n<p><strong>Documentos sobre el proyecto TDE:<\/strong><\/p>\n<ol>\n<li><a href=\"https:\/\/www.juntadeandalucia.es\/educacion\/portals\/web\/transformacion-digital-educativa\" target=\"_blank\" rel=\"noopener noreferrer\">Portal de Transformaci\u00f3n Digital Educativa<\/a> (TDE)<\/li>\n<li>Instrucciones del 31 de julio de 2020 sobre las <a href=\"https:\/\/www.juntadeandalucia.es\/educacion\/portals\/delegate\/content\/794a9525-2039-4139-94a1-a6ccdb2896c9\/Instrucciones%20TDE\" target=\"_blank\" rel=\"noopener noreferrer\">medidas de transformaci\u00f3n digital en los centros educativos<\/a><\/li>\n<li><a href=\"https:\/\/www.juntadeandalucia.es\/educacion\/portals\/web\/transformacion-digital-educativa\/documentos-de-referencia\/-\/novedades\/detalle\/CSWlxTNcPD3g\/tde_rubrica_version-distribuible-de-la-rubrica-tde\" target=\"_blank\" rel=\"noopener noreferrer\">R\u00fabrica #TDE<\/a> descargable<\/li>\n<li><a href=\"https:\/\/wp.me\/PbMqzS-1pb\" target=\"_blank\" rel=\"noopener noreferrer\">Cronograma #TDE<\/a> &#8212; (<a href=\"https:\/\/view.genial.ly\/5f4ccf7ee8b4e60d6ab324b8\/horizontal-infographic-diagrams-tde-hitos\" target=\"_blank\" rel=\"noopener noreferrer\">Infograf\u00eda<\/a>)<\/li>\n<li><a href=\"https:\/\/www.juntadeandalucia.es\/educacion\/portals\/web\/transformacion-digital-educativa\/competencia-digital\" target=\"_blank\" rel=\"noopener noreferrer\">Marcos de Competencia Digital<\/a><\/li>\n<\/ol>\n<p><strong>Gu\u00edas para Moodle Centros:<\/strong><\/p>\n<ol>\n<li><a href=\"http:\/\/agrega.juntadeandalucia.es\/\/repositorio\/09122020\/98\/es-an_2020120911_9092449\/rol_profesorado\/index.html\" target=\"_blank\" rel=\"noopener noreferrer\">Gu\u00eda Moodle (rol profesorado)<\/a><\/li>\n<li><a href=\"http:\/\/agrega.juntadeandalucia.es\/\/repositorio\/06122020\/d6\/es-an_2020120614_9192858\/rol_gestor\/index.html\" target=\"_blank\" rel=\"noopener noreferrer\">Gu\u00eda Moodle (rol gestor)<\/a><\/li>\n<li><a href=\"https:\/\/www.juntadeandalucia.es\/educacion\/portals\/web\/transformacion-digital-educativa\/moodle_faq\" target=\"_blank\" rel=\"noopener noreferrer\">Preguntas frecuentes sobre Moodle Centros<\/a><\/li>\n<\/ol>\n<div class=\"row fila-SNC\">\n<div class=\"celda-SNC col-lg-12\">&nbsp;<\/div>\n<div>&nbsp;<\/div>\n<\/div>\n","protected":false},"excerpt":{"rendered":"<p>Enlaces a recursos TIC &#8211; Educaci\u00f3n Digital Recursos digitales en 1 minuto Documentos sobre el proyecto TDE: Portal de Transformaci\u00f3n Digital Educativa (TDE) Instrucciones del 31 de julio de 2020 sobre las medidas de transformaci\u00f3n&#46;&#46;&#46;<\/p>\n","protected":false},"author":8617,"featured_media":0,"parent":44,"menu_order":0,"comment_status":"closed","ping_status":"closed","template":"","meta":{"ngg_post_thumbnail":0,"footnotes":""},"aioseo_notices":[],"_links":{"self":[{"href":"https:\/\/blogsaverroes.juntadeandalucia.es\/lajara\/wp-json\/wp\/v2\/pages\/5397"}],"collection":[{"href":"https:\/\/blogsaverroes.juntadeandalucia.es\/lajara\/wp-json\/wp\/v2\/pages"}],"about":[{"href":"https:\/\/blogsaverroes.juntadeandalucia.es\/lajara\/wp-json\/wp\/v2\/types\/page"}],"author":[{"embeddable":true,"href":"https:\/\/blogsaverroes.juntadeandalucia.es\/lajara\/wp-json\/wp\/v2\/users\/8617"}],"replies":[{"embeddable":true,"href":"https:\/\/blogsaverroes.juntadeandalucia.es\/lajara\/wp-json\/wp\/v2\/comments?post=5397"}],"version-history":[{"count":6,"href":"https:\/\/blogsaverroes.juntadeandalucia.es\/lajara\/wp-json\/wp\/v2\/pages\/5397\/revisions"}],"predecessor-version":[{"id":5402,"href":"https:\/\/blogsaverroes.juntadeandalucia.es\/lajara\/wp-json\/wp\/v2\/pages\/5397\/revisions\/5402"}],"up":[{"embeddable":true,"href":"https:\/\/blogsaverroes.juntadeandalucia.es\/lajara\/wp-json\/wp\/v2\/pages\/44"}],"wp:attachment":[{"href":"https:\/\/blogsaverroes.juntadeandalucia.es\/lajara\/wp-json\/wp\/v2\/media?parent=5397"}],"curies":[{"name":"wp","href":"https:\/\/api.w.org\/{rel}","templated":true}]}}