{"id":196,"date":"2021-11-08T08:23:30","date_gmt":"2021-11-08T08:23:30","guid":{"rendered":"https:\/\/blogsaverroes.juntadeandalucia.es\/laplumadelcervantes\/?page_id=196"},"modified":"2025-11-26T10:13:09","modified_gmt":"2025-11-26T10:13:09","slug":"proyecto-bilingue","status":"publish","type":"page","link":"https:\/\/blogsaverroes.juntadeandalucia.es\/laplumadelcervantes\/proyecto-bilingue\/","title":{"rendered":"PROGRAMA BILING\u00dcE"},"content":{"rendered":"<p>Nuestro colegio comenz\u00f3 siendo biling\u00fce durante el curso escolar 2007\/08 ,por aquellos entonces solo una de las dos l\u00edneas era biling\u00fce y actualmente todos los alumnos de nuestro centro reciben una educaci\u00f3n biling\u00fce.<\/p>\n<p>En educaci\u00f3n infantil, complementamos los \u00e1mbitos de aprendizaje con un&nbsp;entorno biling\u00fce, en el que el alumnado se expone a un nuevo idioma desde los 3 a\u00f1os, a trav\u00e9s de la t\u00e9cnica del texto narrativo dialogado y en el cual se habit\u00faa a interactuar con el profesorado especialista de forma natural.<\/p>\n<p>En educaci\u00f3n primaria, nuestros alumnos adquieren los conocimientos de ciencias naturales y sociales dedicando el 50% en ingl\u00e9s y el otro 50% en espa\u00f1ol.<\/p>\n<p>La finalidad de nuestro Proyecto Biling\u00fce en ingl\u00e9s es integrar la segunda lengua de manera natural, con un amplio tiempo de inmersi\u00f3n tanto en diversas asignaturas como en la rutina general de clase, adaptando los niveles de aprendizaje de la lengua a las necesidades de las materias, contando para ello con el profesorado especialista y auxiliares nativos.<\/p>\n<p>Como conclusi\u00f3n podemos decir que optar por&nbsp;<strong>un centro con biling\u00fce cuenta con numerosos beneficios<\/strong>&nbsp;para el presente y futuro de los alumnos. Entre algunas de estas ventajas se encuentra, adem\u00e1s de contar con una segunda lengua, el hecho de&nbsp;<strong>mejorar la capacidad de comunicaci\u00f3n, incrementar el \u00e9xito profesional o aspectos como fomentar la empat\u00eda cultural.<\/strong>&nbsp;<\/p>\n<p>&nbsp;<\/p>\n<p><img loading=\"lazy\" decoding=\"async\" class=\"aligncenter wp-image-443\" src=\"https:\/\/blogsaverroes.juntadeandalucia.es\/laplumadelcervantes\/files\/2022\/10\/biling\u00faismo.jpg\" alt=\"\" width=\"275\" height=\"230\"><\/p>\n<p>Se puede acceder al proyecto biling\u00fce de este curso acad\u00e9mico 2022-23 pinchando en el siguiente enlace.<\/p>\n<p><a href=\"https:\/\/blogsaverroes.juntadeandalucia.es\/laplumadelcervantes\/files\/2025\/11\/PROYECTO-BILINGUE-2025.pdf\">PROYECTO BILING\u00dcE 2025-26<\/a><\/p>\n<p>&nbsp;<\/p>\n<p>:<\/p>\n<p>&nbsp;<\/p>\n","protected":false},"excerpt":{"rendered":"<p>Nuestro colegio comenz\u00f3 siendo biling\u00fce durante el curso escolar 2007\/08 ,por aquellos entonces solo una de las dos l\u00edneas era biling\u00fce y actualmente todos los alumnos de nuestro centro reciben una educaci\u00f3n biling\u00fce. En&#46;&#46;&#46;<\/p>\n","protected":false},"author":11926,"featured_media":0,"parent":0,"menu_order":0,"comment_status":"closed","ping_status":"closed","template":"","meta":{"ngg_post_thumbnail":0,"footnotes":""},"aioseo_notices":[],"_links":{"self":[{"href":"https:\/\/blogsaverroes.juntadeandalucia.es\/laplumadelcervantes\/wp-json\/wp\/v2\/pages\/196"}],"collection":[{"href":"https:\/\/blogsaverroes.juntadeandalucia.es\/laplumadelcervantes\/wp-json\/wp\/v2\/pages"}],"about":[{"href":"https:\/\/blogsaverroes.juntadeandalucia.es\/laplumadelcervantes\/wp-json\/wp\/v2\/types\/page"}],"author":[{"embeddable":true,"href":"https:\/\/blogsaverroes.juntadeandalucia.es\/laplumadelcervantes\/wp-json\/wp\/v2\/users\/11926"}],"replies":[{"embeddable":true,"href":"https:\/\/blogsaverroes.juntadeandalucia.es\/laplumadelcervantes\/wp-json\/wp\/v2\/comments?post=196"}],"version-history":[{"count":11,"href":"https:\/\/blogsaverroes.juntadeandalucia.es\/laplumadelcervantes\/wp-json\/wp\/v2\/pages\/196\/revisions"}],"predecessor-version":[{"id":671,"href":"https:\/\/blogsaverroes.juntadeandalucia.es\/laplumadelcervantes\/wp-json\/wp\/v2\/pages\/196\/revisions\/671"}],"wp:attachment":[{"href":"https:\/\/blogsaverroes.juntadeandalucia.es\/laplumadelcervantes\/wp-json\/wp\/v2\/media?parent=196"}],"curies":[{"name":"wp","href":"https:\/\/api.w.org\/{rel}","templated":true}]}}