{"id":246,"date":"2021-11-09T08:07:49","date_gmt":"2021-11-09T08:07:49","guid":{"rendered":"https:\/\/blogsaverroes.juntadeandalucia.es\/laplumadelcervantes\/?page_id=246"},"modified":"2023-09-22T07:50:28","modified_gmt":"2023-09-22T07:50:28","slug":"inicio-2","status":"publish","type":"page","link":"https:\/\/blogsaverroes.juntadeandalucia.es\/laplumadelcervantes\/inicio-2\/","title":{"rendered":"INICIO"},"content":{"rendered":"<p>BIENVENIDA<\/p>\n<p>&nbsp;<\/p>\n<p><img loading=\"lazy\" decoding=\"async\" class=\"size-medium wp-image-503 aligncenter\" src=\"https:\/\/blogsaverroes.juntadeandalucia.es\/laplumadelcervantes\/files\/2023\/09\/IMG-20230922-WA0003-1-300x300.jpg\" alt=\"\" width=\"300\" height=\"300\" srcset=\"https:\/\/blogsaverroes.juntadeandalucia.es\/laplumadelcervantes\/files\/2023\/09\/IMG-20230922-WA0003-1-300x300.jpg 300w, https:\/\/blogsaverroes.juntadeandalucia.es\/laplumadelcervantes\/files\/2023\/09\/IMG-20230922-WA0003-1-150x150.jpg 150w, https:\/\/blogsaverroes.juntadeandalucia.es\/laplumadelcervantes\/files\/2023\/09\/IMG-20230922-WA0003-1-768x768.jpg 768w, https:\/\/blogsaverroes.juntadeandalucia.es\/laplumadelcervantes\/files\/2023\/09\/IMG-20230922-WA0003-1-246x246.jpg 246w, https:\/\/blogsaverroes.juntadeandalucia.es\/laplumadelcervantes\/files\/2023\/09\/IMG-20230922-WA0003-1-520x520.jpg 520w, https:\/\/blogsaverroes.juntadeandalucia.es\/laplumadelcervantes\/files\/2023\/09\/IMG-20230922-WA0003-1-185x185.jpg 185w, https:\/\/blogsaverroes.juntadeandalucia.es\/laplumadelcervantes\/files\/2023\/09\/IMG-20230922-WA0003-1-220x220.jpg 220w, https:\/\/blogsaverroes.juntadeandalucia.es\/laplumadelcervantes\/files\/2023\/09\/IMG-20230922-WA0003-1-60x60.jpg 60w, https:\/\/blogsaverroes.juntadeandalucia.es\/laplumadelcervantes\/files\/2023\/09\/IMG-20230922-WA0003-1-384x384.jpg 384w, https:\/\/blogsaverroes.juntadeandalucia.es\/laplumadelcervantes\/files\/2023\/09\/IMG-20230922-WA0003-1.jpg 1000w\" sizes=\"(max-width: 300px) 100vw, 300px\" \/><\/p>\n<p>Desde estas p\u00e1ginas les invitamos a conocer nuestro centro y acceder a diferentes apartados y secciones \u00fatiles que sin duda facilitar\u00e1n las relaciones y comunicaci\u00f3n con nuestro colegio.<\/p>\n<p>A trav\u00e9s de esta fuente de comunicaci\u00f3n multimedia pretendemos estar m\u00e1s cerca&nbsp; de todas las familias que han confiado en nuestro colegio para la educaci\u00f3n de sus hijos\/as, y tambi\u00e9n de aquellas familias que en un futuro cercano conf\u00eden tambi\u00e9n en nuestro centro.<\/p>\n<p>Esta web pretende presentar y dar a conocer las instalaciones y servicios que ofrece nuestro colegio a todas las familias, (aula matinal, comedor y actividades extraescolares) servicios que han permitido a muchas de ellas conciliar la vida laboral y familiar con la escolar.<\/p>\n<p>Igualmente, con car\u00e1cter meramente informativo, pretende ofrecer otra informaci\u00f3n de inter\u00e9s a las familias (admisi\u00f3n y matr\u00edcula, salidas y excursiones, actos diversos, sugerencias).<\/p>\n<p>Este centro, desde hace varios a\u00f1os, ha avanzado en calidad y servicios de manera considerable, principalmente por el trabajo y esfuerzo de toda su comunidad educativa, a la que desde estas l\u00edneas aprovechamos para agradecer su colaboraci\u00f3n.<\/p>\n<p>Hemos creado esta web para que en ella encuentre informaci\u00f3n y documentos que le permitan agilizar sus tr\u00e1mites con el colegio.<\/p>\n<p>Esta web es otra v\u00eda m\u00e1s de comunicaci\u00f3n con las familias. Deseamos, a toda la comunidad educativa, le sirva para conocernos mejor y esperamos, como siempre, las aportaciones de todos y todas a trav\u00e9s del correo electr\u00f3nico para avanzar en un colegio mejor.<\/p>\n<p>&nbsp;<\/p>\n<p>&nbsp;&nbsp;&nbsp;&nbsp;&nbsp;&nbsp;&nbsp;&nbsp;&nbsp;&nbsp;&nbsp;&nbsp;&nbsp;&nbsp;&nbsp;&nbsp;&nbsp;&nbsp;&nbsp;&nbsp;&nbsp;&nbsp;&nbsp;&nbsp;&nbsp;&nbsp;&nbsp;&nbsp;&nbsp;&nbsp;&nbsp;&nbsp;&nbsp;&nbsp;&nbsp;&nbsp;&nbsp;&nbsp;&nbsp;&nbsp;&nbsp;&nbsp;&nbsp;&nbsp;&nbsp;&nbsp;&nbsp;&nbsp;&nbsp;&nbsp;&nbsp;&nbsp;&nbsp;&nbsp;&nbsp;&nbsp;&nbsp;&nbsp;&nbsp;&nbsp;&nbsp;&nbsp;&nbsp;&nbsp;&nbsp;&nbsp;&nbsp;&nbsp;&nbsp;&nbsp;&nbsp;&nbsp;&nbsp;&nbsp;&nbsp;&nbsp;&nbsp;&nbsp;&nbsp;&nbsp;&nbsp;&nbsp;&nbsp;&nbsp;&nbsp;&nbsp;&nbsp;&nbsp;&nbsp;&nbsp;&nbsp;&nbsp;&nbsp;&nbsp;&nbsp;&nbsp;&nbsp; Atentamente<\/p>\n<p>&nbsp;<\/p>\n<p>&nbsp;&nbsp;&nbsp;&nbsp;&nbsp;&nbsp;&nbsp;&nbsp;&nbsp;&nbsp;&nbsp;&nbsp;&nbsp;&nbsp;&nbsp;&nbsp;&nbsp;&nbsp;&nbsp;&nbsp;&nbsp;&nbsp;&nbsp;&nbsp;&nbsp;&nbsp;&nbsp;&nbsp;&nbsp;&nbsp;&nbsp;&nbsp;&nbsp;&nbsp;&nbsp;&nbsp;&nbsp;&nbsp;&nbsp;&nbsp;&nbsp;&nbsp;&nbsp;&nbsp;&nbsp;&nbsp;&nbsp;&nbsp;&nbsp;&nbsp;&nbsp;&nbsp;&nbsp;&nbsp;&nbsp;&nbsp;&nbsp;&nbsp;&nbsp;&nbsp;&nbsp;&nbsp;&nbsp;&nbsp;&nbsp;&nbsp;&nbsp;&nbsp;&nbsp;&nbsp;&nbsp;&nbsp;&nbsp;&nbsp;&nbsp;&nbsp;&nbsp;&nbsp;&nbsp;&nbsp;&nbsp;&nbsp;&nbsp;&nbsp; &nbsp;&nbsp;&nbsp;&nbsp;&nbsp;&nbsp;&nbsp;&nbsp;&nbsp;&nbsp;&nbsp;El equipo directivo<\/p>\n","protected":false},"excerpt":{"rendered":"<p>BIENVENIDA &nbsp; Desde estas p\u00e1ginas les invitamos a conocer nuestro centro y acceder a diferentes apartados y secciones \u00fatiles que sin duda facilitar\u00e1n las relaciones y comunicaci\u00f3n con nuestro colegio. A trav\u00e9s de esta&#46;&#46;&#46;<\/p>\n","protected":false},"author":11926,"featured_media":0,"parent":0,"menu_order":0,"comment_status":"closed","ping_status":"closed","template":"","meta":{"ngg_post_thumbnail":0,"footnotes":""},"aioseo_notices":[],"_links":{"self":[{"href":"https:\/\/blogsaverroes.juntadeandalucia.es\/laplumadelcervantes\/wp-json\/wp\/v2\/pages\/246"}],"collection":[{"href":"https:\/\/blogsaverroes.juntadeandalucia.es\/laplumadelcervantes\/wp-json\/wp\/v2\/pages"}],"about":[{"href":"https:\/\/blogsaverroes.juntadeandalucia.es\/laplumadelcervantes\/wp-json\/wp\/v2\/types\/page"}],"author":[{"embeddable":true,"href":"https:\/\/blogsaverroes.juntadeandalucia.es\/laplumadelcervantes\/wp-json\/wp\/v2\/users\/11926"}],"replies":[{"embeddable":true,"href":"https:\/\/blogsaverroes.juntadeandalucia.es\/laplumadelcervantes\/wp-json\/wp\/v2\/comments?post=246"}],"version-history":[{"count":5,"href":"https:\/\/blogsaverroes.juntadeandalucia.es\/laplumadelcervantes\/wp-json\/wp\/v2\/pages\/246\/revisions"}],"predecessor-version":[{"id":505,"href":"https:\/\/blogsaverroes.juntadeandalucia.es\/laplumadelcervantes\/wp-json\/wp\/v2\/pages\/246\/revisions\/505"}],"wp:attachment":[{"href":"https:\/\/blogsaverroes.juntadeandalucia.es\/laplumadelcervantes\/wp-json\/wp\/v2\/media?parent=246"}],"curies":[{"name":"wp","href":"https:\/\/api.w.org\/{rel}","templated":true}]}}