{"id":241,"date":"2023-11-01T19:12:35","date_gmt":"2023-11-01T19:12:35","guid":{"rendered":"https:\/\/blogsaverroes.juntadeandalucia.es\/laprofemj\/?page_id=241"},"modified":"2023-11-01T19:28:45","modified_gmt":"2023-11-01T19:28:45","slug":"atencion-educativa","status":"publish","type":"page","link":"https:\/\/blogsaverroes.juntadeandalucia.es\/laprofemj\/?page_id=241","title":{"rendered":"ATENCI\u00d3N EDUCATIVA"},"content":{"rendered":"\t\t<div data-elementor-type=\"wp-page\" data-elementor-id=\"241\" class=\"elementor elementor-241\">\n\t\t\t\t\t\t<section class=\"elementor-section elementor-top-section elementor-element elementor-element-0d54bc0 elementor-section-boxed elementor-section-height-default elementor-section-height-default\" data-id=\"0d54bc0\" data-element_type=\"section\">\n\t\t\t\t\t\t<div class=\"elementor-container elementor-column-gap-default\">\n\t\t\t\t\t<div class=\"elementor-column elementor-col-100 elementor-top-column elementor-element elementor-element-eebf19f\" data-id=\"eebf19f\" data-element_type=\"column\">\n\t\t\t<div class=\"elementor-widget-wrap elementor-element-populated\">\n\t\t\t\t\t\t<div class=\"elementor-element elementor-element-9a154d3 elementor-widget elementor-widget-heading\" data-id=\"9a154d3\" data-element_type=\"widget\" data-widget_type=\"heading.default\">\n\t\t\t\t<div class=\"elementor-widget-container\">\n\t\t\t\t\t<h2 class=\"elementor-heading-title elementor-size-default\">\u00bfQU\u00c9 ES LA ATENCI\u00d3N EDUCATIVA?<\/h2>\t\t\t\t<\/div>\n\t\t\t\t<\/div>\n\t\t\t\t<div class=\"elementor-element elementor-element-eb3d481 elementor-widget elementor-widget-text-editor\" data-id=\"eb3d481\" data-element_type=\"widget\" data-widget_type=\"text-editor.default\">\n\t\t\t\t<div class=\"elementor-widget-container\">\n\t\t\t\t\t\t\t\t\t<p>La asignatura de Atenci\u00f3n Educativa es una materia alternativa a Religi\u00f3n que se imparte en algunos centros educativos en Espa\u00f1a.<\/p><p>Esta asignatura tiene una duraci\u00f3n de una hora semanal y no puede tratar contenido curricular.<\/p><p>En lugar de eso, se enfoca en el desarrollo de competencias clave, como la resoluci\u00f3n colaborativa de problemas, la reflexi\u00f3n, la responsabilidad, la autoestima y la autonom\u00eda.<\/p><p>Los objetivos de la materia incluyen trabajar valores, sostenibilidad y conciencia y expresi\u00f3n culturales.<\/p><p>Los alumnos que elijan no cursar Religi\u00f3n recibir\u00e1n \u00abla debida atenci\u00f3n educativa\u00bb, que se enfoca en reforzar la autoestima del alumno, la autonom\u00eda, la reflexi\u00f3n y la responsabilidad.<\/p><div><div><span style=\"color: #747474;font-family: 'Open Sans', sans-serif;font-size: 14px\">En resumen, la asignatura de Atenci\u00f3n Educativa se enfoca en el desarrollo de habilidades y competencias clave, y no en el contenido curricular.<\/span><\/div><\/div>\t\t\t\t\t\t\t\t<\/div>\n\t\t\t\t<\/div>\n\t\t\t\t\t<\/div>\n\t\t<\/div>\n\t\t\t\t\t<\/div>\n\t\t<\/section>\n\t\t\t\t<section class=\"elementor-section elementor-top-section elementor-element elementor-element-ea74f13 elementor-section-boxed elementor-section-height-default elementor-section-height-default\" data-id=\"ea74f13\" data-element_type=\"section\">\n\t\t\t\t\t\t<div class=\"elementor-container elementor-column-gap-default\">\n\t\t\t\t\t<div class=\"elementor-column elementor-col-100 elementor-top-column elementor-element elementor-element-5c38885\" data-id=\"5c38885\" data-element_type=\"column\">\n\t\t\t<div class=\"elementor-widget-wrap elementor-element-populated\">\n\t\t\t\t\t\t<div class=\"elementor-element elementor-element-8631246 elementor-widget-divider--view-line elementor-widget elementor-widget-divider\" data-id=\"8631246\" data-element_type=\"widget\" data-widget_type=\"divider.default\">\n\t\t\t\t<div class=\"elementor-widget-container\">\n\t\t\t\t\t\t\t<div class=\"elementor-divider\">\n\t\t\t<span class=\"elementor-divider-separator\">\n\t\t\t\t\t\t<\/span>\n\t\t<\/div>\n\t\t\t\t\t\t<\/div>\n\t\t\t\t<\/div>\n\t\t\t\t\t<\/div>\n\t\t<\/div>\n\t\t\t\t\t<\/div>\n\t\t<\/section>\n\t\t\t\t<section class=\"elementor-section elementor-top-section elementor-element elementor-element-844468b elementor-section-boxed elementor-section-height-default elementor-section-height-default\" data-id=\"844468b\" data-element_type=\"section\">\n\t\t\t\t\t\t<div class=\"elementor-container elementor-column-gap-default\">\n\t\t\t\t\t<div class=\"elementor-column elementor-col-100 elementor-top-column elementor-element elementor-element-5fabdeb\" data-id=\"5fabdeb\" data-element_type=\"column\">\n\t\t\t<div class=\"elementor-widget-wrap elementor-element-populated\">\n\t\t\t\t\t\t<section class=\"elementor-section elementor-inner-section elementor-element elementor-element-4900a32 elementor-section-boxed elementor-section-height-default elementor-section-height-default\" data-id=\"4900a32\" data-element_type=\"section\">\n\t\t\t\t\t\t<div class=\"elementor-container elementor-column-gap-default\">\n\t\t\t\t\t<div class=\"elementor-column elementor-col-50 elementor-inner-column elementor-element elementor-element-c4657a5\" data-id=\"c4657a5\" data-element_type=\"column\">\n\t\t\t<div class=\"elementor-widget-wrap elementor-element-populated\">\n\t\t\t\t\t\t<div class=\"elementor-element elementor-element-35d4dc2 elementor-widget elementor-widget-heading\" data-id=\"35d4dc2\" data-element_type=\"widget\" data-widget_type=\"heading.default\">\n\t\t\t\t<div class=\"elementor-widget-container\">\n\t\t\t\t\t<h2 class=\"elementor-heading-title elementor-size-default\">LA ETIQUETAS<\/h2>\t\t\t\t<\/div>\n\t\t\t\t<\/div>\n\t\t\t\t<div class=\"elementor-element elementor-element-6dbce26 elementor-widget elementor-widget-text-editor\" data-id=\"6dbce26\" data-element_type=\"widget\" data-widget_type=\"text-editor.default\">\n\t\t\t\t<div class=\"elementor-widget-container\">\n\t\t\t\t\t\t\t\t\t<p style=\"text-align: justify\">La comprensi\u00f3n de etiquetas desempe\u00f1a un papel esencial en la vida moderna. En la asignatura de Atenci\u00f3n Educativa, exploramos un tema fundamental: la habilidad de leer y comprender etiquetas. Las etiquetas est\u00e1n presentes en todos los aspectos de la sociedad, desde los alimentos que consumimos hasta los productos que utilizamos diariamente. En esta unidad, analizaremos la importancia de saber interpretar etiquetas en diversos contextos, incluyendo la informaci\u00f3n nutricional, las etiquetas de seguridad, las etiquetas de productos qu\u00edmicos y m\u00e1s. Aprenderemos c\u00f3mo estas etiquetas proporcionan informaci\u00f3n vital que afecta nuestra salud, seguridad y toma de decisiones. Al dominar esta habilidad, nuestros estudiantes estar\u00e1n mejor equipados para tomar decisiones informadas en un mundo cada vez m\u00e1s complejo y diverso.<\/p>\t\t\t\t\t\t\t\t<\/div>\n\t\t\t\t<\/div>\n\t\t\t\t\t<\/div>\n\t\t<\/div>\n\t\t\t\t<div class=\"elementor-column elementor-col-50 elementor-inner-column elementor-element elementor-element-a462bf6\" data-id=\"a462bf6\" data-element_type=\"column\">\n\t\t\t<div class=\"elementor-widget-wrap elementor-element-populated\">\n\t\t\t\t\t\t<div class=\"elementor-element elementor-element-7367022 elementor-widget elementor-widget-image\" data-id=\"7367022\" data-element_type=\"widget\" data-widget_type=\"image.default\">\n\t\t\t\t<div class=\"elementor-widget-container\">\n\t\t\t\t\t\t\t\t\t\t\t\t\t\t\t<img fetchpriority=\"high\" decoding=\"async\" width=\"1024\" height=\"1024\" src=\"https:\/\/blogsaverroes.juntadeandalucia.es\/laprofemj\/files\/2023\/11\/bad12e4b-ac7b-412a-b7c0-101c4af2b4d4-1024x1024.jpeg\" class=\"attachment-large size-large wp-image-237\" alt=\"\" srcset=\"https:\/\/blogsaverroes.juntadeandalucia.es\/laprofemj\/files\/2023\/11\/bad12e4b-ac7b-412a-b7c0-101c4af2b4d4.jpeg 1024w, https:\/\/blogsaverroes.juntadeandalucia.es\/laprofemj\/files\/2023\/11\/bad12e4b-ac7b-412a-b7c0-101c4af2b4d4-300x300.jpeg 300w, https:\/\/blogsaverroes.juntadeandalucia.es\/laprofemj\/files\/2023\/11\/bad12e4b-ac7b-412a-b7c0-101c4af2b4d4-150x150.jpeg 150w, https:\/\/blogsaverroes.juntadeandalucia.es\/laprofemj\/files\/2023\/11\/bad12e4b-ac7b-412a-b7c0-101c4af2b4d4-768x768.jpeg 768w\" sizes=\"(max-width: 1024px) 100vw, 1024px\" \/>\t\t\t\t\t\t\t\t\t\t\t\t\t\t\t<\/div>\n\t\t\t\t<\/div>\n\t\t\t\t\t<\/div>\n\t\t<\/div>\n\t\t\t\t\t<\/div>\n\t\t<\/section>\n\t\t\t\t<div class=\"elementor-element elementor-element-93b80b9 elementor-button-info elementor-align-center elementor-widget elementor-widget-button\" data-id=\"93b80b9\" data-element_type=\"widget\" data-widget_type=\"button.default\">\n\t\t\t\t<div class=\"elementor-widget-container\">\n\t\t\t\t\t\t\t\t\t<div class=\"elementor-button-wrapper\">\n\t\t\t\t\t<a class=\"elementor-button elementor-button-link elementor-size-sm\" href=\"https:\/\/drive.google.com\/file\/d\/1c1erIaCdYQxnPURlsuBuy10ZC1XQEmeI\/view?usp=drive_link\">\n\t\t\t\t\t\t<span class=\"elementor-button-content-wrapper\">\n\t\t\t\t\t\t\t\t\t<span class=\"elementor-button-text\">Haz clic aqu\u00ed<\/span>\n\t\t\t\t\t<\/span>\n\t\t\t\t\t<\/a>\n\t\t\t\t<\/div>\n\t\t\t\t\t\t\t\t<\/div>\n\t\t\t\t<\/div>\n\t\t\t\t\t<\/div>\n\t\t<\/div>\n\t\t\t\t\t<\/div>\n\t\t<\/section>\n\t\t\t\t<section class=\"elementor-section elementor-top-section elementor-element elementor-element-7c9f183 elementor-section-boxed elementor-section-height-default elementor-section-height-default\" data-id=\"7c9f183\" data-element_type=\"section\">\n\t\t\t\t\t\t<div class=\"elementor-container elementor-column-gap-default\">\n\t\t\t\t\t<div class=\"elementor-column elementor-col-100 elementor-top-column elementor-element elementor-element-bc1283c\" data-id=\"bc1283c\" data-element_type=\"column\">\n\t\t\t<div class=\"elementor-widget-wrap elementor-element-populated\">\n\t\t\t\t\t\t<div class=\"elementor-element elementor-element-51ae572 elementor-widget-divider--view-line elementor-widget elementor-widget-divider\" data-id=\"51ae572\" data-element_type=\"widget\" data-widget_type=\"divider.default\">\n\t\t\t\t<div class=\"elementor-widget-container\">\n\t\t\t\t\t\t\t<div class=\"elementor-divider\">\n\t\t\t<span class=\"elementor-divider-separator\">\n\t\t\t\t\t\t<\/span>\n\t\t<\/div>\n\t\t\t\t\t\t<\/div>\n\t\t\t\t<\/div>\n\t\t\t\t\t<\/div>\n\t\t<\/div>\n\t\t\t\t\t<\/div>\n\t\t<\/section>\n\t\t\t\t<section class=\"elementor-section elementor-top-section elementor-element elementor-element-dfa758f elementor-section-boxed elementor-section-height-default elementor-section-height-default\" data-id=\"dfa758f\" data-element_type=\"section\">\n\t\t\t\t\t\t<div class=\"elementor-container elementor-column-gap-default\">\n\t\t\t\t\t<div class=\"elementor-column elementor-col-100 elementor-top-column elementor-element elementor-element-3ec24ce\" data-id=\"3ec24ce\" data-element_type=\"column\">\n\t\t\t<div class=\"elementor-widget-wrap elementor-element-populated\">\n\t\t\t\t\t\t<section class=\"elementor-section elementor-inner-section elementor-element elementor-element-ec04a21 elementor-section-boxed elementor-section-height-default elementor-section-height-default\" data-id=\"ec04a21\" data-element_type=\"section\">\n\t\t\t\t\t\t<div class=\"elementor-container elementor-column-gap-default\">\n\t\t\t\t\t<div class=\"elementor-column elementor-col-50 elementor-inner-column elementor-element elementor-element-438e852\" data-id=\"438e852\" data-element_type=\"column\">\n\t\t\t<div class=\"elementor-widget-wrap elementor-element-populated\">\n\t\t\t\t\t\t<div class=\"elementor-element elementor-element-9ec290c elementor-widget elementor-widget-image\" data-id=\"9ec290c\" data-element_type=\"widget\" data-widget_type=\"image.default\">\n\t\t\t\t<div class=\"elementor-widget-container\">\n\t\t\t\t\t\t\t\t\t\t\t\t\t\t\t<img decoding=\"async\" width=\"1024\" height=\"576\" src=\"https:\/\/blogsaverroes.juntadeandalucia.es\/laprofemj\/files\/2023\/11\/Presentation-created-from-your-Doc-1024x576.jpg\" class=\"attachment-large size-large wp-image-235\" alt=\"\" srcset=\"https:\/\/blogsaverroes.juntadeandalucia.es\/laprofemj\/files\/2023\/11\/Presentation-created-from-your-Doc-1024x576.jpg 1024w, https:\/\/blogsaverroes.juntadeandalucia.es\/laprofemj\/files\/2023\/11\/Presentation-created-from-your-Doc-300x169.jpg 300w, https:\/\/blogsaverroes.juntadeandalucia.es\/laprofemj\/files\/2023\/11\/Presentation-created-from-your-Doc-768x432.jpg 768w, https:\/\/blogsaverroes.juntadeandalucia.es\/laprofemj\/files\/2023\/11\/Presentation-created-from-your-Doc-1536x864.jpg 1536w, https:\/\/blogsaverroes.juntadeandalucia.es\/laprofemj\/files\/2023\/11\/Presentation-created-from-your-Doc.jpg 1920w\" sizes=\"(max-width: 1024px) 100vw, 1024px\" \/>\t\t\t\t\t\t\t\t\t\t\t\t\t\t\t<\/div>\n\t\t\t\t<\/div>\n\t\t\t\t\t<\/div>\n\t\t<\/div>\n\t\t\t\t<div class=\"elementor-column elementor-col-50 elementor-inner-column elementor-element elementor-element-204f5f1\" data-id=\"204f5f1\" data-element_type=\"column\">\n\t\t\t<div class=\"elementor-widget-wrap elementor-element-populated\">\n\t\t\t\t\t\t<div class=\"elementor-element elementor-element-991752d elementor-widget elementor-widget-heading\" data-id=\"991752d\" data-element_type=\"widget\" data-widget_type=\"heading.default\">\n\t\t\t\t<div class=\"elementor-widget-container\">\n\t\t\t\t\t<h2 class=\"elementor-heading-title elementor-size-default\">LOS ADITIVOS<\/h2>\t\t\t\t<\/div>\n\t\t\t\t<\/div>\n\t\t\t\t<div class=\"elementor-element elementor-element-6655d8b elementor-widget elementor-widget-text-editor\" data-id=\"6655d8b\" data-element_type=\"widget\" data-widget_type=\"text-editor.default\">\n\t\t\t\t<div class=\"elementor-widget-container\">\n\t\t\t\t\t\t\t\t\t<p style=\"text-align: justify\">La comprensi\u00f3n de los aditivos es esencial en la sociedad actual. En la asignatura de Atenci\u00f3n Educativa, exploramos un tema crucial: la habilidad de conocer y entender los aditivos en productos alimenticios y otros productos de consumo. Los aditivos son sustancias que se a\u00f1aden a alimentos, productos cosm\u00e9ticos y m\u00e1s, con el objetivo de mejorar sus propiedades, preservar su frescura o realzar su sabor y apariencia. En esta unidad, analizaremos la importancia de saber identificar y comprender los aditivos, sus funciones, clasificaciones y posibles efectos en la salud. Al adquirir este conocimiento, nuestros estudiantes estar\u00e1n mejor preparados para tomar decisiones informadas sobre los productos que consumen y utilizan en su vida cotidiana.<\/p>\t\t\t\t\t\t\t\t<\/div>\n\t\t\t\t<\/div>\n\t\t\t\t\t<\/div>\n\t\t<\/div>\n\t\t\t\t\t<\/div>\n\t\t<\/section>\n\t\t\t\t<div class=\"elementor-element elementor-element-c246520 elementor-button-info elementor-align-center elementor-widget elementor-widget-button\" data-id=\"c246520\" data-element_type=\"widget\" data-widget_type=\"button.default\">\n\t\t\t\t<div class=\"elementor-widget-container\">\n\t\t\t\t\t\t\t\t\t<div class=\"elementor-button-wrapper\">\n\t\t\t\t\t<a class=\"elementor-button elementor-button-link elementor-size-sm\" href=\"https:\/\/www.canva.com\/design\/DAFwOSfRaCM\/a2NMZ_APT031I6TrCxdAzg\/view?utm_content=DAFwOSfRaCM&#038;utm_campaign=designshare&#038;utm_medium=link&#038;utm_source=publishsharelink\">\n\t\t\t\t\t\t<span class=\"elementor-button-content-wrapper\">\n\t\t\t\t\t\t\t\t\t<span class=\"elementor-button-text\">Haz clic aqu\u00ed<\/span>\n\t\t\t\t\t<\/span>\n\t\t\t\t\t<\/a>\n\t\t\t\t<\/div>\n\t\t\t\t\t\t\t\t<\/div>\n\t\t\t\t<\/div>\n\t\t\t\t\t<\/div>\n\t\t<\/div>\n\t\t\t\t\t<\/div>\n\t\t<\/section>\n\t\t\t\t<\/div>\n\t\t","protected":false},"excerpt":{"rendered":"<p>\u00bfQU\u00c9 ES LA ATENCI\u00d3N EDUCATIVA? La asignatura de Atenci\u00f3n Educativa es una materia alternativa a Religi\u00f3n que se imparte en algunos centros educativos en Espa\u00f1a. Esta asignatura tiene una duraci\u00f3n de una hora semanal y no puede tratar contenido curricular. En lugar de eso, se enfoca en el desarrollo de competencias clave, como la resoluci\u00f3n [&hellip;]<\/p>\n","protected":false},"author":4108,"featured_media":0,"parent":0,"menu_order":0,"comment_status":"closed","ping_status":"closed","template":"","meta":{"ngg_post_thumbnail":0,"footnotes":""},"aioseo_notices":[],"_links":{"self":[{"href":"https:\/\/blogsaverroes.juntadeandalucia.es\/laprofemj\/index.php?rest_route=\/wp\/v2\/pages\/241"}],"collection":[{"href":"https:\/\/blogsaverroes.juntadeandalucia.es\/laprofemj\/index.php?rest_route=\/wp\/v2\/pages"}],"about":[{"href":"https:\/\/blogsaverroes.juntadeandalucia.es\/laprofemj\/index.php?rest_route=\/wp\/v2\/types\/page"}],"author":[{"embeddable":true,"href":"https:\/\/blogsaverroes.juntadeandalucia.es\/laprofemj\/index.php?rest_route=\/wp\/v2\/users\/4108"}],"replies":[{"embeddable":true,"href":"https:\/\/blogsaverroes.juntadeandalucia.es\/laprofemj\/index.php?rest_route=%2Fwp%2Fv2%2Fcomments&post=241"}],"version-history":[{"count":14,"href":"https:\/\/blogsaverroes.juntadeandalucia.es\/laprofemj\/index.php?rest_route=\/wp\/v2\/pages\/241\/revisions"}],"predecessor-version":[{"id":256,"href":"https:\/\/blogsaverroes.juntadeandalucia.es\/laprofemj\/index.php?rest_route=\/wp\/v2\/pages\/241\/revisions\/256"}],"wp:attachment":[{"href":"https:\/\/blogsaverroes.juntadeandalucia.es\/laprofemj\/index.php?rest_route=%2Fwp%2Fv2%2Fmedia&parent=241"}],"curies":[{"name":"wp","href":"https:\/\/api.w.org\/{rel}","templated":true}]}}