{"id":42,"date":"2015-03-13T08:40:47","date_gmt":"2015-03-13T08:40:47","guid":{"rendered":"http:\/\/blogsaverroes.juntadeandalucia.es\/pre\/ceip\/?page_id=42"},"modified":"2025-05-28T09:34:21","modified_gmt":"2025-05-28T08:34:21","slug":"equipo-directivo","status":"publish","type":"page","link":"https:\/\/blogsaverroes.juntadeandalucia.es\/lexflaviamalacitana\/equipo-directivo\/","title":{"rendered":"Equipo directivo"},"content":{"rendered":"<h3>&nbsp;<\/h3>\n<h5 style=\"padding-left: 150px\"><strong>Direcci\u00f3n: Maribel Estades D\u00edez<br \/>\n<\/strong><\/h5>\n<p style=\"text-align: left\"><a href=\"https:\/\/blogsaverroes.juntadeandalucia.es\/lexflaviamalacitana\/files\/2025\/05\/orla-5-anos_MInerva_24.jpg\"><img loading=\"lazy\" decoding=\"async\" class=\"aligncenter wp-image-27012\" src=\"https:\/\/blogsaverroes.juntadeandalucia.es\/lexflaviamalacitana\/files\/2025\/05\/orla-5-anos_MInerva_24-1024x683.jpg\" alt=\"\" width=\"427\" height=\"284\"><\/a><\/p>\n<h5 style=\"padding-left: 150px\"><strong>Jefatura de estudios: Dunia L\u00f3pez Pedrosa<\/strong><\/h5>\n<h5 style=\"padding-left: 150px\"><img loading=\"lazy\" decoding=\"async\" class=\"wp-image-27013 alignleft\" src=\"https:\/\/blogsaverroes.juntadeandalucia.es\/lexflaviamalacitana\/files\/2025\/05\/orla-5anos-5-_MInerva-683x1024.jpg\" alt=\"\" width=\"247\" height=\"370\" srcset=\"https:\/\/blogsaverroes.juntadeandalucia.es\/lexflaviamalacitana\/files\/2025\/05\/orla-5anos-5-_MInerva-683x1024.jpg 683w, https:\/\/blogsaverroes.juntadeandalucia.es\/lexflaviamalacitana\/files\/2025\/05\/orla-5anos-5-_MInerva-200x300.jpg 200w, https:\/\/blogsaverroes.juntadeandalucia.es\/lexflaviamalacitana\/files\/2025\/05\/orla-5anos-5-_MInerva-768x1152.jpg 768w, https:\/\/blogsaverroes.juntadeandalucia.es\/lexflaviamalacitana\/files\/2025\/05\/orla-5anos-5-_MInerva-1024x1536.jpg 1024w, https:\/\/blogsaverroes.juntadeandalucia.es\/lexflaviamalacitana\/files\/2025\/05\/orla-5anos-5-_MInerva-1365x2048.jpg 1365w\" sizes=\"(max-width: 247px) 100vw, 247px\" \/><\/h5>\n<p>&nbsp;<\/p>\n<h5>&nbsp;<\/h5>\n<h5>&nbsp;<\/h5>\n<h5>&nbsp;<\/h5>\n<h5>&nbsp;<\/h5>\n<h5>&nbsp;<\/h5>\n<h5>&nbsp;<\/h5>\n<h5>&nbsp;<\/h5>\n<h5>&nbsp;<\/h5>\n<p>&nbsp;<\/p>\n<p>&nbsp;<\/p>\n<h5>&nbsp;<\/h5>\n<h5 style=\"padding-left: 150px\"><strong>Secretar\u00eda:<\/strong><strong>&nbsp;Tom\u00e1s Benito Pedregal<\/strong><\/h5>\n<h5 style=\"padding-left: 150px\">&nbsp;<\/h5>\n<h5 style=\"padding-left: 150px\"><a href=\"https:\/\/blogsaverroes.juntadeandalucia.es\/lexflaviamalacitana\/files\/2025\/05\/orla-6o1-_MInerva.jpg\"><img loading=\"lazy\" decoding=\"async\" class=\"alignleft wp-image-27014\" src=\"https:\/\/blogsaverroes.juntadeandalucia.es\/lexflaviamalacitana\/files\/2025\/05\/orla-6o1-_MInerva-1024x683.jpg\" alt=\"\" width=\"454\" height=\"302\"><\/a><\/h5>\n<p><strong>&nbsp;<\/strong><\/p>\n<p><strong>&nbsp; &nbsp; &nbsp; &nbsp; &nbsp; &nbsp; &nbsp; &nbsp; &nbsp; &nbsp; &nbsp; &nbsp; &nbsp; &nbsp; &nbsp; &nbsp; &nbsp; &nbsp; &nbsp; &nbsp; &nbsp; &nbsp;&nbsp;<br \/>\n<\/strong><\/p>\n<p><strong>&nbsp; &nbsp; &nbsp; &nbsp; &nbsp; &nbsp; &nbsp; &nbsp; &nbsp; &nbsp; &nbsp; &nbsp; &nbsp; &nbsp; &nbsp; &nbsp; &nbsp; &nbsp; &nbsp; &nbsp; &nbsp; &nbsp;&nbsp;<br \/>\n<\/strong><\/p>\n<p>&nbsp;<\/p>\n<p>&nbsp;<\/p>\n<p>&nbsp;<\/p>\n<p>&nbsp;<\/p>\n<p>&nbsp;<\/p>\n","protected":false},"excerpt":{"rendered":"<p>&nbsp; Direcci\u00f3n: Maribel Estades D\u00edez Jefatura de estudios: Dunia L\u00f3pez Pedrosa &nbsp; &nbsp; &nbsp; &nbsp; &nbsp; &nbsp; &nbsp; &nbsp; &nbsp; &nbsp; &nbsp; &nbsp; Secretar\u00eda:&nbsp;Tom\u00e1s Benito Pedregal &nbsp; &nbsp; &nbsp; &nbsp; &nbsp; &nbsp; &nbsp; &nbsp; &nbsp; &nbsp;&#46;&#46;&#46;<\/p>\n","protected":false},"author":1,"featured_media":0,"parent":0,"menu_order":0,"comment_status":"open","ping_status":"open","template":"page-templates\/child-menu.php","meta":{"ngg_post_thumbnail":0,"footnotes":"","_mc_calendar":[]},"aioseo_notices":[],"_links":{"self":[{"href":"https:\/\/blogsaverroes.juntadeandalucia.es\/lexflaviamalacitana\/wp-json\/wp\/v2\/pages\/42"}],"collection":[{"href":"https:\/\/blogsaverroes.juntadeandalucia.es\/lexflaviamalacitana\/wp-json\/wp\/v2\/pages"}],"about":[{"href":"https:\/\/blogsaverroes.juntadeandalucia.es\/lexflaviamalacitana\/wp-json\/wp\/v2\/types\/page"}],"author":[{"embeddable":true,"href":"https:\/\/blogsaverroes.juntadeandalucia.es\/lexflaviamalacitana\/wp-json\/wp\/v2\/users\/1"}],"replies":[{"embeddable":true,"href":"https:\/\/blogsaverroes.juntadeandalucia.es\/lexflaviamalacitana\/wp-json\/wp\/v2\/comments?post=42"}],"version-history":[{"count":18,"href":"https:\/\/blogsaverroes.juntadeandalucia.es\/lexflaviamalacitana\/wp-json\/wp\/v2\/pages\/42\/revisions"}],"predecessor-version":[{"id":27015,"href":"https:\/\/blogsaverroes.juntadeandalucia.es\/lexflaviamalacitana\/wp-json\/wp\/v2\/pages\/42\/revisions\/27015"}],"wp:attachment":[{"href":"https:\/\/blogsaverroes.juntadeandalucia.es\/lexflaviamalacitana\/wp-json\/wp\/v2\/media?parent=42"}],"curies":[{"name":"wp","href":"https:\/\/api.w.org\/{rel}","templated":true}]}}