{"id":38,"date":"2023-06-14T09:28:28","date_gmt":"2023-06-14T09:28:28","guid":{"rendered":"https:\/\/blogsaverroes.juntadeandalucia.es\/llenandoaulas\/?page_id=38"},"modified":"2024-02-15T16:15:18","modified_gmt":"2024-02-15T16:15:18","slug":"italia","status":"publish","type":"page","link":"https:\/\/blogsaverroes.juntadeandalucia.es\/llenandoaulas\/italia\/","title":{"rendered":"Italia"},"content":{"rendered":"<p><img loading=\"lazy\" decoding=\"async\" class=\"\" src=\"https:\/\/blogsaverroes.juntadeandalucia.es\/iesarroyodelamiel\/files\/2023\/05\/es_cofinanciado_por_la_union_europea_pantone-300x63.png\" width=\"348\" height=\"73\"><img loading=\"lazy\" decoding=\"async\" class=\"alignright\" src=\"https:\/\/blogsaverroes.juntadeandalucia.es\/iesarroyodelamiel\/files\/2023\/05\/Logo-IES-Erasmus-con-letras-en-azul-300x291.jpg\" width=\"116\" height=\"112\"><\/p>\n<p>&nbsp;<\/p>\n<p><span style=\"font-size: 24pt\"><strong>Tercera visita del profesorado del IES Arroyo de la Miel<\/strong><\/span><\/p>\n<p><strong><span style=\"font-size: 24pt\">Destino Centro Provinciale per l&#8217;istruzione degli Adulti en Padua (Italia)&nbsp;<\/span><\/strong><\/p>\n<p><span style=\"font-size: 24pt\"><strong>Preparando el viaje a Padua<\/strong><\/span><\/p>\n<p>Los d\u00edas 14,15,16 y 17 se har\u00e1 una nueva movilidad dentro del proyecto Erasmus+ <em>Llenando Aulas<\/em> a Padua, localidad italiana situada&nbsp; a 35 kil\u00f3metros de Venecia y famosa por los frescos de Giotto, al Centro Provinciale per l&#8217;istruzione degli Adulti (CPIA) para aprender buenas pr\u00e1cticas de los compa\u00f1eros italianos en la educaci\u00f3n de Adultos, especialmente c\u00f3mo afrontar el problema del abandono escolar que es nuestro principal reto.<\/p>\n<p>Es la tercera movilidad dentro de este proyecto y seguiremos trabajando con el formulario que se elabor\u00f3 al principio de esta andadura. Las profesoras participantes son: Mercedes Guerra Villalobos, jefa de estudios de adultos, coordinadora del proyecto Erasmus y profesora de Lengua y Literatura Castellana; Concha Coca P\u00e9rez, profesora de Biolog\u00eda y Geolog\u00eda;&nbsp; y Consuelo Garc\u00eda Herrera, profesora de Econom\u00eda.<\/p>\n<p>&nbsp;<\/p>\n<p><img loading=\"lazy\" decoding=\"async\" class=\"aligncenter size-medium wp-image-93\" src=\"https:\/\/blogsaverroes.juntadeandalucia.es\/llenandoaulas\/files\/2023\/10\/WhatsApp-Image-2023-10-03-at-20.36.47-300x225.jpeg\" alt=\"\" width=\"300\" height=\"225\" srcset=\"https:\/\/blogsaverroes.juntadeandalucia.es\/llenandoaulas\/files\/2023\/10\/WhatsApp-Image-2023-10-03-at-20.36.47-300x225.jpeg 300w, https:\/\/blogsaverroes.juntadeandalucia.es\/llenandoaulas\/files\/2023\/10\/WhatsApp-Image-2023-10-03-at-20.36.47-1024x768.jpeg 1024w, https:\/\/blogsaverroes.juntadeandalucia.es\/llenandoaulas\/files\/2023\/10\/WhatsApp-Image-2023-10-03-at-20.36.47-768x576.jpeg 768w, https:\/\/blogsaverroes.juntadeandalucia.es\/llenandoaulas\/files\/2023\/10\/WhatsApp-Image-2023-10-03-at-20.36.47-1536x1152.jpeg 1536w, https:\/\/blogsaverroes.juntadeandalucia.es\/llenandoaulas\/files\/2023\/10\/WhatsApp-Image-2023-10-03-at-20.36.47.jpeg 2048w\" sizes=\"(max-width: 300px) 100vw, 300px\" \/><\/p>\n<p><strong><span style=\"font-size: 24pt\">Movilidad a Padua<\/span><\/strong><\/p>\n<p>Presentaci\u00f3n del sistema educativo espa\u00f1ol, especialmente concerniente a la Educaci\u00f3n de Adultos, y presentaci\u00f3n de nuestro centro con im\u00e1genes y textos.<\/p>\n<p>&nbsp;<\/p>\n<p><img loading=\"lazy\" decoding=\"async\" class=\"aligncenter size-medium wp-image-162\" src=\"https:\/\/blogsaverroes.juntadeandalucia.es\/llenandoaulas\/files\/2023\/11\/Presentaci\u00f3n-del-sistema-educativo-espa\u00f1ol-y-de-nuestro-centro-300x225.jpg\" alt=\"\" width=\"300\" height=\"225\" srcset=\"https:\/\/blogsaverroes.juntadeandalucia.es\/llenandoaulas\/files\/2023\/11\/Presentaci\u00f3n-del-sistema-educativo-espa\u00f1ol-y-de-nuestro-centro-300x225.jpg 300w, https:\/\/blogsaverroes.juntadeandalucia.es\/llenandoaulas\/files\/2023\/11\/Presentaci\u00f3n-del-sistema-educativo-espa\u00f1ol-y-de-nuestro-centro-1024x768.jpg 1024w, https:\/\/blogsaverroes.juntadeandalucia.es\/llenandoaulas\/files\/2023\/11\/Presentaci\u00f3n-del-sistema-educativo-espa\u00f1ol-y-de-nuestro-centro-768x576.jpg 768w, https:\/\/blogsaverroes.juntadeandalucia.es\/llenandoaulas\/files\/2023\/11\/Presentaci\u00f3n-del-sistema-educativo-espa\u00f1ol-y-de-nuestro-centro-1536x1152.jpg 1536w, https:\/\/blogsaverroes.juntadeandalucia.es\/llenandoaulas\/files\/2023\/11\/Presentaci\u00f3n-del-sistema-educativo-espa\u00f1ol-y-de-nuestro-centro.jpg 1600w\" sizes=\"(max-width: 300px) 100vw, 300px\" \/><\/p>\n<p>&nbsp;<\/p>\n<p>Reuni\u00f3n con los compa\u00f1eros italianos y compa\u00f1eros del CEPER Palma-Palmilla de M\u00e1laga en un primer contacto.<\/p>\n<p>&nbsp;<\/p>\n<p><img loading=\"lazy\" decoding=\"async\" class=\"aligncenter size-medium wp-image-168\" src=\"https:\/\/blogsaverroes.juntadeandalucia.es\/llenandoaulas\/files\/2023\/11\/Reuni\u00f3n-con-los-compa\u00f1eros-italianos-y-los-del-CEPER-300x225.jpg\" alt=\"\" width=\"300\" height=\"225\" srcset=\"https:\/\/blogsaverroes.juntadeandalucia.es\/llenandoaulas\/files\/2023\/11\/Reuni\u00f3n-con-los-compa\u00f1eros-italianos-y-los-del-CEPER-300x225.jpg 300w, https:\/\/blogsaverroes.juntadeandalucia.es\/llenandoaulas\/files\/2023\/11\/Reuni\u00f3n-con-los-compa\u00f1eros-italianos-y-los-del-CEPER-1024x768.jpg 1024w, https:\/\/blogsaverroes.juntadeandalucia.es\/llenandoaulas\/files\/2023\/11\/Reuni\u00f3n-con-los-compa\u00f1eros-italianos-y-los-del-CEPER-768x576.jpg 768w, https:\/\/blogsaverroes.juntadeandalucia.es\/llenandoaulas\/files\/2023\/11\/Reuni\u00f3n-con-los-compa\u00f1eros-italianos-y-los-del-CEPER-1536x1152.jpg 1536w, https:\/\/blogsaverroes.juntadeandalucia.es\/llenandoaulas\/files\/2023\/11\/Reuni\u00f3n-con-los-compa\u00f1eros-italianos-y-los-del-CEPER.jpg 2048w\" sizes=\"(max-width: 300px) 100vw, 300px\" \/><\/p>\n<p>Proyecto \u00abRicomincio da Tre\u00bb (Volver a empezar desde tres). Interesant\u00edsimo proyecto en el que se intenta un acercamiento del alumnado, que no ha conseguido sus objetivos&nbsp; en el sistema tradicional de ense\u00f1anza, con la escuela, en un concepto muy diferente del espacio: aulas que no parecen aulas, mesa compartida por profesorado y alumnado, y de la ense\u00f1anza, no concebida de forma impositiva.<\/p>\n<p>&nbsp;<\/p>\n<p><img loading=\"lazy\" decoding=\"async\" class=\"aligncenter size-medium wp-image-175\" src=\"https:\/\/blogsaverroes.juntadeandalucia.es\/llenandoaulas\/files\/2023\/11\/Proyecto-Ricomincio-da-Tre-1-300x225.jpg\" alt=\"\" width=\"300\" height=\"225\" srcset=\"https:\/\/blogsaverroes.juntadeandalucia.es\/llenandoaulas\/files\/2023\/11\/Proyecto-Ricomincio-da-Tre-1-300x225.jpg 300w, https:\/\/blogsaverroes.juntadeandalucia.es\/llenandoaulas\/files\/2023\/11\/Proyecto-Ricomincio-da-Tre-1-1024x768.jpg 1024w, https:\/\/blogsaverroes.juntadeandalucia.es\/llenandoaulas\/files\/2023\/11\/Proyecto-Ricomincio-da-Tre-1-768x576.jpg 768w, https:\/\/blogsaverroes.juntadeandalucia.es\/llenandoaulas\/files\/2023\/11\/Proyecto-Ricomincio-da-Tre-1-1536x1152.jpg 1536w, https:\/\/blogsaverroes.juntadeandalucia.es\/llenandoaulas\/files\/2023\/11\/Proyecto-Ricomincio-da-Tre-1.jpg 2048w\" sizes=\"(max-width: 300px) 100vw, 300px\" \/><\/p>\n<p>&nbsp;<\/p>\n<p>Amplicaci\u00f3n de la oferta educativa en la sede del CPIA con clases de m\u00fasica para incentivar al alumnado.<\/p>\n<p>&nbsp;<\/p>\n<p>&nbsp;<\/p>\n<p><img loading=\"lazy\" decoding=\"async\" class=\"aligncenter size-medium wp-image-180\" src=\"https:\/\/blogsaverroes.juntadeandalucia.es\/llenandoaulas\/files\/2023\/11\/Amplicaci\u00f3n-de-la-oferta-educativa-1-300x225.jpg\" alt=\"\" width=\"300\" height=\"225\" srcset=\"https:\/\/blogsaverroes.juntadeandalucia.es\/llenandoaulas\/files\/2023\/11\/Amplicaci\u00f3n-de-la-oferta-educativa-1-300x225.jpg 300w, https:\/\/blogsaverroes.juntadeandalucia.es\/llenandoaulas\/files\/2023\/11\/Amplicaci\u00f3n-de-la-oferta-educativa-1-1024x768.jpg 1024w, https:\/\/blogsaverroes.juntadeandalucia.es\/llenandoaulas\/files\/2023\/11\/Amplicaci\u00f3n-de-la-oferta-educativa-1-768x576.jpg 768w, https:\/\/blogsaverroes.juntadeandalucia.es\/llenandoaulas\/files\/2023\/11\/Amplicaci\u00f3n-de-la-oferta-educativa-1-1536x1152.jpg 1536w, https:\/\/blogsaverroes.juntadeandalucia.es\/llenandoaulas\/files\/2023\/11\/Amplicaci\u00f3n-de-la-oferta-educativa-1.jpg 1600w\" sizes=\"(max-width: 300px) 100vw, 300px\" \/><\/p>\n<p>Visita de observaci\u00f3n a una clase dentro del proyecto \u00abMosaico\u00bb y reuni\u00f3n del profesorado para intercambiar experiencias y conocer el sistema educativo italiano concerniente a la Educaci\u00f3n de Adultos.&nbsp;<\/p>\n<p><img loading=\"lazy\" decoding=\"async\" class=\"size-medium wp-image-182 alignleft\" src=\"https:\/\/blogsaverroes.juntadeandalucia.es\/llenandoaulas\/files\/2023\/11\/Visita-de-observaci\u00f3n-300x225.jpg\" alt=\"\" width=\"300\" height=\"225\" srcset=\"https:\/\/blogsaverroes.juntadeandalucia.es\/llenandoaulas\/files\/2023\/11\/Visita-de-observaci\u00f3n-300x225.jpg 300w, https:\/\/blogsaverroes.juntadeandalucia.es\/llenandoaulas\/files\/2023\/11\/Visita-de-observaci\u00f3n-1024x768.jpg 1024w, https:\/\/blogsaverroes.juntadeandalucia.es\/llenandoaulas\/files\/2023\/11\/Visita-de-observaci\u00f3n-768x576.jpg 768w, https:\/\/blogsaverroes.juntadeandalucia.es\/llenandoaulas\/files\/2023\/11\/Visita-de-observaci\u00f3n-1536x1152.jpg 1536w, https:\/\/blogsaverroes.juntadeandalucia.es\/llenandoaulas\/files\/2023\/11\/Visita-de-observaci\u00f3n.jpg 1600w\" sizes=\"(max-width: 300px) 100vw, 300px\" \/><img loading=\"lazy\" decoding=\"async\" class=\"size-medium wp-image-186 alignright\" src=\"https:\/\/blogsaverroes.juntadeandalucia.es\/llenandoaulas\/files\/2023\/11\/Proyecto-Mosaico-300x225.jpg\" alt=\"\" width=\"300\" height=\"225\" srcset=\"https:\/\/blogsaverroes.juntadeandalucia.es\/llenandoaulas\/files\/2023\/11\/Proyecto-Mosaico-300x225.jpg 300w, https:\/\/blogsaverroes.juntadeandalucia.es\/llenandoaulas\/files\/2023\/11\/Proyecto-Mosaico-1024x768.jpg 1024w, https:\/\/blogsaverroes.juntadeandalucia.es\/llenandoaulas\/files\/2023\/11\/Proyecto-Mosaico-768x576.jpg 768w, https:\/\/blogsaverroes.juntadeandalucia.es\/llenandoaulas\/files\/2023\/11\/Proyecto-Mosaico-1536x1152.jpg 1536w, https:\/\/blogsaverroes.juntadeandalucia.es\/llenandoaulas\/files\/2023\/11\/Proyecto-Mosaico.jpg 1600w\" sizes=\"(max-width: 300px) 100vw, 300px\" \/><\/p>\n<p>&nbsp;<\/p>\n<p>&nbsp;<\/p>\n<p>&nbsp;<\/p>\n<p>&nbsp;<\/p>\n<p>&nbsp;<\/p>\n<p>&nbsp;<\/p>\n<p>&nbsp;<\/p>\n<p>A continuaci\u00f3n, se expone un power point, que resume la experiencia de nuestras compa\u00f1eras en Padua<\/p>\n<p>&nbsp;<\/p>\n<p><a href=\"https:\/\/docs.google.com\/presentation\/d\/17CDdIeMd40gkOAuWdrtcyq1Ni9NNSP_x\/edit?usp=sharing&amp;ouid=104456506898645316392&amp;rtpof=true&amp;sd=true\"><img loading=\"lazy\" decoding=\"async\" class=\"aligncenter size-medium wp-image-279\" src=\"https:\/\/blogsaverroes.juntadeandalucia.es\/llenandoaulas\/files\/2024\/02\/Italia-268x300.png\" alt=\"\" width=\"268\" height=\"300\" srcset=\"https:\/\/blogsaverroes.juntadeandalucia.es\/llenandoaulas\/files\/2024\/02\/Italia-268x300.png 268w, https:\/\/blogsaverroes.juntadeandalucia.es\/llenandoaulas\/files\/2024\/02\/Italia.png 489w\" sizes=\"(max-width: 268px) 100vw, 268px\" \/><\/a><\/p>\n<p>&nbsp;<\/p>\n<p style=\"text-align: center\"><a href=\"https:\/\/docs.google.com\/presentation\/d\/17CDdIeMd40gkOAuWdrtcyq1Ni9NNSP_x\/edit?usp=sharing&amp;ouid=104456506898645316392&amp;rtpof=true&amp;sd=true\">SISTEMA EDUCATIVO ITALIANO<\/a><\/p>\n<p>&nbsp;<\/p>\n","protected":false},"excerpt":{"rendered":"<p>&nbsp; Tercera visita del profesorado del IES Arroyo de la Miel Destino Centro Provinciale per l&#8217;istruzione degli Adulti en Padua (Italia)&nbsp; Preparando el viaje a Padua Los d\u00edas 14,15,16 y 17 se har\u00e1 una&#46;&#46;&#46;<\/p>\n","protected":false},"author":18189,"featured_media":0,"parent":0,"menu_order":0,"comment_status":"closed","ping_status":"closed","template":"page-template-full.php","meta":{"ngg_post_thumbnail":0,"footnotes":""},"aioseo_notices":[],"_links":{"self":[{"href":"https:\/\/blogsaverroes.juntadeandalucia.es\/llenandoaulas\/wp-json\/wp\/v2\/pages\/38"}],"collection":[{"href":"https:\/\/blogsaverroes.juntadeandalucia.es\/llenandoaulas\/wp-json\/wp\/v2\/pages"}],"about":[{"href":"https:\/\/blogsaverroes.juntadeandalucia.es\/llenandoaulas\/wp-json\/wp\/v2\/types\/page"}],"author":[{"embeddable":true,"href":"https:\/\/blogsaverroes.juntadeandalucia.es\/llenandoaulas\/wp-json\/wp\/v2\/users\/18189"}],"replies":[{"embeddable":true,"href":"https:\/\/blogsaverroes.juntadeandalucia.es\/llenandoaulas\/wp-json\/wp\/v2\/comments?post=38"}],"version-history":[{"count":50,"href":"https:\/\/blogsaverroes.juntadeandalucia.es\/llenandoaulas\/wp-json\/wp\/v2\/pages\/38\/revisions"}],"predecessor-version":[{"id":280,"href":"https:\/\/blogsaverroes.juntadeandalucia.es\/llenandoaulas\/wp-json\/wp\/v2\/pages\/38\/revisions\/280"}],"wp:attachment":[{"href":"https:\/\/blogsaverroes.juntadeandalucia.es\/llenandoaulas\/wp-json\/wp\/v2\/media?parent=38"}],"curies":[{"name":"wp","href":"https:\/\/api.w.org\/{rel}","templated":true}]}}