{"id":99,"date":"2015-03-16T07:22:54","date_gmt":"2015-03-16T07:22:54","guid":{"rendered":"http:\/\/blogsaverroes.juntadeandalucia.es\/pre\/ceip\/?page_id=99"},"modified":"2021-02-01T08:40:54","modified_gmt":"2021-02-01T08:40:54","slug":"comedor-escolar","status":"publish","type":"page","link":"https:\/\/blogsaverroes.juntadeandalucia.es\/losalmendros\/comedor-escolar\/","title":{"rendered":"Comedor escolar"},"content":{"rendered":"<p>&nbsp;<\/p>\n<p>&nbsp;<\/p>\n<p>El comedor de nuestro centro est\u00e1 gestionado por el<em><strong> Catering \u00abEl C\u00e1ntaro\u00bb<\/strong><\/em>.<\/p>\n<p>Para comunicar la no asistencia de sus hijos\/as al comedor:<\/p>\n<ul>\n<li>951102748<\/li>\n<li>recibos@cateringelcantaro.com<\/li>\n<\/ul>\n<p><img fetchpriority=\"high\" decoding=\"async\" class=\"aligncenter wp-image-2311 size-full\" src=\"https:\/\/blogsaverroes.juntadeandalucia.es\/losalmendros\/files\/2021\/02\/descarga.jpg\" alt=\"\" width=\"243\" height=\"208\" srcset=\"https:\/\/blogsaverroes.juntadeandalucia.es\/losalmendros\/files\/2021\/02\/descarga.jpg 243w, https:\/\/blogsaverroes.juntadeandalucia.es\/losalmendros\/files\/2021\/02\/descarga-24x21.jpg 24w, https:\/\/blogsaverroes.juntadeandalucia.es\/losalmendros\/files\/2021\/02\/descarga-36x31.jpg 36w, https:\/\/blogsaverroes.juntadeandalucia.es\/losalmendros\/files\/2021\/02\/descarga-48x41.jpg 48w\" sizes=\"(max-width: 243px) 100vw, 243px\" \/><\/p>\n<p>El horario de comedor es de lunes a jueves de 14 h a 16 h y los viernes de 14 h a 15:30h<\/p>\n<p>Los comedores escolares de los centros p\u00fablicos andaluces promueven una alimentaci\u00f3n saludable que est\u00e1 supervisada por nutricionistas y que, entre otros aspectos, se caracteriza por:<\/p>\n<ul style=\"list-style-type: circle\">\n<li>Una mayor proporci\u00f3n de verdura en los men\u00fas<\/li>\n<li>Fruta fresca como postre al menos cuatro d\u00edas a la semana<\/li>\n<li>Uso de aceite de oliva virgen extra<\/li>\n<li>M\u00e1s pescado que carne, que debe ser magra<\/li>\n<li>Prohibici\u00f3n de los alimentos precocinados y limitaci\u00f3n de los fritos<\/li>\n<li>Apuesta por la dieta mediterr\u00e1nea y los productos ecol\u00f3gicos<\/li>\n<\/ul>\n<p>&nbsp;<\/p>\n<p><em><strong>MEN\u00daS CURSO 2020\/21<\/strong><\/em><\/p>\n<p><a href=\"https:\/\/drive.google.com\/file\/d\/10h__Vm65fjxMAvQi-90He7o5THjUpoof\/view?usp=sharing\">Men\u00fas febrero 2021<\/a><\/p>\n","protected":false},"excerpt":{"rendered":"<p>&nbsp; &nbsp; El comedor de nuestro centro est\u00e1 gestionado por el Catering \u00abEl C\u00e1ntaro\u00bb. Para comunicar la no asistencia de sus hijos\/as al comedor: 951102748 recibos@cateringelcantaro.com El horario de comedor es de lunes a&#46;&#46;&#46;<\/p>\n","protected":false},"author":1,"featured_media":0,"parent":0,"menu_order":0,"comment_status":"closed","ping_status":"open","template":"","meta":{"ngg_post_thumbnail":0,"footnotes":"","_mc_calendar":[]},"aioseo_notices":[],"_links":{"self":[{"href":"https:\/\/blogsaverroes.juntadeandalucia.es\/losalmendros\/wp-json\/wp\/v2\/pages\/99"}],"collection":[{"href":"https:\/\/blogsaverroes.juntadeandalucia.es\/losalmendros\/wp-json\/wp\/v2\/pages"}],"about":[{"href":"https:\/\/blogsaverroes.juntadeandalucia.es\/losalmendros\/wp-json\/wp\/v2\/types\/page"}],"author":[{"embeddable":true,"href":"https:\/\/blogsaverroes.juntadeandalucia.es\/losalmendros\/wp-json\/wp\/v2\/users\/1"}],"replies":[{"embeddable":true,"href":"https:\/\/blogsaverroes.juntadeandalucia.es\/losalmendros\/wp-json\/wp\/v2\/comments?post=99"}],"version-history":[{"count":6,"href":"https:\/\/blogsaverroes.juntadeandalucia.es\/losalmendros\/wp-json\/wp\/v2\/pages\/99\/revisions"}],"predecessor-version":[{"id":2312,"href":"https:\/\/blogsaverroes.juntadeandalucia.es\/losalmendros\/wp-json\/wp\/v2\/pages\/99\/revisions\/2312"}],"wp:attachment":[{"href":"https:\/\/blogsaverroes.juntadeandalucia.es\/losalmendros\/wp-json\/wp\/v2\/media?parent=99"}],"curies":[{"name":"wp","href":"https:\/\/api.w.org\/{rel}","templated":true}]}}