{"id":2349,"date":"2020-05-18T16:43:15","date_gmt":"2020-05-18T16:43:15","guid":{"rendered":"https:\/\/blogsaverroes.juntadeandalucia.es\/losjardinillos\/?page_id=2349"},"modified":"2020-09-17T09:28:44","modified_gmt":"2020-09-17T09:28:44","slug":"nuestro-centro","status":"publish","type":"page","link":"https:\/\/blogsaverroes.juntadeandalucia.es\/losjardinillos\/nuestro-centro\/","title":{"rendered":"Nuestro Centro"},"content":{"rendered":"<p style=\"text-align: justify\">Nuestro Centro se encuentra ubicado en la localidad de Mancha Real, provincia de Ja\u00e9n. Acoge a una poblaci\u00f3n que va desde los 18 a los m\u00e1s de 80 a\u00f1os que tiene nuestra alumna m\u00e1s veterana.<\/p>\n<p style=\"text-align: justify\">Nos consideramos un Centro abierto y adaptado a nuestro entorno y nuestro alumnado. El profesorado dispone de m\u00e1s de 10 a\u00f1os de experiencia en este tipo de ense\u00f1anzas, lo que nos dota de una capacitaci\u00f3n m\u00e1s que suficiente para orientarlos de cara a continuar los estudios que se quedaron atr\u00e1s o los que est\u00e1n por venir.<\/p>\n<p style=\"text-align: justify\">Por cierto, algo que nos pregunt\u00e1is todos&#8230; \u00bfQu\u00e9 significan las siglas S.E.Per.? Muy f\u00e1cil, <span style=\"color: #003366\"><strong>S<\/strong><\/span>ecci\u00f3n de <span style=\"color: #003366\"><strong>E<\/strong><\/span>ducaci\u00f3n <span style=\"color: #003366\"><strong>Per<\/strong><\/span>manente. Actualmente el concepto de educaci\u00f3n de adultos ha evolucionado al de Educaci\u00f3n Permanente; <strong><span style=\"color: #000080\"><span style=\"color: #003366\">Los<\/span> <span style=\"color: #003366\">Jardinillos<\/span><\/span><\/strong>, es el nombre de nuestro Centro.<\/p>\n","protected":false},"excerpt":{"rendered":"<p>Nuestro Centro se encuentra ubicado en la localidad de Mancha Real, provincia de Ja\u00e9n. Acoge a una poblaci\u00f3n que va desde los 18 a los&hellip;<\/p>\n","protected":false},"author":6462,"featured_media":0,"parent":0,"menu_order":0,"comment_status":"closed","ping_status":"closed","template":"","meta":{"ngg_post_thumbnail":0,"footnotes":"","_mc_calendar":[]},"aioseo_notices":[],"_links":{"self":[{"href":"https:\/\/blogsaverroes.juntadeandalucia.es\/losjardinillos\/wp-json\/wp\/v2\/pages\/2349"}],"collection":[{"href":"https:\/\/blogsaverroes.juntadeandalucia.es\/losjardinillos\/wp-json\/wp\/v2\/pages"}],"about":[{"href":"https:\/\/blogsaverroes.juntadeandalucia.es\/losjardinillos\/wp-json\/wp\/v2\/types\/page"}],"author":[{"embeddable":true,"href":"https:\/\/blogsaverroes.juntadeandalucia.es\/losjardinillos\/wp-json\/wp\/v2\/users\/6462"}],"replies":[{"embeddable":true,"href":"https:\/\/blogsaverroes.juntadeandalucia.es\/losjardinillos\/wp-json\/wp\/v2\/comments?post=2349"}],"version-history":[{"count":8,"href":"https:\/\/blogsaverroes.juntadeandalucia.es\/losjardinillos\/wp-json\/wp\/v2\/pages\/2349\/revisions"}],"predecessor-version":[{"id":2803,"href":"https:\/\/blogsaverroes.juntadeandalucia.es\/losjardinillos\/wp-json\/wp\/v2\/pages\/2349\/revisions\/2803"}],"wp:attachment":[{"href":"https:\/\/blogsaverroes.juntadeandalucia.es\/losjardinillos\/wp-json\/wp\/v2\/media?parent=2349"}],"curies":[{"name":"wp","href":"https:\/\/api.w.org\/{rel}","templated":true}]}}