{"id":2643,"date":"2020-06-11T09:59:18","date_gmt":"2020-06-11T09:59:18","guid":{"rendered":"https:\/\/blogsaverroes.juntadeandalucia.es\/losjardinillos\/?page_id=2643"},"modified":"2023-09-20T15:59:32","modified_gmt":"2023-09-20T15:59:32","slug":"tae","status":"publish","type":"page","link":"https:\/\/blogsaverroes.juntadeandalucia.es\/losjardinillos\/tae\/","title":{"rendered":"TAE"},"content":{"rendered":"<p style=\"text-align: justify\">TAE son las siglas de Tutor\u00eda de Apoyo al Estudio, otra modalidad de ense\u00f1anza destinada a la obtenci\u00f3n del t\u00edtulo de Graduado en ESO.<\/p>\n<p>La TAE se divide en dos niveles, Nivel I y Nivel II o como lo llamamos nosotros, TAE I y TAE II.<\/p>\n<p>La TAE I es el primer curso de los dos en los que se divide la Educaci\u00f3n Secundaria de Adultos. Para acceder, el \u00fanico requisito, teniendo 18 a\u00f1os, es no haber promocionado al Segundo Ciclo de la ESO (no haber pasado de 2\u00ba de ESO). Al finalizar esta primera etapa no tendr\u00e1s todav\u00eda el t\u00edtulo, pero estar\u00e1s en disposici\u00f3n de cursar al a\u00f1o siguiente el Nivel II.<\/p>\n<p>La TAE II, al contrario que en la I, adem\u00e1s de tener los 18 a\u00f1os, exige que cumplas alguno de estos requisitos:<\/p>\n<ul style=\"text-align: justify\">\n<li>Disponer del Graduado Escolar de la EGB.<\/li>\n<li>Tener superado alg\u00fan \u00e1mbito en las Pruebas Libres de convocatorias anteriores.<\/li>\n<li>Haber promocionado al 2 ciclo de la ESO.<\/li>\n<\/ul>\n<p>Con la TAE II finalizada, obtendras tu t\u00edulo de ESO.<\/p>\n<p style=\"text-align: justify\">Aunque TAE lleva impl\u00edcita la palabra \u00abTutor\u00eda\u00bb, nosotros no realizamos una simple tutorizaci\u00f3n, sino que impartimos clase ordinaria siguiendo las directrices del IES San Juan Bosco de Ja\u00e9n y del IES Los Cerros de \u00dabeda, ya que ser\u00e9is alumnos suyos y tambi\u00e9n nuestros. Por lo que en alg\u00fan \u00e1mbito, puede que teng\u00e1is que desplazaros a Ja\u00e9n o \u00dabeda para realizar alguna prueba durante los diferentes trimestres. Las notas se dar\u00e1n por trimestres y por regla general, en junio, todo el alumnado titula.<\/p>\n<p>Si pinchas <span style=\"color: #003366\"><a style=\"color: #003366\" href=\"https:\/\/www.juntadeandalucia.es\/educacion\/permanente\/materiales\/index.php?etapa=1\" target=\"_blank\" rel=\"noopener noreferrer\"><strong>aqu\u00ed<\/strong><\/a><\/span>, podr\u00e1s acceder a los temarios temario del TAE I.<\/p>\n<p style=\"text-align: justify\">Si pinchas <span style=\"color: #003366\"><a style=\"color: #003366\" href=\"https:\/\/www.juntadeandalucia.es\/educacion\/permanente\/materiales\/index.php?etapa=2\" target=\"_blank\" rel=\"noopener noreferrer\"><strong>aqu\u00ed<\/strong><\/a><\/span>, podr\u00e1s acceder a los temarios temario del TAE II.<\/p>\n","protected":false},"excerpt":{"rendered":"<p>TAE son las siglas de Tutor\u00eda de Apoyo al Estudio, otra modalidad de ense\u00f1anza destinada a la obtenci\u00f3n del t\u00edtulo de Graduado en ESO. La&hellip;<\/p>\n","protected":false},"author":6462,"featured_media":0,"parent":0,"menu_order":0,"comment_status":"closed","ping_status":"closed","template":"","meta":{"ngg_post_thumbnail":0,"footnotes":"","_mc_calendar":[]},"aioseo_notices":[],"_links":{"self":[{"href":"https:\/\/blogsaverroes.juntadeandalucia.es\/losjardinillos\/wp-json\/wp\/v2\/pages\/2643"}],"collection":[{"href":"https:\/\/blogsaverroes.juntadeandalucia.es\/losjardinillos\/wp-json\/wp\/v2\/pages"}],"about":[{"href":"https:\/\/blogsaverroes.juntadeandalucia.es\/losjardinillos\/wp-json\/wp\/v2\/types\/page"}],"author":[{"embeddable":true,"href":"https:\/\/blogsaverroes.juntadeandalucia.es\/losjardinillos\/wp-json\/wp\/v2\/users\/6462"}],"replies":[{"embeddable":true,"href":"https:\/\/blogsaverroes.juntadeandalucia.es\/losjardinillos\/wp-json\/wp\/v2\/comments?post=2643"}],"version-history":[{"count":9,"href":"https:\/\/blogsaverroes.juntadeandalucia.es\/losjardinillos\/wp-json\/wp\/v2\/pages\/2643\/revisions"}],"predecessor-version":[{"id":2962,"href":"https:\/\/blogsaverroes.juntadeandalucia.es\/losjardinillos\/wp-json\/wp\/v2\/pages\/2643\/revisions\/2962"}],"wp:attachment":[{"href":"https:\/\/blogsaverroes.juntadeandalucia.es\/losjardinillos\/wp-json\/wp\/v2\/media?parent=2643"}],"curies":[{"name":"wp","href":"https:\/\/api.w.org\/{rel}","templated":true}]}}