{"id":2714,"date":"2020-09-15T09:03:44","date_gmt":"2020-09-15T09:03:44","guid":{"rendered":"https:\/\/blogsaverroes.juntadeandalucia.es\/losjardinillos\/?page_id=2714"},"modified":"2020-09-17T09:25:46","modified_gmt":"2020-09-17T09:25:46","slug":"material-educativo","status":"publish","type":"page","link":"https:\/\/blogsaverroes.juntadeandalucia.es\/losjardinillos\/material-educativo\/","title":{"rendered":"Material educativo"},"content":{"rendered":"<p style=\"text-align: justify\">A continuaci\u00f3n os dejamos algunas l\u00e1minas en pdf, de buenas pr\u00e1cticas preventivas.<\/p>\n<ul>\n<li style=\"text-align: justify\"><a href=\"https:\/\/blogsaverroes.juntadeandalucia.es\/losjardinillos\/files\/2020\/09\/02-BUENAS-PR\u00c1CTICAS-DE-HIGIENE.pdf\" target=\"_blank\" rel=\"noopener noreferrer\"><span style=\"color: #000080\"><strong><span style=\"color: #003366\">Buenas pr\u00e1cticas de higiene.<\/span><\/strong><\/span><\/a><\/li>\n<li style=\"text-align: justify\"><span style=\"color: #000080\"><strong><a style=\"color: #000080\" href=\"https:\/\/blogsaverroes.juntadeandalucia.es\/losjardinillos\/files\/2020\/09\/Informaci\u00f3n-b\u00e1sica-para-el-alumnado.pdf\" target=\"_blank\" rel=\"noopener noreferrer\"><span style=\"color: #008080\">Informaci\u00f3n b\u00e1sica para el alumnado.<\/span><\/a><\/strong><\/span><\/li>\n<li style=\"text-align: justify\"><span style=\"color: #000080\"><strong><a style=\"color: #000080\" href=\"https:\/\/blogsaverroes.juntadeandalucia.es\/losjardinillos\/files\/2020\/09\/03-DESINFECTARSE-LAS-MANOS.pdf\" target=\"_blank\" rel=\"noopener noreferrer\"><span style=\"color: #003366\">Desifencci\u00f3n de manos.<\/span><\/a><\/strong><\/span><\/li>\n<li style=\"text-align: justify\"><span style=\"color: #000080\"><strong><a style=\"color: #000080\" href=\"https:\/\/blogsaverroes.juntadeandalucia.es\/losjardinillos\/files\/2020\/09\/07-LAVADO-DE-MANOS.pdf\" target=\"_blank\" rel=\"noopener noreferrer\"><span style=\"color: #008080\">Lavado de manos.<\/span><\/a><\/strong><\/span><\/li>\n<li style=\"text-align: justify\"><span style=\"color: #000080\"><strong><a style=\"color: #000080\" href=\"https:\/\/blogsaverroes.juntadeandalucia.es\/losjardinillos\/files\/2020\/09\/04-COLOCACI\u00d3N-CORRECTA-EPI.pdf\" target=\"_blank\" rel=\"noopener noreferrer\"><span style=\"color: #003366\">Colocaci\u00f3n correcta del EPI.<\/span><\/a><\/strong><\/span><\/li>\n<li style=\"text-align: justify\"><span style=\"color: #000080\"><strong><a style=\"color: #000080\" href=\"https:\/\/blogsaverroes.juntadeandalucia.es\/losjardinillos\/files\/2020\/09\/05-QUITARSE-GUANTES.pdf\" target=\"_blank\" rel=\"noopener noreferrer\"><span style=\"color: #008080\">Quitarse los guantes correctamente.<\/span><\/a><\/strong><\/span><\/li>\n<li style=\"text-align: justify\"><span style=\"color: #000080\"><strong><a style=\"color: #000080\" href=\"https:\/\/blogsaverroes.juntadeandalucia.es\/losjardinillos\/files\/2020\/09\/09-COLOCACI\u00d3N-DE-LA-MASCARILLA.pdf\" target=\"_blank\" rel=\"noopener noreferrer\"><span style=\"color: #003366\">Colocaci\u00f3n y retirada de las mascarillas.<\/span><\/a><\/strong><\/span><\/li>\n<li style=\"text-align: justify\"><span style=\"color: #000080\"><strong><a style=\"color: #000080\" href=\"https:\/\/blogsaverroes.juntadeandalucia.es\/losjardinillos\/files\/2020\/09\/11-USO-DE-LAS-ESCALERAS.pdf\" target=\"_blank\" rel=\"noopener noreferrer\"><span style=\"color: #008080\">Uso de las escaleras.<\/span><\/a><\/strong><\/span><\/li>\n<li style=\"text-align: justify\"><span style=\"color: #000080\"><strong><a style=\"color: #000080\" href=\"https:\/\/blogsaverroes.juntadeandalucia.es\/losjardinillos\/files\/2020\/09\/14-USO-ASEOS.pdf\" target=\"_blank\" rel=\"noopener noreferrer\"><span style=\"color: #003366\">Uso de los aseos.<\/span><\/a><\/strong><\/span><\/li>\n<li style=\"text-align: justify\"><span style=\"color: #000080\"><strong><a style=\"color: #000080\" href=\"https:\/\/blogsaverroes.juntadeandalucia.es\/losjardinillos\/files\/2020\/09\/15-USO-ASCENSOR.pdf\" target=\"_blank\" rel=\"noopener noreferrer\"><span style=\"color: #008080\">Uso del ascensor.<\/span><\/a><\/strong><\/span><\/li>\n<li style=\"text-align: justify\"><span style=\"color: #000080\"><strong><a style=\"color: #000080\" href=\"https:\/\/blogsaverroes.juntadeandalucia.es\/losjardinillos\/files\/2020\/09\/01-ATENCI\u00d3N-AL-P\u00daBLICO.pdf\" target=\"_blank\" rel=\"noopener noreferrer\"><span style=\"color: #003366\">Atenci\u00f3n al p\u00fablico.<\/span><\/a><\/strong><\/span><\/li>\n<li style=\"text-align: justify\"><span style=\"color: #000080\"><strong><a style=\"color: #000080\" href=\"https:\/\/blogsaverroes.juntadeandalucia.es\/losjardinillos\/files\/2020\/09\/06-PRESENCIALIDAD-ADAPTADA.pdf\" target=\"_blank\" rel=\"noopener noreferrer\"><span style=\"color: #008080\">Presencialidad adaptada.<\/span><\/a><\/strong><\/span><\/li>\n<li style=\"text-align: justify\"><span style=\"color: #000080\"><strong><a style=\"color: #000080\" href=\"https:\/\/blogsaverroes.juntadeandalucia.es\/losjardinillos\/files\/2020\/09\/13-TELETRABAJO.pdf\" target=\"_blank\" rel=\"noopener noreferrer\"><span style=\"color: #003366\">Teletrabajo.<\/span><\/a><\/strong><\/span><\/li>\n<li style=\"text-align: justify\"><span style=\"color: #000080\"><strong><a style=\"color: #000080\" href=\"https:\/\/blogsaverroes.juntadeandalucia.es\/losjardinillos\/files\/2020\/09\/12-RELAJACI\u00d3N-MUSCULAR-ESTIRAMIENTOS.pdf\" target=\"_blank\" rel=\"noopener noreferrer\"><span style=\"color: #008080\">Relajaci\u00f3n muscular y estiramientos.<\/span><\/a><\/strong><\/span><\/li>\n<li style=\"text-align: justify\"><span style=\"color: #000080\"><strong><a style=\"color: #000080\" href=\"https:\/\/blogsaverroes.juntadeandalucia.es\/losjardinillos\/files\/2020\/09\/16-DEC\u00c1LOGO-COMO-ACTUA-CON-COVID19.pdf\" target=\"_blank\" rel=\"noopener noreferrer\"><span style=\"color: #003366\">Dec\u00e1logo sobre c\u00f3mo actuar en caso de &nbsp;s\u00edntomas de COVID-19.<\/span><\/a><\/strong><\/span><\/li>\n<li style=\"text-align: justify\"><span style=\"color: #000080\"><strong><a style=\"color: #000080\" href=\"https:\/\/blogsaverroes.juntadeandalucia.es\/losjardinillos\/files\/2020\/09\/17-MOVILIDAD-Y-SEGURIDAD-VIAL.pdf\" target=\"_blank\" rel=\"noopener noreferrer\"><span style=\"color: #008080\">Movilidad y seguridad vial en tiempos de COVID-19.<\/span><\/a><\/strong><\/span><\/li>\n<li style=\"text-align: justify\"><span style=\"color: #003366\"><strong><a style=\"color: #003366\" href=\"https:\/\/blogsaverroes.juntadeandalucia.es\/losjardinillos\/files\/2020\/09\/18-LOS-VIRUS-NO-DISCRIMINAN_NOSOTROS-TAMPOCO.pdf\" target=\"_blank\" rel=\"noopener noreferrer\">Los virus no discriminan, las personas tampoco deber\u00edamos hacerlo<\/a>.<\/strong><\/span><\/li>\n<li style=\"text-align: justify\"><span style=\"color: #000080\"><strong><a style=\"color: #000080\" href=\"https:\/\/blogsaverroes.juntadeandalucia.es\/losjardinillos\/files\/2020\/09\/10-USO-Y-CLASIFICACI\u00d3N-MASCARILLAS.pdf\" target=\"_blank\" rel=\"noopener noreferrer\"><span style=\"color: #008080\">Clasificaci\u00f3n y uso de las mascarillas.<\/span><\/a><\/strong><\/span><\/li>\n<li style=\"text-align: justify\"><span style=\"color: #000080\"><strong><a style=\"color: #000080\" href=\"https:\/\/blogsaverroes.juntadeandalucia.es\/losjardinillos\/files\/2020\/09\/08-MANUAL-CONSEJOS-TELETRABAJO.pdf\" target=\"_blank\" rel=\"noopener noreferrer\"><span style=\"color: #003366\">Manual de consejos b\u00e1sicos para el teletrabajo.<\/span><\/a><\/strong><\/span><\/li>\n<\/ul>\n","protected":false},"excerpt":{"rendered":"<p>A continuaci\u00f3n os dejamos algunas l\u00e1minas en pdf, de buenas pr\u00e1cticas preventivas. Buenas pr\u00e1cticas de higiene. Informaci\u00f3n b\u00e1sica para el alumnado. Desifencci\u00f3n de manos. Lavado&hellip;<\/p>\n","protected":false},"author":6462,"featured_media":0,"parent":0,"menu_order":0,"comment_status":"closed","ping_status":"closed","template":"","meta":{"ngg_post_thumbnail":0,"footnotes":"","_mc_calendar":[]},"aioseo_notices":[],"_links":{"self":[{"href":"https:\/\/blogsaverroes.juntadeandalucia.es\/losjardinillos\/wp-json\/wp\/v2\/pages\/2714"}],"collection":[{"href":"https:\/\/blogsaverroes.juntadeandalucia.es\/losjardinillos\/wp-json\/wp\/v2\/pages"}],"about":[{"href":"https:\/\/blogsaverroes.juntadeandalucia.es\/losjardinillos\/wp-json\/wp\/v2\/types\/page"}],"author":[{"embeddable":true,"href":"https:\/\/blogsaverroes.juntadeandalucia.es\/losjardinillos\/wp-json\/wp\/v2\/users\/6462"}],"replies":[{"embeddable":true,"href":"https:\/\/blogsaverroes.juntadeandalucia.es\/losjardinillos\/wp-json\/wp\/v2\/comments?post=2714"}],"version-history":[{"count":8,"href":"https:\/\/blogsaverroes.juntadeandalucia.es\/losjardinillos\/wp-json\/wp\/v2\/pages\/2714\/revisions"}],"predecessor-version":[{"id":2800,"href":"https:\/\/blogsaverroes.juntadeandalucia.es\/losjardinillos\/wp-json\/wp\/v2\/pages\/2714\/revisions\/2800"}],"wp:attachment":[{"href":"https:\/\/blogsaverroes.juntadeandalucia.es\/losjardinillos\/wp-json\/wp\/v2\/media?parent=2714"}],"curies":[{"name":"wp","href":"https:\/\/api.w.org\/{rel}","templated":true}]}}