{"id":13409,"date":"2023-08-08T22:21:24","date_gmt":"2023-08-08T22:21:24","guid":{"rendered":"https:\/\/blogsaverroes.juntadeandalucia.es\/macade\/?page_id=13409"},"modified":"2024-07-21T18:05:29","modified_gmt":"2024-07-21T18:05:29","slug":"entradas-web","status":"publish","type":"page","link":"https:\/\/blogsaverroes.juntadeandalucia.es\/macade\/entradas-web\/","title":{"rendered":"Entradas web"},"content":{"rendered":"\t\t<div data-elementor-type=\"wp-page\" data-elementor-id=\"13409\" class=\"elementor elementor-13409\">\n\t\t\t\t\t\t<section class=\"elementor-section elementor-top-section elementor-element elementor-element-c465f1a elementor-section-full_width elementor-section-height-default elementor-section-height-default\" data-id=\"c465f1a\" data-element_type=\"section\">\n\t\t\t\t\t\t<div class=\"elementor-container elementor-column-gap-default\">\n\t\t\t\t\t<div class=\"elementor-column elementor-col-100 elementor-top-column elementor-element elementor-element-1a2d143\" data-id=\"1a2d143\" data-element_type=\"column\">\n\t\t\t<div class=\"elementor-widget-wrap elementor-element-populated\">\n\t\t\t\t\t\t<div class=\"elementor-element elementor-element-4574866 elementor-widget elementor-widget-text-editor\" data-id=\"4574866\" data-element_type=\"widget\" data-widget_type=\"text-editor.default\">\n\t\t\t\t<div class=\"elementor-widget-container\">\n\t\t\t\t\t\t\t\t\t<p style=\"text-align: center\"><span style=\"font-family: comic sans ms, sans-serif\"><strong>PUBLICACIONES DE INTER\u00c9S<\/strong><\/span><\/p>\t\t\t\t\t\t\t\t<\/div>\n\t\t\t\t<\/div>\n\t\t\t\t\t<\/div>\n\t\t<\/div>\n\t\t\t\t\t<\/div>\n\t\t<\/section>\n\t\t\t\t<section class=\"elementor-section elementor-top-section elementor-element elementor-element-437c4f7 elementor-section-full_width elementor-section-height-default elementor-section-height-default\" data-id=\"437c4f7\" data-element_type=\"section\">\n\t\t\t\t\t\t<div class=\"elementor-container elementor-column-gap-default\">\n\t\t\t\t\t<div class=\"elementor-column elementor-col-100 elementor-top-column elementor-element elementor-element-ec67162\" data-id=\"ec67162\" data-element_type=\"column\">\n\t\t\t<div class=\"elementor-widget-wrap elementor-element-populated\">\n\t\t\t\t\t\t<div class=\"elementor-element elementor-element-e2eb139 elementor-widget elementor-widget-shortcode\" data-id=\"e2eb139\" data-element_type=\"widget\" data-widget_type=\"shortcode.default\">\n\t\t\t\t<div class=\"elementor-widget-container\">\n\t\t\t\t\t\t\t<div class=\"elementor-shortcode\"><div class=\"pt-cv-wrapper\"><div class=\"pt-cv-view pt-cv-grid pt-cv-colsys\" id=\"pt-cv-view-22c9b99adj\"><div data-id=\"pt-cv-page-1\" class=\"pt-cv-page\" data-cvc=\"4\"><div class=\"col-md-3 col-sm-6 col-xs-12 pt-cv-content-item pt-cv-1-col\" ><div class='pt-cv-ifield'><a href=\"https:\/\/blogsaverroes.juntadeandalucia.es\/macade\/2026\/04\/10\/kajita-premio-nobel-de-fisica-2015\/\" class=\"_self pt-cv-href-thumbnail pt-cv-thumb-default\" target=\"_self\" ><img fetchpriority=\"high\" decoding=\"async\" width=\"830\" height=\"627\" src=\"https:\/\/blogsaverroes.juntadeandalucia.es\/macade\/files\/2026\/04\/ka.png\" class=\"pt-cv-thumbnail\" alt=\"\" srcset=\"https:\/\/blogsaverroes.juntadeandalucia.es\/macade\/files\/2026\/04\/ka.png 830w, https:\/\/blogsaverroes.juntadeandalucia.es\/macade\/files\/2026\/04\/ka-300x227.png 300w, https:\/\/blogsaverroes.juntadeandalucia.es\/macade\/files\/2026\/04\/ka-768x580.png 768w\" sizes=\"(max-width: 830px) 100vw, 830px\" \/><\/a>\n<h4 class=\"pt-cv-title\"><a href=\"https:\/\/blogsaverroes.juntadeandalucia.es\/macade\/2026\/04\/10\/kajita-premio-nobel-de-fisica-2015\/\" class=\"_self\" target=\"_self\" >Kajita Premio Nobel de F\u00edsica 2015<\/a><\/h4>\n<div class=\"pt-cv-content\">\"LA PERSISTENCIA IMPORTA M\u00c1S QUE LA BRILLANTEZ\" Con esta afirmaci\u00f3n, Takaaki Kajita resume d\u00e9cadas de trabajo enfrent\u00e1ndose a uno de ...<br \/><div class=\"pt-cv-rmwrap\"><a href=\"https:\/\/blogsaverroes.juntadeandalucia.es\/macade\/2026\/04\/10\/kajita-premio-nobel-de-fisica-2015\/\" class=\"_self pt-cv-readmore btn btn-success\" target=\"_self\">Leer m\u00e1s<\/a><\/div><\/div><\/div><\/div>\n<div class=\"col-md-3 col-sm-6 col-xs-12 pt-cv-content-item pt-cv-1-col\" ><div class='pt-cv-ifield'><a href=\"https:\/\/blogsaverroes.juntadeandalucia.es\/macade\/2026\/02\/22\/visita-al-centro-de-investigaciones-ciccartuja-sevilla\/\" class=\"_self pt-cv-href-thumbnail pt-cv-thumb-default\" target=\"_self\" ><img decoding=\"async\" width=\"1280\" height=\"720\" src=\"https:\/\/blogsaverroes.juntadeandalucia.es\/macade\/files\/2026\/02\/0-edificio-ciccartuja-sevilla.jpg\" class=\"pt-cv-thumbnail\" alt=\"\" srcset=\"https:\/\/blogsaverroes.juntadeandalucia.es\/macade\/files\/2026\/02\/0-edificio-ciccartuja-sevilla.jpg 1280w, https:\/\/blogsaverroes.juntadeandalucia.es\/macade\/files\/2026\/02\/0-edificio-ciccartuja-sevilla-300x169.jpg 300w, https:\/\/blogsaverroes.juntadeandalucia.es\/macade\/files\/2026\/02\/0-edificio-ciccartuja-sevilla-1024x576.jpg 1024w, https:\/\/blogsaverroes.juntadeandalucia.es\/macade\/files\/2026\/02\/0-edificio-ciccartuja-sevilla-768x432.jpg 768w\" sizes=\"(max-width: 1280px) 100vw, 1280px\" \/><\/a>\n<h4 class=\"pt-cv-title\"><a href=\"https:\/\/blogsaverroes.juntadeandalucia.es\/macade\/2026\/02\/22\/visita-al-centro-de-investigaciones-ciccartuja-sevilla\/\" class=\"_self\" target=\"_self\" >Visita al Centro de Investigaciones cicCartuja (Sevilla)<\/a><\/h4>\n<div class=\"pt-cv-content\">Visita al Centro de Investigaciones cicCartuja Visita al centro de investigaciones cient\u00edficas isla de la cartuja: una instituci\u00f3n p\u00fablica cuyo ...<br \/><div class=\"pt-cv-rmwrap\"><a href=\"https:\/\/blogsaverroes.juntadeandalucia.es\/macade\/2026\/02\/22\/visita-al-centro-de-investigaciones-ciccartuja-sevilla\/\" class=\"_self pt-cv-readmore btn btn-success\" target=\"_self\">Leer m\u00e1s<\/a><\/div><\/div><\/div><\/div>\n<div class=\"col-md-3 col-sm-6 col-xs-12 pt-cv-content-item pt-cv-1-col\" ><div class='pt-cv-ifield'><a href=\"https:\/\/blogsaverroes.juntadeandalucia.es\/macade\/2026\/02\/03\/el-sol-esctructura-y-actividad-solar\/\" class=\"_self pt-cv-href-thumbnail pt-cv-thumb-default\" target=\"_self\" ><img decoding=\"async\" width=\"265\" height=\"225\" src=\"https:\/\/blogsaverroes.juntadeandalucia.es\/macade\/files\/2026\/02\/Figura-esquema-sol-tierra-e1770155895432.png\" class=\"pt-cv-thumbnail\" alt=\"\" \/><\/a>\n<h4 class=\"pt-cv-title\"><a href=\"https:\/\/blogsaverroes.juntadeandalucia.es\/macade\/2026\/02\/03\/el-sol-esctructura-y-actividad-solar\/\" class=\"_self\" target=\"_self\" >EL SOL. ESCTRUCTURA Y ACTIVIDAD.<\/a><\/h4>\n<div class=\"pt-cv-content\">TALLER DE OBSERVACI\u00d3N: EL SOL. MANCHAS SOLARES. El Sol es una estrella enana amarilla con m\u00e1s de 4600 millones de ...<br \/><div class=\"pt-cv-rmwrap\"><a href=\"https:\/\/blogsaverroes.juntadeandalucia.es\/macade\/2026\/02\/03\/el-sol-esctructura-y-actividad-solar\/\" class=\"_self pt-cv-readmore btn btn-success\" target=\"_self\">Leer m\u00e1s<\/a><\/div><\/div><\/div><\/div>\n<div class=\"col-md-3 col-sm-6 col-xs-12 pt-cv-content-item pt-cv-1-col\" ><div class='pt-cv-ifield'><a href=\"https:\/\/blogsaverroes.juntadeandalucia.es\/macade\/2026\/02\/02\/tercer-mejor-docente-de-espana-en-los-premios-educa-abanca-2025\/\" class=\"_self pt-cv-href-thumbnail pt-cv-thumb-default\" target=\"_self\" ><img loading=\"lazy\" decoding=\"async\" width=\"1466\" height=\"1052\" src=\"https:\/\/blogsaverroes.juntadeandalucia.es\/macade\/files\/2026\/02\/WhatsApp-Image-2026-01-31-at-21.03.05.jpeg\" class=\"pt-cv-thumbnail\" alt=\"\" srcset=\"https:\/\/blogsaverroes.juntadeandalucia.es\/macade\/files\/2026\/02\/WhatsApp-Image-2026-01-31-at-21.03.05.jpeg 1466w, https:\/\/blogsaverroes.juntadeandalucia.es\/macade\/files\/2026\/02\/WhatsApp-Image-2026-01-31-at-21.03.05-300x215.jpeg 300w, https:\/\/blogsaverroes.juntadeandalucia.es\/macade\/files\/2026\/02\/WhatsApp-Image-2026-01-31-at-21.03.05-1024x735.jpeg 1024w, https:\/\/blogsaverroes.juntadeandalucia.es\/macade\/files\/2026\/02\/WhatsApp-Image-2026-01-31-at-21.03.05-768x551.jpeg 768w\" sizes=\"(max-width: 1466px) 100vw, 1466px\" \/><\/a>\n<h4 class=\"pt-cv-title\"><a href=\"https:\/\/blogsaverroes.juntadeandalucia.es\/macade\/2026\/02\/02\/tercer-mejor-docente-de-espana-en-los-premios-educa-abanca-2025\/\" class=\"_self\" target=\"_self\" >Tercer Mejor Docente de Espa\u00f1a en los premios Educa Abanca 2025.<\/a><\/h4>\n<div class=\"pt-cv-content\">MARIO CARRASCO. TERCER MEJOR DOCENTE DE ESPA\u00d1A EN LOS PREMIOS EDUCA ABANCA 2025 Mario Carrasco:Muy agradecido por este reconocimiento como ...<br \/><div class=\"pt-cv-rmwrap\"><a href=\"https:\/\/blogsaverroes.juntadeandalucia.es\/macade\/2026\/02\/02\/tercer-mejor-docente-de-espana-en-los-premios-educa-abanca-2025\/\" class=\"_self pt-cv-readmore btn btn-success\" target=\"_self\">Leer m\u00e1s<\/a><\/div><\/div><\/div><\/div>\n<div class=\"col-md-3 col-sm-6 col-xs-12 pt-cv-content-item pt-cv-1-col\" ><div class='pt-cv-ifield'><a href=\"https:\/\/blogsaverroes.juntadeandalucia.es\/macade\/2025\/12\/28\/la-molecula-del-ano-2025-el-hexanitrogeno\/\" class=\"_self pt-cv-href-thumbnail pt-cv-thumb-default\" target=\"_self\" ><img loading=\"lazy\" decoding=\"async\" width=\"2129\" height=\"1214\" src=\"https:\/\/blogsaverroes.juntadeandalucia.es\/macade\/files\/2025\/12\/mini-portada-redes.png\" class=\"pt-cv-thumbnail\" alt=\"\" srcset=\"https:\/\/blogsaverroes.juntadeandalucia.es\/macade\/files\/2025\/12\/mini-portada-redes.png 2129w, https:\/\/blogsaverroes.juntadeandalucia.es\/macade\/files\/2025\/12\/mini-portada-redes-300x171.png 300w, https:\/\/blogsaverroes.juntadeandalucia.es\/macade\/files\/2025\/12\/mini-portada-redes-1024x584.png 1024w, https:\/\/blogsaverroes.juntadeandalucia.es\/macade\/files\/2025\/12\/mini-portada-redes-768x438.png 768w, https:\/\/blogsaverroes.juntadeandalucia.es\/macade\/files\/2025\/12\/mini-portada-redes-1536x876.png 1536w, https:\/\/blogsaverroes.juntadeandalucia.es\/macade\/files\/2025\/12\/mini-portada-redes-2048x1168.png 2048w\" sizes=\"(max-width: 2129px) 100vw, 2129px\" \/><\/a>\n<h4 class=\"pt-cv-title\"><a href=\"https:\/\/blogsaverroes.juntadeandalucia.es\/macade\/2025\/12\/28\/la-molecula-del-ano-2025-el-hexanitrogeno\/\" class=\"_self\" target=\"_self\" >La mol\u00e9cula del a\u00f1o 2025: el hexanitr\u00f3geno.<\/a><\/h4>\n<div class=\"pt-cv-content\">LA MOL\u00c9CULA DEL A\u00d1O: EL HEXANITR\u00d3GENOLa revista Chemical and Engineering News ha publicado un listado de las mol\u00e9culas con mayor ...<br \/><div class=\"pt-cv-rmwrap\"><a href=\"https:\/\/blogsaverroes.juntadeandalucia.es\/macade\/2025\/12\/28\/la-molecula-del-ano-2025-el-hexanitrogeno\/\" class=\"_self pt-cv-readmore btn btn-success\" target=\"_self\">Leer m\u00e1s<\/a><\/div><\/div><\/div><\/div>\n<div class=\"col-md-3 col-sm-6 col-xs-12 pt-cv-content-item pt-cv-1-col\" ><div class='pt-cv-ifield'><a href=\"https:\/\/blogsaverroes.juntadeandalucia.es\/macade\/2025\/12\/12\/finalista-a-los-premios-educa-abanca\/\" class=\"_self pt-cv-href-thumbnail pt-cv-thumb-default\" target=\"_self\" ><img loading=\"lazy\" decoding=\"async\" width=\"1080\" height=\"823\" src=\"https:\/\/blogsaverroes.juntadeandalucia.es\/macade\/files\/2025\/12\/WhatsApp-Image-2025-12-12-at-21.50.35.jpeg\" class=\"pt-cv-thumbnail\" alt=\"\" srcset=\"https:\/\/blogsaverroes.juntadeandalucia.es\/macade\/files\/2025\/12\/WhatsApp-Image-2025-12-12-at-21.50.35.jpeg 1080w, https:\/\/blogsaverroes.juntadeandalucia.es\/macade\/files\/2025\/12\/WhatsApp-Image-2025-12-12-at-21.50.35-300x229.jpeg 300w, https:\/\/blogsaverroes.juntadeandalucia.es\/macade\/files\/2025\/12\/WhatsApp-Image-2025-12-12-at-21.50.35-1024x780.jpeg 1024w, https:\/\/blogsaverroes.juntadeandalucia.es\/macade\/files\/2025\/12\/WhatsApp-Image-2025-12-12-at-21.50.35-768x585.jpeg 768w\" sizes=\"(max-width: 1080px) 100vw, 1080px\" \/><\/a>\n<h4 class=\"pt-cv-title\"><a href=\"https:\/\/blogsaverroes.juntadeandalucia.es\/macade\/2025\/12\/12\/finalista-a-los-premios-educa-abanca\/\" class=\"_self\" target=\"_self\" >FINALISTA A LOS PREMIOS EDUCA ABANCA 2025. MEJOR DOCENTE.<\/a><\/h4>\n<div class=\"pt-cv-content\">FINALISTA A LOS PREMIOS EDUCA ABANCA 2025https:\/\/www.youtube.com\/watch?v=XJnoPKS7a7Q&#038;t=16sQuiero expresar mi m\u00e1s sincero agradecimiento a nuestra alcaldesa, Silvia Heredia, por recibirme con ...<br \/><div class=\"pt-cv-rmwrap\"><a href=\"https:\/\/blogsaverroes.juntadeandalucia.es\/macade\/2025\/12\/12\/finalista-a-los-premios-educa-abanca\/\" class=\"_self pt-cv-readmore btn btn-success\" target=\"_self\">Leer m\u00e1s<\/a><\/div><\/div><\/div><\/div>\n<div class=\"col-md-3 col-sm-6 col-xs-12 pt-cv-content-item pt-cv-1-col\" ><div class='pt-cv-ifield'><a href=\"https:\/\/blogsaverroes.juntadeandalucia.es\/macade\/2025\/12\/12\/las-que-contaran-la-ciencia-primer-premio\/\" class=\"_self pt-cv-href-thumbnail pt-cv-thumb-default\" target=\"_self\" ><img loading=\"lazy\" decoding=\"async\" width=\"424\" height=\"246\" src=\"https:\/\/blogsaverroes.juntadeandalucia.es\/macade\/files\/2025\/12\/mini-youtube-3.png\" class=\"pt-cv-thumbnail\" alt=\"\" srcset=\"https:\/\/blogsaverroes.juntadeandalucia.es\/macade\/files\/2025\/12\/mini-youtube-3.png 424w, https:\/\/blogsaverroes.juntadeandalucia.es\/macade\/files\/2025\/12\/mini-youtube-3-300x174.png 300w\" sizes=\"(max-width: 424px) 100vw, 424px\" \/><\/a>\n<h4 class=\"pt-cv-title\"><a href=\"https:\/\/blogsaverroes.juntadeandalucia.es\/macade\/2025\/12\/12\/las-que-contaran-la-ciencia-primer-premio\/\" class=\"_self\" target=\"_self\" >Las que contar\u00e1n la ciencia. Premio de Andaluc\u00eda 2025.<\/a><\/h4>\n<div class=\"pt-cv-content\">\"Las que contar\u00e1n la ciencia\"Las Universidades P\u00fablicas Andaluzas han organizado la tercera edici\u00f3n del certamen de mon\u00f3logos de divulgaci\u00f3n para ...<br \/><div class=\"pt-cv-rmwrap\"><a href=\"https:\/\/blogsaverroes.juntadeandalucia.es\/macade\/2025\/12\/12\/las-que-contaran-la-ciencia-primer-premio\/\" class=\"_self pt-cv-readmore btn btn-success\" target=\"_self\">Leer m\u00e1s<\/a><\/div><\/div><\/div><\/div>\n<div class=\"col-md-3 col-sm-6 col-xs-12 pt-cv-content-item pt-cv-1-col\" ><div class='pt-cv-ifield'><a href=\"https:\/\/blogsaverroes.juntadeandalucia.es\/macade\/2025\/12\/06\/espectrofotometria-para-la-determinacion-cuantitativa-de-una-sustancia-cromofora\/\" class=\"_self pt-cv-href-thumbnail pt-cv-thumb-default\" target=\"_self\" ><img loading=\"lazy\" decoding=\"async\" width=\"722\" height=\"410\" src=\"https:\/\/blogsaverroes.juntadeandalucia.es\/macade\/files\/2025\/12\/portada-redes.png\" class=\"pt-cv-thumbnail\" alt=\"\" srcset=\"https:\/\/blogsaverroes.juntadeandalucia.es\/macade\/files\/2025\/12\/portada-redes.png 722w, https:\/\/blogsaverroes.juntadeandalucia.es\/macade\/files\/2025\/12\/portada-redes-300x170.png 300w\" sizes=\"(max-width: 722px) 100vw, 722px\" \/><\/a>\n<h4 class=\"pt-cv-title\"><a href=\"https:\/\/blogsaverroes.juntadeandalucia.es\/macade\/2025\/12\/06\/espectrofotometria-para-la-determinacion-cuantitativa-de-una-sustancia-cromofora\/\" class=\"_self\" target=\"_self\" >Espectrofotometr\u00eda para la determinaci\u00f3n cuantitativa de una sustancia crom\u00f3fora.<\/a><\/h4>\n<div class=\"pt-cv-content\">ESPECTROFOTOMETR\u00cdA. RECTA DE CALIBRACI\u00d3N.\u00bfCu\u00e1l es el origen del color en las sustancias qu\u00edmicas?El color es el resultado de la interacci\u00f3n ...<br \/><div class=\"pt-cv-rmwrap\"><a href=\"https:\/\/blogsaverroes.juntadeandalucia.es\/macade\/2025\/12\/06\/espectrofotometria-para-la-determinacion-cuantitativa-de-una-sustancia-cromofora\/\" class=\"_self pt-cv-readmore btn btn-success\" target=\"_self\">Leer m\u00e1s<\/a><\/div><\/div><\/div><\/div>\n<div class=\"col-md-3 col-sm-6 col-xs-12 pt-cv-content-item pt-cv-1-col\" ><div class='pt-cv-ifield'><a href=\"https:\/\/blogsaverroes.juntadeandalucia.es\/macade\/2025\/11\/27\/cuando-la-ciencia-se-vuelve-vocacion\/\" class=\"_self pt-cv-href-thumbnail pt-cv-thumb-default\" target=\"_self\" ><img loading=\"lazy\" decoding=\"async\" width=\"557\" height=\"308\" src=\"https:\/\/blogsaverroes.juntadeandalucia.es\/macade\/files\/2025\/11\/portada-post-charla-amigos-del-museo.jpg\" class=\"pt-cv-thumbnail\" alt=\"\" srcset=\"https:\/\/blogsaverroes.juntadeandalucia.es\/macade\/files\/2025\/11\/portada-post-charla-amigos-del-museo.jpg 557w, https:\/\/blogsaverroes.juntadeandalucia.es\/macade\/files\/2025\/11\/portada-post-charla-amigos-del-museo-300x166.jpg 300w\" sizes=\"(max-width: 557px) 100vw, 557px\" \/><\/a>\n<h4 class=\"pt-cv-title\"><a href=\"https:\/\/blogsaverroes.juntadeandalucia.es\/macade\/2025\/11\/27\/cuando-la-ciencia-se-vuelve-vocacion\/\" class=\"_self\" target=\"_self\" >Cuando la ciencia se vuelve vocaci\u00f3n<\/a><\/h4>\n<div class=\"pt-cv-content\">VELADA CON AMIGOS DEL MUSEO DE \u00c9CIJA.L@s Amig@s del Museo quieren agradecer a\u00a0@mariocd19\u00a0Mario Carrasco Delgado el haber compartido con nosotr@s ...<br \/><div class=\"pt-cv-rmwrap\"><a href=\"https:\/\/blogsaverroes.juntadeandalucia.es\/macade\/2025\/11\/27\/cuando-la-ciencia-se-vuelve-vocacion\/\" class=\"_self pt-cv-readmore btn btn-success\" target=\"_self\">Leer m\u00e1s<\/a><\/div><\/div><\/div><\/div>\n<div class=\"col-md-3 col-sm-6 col-xs-12 pt-cv-content-item pt-cv-1-col\" ><div class='pt-cv-ifield'><a href=\"https:\/\/blogsaverroes.juntadeandalucia.es\/macade\/2025\/10\/12\/resolucion-atomica-en-una-muestra-de-ortoescandato-de-praseodimio3\/\" class=\"_self pt-cv-href-thumbnail pt-cv-thumb-default\" target=\"_self\" ><img loading=\"lazy\" decoding=\"async\" width=\"2278\" height=\"1983\" src=\"https:\/\/blogsaverroes.juntadeandalucia.es\/macade\/files\/2025\/10\/pticografia-04.jpg\" class=\"pt-cv-thumbnail\" alt=\"\" srcset=\"https:\/\/blogsaverroes.juntadeandalucia.es\/macade\/files\/2025\/10\/pticografia-04.jpg 2278w, https:\/\/blogsaverroes.juntadeandalucia.es\/macade\/files\/2025\/10\/pticografia-04-300x261.jpg 300w, https:\/\/blogsaverroes.juntadeandalucia.es\/macade\/files\/2025\/10\/pticografia-04-1024x891.jpg 1024w, https:\/\/blogsaverroes.juntadeandalucia.es\/macade\/files\/2025\/10\/pticografia-04-768x669.jpg 768w, https:\/\/blogsaverroes.juntadeandalucia.es\/macade\/files\/2025\/10\/pticografia-04-1536x1337.jpg 1536w, https:\/\/blogsaverroes.juntadeandalucia.es\/macade\/files\/2025\/10\/pticografia-04-2048x1783.jpg 2048w\" sizes=\"(max-width: 2278px) 100vw, 2278px\" \/><\/a>\n<h4 class=\"pt-cv-title\"><a href=\"https:\/\/blogsaverroes.juntadeandalucia.es\/macade\/2025\/10\/12\/resolucion-atomica-en-una-muestra-de-ortoescandato-de-praseodimio3\/\" class=\"_self\" target=\"_self\" >Resoluci\u00f3n at\u00f3mica en una muestra de ortoescandato de praseodimio(3+)<\/a><\/h4>\n<div class=\"pt-cv-content\">Investigadores de la Universidad de Cornell (Nueva York) lograron un nuevo r\u00e9cord en la detecci\u00f3n de \u00e1tomos con una resoluci\u00f3n ...<br \/><div class=\"pt-cv-rmwrap\"><a href=\"https:\/\/blogsaverroes.juntadeandalucia.es\/macade\/2025\/10\/12\/resolucion-atomica-en-una-muestra-de-ortoescandato-de-praseodimio3\/\" class=\"_self pt-cv-readmore btn btn-success\" target=\"_self\">Leer m\u00e1s<\/a><\/div><\/div><\/div><\/div>\n<div class=\"col-md-3 col-sm-6 col-xs-12 pt-cv-content-item pt-cv-1-col\" ><div class='pt-cv-ifield'><a href=\"https:\/\/blogsaverroes.juntadeandalucia.es\/macade\/2025\/10\/10\/premio-nacional-vivir-sentir-y-contar-la-democracia\/\" class=\"_self pt-cv-href-thumbnail pt-cv-thumb-default\" target=\"_self\" ><img loading=\"lazy\" decoding=\"async\" width=\"1600\" height=\"900\" src=\"https:\/\/blogsaverroes.juntadeandalucia.es\/macade\/files\/2025\/10\/WhatsApp-Image-2025-12-05-at-22.06.56.jpeg\" class=\"pt-cv-thumbnail\" alt=\"\" srcset=\"https:\/\/blogsaverroes.juntadeandalucia.es\/macade\/files\/2025\/10\/WhatsApp-Image-2025-12-05-at-22.06.56.jpeg 1600w, https:\/\/blogsaverroes.juntadeandalucia.es\/macade\/files\/2025\/10\/WhatsApp-Image-2025-12-05-at-22.06.56-300x169.jpeg 300w, https:\/\/blogsaverroes.juntadeandalucia.es\/macade\/files\/2025\/10\/WhatsApp-Image-2025-12-05-at-22.06.56-1024x576.jpeg 1024w, https:\/\/blogsaverroes.juntadeandalucia.es\/macade\/files\/2025\/10\/WhatsApp-Image-2025-12-05-at-22.06.56-768x432.jpeg 768w, https:\/\/blogsaverroes.juntadeandalucia.es\/macade\/files\/2025\/10\/WhatsApp-Image-2025-12-05-at-22.06.56-1536x864.jpeg 1536w\" sizes=\"(max-width: 1600px) 100vw, 1600px\" \/><\/a>\n<h4 class=\"pt-cv-title\"><a href=\"https:\/\/blogsaverroes.juntadeandalucia.es\/macade\/2025\/10\/10\/premio-nacional-vivir-sentir-y-contar-la-democracia\/\" class=\"_self\" target=\"_self\" >Premio Nacional \u00abVivir, Sentir y Contar la Democracia\u00bb<\/a><\/h4>\n<div class=\"pt-cv-content\">El Ministerio concede los premios \u2018Vivir, Sentir y Contar la Democracia\u2019 2025 El Ministerio de Educaci\u00f3n, Formaci\u00f3n Profesional y Deportes ...<br \/><div class=\"pt-cv-rmwrap\"><a href=\"https:\/\/blogsaverroes.juntadeandalucia.es\/macade\/2025\/10\/10\/premio-nacional-vivir-sentir-y-contar-la-democracia\/\" class=\"_self pt-cv-readmore btn btn-success\" target=\"_self\">Leer m\u00e1s<\/a><\/div><\/div><\/div><\/div>\n<div class=\"col-md-3 col-sm-6 col-xs-12 pt-cv-content-item pt-cv-1-col\" ><div class='pt-cv-ifield'><a href=\"https:\/\/blogsaverroes.juntadeandalucia.es\/macade\/2025\/09\/29\/minerales-composicion-y-formula\/\" class=\"_self pt-cv-href-thumbnail pt-cv-thumb-default\" target=\"_self\" ><img loading=\"lazy\" decoding=\"async\" width=\"1782\" height=\"1126\" src=\"https:\/\/blogsaverroes.juntadeandalucia.es\/macade\/files\/2025\/09\/portada-minerales.png\" class=\"pt-cv-thumbnail\" alt=\"\" srcset=\"https:\/\/blogsaverroes.juntadeandalucia.es\/macade\/files\/2025\/09\/portada-minerales.png 1782w, https:\/\/blogsaverroes.juntadeandalucia.es\/macade\/files\/2025\/09\/portada-minerales-300x190.png 300w, https:\/\/blogsaverroes.juntadeandalucia.es\/macade\/files\/2025\/09\/portada-minerales-1024x647.png 1024w, https:\/\/blogsaverroes.juntadeandalucia.es\/macade\/files\/2025\/09\/portada-minerales-768x485.png 768w, https:\/\/blogsaverroes.juntadeandalucia.es\/macade\/files\/2025\/09\/portada-minerales-1536x971.png 1536w\" sizes=\"(max-width: 1782px) 100vw, 1782px\" \/><\/a>\n<h4 class=\"pt-cv-title\"><a href=\"https:\/\/blogsaverroes.juntadeandalucia.es\/macade\/2025\/09\/29\/minerales-composicion-y-formula\/\" class=\"_self\" target=\"_self\" >Minerales (composici\u00f3n y propiedades)<\/a><\/h4>\n<div class=\"pt-cv-content\">MINERALES Descarga Excel de los 100 minerales. \u00bfQu\u00e9 son los minerales?Los minerales son s\u00f3lidos naturales que se forman a trav\u00e9s ...<br \/><div class=\"pt-cv-rmwrap\"><a href=\"https:\/\/blogsaverroes.juntadeandalucia.es\/macade\/2025\/09\/29\/minerales-composicion-y-formula\/\" class=\"_self pt-cv-readmore btn btn-success\" target=\"_self\">Leer m\u00e1s<\/a><\/div><\/div><\/div><\/div>\n<div class=\"col-md-3 col-sm-6 col-xs-12 pt-cv-content-item pt-cv-1-col\" ><div class='pt-cv-ifield'><a href=\"https:\/\/blogsaverroes.juntadeandalucia.es\/macade\/2025\/09\/28\/charla-sobre-neuorociencia-y-altas-capacidades-elena-ramirez-ies-san-fulgencio\/\" class=\"_self pt-cv-href-thumbnail pt-cv-thumb-default\" target=\"_self\" ><img loading=\"lazy\" decoding=\"async\" width=\"1920\" height=\"1080\" src=\"https:\/\/blogsaverroes.juntadeandalucia.es\/macade\/files\/2025\/09\/1.png\" class=\"pt-cv-thumbnail\" alt=\"\" srcset=\"https:\/\/blogsaverroes.juntadeandalucia.es\/macade\/files\/2025\/09\/1.png 1920w, https:\/\/blogsaverroes.juntadeandalucia.es\/macade\/files\/2025\/09\/1-300x169.png 300w, https:\/\/blogsaverroes.juntadeandalucia.es\/macade\/files\/2025\/09\/1-1024x576.png 1024w, https:\/\/blogsaverroes.juntadeandalucia.es\/macade\/files\/2025\/09\/1-768x432.png 768w, https:\/\/blogsaverroes.juntadeandalucia.es\/macade\/files\/2025\/09\/1-1536x864.png 1536w\" sizes=\"(max-width: 1920px) 100vw, 1920px\" \/><\/a>\n<h4 class=\"pt-cv-title\"><a href=\"https:\/\/blogsaverroes.juntadeandalucia.es\/macade\/2025\/09\/28\/charla-sobre-neuorociencia-y-altas-capacidades-elena-ramirez-ies-san-fulgencio\/\" class=\"_self\" target=\"_self\" >Sobre neurociencia y altas capacidades. Elena, 2025 (IES San Fulgencio).<\/a><\/h4>\n<div class=\"pt-cv-content\">NEUROCIENCIA Y ALTAS CAPACIDADES El pasado 27 de septiembre tuvo lugar la II Jornada Familias y Altas Capacidades en la ...<br \/><div class=\"pt-cv-rmwrap\"><a href=\"https:\/\/blogsaverroes.juntadeandalucia.es\/macade\/2025\/09\/28\/charla-sobre-neuorociencia-y-altas-capacidades-elena-ramirez-ies-san-fulgencio\/\" class=\"_self pt-cv-readmore btn btn-success\" target=\"_self\">Leer m\u00e1s<\/a><\/div><\/div><\/div><\/div>\n<div class=\"col-md-3 col-sm-6 col-xs-12 pt-cv-content-item pt-cv-1-col\" ><div class='pt-cv-ifield'><a href=\"https:\/\/blogsaverroes.juntadeandalucia.es\/macade\/2025\/09\/14\/programa-investiga-y-descubre\/\" class=\"_self pt-cv-href-thumbnail pt-cv-thumb-default\" target=\"_self\" ><img loading=\"lazy\" decoding=\"async\" width=\"2153\" height=\"1523\" src=\"https:\/\/blogsaverroes.juntadeandalucia.es\/macade\/files\/2025\/09\/mini-redes-investiga-y-descubre.jpg\" class=\"pt-cv-thumbnail\" alt=\"\" srcset=\"https:\/\/blogsaverroes.juntadeandalucia.es\/macade\/files\/2025\/09\/mini-redes-investiga-y-descubre.jpg 2153w, https:\/\/blogsaverroes.juntadeandalucia.es\/macade\/files\/2025\/09\/mini-redes-investiga-y-descubre-300x212.jpg 300w, https:\/\/blogsaverroes.juntadeandalucia.es\/macade\/files\/2025\/09\/mini-redes-investiga-y-descubre-1024x724.jpg 1024w, https:\/\/blogsaverroes.juntadeandalucia.es\/macade\/files\/2025\/09\/mini-redes-investiga-y-descubre-768x543.jpg 768w, https:\/\/blogsaverroes.juntadeandalucia.es\/macade\/files\/2025\/09\/mini-redes-investiga-y-descubre-1536x1087.jpg 1536w, https:\/\/blogsaverroes.juntadeandalucia.es\/macade\/files\/2025\/09\/mini-redes-investiga-y-descubre-2048x1449.jpg 2048w\" sizes=\"(max-width: 2153px) 100vw, 2153px\" \/><\/a>\n<h4 class=\"pt-cv-title\"><a href=\"https:\/\/blogsaverroes.juntadeandalucia.es\/macade\/2025\/09\/14\/programa-investiga-y-descubre\/\" class=\"_self\" target=\"_self\" >PROGRAMA INVESTIGA Y DESCUBRE<\/a><\/h4>\n<div class=\"pt-cv-content\">PROGRAMA PARA LA AMPLIACI\u00d3N DE CONOCIMIENTOSResponsable: Mario Carrasco Delgado (ID). (Dpto. F\u00edsica y Qu\u00edmica)En colaboraci\u00f3n con los departamentos de Orientaci\u00f3n:IES ...<br \/><div class=\"pt-cv-rmwrap\"><a href=\"https:\/\/blogsaverroes.juntadeandalucia.es\/macade\/2025\/09\/14\/programa-investiga-y-descubre\/\" class=\"_self pt-cv-readmore btn btn-success\" target=\"_self\">Leer m\u00e1s<\/a><\/div><\/div><\/div><\/div>\n<div class=\"col-md-3 col-sm-6 col-xs-12 pt-cv-content-item pt-cv-1-col\" ><div class='pt-cv-ifield'><a href=\"https:\/\/blogsaverroes.juntadeandalucia.es\/macade\/2025\/09\/08\/practicas-de-empresa-ferboy\/\" class=\"_self pt-cv-href-thumbnail pt-cv-thumb-default\" target=\"_self\" ><img loading=\"lazy\" decoding=\"async\" width=\"2560\" height=\"1606\" src=\"https:\/\/blogsaverroes.juntadeandalucia.es\/macade\/files\/2025\/09\/Ferboy-AStihelium-scaled.jpg\" class=\"pt-cv-thumbnail\" alt=\"\" srcset=\"https:\/\/blogsaverroes.juntadeandalucia.es\/macade\/files\/2025\/09\/Ferboy-AStihelium-scaled.jpg 2560w, https:\/\/blogsaverroes.juntadeandalucia.es\/macade\/files\/2025\/09\/Ferboy-AStihelium-300x188.jpg 300w, https:\/\/blogsaverroes.juntadeandalucia.es\/macade\/files\/2025\/09\/Ferboy-AStihelium-1024x643.jpg 1024w, https:\/\/blogsaverroes.juntadeandalucia.es\/macade\/files\/2025\/09\/Ferboy-AStihelium-768x482.jpg 768w, https:\/\/blogsaverroes.juntadeandalucia.es\/macade\/files\/2025\/09\/Ferboy-AStihelium-1536x964.jpg 1536w, https:\/\/blogsaverroes.juntadeandalucia.es\/macade\/files\/2025\/09\/Ferboy-AStihelium-2048x1285.jpg 2048w\" sizes=\"(max-width: 2560px) 100vw, 2560px\" \/><\/a>\n<h4 class=\"pt-cv-title\"><a href=\"https:\/\/blogsaverroes.juntadeandalucia.es\/macade\/2025\/09\/08\/practicas-de-empresa-ferboy\/\" class=\"_self\" target=\"_self\" >Pr\u00e1cticas de empresa (FERBOY)<\/a><\/h4>\n<div class=\"pt-cv-content\">LABORATORIO DE AN\u00c1LISIS AGROALIMENTARIO https:\/\/www.youtube.com\/watch?v=7SqHpu_tOxALaboratorio Ferboy, es un centro de referencia en an\u00e1lisis qu\u00edmicos, f\u00edsicos y bacteriol\u00f3gicos. Si has terminado ...<br \/><div class=\"pt-cv-rmwrap\"><a href=\"https:\/\/blogsaverroes.juntadeandalucia.es\/macade\/2025\/09\/08\/practicas-de-empresa-ferboy\/\" class=\"_self pt-cv-readmore btn btn-success\" target=\"_self\">Leer m\u00e1s<\/a><\/div><\/div><\/div><\/div>\n<div class=\"col-md-3 col-sm-6 col-xs-12 pt-cv-content-item pt-cv-1-col\" ><div class='pt-cv-ifield'><a href=\"https:\/\/blogsaverroes.juntadeandalucia.es\/macade\/2025\/08\/02\/fibra-optica\/\" class=\"_self pt-cv-href-thumbnail pt-cv-thumb-default\" target=\"_self\" ><img loading=\"lazy\" decoding=\"async\" width=\"1199\" height=\"694\" src=\"https:\/\/blogsaverroes.juntadeandalucia.es\/macade\/files\/2025\/08\/PORTADADADAA.png\" class=\"pt-cv-thumbnail\" alt=\"\" srcset=\"https:\/\/blogsaverroes.juntadeandalucia.es\/macade\/files\/2025\/08\/PORTADADADAA.png 1199w, https:\/\/blogsaverroes.juntadeandalucia.es\/macade\/files\/2025\/08\/PORTADADADAA-300x174.png 300w, https:\/\/blogsaverroes.juntadeandalucia.es\/macade\/files\/2025\/08\/PORTADADADAA-1024x593.png 1024w, https:\/\/blogsaverroes.juntadeandalucia.es\/macade\/files\/2025\/08\/PORTADADADAA-768x445.png 768w\" sizes=\"(max-width: 1199px) 100vw, 1199px\" \/><\/a>\n<h4 class=\"pt-cv-title\"><a href=\"https:\/\/blogsaverroes.juntadeandalucia.es\/macade\/2025\/08\/02\/fibra-optica\/\" class=\"_self\" target=\"_self\" >Fibra \u00f3ptica<\/a><\/h4>\n<div class=\"pt-cv-content\">Fibra \u00f3ptica\u00a0INTRODUCCI\u00d3N.Vivimos en una era donde estar conectados de forma r\u00e1pida y continua es una necesidad. Internet, las videollamadas, el ...<br \/><div class=\"pt-cv-rmwrap\"><a href=\"https:\/\/blogsaverroes.juntadeandalucia.es\/macade\/2025\/08\/02\/fibra-optica\/\" class=\"_self pt-cv-readmore btn btn-success\" target=\"_self\">Leer m\u00e1s<\/a><\/div><\/div><\/div><\/div>\n<div class=\"col-md-3 col-sm-6 col-xs-12 pt-cv-content-item pt-cv-1-col\" ><div class='pt-cv-ifield'><a href=\"https:\/\/blogsaverroes.juntadeandalucia.es\/macade\/2025\/07\/31\/nanotecnologia-2025\/\" class=\"_self pt-cv-href-thumbnail pt-cv-thumb-default\" target=\"_self\" ><img loading=\"lazy\" decoding=\"async\" width=\"488\" height=\"343\" src=\"https:\/\/blogsaverroes.juntadeandalucia.es\/macade\/files\/2025\/07\/AAAAAAAAAAAAAAAAA.png\" class=\"pt-cv-thumbnail\" alt=\"\" srcset=\"https:\/\/blogsaverroes.juntadeandalucia.es\/macade\/files\/2025\/07\/AAAAAAAAAAAAAAAAA.png 488w, https:\/\/blogsaverroes.juntadeandalucia.es\/macade\/files\/2025\/07\/AAAAAAAAAAAAAAAAA-300x211.png 300w\" sizes=\"(max-width: 488px) 100vw, 488px\" \/><\/a>\n<h4 class=\"pt-cv-title\"><a href=\"https:\/\/blogsaverroes.juntadeandalucia.es\/macade\/2025\/07\/31\/nanotecnologia-2025\/\" class=\"_self\" target=\"_self\" >Nanotecnolog\u00eda y nanociencia<\/a><\/h4>\n<div class=\"pt-cv-content\">Nanociencia y nanotecnolog\u00eda.INTRODUCCI\u00d3N. Descubre mediante este video el fascinante universo del nanomundo, una dimensi\u00f3n invisible al ojo humano donde la ...<br \/><div class=\"pt-cv-rmwrap\"><a href=\"https:\/\/blogsaverroes.juntadeandalucia.es\/macade\/2025\/07\/31\/nanotecnologia-2025\/\" class=\"_self pt-cv-readmore btn btn-success\" target=\"_self\">Leer m\u00e1s<\/a><\/div><\/div><\/div><\/div>\n<div class=\"col-md-3 col-sm-6 col-xs-12 pt-cv-content-item pt-cv-1-col\" ><div class='pt-cv-ifield'><a href=\"https:\/\/blogsaverroes.juntadeandalucia.es\/macade\/2025\/07\/27\/tecnologia-led-cuantica\/\" class=\"_self pt-cv-href-thumbnail pt-cv-thumb-default\" target=\"_self\" ><img loading=\"lazy\" decoding=\"async\" width=\"2104\" height=\"1184\" src=\"https:\/\/blogsaverroes.juntadeandalucia.es\/macade\/files\/2025\/07\/mini-portada-led.png\" class=\"pt-cv-thumbnail\" alt=\"\" srcset=\"https:\/\/blogsaverroes.juntadeandalucia.es\/macade\/files\/2025\/07\/mini-portada-led.png 2104w, https:\/\/blogsaverroes.juntadeandalucia.es\/macade\/files\/2025\/07\/mini-portada-led-300x169.png 300w, https:\/\/blogsaverroes.juntadeandalucia.es\/macade\/files\/2025\/07\/mini-portada-led-1024x576.png 1024w, https:\/\/blogsaverroes.juntadeandalucia.es\/macade\/files\/2025\/07\/mini-portada-led-768x432.png 768w, https:\/\/blogsaverroes.juntadeandalucia.es\/macade\/files\/2025\/07\/mini-portada-led-1536x864.png 1536w, https:\/\/blogsaverroes.juntadeandalucia.es\/macade\/files\/2025\/07\/mini-portada-led-2048x1152.png 2048w\" sizes=\"(max-width: 2104px) 100vw, 2104px\" \/><\/a>\n<h4 class=\"pt-cv-title\"><a href=\"https:\/\/blogsaverroes.juntadeandalucia.es\/macade\/2025\/07\/27\/tecnologia-led-cuantica\/\" class=\"_self\" target=\"_self\" >Tecnolog\u00eda LED cu\u00e1ntica.<\/a><\/h4>\n<div class=\"pt-cv-content\">TECNOLOG\u00cdA LED CU\u00c1NTICA. NOBEL DE F\u00cdSICA 20141.1 INTRODUCCI\u00d3N.Akasaki, Amano y Nakamura fueron galardonados con el Premio Nobel de F\u00edsica 2014 ...<br \/><div class=\"pt-cv-rmwrap\"><a href=\"https:\/\/blogsaverroes.juntadeandalucia.es\/macade\/2025\/07\/27\/tecnologia-led-cuantica\/\" class=\"_self pt-cv-readmore btn btn-success\" target=\"_self\">Leer m\u00e1s<\/a><\/div><\/div><\/div><\/div>\n<div class=\"col-md-3 col-sm-6 col-xs-12 pt-cv-content-item pt-cv-1-col\" ><div class='pt-cv-ifield'><a href=\"https:\/\/blogsaverroes.juntadeandalucia.es\/macade\/2025\/07\/15\/educa-abanca-nominado-al-mejor-docente-de-espana\/\" class=\"_self pt-cv-href-thumbnail pt-cv-thumb-default\" target=\"_self\" ><img loading=\"lazy\" decoding=\"async\" width=\"1641\" height=\"1090\" src=\"https:\/\/blogsaverroes.juntadeandalucia.es\/macade\/files\/2025\/06\/FOTO-WEB-EDUCA-MINI.png\" class=\"pt-cv-thumbnail\" alt=\"\" srcset=\"https:\/\/blogsaverroes.juntadeandalucia.es\/macade\/files\/2025\/06\/FOTO-WEB-EDUCA-MINI.png 1641w, https:\/\/blogsaverroes.juntadeandalucia.es\/macade\/files\/2025\/06\/FOTO-WEB-EDUCA-MINI-300x199.png 300w, https:\/\/blogsaverroes.juntadeandalucia.es\/macade\/files\/2025\/06\/FOTO-WEB-EDUCA-MINI-1024x680.png 1024w, https:\/\/blogsaverroes.juntadeandalucia.es\/macade\/files\/2025\/06\/FOTO-WEB-EDUCA-MINI-768x510.png 768w, https:\/\/blogsaverroes.juntadeandalucia.es\/macade\/files\/2025\/06\/FOTO-WEB-EDUCA-MINI-1536x1020.png 1536w\" sizes=\"(max-width: 1641px) 100vw, 1641px\" \/><\/a>\n<h4 class=\"pt-cv-title\"><a href=\"https:\/\/blogsaverroes.juntadeandalucia.es\/macade\/2025\/07\/15\/educa-abanca-nominado-al-mejor-docente-de-espana\/\" class=\"_self\" target=\"_self\" >EDUCA ABANCA. NOMINADO al MEJOR DOCENTE DE ESPA\u00d1A<\/a><\/h4>\n<div class=\"pt-cv-content\">Es una satisfacci\u00f3n y un orgullo comunicar a toda nuestra comunidad educativa del IES San Fulgencio la nominaci\u00f3n del profesor ...<br \/><div class=\"pt-cv-rmwrap\"><a href=\"https:\/\/blogsaverroes.juntadeandalucia.es\/macade\/2025\/07\/15\/educa-abanca-nominado-al-mejor-docente-de-espana\/\" class=\"_self pt-cv-readmore btn btn-success\" target=\"_self\">Leer m\u00e1s<\/a><\/div><\/div><\/div><\/div>\n<div class=\"col-md-3 col-sm-6 col-xs-12 pt-cv-content-item pt-cv-1-col\" ><div class='pt-cv-ifield'><a href=\"https:\/\/blogsaverroes.juntadeandalucia.es\/macade\/2025\/07\/02\/premio-a-la-labor-educativa\/\" class=\"_self pt-cv-href-thumbnail pt-cv-thumb-default\" target=\"_self\" ><img loading=\"lazy\" decoding=\"async\" width=\"3399\" height=\"3319\" src=\"https:\/\/blogsaverroes.juntadeandalucia.es\/macade\/files\/2025\/06\/Premio-Cuantica-RSEQ.png\" class=\"pt-cv-thumbnail\" alt=\"\" srcset=\"https:\/\/blogsaverroes.juntadeandalucia.es\/macade\/files\/2025\/06\/Premio-Cuantica-RSEQ.png 3399w, https:\/\/blogsaverroes.juntadeandalucia.es\/macade\/files\/2025\/06\/Premio-Cuantica-RSEQ-300x293.png 300w, https:\/\/blogsaverroes.juntadeandalucia.es\/macade\/files\/2025\/06\/Premio-Cuantica-RSEQ-1024x1000.png 1024w, https:\/\/blogsaverroes.juntadeandalucia.es\/macade\/files\/2025\/06\/Premio-Cuantica-RSEQ-768x750.png 768w, https:\/\/blogsaverroes.juntadeandalucia.es\/macade\/files\/2025\/06\/Premio-Cuantica-RSEQ-1536x1500.png 1536w, https:\/\/blogsaverroes.juntadeandalucia.es\/macade\/files\/2025\/06\/Premio-Cuantica-RSEQ-2048x2000.png 2048w\" sizes=\"(max-width: 3399px) 100vw, 3399px\" \/><\/a>\n<h4 class=\"pt-cv-title\"><a href=\"https:\/\/blogsaverroes.juntadeandalucia.es\/macade\/2025\/07\/02\/premio-a-la-labor-educativa\/\" class=\"_self\" target=\"_self\" >PREMIO A LA LABOR EDUCATIVA (CU\u00c1NTICA)<\/a><\/h4>\n<div class=\"pt-cv-content\">F\u00cdSICA Y QU\u00cdMICA PARA EL CONOCIEMIENTO DE LA CIENCIA Y LA TECNOLOG\u00cdA CU\u00c1NTICAS. https:\/\/youtu.be\/dxFoEDyJG-QHoy tenemos una noticia que nos llena ...<br \/><div class=\"pt-cv-rmwrap\"><a href=\"https:\/\/blogsaverroes.juntadeandalucia.es\/macade\/2025\/07\/02\/premio-a-la-labor-educativa\/\" class=\"_self pt-cv-readmore btn btn-success\" target=\"_self\">Leer m\u00e1s<\/a><\/div><\/div><\/div><\/div><\/div><\/div>\n<div class=\" pt-cv-pagination-wrapper\"><ul class=\"pt-cv-pagination pt-cv-ajax pagination\" data-totalpages=\"4\" data-currentpage=\"1\" data-sid=\"22c9b99adj\" data-unid=\"\" data-isblock=\"\" data-postid=\"\"><li class=\"active\"><a href=\"#\">1<\/a><\/li>\n\t<li ><a class=\"\" href=\"https:\/\/blogsaverroes.juntadeandalucia.es\/macade\/wp-json\/wp\/v2\/pages\/13409\/?_page=2\">2<\/a><\/li>\n\t<li ><a class=\"\" href=\"https:\/\/blogsaverroes.juntadeandalucia.es\/macade\/wp-json\/wp\/v2\/pages\/13409\/?_page=3\">3<\/a><\/li>\n\t<li ><a class=\"\" href=\"https:\/\/blogsaverroes.juntadeandalucia.es\/macade\/wp-json\/wp\/v2\/pages\/13409\/?_page=4\">4<\/a><\/li>\n\t<li ><a class=\" \" href=\"https:\/\/blogsaverroes.juntadeandalucia.es\/macade\/wp-json\/wp\/v2\/pages\/13409\/?_page=2\">&rsaquo;<\/a><\/li>\n\t<\/ul><img loading=\"lazy\" decoding=\"async\" width=\"15\" height=\"15\" class=\"pt-cv-spinner\" alt=\"Cargando...\" src=\"data:image\/gif;base64,R0lGODlhDwAPALMPAMrKygwMDJOTkz09PZWVla+vr3p6euTk5M7OzuXl5TMzMwAAAJmZmWZmZszMzP\/\/\/yH\/C05FVFNDQVBFMi4wAwEAAAAh+QQFCgAPACwAAAAADwAPAAAEQvDJaZaZOIcV8iQK8VRX4iTYoAwZ4iCYoAjZ4RxejhVNoT+mRGP4cyF4Pp0N98sBGIBMEMOotl6YZ3S61Bmbkm4mAgAh+QQFCgAPACwAAAAADQANAAAENPDJSRSZeA418itN8QiK8BiLITVsFiyBBIoYqnoewAD4xPw9iY4XLGYSjkQR4UAUD45DLwIAIfkEBQoADwAsAAAAAA8ACQAABC\/wyVlamTi3nSdgwFNdhEJgTJoNyoB9ISYoQmdjiZPcj7EYCAeCF1gEDo4Dz2eIAAAh+QQFCgAPACwCAAAADQANAAAEM\/DJBxiYeLKdX3IJZT1FU0iIg2RNKx3OkZVnZ98ToRD4MyiDnkAh6BkNC0MvsAj0kMpHBAAh+QQFCgAPACwGAAAACQAPAAAEMDC59KpFDll73HkAA2wVY5KgiK5b0RRoI6MuzG6EQqCDMlSGheEhUAgqgUUAFRySIgAh+QQFCgAPACwCAAIADQANAAAEM\/DJKZNLND\/kkKaHc3xk+QAMYDKsiaqmZCxGVjSFFCxB1vwy2oOgIDxuucxAMTAJFAJNBAAh+QQFCgAPACwAAAYADwAJAAAEMNAs86q1yaWwwv2Ig0jUZx3OYa4XoRAfwADXoAwfo1+CIjyFRuEho60aSNYlOPxEAAAh+QQFCgAPACwAAAIADQANAAAENPA9s4y8+IUVcqaWJ4qEQozSoAzoIyhCK2NFU2SJk0hNnyEOhKR2AzAAj4Pj4GE4W0bkJQIAOw==\" \/><div class=\"clear pt-cv-clear-pagination\"><\/div><\/div><\/div><\/div>\n\t\t\t\t\t\t<\/div>\n\t\t\t\t<\/div>\n\t\t\t\t\t<\/div>\n\t\t<\/div>\n\t\t\t\t\t<\/div>\n\t\t<\/section>\n\t\t\t\t<section class=\"elementor-section elementor-top-section elementor-element elementor-element-5f6571e elementor-section-full_width elementor-section-height-default elementor-section-height-default\" data-id=\"5f6571e\" data-element_type=\"section\">\n\t\t\t\t\t\t<div class=\"elementor-container elementor-column-gap-default\">\n\t\t\t\t\t<div class=\"elementor-column elementor-col-100 elementor-top-column elementor-element elementor-element-06156e5\" data-id=\"06156e5\" data-element_type=\"column\">\n\t\t\t<div class=\"elementor-widget-wrap elementor-element-populated\">\n\t\t\t\t\t\t<div class=\"elementor-element elementor-element-9b4ad0f elementor-widget-divider--view-line elementor-widget elementor-widget-divider\" data-id=\"9b4ad0f\" data-element_type=\"widget\" data-widget_type=\"divider.default\">\n\t\t\t\t<div class=\"elementor-widget-container\">\n\t\t\t\t\t\t\t<div class=\"elementor-divider\">\n\t\t\t<span class=\"elementor-divider-separator\">\n\t\t\t\t\t\t<\/span>\n\t\t<\/div>\n\t\t\t\t\t\t<\/div>\n\t\t\t\t<\/div>\n\t\t\t\t\t<\/div>\n\t\t<\/div>\n\t\t\t\t\t<\/div>\n\t\t<\/section>\n\t\t\t\t<\/div>\n\t\t","protected":false},"excerpt":{"rendered":"<p>PUBLICACIONES DE INTER\u00c9S<\/p>\n","protected":false},"author":10494,"featured_media":0,"parent":0,"menu_order":0,"comment_status":"closed","ping_status":"closed","template":"","meta":{"ngg_post_thumbnail":0,"footnotes":""},"aioseo_notices":[],"post_mailing_queue_ids":[],"_links":{"self":[{"href":"https:\/\/blogsaverroes.juntadeandalucia.es\/macade\/wp-json\/wp\/v2\/pages\/13409"}],"collection":[{"href":"https:\/\/blogsaverroes.juntadeandalucia.es\/macade\/wp-json\/wp\/v2\/pages"}],"about":[{"href":"https:\/\/blogsaverroes.juntadeandalucia.es\/macade\/wp-json\/wp\/v2\/types\/page"}],"author":[{"embeddable":true,"href":"https:\/\/blogsaverroes.juntadeandalucia.es\/macade\/wp-json\/wp\/v2\/users\/10494"}],"replies":[{"embeddable":true,"href":"https:\/\/blogsaverroes.juntadeandalucia.es\/macade\/wp-json\/wp\/v2\/comments?post=13409"}],"version-history":[{"count":77,"href":"https:\/\/blogsaverroes.juntadeandalucia.es\/macade\/wp-json\/wp\/v2\/pages\/13409\/revisions"}],"predecessor-version":[{"id":16233,"href":"https:\/\/blogsaverroes.juntadeandalucia.es\/macade\/wp-json\/wp\/v2\/pages\/13409\/revisions\/16233"}],"wp:attachment":[{"href":"https:\/\/blogsaverroes.juntadeandalucia.es\/macade\/wp-json\/wp\/v2\/media?parent=13409"}],"curies":[{"name":"wp","href":"https:\/\/api.w.org\/{rel}","templated":true}]}}