{"id":252,"date":"2021-08-30T15:21:28","date_gmt":"2021-08-30T15:21:28","guid":{"rendered":"https:\/\/blogsaverroes.juntadeandalucia.es\/macade\/?page_id=252"},"modified":"2025-09-12T14:13:35","modified_gmt":"2025-09-12T14:13:35","slug":"olimpiadas-fyq","status":"publish","type":"page","link":"https:\/\/blogsaverroes.juntadeandalucia.es\/macade\/olimpiadas-fyq\/","title":{"rendered":"OLIMPIADAS"},"content":{"rendered":"\t\t<div data-elementor-type=\"wp-page\" data-elementor-id=\"252\" class=\"elementor elementor-252\">\n\t\t\t\t\t\t<section class=\"elementor-section elementor-top-section elementor-element elementor-element-93a6259 elementor-section-full_width elementor-section-height-default elementor-section-height-default\" data-id=\"93a6259\" data-element_type=\"section\">\n\t\t\t\t\t\t\t<div class=\"elementor-background-overlay\"><\/div>\n\t\t\t\t\t\t\t<div class=\"elementor-container elementor-column-gap-default\">\n\t\t\t\t\t<div class=\"elementor-column elementor-col-100 elementor-top-column elementor-element elementor-element-c6cbc5d\" data-id=\"c6cbc5d\" data-element_type=\"column\">\n\t\t\t<div class=\"elementor-widget-wrap elementor-element-populated\">\n\t\t\t\t\t\t<div class=\"elementor-element elementor-element-f6e9846 elementor-align-center elementor-widget elementor-widget-button\" data-id=\"f6e9846\" data-element_type=\"widget\" data-widget_type=\"button.default\">\n\t\t\t\t<div class=\"elementor-widget-container\">\n\t\t\t\t\t\t\t\t\t<div class=\"elementor-button-wrapper\">\n\t\t\t\t\t<a class=\"elementor-button elementor-button-link elementor-size-lg\" href=\"#\">\n\t\t\t\t\t\t<span class=\"elementor-button-content-wrapper\">\n\t\t\t\t\t\t\t\t\t<span class=\"elementor-button-text\">OLIMPIADAS F\u00cdSICA-QU\u00cdMICA<\/span>\n\t\t\t\t\t<\/span>\n\t\t\t\t\t<\/a>\n\t\t\t\t<\/div>\n\t\t\t\t\t\t\t\t<\/div>\n\t\t\t\t<\/div>\n\t\t\t\t\t<\/div>\n\t\t<\/div>\n\t\t\t\t\t<\/div>\n\t\t<\/section>\n\t\t\t\t<section class=\"elementor-section elementor-top-section elementor-element elementor-element-90cea38 elementor-section-full_width elementor-section-height-default elementor-section-height-default\" data-id=\"90cea38\" data-element_type=\"section\" data-settings=\"{&quot;background_background&quot;:&quot;classic&quot;}\">\n\t\t\t\t\t\t\t<div class=\"elementor-background-overlay\"><\/div>\n\t\t\t\t\t\t\t<div class=\"elementor-container elementor-column-gap-default\">\n\t\t\t\t\t<div class=\"elementor-column elementor-col-25 elementor-top-column elementor-element elementor-element-26fc328\" data-id=\"26fc328\" data-element_type=\"column\">\n\t\t\t<div class=\"elementor-widget-wrap elementor-element-populated\">\n\t\t\t\t\t\t<div class=\"elementor-element elementor-element-6069e54 elementor-widget elementor-widget-heading\" data-id=\"6069e54\" data-element_type=\"widget\" data-widget_type=\"heading.default\">\n\t\t\t\t<div class=\"elementor-widget-container\">\n\t\t\t\t\t<h4 class=\"elementor-heading-title elementor-size-default\">CONTENIDO<\/h4>\t\t\t\t<\/div>\n\t\t\t\t<\/div>\n\t\t\t\t\t<\/div>\n\t\t<\/div>\n\t\t\t\t<div class=\"elementor-column elementor-col-25 elementor-top-column elementor-element elementor-element-f04d387\" data-id=\"f04d387\" data-element_type=\"column\">\n\t\t\t<div class=\"elementor-widget-wrap\">\n\t\t\t\t\t\t\t<\/div>\n\t\t<\/div>\n\t\t\t\t<div class=\"elementor-column elementor-col-25 elementor-top-column elementor-element elementor-element-aa8ac7a\" data-id=\"aa8ac7a\" data-element_type=\"column\">\n\t\t\t<div class=\"elementor-widget-wrap\">\n\t\t\t\t\t\t\t<\/div>\n\t\t<\/div>\n\t\t\t\t<div class=\"elementor-column elementor-col-25 elementor-top-column elementor-element elementor-element-fa37b46\" data-id=\"fa37b46\" data-element_type=\"column\">\n\t\t\t<div class=\"elementor-widget-wrap\">\n\t\t\t\t\t\t\t<\/div>\n\t\t<\/div>\n\t\t\t\t\t<\/div>\n\t\t<\/section>\n\t\t\t\t<section class=\"elementor-section elementor-top-section elementor-element elementor-element-5edf933 elementor-section-boxed elementor-section-height-default elementor-section-height-default\" data-id=\"5edf933\" data-element_type=\"section\" data-settings=\"{&quot;background_background&quot;:&quot;classic&quot;}\">\n\t\t\t\t\t\t<div class=\"elementor-container elementor-column-gap-default\">\n\t\t\t\t\t<div class=\"elementor-column elementor-col-50 elementor-top-column elementor-element elementor-element-d200fb4\" data-id=\"d200fb4\" data-element_type=\"column\">\n\t\t\t<div class=\"elementor-widget-wrap elementor-element-populated\">\n\t\t\t\t\t\t<div class=\"elementor-element elementor-element-bbc98cd elementor-widget elementor-widget-toggle\" data-id=\"bbc98cd\" data-element_type=\"widget\" data-widget_type=\"toggle.default\">\n\t\t\t\t<div class=\"elementor-widget-container\">\n\t\t\t\t\t\t\t<div class=\"elementor-toggle\">\n\t\t\t\t\t\t\t<div class=\"elementor-toggle-item\">\n\t\t\t\t\t<div id=\"elementor-tab-title-1961\" class=\"elementor-tab-title\" data-tab=\"1\" role=\"button\" aria-controls=\"elementor-tab-content-1961\" aria-expanded=\"false\">\n\t\t\t\t\t\t\t\t\t\t\t\t<span class=\"elementor-toggle-icon elementor-toggle-icon-left\" aria-hidden=\"true\">\n\t\t\t\t\t\t\t\t\t\t\t\t\t\t\t<span class=\"elementor-toggle-icon-closed\"><i class=\"fas fa-caret-right\"><\/i><\/span>\n\t\t\t\t\t\t\t\t<span class=\"elementor-toggle-icon-opened\"><i class=\"elementor-toggle-icon-opened fas fa-caret-up\"><\/i><\/span>\n\t\t\t\t\t\t\t\t\t\t\t\t\t<\/span>\n\t\t\t\t\t\t\t\t\t\t\t\t<a class=\"elementor-toggle-title\" tabindex=\"0\">OLIMPIADAS DE QU\u00cdMICA<\/a>\n\t\t\t\t\t<\/div>\n\n\t\t\t\t\t<div id=\"elementor-tab-content-1961\" class=\"elementor-tab-content elementor-clearfix\" data-tab=\"1\" role=\"region\" aria-labelledby=\"elementor-tab-title-1961\"><p style=\"text-align: justify\"><img decoding=\"async\" class=\"alignright\" title=\"olimpiadas_logo\" src=\"https:\/\/rseq.org\/wp-content\/uploads\/2020\/02\/olimpiadas_logo.png\" alt=\"\" width=\"133\" height=\"133\" \/>Las <span style=\"color: #333333;font-size: 14pt\"><strong>Olimpiadas de Qu\u00edmica<\/strong> <\/span>tienen como objetivo estimular a los estudiantes a buscar la excelencia en el \u00e1rea de la ciencia y promover la relaci\u00f3n entre estudiantes, profesores y cient\u00edficos de distintas partes del mundo. Pueden participan todos los centros de secundaria, p\u00fablicos y privados, que lo deseen a trav\u00e9s de Coordinadores de pruebas de acceso a la universidad.<\/p><p><span style=\"font-size: 14pt;color: #800000\"><strong>Olimpiada Espa\u00f1ola de Qu\u00edmica<\/strong><\/span><\/p><ul><li><a href=\"https:\/\/rseq.org\/wp-content\/uploads\/2024\/04\/medallero_ONQ2024_v1.pdf\" target=\"_blank\" rel=\"noopener\">Cuadro de honor<\/a> de 2024.<\/li><li><a href=\"https:\/\/rseq.org\/wp-content\/uploads\/2024\/02\/Temario-para-la-Olimpiada-Espanola-de-Quimica-2024.pdf\" target=\"_blank\" rel=\"noopener\">Temario <\/a>de la OEQ.<\/li><li><a href=\"https:\/\/rseq.org\/olimpiadas-de-quimica\/estatutos-de-la-olimpiada-espanola-de-quimica\/\">Estatutos<\/a> de la OEQ y <a href=\"https:\/\/rseq.org\/wp-content\/uploads\/2024\/03\/normas_especificas_-XXXVII_OEQ.pdf\" target=\"_blank\" rel=\"noopener\">normas espec\u00edficas<\/a>.<\/li><li>Accede a las <a href=\"https:\/\/rseq.org\/olimpiadas-de-quimica\/olimpiada-nacional-de-quimica-historico\/\">ediciones anteriores<\/a>\u00a0de la OEQ.<\/li><\/ul><\/div>\n\t\t\t\t<\/div>\n\t\t\t\t\t\t\t<div class=\"elementor-toggle-item\">\n\t\t\t\t\t<div id=\"elementor-tab-title-1962\" class=\"elementor-tab-title\" data-tab=\"2\" role=\"button\" aria-controls=\"elementor-tab-content-1962\" aria-expanded=\"false\">\n\t\t\t\t\t\t\t\t\t\t\t\t<span class=\"elementor-toggle-icon elementor-toggle-icon-left\" aria-hidden=\"true\">\n\t\t\t\t\t\t\t\t\t\t\t\t\t\t\t<span class=\"elementor-toggle-icon-closed\"><i class=\"fas fa-caret-right\"><\/i><\/span>\n\t\t\t\t\t\t\t\t<span class=\"elementor-toggle-icon-opened\"><i class=\"elementor-toggle-icon-opened fas fa-caret-up\"><\/i><\/span>\n\t\t\t\t\t\t\t\t\t\t\t\t\t<\/span>\n\t\t\t\t\t\t\t\t\t\t\t\t<a class=\"elementor-toggle-title\" tabindex=\"0\">OLIMPIADAS DE F\u00cdSICA<\/a>\n\t\t\t\t\t<\/div>\n\n\t\t\t\t\t<div id=\"elementor-tab-content-1962\" class=\"elementor-tab-content elementor-clearfix\" data-tab=\"2\" role=\"region\" aria-labelledby=\"elementor-tab-title-1962\"><p style=\"text-align: justify\"><img decoding=\"async\" class=\"wp-image-5073 alignright\" src=\"https:\/\/blogsaverroes.juntadeandalucia.es\/macade\/files\/2022\/11\/Logo_2_oef.png\" alt=\"\" width=\"138\" height=\"136\" srcset=\"https:\/\/blogsaverroes.juntadeandalucia.es\/macade\/files\/2022\/11\/Logo_2_oef.png 216w, https:\/\/blogsaverroes.juntadeandalucia.es\/macade\/files\/2022\/11\/Logo_2_oef-24x24.png 24w, https:\/\/blogsaverroes.juntadeandalucia.es\/macade\/files\/2022\/11\/Logo_2_oef-36x36.png 36w, https:\/\/blogsaverroes.juntadeandalucia.es\/macade\/files\/2022\/11\/Logo_2_oef-48x48.png 48w\" sizes=\"(max-width: 138px) 100vw, 138px\" \/>La Olimpiada Espa\u00f1ola de F\u00edsica viene celebr\u00e1ndose desde 1989. En ella participan estudiantes de 1\u00ba o 2\u00ba de Bachillerato. Su objetivo es estimular el desarrollo de contactos nacionales e internacionales en el campo de la ense\u00f1anza de la F\u00edsica en reconocimiento de la importancia creciente de la F\u00edsica en todos los aspectos de la Ciencia y la Tecnolog\u00eda y en la formaci\u00f3n integral de los j\u00f3venes.<\/p><p style=\"text-align: justify\">La Real Sociedad Espa\u00f1ola de F\u00edsica ha sido designada por el Ministerio de Educaci\u00f3n, Cultura y Deporte para organizar las Olimpiadas Nacionales, con el patrocinio del Centro Nacional de Innovaci\u00f3n e Investigaci\u00f3n Educativa.<\/p><p><span style=\"font-size: 14pt;color: #800000\"><strong>Olimpiada Espa\u00f1ola de F\u00edsica.<br \/><\/strong><\/span><\/p><ul><li><a href=\"https:\/\/rsef.es\/medallero-de-la-oef\" target=\"_blank\" rel=\"noopener\">Medallero y Menciones de Honor<\/a><\/li><li><a href=\"https:\/\/rsef.es\/temario-de-las-olimpiadas\" target=\"_blank\" rel=\"noopener\">Temario<\/a> de la OEF.<\/li><li><a href=\"https:\/\/rsef.es\/estatutos-de-las-olimpiadas\" target=\"_blank\" rel=\"noopener\">Estatutos<\/a> de la OEF.<\/li><li>Accede a las <a href=\"https:\/\/rsef.es\/problemas-de-la-oef\" target=\"_blank\" rel=\"noopener\">ediciones anteriores<\/a> de la OEF.<\/li><\/ul><\/div>\n\t\t\t\t<\/div>\n\t\t\t\t\t\t\t<div class=\"elementor-toggle-item\">\n\t\t\t\t\t<div id=\"elementor-tab-title-1963\" class=\"elementor-tab-title\" data-tab=\"3\" role=\"button\" aria-controls=\"elementor-tab-content-1963\" aria-expanded=\"false\">\n\t\t\t\t\t\t\t\t\t\t\t\t<span class=\"elementor-toggle-icon elementor-toggle-icon-left\" aria-hidden=\"true\">\n\t\t\t\t\t\t\t\t\t\t\t\t\t\t\t<span class=\"elementor-toggle-icon-closed\"><i class=\"fas fa-caret-right\"><\/i><\/span>\n\t\t\t\t\t\t\t\t<span class=\"elementor-toggle-icon-opened\"><i class=\"elementor-toggle-icon-opened fas fa-caret-up\"><\/i><\/span>\n\t\t\t\t\t\t\t\t\t\t\t\t\t<\/span>\n\t\t\t\t\t\t\t\t\t\t\t\t<a class=\"elementor-toggle-title\" tabindex=\"0\">FASES DE LAS OLIMPIADAS<\/a>\n\t\t\t\t\t<\/div>\n\n\t\t\t\t\t<div id=\"elementor-tab-content-1963\" class=\"elementor-tab-content elementor-clearfix\" data-tab=\"3\" role=\"region\" aria-labelledby=\"elementor-tab-title-1963\"><p style=\"text-align: justify\"><strong>FASES<br \/><\/strong><\/p><p style=\"text-align: justify\">Las pruebas tienen tres fases: la de distrito universitario, denominada OLIMPIADA LOCAL, la FASE NACIONAL y las FASES INTERNACIONALES.<\/p><p style=\"text-align: justify\">Para concursar en la Fase Nacional, los estudiantes deber\u00e1n participar previamente en las Olimpiadas Locales. Para ello, la Real Sociedad Espa\u00f1ola de Qu\u00edmica y de F\u00edsica delegan en cada distrito universitario a trav\u00e9s de los coordinadores de Qu\u00edmica y de F\u00edsica de la Universidad, la selecci\u00f3n de aquellos alumnos que participar\u00e1n en la Fase Nacional. En cada distrito universitario (Fase Local) se seleccionar\u00e1n un m\u00e1ximo de tres estudiantes, los cuales concursar\u00e1n posteriormente en la Fase Nacional.<\/p><p style=\"text-align: justify\">En la FASE NACIONAL se seleccionar\u00e1n a los nueve primeros clasificados. Del 1\u00ba al 5\u00ba participar\u00e1n en la OLIMPIADA INTERNACIONAL y los cuatro restantes lo har\u00e1n en la OLIMPIADA IBEROAMERICANA.<\/p><\/div>\n\t\t\t\t<\/div>\n\t\t\t\t\t\t\t<div class=\"elementor-toggle-item\">\n\t\t\t\t\t<div id=\"elementor-tab-title-1964\" class=\"elementor-tab-title\" data-tab=\"4\" role=\"button\" aria-controls=\"elementor-tab-content-1964\" aria-expanded=\"false\">\n\t\t\t\t\t\t\t\t\t\t\t\t<span class=\"elementor-toggle-icon elementor-toggle-icon-left\" aria-hidden=\"true\">\n\t\t\t\t\t\t\t\t\t\t\t\t\t\t\t<span class=\"elementor-toggle-icon-closed\"><i class=\"fas fa-caret-right\"><\/i><\/span>\n\t\t\t\t\t\t\t\t<span class=\"elementor-toggle-icon-opened\"><i class=\"elementor-toggle-icon-opened fas fa-caret-up\"><\/i><\/span>\n\t\t\t\t\t\t\t\t\t\t\t\t\t<\/span>\n\t\t\t\t\t\t\t\t\t\t\t\t<a class=\"elementor-toggle-title\" tabindex=\"0\">FASE NACIONAL<\/a>\n\t\t\t\t\t<\/div>\n\n\t\t\t\t\t<div id=\"elementor-tab-content-1964\" class=\"elementor-tab-content elementor-clearfix\" data-tab=\"4\" role=\"region\" aria-labelledby=\"elementor-tab-title-1964\"><p><span style=\"font-size: 16pt;color: #0000ff\"><strong>QU\u00cdMICA<\/strong><\/span><\/p><p><span style=\"color: #333333\"><strong>FASE NACIONAL OEQ (OLIMPIADAS ESPA\u00d1OLAS DE QU\u00cdMICA)<\/strong><\/span><\/p><p>PRIMERA PRUEBA: 48 CUESTIONES (40% de la puntuaci\u00f3n)<\/p><p>SEGUNDA PRUEBA: 3 PROBLEMAS (60% de la puntuaci\u00f3n)<\/p><p>&#8230;&#8230;&#8230;&#8230;&#8230;&#8230;&#8230;&#8230;&#8230;&#8230;&#8230;&#8230;.<\/p><p><strong>Fecha: por determinar<\/strong><\/p><p><strong>Accede a las <a href=\"https:\/\/rseq.org\/olimpiadas-de-quimica\/olimpiada-nacional-de-quimica-historico\/\" target=\"_blank\" rel=\"noopener\" data-wplink-url-error=\"true\">ediciones anteriores<\/a> (cuestiones y problemas).<\/strong><\/p><p><span style=\"font-size: 16pt;color: #ff6600\"><strong>F\u00cdSICA<\/strong><\/span><\/p><p><span style=\"color: #333333\"><strong>FASE NACIONAL OEF (OLIMPIADAS ESPA\u00d1OLAS DE F\u00cdSICA)<\/strong><\/span><\/p><p>PROBLEMA 1.<\/p><p>PROBLEMA 2.<\/p><p>PARTE EXPERIMENTAL.<\/p><p>&#8230;&#8230;&#8230;&#8230;&#8230;&#8230;&#8230;&#8230;&#8230;&#8230;&#8230;&#8230;.<\/p><p><strong>Accede a las <a href=\"https:\/\/rsef.es\/problemas-de-la-oef\" target=\"_blank\" rel=\"noopener\" data-wplink-url-error=\"true\">ediciones anteriores<\/a> (problemas y experimentaci\u00f3n).<\/strong><\/p><\/div>\n\t\t\t\t<\/div>\n\t\t\t\t\t\t\t\t<\/div>\n\t\t\t\t\t\t<\/div>\n\t\t\t\t<\/div>\n\t\t\t\t\t<\/div>\n\t\t<\/div>\n\t\t\t\t<div class=\"elementor-column elementor-col-50 elementor-top-column elementor-element elementor-element-4f15675\" data-id=\"4f15675\" data-element_type=\"column\">\n\t\t\t<div class=\"elementor-widget-wrap elementor-element-populated\">\n\t\t\t\t\t\t<div class=\"elementor-element elementor-element-4376b46 elementor-widget elementor-widget-toggle\" data-id=\"4376b46\" data-element_type=\"widget\" data-settings=\"{&quot;_animation&quot;:&quot;none&quot;}\" data-widget_type=\"toggle.default\">\n\t\t\t\t<div class=\"elementor-widget-container\">\n\t\t\t\t\t\t\t<div class=\"elementor-toggle\">\n\t\t\t\t\t\t\t<div class=\"elementor-toggle-item\">\n\t\t\t\t\t<div id=\"elementor-tab-title-7071\" class=\"elementor-tab-title\" data-tab=\"1\" role=\"button\" aria-controls=\"elementor-tab-content-7071\" aria-expanded=\"false\">\n\t\t\t\t\t\t\t\t\t\t\t\t<span class=\"elementor-toggle-icon elementor-toggle-icon-left\" aria-hidden=\"true\">\n\t\t\t\t\t\t\t\t\t\t\t\t\t\t\t<span class=\"elementor-toggle-icon-closed\"><i class=\"fas fa-caret-right\"><\/i><\/span>\n\t\t\t\t\t\t\t\t<span class=\"elementor-toggle-icon-opened\"><i class=\"elementor-toggle-icon-opened fas fa-caret-up\"><\/i><\/span>\n\t\t\t\t\t\t\t\t\t\t\t\t\t<\/span>\n\t\t\t\t\t\t\t\t\t\t\t\t<a class=\"elementor-toggle-title\" tabindex=\"0\">FASE LOCAL.<\/a>\n\t\t\t\t\t<\/div>\n\n\t\t\t\t\t<div id=\"elementor-tab-content-7071\" class=\"elementor-tab-content elementor-clearfix\" data-tab=\"1\" role=\"region\" aria-labelledby=\"elementor-tab-title-7071\"><p><span style=\"color: #0000ff;font-size: 14pt\"><strong>QU\u00cdMICA. FASE LOCAL<\/strong><\/span><\/p><p><strong><span id=\"page27R_mcid8\" class=\"markedContent\"><span dir=\"ltr\" role=\"presentation\"> <a href=\"https:\/\/cat.us.es\/orientacion\/olimpiadas-del-conocimiento\/olimpiada-de-quimica-2024\" target=\"_blank\" rel=\"noopener\"><img decoding=\"async\" class=\"alignleft wp-image-7935\" src=\"https:\/\/blogsaverroes.juntadeandalucia.es\/macade\/files\/2022\/12\/icon-libro.png\" alt=\"\" width=\"20\" height=\"20\" srcset=\"https:\/\/blogsaverroes.juntadeandalucia.es\/macade\/files\/2022\/12\/icon-libro.png 106w, https:\/\/blogsaverroes.juntadeandalucia.es\/macade\/files\/2022\/12\/icon-libro-24x24.png 24w, https:\/\/blogsaverroes.juntadeandalucia.es\/macade\/files\/2022\/12\/icon-libro-36x36.png 36w, https:\/\/blogsaverroes.juntadeandalucia.es\/macade\/files\/2022\/12\/icon-libro-48x48.png 48w\" sizes=\"(max-width: 20px) 100vw, 20px\" \/><\/a>FORMATO Y TEMARIO DE LA PRUEBA <\/span><\/span><\/strong><\/p><p><span id=\"page27R_mcid10\" class=\"markedContent\"><span dir=\"ltr\" role=\"presentation\">La prueba<\/span> <span dir=\"ltr\" role=\"presentation\">constar\u00e1 de 3 ejercicios cuya naturaleza y duraci\u00f3n es la que sigue:<\/span><\/span><span id=\"page27R_mcid11\" class=\"markedContent\"><\/span><span id=\"page27R_mcid12\" class=\"markedContent\"><\/span><\/p><ul><li><span id=\"page27R_mcid12\" class=\"markedContent\"><span dir=\"ltr\" role=\"presentation\">Ejercicio te\u00f3rico<\/span><span dir=\"ltr\" role=\"presentation\">: 1 h.<\/span><\/span><span id=\"page27R_mcid13\" class=\"markedContent\"><\/span><\/li><li><span id=\"page27R_mcid13\" class=\"markedContent\"><span dir=\"ltr\" role=\"presentation\">Ejercicio de<\/span> <span dir=\"ltr\" role=\"presentation\">problemas<\/span><span dir=\"ltr\" role=\"presentation\">: 2 <\/span><\/span><\/li><li><span id=\"page27R_mcid14\" class=\"markedContent\"><span dir=\"ltr\" role=\"presentation\">Supuesto pr\u00e1ctico<\/span><span dir=\"ltr\" role=\"presentation\">: 1 h.<\/span><\/span><\/li><\/ul><p><strong>EDICI\u00d3N CURSO 2024-2025 <\/strong><span style=\"color: #ff0000\">(actualizado)<\/span><strong><br \/><\/strong><\/p><p><strong>Plazo de inscripci\u00f3n.<\/strong> El plazo de inscripci\u00f3n es desde el 4 de noviembre de 2024 hasta las 23:59 h. del 14 de febrero de 2025.<\/p><p style=\"text-align: justify\"><strong>Fecha y lugar de celebraci\u00f3n de la prueba:<\/strong> La prueba tendr\u00e1 lugar el d\u00eda 21 de febrero (viernes) de 2025 en la Facultad de Qu\u00edmica de la Universidad de Sevilla, C\/ Profesor Garc\u00eda Gonz\u00e1lez n.\u00ba 1 (Campus de Reina Mercedes), en horario de ma\u00f1ana, inici\u00e1ndose a las 9:30h y finalizando a las 14:30 h. El temario puede consultarse en las Bases de esta Olimpiada. Los alumnos deben ir provistos de carn\u00e9 de identidad u otro documento acreditativo oficial.<\/p><p><strong>Premios:<\/strong><\/p><ul><li>Diploma acreditativo a los alumnos clasificados en los tres primeros puestos.<\/li><li><p>Los tres primeros clasificados de nacionalidad espa\u00f1ola, podr\u00e1n concurrir a la Fase Nacional, de la que saldr\u00e1n los representantes de Espa\u00f1a en las Fases Iberoamericana y\/o Internacional.<\/p><\/li><\/ul><p>Para m\u00e1s informaci\u00f3n haz clic <a href=\"https:\/\/cat.us.es\/orientacion\/olimpiadas-del-conocimiento\/olimpiada-de-quimica-2025\" target=\"_blank\" rel=\"noopener\"><strong>aqu\u00ed.<\/strong><\/a><\/p><p><span style=\"color: #ff6600;font-size: 14pt\"><strong>F\u00cdSICA. FASE LOCAL<\/strong><\/span><\/p><p><strong><span id=\"page27R_mcid8\" class=\"markedContent\"><span dir=\"ltr\" role=\"presentation\"> <a href=\"https:\/\/cat.us.es\/orientacion\/olimpiadas-del-conocimiento\/olimpiada-de-fisica-2024\" target=\"_blank\" rel=\"noopener\"><img decoding=\"async\" class=\"alignleft wp-image-7935\" src=\"https:\/\/blogsaverroes.juntadeandalucia.es\/macade\/files\/2022\/12\/icon-libro.png\" alt=\"\" width=\"20\" height=\"20\" srcset=\"https:\/\/blogsaverroes.juntadeandalucia.es\/macade\/files\/2022\/12\/icon-libro.png 106w, https:\/\/blogsaverroes.juntadeandalucia.es\/macade\/files\/2022\/12\/icon-libro-24x24.png 24w, https:\/\/blogsaverroes.juntadeandalucia.es\/macade\/files\/2022\/12\/icon-libro-36x36.png 36w, https:\/\/blogsaverroes.juntadeandalucia.es\/macade\/files\/2022\/12\/icon-libro-48x48.png 48w\" sizes=\"(max-width: 20px) 100vw, 20px\" \/><\/a>FORMATO Y TEMARIO DE LA PRUEBA <br \/><\/span><\/span><\/strong><\/p><p style=\"text-align: justify\"><span id=\"page27R_mcid10\" class=\"markedContent\"><span dir=\"ltr\" role=\"presentation\">La prueba podr\u00e1 contener cuestiones, problemas y ejercicios de \u00edndole experimental <span style=\"color: #ff0000\">(UN TOTAL DE 7 PREGUNTAS)<\/span>, que versar\u00e1n sobre contenidos de F\u00edsica de \u201cF\u00edsica y Qu\u00edmica\u201d de 1\u00ba de Bachillerato y de interacciones gravitatoria y electromagn\u00e9tica y ondas de \u201cF\u00edsica\u201d de 2\u00ba de Bachillerato. Si en alg\u00fan ejercicio se trataran cuestiones no familiares para los estudiantes se proporcionar\u00eda en los enunciados la informaci\u00f3n necesaria.<\/span><\/span><span id=\"page27R_mcid11\" class=\"markedContent\"><\/span><span id=\"page27R_mcid12\" class=\"markedContent\"><\/span><\/p><p style=\"text-align: justify\"><em>Est\u00e1 permitido el uso de calculadora no programable, que no tenga representaci\u00f3n gr\u00e1fica ni tenga capacidad para transmitir datos. Los alumnos deben ir provistos de regla y papel milimetrado.<\/em><\/p><p style=\"text-align: justify\"><span id=\"page27R_mcid8\" class=\"markedContent\"><\/span> <strong><a href=\"https:\/\/blogsaverroes.juntadeandalucia.es\/macade\/files\/2022\/11\/Recopilaci%C3%B3n-2021-hasta-2018.pdf\" target=\"_blank\" rel=\"noopener\"><img decoding=\"async\" class=\"alignleft wp-image-7935\" src=\"https:\/\/blogsaverroes.juntadeandalucia.es\/macade\/files\/2022\/12\/icon-libro.png\" alt=\"\" width=\"20\" height=\"20\" srcset=\"https:\/\/blogsaverroes.juntadeandalucia.es\/macade\/files\/2022\/12\/icon-libro.png 106w, https:\/\/blogsaverroes.juntadeandalucia.es\/macade\/files\/2022\/12\/icon-libro-24x24.png 24w, https:\/\/blogsaverroes.juntadeandalucia.es\/macade\/files\/2022\/12\/icon-libro-36x36.png 36w, https:\/\/blogsaverroes.juntadeandalucia.es\/macade\/files\/2022\/12\/icon-libro-48x48.png 48w\" sizes=\"(max-width: 20px) 100vw, 20px\" \/><\/a><\/strong>Recopilaci\u00f3n de pruebas anteriores (desde 2018 hasta 2021).<\/p><p><strong>EDICI\u00d3N &#8211; CURSO 2023-2024 <\/strong><span style=\"color: #ff0000\">(actualizado)<\/span><strong><br \/><\/strong><\/p><p><strong>Plazo de inscripci\u00f3n:<\/strong> desde 20\/01\/2025 hasta 31\/01\/2025.<\/p><p><strong>Lugar:<\/strong> La prueba consistir\u00e1 en un examen escrito y tendr\u00e1 lugar el <strong>11 de febrero de 2025, a las 17:30 h, en aulas de la <a href=\"https:\/\/www.google.com\/maps\/place\/Universidad+de+Sevilla+Facultad+de+F%C3%ADsica\/@37.3594094,-5.9864305,17z\/data=!3m1!4b1!4m6!3m5!1s0xd126c2bb45daf7d:0x7e4db58ae6cd98af!8m2!3d37.3594094!4d-5.9864305!16s%2Fg%2F121sr9fn?entry=ttu&amp;g_ep=EgoyMDI0MTAxNC4wIKXMDSoASAFQAw%3D%3D\" target=\"_blank\" rel=\"noopener\">Facultad de F\u00edsica (Campus de Reina Mercedes).<\/a><\/strong><\/p><p>Para m\u00e1s informaci\u00f3n haz clic <a href=\"https:\/\/cat.us.es\/orientacion\/olimpiadas-del-conocimiento\/olimpiada-de-fisica-2025\" target=\"_blank\" rel=\"noopener\"><strong>aqu\u00ed.<\/strong><\/a><\/p><p style=\"text-align: justify\"><strong>Premios:<\/strong>\u00a0Los tres primeros clasificados en la Fase Local podr\u00e1n participar en la Fase Nacional de la OEF. Para ello, la Universidad de Sevilla correr\u00e1 con los gastos de desplazamiento y la OEF con los de alojamiento y manutenci\u00f3n.<\/p><\/div>\n\t\t\t\t<\/div>\n\t\t\t\t\t\t\t<div class=\"elementor-toggle-item\">\n\t\t\t\t\t<div id=\"elementor-tab-title-7072\" class=\"elementor-tab-title\" data-tab=\"2\" role=\"button\" aria-controls=\"elementor-tab-content-7072\" aria-expanded=\"false\">\n\t\t\t\t\t\t\t\t\t\t\t\t<span class=\"elementor-toggle-icon elementor-toggle-icon-left\" aria-hidden=\"true\">\n\t\t\t\t\t\t\t\t\t\t\t\t\t\t\t<span class=\"elementor-toggle-icon-closed\"><i class=\"fas fa-caret-right\"><\/i><\/span>\n\t\t\t\t\t\t\t\t<span class=\"elementor-toggle-icon-opened\"><i class=\"elementor-toggle-icon-opened fas fa-caret-up\"><\/i><\/span>\n\t\t\t\t\t\t\t\t\t\t\t\t\t<\/span>\n\t\t\t\t\t\t\t\t\t\t\t\t<a class=\"elementor-toggle-title\" tabindex=\"0\">RECURSOS DE INTER\u00c9S - QU\u00cdMICA<\/a>\n\t\t\t\t\t<\/div>\n\n\t\t\t\t\t<div id=\"elementor-tab-content-7072\" class=\"elementor-tab-content elementor-clearfix\" data-tab=\"2\" role=\"region\" aria-labelledby=\"elementor-tab-title-7072\"><p><span style=\"font-size: 16pt;color: #0000ff\"><strong>QU\u00cdMICA<\/strong><\/span><\/p><ul><li><strong><a href=\"https:\/\/rseq.org\/olimpiadas-de-quimica\/\" target=\"_blank\" rel=\"noopener\">TEMARIO<\/a> (Fase Nacional) de la OEQ.<\/strong><\/li><li><strong><span style=\"color: #ff0000\">SERGIO MENARGUES Y COL.<\/span><\/strong><\/li><\/ul><p>Recopilaci\u00f3n de ejercicios de pruebas <span style=\"color: #ff0000\"><strong>nacionales y locales<\/strong><\/span> actualizados hasta el a\u00f1o <strong>2023<\/strong>.<\/p><p style=\"text-align: center\"><span style=\"font-size: 10pt\"><em>Haz clic en el icono para descargar el archivo<\/em>.<\/span><\/p><table style=\"border-collapse: collapse;width: 100%\"><tbody><tr><td style=\"width: 49.9403%\"><p><strong><span id=\"page27R_mcid8\" class=\"markedContent\"><span dir=\"ltr\" role=\"presentation\"><a href=\"https:\/\/blogsaverroes.juntadeandalucia.es\/macade\/files\/2024\/08\/Q1_2023_compressed.pdf\" target=\"_blank\" rel=\"noopener\"><img decoding=\"async\" class=\"alignleft wp-image-7935\" src=\"https:\/\/blogsaverroes.juntadeandalucia.es\/macade\/files\/2022\/12\/icon-libro.png\" alt=\"\" width=\"20\" height=\"20\" srcset=\"https:\/\/blogsaverroes.juntadeandalucia.es\/macade\/files\/2022\/12\/icon-libro.png 106w, https:\/\/blogsaverroes.juntadeandalucia.es\/macade\/files\/2022\/12\/icon-libro-24x24.png 24w, https:\/\/blogsaverroes.juntadeandalucia.es\/macade\/files\/2022\/12\/icon-libro-36x36.png 36w, https:\/\/blogsaverroes.juntadeandalucia.es\/macade\/files\/2022\/12\/icon-libro-48x48.png 48w\" sizes=\"(max-width: 20px) 100vw, 20px\" \/><\/a><\/span><\/span><\/strong>Vol 1<\/p><p><strong><span id=\"page27R_mcid8\" class=\"markedContent\"><span dir=\"ltr\" role=\"presentation\"><a href=\"https:\/\/blogsaverroes.juntadeandalucia.es\/macade\/files\/2024\/08\/Q2_2023_compressed.pdf\" target=\"_blank\" rel=\"noopener\"><img decoding=\"async\" class=\"alignleft wp-image-7935\" src=\"https:\/\/blogsaverroes.juntadeandalucia.es\/macade\/files\/2022\/12\/icon-libro.png\" alt=\"\" width=\"20\" height=\"20\" srcset=\"https:\/\/blogsaverroes.juntadeandalucia.es\/macade\/files\/2022\/12\/icon-libro.png 106w, https:\/\/blogsaverroes.juntadeandalucia.es\/macade\/files\/2022\/12\/icon-libro-24x24.png 24w, https:\/\/blogsaverroes.juntadeandalucia.es\/macade\/files\/2022\/12\/icon-libro-36x36.png 36w, https:\/\/blogsaverroes.juntadeandalucia.es\/macade\/files\/2022\/12\/icon-libro-48x48.png 48w\" sizes=\"(max-width: 20px) 100vw, 20px\" \/><\/a><\/span><\/span><\/strong>Vol 2<\/p><p><strong><span id=\"page27R_mcid8\" class=\"markedContent\"><span dir=\"ltr\" role=\"presentation\"><a href=\"https:\/\/blogsaverroes.juntadeandalucia.es\/macade\/files\/2024\/08\/Q3_2023_compressed.pdf\" target=\"_blank\" rel=\"noopener\"><img decoding=\"async\" class=\"alignleft wp-image-7935\" src=\"https:\/\/blogsaverroes.juntadeandalucia.es\/macade\/files\/2022\/12\/icon-libro.png\" alt=\"\" width=\"20\" height=\"20\" srcset=\"https:\/\/blogsaverroes.juntadeandalucia.es\/macade\/files\/2022\/12\/icon-libro.png 106w, https:\/\/blogsaverroes.juntadeandalucia.es\/macade\/files\/2022\/12\/icon-libro-24x24.png 24w, https:\/\/blogsaverroes.juntadeandalucia.es\/macade\/files\/2022\/12\/icon-libro-36x36.png 36w, https:\/\/blogsaverroes.juntadeandalucia.es\/macade\/files\/2022\/12\/icon-libro-48x48.png 48w\" sizes=\"(max-width: 20px) 100vw, 20px\" \/><\/a><\/span><\/span><\/strong>Vol 3<\/p><\/td><td style=\"width: 50%\"><p><strong><span id=\"page27R_mcid8\" class=\"markedContent\"><span dir=\"ltr\" role=\"presentation\"><a href=\"https:\/\/blogsaverroes.juntadeandalucia.es\/macade\/files\/2024\/08\/Q4_2023_compressed.pdf\" target=\"_blank\" rel=\"noopener\"><img decoding=\"async\" class=\"alignleft wp-image-7935\" src=\"https:\/\/blogsaverroes.juntadeandalucia.es\/macade\/files\/2022\/12\/icon-libro.png\" alt=\"\" width=\"20\" height=\"20\" srcset=\"https:\/\/blogsaverroes.juntadeandalucia.es\/macade\/files\/2022\/12\/icon-libro.png 106w, https:\/\/blogsaverroes.juntadeandalucia.es\/macade\/files\/2022\/12\/icon-libro-24x24.png 24w, https:\/\/blogsaverroes.juntadeandalucia.es\/macade\/files\/2022\/12\/icon-libro-36x36.png 36w, https:\/\/blogsaverroes.juntadeandalucia.es\/macade\/files\/2022\/12\/icon-libro-48x48.png 48w\" sizes=\"(max-width: 20px) 100vw, 20px\" \/><\/a><\/span><\/span><\/strong>Vol 4<\/p><p><strong><span id=\"page27R_mcid8\" class=\"markedContent\"><span dir=\"ltr\" role=\"presentation\"><a href=\"https:\/\/blogsaverroes.juntadeandalucia.es\/macade\/files\/2024\/08\/P5_2023_compressed.pdf\" target=\"_blank\" rel=\"noopener\"><img decoding=\"async\" class=\"alignleft wp-image-7935\" src=\"https:\/\/blogsaverroes.juntadeandalucia.es\/macade\/files\/2022\/12\/icon-libro.png\" alt=\"\" width=\"20\" height=\"20\" srcset=\"https:\/\/blogsaverroes.juntadeandalucia.es\/macade\/files\/2022\/12\/icon-libro.png 106w, https:\/\/blogsaverroes.juntadeandalucia.es\/macade\/files\/2022\/12\/icon-libro-24x24.png 24w, https:\/\/blogsaverroes.juntadeandalucia.es\/macade\/files\/2022\/12\/icon-libro-36x36.png 36w, https:\/\/blogsaverroes.juntadeandalucia.es\/macade\/files\/2022\/12\/icon-libro-48x48.png 48w\" sizes=\"(max-width: 20px) 100vw, 20px\" \/><\/a><\/span><\/span><\/strong>Vol 5<\/p><p><strong><span id=\"page27R_mcid8\" class=\"markedContent\"><span dir=\"ltr\" role=\"presentation\"><a href=\"https:\/\/blogsaverroes.juntadeandalucia.es\/macade\/files\/2024\/08\/P6_2023_compressed.pdf\" target=\"_blank\" rel=\"noopener\"><img decoding=\"async\" class=\"alignleft wp-image-7935\" src=\"https:\/\/blogsaverroes.juntadeandalucia.es\/macade\/files\/2022\/12\/icon-libro.png\" alt=\"\" width=\"20\" height=\"20\" srcset=\"https:\/\/blogsaverroes.juntadeandalucia.es\/macade\/files\/2022\/12\/icon-libro.png 106w, https:\/\/blogsaverroes.juntadeandalucia.es\/macade\/files\/2022\/12\/icon-libro-24x24.png 24w, https:\/\/blogsaverroes.juntadeandalucia.es\/macade\/files\/2022\/12\/icon-libro-36x36.png 36w, https:\/\/blogsaverroes.juntadeandalucia.es\/macade\/files\/2022\/12\/icon-libro-48x48.png 48w\" sizes=\"(max-width: 20px) 100vw, 20px\" \/><\/a><\/span><\/span><\/strong>Vol 6<\/p><\/td><\/tr><\/tbody><\/table><p style=\"text-align: justify\"><span style=\"color: #008000\"><em>Agradecemos enormemente a S. Menargues y A. G\u00f3mez-Siurana su trabajo y generosidad al ofrecer estos documentos (cuestiones y problemas) de forma desinteresada a todos los docentes y estudiantes de qu\u00edmica. Estos archivos sirven como material de apoyo para la ense\u00f1anza de la Qu\u00edmica en los cursos de Bachillerato, as\u00ed como en los primeros cursos de grados del \u00e1rea de Ciencia e Ingenier\u00eda.<\/em><\/span><\/p><ul><li><strong> <span id=\"page27R_mcid8\" class=\"markedContent\"><span dir=\"ltr\" role=\"presentation\"><a href=\"https:\/\/blogsaverroes.juntadeandalucia.es\/macade\/files\/2024\/08\/P7_2023_compressed.pdf\" target=\"_blank\" rel=\"noopener\"><img decoding=\"async\" class=\"alignleft wp-image-7935\" src=\"https:\/\/blogsaverroes.juntadeandalucia.es\/macade\/files\/2022\/12\/icon-libro.png\" alt=\"\" width=\"20\" height=\"20\" srcset=\"https:\/\/blogsaverroes.juntadeandalucia.es\/macade\/files\/2022\/12\/icon-libro.png 106w, https:\/\/blogsaverroes.juntadeandalucia.es\/macade\/files\/2022\/12\/icon-libro-24x24.png 24w, https:\/\/blogsaverroes.juntadeandalucia.es\/macade\/files\/2022\/12\/icon-libro-36x36.png 36w, https:\/\/blogsaverroes.juntadeandalucia.es\/macade\/files\/2022\/12\/icon-libro-48x48.png 48w\" sizes=\"(max-width: 20px) 100vw, 20px\" \/><\/a><\/span><\/span>Recopilaci\u00f3n de <span style=\"color: #ff0000\">CUESTIONES Y PROBLEMAS DE LAS OLIMPIADAS NACIONALES<\/span> DE QU\u00cdMICA (1996-2023) realizada por <em>Sergio Menargues y col<\/em>.<\/strong><\/li><\/ul><p><strong>OTROS RECURSOS DE INTER\u00c9S<\/strong><\/p><ul><li><a href=\"https:\/\/www.uco.es\/organiza\/centros\/ciencias\/es\/olimpiadas\" target=\"_blank\" rel=\"noopener\"><strong>Acceso a Olimpiadas de Qu\u00edmica. Fase Local de C\u00f3rdoba. Pruebas de ediciones anteriores.<\/strong><\/a><\/li><li><a href=\"https:\/\/www.colegiodequimicos.org\/\" target=\"_blank\" rel=\"noopener\"><strong>Asociaci\u00f3n de Qu\u00edmicos de Andaluc\u00eda (Qu\u00edmicos del Sur, Ilustre Colegio Oficial de Qu\u00edmicos)<\/strong><\/a><\/li><li><a href=\"https:\/\/www.gaquimica.org\/\" target=\"_blank\" rel=\"noopener\"><strong>Grupo de Asociaciones de Qu\u00edmica (GAQ)<\/strong><\/a><\/li><\/ul><\/div>\n\t\t\t\t<\/div>\n\t\t\t\t\t\t\t<div class=\"elementor-toggle-item\">\n\t\t\t\t\t<div id=\"elementor-tab-title-7073\" class=\"elementor-tab-title\" data-tab=\"3\" role=\"button\" aria-controls=\"elementor-tab-content-7073\" aria-expanded=\"false\">\n\t\t\t\t\t\t\t\t\t\t\t\t<span class=\"elementor-toggle-icon elementor-toggle-icon-left\" aria-hidden=\"true\">\n\t\t\t\t\t\t\t\t\t\t\t\t\t\t\t<span class=\"elementor-toggle-icon-closed\"><i class=\"fas fa-caret-right\"><\/i><\/span>\n\t\t\t\t\t\t\t\t<span class=\"elementor-toggle-icon-opened\"><i class=\"elementor-toggle-icon-opened fas fa-caret-up\"><\/i><\/span>\n\t\t\t\t\t\t\t\t\t\t\t\t\t<\/span>\n\t\t\t\t\t\t\t\t\t\t\t\t<a class=\"elementor-toggle-title\" tabindex=\"0\">RECURSOS DE INTER\u00c9S - F\u00cdSICA<\/a>\n\t\t\t\t\t<\/div>\n\n\t\t\t\t\t<div id=\"elementor-tab-content-7073\" class=\"elementor-tab-content elementor-clearfix\" data-tab=\"3\" role=\"region\" aria-labelledby=\"elementor-tab-title-7073\"><p><span style=\"font-size: 16pt;color: #ff6600\"><strong>F\u00cdSICA<\/strong><\/span><\/p><ul><li><strong>\u00daLTIMA EDICI\u00d3N FASE NACIONAL DE F\u00cdSICA (2024). <\/strong><strong><span style=\"font-family: georgia, palatino, serif\">Granada<\/span><\/strong><ul><li>Problema 1.-\u00a0<a href=\"https:\/\/rsef.es\/images\/Fisica\/P1_Zelandia.pdf\" rel=\"alternate\">Zelandia<\/a><\/li><li>Problema 2.-\u00a0<a href=\"https:\/\/rsef.es\/images\/Fisica\/P2_Calentamiento_mare_io.pdf\" rel=\"alternate\">Calentamiento de marea de \u00cdo<\/a><\/li><li>Problema 3.-\u00a0<a href=\"https:\/\/rsef.es\/images\/Fisica\/P3_OsciladorEM.pdf\" rel=\"alternate\">Oscilador electromagn\u00e9tico<\/a><\/li><li>P. Experimental.-\u00a0<a href=\"https:\/\/rsef.es\/images\/Fisica\/Pexp_Penduloelastico.pdf\" rel=\"alternate\">Determinaci\u00f3n de g y condici\u00f3n de resonancia de un p\u00e9ndulo el\u00e1stico<\/a><\/li><\/ul><\/li><\/ul><p><strong> <span id=\"page27R_mcid8\" class=\"markedContent\"><span dir=\"ltr\" role=\"presentation\"><a href=\"https:\/\/blogsaverroes.juntadeandalucia.es\/macade\/files\/2024\/08\/Portada_Recopilacion.pdf\" target=\"_blank\" rel=\"noopener\"><img decoding=\"async\" class=\"alignleft wp-image-7935\" src=\"https:\/\/blogsaverroes.juntadeandalucia.es\/macade\/files\/2022\/12\/icon-libro.png\" alt=\"\" width=\"20\" height=\"20\" srcset=\"https:\/\/blogsaverroes.juntadeandalucia.es\/macade\/files\/2022\/12\/icon-libro.png 106w, https:\/\/blogsaverroes.juntadeandalucia.es\/macade\/files\/2022\/12\/icon-libro-24x24.png 24w, https:\/\/blogsaverroes.juntadeandalucia.es\/macade\/files\/2022\/12\/icon-libro-36x36.png 36w, https:\/\/blogsaverroes.juntadeandalucia.es\/macade\/files\/2022\/12\/icon-libro-48x48.png 48w\" sizes=\"(max-width: 20px) 100vw, 20px\" \/><\/a><\/span><\/span>RECOPILACI\u00d3N DE PROBLEMAS DE LAS OLIMPIADAS NACIONALES DE F\u00cdSICA (<span style=\"color: #ff6600;font-size: 14pt\">2005-2024<\/span>). <\/strong><span style=\"font-size: 10pt\"><em>Haz clic en el icono para descargar el archivo<\/em>.<\/span><\/p><p><span style=\"color: #ff0000\"><strong><span id=\"page27R_mcid8\" class=\"markedContent\"><span dir=\"ltr\" role=\"presentation\"><a href=\"https:\/\/blogsaverroes.juntadeandalucia.es\/macade\/files\/2024\/08\/soluciones-ejercicios-fase-nacional-2005_2024.pdf\" target=\"_blank\" rel=\"noopener\"><img decoding=\"async\" class=\"alignleft wp-image-7935\" src=\"https:\/\/blogsaverroes.juntadeandalucia.es\/macade\/files\/2022\/12\/icon-libro.png\" alt=\"\" width=\"20\" height=\"20\" srcset=\"https:\/\/blogsaverroes.juntadeandalucia.es\/macade\/files\/2022\/12\/icon-libro.png 106w, https:\/\/blogsaverroes.juntadeandalucia.es\/macade\/files\/2022\/12\/icon-libro-24x24.png 24w, https:\/\/blogsaverroes.juntadeandalucia.es\/macade\/files\/2022\/12\/icon-libro-36x36.png 36w, https:\/\/blogsaverroes.juntadeandalucia.es\/macade\/files\/2022\/12\/icon-libro-48x48.png 48w\" sizes=\"(max-width: 20px) 100vw, 20px\" \/><\/a><\/span><\/span>SOLUCIONES RECOPILACI\u00d3N 2005-2024.<\/strong><\/span><\/p><p><span style=\"color: #333333\"><strong>OTROS RECURSOS DE INTER\u00c9S:<br \/><\/strong><\/span><\/p><ul><li>Recurso 1. <a href=\"http:\/\/www.uco.es\/organiza\/departamentos\/fisica\/es\/actividades\/olimpiadas-de-fisica\/examenes-olimpiada-de-fisica.\" target=\"_blank\" rel=\"noopener\"><strong>Acceso a Olimpiadas de F\u00edsica. Fase Local de C\u00f3rdoba. Pruebas de ediciones anteriores.<\/strong><\/a><\/li><li>Recurso 2.<\/li><\/ul><\/div>\n\t\t\t\t<\/div>\n\t\t\t\t\t\t\t<div class=\"elementor-toggle-item\">\n\t\t\t\t\t<div id=\"elementor-tab-title-7074\" class=\"elementor-tab-title\" data-tab=\"4\" role=\"button\" aria-controls=\"elementor-tab-content-7074\" aria-expanded=\"false\">\n\t\t\t\t\t\t\t\t\t\t\t\t<span class=\"elementor-toggle-icon elementor-toggle-icon-left\" aria-hidden=\"true\">\n\t\t\t\t\t\t\t\t\t\t\t\t\t\t\t<span class=\"elementor-toggle-icon-closed\"><i class=\"fas fa-caret-right\"><\/i><\/span>\n\t\t\t\t\t\t\t\t<span class=\"elementor-toggle-icon-opened\"><i class=\"elementor-toggle-icon-opened fas fa-caret-up\"><\/i><\/span>\n\t\t\t\t\t\t\t\t\t\t\t\t\t<\/span>\n\t\t\t\t\t\t\t\t\t\t\t\t<a class=\"elementor-toggle-title\" tabindex=\"0\">PARTICIPANTES<\/a>\n\t\t\t\t\t<\/div>\n\n\t\t\t\t\t<div id=\"elementor-tab-content-7074\" class=\"elementor-tab-content elementor-clearfix\" data-tab=\"4\" role=\"region\" aria-labelledby=\"elementor-tab-title-7074\"><div><div><div><div><div><div><div><div><div><div><div><p><strong>PARTICIPANTE N\u00ba 1. <br \/><\/strong><\/p><table><tbody><tr><td><img loading=\"lazy\" decoding=\"async\" class=\"aligncenter wp-image-3643\" src=\"https:\/\/blogsaverroes.juntadeandalucia.es\/macade\/files\/2022\/11\/Imagen1_fondo_prueba-3-1024x671.jpg\" alt=\"\" width=\"233\" height=\"153\" srcset=\"https:\/\/blogsaverroes.juntadeandalucia.es\/macade\/files\/2022\/11\/Imagen1_fondo_prueba-3-1024x671.jpg 1024w, https:\/\/blogsaverroes.juntadeandalucia.es\/macade\/files\/2022\/11\/Imagen1_fondo_prueba-3-300x197.jpg 300w, https:\/\/blogsaverroes.juntadeandalucia.es\/macade\/files\/2022\/11\/Imagen1_fondo_prueba-3-768x503.jpg 768w, https:\/\/blogsaverroes.juntadeandalucia.es\/macade\/files\/2022\/11\/Imagen1_fondo_prueba-3-1536x1006.jpg 1536w, https:\/\/blogsaverroes.juntadeandalucia.es\/macade\/files\/2022\/11\/Imagen1_fondo_prueba-3-24x16.jpg 24w, https:\/\/blogsaverroes.juntadeandalucia.es\/macade\/files\/2022\/11\/Imagen1_fondo_prueba-3-36x24.jpg 36w, https:\/\/blogsaverroes.juntadeandalucia.es\/macade\/files\/2022\/11\/Imagen1_fondo_prueba-3-48x31.jpg 48w, https:\/\/blogsaverroes.juntadeandalucia.es\/macade\/files\/2022\/11\/Imagen1_fondo_prueba-3.jpg 1720w\" sizes=\"(max-width: 233px) 100vw, 233px\" \/><\/td><td>Nombre y Apellidos<br \/>F\u00edsica\/Qu\u00edmica<\/td><\/tr><\/tbody><\/table><div><div><div><div><p><strong>PARTICIPANTE N\u00ba 2. <br \/><\/strong><\/p><table><tbody><tr><td><img loading=\"lazy\" decoding=\"async\" class=\"aligncenter wp-image-3643\" src=\"https:\/\/blogsaverroes.juntadeandalucia.es\/macade\/files\/2022\/11\/Imagen1_fondo_prueba-3-1024x671.jpg\" alt=\"\" width=\"233\" height=\"153\" srcset=\"https:\/\/blogsaverroes.juntadeandalucia.es\/macade\/files\/2022\/11\/Imagen1_fondo_prueba-3-1024x671.jpg 1024w, https:\/\/blogsaverroes.juntadeandalucia.es\/macade\/files\/2022\/11\/Imagen1_fondo_prueba-3-300x197.jpg 300w, https:\/\/blogsaverroes.juntadeandalucia.es\/macade\/files\/2022\/11\/Imagen1_fondo_prueba-3-768x503.jpg 768w, https:\/\/blogsaverroes.juntadeandalucia.es\/macade\/files\/2022\/11\/Imagen1_fondo_prueba-3-1536x1006.jpg 1536w, https:\/\/blogsaverroes.juntadeandalucia.es\/macade\/files\/2022\/11\/Imagen1_fondo_prueba-3-24x16.jpg 24w, https:\/\/blogsaverroes.juntadeandalucia.es\/macade\/files\/2022\/11\/Imagen1_fondo_prueba-3-36x24.jpg 36w, https:\/\/blogsaverroes.juntadeandalucia.es\/macade\/files\/2022\/11\/Imagen1_fondo_prueba-3-48x31.jpg 48w, https:\/\/blogsaverroes.juntadeandalucia.es\/macade\/files\/2022\/11\/Imagen1_fondo_prueba-3.jpg 1720w\" sizes=\"(max-width: 233px) 100vw, 233px\" \/><\/td><td>Nombre y Apellidos<br \/>F\u00edsica\/Qu\u00edmica<\/td><\/tr><\/tbody><\/table><div><div><div><div><div><div>\u00a0<\/div><\/div><\/div><\/div><\/div><\/div><\/div><\/div><\/div><\/div><p><strong>PARTICIPANTE N\u00ba 3. <br \/><\/strong><\/p><table><tbody><tr><td><img loading=\"lazy\" decoding=\"async\" class=\"aligncenter wp-image-3643\" src=\"https:\/\/blogsaverroes.juntadeandalucia.es\/macade\/files\/2022\/11\/Imagen1_fondo_prueba-3-1024x671.jpg\" alt=\"\" width=\"233\" height=\"153\" srcset=\"https:\/\/blogsaverroes.juntadeandalucia.es\/macade\/files\/2022\/11\/Imagen1_fondo_prueba-3-1024x671.jpg 1024w, https:\/\/blogsaverroes.juntadeandalucia.es\/macade\/files\/2022\/11\/Imagen1_fondo_prueba-3-300x197.jpg 300w, https:\/\/blogsaverroes.juntadeandalucia.es\/macade\/files\/2022\/11\/Imagen1_fondo_prueba-3-768x503.jpg 768w, https:\/\/blogsaverroes.juntadeandalucia.es\/macade\/files\/2022\/11\/Imagen1_fondo_prueba-3-1536x1006.jpg 1536w, https:\/\/blogsaverroes.juntadeandalucia.es\/macade\/files\/2022\/11\/Imagen1_fondo_prueba-3-24x16.jpg 24w, https:\/\/blogsaverroes.juntadeandalucia.es\/macade\/files\/2022\/11\/Imagen1_fondo_prueba-3-36x24.jpg 36w, https:\/\/blogsaverroes.juntadeandalucia.es\/macade\/files\/2022\/11\/Imagen1_fondo_prueba-3-48x31.jpg 48w, https:\/\/blogsaverroes.juntadeandalucia.es\/macade\/files\/2022\/11\/Imagen1_fondo_prueba-3.jpg 1720w\" sizes=\"(max-width: 233px) 100vw, 233px\" \/><\/td><td>Nombre y Apellidos<br \/>F\u00edsica\/Qu\u00edmica<\/td><\/tr><\/tbody><\/table><\/div><\/div><\/div><\/div><\/div><\/div><\/div><\/div><\/div><\/div><\/div><\/div>\n\t\t\t\t<\/div>\n\t\t\t\t\t\t\t\t<\/div>\n\t\t\t\t\t\t<\/div>\n\t\t\t\t<\/div>\n\t\t\t\t\t<\/div>\n\t\t<\/div>\n\t\t\t\t\t<\/div>\n\t\t<\/section>\n\t\t\t\t<section class=\"elementor-section elementor-top-section elementor-element elementor-element-cec4c82 elementor-section-full_width elementor-section-height-default elementor-section-height-default\" data-id=\"cec4c82\" data-element_type=\"section\" data-settings=\"{&quot;background_background&quot;:&quot;classic&quot;}\">\n\t\t\t\t\t\t\t<div class=\"elementor-background-overlay\"><\/div>\n\t\t\t\t\t\t\t<div class=\"elementor-container elementor-column-gap-default\">\n\t\t\t\t\t<div class=\"elementor-column elementor-col-33 elementor-top-column elementor-element elementor-element-cd82f79\" data-id=\"cd82f79\" data-element_type=\"column\">\n\t\t\t<div class=\"elementor-widget-wrap elementor-element-populated\">\n\t\t\t\t\t\t<div class=\"elementor-element elementor-element-0ef08df elementor-widget elementor-widget-heading\" data-id=\"0ef08df\" data-element_type=\"widget\" data-widget_type=\"heading.default\">\n\t\t\t\t<div class=\"elementor-widget-container\">\n\t\t\t\t\t<h4 class=\"elementor-heading-title elementor-size-default\">TABL\u00d3N INFORMATIVO<\/h4>\t\t\t\t<\/div>\n\t\t\t\t<\/div>\n\t\t\t\t\t<\/div>\n\t\t<\/div>\n\t\t\t\t<div class=\"elementor-column elementor-col-33 elementor-top-column elementor-element elementor-element-76a15c8\" data-id=\"76a15c8\" data-element_type=\"column\">\n\t\t\t<div class=\"elementor-widget-wrap\">\n\t\t\t\t\t\t\t<\/div>\n\t\t<\/div>\n\t\t\t\t<div class=\"elementor-column elementor-col-33 elementor-top-column elementor-element elementor-element-c5406b2\" data-id=\"c5406b2\" data-element_type=\"column\">\n\t\t\t<div class=\"elementor-widget-wrap\">\n\t\t\t\t\t\t\t<\/div>\n\t\t<\/div>\n\t\t\t\t\t<\/div>\n\t\t<\/section>\n\t\t\t\t<section class=\"elementor-section elementor-top-section elementor-element elementor-element-921778c elementor-section-full_width elementor-section-height-default elementor-section-height-default\" data-id=\"921778c\" data-element_type=\"section\" data-settings=\"{&quot;background_background&quot;:&quot;classic&quot;}\">\n\t\t\t\t\t\t<div class=\"elementor-container elementor-column-gap-default\">\n\t\t\t\t\t<div class=\"elementor-column elementor-col-25 elementor-top-column elementor-element elementor-element-37ff22f\" data-id=\"37ff22f\" data-element_type=\"column\">\n\t\t\t<div class=\"elementor-widget-wrap elementor-element-populated\">\n\t\t\t\t\t\t<div class=\"elementor-element elementor-element-04021fc elementor-widget elementor-widget-image\" data-id=\"04021fc\" data-element_type=\"widget\" data-widget_type=\"image.default\">\n\t\t\t\t<div class=\"elementor-widget-container\">\n\t\t\t\t\t\t\t\t\t\t\t\t\t\t\t\t<a href=\"https:\/\/blogsaverroes.juntadeandalucia.es\/macade\/files\/2022\/11\/Cuestiones-y-Problemas-Olimpiadas-Nacionales-1996-2019.pdf\" target=\"_blank\">\n\t\t\t\t\t\t\t<img decoding=\"async\" src=\"https:\/\/blogsaverroes.juntadeandalucia.es\/macade\/files\/elementor\/thumbs\/Sergio-Menargue-enlace-py9cqz500glfry1k6ucvrfybpp2up7h03cc2kb3prs.png\" title=\"Sergio Menargue enlace\" alt=\"Sergio Menargue enlace\" loading=\"lazy\" \/>\t\t\t\t\t\t\t\t<\/a>\n\t\t\t\t\t\t\t\t\t\t\t\t\t\t\t<\/div>\n\t\t\t\t<\/div>\n\t\t\t\t<div class=\"elementor-element elementor-element-62e30ec elementor-widget elementor-widget-text-editor\" data-id=\"62e30ec\" data-element_type=\"widget\" data-widget_type=\"text-editor.default\">\n\t\t\t\t<div class=\"elementor-widget-container\">\n\t\t\t\t\t\t\t\t\t<p style=\"text-align: center\"><span style=\"color: #333333\"><strong>COLECCI\u00d3N DE JORGE M.<\/strong><\/span><\/p>\t\t\t\t\t\t\t\t<\/div>\n\t\t\t\t<\/div>\n\t\t\t\t\t<\/div>\n\t\t<\/div>\n\t\t\t\t<div class=\"elementor-column elementor-col-25 elementor-top-column elementor-element elementor-element-c08709a\" data-id=\"c08709a\" data-element_type=\"column\">\n\t\t\t<div class=\"elementor-widget-wrap elementor-element-populated\">\n\t\t\t\t\t\t<div class=\"elementor-element elementor-element-7ab94f9 elementor-widget elementor-widget-image\" data-id=\"7ab94f9\" data-element_type=\"widget\" data-widget_type=\"image.default\">\n\t\t\t\t<div class=\"elementor-widget-container\">\n\t\t\t\t\t\t\t\t\t\t\t\t\t\t\t\t<a href=\"https:\/\/rseq.org\/wp-content\/uploads\/2021\/04\/temario_2021_fin.pdf\" target=\"_blank\">\n\t\t\t\t\t\t\t<img decoding=\"async\" src=\"https:\/\/blogsaverroes.juntadeandalucia.es\/macade\/files\/elementor\/thumbs\/Temario-Olimpiadas-Qu\u00edmica-py9csrzv412811fco4e51hl4pa76gbmhc9ckoefjug.png\" title=\"Temario Olimpiadas Qu\u00edmica\" alt=\"Temario Olimpiadas Qu\u00edmica\" loading=\"lazy\" \/>\t\t\t\t\t\t\t\t<\/a>\n\t\t\t\t\t\t\t\t\t\t\t\t\t\t\t<\/div>\n\t\t\t\t<\/div>\n\t\t\t\t<div class=\"elementor-element elementor-element-e3fa14e elementor-widget elementor-widget-text-editor\" data-id=\"e3fa14e\" data-element_type=\"widget\" data-widget_type=\"text-editor.default\">\n\t\t\t\t<div class=\"elementor-widget-container\">\n\t\t\t\t\t\t\t\t\t<p style=\"text-align: center\"><span style=\"color: #333333\"><strong>CONTENIDO OLIMPIADAS <br \/><\/strong><\/span><\/p>\t\t\t\t\t\t\t\t<\/div>\n\t\t\t\t<\/div>\n\t\t\t\t\t<\/div>\n\t\t<\/div>\n\t\t\t\t<div class=\"elementor-column elementor-col-25 elementor-top-column elementor-element elementor-element-b664da5\" data-id=\"b664da5\" data-element_type=\"column\">\n\t\t\t<div class=\"elementor-widget-wrap elementor-element-populated\">\n\t\t\t\t\t\t<div class=\"elementor-element elementor-element-6517df9 elementor-widget elementor-widget-image\" data-id=\"6517df9\" data-element_type=\"widget\" data-widget_type=\"image.default\">\n\t\t\t\t<div class=\"elementor-widget-container\">\n\t\t\t\t\t\t\t\t\t\t\t\t\t\t\t\t<a href=\"https:\/\/rseq.org\/olimpiadas-de-quimica\/\" target=\"_blank\">\n\t\t\t\t\t\t\t<img decoding=\"async\" src=\"https:\/\/blogsaverroes.juntadeandalucia.es\/macade\/files\/elementor\/thumbs\/Olimpiadas-de-Qu\u00edmica-py9cu21yewt9txkg76auxnypt5w5xhpbulbd6yj9dk.png\" title=\"Olimpiadas de Qu\u00edmica\" alt=\"Olimpiadas de Qu\u00edmica\" loading=\"lazy\" \/>\t\t\t\t\t\t\t\t<\/a>\n\t\t\t\t\t\t\t\t\t\t\t\t\t\t\t<\/div>\n\t\t\t\t<\/div>\n\t\t\t\t<div class=\"elementor-element elementor-element-c616d88 elementor-widget elementor-widget-text-editor\" data-id=\"c616d88\" data-element_type=\"widget\" data-widget_type=\"text-editor.default\">\n\t\t\t\t<div class=\"elementor-widget-container\">\n\t\t\t\t\t\t\t\t\t<p style=\"text-align: center\"><span style=\"color: #333333\"><strong>INFORMACI\u00d3N SOBRE&#8230;<br \/><\/strong><\/span><\/p>\t\t\t\t\t\t\t\t<\/div>\n\t\t\t\t<\/div>\n\t\t\t\t\t<\/div>\n\t\t<\/div>\n\t\t\t\t<div class=\"elementor-column elementor-col-25 elementor-top-column elementor-element elementor-element-c7326ec\" data-id=\"c7326ec\" data-element_type=\"column\">\n\t\t\t<div class=\"elementor-widget-wrap elementor-element-populated\">\n\t\t\t\t\t\t<div class=\"elementor-element elementor-element-923ffb1 elementor-widget elementor-widget-text-editor\" data-id=\"923ffb1\" data-element_type=\"widget\" data-widget_type=\"text-editor.default\">\n\t\t\t\t<div class=\"elementor-widget-container\">\n\t\t\t\t\t\t\t\t\t<ul><li style=\"text-align: left\"><span style=\"font-size: 16pt\"><span style=\"font-family: arial black, sans-serif\"><em>O<\/em><\/span><span style=\"font-family: arial black, sans-serif\"><em>limpiadas de Qu\u00edmica <\/em><\/span><\/span><\/li><li style=\"text-align: left\"><span style=\"font-family: arial black, sans-serif;font-size: 16pt\"><em>Fase Local<\/em><\/span><\/li><li style=\"text-align: left\"><span style=\"font-family: comic sans ms, sans-serif;font-size: 16pt\"><em><span style=\"font-family: arial black, sans-serif\">21 de febrero 2025<br \/><\/span><\/em><\/span><\/li><li style=\"text-align: justify\"><span style=\"font-family: comic sans ms, sans-serif;font-size: 20pt\"><em><span style=\"font-family: arial black, sans-serif\"><span style=\"font-size: 16pt\">Hora 9:30 &#8211; 14:30<\/span><br \/><\/span><\/em><\/span><\/li><\/ul>\t\t\t\t\t\t\t\t<\/div>\n\t\t\t\t<\/div>\n\t\t\t\t<div class=\"elementor-element elementor-element-a8982f7 elementor-widget elementor-widget-text-editor\" data-id=\"a8982f7\" data-element_type=\"widget\" data-widget_type=\"text-editor.default\">\n\t\t\t\t<div class=\"elementor-widget-container\">\n\t\t\t\t\t\t\t\t\t<p style=\"text-align: center\"><span style=\"color: #ff0000\"><strong><span style=\"font-size: 10pt\">Inscripci\u00f3n: hasta el d\u00eda 14 de febrero de 2025.<\/span><\/strong><\/span><\/p>\t\t\t\t\t\t\t\t<\/div>\n\t\t\t\t<\/div>\n\t\t\t\t\t<\/div>\n\t\t<\/div>\n\t\t\t\t\t<\/div>\n\t\t<\/section>\n\t\t\t\t<section class=\"elementor-section elementor-top-section elementor-element elementor-element-18eb09a elementor-section-full_width elementor-section-height-default elementor-section-height-default\" data-id=\"18eb09a\" data-element_type=\"section\" data-settings=\"{&quot;background_background&quot;:&quot;classic&quot;}\">\n\t\t\t\t\t\t<div class=\"elementor-container elementor-column-gap-default\">\n\t\t\t\t\t<div class=\"elementor-column elementor-col-25 elementor-top-column elementor-element elementor-element-442b81c\" data-id=\"442b81c\" data-element_type=\"column\">\n\t\t\t<div class=\"elementor-widget-wrap elementor-element-populated\">\n\t\t\t\t\t\t<div class=\"elementor-element elementor-element-e22f300 elementor-widget elementor-widget-image\" data-id=\"e22f300\" data-element_type=\"widget\" data-widget_type=\"image.default\">\n\t\t\t\t<div class=\"elementor-widget-container\">\n\t\t\t\t\t\t\t\t\t\t\t\t\t\t\t\t<a href=\"https:\/\/rsef.es\/problemas-de-la-oef\" target=\"_blank\">\n\t\t\t\t\t\t\t<img decoding=\"async\" src=\"https:\/\/blogsaverroes.juntadeandalucia.es\/macade\/files\/elementor\/thumbs\/F\u00edsica-problemas-pyay6xybwrhijq7epqeielk4lcbz8n5p2tuu9owojc.png\" title=\"F\u00edsica problemas\" alt=\"F\u00edsica problemas\" loading=\"lazy\" \/>\t\t\t\t\t\t\t\t<\/a>\n\t\t\t\t\t\t\t\t\t\t\t\t\t\t\t<\/div>\n\t\t\t\t<\/div>\n\t\t\t\t<div class=\"elementor-element elementor-element-009f100 elementor-widget elementor-widget-text-editor\" data-id=\"009f100\" data-element_type=\"widget\" data-widget_type=\"text-editor.default\">\n\t\t\t\t<div class=\"elementor-widget-container\">\n\t\t\t\t\t\t\t\t\t<p style=\"text-align: center\"><span style=\"color: #333333\"><strong>COLECCI\u00d3N DE PROBLEMAS<br \/><\/strong><\/span><\/p>\t\t\t\t\t\t\t\t<\/div>\n\t\t\t\t<\/div>\n\t\t\t\t\t<\/div>\n\t\t<\/div>\n\t\t\t\t<div class=\"elementor-column elementor-col-25 elementor-top-column elementor-element elementor-element-23bb4ba\" data-id=\"23bb4ba\" data-element_type=\"column\">\n\t\t\t<div class=\"elementor-widget-wrap elementor-element-populated\">\n\t\t\t\t\t\t<div class=\"elementor-element elementor-element-2504e37 elementor-widget elementor-widget-image\" data-id=\"2504e37\" data-element_type=\"widget\" data-widget_type=\"image.default\">\n\t\t\t\t<div class=\"elementor-widget-container\">\n\t\t\t\t\t\t\t\t\t\t\t\t\t\t\t\t<a href=\"https:\/\/rsef.es\/temario-de-las-olimpiadas\" target=\"_blank\">\n\t\t\t\t\t\t\t<img decoding=\"async\" src=\"https:\/\/blogsaverroes.juntadeandalucia.es\/macade\/files\/elementor\/thumbs\/Temario-Olimpiadas-F\u00edsica-pyaw8nksur9mdgax5cmtyc39g2rvng4a2xnqct4htk.png\" title=\"Temario Olimpiadas F\u00edsica\" alt=\"Temario Olimpiadas F\u00edsica\" loading=\"lazy\" \/>\t\t\t\t\t\t\t\t<\/a>\n\t\t\t\t\t\t\t\t\t\t\t\t\t\t\t<\/div>\n\t\t\t\t<\/div>\n\t\t\t\t<div class=\"elementor-element elementor-element-76a5215 elementor-widget elementor-widget-text-editor\" data-id=\"76a5215\" data-element_type=\"widget\" data-widget_type=\"text-editor.default\">\n\t\t\t\t<div class=\"elementor-widget-container\">\n\t\t\t\t\t\t\t\t\t<p style=\"text-align: center\"><span style=\"color: #333333\"><strong>CONTENIDO OLIMPIADAS <br \/><\/strong><\/span><\/p>\t\t\t\t\t\t\t\t<\/div>\n\t\t\t\t<\/div>\n\t\t\t\t\t<\/div>\n\t\t<\/div>\n\t\t\t\t<div class=\"elementor-column elementor-col-25 elementor-top-column elementor-element elementor-element-0c2312b\" data-id=\"0c2312b\" data-element_type=\"column\">\n\t\t\t<div class=\"elementor-widget-wrap elementor-element-populated\">\n\t\t\t\t\t\t<div class=\"elementor-element elementor-element-fbdeb27 elementor-widget elementor-widget-image\" data-id=\"fbdeb27\" data-element_type=\"widget\" data-widget_type=\"image.default\">\n\t\t\t\t<div class=\"elementor-widget-container\">\n\t\t\t\t\t\t\t\t\t\t\t\t\t\t\t\t<a href=\"https:\/\/rsef.es\/olimpiada-espanola-de-fisica\" target=\"_blank\">\n\t\t\t\t\t\t\t<img decoding=\"async\" src=\"https:\/\/blogsaverroes.juntadeandalucia.es\/macade\/files\/elementor\/thumbs\/Olimpiadas-de-F\u00edsica_portada-pyaw8jtg3f4h30gdrb0bod1f2jaesnpcqf1sfpa2ig.png\" title=\"Olimpiadas de F\u00edsica_portada\" alt=\"Olimpiadas de F\u00edsica_portada\" loading=\"lazy\" \/>\t\t\t\t\t\t\t\t<\/a>\n\t\t\t\t\t\t\t\t\t\t\t\t\t\t\t<\/div>\n\t\t\t\t<\/div>\n\t\t\t\t<div class=\"elementor-element elementor-element-8f3f81f elementor-widget elementor-widget-text-editor\" data-id=\"8f3f81f\" data-element_type=\"widget\" data-widget_type=\"text-editor.default\">\n\t\t\t\t<div class=\"elementor-widget-container\">\n\t\t\t\t\t\t\t\t\t<p style=\"text-align: center\"><span style=\"color: #333333\"><strong>INFORMACI\u00d3N SOBRE&#8230;<br \/><\/strong><\/span><\/p>\t\t\t\t\t\t\t\t<\/div>\n\t\t\t\t<\/div>\n\t\t\t\t\t<\/div>\n\t\t<\/div>\n\t\t\t\t<div class=\"elementor-column elementor-col-25 elementor-top-column elementor-element elementor-element-bd771e2\" data-id=\"bd771e2\" data-element_type=\"column\" data-settings=\"{&quot;background_background&quot;:&quot;slideshow&quot;,&quot;background_slideshow_gallery&quot;:[],&quot;background_slideshow_loop&quot;:&quot;yes&quot;,&quot;background_slideshow_slide_duration&quot;:5000,&quot;background_slideshow_slide_transition&quot;:&quot;fade&quot;,&quot;background_slideshow_transition_duration&quot;:500}\">\n\t\t\t<div class=\"elementor-widget-wrap elementor-element-populated\">\n\t\t\t\t\t\t<div class=\"elementor-element elementor-element-9051a76 elementor-widget elementor-widget-text-editor\" data-id=\"9051a76\" data-element_type=\"widget\" data-widget_type=\"text-editor.default\">\n\t\t\t\t<div class=\"elementor-widget-container\">\n\t\t\t\t\t\t\t\t\t<ul><li><span style=\"font-size: 16pt\"><span style=\"font-family: arial black, sans-serif\"><em>O<\/em><\/span><span style=\"font-family: arial black, sans-serif\"><em>limpiadas de F\u00edsica<\/em><\/span><\/span><\/li><li><span style=\"font-family: arial black, sans-serif;font-size: 16pt\"><em>Fase Local<\/em><\/span><\/li><li><span style=\"font-family: comic sans ms, sans-serif;font-size: 16pt\"><em><span style=\"font-family: arial black, sans-serif\">11 de febrero 2025<br \/><\/span><\/em><\/span><\/li><li style=\"text-align: justify\"><span style=\"font-family: comic sans ms, sans-serif;font-size: 20pt\"><em><span style=\"font-family: arial black, sans-serif\"><span style=\"font-size: 16pt\">Hora 17:30<\/span><br \/><\/span><\/em><\/span><\/li><\/ul>\t\t\t\t\t\t\t\t<\/div>\n\t\t\t\t<\/div>\n\t\t\t\t<div class=\"elementor-element elementor-element-ed2ed86 elementor-widget elementor-widget-text-editor\" data-id=\"ed2ed86\" data-element_type=\"widget\" data-widget_type=\"text-editor.default\">\n\t\t\t\t<div class=\"elementor-widget-container\">\n\t\t\t\t\t\t\t\t\t<p style=\"text-align: center\"><span style=\"color: #ff0000\"><strong><span style=\"font-size: 10pt\">Inscripci\u00f3n: hasta el d\u00eda 31 de enero de 2025.<\/span><\/strong><\/span><\/p>\t\t\t\t\t\t\t\t<\/div>\n\t\t\t\t<\/div>\n\t\t\t\t\t<\/div>\n\t\t<\/div>\n\t\t\t\t\t<\/div>\n\t\t<\/section>\n\t\t\t\t<section class=\"elementor-section elementor-top-section elementor-element elementor-element-e5bd052 elementor-section-full_width elementor-section-height-default elementor-section-height-default\" data-id=\"e5bd052\" data-element_type=\"section\" data-settings=\"{&quot;background_background&quot;:&quot;classic&quot;}\">\n\t\t\t\t\t\t\t<div class=\"elementor-background-overlay\"><\/div>\n\t\t\t\t\t\t\t<div class=\"elementor-container elementor-column-gap-default\">\n\t\t\t\t\t<div class=\"elementor-column elementor-col-25 elementor-top-column elementor-element elementor-element-07f9e4a\" data-id=\"07f9e4a\" data-element_type=\"column\">\n\t\t\t<div class=\"elementor-widget-wrap elementor-element-populated\">\n\t\t\t\t\t\t<div class=\"elementor-element elementor-element-7f2d826 elementor-widget elementor-widget-heading\" data-id=\"7f2d826\" data-element_type=\"widget\" data-widget_type=\"heading.default\">\n\t\t\t\t<div class=\"elementor-widget-container\">\n\t\t\t\t\t<h4 class=\"elementor-heading-title elementor-size-default\">PARTICIPANTES<\/h4>\t\t\t\t<\/div>\n\t\t\t\t<\/div>\n\t\t\t\t\t<\/div>\n\t\t<\/div>\n\t\t\t\t<div class=\"elementor-column elementor-col-25 elementor-top-column elementor-element elementor-element-21a7ee0\" data-id=\"21a7ee0\" data-element_type=\"column\">\n\t\t\t<div class=\"elementor-widget-wrap\">\n\t\t\t\t\t\t\t<\/div>\n\t\t<\/div>\n\t\t\t\t<div class=\"elementor-column elementor-col-25 elementor-top-column elementor-element elementor-element-e6cc10a\" data-id=\"e6cc10a\" data-element_type=\"column\">\n\t\t\t<div class=\"elementor-widget-wrap\">\n\t\t\t\t\t\t\t<\/div>\n\t\t<\/div>\n\t\t\t\t<div class=\"elementor-column elementor-col-25 elementor-top-column elementor-element elementor-element-71302be\" data-id=\"71302be\" data-element_type=\"column\">\n\t\t\t<div class=\"elementor-widget-wrap\">\n\t\t\t\t\t\t\t<\/div>\n\t\t<\/div>\n\t\t\t\t\t<\/div>\n\t\t<\/section>\n\t\t\t\t<section class=\"elementor-section elementor-top-section elementor-element elementor-element-a0979e4 elementor-section-full_width elementor-section-height-default elementor-section-height-default\" data-id=\"a0979e4\" data-element_type=\"section\" data-settings=\"{&quot;background_background&quot;:&quot;classic&quot;}\">\n\t\t\t\t\t\t<div class=\"elementor-container elementor-column-gap-default\">\n\t\t\t\t\t<div class=\"elementor-column elementor-col-25 elementor-top-column elementor-element elementor-element-3be8742\" data-id=\"3be8742\" data-element_type=\"column\">\n\t\t\t<div class=\"elementor-widget-wrap elementor-element-populated\">\n\t\t\t\t\t\t<div class=\"elementor-element elementor-element-9f75723 elementor-widget elementor-widget-image-gallery\" data-id=\"9f75723\" data-element_type=\"widget\" data-widget_type=\"image-gallery.default\">\n\t\t\t\t<div class=\"elementor-widget-container\">\n\t\t\t\t\t\t\t<div class=\"elementor-image-gallery\">\n\t\t\t<div id='gallery-1' class='gallery galleryid-252 gallery-columns-1 gallery-size-full'><figure class='gallery-item'>\n\t\t\t<div class='gallery-icon landscape'>\n\t\t\t\t<a data-elementor-open-lightbox=\"yes\" data-elementor-lightbox-slideshow=\"9f75723\" data-elementor-lightbox-title=\"2025 Olimpiadas QUIM\" data-e-action-hash=\"#elementor-action%3Aaction%3Dlightbox%26settings%3DeyJpZCI6MTgyNjcsInVybCI6Imh0dHBzOlwvXC9ibG9nc2F2ZXJyb2VzLmp1bnRhZGVhbmRhbHVjaWEuZXNcL21hY2FkZVwvZmlsZXNcLzIwMjVcLzAyXC8yMDI1LU9saW1waWFkYXMtUVVJTS5wbmciLCJzbGlkZXNob3ciOiI5Zjc1NzIzIn0%3D\" href='https:\/\/blogsaverroes.juntadeandalucia.es\/macade\/files\/2025\/02\/2025-Olimpiadas-QUIM.png'><img loading=\"lazy\" decoding=\"async\" width=\"960\" height=\"679\" src=\"https:\/\/blogsaverroes.juntadeandalucia.es\/macade\/files\/2025\/02\/2025-Olimpiadas-QUIM.png\" class=\"attachment-full size-full\" alt=\"\" srcset=\"https:\/\/blogsaverroes.juntadeandalucia.es\/macade\/files\/2025\/02\/2025-Olimpiadas-QUIM.png 960w, https:\/\/blogsaverroes.juntadeandalucia.es\/macade\/files\/2025\/02\/2025-Olimpiadas-QUIM-300x212.png 300w, https:\/\/blogsaverroes.juntadeandalucia.es\/macade\/files\/2025\/02\/2025-Olimpiadas-QUIM-768x543.png 768w\" sizes=\"(max-width: 960px) 100vw, 960px\" \/><\/a>\n\t\t\t<\/div><\/figure>\n\t\t<\/div>\n\t\t<\/div>\n\t\t\t\t\t\t<\/div>\n\t\t\t\t<\/div>\n\t\t\t\t<div class=\"elementor-element elementor-element-29b3b8d elementor-widget elementor-widget-text-editor\" data-id=\"29b3b8d\" data-element_type=\"widget\" data-widget_type=\"text-editor.default\">\n\t\t\t\t<div class=\"elementor-widget-container\">\n\t\t\t\t\t\t\t\t\t<p style=\"text-align: left\"><span style=\"color: #333333\"><strong>Olimpiadas de Qu\u00edmica 2025. <\/strong><\/span><span class=\"gmail_default\" style=\"font-size: 10pt\"><span style=\"color: #333333\">Izqda: Rodrigo Rosado y Pablo Rodr\u00edguez. Prof. responsable: Mario Carrasco.<\/span><br \/><\/span><\/p>\t\t\t\t\t\t\t\t<\/div>\n\t\t\t\t<\/div>\n\t\t\t\t\t<\/div>\n\t\t<\/div>\n\t\t\t\t<div class=\"elementor-column elementor-col-25 elementor-top-column elementor-element elementor-element-4c30cae elementor-hidden-tablet elementor-hidden-mobile\" data-id=\"4c30cae\" data-element_type=\"column\">\n\t\t\t<div class=\"elementor-widget-wrap elementor-element-populated\">\n\t\t\t\t\t\t<div class=\"elementor-element elementor-element-4b1f1b1 elementor-widget elementor-widget-image-gallery\" data-id=\"4b1f1b1\" data-element_type=\"widget\" data-widget_type=\"image-gallery.default\">\n\t\t\t\t<div class=\"elementor-widget-container\">\n\t\t\t\t\t\t\t<div class=\"elementor-image-gallery\">\n\t\t\t<div id='gallery-2' class='gallery galleryid-252 gallery-columns-1 gallery-size-full'><figure class='gallery-item'>\n\t\t\t<div class='gallery-icon landscape'>\n\t\t\t\t<a data-elementor-open-lightbox=\"yes\" data-elementor-lightbox-slideshow=\"4b1f1b1\" data-elementor-lightbox-title=\"blackboard-1906462_1920\" data-e-action-hash=\"#elementor-action%3Aaction%3Dlightbox%26settings%3DeyJpZCI6MTgyNzIsInVybCI6Imh0dHBzOlwvXC9ibG9nc2F2ZXJyb2VzLmp1bnRhZGVhbmRhbHVjaWEuZXNcL21hY2FkZVwvZmlsZXNcLzIwMjVcLzAyXC9ibGFja2JvYXJkLTE5MDY0NjJfMTkyMC5qcGciLCJzbGlkZXNob3ciOiI0YjFmMWIxIn0%3D\" href='https:\/\/blogsaverroes.juntadeandalucia.es\/macade\/files\/2025\/02\/blackboard-1906462_1920.jpg'><img loading=\"lazy\" decoding=\"async\" width=\"1920\" height=\"1357\" src=\"https:\/\/blogsaverroes.juntadeandalucia.es\/macade\/files\/2025\/02\/blackboard-1906462_1920.jpg\" class=\"attachment-full size-full\" alt=\"\" srcset=\"https:\/\/blogsaverroes.juntadeandalucia.es\/macade\/files\/2025\/02\/blackboard-1906462_1920.jpg 1920w, https:\/\/blogsaverroes.juntadeandalucia.es\/macade\/files\/2025\/02\/blackboard-1906462_1920-300x212.jpg 300w, https:\/\/blogsaverroes.juntadeandalucia.es\/macade\/files\/2025\/02\/blackboard-1906462_1920-1024x724.jpg 1024w, https:\/\/blogsaverroes.juntadeandalucia.es\/macade\/files\/2025\/02\/blackboard-1906462_1920-768x543.jpg 768w, https:\/\/blogsaverroes.juntadeandalucia.es\/macade\/files\/2025\/02\/blackboard-1906462_1920-1536x1086.jpg 1536w\" sizes=\"(max-width: 1920px) 100vw, 1920px\" \/><\/a>\n\t\t\t<\/div><\/figure>\n\t\t<\/div>\n\t\t<\/div>\n\t\t\t\t\t\t<\/div>\n\t\t\t\t<\/div>\n\t\t\t\t<div class=\"elementor-element elementor-element-ac1556f elementor-widget elementor-widget-text-editor\" data-id=\"ac1556f\" data-element_type=\"widget\" data-widget_type=\"text-editor.default\">\n\t\t\t\t<div class=\"elementor-widget-container\">\n\t\t\t\t\t\t\t\t\t<p style=\"text-align: left\"><span style=\"color: #333333\"><strong>Olimpiadas de Qu\u00edmica 2026. <\/strong><\/span><span class=\"gmail_default\" style=\"font-size: 10pt\"><br \/><\/span><\/p>\t\t\t\t\t\t\t\t<\/div>\n\t\t\t\t<\/div>\n\t\t\t\t\t<\/div>\n\t\t<\/div>\n\t\t\t\t<div class=\"elementor-column elementor-col-25 elementor-top-column elementor-element elementor-element-9a969a3 elementor-hidden-mobile\" data-id=\"9a969a3\" data-element_type=\"column\">\n\t\t\t<div class=\"elementor-widget-wrap elementor-element-populated\">\n\t\t\t\t\t\t<div class=\"elementor-element elementor-element-002d133 elementor-widget elementor-widget-image-gallery\" data-id=\"002d133\" data-element_type=\"widget\" data-widget_type=\"image-gallery.default\">\n\t\t\t\t<div class=\"elementor-widget-container\">\n\t\t\t\t\t\t\t<div class=\"elementor-image-gallery\">\n\t\t\t<div id='gallery-3' class='gallery galleryid-252 gallery-columns-1 gallery-size-full'><figure class='gallery-item'>\n\t\t\t<div class='gallery-icon landscape'>\n\t\t\t\t<a data-elementor-open-lightbox=\"yes\" data-elementor-lightbox-slideshow=\"002d133\" data-elementor-lightbox-title=\"blackboard-1906462_1920\" data-e-action-hash=\"#elementor-action%3Aaction%3Dlightbox%26settings%3DeyJpZCI6MTgyNzIsInVybCI6Imh0dHBzOlwvXC9ibG9nc2F2ZXJyb2VzLmp1bnRhZGVhbmRhbHVjaWEuZXNcL21hY2FkZVwvZmlsZXNcLzIwMjVcLzAyXC9ibGFja2JvYXJkLTE5MDY0NjJfMTkyMC5qcGciLCJzbGlkZXNob3ciOiIwMDJkMTMzIn0%3D\" href='https:\/\/blogsaverroes.juntadeandalucia.es\/macade\/files\/2025\/02\/blackboard-1906462_1920.jpg'><img loading=\"lazy\" decoding=\"async\" width=\"1920\" height=\"1357\" src=\"https:\/\/blogsaverroes.juntadeandalucia.es\/macade\/files\/2025\/02\/blackboard-1906462_1920.jpg\" class=\"attachment-full size-full\" alt=\"\" srcset=\"https:\/\/blogsaverroes.juntadeandalucia.es\/macade\/files\/2025\/02\/blackboard-1906462_1920.jpg 1920w, https:\/\/blogsaverroes.juntadeandalucia.es\/macade\/files\/2025\/02\/blackboard-1906462_1920-300x212.jpg 300w, https:\/\/blogsaverroes.juntadeandalucia.es\/macade\/files\/2025\/02\/blackboard-1906462_1920-1024x724.jpg 1024w, https:\/\/blogsaverroes.juntadeandalucia.es\/macade\/files\/2025\/02\/blackboard-1906462_1920-768x543.jpg 768w, https:\/\/blogsaverroes.juntadeandalucia.es\/macade\/files\/2025\/02\/blackboard-1906462_1920-1536x1086.jpg 1536w\" sizes=\"(max-width: 1920px) 100vw, 1920px\" \/><\/a>\n\t\t\t<\/div><\/figure>\n\t\t<\/div>\n\t\t<\/div>\n\t\t\t\t\t\t<\/div>\n\t\t\t\t<\/div>\n\t\t\t\t<div class=\"elementor-element elementor-element-be9644d elementor-widget elementor-widget-text-editor\" data-id=\"be9644d\" data-element_type=\"widget\" data-widget_type=\"text-editor.default\">\n\t\t\t\t<div class=\"elementor-widget-container\">\n\t\t\t\t\t\t\t\t\t<p style=\"text-align: left\"><span style=\"color: #333333\"><strong>Olimpiadas de Qu\u00edmica 2027.<\/strong><\/span><\/p>\t\t\t\t\t\t\t\t<\/div>\n\t\t\t\t<\/div>\n\t\t\t\t\t<\/div>\n\t\t<\/div>\n\t\t\t\t<div class=\"elementor-column elementor-col-25 elementor-top-column elementor-element elementor-element-a4c35e9 elementor-hidden-mobile\" data-id=\"a4c35e9\" data-element_type=\"column\">\n\t\t\t<div class=\"elementor-widget-wrap elementor-element-populated\">\n\t\t\t\t\t\t<div class=\"elementor-element elementor-element-2a76951 elementor-widget elementor-widget-image-gallery\" data-id=\"2a76951\" data-element_type=\"widget\" data-widget_type=\"image-gallery.default\">\n\t\t\t\t<div class=\"elementor-widget-container\">\n\t\t\t\t\t\t\t<div class=\"elementor-image-gallery\">\n\t\t\t<div id='gallery-4' class='gallery galleryid-252 gallery-columns-1 gallery-size-full'><figure class='gallery-item'>\n\t\t\t<div class='gallery-icon landscape'>\n\t\t\t\t<a data-elementor-open-lightbox=\"yes\" data-elementor-lightbox-slideshow=\"2a76951\" data-elementor-lightbox-title=\"blackboard-1906462_1920\" data-e-action-hash=\"#elementor-action%3Aaction%3Dlightbox%26settings%3DeyJpZCI6MTgyNzIsInVybCI6Imh0dHBzOlwvXC9ibG9nc2F2ZXJyb2VzLmp1bnRhZGVhbmRhbHVjaWEuZXNcL21hY2FkZVwvZmlsZXNcLzIwMjVcLzAyXC9ibGFja2JvYXJkLTE5MDY0NjJfMTkyMC5qcGciLCJzbGlkZXNob3ciOiIyYTc2OTUxIn0%3D\" href='https:\/\/blogsaverroes.juntadeandalucia.es\/macade\/files\/2025\/02\/blackboard-1906462_1920.jpg'><img loading=\"lazy\" decoding=\"async\" width=\"1920\" height=\"1357\" src=\"https:\/\/blogsaverroes.juntadeandalucia.es\/macade\/files\/2025\/02\/blackboard-1906462_1920.jpg\" class=\"attachment-full size-full\" alt=\"\" srcset=\"https:\/\/blogsaverroes.juntadeandalucia.es\/macade\/files\/2025\/02\/blackboard-1906462_1920.jpg 1920w, https:\/\/blogsaverroes.juntadeandalucia.es\/macade\/files\/2025\/02\/blackboard-1906462_1920-300x212.jpg 300w, https:\/\/blogsaverroes.juntadeandalucia.es\/macade\/files\/2025\/02\/blackboard-1906462_1920-1024x724.jpg 1024w, https:\/\/blogsaverroes.juntadeandalucia.es\/macade\/files\/2025\/02\/blackboard-1906462_1920-768x543.jpg 768w, https:\/\/blogsaverroes.juntadeandalucia.es\/macade\/files\/2025\/02\/blackboard-1906462_1920-1536x1086.jpg 1536w\" sizes=\"(max-width: 1920px) 100vw, 1920px\" \/><\/a>\n\t\t\t<\/div><\/figure>\n\t\t<\/div>\n\t\t<\/div>\n\t\t\t\t\t\t<\/div>\n\t\t\t\t<\/div>\n\t\t\t\t<div class=\"elementor-element elementor-element-60749d1 elementor-widget elementor-widget-text-editor\" data-id=\"60749d1\" data-element_type=\"widget\" data-widget_type=\"text-editor.default\">\n\t\t\t\t<div class=\"elementor-widget-container\">\n\t\t\t\t\t\t\t\t\t<p style=\"text-align: left\"><span style=\"color: #333333\"><strong>Olimpiadas de Qu\u00edmica 2028. <\/strong><\/span><span style=\"font-size: 10pt\"><br \/><\/span><\/p>\t\t\t\t\t\t\t\t<\/div>\n\t\t\t\t<\/div>\n\t\t\t\t\t<\/div>\n\t\t<\/div>\n\t\t\t\t\t<\/div>\n\t\t<\/section>\n\t\t\t\t<section class=\"elementor-section elementor-top-section elementor-element elementor-element-82b031b elementor-section-full_width elementor-section-height-default elementor-section-height-default\" data-id=\"82b031b\" data-element_type=\"section\" data-settings=\"{&quot;background_background&quot;:&quot;classic&quot;}\">\n\t\t\t\t\t\t<div class=\"elementor-container elementor-column-gap-default\">\n\t\t\t\t\t<div class=\"elementor-column elementor-col-25 elementor-top-column elementor-element elementor-element-96c8acf\" data-id=\"96c8acf\" data-element_type=\"column\">\n\t\t\t<div class=\"elementor-widget-wrap elementor-element-populated\">\n\t\t\t\t\t\t<div class=\"elementor-element elementor-element-f7beac7 elementor-widget elementor-widget-image-gallery\" data-id=\"f7beac7\" data-element_type=\"widget\" data-widget_type=\"image-gallery.default\">\n\t\t\t\t<div class=\"elementor-widget-container\">\n\t\t\t\t\t\t\t<div class=\"elementor-image-gallery\">\n\t\t\t<div id='gallery-5' class='gallery galleryid-252 gallery-columns-1 gallery-size-full'><figure class='gallery-item'>\n\t\t\t<div class='gallery-icon landscape'>\n\t\t\t\t<a data-elementor-open-lightbox=\"yes\" data-elementor-lightbox-slideshow=\"f7beac7\" data-elementor-lightbox-title=\"2024 Q\" data-e-action-hash=\"#elementor-action%3Aaction%3Dlightbox%26settings%3DeyJpZCI6MTU4NzQsInVybCI6Imh0dHBzOlwvXC9ibG9nc2F2ZXJyb2VzLmp1bnRhZGVhbmRhbHVjaWEuZXNcL21hY2FkZVwvZmlsZXNcLzIwMjRcLzAyXC8yMDI0LVEucG5nIiwic2xpZGVzaG93IjoiZjdiZWFjNyJ9\" href='https:\/\/blogsaverroes.juntadeandalucia.es\/macade\/files\/2024\/02\/2024-Q.png'><img loading=\"lazy\" decoding=\"async\" width=\"960\" height=\"679\" src=\"https:\/\/blogsaverroes.juntadeandalucia.es\/macade\/files\/2024\/02\/2024-Q.png\" class=\"attachment-full size-full\" alt=\"\" srcset=\"https:\/\/blogsaverroes.juntadeandalucia.es\/macade\/files\/2024\/02\/2024-Q.png 960w, https:\/\/blogsaverroes.juntadeandalucia.es\/macade\/files\/2024\/02\/2024-Q-300x212.png 300w, https:\/\/blogsaverroes.juntadeandalucia.es\/macade\/files\/2024\/02\/2024-Q-768x543.png 768w, https:\/\/blogsaverroes.juntadeandalucia.es\/macade\/files\/2024\/02\/2024-Q-24x17.png 24w, https:\/\/blogsaverroes.juntadeandalucia.es\/macade\/files\/2024\/02\/2024-Q-36x25.png 36w, https:\/\/blogsaverroes.juntadeandalucia.es\/macade\/files\/2024\/02\/2024-Q-48x34.png 48w\" sizes=\"(max-width: 960px) 100vw, 960px\" \/><\/a>\n\t\t\t<\/div><\/figure>\n\t\t<\/div>\n\t\t<\/div>\n\t\t\t\t\t\t<\/div>\n\t\t\t\t<\/div>\n\t\t\t\t<div class=\"elementor-element elementor-element-df8dfd7 elementor-widget elementor-widget-text-editor\" data-id=\"df8dfd7\" data-element_type=\"widget\" data-widget_type=\"text-editor.default\">\n\t\t\t\t<div class=\"elementor-widget-container\">\n\t\t\t\t\t\t\t\t\t<p style=\"text-align: left\"><span style=\"color: #333333\"><strong>Olimpiadas de Qu\u00edmica 2024. <\/strong><\/span><span class=\"gmail_default\" style=\"font-size: 10pt\"><span style=\"color: #333333\">Izqda: Ana del Roc\u00edo Fern\u00e1ndez, Laura S\u00e1nchez y Miguel \u00c1ngel Sotillo. Prof. responsable: Mario Carrasco.<\/span><br \/><\/span><\/p>\t\t\t\t\t\t\t\t<\/div>\n\t\t\t\t<\/div>\n\t\t\t\t\t<\/div>\n\t\t<\/div>\n\t\t\t\t<div class=\"elementor-column elementor-col-25 elementor-top-column elementor-element elementor-element-27e4ab8\" data-id=\"27e4ab8\" data-element_type=\"column\">\n\t\t\t<div class=\"elementor-widget-wrap elementor-element-populated\">\n\t\t\t\t\t\t<div class=\"elementor-element elementor-element-8626c9c elementor-widget elementor-widget-image-gallery\" data-id=\"8626c9c\" data-element_type=\"widget\" data-widget_type=\"image-gallery.default\">\n\t\t\t\t<div class=\"elementor-widget-container\">\n\t\t\t\t\t\t\t<div class=\"elementor-image-gallery\">\n\t\t\t<div id='gallery-6' class='gallery galleryid-252 gallery-columns-1 gallery-size-full'><figure class='gallery-item'>\n\t\t\t<div class='gallery-icon landscape'>\n\t\t\t\t<a data-elementor-open-lightbox=\"yes\" data-elementor-lightbox-slideshow=\"8626c9c\" data-elementor-lightbox-title=\"Olimpiadas de Qu\u00edmica 2019\" data-elementor-lightbox-description=\"Izqda: Antonio Garc\u00eda Torres, Paula Ruiz Mart\u00edn, \u00c1ngela Cruz Aguilar y Yi Qiang Wu.\" data-e-action-hash=\"#elementor-action%3Aaction%3Dlightbox%26settings%3DeyJpZCI6NTAwNSwidXJsIjoiaHR0cHM6XC9cL2Jsb2dzYXZlcnJvZXMuanVudGFkZWFuZGFsdWNpYS5lc1wvbWFjYWRlXC9maWxlc1wvMjAyMlwvMTFcLzIwMjIucG5nIiwic2xpZGVzaG93IjoiODYyNmM5YyJ9\" href='https:\/\/blogsaverroes.juntadeandalucia.es\/macade\/files\/2022\/11\/2022.png'><img loading=\"lazy\" decoding=\"async\" width=\"960\" height=\"679\" src=\"https:\/\/blogsaverroes.juntadeandalucia.es\/macade\/files\/2022\/11\/2022.png\" class=\"attachment-full size-full\" alt=\"\" srcset=\"https:\/\/blogsaverroes.juntadeandalucia.es\/macade\/files\/2022\/11\/2022.png 960w, https:\/\/blogsaverroes.juntadeandalucia.es\/macade\/files\/2022\/11\/2022-300x212.png 300w, https:\/\/blogsaverroes.juntadeandalucia.es\/macade\/files\/2022\/11\/2022-768x543.png 768w, https:\/\/blogsaverroes.juntadeandalucia.es\/macade\/files\/2022\/11\/2022-24x17.png 24w, https:\/\/blogsaverroes.juntadeandalucia.es\/macade\/files\/2022\/11\/2022-36x25.png 36w, https:\/\/blogsaverroes.juntadeandalucia.es\/macade\/files\/2022\/11\/2022-48x34.png 48w\" sizes=\"(max-width: 960px) 100vw, 960px\" \/><\/a>\n\t\t\t<\/div><\/figure>\n\t\t<\/div>\n\t\t<\/div>\n\t\t\t\t\t\t<\/div>\n\t\t\t\t<\/div>\n\t\t\t\t<div class=\"elementor-element elementor-element-9d817a7 elementor-widget elementor-widget-text-editor\" data-id=\"9d817a7\" data-element_type=\"widget\" data-widget_type=\"text-editor.default\">\n\t\t\t\t<div class=\"elementor-widget-container\">\n\t\t\t\t\t\t\t\t\t<p style=\"text-align: left\"><span style=\"color: #333333\"><strong>Olimpiadas de Qu\u00edmica 2022. <\/strong><\/span><span class=\"gmail_default\" style=\"font-size: 10pt\"><span style=\"color: #333333\">Izqda: Antonio Garc\u00eda Torres, Paula Ruiz Mart\u00edn, \u00c1ngela Cruz Aguilar y Yi Qiang Wu. Prof. responsable: Antonio Ru\u00edz Farf\u00e1n.<\/span><br \/><\/span><\/p>\t\t\t\t\t\t\t\t<\/div>\n\t\t\t\t<\/div>\n\t\t\t\t\t<\/div>\n\t\t<\/div>\n\t\t\t\t<div class=\"elementor-column elementor-col-25 elementor-top-column elementor-element elementor-element-f3ba5e8\" data-id=\"f3ba5e8\" data-element_type=\"column\">\n\t\t\t<div class=\"elementor-widget-wrap elementor-element-populated\">\n\t\t\t\t\t\t<div class=\"elementor-element elementor-element-147ef28 elementor-widget elementor-widget-image-gallery\" data-id=\"147ef28\" data-element_type=\"widget\" data-widget_type=\"image-gallery.default\">\n\t\t\t\t<div class=\"elementor-widget-container\">\n\t\t\t\t\t\t\t<div class=\"elementor-image-gallery\">\n\t\t\t<div id='gallery-7' class='gallery galleryid-252 gallery-columns-1 gallery-size-full'><figure class='gallery-item'>\n\t\t\t<div class='gallery-icon landscape'>\n\t\t\t\t<a data-elementor-open-lightbox=\"yes\" data-elementor-lightbox-slideshow=\"147ef28\" data-elementor-lightbox-title=\"Olimpiadas de Qu\u00edmica 2019\" data-elementor-lightbox-description=\"Izqda: Paula Rodr\u00edguez V\u00e1zquez, Patricia S\u00e1nchez Fari\u00f1a, V\u00edctor Lazo Ruiz y Juan Delgado Mart\u00edn.\" data-e-action-hash=\"#elementor-action%3Aaction%3Dlightbox%26settings%3DeyJpZCI6NTAxMSwidXJsIjoiaHR0cHM6XC9cL2Jsb2dzYXZlcnJvZXMuanVudGFkZWFuZGFsdWNpYS5lc1wvbWFjYWRlXC9maWxlc1wvMjAyMlwvMTFcLzIwMTktMS5wbmciLCJzbGlkZXNob3ciOiIxNDdlZjI4In0%3D\" href='https:\/\/blogsaverroes.juntadeandalucia.es\/macade\/files\/2022\/11\/2019-1.png'><img loading=\"lazy\" decoding=\"async\" width=\"960\" height=\"679\" src=\"https:\/\/blogsaverroes.juntadeandalucia.es\/macade\/files\/2022\/11\/2019-1.png\" class=\"attachment-full size-full\" alt=\"\" srcset=\"https:\/\/blogsaverroes.juntadeandalucia.es\/macade\/files\/2022\/11\/2019-1.png 960w, https:\/\/blogsaverroes.juntadeandalucia.es\/macade\/files\/2022\/11\/2019-1-300x212.png 300w, https:\/\/blogsaverroes.juntadeandalucia.es\/macade\/files\/2022\/11\/2019-1-768x543.png 768w, https:\/\/blogsaverroes.juntadeandalucia.es\/macade\/files\/2022\/11\/2019-1-24x17.png 24w, https:\/\/blogsaverroes.juntadeandalucia.es\/macade\/files\/2022\/11\/2019-1-36x25.png 36w, https:\/\/blogsaverroes.juntadeandalucia.es\/macade\/files\/2022\/11\/2019-1-48x34.png 48w\" sizes=\"(max-width: 960px) 100vw, 960px\" \/><\/a>\n\t\t\t<\/div><\/figure>\n\t\t<\/div>\n\t\t<\/div>\n\t\t\t\t\t\t<\/div>\n\t\t\t\t<\/div>\n\t\t\t\t<div class=\"elementor-element elementor-element-76cfee7 elementor-widget elementor-widget-text-editor\" data-id=\"76cfee7\" data-element_type=\"widget\" data-widget_type=\"text-editor.default\">\n\t\t\t\t<div class=\"elementor-widget-container\">\n\t\t\t\t\t\t\t\t\t<p style=\"text-align: left\"><span style=\"color: #333333\"><strong>Olimpiadas de Qu\u00edmica 2019. <\/strong><span class=\"gmail_default\" style=\"font-size: 10pt\">Izqda: <\/span><span style=\"font-size: 10pt\">Paula Rodr\u00edguez V\u00e1zquez, Patricia S\u00e1nchez Fari\u00f1a, V\u00edctor Lazo Ruiz y Juan Delgado Mart\u00edn. <span class=\"gmail_default\" style=\"font-size: 10pt\">Prof. responsable: Antonio Ru\u00edz Farf\u00e1n.<\/span><\/span><\/span><\/p>\t\t\t\t\t\t\t\t<\/div>\n\t\t\t\t<\/div>\n\t\t\t\t\t<\/div>\n\t\t<\/div>\n\t\t\t\t<div class=\"elementor-column elementor-col-25 elementor-top-column elementor-element elementor-element-ef57bb4\" data-id=\"ef57bb4\" data-element_type=\"column\">\n\t\t\t<div class=\"elementor-widget-wrap elementor-element-populated\">\n\t\t\t\t\t\t<div class=\"elementor-element elementor-element-3b5a8ee elementor-widget elementor-widget-image-gallery\" data-id=\"3b5a8ee\" data-element_type=\"widget\" data-widget_type=\"image-gallery.default\">\n\t\t\t\t<div class=\"elementor-widget-container\">\n\t\t\t\t\t\t\t<div class=\"elementor-image-gallery\">\n\t\t\t<div id='gallery-8' class='gallery galleryid-252 gallery-columns-1 gallery-size-full'><figure class='gallery-item'>\n\t\t\t<div class='gallery-icon landscape'>\n\t\t\t\t<a data-elementor-open-lightbox=\"yes\" data-elementor-lightbox-slideshow=\"3b5a8ee\" data-elementor-lightbox-title=\"Olimpiadas de Qu\u00edmica 2017\" data-elementor-lightbox-description=\"Izqda: Jorge Mart\u00ednez Reviriego, Prof. Antonio Ruiz Farf\u00e1n y Jes\u00fas Aguilar Morgado.\" data-e-action-hash=\"#elementor-action%3Aaction%3Dlightbox%26settings%3DeyJpZCI6NTAxNSwidXJsIjoiaHR0cHM6XC9cL2Jsb2dzYXZlcnJvZXMuanVudGFkZWFuZGFsdWNpYS5lc1wvbWFjYWRlXC9maWxlc1wvMjAyMlwvMTFcLzIwMTctMS5wbmciLCJzbGlkZXNob3ciOiIzYjVhOGVlIn0%3D\" href='https:\/\/blogsaverroes.juntadeandalucia.es\/macade\/files\/2022\/11\/2017-1.png'><img loading=\"lazy\" decoding=\"async\" width=\"960\" height=\"679\" src=\"https:\/\/blogsaverroes.juntadeandalucia.es\/macade\/files\/2022\/11\/2017-1.png\" class=\"attachment-full size-full\" alt=\"\" srcset=\"https:\/\/blogsaverroes.juntadeandalucia.es\/macade\/files\/2022\/11\/2017-1.png 960w, https:\/\/blogsaverroes.juntadeandalucia.es\/macade\/files\/2022\/11\/2017-1-300x212.png 300w, https:\/\/blogsaverroes.juntadeandalucia.es\/macade\/files\/2022\/11\/2017-1-768x543.png 768w, https:\/\/blogsaverroes.juntadeandalucia.es\/macade\/files\/2022\/11\/2017-1-24x17.png 24w, https:\/\/blogsaverroes.juntadeandalucia.es\/macade\/files\/2022\/11\/2017-1-36x25.png 36w, https:\/\/blogsaverroes.juntadeandalucia.es\/macade\/files\/2022\/11\/2017-1-48x34.png 48w\" sizes=\"(max-width: 960px) 100vw, 960px\" \/><\/a>\n\t\t\t<\/div><\/figure>\n\t\t<\/div>\n\t\t<\/div>\n\t\t\t\t\t\t<\/div>\n\t\t\t\t<\/div>\n\t\t\t\t<div class=\"elementor-element elementor-element-b0b0ac1 elementor-widget elementor-widget-text-editor\" data-id=\"b0b0ac1\" data-element_type=\"widget\" data-widget_type=\"text-editor.default\">\n\t\t\t\t<div class=\"elementor-widget-container\">\n\t\t\t\t\t\t\t\t\t<p style=\"text-align: left\"><span style=\"color: #333333\"><strong>Olimpiadas de Qu\u00edmica 2017. <\/strong><\/span><span class=\"gmail_default\" style=\"font-size: 10pt;color: #333333\">Izqda: <\/span><span style=\"font-size: 10pt\"><span style=\"color: #333333\">Jorge Mart\u00ednez Reviriego, Prof. Antonio Ruiz Farf\u00e1n y Jes\u00fas Aguilar Morgado.<\/span><br \/><\/span><\/p>\t\t\t\t\t\t\t\t<\/div>\n\t\t\t\t<\/div>\n\t\t\t\t\t<\/div>\n\t\t<\/div>\n\t\t\t\t\t<\/div>\n\t\t<\/section>\n\t\t\t\t<\/div>\n\t\t","protected":false},"excerpt":{"rendered":"<p>OLIMPIADAS F\u00cdSICA-QU\u00cdMICA CONTENIDO OLIMPIADAS DE QU\u00cdMICA Las Olimpiadas de Qu\u00edmica tienen como objetivo estimular a los estudiantes a buscar la excelencia en el \u00e1rea de&hellip;<\/p>\n","protected":false},"author":10494,"featured_media":0,"parent":0,"menu_order":0,"comment_status":"closed","ping_status":"closed","template":"elementor_header_footer","meta":{"ngg_post_thumbnail":0,"footnotes":""},"aioseo_notices":[],"post_mailing_queue_ids":[],"_links":{"self":[{"href":"https:\/\/blogsaverroes.juntadeandalucia.es\/macade\/wp-json\/wp\/v2\/pages\/252"}],"collection":[{"href":"https:\/\/blogsaverroes.juntadeandalucia.es\/macade\/wp-json\/wp\/v2\/pages"}],"about":[{"href":"https:\/\/blogsaverroes.juntadeandalucia.es\/macade\/wp-json\/wp\/v2\/types\/page"}],"author":[{"embeddable":true,"href":"https:\/\/blogsaverroes.juntadeandalucia.es\/macade\/wp-json\/wp\/v2\/users\/10494"}],"replies":[{"embeddable":true,"href":"https:\/\/blogsaverroes.juntadeandalucia.es\/macade\/wp-json\/wp\/v2\/comments?post=252"}],"version-history":[{"count":462,"href":"https:\/\/blogsaverroes.juntadeandalucia.es\/macade\/wp-json\/wp\/v2\/pages\/252\/revisions"}],"predecessor-version":[{"id":20630,"href":"https:\/\/blogsaverroes.juntadeandalucia.es\/macade\/wp-json\/wp\/v2\/pages\/252\/revisions\/20630"}],"wp:attachment":[{"href":"https:\/\/blogsaverroes.juntadeandalucia.es\/macade\/wp-json\/wp\/v2\/media?parent=252"}],"curies":[{"name":"wp","href":"https:\/\/api.w.org\/{rel}","templated":true}]}}