{"id":1501,"date":"2021-08-18T00:07:21","date_gmt":"2021-08-17T22:07:21","guid":{"rendered":"https:\/\/blogsaverroes.juntadeandalucia.es\/manuelandujar\/?page_id=1501"},"modified":"2021-08-18T00:55:54","modified_gmt":"2021-08-17T22:55:54","slug":"impulsa","status":"publish","type":"page","link":"https:\/\/blogsaverroes.juntadeandalucia.es\/manuelandujar\/impulsa\/","title":{"rendered":"Impulsa"},"content":{"rendered":"<p>[et_pb_section fb_built=&#8221;1&#8243; _builder_version=&#8221;3.23.3&#8243; custom_padding=&#8221;0px||0px|&#8221; z_index_tablet=&#8221;500&#8243; box_shadow_horizontal_tablet=&#8221;0px&#8221; box_shadow_vertical_tablet=&#8221;0px&#8221; box_shadow_blur_tablet=&#8221;40px&#8221; box_shadow_spread_tablet=&#8221;0px&#8221;][et_pb_row _builder_version=&#8221;3.25&#8243; background_size=&#8221;initial&#8221; background_position=&#8221;top_left&#8221; background_repeat=&#8221;repeat&#8221;][et_pb_column type=&#8221;4_4&#8243; _builder_version=&#8221;3.25&#8243; custom_padding=&#8221;|||&#8221; custom_padding__hover=&#8221;|||&#8221;][et_pb_image src=&#8221;https:\/\/blogsaverroes.juntadeandalucia.es\/manuelandujar\/files\/2021\/08\/banner_impulsa.png&#8221; title_text=&#8221;banner_impulsa&#8221; admin_label=&#8221;Imagen de la portada&#8221; _builder_version=&#8221;4.5.0&#8243; z_index_tablet=&#8221;500&#8243; box_shadow_horizontal_tablet=&#8221;0px&#8221; box_shadow_vertical_tablet=&#8221;0px&#8221; box_shadow_blur_tablet=&#8221;40px&#8221; box_shadow_spread_tablet=&#8221;0px&#8221;][\/et_pb_image][et_pb_text admin_label=&#8221;Texto descriptivo&#8221; _builder_version=&#8221;4.5.0&#8243; hover_enabled=&#8221;0&#8243; z_index_tablet=&#8221;500&#8243; text_text_shadow_horizontal_length_tablet=&#8221;0px&#8221; text_text_shadow_vertical_length_tablet=&#8221;0px&#8221; text_text_shadow_blur_strength_tablet=&#8221;1px&#8221; link_text_shadow_horizontal_length_tablet=&#8221;0px&#8221; link_text_shadow_vertical_length_tablet=&#8221;0px&#8221; link_text_shadow_blur_strength_tablet=&#8221;1px&#8221; ul_text_shadow_horizontal_length_tablet=&#8221;0px&#8221; ul_text_shadow_vertical_length_tablet=&#8221;0px&#8221; ul_text_shadow_blur_strength_tablet=&#8221;1px&#8221; ol_text_shadow_horizontal_length_tablet=&#8221;0px&#8221; ol_text_shadow_vertical_length_tablet=&#8221;0px&#8221; ol_text_shadow_blur_strength_tablet=&#8221;1px&#8221; quote_text_shadow_horizontal_length_tablet=&#8221;0px&#8221; quote_text_shadow_vertical_length_tablet=&#8221;0px&#8221; quote_text_shadow_blur_strength_tablet=&#8221;1px&#8221; header_text_shadow_horizontal_length_tablet=&#8221;0px&#8221; header_text_shadow_vertical_length_tablet=&#8221;0px&#8221; header_text_shadow_blur_strength_tablet=&#8221;1px&#8221; header_2_text_shadow_horizontal_length_tablet=&#8221;0px&#8221; header_2_text_shadow_vertical_length_tablet=&#8221;0px&#8221; header_2_text_shadow_blur_strength_tablet=&#8221;1px&#8221; header_3_text_shadow_horizontal_length_tablet=&#8221;0px&#8221; header_3_text_shadow_vertical_length_tablet=&#8221;0px&#8221; header_3_text_shadow_blur_strength_tablet=&#8221;1px&#8221; header_4_text_shadow_horizontal_length_tablet=&#8221;0px&#8221; header_4_text_shadow_vertical_length_tablet=&#8221;0px&#8221; header_4_text_shadow_blur_strength_tablet=&#8221;1px&#8221; header_5_text_shadow_horizontal_length_tablet=&#8221;0px&#8221; header_5_text_shadow_vertical_length_tablet=&#8221;0px&#8221; header_5_text_shadow_blur_strength_tablet=&#8221;1px&#8221; header_6_text_shadow_horizontal_length_tablet=&#8221;0px&#8221; header_6_text_shadow_vertical_length_tablet=&#8221;0px&#8221; header_6_text_shadow_blur_strength_tablet=&#8221;1px&#8221; box_shadow_horizontal_tablet=&#8221;0px&#8221; box_shadow_vertical_tablet=&#8221;0px&#8221; box_shadow_blur_tablet=&#8221;40px&#8221; box_shadow_spread_tablet=&#8221;0px&#8221;]<\/p>\n<h2><b>Impulsa II<\/b><\/h2>\n<p><img loading=\"lazy\" decoding=\"async\" class=\"wp-image-1157 alignleft\" src=\"https:\/\/blogsaverroes.juntadeandalucia.es\/manuelandujar\/files\/2020\/02\/IMPULSA-729x1024.jpg\" alt=\"\" width=\"240\" height=\"337\" \/><\/p>\n<p style=\"text-align: justify\"><strong><span style=\"font-size: 14pt\">NOS IMPULSAMOS CON EL PROGRAMA IMPULSA. ARQUITECTURA SOSTENIBLE. ENERGIA SOLAR y CREATIVIDAD EN EL COLE.<\/span><\/strong><\/p>\n<p style=\"text-align: justify\"><span style=\"font-size: 14pt\">Nuestro centro ha participado en el&nbsp;<strong>Programa IMPULSA II<\/strong>&nbsp;cofinanciado por la Consejer\u00eda de Educaci\u00f3n y Deporte, el Ministerio de Educaci\u00f3n y Formaci\u00f3n Profesional y el Fondo Social Europeo.<\/span><\/p>\n<p style=\"text-align: justify\"><span style=\"font-size: 14pt\">Este programa se concibe como un conjunto de actuaciones dirigidas a mejorar la formaci\u00f3n del profesorado, as\u00ed como el grado de adquisici\u00f3n de las competencias clave y la motivaci\u00f3n del alumnado en riesgo de abandono escolar.<\/span><\/p>\n<p>&nbsp;<\/p>\n<p style=\"text-align: justify\"><span style=\"font-size: 14pt\">El proyecto Impulsa2 est\u00e1 dando grandes resultados.&nbsp;<\/span><span style=\"font-size: 14pt\">\u00a1Qu\u00e9 ganas de que los ve\u00e1is!<\/span><\/p>\n<p style=\"text-align: justify\"><span style=\"font-size: 14pt\">Mediante el proyecto&nbsp;<strong>\u201cRecrearTIC\u201d ARQUITECTURA SOSTENIBLE. ENERGIA SOLAR y CREATIVIDAD en el cole <\/strong>vuestros hijos e hijas se han adentrado al mundo de la arquitectura sostenible.&nbsp;<\/span><\/p>\n<p><span style=\"font-size: 14pt\"><img loading=\"lazy\" decoding=\"async\" class=\"aligncenter wp-image-1517 size-medium\" src=\"https:\/\/blogsaverroes.juntadeandalucia.es\/manuelandujar\/files\/2021\/08\/impulsa_pergola_ods-300x211.jpg\" alt=\"\" width=\"300\" height=\"211\" \/><\/span><\/p>\n<p><span style=\"font-size: 14pt\"><strong>Descripci\u00f3n de la actividad<\/strong><\/span><\/p>\n<p style=\"text-align: justify\"><span style=\"font-size: 14pt\">Se ha dise\u00f1ado un Proyecto de Aprendizaje Servicio con metodolog\u00eda (ABP, aprendizaje basado en proyectos) en el que alumnado de 5\u00ba y 6\u00ba de primaria junto a arquitectas\/os expertos en educaci\u00f3n y espacios educativos analizar\u00e1n y dise\u00f1ar\u00e1n mejoras en el patio del colegio.<\/span><\/p>\n<p style=\"text-align: justify\"><span style=\"font-size: 14pt\">Tras aprender sobre los Objetivos del Desarrollo Sostenible, los valores de la arquitectura sostenible y la importancia de que nuestras ciudades cuiden del planeta pasaremos al dise\u00f1o de un espacio dentro del patio del recreo que sirva para dar clase al aire libre, que sea autosuficiente energ\u00e9ticamente y que nos proporcione sombra para jugar en primavera.<\/span><\/p>\n<p style=\"text-align: justify\"><span style=\"font-size: 14pt\">Se plantea un ejercicio de fomento de la creatividad y se ense\u00f1ar\u00e1n los fundamentos del dise\u00f1o arquitect\u00f3nico as\u00ed como un aprendizaje m\u00e1s concreto sobre energ\u00edas limpias y en concreto sobre energ\u00eda solar.<\/span><\/p>\n<p style=\"text-align: justify\"><span style=\"font-size: 14pt\"><strong>Objetivos del Proyecto<\/strong><\/span><\/p>\n<p style=\"text-align: justify\"><span style=\"font-size: 14pt\">Aumentar en el alumnado su conocimiento sobre sostenibilidad, naturaleza, dise\u00f1o y arquitectura, los objetivos del desarrollo sostenible de Naciones Unidas y aumentar su curiosidad sobre los espacios que habitamos, su centro escolar y c\u00f3mo podemos usar mejor y de manera m\u00e1s l\u00fadica y eficiente el Patio del recreo.<\/span><br \/><span style=\"font-size: 14pt\">Buscamos exponer a nuestros ni\u00f1os y ni\u00f1as a diversas profesiones y que encuentren inspiraci\u00f3n en roles profesionales muy diversos, sobre todo en roles femeninos en el \u00e1mbito de las carretas t\u00e9cnicas (STEAM y TIC) incluyendo sobre todo el \u00e1mbito de las ciencias ambientales y el dise\u00f1o para destacar la labor social de esas carreras t\u00e9cnicas en la lucha por la mejora del medioambiente (Arquitectura, Urbanismo Sostenible, Ingenier\u00eda y Ciencias ambientales y tambi\u00e9n artes visuales y esc\u00e9nicas).<\/span><\/p>\n<p><span style=\"font-size: 14pt\"><strong>TALLER 1<\/strong><\/span><br \/><span style=\"font-size: 14pt\"><strong>\u00bfQu\u00e9 es Arquitectura? \u00bfQu\u00e9 es la Arquitectura sostenible?&nbsp;<\/strong><\/span><br \/><span style=\"font-size: 14pt\">1. Ejercicio de dibujo. Rompemos miedo al dibujo. T\u00fa me pintas, yo te pinto. Expo de resultados en pasillo. \u201cEstos somos nosotros\u201d<\/span><br \/><span style=\"font-size: 14pt\">2. Qu\u00e9 es el espacio y la Arquitectura Sostenible, dise\u00f1o y creatividad.<\/span><br \/><span style=\"font-size: 14pt\">3. C\u00f3mo observar el ambiente que nos rodea, ser cr\u00edticos y propositivos.<\/span><\/p>\n<p><span style=\"font-size: 14pt\"><strong>TALLER 2<\/strong><\/span><br \/><span style=\"font-size: 14pt\"><strong>Exploradores en el Patio.<\/strong><\/span><br \/><span style=\"font-size: 14pt\">Salida al patio a Dibujar y medir. Uso de Medidor laser y metro. Toma de datos del espacio. Dibujo en perspectiva y planta y aprendemos a acotar.&nbsp;<\/span><br \/><span style=\"font-size: 14pt\">Observaremos el movimiento del sol, sombras, lugares para el oto\u00f1o, para la primavera, medir donde suena mejor la voz, estudiar el espacio tanto para relajarse como para dar clase&#8230;<\/span><br \/><span style=\"font-size: 14pt\">Empezaremos a \u201cPensar Mirando\u201d mirar con ojos de arquitecta o arquitecto, para mejorar el espacio del cole.<\/span><\/p>\n<p><span style=\"font-size: 14pt\"><strong>TALLER 3<\/strong><\/span><br \/><span style=\"font-size: 14pt\"><strong>Arquitectura Sostenible y Creativa: La creatividad se aprende.<\/strong><\/span><br \/><span style=\"font-size: 14pt\">Presentaci\u00f3n sobre materiales sostenibles y energ\u00edas limpias. (Ciencias Naturales)<\/span><br \/><span style=\"font-size: 14pt\">La Importancia de la Energ\u00eda Solar<\/span><br \/><span style=\"font-size: 14pt\">Comenzamos a dise\u00f1ar nuestra <strong>estructura de sombra para el patio del cole<\/strong>. Volar con la imaginaci\u00f3n. Clase para abrirles a no tener miedo a la creatividad y a ideas nuevas. Ejemplos de proyectos de dise\u00f1o de parques de juego, edificios escolares, esculturas urbanas, bicicleteros, playgrounds, nuevas \u00e1reas de deporte.<\/span><\/p>\n<p><span style=\"font-size: 14pt\"><strong>TALLER 4<\/strong><\/span><br \/><span style=\"font-size: 14pt\"><b>Arquitectura sostenible y creativa: Energ\u00eda solar para ayudar al planeta.<\/b><\/span><br \/><span style=\"font-size: 14pt\">Objetivos del desarrollo sostenible (ODS).<\/span><br \/><span style=\"font-size: 14pt\">Continuamos con el dise\u00f1o de nuestra estructura de Sombra y \u00e1rea de clase y juego.<\/span><br \/><span style=\"font-size: 14pt\">Inicio de Taller de Maquetas.<\/span><\/p>\n<p><span style=\"font-size: 14pt\"><strong>TALLER 5<\/strong><\/span><br \/><span style=\"font-size: 14pt\"><strong>Taller de Maquetas y redacci\u00f3n de intenciones.<\/strong><\/span><br \/><span style=\"font-size: 14pt\">Sobre el plano del Colegio<\/span><\/p>\n<p><span style=\"font-size: 14pt\"><strong>TALLER 6<\/strong><\/span><br \/><span style=\"font-size: 14pt\"><strong>Conclusiones.<\/strong>&nbsp;<\/span><br \/><span style=\"font-size: 14pt\">\u00a1Qu\u00e9 ganas de que ve\u00e1is resultados!<\/span><\/p>\n<p><span style=\"font-size: 14pt\"><img loading=\"lazy\" decoding=\"async\" class=\"aligncenter wp-image-1516 size-large\" src=\"https:\/\/blogsaverroes.juntadeandalucia.es\/manuelandujar\/files\/2021\/08\/WhatsApp-Image-2021-06-22-at-16.16.02-1024x768.jpeg\" alt=\"\" width=\"1024\" height=\"768\" srcset=\"https:\/\/blogsaverroes.juntadeandalucia.es\/manuelandujar\/files\/2021\/08\/WhatsApp-Image-2021-06-22-at-16.16.02-980x735.jpeg 980w, https:\/\/blogsaverroes.juntadeandalucia.es\/manuelandujar\/files\/2021\/08\/WhatsApp-Image-2021-06-22-at-16.16.02-480x360.jpeg 480w\" sizes=\"(min-width: 0px) and (max-width: 480px) 480px, (min-width: 481px) and (max-width: 980px) 980px, (min-width: 981px) 1024px, 100vw\" \/><\/span><\/p>\n<p class=\"rteBlock\"><span style=\"font-size: 14pt\"><strong>Este proyecto esta financiado por el Fondo Social Europeo, se desarrolla en estrecha colaboraci\u00f3n con el AMPA Nuevas Poblaciones y el Excmo. Ayuntamiento de La Carolina.<\/strong><\/span><\/p>\n<p style=\"text-align: justify\"><span style=\"font-size: 14pt\">El proyecto ayuda a la adquisici\u00f3n de casi la totalidad de las competencias b\u00e1sicas marcadas por la Junta de Andaluc\u00eda:<\/span><\/p>\n<p style=\"text-align: justify\"><span style=\"font-size: 14pt\">a) <strong>Competencia en comunicaci\u00f3n ling\u00fc\u00edstica.<\/strong>&nbsp;El alumnado debe expresar su opini\u00f3n y razonar ante el equipo las conclusiones a las que ha llegado tras analizar el espacio del patio<\/span><br \/><span style=\"font-size: 14pt\">b) <strong>Competencia de razonamiento matem\u00e1tico.<\/strong>&nbsp;El alumnado dibuja del natural una zona del patio, lo mide con cinta m\u00e9trica y laser, en grupo de dos y tres alumnos acotan sobre su propio dibujo y corrigen el dibujo en caso de incongruencias en la escala.<\/span><br \/><span style=\"font-size: 14pt\">c) <strong>Competencia en el conocimiento y la interacci\u00f3n con el mundo f\u00edsico y natural.<\/strong>&nbsp;Durante dos sesiones se analiza el impacto psicol\u00f3gico y f\u00edsico de la configuraci\u00f3n del espacio escolar y a se les ense\u00f1a a observar mejor su entorno. Psicolog\u00eda ambiental y positiva.<\/span><br \/><span style=\"font-size: 14pt\">d) <strong>Competencia digital y tratamiento de la informaci\u00f3n.<\/strong>&nbsp;El alumnado har\u00e1 uso del aula de inform\u00e1tica donde redactaran en grupo las conclusiones del proyecto y divulgaran en redes sus logros.<\/span><br \/><span style=\"font-size: 14pt\">e) <strong>Competencia cultural y art\u00edstica:<\/strong>&nbsp;Desarrollamos la creatividad a trav\u00e9s del dibujo y el arte. Se incluyen presentaciones sobre arquitectura sostenible y el poder transformador del arte.<\/span><br \/><span style=\"font-size: 14pt\">f) <strong>Competencia para la autonom\u00eda e iniciativa personal<\/strong>. Se hace \u00e9nfasis en que su voz es importante. Su huella y legado quedar\u00e1 en el centro escolar y mejorar\u00e1 la vida de otros ni\u00f1os y ni\u00f1as de la ciudad.<\/span><\/p>\n<hr \/>\n<p><span style=\"font-size: 14pt\"><strong>Curso 2020\/2021<\/strong><\/span><\/p>\n<p><span style=\"font-size: 14pt\">Alumnado participante: 5\u00ba y 6\u00ba de EP<\/span><\/p>\n<p><span style=\"font-size: 14pt\">Fecha Inicio: Abril de 2021<\/span><\/p>\n<p><span style=\"font-size: 14pt\">Fecha Fin:&nbsp; Junio de 2021<\/span><\/p>\n<p><span style=\"font-size: 14pt\">Coordinadora: <\/span><\/p>\n<ul>\n<li><span style=\"font-size: 14pt\">Adela P\u00e9rez Alonso<\/span><\/li>\n<\/ul>\n<hr \/>\n<p><strong><span style=\"font-size: 14pt\">NORMATIVA<\/span><\/strong><\/p>\n<ul>\n<li style=\"text-align: justify\"><span style=\"font-size: 14pt\"><a title=\"Resoluci\u00f3n conjunta de 22 de diciembre de 2020 de la Direcci\u00f3n General de Atenci\u00f3n a la Diversidad, Participaci\u00f3n y Convivencia Escolar y de la Direcci\u00f3n General de Formaci\u00f3n del Profesorado e Innovaci\u00f3n Educativa, por la que se establece la convocatoria, la organizaci\u00f3n y el funcionamiento del Programa IMPULSA 2 en los centros docentes p\u00fablicos dependientes de la Consejer\u00eda de Educaci\u00f3n y Deporte de la Junta de Andaluc\u00eda para el curso 2020-2021\" href=\"https:\/\/www.juntadeandalucia.es\/educacion\/portals\/web\/ced\/normativa\/-\/normativas\/detalle\/resolucion-conjunta-de-22-de-diciembre-de-2020-de-la-direccion-general-de-atencion-a-la-diversidad-participacion-y-1dqzftjs3agl1\">Resoluci\u00f3n conjunta de 22 de diciembre de 2020 de la Direcci\u00f3n General de Atenci\u00f3n a la Diversidad, Participaci\u00f3n y Convivencia Escolar y de la Direcci\u00f3n General de Formaci\u00f3n del Profesorado e Innovaci\u00f3n Educativa, por la que se establece la convocatoria, la organizaci\u00f3n y el funcionamiento del Programa IMPULSA 2 en los centros docentes p\u00fablicos dependientes de la Consejer\u00eda de Educaci\u00f3n y Deporte de la Junta de Andaluc\u00eda para el curso 2020-2021<\/a><\/span><\/li>\n<li style=\"text-align: justify\"><span style=\"font-size: 14pt\"><a title=\"Resoluci\u00f3n definitiva de 15 febrero de 2021 de la Direcci\u00f3n General de Atenci\u00f3n a la Diversidad, Participaci\u00f3n y Convivencia Escolar, por la que se aprueban las solicitudes del Programa Impulsa 2 en los centros docentes p\u00fablicos dependientes de la Consejer\u00eda de Educaci\u00f3n y Deporte de la Junta de Andaluc\u00eda para el curso 2020-2021\" href=\"https:\/\/www.juntadeandalucia.es\/educacion\/portals\/web\/ced\/normativa\/-\/normativas\/detalle\/resolucion-definitiva-de-15-febrero-de-2021-de-la-direccion-general-de-atencion-a-la-diversidad-participacion-y\">Resoluci\u00f3n definitiva de 15 febrero de 2021 de la Direcci\u00f3n General de Atenci\u00f3n a la Diversidad, Participaci\u00f3n y Convivencia Escolar, por la que se aprueban las solicitudes del Programa Impulsa 2 en los centros docentes p\u00fablicos dependientes de la Consejer\u00eda de Educaci\u00f3n y Deporte de la Junta de Andaluc\u00eda para el curso 2020-2021<\/a><\/span><\/li>\n<\/ul>\n<p style=\"text-align: center\">&nbsp;<\/p>\n<p style=\"text-align: center\"><a href=\"https:\/\/www.juntadeandalucia.es\/educacion\/portals\/web\/ced\/planesyprogramas\/planes-educativos\/programa-impulsa-2\" target=\"_blank\" rel=\"noopener noreferrer\"><span style=\"font-size: 14pt\">M\u00e1s informaci\u00f3n sobre el Programa Impulsa II<\/span><\/a><\/p>\n<p>&nbsp;<\/p>\n<p>[\/et_pb_text][\/et_pb_column][\/et_pb_row][\/et_pb_section]<\/p>\n","protected":false},"excerpt":{"rendered":"<p>Impulsa II NOS IMPULSAMOS CON EL PROGRAMA IMPULSA. ARQUITECTURA SOSTENIBLE. ENERGIA SOLAR y CREATIVIDAD EN EL COLE. Nuestro centro ha participado en el&nbsp;Programa IMPULSA II&nbsp;cofinanciado por la Consejer\u00eda de Educaci\u00f3n y Deporte, el Ministerio de Educaci\u00f3n y Formaci\u00f3n Profesional y el Fondo Social Europeo. Este programa se concibe como un conjunto de actuaciones dirigidas a [&hellip;]<\/p>\n","protected":false},"author":7782,"featured_media":0,"parent":0,"menu_order":0,"comment_status":"closed","ping_status":"closed","template":"","meta":{"_et_pb_use_builder":"on","_et_pb_old_content":"","_et_gb_content_width":"","ngg_post_thumbnail":0,"footnotes":""},"aioseo_notices":[],"_links":{"self":[{"href":"https:\/\/blogsaverroes.juntadeandalucia.es\/manuelandujar\/wp-json\/wp\/v2\/pages\/1501"}],"collection":[{"href":"https:\/\/blogsaverroes.juntadeandalucia.es\/manuelandujar\/wp-json\/wp\/v2\/pages"}],"about":[{"href":"https:\/\/blogsaverroes.juntadeandalucia.es\/manuelandujar\/wp-json\/wp\/v2\/types\/page"}],"author":[{"embeddable":true,"href":"https:\/\/blogsaverroes.juntadeandalucia.es\/manuelandujar\/wp-json\/wp\/v2\/users\/7782"}],"replies":[{"embeddable":true,"href":"https:\/\/blogsaverroes.juntadeandalucia.es\/manuelandujar\/wp-json\/wp\/v2\/comments?post=1501"}],"version-history":[{"count":10,"href":"https:\/\/blogsaverroes.juntadeandalucia.es\/manuelandujar\/wp-json\/wp\/v2\/pages\/1501\/revisions"}],"predecessor-version":[{"id":1524,"href":"https:\/\/blogsaverroes.juntadeandalucia.es\/manuelandujar\/wp-json\/wp\/v2\/pages\/1501\/revisions\/1524"}],"wp:attachment":[{"href":"https:\/\/blogsaverroes.juntadeandalucia.es\/manuelandujar\/wp-json\/wp\/v2\/media?parent=1501"}],"curies":[{"name":"wp","href":"https:\/\/api.w.org\/{rel}","templated":true}]}}