{"id":823,"date":"2020-12-16T09:58:58","date_gmt":"2020-12-16T08:58:58","guid":{"rendered":"https:\/\/blogsaverroes.juntadeandalucia.es\/pre\/plantilla-pencil\/?page_id=733"},"modified":"2024-02-25T14:02:56","modified_gmt":"2024-02-25T13:02:56","slug":"contactar-con-el-centro","status":"publish","type":"page","link":"https:\/\/blogsaverroes.juntadeandalucia.es\/manuelandujar\/contactar-con-el-centro\/","title":{"rendered":"Contactar con el centro"},"content":{"rendered":"<p>[et_pb_section fb_built=&#8221;1&#8243; _builder_version=&#8221;4.5.0&#8243; _module_preset=&#8221;default&#8221; global_colors_info=&#8221;{}&#8221;][et_pb_row _builder_version=&#8221;4.5.0&#8243; _module_preset=&#8221;default&#8221; global_colors_info=&#8221;{}&#8221;][et_pb_column type=&#8221;4_4&#8243; _builder_version=&#8221;4.5.0&#8243; _module_preset=&#8221;default&#8221; global_colors_info=&#8221;{}&#8221;][et_pb_image src=&#8221;https:\/\/blogsaverroes.juntadeandalucia.es\/manuelandujar\/files\/2021\/08\/contact-us-1908763_1920.png&#8221; title_text=&#8221;contact-us-1908763_1920&#8243; _builder_version=&#8221;4.5.0&#8243; _module_preset=&#8221;default&#8221; global_colors_info=&#8221;{}&#8221;][\/et_pb_image][et_pb_text _builder_version=&#8221;4.14.5&#8243; _module_preset=&#8221;default&#8221; global_colors_info=&#8221;{}&#8221;]<\/p>\n<h5 class=\"vc_custom_heading vc_custom_1470388002802\"><span style=\"font-size: 14pt\"><strong>DIRECCI\u00d3N<\/strong><\/span><\/h5>\n<h5 class=\"vc_custom_heading vc_custom_1470388002802\"><span style=\"font-size: 14pt\">C\/ Linares s\/n | 23200 | La Carolina (Ja\u00e9n)<\/span><\/h5>\n<p class=\"vc_custom_heading wh-font-weight-normal vc_custom_1471850900056\" style=\"text-align: center\"><a href=\"https:\/\/goo.gl\/maps\/KBQ393nwRuGQ6vw37\" target=\"_blank\" rel=\"noopener noreferrer\">Abrir en Google Maps<\/a><\/p>\n<p style=\"text-align: center\"><iframe loading=\"lazy\" src=\"https:\/\/www.google.com\/maps\/embed?pb=!1m18!1m12!1m3!1d3132.3530381064775!2d-3.6218749848439855!3d38.27130837967208!2m3!1f0!2f0!3f0!3m2!1i1024!2i768!4f13.1!3m3!1m2!1s0xd6ea287d658055b%3A0x34f62330d529203d!2sCEIP%20Manuel%20And%C3%BAjar%20INFANTIL!5e0!3m2!1ses!2ses!4v1628538679691!5m2!1ses!2ses\" width=\"600\" height=\"450\"><\/iframe><\/p>\n<h5 class=\"vc_custom_heading vc_custom_1591723682437\"><span style=\"font-size: 14pt\"><strong>HORARIO SECRETAR\u00cdA (ADMINISTRACI\u00d3N)<\/strong><\/span><\/h5>\n<p><span style=\"font-size: 14pt\">El horario de atenci\u00f3n al p\u00fablico para los tr\u00e1mites administrativos es de lunes a viernes de 09.00 h a 14.00 h y los lunes de 16.00 h a 18.00 h.<\/span><\/p>\n<h5>&nbsp;<\/h5>\n<h5 class=\"vc_custom_heading vc_custom_1470388012054\"><span style=\"font-size: 14pt\"><strong>TEL\u00c9FONOS<\/strong><\/span><\/h5>\n<p class=\"vc_custom_heading wh-font-weight-normal vc_custom_1591723706566\"><span style=\"font-size: 14pt\">953609938 \/ 671593716<\/span><\/p>\n<h5>&nbsp;<\/h5>\n<h5 class=\"vc_custom_heading vc_custom_1591723833167\"><span style=\"font-size: 14pt\"><strong><a href=\"mailto:23002363.edu@juntadeandalucia.es\" target=\"_blank\" rel=\"noopener noreferrer\">EMAIL<\/a><\/strong><\/span><\/h5>\n<p class=\"vc_custom_heading wh-font-weight-normal vc_custom_1591723821511\"><span style=\"font-size: 14pt\"><a href=\"mailto:23002363.edu@juntadeandalucia.es\" target=\"_blank\" rel=\"noopener noreferrer\">23002363.edu@juntadeandalucia.es<\/a><\/span><\/p>\n<h5>&nbsp;<\/h5>\n<h5 class=\"vc_custom_heading vc_custom_1613472172469\"><span style=\"font-size: 14pt\"><strong>C\u00d3DIGO ADMINISTRATIVO DEL CENTRO<\/strong><\/span><\/h5>\n<p class=\"vc_custom_heading wh-font-weight-normal vc_custom_1613472007754\"><span style=\"font-size: 14pt\">23001263<\/span><\/p>\n<h5>&nbsp;<\/h5>\n<h5 class=\"vc_custom_heading vc_custom_1613472172469\"><span style=\"font-size: 14pt\"><strong>REDES SOCIALES DEL CENTRO<\/strong><\/span><\/h5>\n<ul>\n<li><span style=\"font-size: 14pt\"><strong>WEB<\/strong>:&nbsp;<a href=\"https:\/\/blogsaverroes.juntadeandalucia.es\/manuelandujar\/\" target=\"_blank\" rel=\"noopener noreferrer\">https:\/\/blogsaverroes.juntadeandalucia.es\/manuelandujar\/<\/a><\/span><\/li>\n<li><span style=\"font-size: 14pt\"><strong>Telegram<\/strong>:&nbsp;<a href=\"https:\/\/t.me\/CEIPManuelAndujar\" target=\"_blank\" rel=\"noopener noreferrer\">https:\/\/t.me\/CEIPManuelAndujar<\/a><\/span><\/li>\n<li><span style=\"font-size: 14pt\"><strong>Youtube<\/strong>:&nbsp;<a href=\"https:\/\/www.youtube.com\/c\/ceipmanuelandujarlacarolina\" target=\"_blank\" rel=\"noopener noreferrer\">https:\/\/www.youtube.com\/c\/ceipmanuelandujarlacarolina<\/a><\/span><\/li>\n<li><span style=\"font-size: 14pt\"><strong>Facebook<\/strong>:&nbsp;<a href=\"https:\/\/www.facebook.com\/CEIPManuelAndujar\" target=\"_blank\" rel=\"noopener noreferrer\">https:\/\/www.facebook.com\/CEIPManuelAndujar<\/a><\/span><\/li>\n<li><span style=\"font-size: 14pt\"><strong>Instagram:<\/strong>&nbsp;<a href=\"https:\/\/www.instagram.com\/ceipmanuelandujar\/\" target=\"_blank\" rel=\"noopener noreferrer\">https:\/\/www.instagram.com\/ceipmanuelandujar\/<\/a><\/span><\/li>\n<\/ul>\n<p class=\"vc_custom_heading wh-font-weight-normal vc_custom_1613472007754\">&nbsp;<\/p>\n<p>&nbsp;<\/p>\n<p>[\/et_pb_text][\/et_pb_column][\/et_pb_row][\/et_pb_section]<\/p>\n","protected":false},"excerpt":{"rendered":"<p>DIRECCI\u00d3N C\/ Linares s\/n | 23200 | La Carolina (Ja\u00e9n) Abrir en Google Maps HORARIO SECRETAR\u00cdA (ADMINISTRACI\u00d3N) El horario de atenci\u00f3n al p\u00fablico para los tr\u00e1mites administrativos es de lunes a viernes de 09.00 h a 14.00 h y los lunes de 16.00 h a 18.00 h. &nbsp; TEL\u00c9FONOS 953609938 \/ 671593716 &nbsp; EMAIL 23002363.edu@juntadeandalucia.es [&hellip;]<\/p>\n","protected":false},"author":7782,"featured_media":1260,"parent":0,"menu_order":0,"comment_status":"closed","ping_status":"closed","template":"","meta":{"_et_pb_use_builder":"on","_et_pb_old_content":"","_et_gb_content_width":"","ngg_post_thumbnail":0,"footnotes":""},"aioseo_notices":[],"_links":{"self":[{"href":"https:\/\/blogsaverroes.juntadeandalucia.es\/manuelandujar\/wp-json\/wp\/v2\/pages\/823"}],"collection":[{"href":"https:\/\/blogsaverroes.juntadeandalucia.es\/manuelandujar\/wp-json\/wp\/v2\/pages"}],"about":[{"href":"https:\/\/blogsaverroes.juntadeandalucia.es\/manuelandujar\/wp-json\/wp\/v2\/types\/page"}],"author":[{"embeddable":true,"href":"https:\/\/blogsaverroes.juntadeandalucia.es\/manuelandujar\/wp-json\/wp\/v2\/users\/7782"}],"replies":[{"embeddable":true,"href":"https:\/\/blogsaverroes.juntadeandalucia.es\/manuelandujar\/wp-json\/wp\/v2\/comments?post=823"}],"version-history":[{"count":12,"href":"https:\/\/blogsaverroes.juntadeandalucia.es\/manuelandujar\/wp-json\/wp\/v2\/pages\/823\/revisions"}],"predecessor-version":[{"id":2459,"href":"https:\/\/blogsaverroes.juntadeandalucia.es\/manuelandujar\/wp-json\/wp\/v2\/pages\/823\/revisions\/2459"}],"wp:featuredmedia":[{"embeddable":true,"href":"https:\/\/blogsaverroes.juntadeandalucia.es\/manuelandujar\/wp-json\/wp\/v2\/media\/1260"}],"wp:attachment":[{"href":"https:\/\/blogsaverroes.juntadeandalucia.es\/manuelandujar\/wp-json\/wp\/v2\/media?parent=823"}],"curies":[{"name":"wp","href":"https:\/\/api.w.org\/{rel}","templated":true}]}}