{"id":5367,"date":"2024-03-15T17:18:48","date_gmt":"2024-03-15T17:18:48","guid":{"rendered":"http:\/\/blogsaverroes.juntadeandalucia.es\/marargentea\/?page_id=5367"},"modified":"2024-11-20T22:28:13","modified_gmt":"2024-11-20T22:28:13","slug":"plan-de-centro","status":"publish","type":"page","link":"https:\/\/blogsaverroes.juntadeandalucia.es\/marargentea\/plan-de-centro\/","title":{"rendered":"Plan de Centro"},"content":{"rendered":"<p>El Plan de Centro es el documento que expresa nuestras se\u00f1as de identidad. Es el aut\u00e9ntico referente, con car\u00e1cter sist\u00e9mico e integrador, del principio de autonom\u00eda pedag\u00f3gica, de organizaci\u00f3n y de gesti\u00f3n.<\/p>\n<p class=\"zfr3Q CDt4Ke \" dir=\"ltr\"><span class=\"C9DxTc \">Est\u00e1 compuesto por tres documentos:<\/span><\/p>\n<ul class=\"n8H08c UVNKR \" style=\"list-style-type: disc\">\n<li class=\"zfr3Q TYR86d eD0Rn \" dir=\"ltr\">\n<p class=\"zfr3Q CDt4Ke \" dir=\"ltr\" role=\"presentation\"><a href=\"https:\/\/drive.google.com\/file\/d\/16oM08UHOGnJ6oGOxewu1jD9uXgpEcgBU\/view?usp=drive_link\" target=\"_blank\" rel=\"noopener\"><span class=\"C9DxTc \">Proyecto Educativo<\/span><\/a><\/p>\n<\/li>\n<li class=\"zfr3Q TYR86d eD0Rn \" dir=\"ltr\">\n<p class=\"zfr3Q CDt4Ke \" dir=\"ltr\" role=\"presentation\"><a href=\"https:\/\/drive.google.com\/file\/d\/1F4l8aejoh0RofW6VkaSQ4mVu6nlRmVvZ\/view?usp=drive_link\" target=\"_blank\" rel=\"noopener\"><span class=\"C9DxTc \">Proyecto de Gesti\u00f3n<\/span><\/a><\/p>\n<\/li>\n<li class=\"zfr3Q TYR86d eD0Rn \" dir=\"ltr\">\n<p class=\"zfr3Q CDt4Ke \" dir=\"ltr\" role=\"presentation\"><a href=\"https:\/\/drive.google.com\/file\/d\/1m2bmCpFfNPzuJVo5Aw05_3GQg-bpbEdN\/view?usp=drive_link\" target=\"_blank\" rel=\"noopener\"><span class=\"C9DxTc \">Reglamento de Organizaci\u00f3n y Funcionamiento (ROF)<\/span><\/a><\/p>\n<\/li>\n<\/ul>\n<p>Actualizaci\u00f3n o modificaci\u00f3n del Plan de Centro:<\/p>\n<ul>\n<li><a href=\"https:\/\/drive.google.com\/file\/d\/16HSEqkUhdcI8PtUj7i-uArlJGjuWtTYd\/view?usp=drive_link\">Modificaci\u00f3n &#8211; Mes de Noviembre del curso 2024-25&nbsp;<\/a> <em>(Aprobado en el Consejo Escolar Ordinario del 12\/11\/2024)<\/em><\/li>\n<\/ul>\n<!--themify_builder_content-->\n<div id=\"themify_builder_content-5367\" data-postid=\"5367\" class=\"themify_builder_content themify_builder_content-5367 themify_builder tf_clear\">\n    <\/div>\n<!--\/themify_builder_content-->\n","protected":false},"excerpt":{"rendered":"<p>El Plan de Centro es el documento que expresa nuestras se\u00f1as de identidad. Es el aut\u00e9ntico referente, con car\u00e1cter sist\u00e9mico e integrador, del principio de autonom\u00eda pedag\u00f3gica, de organizaci\u00f3n y de gesti\u00f3n. Est\u00e1 compuesto por tres documentos: Proyecto Educativo Proyecto de Gesti\u00f3n Reglamento de Organizaci\u00f3n y Funcionamiento (ROF) Actualizaci\u00f3n o modificaci\u00f3n del Plan de Centro: [&hellip;]<\/p>\n","protected":false},"author":13530,"featured_media":0,"parent":0,"menu_order":0,"comment_status":"closed","ping_status":"closed","template":"","meta":{"ngg_post_thumbnail":0,"footnotes":"","_mc_calendar":[]},"aioseo_notices":[],"_links":{"self":[{"href":"https:\/\/blogsaverroes.juntadeandalucia.es\/marargentea\/wp-json\/wp\/v2\/pages\/5367"}],"collection":[{"href":"https:\/\/blogsaverroes.juntadeandalucia.es\/marargentea\/wp-json\/wp\/v2\/pages"}],"about":[{"href":"https:\/\/blogsaverroes.juntadeandalucia.es\/marargentea\/wp-json\/wp\/v2\/types\/page"}],"author":[{"embeddable":true,"href":"https:\/\/blogsaverroes.juntadeandalucia.es\/marargentea\/wp-json\/wp\/v2\/users\/13530"}],"replies":[{"embeddable":true,"href":"https:\/\/blogsaverroes.juntadeandalucia.es\/marargentea\/wp-json\/wp\/v2\/comments?post=5367"}],"version-history":[{"count":12,"href":"https:\/\/blogsaverroes.juntadeandalucia.es\/marargentea\/wp-json\/wp\/v2\/pages\/5367\/revisions"}],"predecessor-version":[{"id":5716,"href":"https:\/\/blogsaverroes.juntadeandalucia.es\/marargentea\/wp-json\/wp\/v2\/pages\/5367\/revisions\/5716"}],"wp:attachment":[{"href":"https:\/\/blogsaverroes.juntadeandalucia.es\/marargentea\/wp-json\/wp\/v2\/media?parent=5367"}],"curies":[{"name":"wp","href":"https:\/\/api.w.org\/{rel}","templated":true}]}}