{"id":870,"date":"2015-03-16T07:24:27","date_gmt":"2015-03-16T07:24:27","guid":{"rendered":"http:\/\/blogsaverroes.juntadeandalucia.es\/pre\/ceip\/?page_id=103"},"modified":"2024-09-13T19:10:17","modified_gmt":"2024-09-13T19:10:17","slug":"aula-matinal","status":"publish","type":"page","link":"https:\/\/blogsaverroes.juntadeandalucia.es\/marargentea\/aula-matinal\/","title":{"rendered":"Aula Matinal"},"content":{"rendered":"<p style=\"text-align: center\"><span style=\"color: #333333\">El aula matinal es un servicio que el centro ofrece a todo el alumnado con objeto de ayudar a las familias cuyo horario laboral coincide con el de su hijo\/a.&nbsp;Dentro de \u00e9sta los ni\u00f1os\/as est\u00e1n al cargo de monitores y monitoras que complementan la labor educativa antes de la jornada escolar, realizando diversas actividades de tipo l\u00fadico-formativo y de fomento de la convivencia.<\/span><\/p>\n<p style=\"text-align: center\">La empresa encargada de dar este servicio en nuestro centro es \u00abla Empresa Mar\u00eda del Carmen Deza Caparros (Educajunior)\u00bb:<\/p>\n<p><a title=\"Web Educajunior\" href=\"https:\/\/educajunior.com\/aula-matinal\/\" target=\"_blank\" rel=\"noopener\"><img loading=\"lazy\" decoding=\"async\" class=\"aligncenter wp-image-3060\" src=\"https:\/\/blogsaverroes.juntadeandalucia.es\/marargentea\/files\/2020\/12\/educajunior-extraescolares-logo-retina.png\" alt=\"\" width=\"272\" height=\"68\" srcset=\"https:\/\/blogsaverroes.juntadeandalucia.es\/marargentea\/files\/2020\/12\/educajunior-extraescolares-logo-retina.png 520w, https:\/\/blogsaverroes.juntadeandalucia.es\/marargentea\/files\/2020\/12\/educajunior-extraescolares-logo-retina-300x75.png 300w, https:\/\/blogsaverroes.juntadeandalucia.es\/marargentea\/files\/2020\/12\/educajunior-extraescolares-logo-retina-24x6.png 24w, https:\/\/blogsaverroes.juntadeandalucia.es\/marargentea\/files\/2020\/12\/educajunior-extraescolares-logo-retina-36x9.png 36w, https:\/\/blogsaverroes.juntadeandalucia.es\/marargentea\/files\/2020\/12\/educajunior-extraescolares-logo-retina-48x12.png 48w\" sizes=\"(max-width: 272px) 100vw, 272px\" \/><\/a><\/p>\n<h4>&nbsp;<\/h4>\n<h4><em><strong>PLATAFORMA AteneaERP<\/strong><\/em><\/h4>\n<p style=\"text-align: justify\">El Equipo Educajunior ha creado una plataforma llamada \u00abAtenea\u00bb, dise\u00f1ada para que las familias usuarias del servicio de aula matinal puedan consultar: Recibos mensuales. usos\/asistencia mensuales en base a los cuales se calcula el importe mensual, buz\u00f3n de quejas y sugerencias, modificaci\u00f3n de contrase\u00f1a de acceso&#8230; Es una manera de gestionar el servicio de aula matinal, simplificando as\u00ed su d\u00eda a d\u00eda y mejorando la comunicaci\u00f3n entre la empresa y la familia.&nbsp;<\/p>\n<table style=\"border-collapse: collapse;width: 100%\">\n<tbody>\n<tr>\n<td style=\"width: 50%\"><a title=\"Acceso a Plataforma AteneaERP\" href=\"https:\/\/educajunior.ateneaerp.es\/\" target=\"_blank\" rel=\"noopener\"><img loading=\"lazy\" decoding=\"async\" class=\"aligncenter wp-image-5622\" src=\"https:\/\/blogsaverroes.juntadeandalucia.es\/marargentea\/files\/2024\/09\/AteneaERP-300x94.png\" alt=\"\" width=\"191\" height=\"60\" srcset=\"https:\/\/blogsaverroes.juntadeandalucia.es\/marargentea\/files\/2024\/09\/AteneaERP-300x94.png 300w, https:\/\/blogsaverroes.juntadeandalucia.es\/marargentea\/files\/2024\/09\/AteneaERP.png 455w\" sizes=\"(max-width: 191px) 100vw, 191px\" \/><\/a><\/td>\n<td style=\"width: 50%\"><a title=\"GUIA PARA REGISTRARSE\" href=\"https:\/\/drive.google.com\/file\/d\/1eL6n38-LwAOTDCk60QkOhx-NFYFwLLtG\/view?usp=sharing\" target=\"_blank\" rel=\"noopener\"><img loading=\"lazy\" decoding=\"async\" class=\"aligncenter wp-image-4213\" src=\"https:\/\/blogsaverroes.juntadeandalucia.es\/marargentea\/files\/2022\/09\/4403464-300x300.png\" alt=\"\" width=\"82\" height=\"82\" srcset=\"https:\/\/blogsaverroes.juntadeandalucia.es\/marargentea\/files\/2022\/09\/4403464-300x300.png 300w, https:\/\/blogsaverroes.juntadeandalucia.es\/marargentea\/files\/2022\/09\/4403464-150x150.png 150w, https:\/\/blogsaverroes.juntadeandalucia.es\/marargentea\/files\/2022\/09\/4403464.png 512w\" sizes=\"(max-width: 82px) 100vw, 82px\" \/><\/a><\/td>\n<\/tr>\n<\/tbody>\n<\/table>\n<h4>&nbsp;<\/h4>\n<h4><em><strong>INFORMACI\u00d3N SOBRE LA GESTI\u00d3N DE SERVICIOS DEL AULA MATINAL: Cobro, tarifa, altas, bajas&#8230;<\/strong><\/em><a title=\"+ informaci\u00f3n\" href=\"https:\/\/drive.google.com\/file\/d\/1bkBOPMM4Ldu1zHWp2HgknEpxb1U7aEl3\/view?usp=sharing\" target=\"_blank\" rel=\"noopener\"><img loading=\"lazy\" decoding=\"async\" class=\"aligncenter wp-image-3748\" src=\"https:\/\/blogsaverroes.juntadeandalucia.es\/marargentea\/files\/2021\/05\/pdf.jpg\" alt=\"\" width=\"124\" height=\"124\" srcset=\"https:\/\/blogsaverroes.juntadeandalucia.es\/marargentea\/files\/2021\/05\/pdf.jpg 225w, https:\/\/blogsaverroes.juntadeandalucia.es\/marargentea\/files\/2021\/05\/pdf-150x150.jpg 150w\" sizes=\"(max-width: 124px) 100vw, 124px\" \/><\/a><\/h4>\n<!--themify_builder_content-->\n<div id=\"themify_builder_content-870\" data-postid=\"870\" class=\"themify_builder_content themify_builder_content-870 themify_builder tf_clear\">\n    <\/div>\n<!--\/themify_builder_content-->\n","protected":false},"excerpt":{"rendered":"<p>El aula matinal es un servicio que el centro ofrece a todo el alumnado con objeto de ayudar a las familias cuyo horario laboral coincide con el de su hijo\/a.&nbsp;Dentro de \u00e9sta los ni\u00f1os\/as est\u00e1n al cargo de monitores y monitoras que complementan la labor educativa antes de la jornada escolar, realizando diversas actividades de [&hellip;]<\/p>\n","protected":false},"author":1,"featured_media":0,"parent":0,"menu_order":0,"comment_status":"closed","ping_status":"open","template":"","meta":{"ngg_post_thumbnail":0,"footnotes":"","_mc_calendar":[]},"aioseo_notices":[],"_links":{"self":[{"href":"https:\/\/blogsaverroes.juntadeandalucia.es\/marargentea\/wp-json\/wp\/v2\/pages\/870"}],"collection":[{"href":"https:\/\/blogsaverroes.juntadeandalucia.es\/marargentea\/wp-json\/wp\/v2\/pages"}],"about":[{"href":"https:\/\/blogsaverroes.juntadeandalucia.es\/marargentea\/wp-json\/wp\/v2\/types\/page"}],"author":[{"embeddable":true,"href":"https:\/\/blogsaverroes.juntadeandalucia.es\/marargentea\/wp-json\/wp\/v2\/users\/1"}],"replies":[{"embeddable":true,"href":"https:\/\/blogsaverroes.juntadeandalucia.es\/marargentea\/wp-json\/wp\/v2\/comments?post=870"}],"version-history":[{"count":45,"href":"https:\/\/blogsaverroes.juntadeandalucia.es\/marargentea\/wp-json\/wp\/v2\/pages\/870\/revisions"}],"predecessor-version":[{"id":5634,"href":"https:\/\/blogsaverroes.juntadeandalucia.es\/marargentea\/wp-json\/wp\/v2\/pages\/870\/revisions\/5634"}],"wp:attachment":[{"href":"https:\/\/blogsaverroes.juntadeandalucia.es\/marargentea\/wp-json\/wp\/v2\/media?parent=870"}],"curies":[{"name":"wp","href":"https:\/\/api.w.org\/{rel}","templated":true}]}}