{"id":168,"date":"2015-05-20T08:17:55","date_gmt":"2015-05-20T07:17:55","guid":{"rendered":"https:\/\/traselenredo.wordpress.com\/?page_id=168"},"modified":"2024-04-25T23:40:12","modified_gmt":"2024-04-25T21:40:12","slug":"coloreador-de-seneca","status":"publish","type":"page","link":"https:\/\/blogsaverroes.juntadeandalucia.es\/melendo\/coloreador-de-seneca\/","title":{"rendered":"Coloreador de S\u00e9neca"},"content":{"rendered":"<h1 style=\"text-align: center\">Este blog esta abandonado, a partir de ahora se actualizar\u00e1 en: <a href=\"http:\/\/melendo.eu\">melendo.eu<\/a><\/h1>\n<p><a href=\"https:\/\/traselenredo.files.wordpress.com\/2015\/05\/seleccic3b3n_168.png\"><img loading=\"lazy\" decoding=\"async\" class=\"aligncenter size-full wp-image-165\" src=\"https:\/\/traselenredo.files.wordpress.com\/2015\/05\/seleccic3b3n_168.png\" alt=\"Selecci\u00f3n_168\" width=\"520\" height=\"135\"><\/a><\/p>\n<p>En esta p\u00e1gina ir\u00e9 informando de las mejoras que vayan surgiendo de la extensi\u00f3n&nbsp;(<a href=\"https:\/\/chrome.google.com\/webstore\/detail\/coloreador-de-s%C3%A9neca\/ehdipfgneobfmmnbplhiigjmadmbbbek?hl=es\">Chrome<\/a>) (<a href=\"https:\/\/microsoftedge.microsoft.com\/addons\/detail\/coloreador-de-s%C3%A9neca\/ffoedlaoggdgncnpgdhgabilbnegphdh?hl=es-419\">Edge<\/a>) Coloreador de S\u00e9neca. En Firefox me retiraron la extensi\u00f3n porque me dec\u00edan que seg\u00fan sus Terminos y Condiciones no se pueden subir extensiones que estan limitadas a un grupo de usuarios, en nuestro caso los docentes de la Junta de Andaluc\u00eda.<\/p>\n<p><strong>Versi\u00f3n 56<\/strong><\/p>\n<ul>\n<li>Hace medias de Criterios de Evaluaci\u00f3n en el calificador de Moodle. <a href=\"https:\/\/www.youtube.com\/watch?v=QVcWhZBztjM\">M\u00e1s info<\/a><\/li>\n<\/ul>\n<p>&nbsp;<\/p>\n<p><strong>Versi\u00f3n 40<\/strong><\/p>\n<ul>\n<li>Seneca v2. pantalla de Evaluaci\u00f3n\n<ul>\n<li>Arreglado un error que paralizaba el coloreador<\/li>\n<li>Ahora cuando se pulsa un alumno seleccionado no se elimina dicha selecci\u00f3n, era un comportamiento poco intuitivo<\/li>\n<li>A\u00f1adido bot\u00f3n para activar o desactivar la selecci\u00f3n de alumnos<\/li>\n<li>A\u00f1adido bot\u00f3n para ocultar los alumnos que abandonan totalmente<\/li>\n<\/ul>\n<\/li>\n<\/ul>\n<p><strong>Versi\u00f3n 39<\/strong><\/p>\n<ul>\n<li>Seneca v2. pantalla de Evaluaci\u00f3n\n<ul>\n<li>A\u00f1adido alumno seleccionado, pulsamos la fila de un alumno y se resalta<\/li>\n<\/ul>\n<\/li>\n<\/ul>\n<p><strong>Versi\u00f3n 38<\/strong><\/p>\n<ul>\n<li>Seneca v2. pantalla de Evaluaci\u00f3n\n<ul>\n<li>Resaltado de los alumnos que abandonan todas las asignaturas<\/li>\n<\/ul>\n<\/li>\n<\/ul>\n<p>&nbsp;<\/p>\n<p><strong>Versi\u00f3n 37<\/strong><\/p>\n<ul>\n<li>Seneca v2. pantalla de Evaluaci\u00f3n:\n<ul>\n<li>A\u00f1adida tabla de abandono, con los abandonos de las distintas asignaturas, abandono total y abandono de todas las matriculas.<\/li>\n<li>Tabla con los PC (Pendiente de calificar) que hay en cada asignatura.<\/li>\n<li>Impresi\u00f3n de la tabla con color, solo funciona en Chrome.<\/li>\n<li>Ahora los % de aprobados, numero de suspensos cuentan el PC como un aprobado no como un suspenso, que es lo que hace s\u00e9neca en su c\u00f3digo interno.<\/li>\n<\/ul>\n<\/li>\n<\/ul>\n<p>&#8230;..<\/p>\n<p><strong>Versi\u00f3n 31<\/strong><\/p>\n<ul>\n<li>Se ha a\u00f1adido dos nuevas funcionalidades.<\/li>\n<li>Cuando se accede a iSeneca Web, ahora tenemos las calificaciones coloreadas como en Seneca.&nbsp;<\/li>\n<li>En las ausencias de iSeneca Web, tenemos un nuevo bot\u00f3n para poner faltas a todos los alumnos, se colorea la opci\u00f3n seleccionada, y un cuadro en la parte superior nos indica el n\u00famero de alumnos que tenemos en clase.<\/li>\n<\/ul>\n<p><strong>Versi\u00f3n 30<\/strong><\/p>\n<ul>\n<li>El enlace a S\u00e9neca ha cambiado ya que el anterior ha dejado de funcionar.<\/li>\n<li>Arreglado una informaci\u00f3n incorrecta en los trienios ya que ahora no hay que solicitar el primero.<\/li>\n<li>La colocaci\u00f3n de efectivos de maestros de 2018 ha cambiado URL y he adaptado la extensi\u00f3n para ello.<\/li>\n<\/ul>\n<p><strong>Versi\u00f3n 29<\/strong><\/p>\n<ul>\n<li>El enlace a iSeneca no funcionaba por un error de sintaxis en el c\u00f3digo HTML<\/li>\n<\/ul>\n<p><strong>Versi\u00f3n 28<\/strong><\/p>\n<ul>\n<li>Actualizado el listado de centros para las p\u00e1ginas del concurso de traslados y concursillo seg\u00fan el Decreto 86\/2018, de 2 de mayo publicado en Boja 91\/2018<\/li>\n<li>Adaptado el script para que coloree el concurso de traslados de maestros, que este a\u00f1o ha cambiado su URL y no era reconocido.<\/li>\n<\/ul>\n<p><strong>Versi\u00f3n 27<\/strong><\/p>\n<ul>\n<li>Solucionado error en la p\u00e1gina de <em>Nombramiento en Puestos de Servicio (Portal Docente)<\/em> por el que no aparec\u00eda el tiempo de servicio a aquellos que llevaban menos de 3 a\u00f1os en activo.<\/li>\n<li>A\u00f1adida informaci\u00f3n de pr\u00f3ximo trienio en la p\u00e1gina de trienios del Portal Docente.<\/li>\n<li>A\u00f1adida informaci\u00f3n de pr\u00f3ximo sexenio en la p\u00e1gina de sexenios del Portal Docente.<\/li>\n<\/ul>\n<p><strong>Versi\u00f3n 26<\/strong><\/p>\n<ul>\n<li>Las notas no editables se maximizan para que se visualicen mejor.<\/li>\n<li>Cambiada la leyenda Porcentaje de alumnos por N\u00famero de alumnos que es realmente la informaci\u00f3n que se muestra en la pantalla de evaluaci\u00f3n de un conjunto de materias en el cuadro con el n\u00famero de alumnos seg\u00fan el n\u00famero de suspensos.<\/li>\n<\/ul>\n<p><strong>Versi\u00f3n 25<\/strong><\/p>\n<ul>\n<li>Cambios en la pantalla de evaluaci\u00f3n, ahora las notas no editables se hacen m\u00e1s grandes para que sea m\u00e1s c\u00f3modo visualizarlas.<\/li>\n<li>Mejorado el men\u00fa de enlaces al pulsar el icono de la extensi\u00f3n.<\/li>\n<\/ul>\n<p><strong>Versi\u00f3n 24<\/strong><\/p>\n<ul>\n<li>A\u00f1adidos unos enlaces \u00fatiles que aparecen al pulsar el icono de la extensi\u00f3n en la barra de herramientas de Chrome, icono que ahora aparece con color.<\/li>\n<\/ul>\n<p><strong>Versi\u00f3n 23<\/strong><\/p>\n<ul>\n<li>Cambios en el c\u00f3digo para adaptarlo a Firefox, se han tenido que deshabilitar algunas funciones que son por ahora imposibles de usar en Firefox por ahora, como copiar al portapapeles, imprimir la pantalla actual y el guardado de las preferencias en el perfil del usuario para que est\u00e9n sincronizadas en todos sus ordenadores con la extensi\u00f3n instalada.<\/li>\n<\/ul>\n<p><strong>Versi\u00f3n 22<\/strong><\/p>\n<ul>\n<li>A\u00f1adidos los centros nuevos creados a partir del&nbsp;Decreto 62\/2017 para que se visualicen en las pantallas del Concurso de traslados y concursillo<\/li>\n<\/ul>\n<p><strong>Versi\u00f3n 21<\/strong><\/p>\n<ul>\n<li>Ahora en la p\u00e1gina de configuraci\u00f3n de la extensi\u00f3n se pueden configurar m\u00e1s claves de notas para que entren en las medias y estad\u00edsticas, que antes no entraban &nbsp;(ante la sugerencia de un usuario de la extensi\u00f3n) adem\u00e1s en cualquiera de ellas podemos escribir \u00abNO\u00bb as\u00ed esa clave no ser\u00e1 contada en las estad\u00edsticas.<\/li>\n<\/ul>\n<p><strong>Versi\u00f3n 20<\/strong><\/p>\n<ul>\n<li>A\u00f1adidos centros que faltaban (CEP, EOE, Aulas Hospitalarias, &#8230; ) &nbsp;para los concursos de traslados y colocaci\u00f3n de efectivos<\/li>\n<li>Cambiado el check de provincias en la p\u00e1gina de concurso de traslados a la izquierda que es m\u00e1s intuitivo.<\/li>\n<li>A\u00f1adido un aviso cuando tenemos m\u00e1s de 21 asignatura en una evaluaci\u00f3n, para que el usuario pueda activar en Chrome la impresi\u00f3n con escala, y as\u00ed poder cuadrar la impresi\u00f3n a un folio A4.<\/li>\n<\/ul>\n<p><strong>Versi\u00f3n 19<\/strong><\/p>\n<ul>\n<li>Cambios menores en el c\u00f3digo<\/li>\n<\/ul>\n<p><strong>Versi\u00f3n 18<\/strong><\/p>\n<ul>\n<li>Ahora se pueden modificar todos los colores que usa la extensi\u00f3n pulsando en Chrome en Extensiones -&gt; Coloreador de S\u00e9neca -&gt; Configuraci\u00f3n Adem\u00e1s las modificaciones son referescadas en tiempo real en las pantallas de evaluaci\u00f3n, por lo que podemos tener abierta la evaluaci\u00f3n y ver en tiempo real como queda la gama de colores que estemos probando.<\/li>\n<li>Se ha a\u00f1adido la pantalla de evaluaci\u00f3n de un alumno, en ella adem\u00e1s del coloreado, a\u00f1adimos la media y n\u00famero de suspensos de ese alumno en cada una de las evaluaciones.<\/li>\n<li>Arreglado el problema que hab\u00eda en el inventario, ahora solo se mostrar\u00e1 el bot\u00f3n \u00ab<em>Actualizar de forma individual<\/em>\u00bb exclusivamente cuando puede ser usado. Ahora en la ventana \u00abInventario de centro\u00bb no aparece, solo en la ventana \u00ab<em>Actualizaci\u00f3n m\u00e1siva de inventario<\/em>\u00bb cuando en ella haya elementos a actualizar.<\/li>\n<li>Se ha a\u00f1adido un m\u00f3dulo para modificar la pantalla de los concursos de traslados y colocaci\u00f3n de efectivos de la Junta de Andaluc\u00eda. Ahora en los listados, si dejamos el rat\u00f3n sobre el c\u00f3digo de un centro nos aparecer\u00e1 a que centro corresponde. Adem\u00e1s tendremos una nueva caja sobre la tabla que nos permitir\u00e1 resaltar los c\u00f3digo de las provincias que deseemos y c\u00f3digos de centros espec\u00edficos.<\/li>\n<\/ul>\n<p><strong>Versi\u00f3n 17<\/strong><\/p>\n<ul>\n<li>Cambios menores para preparar el camino a la pr\u00f3xima versi\u00f3n.<\/li>\n<\/ul>\n<p><strong>Versi\u00f3n 16<\/strong><\/p>\n<ul>\n<li>Ha sido el cambio m\u00e1s importante desde que empece a desarrollar la extensi\u00f3n, he reescrito el c\u00f3digo completamente, para que sea mucho m\u00e1s legible, f\u00e1cil de ampliar y mantener.<\/li>\n<li>He a\u00f1adido el coloreado de las notas que no se pueden modificar, aquellas que no est\u00e1n en una caja de texto, ahora tambi\u00e9n entran en los porcentajes y medias calculadas. Esto significa que ahora podremos sacar estad\u00edsticas de otros cursos acad\u00e9micos cuyas notas no est\u00e1n en cajas de texto al no ser editables, y no solo del curso actual como pasaba ahora. Esto es muy \u00fatil para hacer comparaciones de porcentajes de asignaturas, de n\u00famero de suspensos por alumno, etc. entre cursos acad\u00e9micos.<\/li>\n<li>A\u00f1adido la media de las medias de todos los alumnos y la media de n\u00famero de suspensos de todos los alumnos, dos valores que nos dan informaci\u00f3n resumida del grupo completo, se encuentran en la cabecera de las columnas media y NSusp.<\/li>\n<\/ul>\n<p><strong>Versi\u00f3n 15<\/strong><\/p>\n<ul>\n<li>Corregido un problema cuando habia un alumno sin ninguna asignatura evaluable, desde ese hacia abajo no coloreaba ninguno.<\/li>\n<\/ul>\n<p><strong>Versi\u00f3n 14<\/strong><\/p>\n<ul>\n<li>Arreglado un problema con la impresi\u00f3n que no funcionaba.<\/li>\n<li>Ahora al imprimir coge los datos de curso escolar, curso, evaluaci\u00f3n y unidad en vez de pedir un t\u00edtulo para el documento.<\/li>\n<\/ul>\n<p><strong>Versi\u00f3n 11<br \/>\n<\/strong><\/p>\n<ul>\n<li>Evaluaci\u00f3n:&nbsp;Nuevo bot\u00f3n para quitar el coloreador o activarlo, al desactivarlo, los suspensos aparecen sombreados en gris y las notas no introducidas en un gris m\u00e1s oscuro, muy \u00faltil para imprimir la tabla en blanco y negro<\/li>\n<li>Evaluaci\u00f3n: Al pulsar el bot\u00f3n imprimir, se pide un t\u00edtulo de documento, que ser\u00e1 impreso como cabecera de la tabla, si no se introduce ning\u00fan t\u00edtulo no se imprimir\u00e1 cabecera<\/li>\n<\/ul>\n<p><strong>Versi\u00f3n 10<br \/>\n<\/strong><\/p>\n<ul>\n<li>Evaluaci\u00f3n: Ahora se puede imprimir la tabla coloreada.<\/li>\n<\/ul>\n<p><strong>&nbsp;Versi\u00f3n 9<br \/>\n<\/strong><\/p>\n<ul>\n<li>Inventario: Redimensiona la columna de Localizaci\u00f3n para poder ver de un vistazo la ubicaci\u00f3n de cada elemento de la lista.<\/li>\n<li>Inventario: Cuando entramos a la p\u00e1gina de Material inventariado, si el subtipo esta en blanco, coloca autom\u00e1ticamente el valor \u00abCualquiera\u00bb<\/li>\n<\/ul>\n<p><strong>&nbsp;Versi\u00f3n 8<\/strong><\/p>\n<ul>\n<li>Evaluaci\u00f3n: Ahora funciona con las pantallas de las Escuelas de Infantil y EOI<\/li>\n<\/ul>\n<p><strong>Versi\u00f3n 7<\/strong><\/p>\n<ul>\n<li>Evaluaci\u00f3n e Inventario: Ahora tambi\u00e9n funciona bajo S\u00e9neca a modo de pruebas<\/li>\n<\/ul>\n","protected":false},"excerpt":{"rendered":"<p>Este blog esta abandonado, a partir de ahora se actualizar\u00e1 en: melendo.eu En esta p\u00e1gina ir\u00e9 informando de las mejoras que vayan surgiendo de la extensi\u00f3n&nbsp;(Chrome) (Edge) Coloreador de S\u00e9neca. En Firefox me retiraron&#46;&#46;&#46;<\/p>\n","protected":false},"author":7756,"featured_media":0,"parent":0,"menu_order":0,"comment_status":"open","ping_status":"open","template":"","meta":{"ngg_post_thumbnail":0,"footnotes":""},"aioseo_notices":[],"_links":{"self":[{"href":"https:\/\/blogsaverroes.juntadeandalucia.es\/melendo\/wp-json\/wp\/v2\/pages\/168"}],"collection":[{"href":"https:\/\/blogsaverroes.juntadeandalucia.es\/melendo\/wp-json\/wp\/v2\/pages"}],"about":[{"href":"https:\/\/blogsaverroes.juntadeandalucia.es\/melendo\/wp-json\/wp\/v2\/types\/page"}],"author":[{"embeddable":true,"href":"https:\/\/blogsaverroes.juntadeandalucia.es\/melendo\/wp-json\/wp\/v2\/users\/7756"}],"replies":[{"embeddable":true,"href":"https:\/\/blogsaverroes.juntadeandalucia.es\/melendo\/wp-json\/wp\/v2\/comments?post=168"}],"version-history":[{"count":7,"href":"https:\/\/blogsaverroes.juntadeandalucia.es\/melendo\/wp-json\/wp\/v2\/pages\/168\/revisions"}],"predecessor-version":[{"id":827,"href":"https:\/\/blogsaverroes.juntadeandalucia.es\/melendo\/wp-json\/wp\/v2\/pages\/168\/revisions\/827"}],"wp:attachment":[{"href":"https:\/\/blogsaverroes.juntadeandalucia.es\/melendo\/wp-json\/wp\/v2\/media?parent=168"}],"curies":[{"name":"wp","href":"https:\/\/api.w.org\/{rel}","templated":true}]}}