{"id":2,"date":"2014-08-25T11:09:05","date_gmt":"2014-08-25T11:09:05","guid":{"rendered":"http:\/\/blogsaverroes.juntadeandalucia.es\/igge\/?page_id=2"},"modified":"2020-03-13T20:44:48","modified_gmt":"2020-03-13T19:44:48","slug":"pagina-ejemplo","status":"publish","type":"page","link":"https:\/\/blogsaverroes.juntadeandalucia.es\/menendezypelayo\/pagina-ejemplo\/","title":{"rendered":"PAS (Personal de administraci\u00f3n y servicios)"},"content":{"rendered":"<table style=\"height: 187px\" width=\"652\">\n<tbody>\n<tr>\n<td style=\"width: 318.516px;text-align: center\"><strong>PUESTO<\/strong><\/td>\n<td style=\"width: 319.266px;text-align: center\"><strong>NOMBRE<\/strong><\/td>\n<\/tr>\n<tr>\n<td style=\"width: 318.516px\">Monitora de Educaci\u00f3n Infantil<\/td>\n<td style=\"width: 319.266px\">In\u00e9s Mar\u00eda Florido Delicado<\/td>\n<\/tr>\n<tr>\n<td style=\"width: 318.516px\">Monitora de Educaci\u00f3n Especial<\/td>\n<td style=\"width: 319.266px\">Marta Dom\u00ednguez Reyes<\/td>\n<\/tr>\n<tr>\n<td style=\"width: 318.516px\">Monitora Sociosanitaria<\/td>\n<td style=\"width: 319.266px\">Margarita Ort\u00edz Vega<\/td>\n<\/tr>\n<tr>\n<td style=\"width: 318.516px\">Monitora de Secretar\u00eda<\/td>\n<td style=\"width: 319.266px\">Mercedes Moya Blanco<\/td>\n<\/tr>\n<tr>\n<td style=\"width: 318.516px\">Conserje<\/td>\n<td style=\"width: 319.266px\">Pedro Javier M\u00e1rquez Qui\u00f1ones<\/td>\n<\/tr>\n<\/tbody>\n<\/table>\n","protected":false},"excerpt":{"rendered":"<p>PUESTO NOMBRE Monitora de Educaci\u00f3n Infantil In\u00e9s Mar\u00eda Florido Delicado Monitora de Educaci\u00f3n Especial Marta Dom\u00ednguez Reyes Monitora Sociosanitaria Margarita Ort\u00edz Vega Monitora de Secretar\u00eda Mercedes Moya Blanco Conserje Pedro Javier M\u00e1rquez Qui\u00f1ones<\/p>\n","protected":false},"author":1,"featured_media":0,"parent":0,"menu_order":0,"comment_status":"open","ping_status":"open","template":"","meta":{"ngg_post_thumbnail":0,"footnotes":"","_mc_calendar":[]},"aioseo_notices":[],"_links":{"self":[{"href":"https:\/\/blogsaverroes.juntadeandalucia.es\/menendezypelayo\/wp-json\/wp\/v2\/pages\/2"}],"collection":[{"href":"https:\/\/blogsaverroes.juntadeandalucia.es\/menendezypelayo\/wp-json\/wp\/v2\/pages"}],"about":[{"href":"https:\/\/blogsaverroes.juntadeandalucia.es\/menendezypelayo\/wp-json\/wp\/v2\/types\/page"}],"author":[{"embeddable":true,"href":"https:\/\/blogsaverroes.juntadeandalucia.es\/menendezypelayo\/wp-json\/wp\/v2\/users\/1"}],"replies":[{"embeddable":true,"href":"https:\/\/blogsaverroes.juntadeandalucia.es\/menendezypelayo\/wp-json\/wp\/v2\/comments?post=2"}],"version-history":[{"count":4,"href":"https:\/\/blogsaverroes.juntadeandalucia.es\/menendezypelayo\/wp-json\/wp\/v2\/pages\/2\/revisions"}],"predecessor-version":[{"id":2368,"href":"https:\/\/blogsaverroes.juntadeandalucia.es\/menendezypelayo\/wp-json\/wp\/v2\/pages\/2\/revisions\/2368"}],"wp:attachment":[{"href":"https:\/\/blogsaverroes.juntadeandalucia.es\/menendezypelayo\/wp-json\/wp\/v2\/media?parent=2"}],"curies":[{"name":"wp","href":"https:\/\/api.w.org\/{rel}","templated":true}]}}