{"id":49,"date":"2015-03-13T08:47:05","date_gmt":"2015-03-13T08:47:05","guid":{"rendered":"http:\/\/blogsaverroes.juntadeandalucia.es\/pre\/ceip\/?page_id=49"},"modified":"2024-09-29T20:15:05","modified_gmt":"2024-09-29T19:15:05","slug":"proyecto-educativo","status":"publish","type":"page","link":"https:\/\/blogsaverroes.juntadeandalucia.es\/menendezypelayo\/proyecto-educativo\/","title":{"rendered":"Proyecto Educativo"},"content":{"rendered":"<p>Los documentos del centro se pueden consultar en los siguientes enlaces:<\/p>\n<p><a href=\"https:\/\/sites.google.com\/menendezypelayo.es\/plan-de-centro\/inicio?authuser=0\" target=\"_blank\" rel=\"noopener noreferrer\">PLAN DE CENTRO<\/a><\/p>\n<p><a href=\"https:\/\/blogsaverroes.juntadeandalucia.es\/menendezypelayo\/proyecto-educativo\/programaciones-didacticas\/\">PROGRAMACIONES DID\u00c1CTICAS<\/a><\/p>\n<p><a href=\"https:\/\/sites.google.com\/menendezypelayo.es\/pcurricular\/pagina-principal\" target=\"_blank\" rel=\"noopener noreferrer\">PROYECTO CURRICULAR<\/a><\/p>\n<p><a href=\"https:\/\/sites.google.com\/menendezypelayo.es\/plc\/inicio-plc\" target=\"_blank\" rel=\"noopener noreferrer\">PROYECTO LING\u00dc\u00cdSTICO<\/a><\/p>\n<p>&nbsp;<\/p>\n","protected":false},"excerpt":{"rendered":"<p>Los documentos del centro se pueden consultar en los siguientes enlaces: PLAN DE CENTRO PROGRAMACIONES DID\u00c1CTICAS PROYECTO CURRICULAR PROYECTO LING\u00dc\u00cdSTICO &nbsp;<\/p>\n","protected":false},"author":1,"featured_media":0,"parent":0,"menu_order":0,"comment_status":"open","ping_status":"open","template":"","meta":{"ngg_post_thumbnail":0,"footnotes":"","_mc_calendar":[]},"aioseo_notices":[],"_links":{"self":[{"href":"https:\/\/blogsaverroes.juntadeandalucia.es\/menendezypelayo\/wp-json\/wp\/v2\/pages\/49"}],"collection":[{"href":"https:\/\/blogsaverroes.juntadeandalucia.es\/menendezypelayo\/wp-json\/wp\/v2\/pages"}],"about":[{"href":"https:\/\/blogsaverroes.juntadeandalucia.es\/menendezypelayo\/wp-json\/wp\/v2\/types\/page"}],"author":[{"embeddable":true,"href":"https:\/\/blogsaverroes.juntadeandalucia.es\/menendezypelayo\/wp-json\/wp\/v2\/users\/1"}],"replies":[{"embeddable":true,"href":"https:\/\/blogsaverroes.juntadeandalucia.es\/menendezypelayo\/wp-json\/wp\/v2\/comments?post=49"}],"version-history":[{"count":11,"href":"https:\/\/blogsaverroes.juntadeandalucia.es\/menendezypelayo\/wp-json\/wp\/v2\/pages\/49\/revisions"}],"predecessor-version":[{"id":2212,"href":"https:\/\/blogsaverroes.juntadeandalucia.es\/menendezypelayo\/wp-json\/wp\/v2\/pages\/49\/revisions\/2212"}],"wp:attachment":[{"href":"https:\/\/blogsaverroes.juntadeandalucia.es\/menendezypelayo\/wp-json\/wp\/v2\/media?parent=49"}],"curies":[{"name":"wp","href":"https:\/\/api.w.org\/{rel}","templated":true}]}}