{"id":940,"date":"2021-02-08T15:59:55","date_gmt":"2021-02-08T14:59:55","guid":{"rendered":"https:\/\/blogsaverroes.juntadeandalucia.es\/miguelhernandezmairena\/?page_id=940"},"modified":"2026-03-19T12:04:57","modified_gmt":"2026-03-19T11:04:57","slug":"plan-de-centro","status":"publish","type":"page","link":"https:\/\/blogsaverroes.juntadeandalucia.es\/miguelhernandezmairena\/plan-de-centro\/","title":{"rendered":"Plan de Centro"},"content":{"rendered":"<p>[et_pb_section fb_built=&#8221;1&#8243; _builder_version=&#8221;4.24.2&#8243; _module_preset=&#8221;default&#8221; global_colors_info=&#8221;{}&#8221;][et_pb_row _builder_version=&#8221;4.24.2&#8243; _module_preset=&#8221;default&#8221; global_colors_info=&#8221;{}&#8221;][et_pb_column type=&#8221;4_4&#8243; _builder_version=&#8221;4.24.2&#8243; _module_preset=&#8221;default&#8221; global_colors_info=&#8221;{}&#8221;][et_pb_toggle title=&#8221;Proyecto Educativo&#8221; _builder_version=&#8221;4.24.2&#8243; _module_preset=&#8221;default&#8221; hover_enabled=&#8221;0&#8243; global_colors_info=&#8221;{}&#8221; sticky_enabled=&#8221;0&#8243;]<\/p>\n<p><a href=\"https:\/\/blogsaverroes.juntadeandalucia.es\/miguelhernandezmairena\/files\/2025\/04\/1_Objetivos-propios.pdf\" rel=\"attachment wp-att-1792\">\ud83d\udccc Objetivos propios<\/a><a href=\"https:\/\/blogsaverroes.juntadeandalucia.es\/miguelhernandezmairena\/files\/2025\/04\/2_Lineas-actuacion-pedagogica.pdf\" rel=\"attachment wp-att-1793\"><br \/>\ud83d\udcda Lineas actuacion pedagogica<\/a><a href=\"https:\/\/blogsaverroes.juntadeandalucia.es\/miguelhernandezmairena\/files\/2025\/04\/3_Coordinacion-y-concrecion-contenidos-curriculares.pdf\" rel=\"attachment wp-att-1794\"><br \/>\ud83e\udde0 Coordinacion y concrecion contenidos curriculares<\/a><a href=\"https:\/\/blogsaverroes.juntadeandalucia.es\/miguelhernandezmairena\/files\/2025\/04\/4_Horario-organos-coordinacion-docente.pdf\" rel=\"attachment wp-att-1795\"><br \/>\ud83d\udd52 Horario organos coordinacion docente<\/a><a href=\"https:\/\/blogsaverroes.juntadeandalucia.es\/miguelhernandezmairena\/files\/2025\/04\/5_Criterios-evaluacion.pdf\" rel=\"attachment wp-att-1796\"><br \/>\ud83e\uddfe Criterios evaluacion<\/a><a href=\"https:\/\/blogsaverroes.juntadeandalucia.es\/miguelhernandezmairena\/files\/2025\/04\/6_Atencion-a-la-diversidad.pdf\" rel=\"attachment wp-att-1797\"><br \/>\ud83c\udf08\u00a0 Atencion a la diversidad<\/a><a href=\"https:\/\/blogsaverroes.juntadeandalucia.es\/miguelhernandezmairena\/files\/2025\/04\/7_Las-actividades-de-recuperacion.pdf\" rel=\"attachment wp-att-1798\"><br \/>\ud83d\udd04\u00a0 Las actividades de recuperacion<\/a><a href=\"https:\/\/blogsaverroes.juntadeandalucia.es\/miguelhernandezmairena\/files\/2025\/04\/8_Plan-accion-tutorial.pdf\" rel=\"attachment wp-att-1799\"><br \/>\ud83d\udcdd Plan accion tutorial<\/a><a href=\"https:\/\/blogsaverroes.juntadeandalucia.es\/miguelhernandezmairena\/files\/2025\/04\/9_Compromisos-educativos-y-de-convivencia.pdf\" rel=\"attachment wp-att-1800\"><br \/>\ud83e\udd1d Compromisos educativos y de convivencia<\/a><a href=\"https:\/\/blogsaverroes.juntadeandalucia.es\/miguelhernandezmairena\/files\/2025\/04\/10_Plan-de-convivencia.pdf\" rel=\"attachment wp-att-1801\"><br \/>\ud83d\udc6b Plan de convivencia<\/a><a href=\"https:\/\/blogsaverroes.juntadeandalucia.es\/miguelhernandezmairena\/files\/2025\/04\/11_Plan-de-formacion-profesorado.pdf\" rel=\"attachment wp-att-1802\"><br \/>\ud83d\udc69\u200d\ud83c\udfeb Plan de formacion profesorado<\/a><a href=\"https:\/\/blogsaverroes.juntadeandalucia.es\/miguelhernandezmairena\/files\/2025\/04\/12_El-tiempo-escolar.pdf\" rel=\"attachment wp-att-1803\"><br \/>\ud83c\udfeb El tiempo escolar<\/a><br \/><a href=\"https:\/\/blogsaverroes.juntadeandalucia.es\/miguelhernandezmairena\/files\/2025\/04\/13_Procedimientos-evaluacion-interna.pdf\">\ud83d\udd0d Procedimientos-evaluacion-interna<\/a><br \/><a href=\"https:\/\/blogsaverroes.juntadeandalucia.es\/miguelhernandezmairena\/files\/2025\/04\/  \ud83d\udc6514_Agrupamiento-alumnado.pdf\" rel=\"attachment wp-att-1805\">\ud83d\udc65 Agrupamiento alumnado<\/a><a href=\"https:\/\/blogsaverroes.juntadeandalucia.es\/miguelhernandezmairena\/files\/2025\/04\/15_Criterios-para-elaborar-programaciones.pdf\" rel=\"attachment wp-att-1806\"><br \/>\ud83c\udfaf Criterios para elaborar programaciones<\/a><a href=\"https:\/\/blogsaverroes.juntadeandalucia.es\/miguelhernandezmairena\/files\/2025\/04\/16_Planes-estrategicos.pdf\" rel=\"attachment wp-att-1807\"><br \/>\ud83e\udde9 Planes estrategicos<\/a><a href=\"https:\/\/blogsaverroes.juntadeandalucia.es\/miguelhernandezmairena\/files\/2025\/04\/17_.pdf\" rel=\"attachment wp-att-1808\"><br \/>\ud83c\udf0d Actividades que dan identidad<\/a><\/p>\n<p>[\/et_pb_toggle][\/et_pb_column][\/et_pb_row][et_pb_row _builder_version=&#8221;4.24.2&#8243; _module_preset=&#8221;default&#8221; global_colors_info=&#8221;{}&#8221;][et_pb_column type=&#8221;4_4&#8243; _builder_version=&#8221;4.24.2&#8243; _module_preset=&#8221;default&#8221; global_colors_info=&#8221;{}&#8221;][et_pb_toggle title=&#8221;ROF&#8221; _builder_version=&#8221;4.24.2&#8243; _module_preset=&#8221;default&#8221; hover_enabled=&#8221;0&#8243; global_colors_info=&#8221;{}&#8221; sticky_enabled=&#8221;0&#8243;]<\/p>\n<p><a href=\"https:\/\/blogsaverroes.juntadeandalucia.es\/miguelhernandezmairena\/files\/2026\/03\/1.1_Estructura-del-Centro.pdf\" rel=\"attachment wp-att-1877\">\ud83d\udccc Estructura del Centro<\/a><br \/><a href=\"https:\/\/blogsaverroes.juntadeandalucia.es\/miguelhernandezmairena\/files\/2026\/03\/1.2_Cauces-participacion-diferentes-sectores.pdf\" rel=\"attachment wp-att-1878\">\ud83d\udc65 Cauces participacion diferentes sectores<\/a><br \/><a href=\"https:\/\/blogsaverroes.juntadeandalucia.es\/miguelhernandezmairena\/files\/2026\/03\/1.3_Rigor-y-transparencia.pdf\" rel=\"attachment wp-att-1879\">\ud83d\udd0d Rigor y transparencia<\/a><br \/><a href=\"https:\/\/blogsaverroes.juntadeandalucia.es\/miguelhernandezmairena\/files\/2026\/03\/2.0_Normas-de-funcionamiento-1.pdf\" rel=\"attachment wp-att-1880\">\ud83d\udccb Normas de funcionamiento<\/a><br \/><a href=\"https:\/\/blogsaverroes.juntadeandalucia.es\/miguelhernandezmairena\/files\/2026\/03\/2.1_Organizacion-de-espacios.pdf\" rel=\"attachment wp-att-1881\">\ud83c\udfeb Organizacion de espacios<\/a><br \/><a href=\"https:\/\/blogsaverroes.juntadeandalucia.es\/miguelhernandezmairena\/files\/2026\/03\/2.2_Vigilancia-de-recreos.pdf\" rel=\"attachment wp-att-1882\">\ud83d\udc40 Vigilancia de recreos<\/a><br \/><a href=\"https:\/\/blogsaverroes.juntadeandalucia.es\/miguelhernandezmairena\/files\/2026\/03\/2.3_Gratuidad-libros-de-texto.pdf\" rel=\"attachment wp-att-1883\">\ud83d\udcda Gratuidad libros de texto<\/a><br \/><a href=\"https:\/\/blogsaverroes.juntadeandalucia.es\/miguelhernandezmairena\/files\/2026\/03\/2.4_Plan-de-autoproteccion.pdf\" rel=\"attachment wp-att-1884\">\ud83d\udea8 Plan de autoproteccion<\/a><br \/><a href=\"https:\/\/blogsaverroes.juntadeandalucia.es\/miguelhernandezmairena\/files\/2026\/03\/2.5_Equipo-de-evaluacion.pdf\" rel=\"attachment wp-att-1885\">\ud83e\uddd1\u200d\ud83c\udfeb Equipo de evaluacion<\/a><br \/><a href=\"https:\/\/blogsaverroes.juntadeandalucia.es\/miguelhernandezmairena\/files\/2026\/03\/2.6_Normas-dispositivos-electronicos.pdf\" rel=\"attachment wp-att-1886\">\ud83d\udcf1 Normas dispositivos electronicos<\/a><br \/><a href=\"https:\/\/blogsaverroes.juntadeandalucia.es\/miguelhernandezmairena\/files\/2026\/03\/2.7_Uniforme-escolar.pdf\" rel=\"attachment wp-att-1887\">\ud83d\udc55 Uniforme escolar<\/a><br \/><a href=\"https:\/\/blogsaverroes.juntadeandalucia.es\/miguelhernandezmairena\/files\/2026\/03\/2.8_Prevencion-riesgos-laborales.pdf\" rel=\"attachment wp-att-1888\">\u26a0\ufe0f Prevencion riesgos laborales<\/a><br \/><a href=\"https:\/\/blogsaverroes.juntadeandalucia.es\/miguelhernandezmairena\/files\/2026\/03\/2.9_Protocolo-padres-separados.pdf\" rel=\"attachment wp-att-1889\">\ud83d\udc68\u200d\ud83d\udc69\u200d\ud83d\udc67 Protocolo padres separados<\/a><\/p>\n<p>[\/et_pb_toggle][\/et_pb_column][\/et_pb_row][et_pb_row _builder_version=&#8221;4.24.2&#8243; _module_preset=&#8221;default&#8221; global_colors_info=&#8221;{}&#8221;][et_pb_column type=&#8221;4_4&#8243; _builder_version=&#8221;4.24.2&#8243; _module_preset=&#8221;default&#8221; global_colors_info=&#8221;{}&#8221;][et_pb_toggle title=&#8221;Proyecto de Gesti\u00f3n&#8221; _builder_version=&#8221;4.24.2&#8243; _module_preset=&#8221;default&#8221; global_colors_info=&#8221;{}&#8221;][\/et_pb_toggle][\/et_pb_column][\/et_pb_row][\/et_pb_section]<\/p>\n","protected":false},"excerpt":{"rendered":"<p>Conoce nuestro proyecto educativo<br \/>\nEn este espacio podr\u00e1s acceder a los documentos que recogen la organizaci\u00f3n, principios y actuaciones que definen la vida educativa de nuestro centro. A continuaci\u00f3n, te dejamos los principales apartados del plan de centro:<br \/>\nAn\u00e1lisis del contexto: https:\/\/drive.google.com\/file\/d\/1z5CaVJJyn9Q5IM9hgy0PxCo4kP0A3oh_\/view<br \/>\nObjetivos propios para la mejora del rendimiento escolar: https:\/\/drive.google.com\/file\/d\/1oMnH7PsdLGJkVEhHjWmGBq5AD5FDRJB-\/view<br \/>\nL\u00edneas generales de actuaci\u00f3n pedag\u00f3gica: https:\/\/drive.google.com\/file\/d\/1uKv-2k_lDXWiFMYKv4tADHxU6DpW1-ZO\/view<br \/>\nCoordinaci\u00f3n y concreci\u00f3n de los contenidos curriculares: https:\/\/drive.google.com\/file\/d\/1Otw84O2_i5856efsa-sh-Kivem9KCj2q\/view<br \/>\nCriterios pedag\u00f3gicos de coordinaci\u00f3n docente: https:\/\/drive.google.com\/file\/d\/1hRx9q1rLEjO0io0kokUmSTtjX_kdj9eU\/view<br \/>\nEvaluaci\u00f3n y promoci\u00f3n del alumnado: https:\/\/drive.google.com\/file\/d\/1areUlROH2GHkNYqFavobrLS-A7JFi1su\/view<br \/>\nAtenci\u00f3n a la diversidad del alumnado: https:\/\/drive.google.com\/file\/d\/18vohHFO9rWJ2OQB9ZZVCzP_F8bAGSy-h\/view<br \/>\nActividades de refuerzo y recuperaci\u00f3n: https:\/\/drive.google.com\/file\/d\/1wD3kispovv6YKiHhqtfcklaAXdSfVU6K\/view<br \/>\nPlan de orientaci\u00f3n y acci\u00f3n tutorial: https:\/\/drive.google.com\/file\/d\/1b00VuWlKqylCo_M8sykFoJYCGLee5VTi\/view<br \/>\nCompromisos educativos y de convivencia con las familias: https:\/\/drive.google.com\/file\/d\/1jDnpkfIlGqpf000CqqvDiPQK5n4Ct8tz\/view<br \/>\nPlan de convivencia: https:\/\/drive.google.com\/file\/d\/1RBE-63hacaL5cRp7tUP9Jymrq1oqHf33\/view<br \/>\nPlan de formaci\u00f3n del profesorado: https:\/\/drive.google.com\/file\/d\/1h559aSswGbRGUuR00mjwzguc9wg70BU0\/view<br \/>\nOrganizaci\u00f3n y distribuci\u00f3n del tiempo escolar: https:\/\/drive.google.com\/file\/d\/1vRBqgCN8s9AZ9ZQ41lhmKijZksdrjzji\/view<br \/>\nEvaluaci\u00f3n interna: https:\/\/drive.google.com\/file\/d\/1Cd5efu6s1nblazJdKY5WjOYoOJptgZDy\/view<br \/>\nAgrupamientos y tutor\u00edas: https:\/\/drive.google.com\/file\/d\/1WBwFtA0_kJ3CNwHU3lMBzmrVp6M76Wa6\/view<br \/>\nProgramaciones did\u00e1cticas: https:\/\/drive.google.com\/file\/d\/1aBFuhZKtqd9ec3ThsA3o0l7NjQx64Med\/view<br \/>\nPlanes estrat\u00e9gicos del centro: https:\/\/drive.google.com\/file\/d\/1BDPqiFkllkAzfrCfkhNpBI90W7tyWOOQ\/view<br \/>\nActividades que dan identidad al centro: https:\/\/drive.google.com\/file\/d\/1KljuVner9ZjSrIuqKJUgQ8IUDxg1_uXc\/view<\/p>\n","protected":false},"author":7051,"featured_media":0,"parent":0,"menu_order":0,"comment_status":"closed","ping_status":"closed","template":"","meta":{"_et_pb_use_builder":"on","_et_pb_old_content":"","_et_gb_content_width":"","ngg_post_thumbnail":0,"footnotes":""},"aioseo_notices":[],"_links":{"self":[{"href":"https:\/\/blogsaverroes.juntadeandalucia.es\/miguelhernandezmairena\/wp-json\/wp\/v2\/pages\/940"}],"collection":[{"href":"https:\/\/blogsaverroes.juntadeandalucia.es\/miguelhernandezmairena\/wp-json\/wp\/v2\/pages"}],"about":[{"href":"https:\/\/blogsaverroes.juntadeandalucia.es\/miguelhernandezmairena\/wp-json\/wp\/v2\/types\/page"}],"author":[{"embeddable":true,"href":"https:\/\/blogsaverroes.juntadeandalucia.es\/miguelhernandezmairena\/wp-json\/wp\/v2\/users\/7051"}],"replies":[{"embeddable":true,"href":"https:\/\/blogsaverroes.juntadeandalucia.es\/miguelhernandezmairena\/wp-json\/wp\/v2\/comments?post=940"}],"version-history":[{"count":88,"href":"https:\/\/blogsaverroes.juntadeandalucia.es\/miguelhernandezmairena\/wp-json\/wp\/v2\/pages\/940\/revisions"}],"predecessor-version":[{"id":1900,"href":"https:\/\/blogsaverroes.juntadeandalucia.es\/miguelhernandezmairena\/wp-json\/wp\/v2\/pages\/940\/revisions\/1900"}],"wp:attachment":[{"href":"https:\/\/blogsaverroes.juntadeandalucia.es\/miguelhernandezmairena\/wp-json\/wp\/v2\/media?parent=940"}],"curies":[{"name":"wp","href":"https:\/\/api.w.org\/{rel}","templated":true}]}}