{"id":917,"date":"2020-06-22T19:33:03","date_gmt":"2020-06-22T17:33:03","guid":{"rendered":"https:\/\/blogsaverroes.juntadeandalucia.es\/moveyourworld\/?page_id=917"},"modified":"2020-07-08T09:30:22","modified_gmt":"2020-07-08T07:30:22","slug":"udi-8-haka-flamenca","status":"publish","type":"page","link":"https:\/\/blogsaverroes.juntadeandalucia.es\/moveyourworld\/udi-8-haka-flamenca\/","title":{"rendered":"UDI 8. Haka Flamenca"},"content":{"rendered":"<p><span style=\"font-family: courier new, courier, monospace\">\u00a1Buenas a todos y a todas! Comenzamos con una UDI dedicada a la familiarizaci\u00f3n y desarrollo de la cualidad motriz del ritmo a trav\u00e9s de la <strong>Percusi\u00f3n Corporal y la Danza, <\/strong>mediante la <strong>Haka<\/strong> como elemento central.<\/span><\/p>\n<p><img loading=\"lazy\" decoding=\"async\" class=\"size-full wp-image-939 aligncenter\" src=\"https:\/\/blogsaverroes.juntadeandalucia.es\/moveyourworld\/files\/2020\/06\/1.haka_.jpg\" alt=\"\" width=\"500\" height=\"333\" srcset=\"https:\/\/blogsaverroes.juntadeandalucia.es\/moveyourworld\/files\/2020\/06\/1.haka_.jpg 500w, https:\/\/blogsaverroes.juntadeandalucia.es\/moveyourworld\/files\/2020\/06\/1.haka_-300x200.jpg 300w, https:\/\/blogsaverroes.juntadeandalucia.es\/moveyourworld\/files\/2020\/06\/1.haka_-24x16.jpg 24w, https:\/\/blogsaverroes.juntadeandalucia.es\/moveyourworld\/files\/2020\/06\/1.haka_-36x24.jpg 36w, https:\/\/blogsaverroes.juntadeandalucia.es\/moveyourworld\/files\/2020\/06\/1.haka_-48x32.jpg 48w\" sizes=\"(max-width: 500px) 100vw, 500px\" \/><\/p>\n<p><span style=\"font-family: courier new, courier, monospace\">La m\u00fasica ejerce un efecto estimulante en lo ps\u00edquico y en lo motriz, adem\u00e1s de ser un componente social y cultural enorme, a trav\u00e9s de la danza y el canto. Adem\u00e1s se pueden establecer la armon\u00eda, la melod\u00eda y el ritmo como los elementos b\u00e1sicos de la m\u00fasica.<br \/>\n<\/span><\/p>\n<p><span style=\"font-family: courier new, courier, monospace\">En base a ello, en lo que respecta a nuestra materia tanto la danza como el ritmo (cualidad motriz) ser\u00e1n elementos esenciales en la educaci\u00f3n del movimiento del alumnado, que permitir\u00e1 dentro del contexto social actual, atender a un proceso formativo orientado a la mejora de la salud de base a los objetivos did\u00e1cticos previstos.<\/span><\/p>\n<p><span style=\"font-family: courier new, courier, monospace\">Por \u00faltimo, esta Unidad buscar\u00e1 desarrollar un pensamiento cr\u00edtico y de ciudadan\u00eda activa en el alumnado, a trav\u00e9s de acciones de \u00abArtivismo\u00bb vinculadas con su entorno y realidad social. <\/span><\/p>\n<p style=\"text-align: center\"><span style=\"font-family: courier new, courier, monospace\"><strong>Objetivos de aprendizaje<\/strong><\/span><\/p>\n<ul>\n<li><span style=\"font-family: courier new, courier, monospace\">Conocer elementos clave para el solfeo y la percusi\u00f3n motriz y ponerlos en pr\u00e1ctica.<\/span><\/li>\n<li><span style=\"font-family: courier new, courier, monospace\">Conocer distintos tipos de expresi\u00f3n r\u00edtmica y bailes.<\/span><\/li>\n<li><span style=\"font-family: courier new, courier, monospace\">Establecer relaciones interpersonales basadas en valores de cooperaci\u00f3n, acuerdos, respeto e igualdad; en un contexto de inter\u00e9s hacia todo tipo de manifestaciones culturales.<\/span><\/li>\n<li><span style=\"font-family: courier new, courier, monospace\">Participar en actividades basadas en el ritmo como v\u00eda para potenciar las posibilidades expresivas y de comunicaci\u00f3n.<\/span><\/li>\n<li><span style=\"font-family: courier new, courier, monospace\">Profundizar en la capacidad de utilizar los recursos expresivos del cuerpo mediante la exploraci\u00f3n y experimentaci\u00f3n de sus posibilidades.<\/span><\/li>\n<li><span style=\"font-family: courier new, courier, monospace\">Conocer alternativas para el desarrollo de la condici\u00f3n f\u00edsica y para el disfrute del tiempo libre.<\/span><\/li>\n<li><span style=\"font-family: courier new, courier, monospace\">Dise\u00f1ar y organizar peque\u00f1os montajes r\u00edtmicos propios desde la c<\/span><span style=\"font-family: courier new, courier, monospace\">onstrucci\u00f3n social y la responsabilidad individual.<\/span><\/li>\n<li><span style=\"font-family: courier new, courier, monospace\">Dominar habilidades espec\u00edficas r\u00edtmicas, dirigidas a satisfacer necesidades motrices propias.<\/span><\/li>\n<li><span style=\"font-family: courier new, courier, monospace\">Ejecutar ritmos y bailes culturales, como forma de aproximar, reconocer y valorar la expresi\u00f3n corporal.<\/span><\/li>\n<\/ul>\n","protected":false},"excerpt":{"rendered":"<p>\u00a1Buenas a todos y a todas! Comenzamos con una UDI dedicada a la familiarizaci\u00f3n y desarrollo de la cualidad motriz del ritmo a trav\u00e9s de la Percusi\u00f3n Corporal y la Danza, mediante la Haka como elemento central. La m\u00fasica ejerce un efecto estimulante en lo ps\u00edquico y en lo motriz, adem\u00e1s de ser un componente &hellip; <\/p>\n<p class=\"link-more\"><a href=\"https:\/\/blogsaverroes.juntadeandalucia.es\/moveyourworld\/udi-8-haka-flamenca\/\" class=\"more-link\">Continuar leyendo<span class=\"screen-reader-text\"> \u00abUDI 8. Haka Flamenca\u00bb<\/span><\/a><\/p>\n","protected":false},"author":7776,"featured_media":0,"parent":0,"menu_order":0,"comment_status":"closed","ping_status":"closed","template":"","meta":{"ngg_post_thumbnail":0,"footnotes":""},"aioseo_notices":[],"_links":{"self":[{"href":"https:\/\/blogsaverroes.juntadeandalucia.es\/moveyourworld\/wp-json\/wp\/v2\/pages\/917"}],"collection":[{"href":"https:\/\/blogsaverroes.juntadeandalucia.es\/moveyourworld\/wp-json\/wp\/v2\/pages"}],"about":[{"href":"https:\/\/blogsaverroes.juntadeandalucia.es\/moveyourworld\/wp-json\/wp\/v2\/types\/page"}],"author":[{"embeddable":true,"href":"https:\/\/blogsaverroes.juntadeandalucia.es\/moveyourworld\/wp-json\/wp\/v2\/users\/7776"}],"replies":[{"embeddable":true,"href":"https:\/\/blogsaverroes.juntadeandalucia.es\/moveyourworld\/wp-json\/wp\/v2\/comments?post=917"}],"version-history":[{"count":8,"href":"https:\/\/blogsaverroes.juntadeandalucia.es\/moveyourworld\/wp-json\/wp\/v2\/pages\/917\/revisions"}],"predecessor-version":[{"id":948,"href":"https:\/\/blogsaverroes.juntadeandalucia.es\/moveyourworld\/wp-json\/wp\/v2\/pages\/917\/revisions\/948"}],"wp:attachment":[{"href":"https:\/\/blogsaverroes.juntadeandalucia.es\/moveyourworld\/wp-json\/wp\/v2\/media?parent=917"}],"curies":[{"name":"wp","href":"https:\/\/api.w.org\/{rel}","templated":true}]}}