{"id":3014,"date":"2013-05-14T11:32:11","date_gmt":"2013-05-14T09:32:11","guid":{"rendered":"http:\/\/orientacion.cepindalo.es\/?page_id=41"},"modified":"2024-10-31T10:27:47","modified_gmt":"2024-10-31T09:27:47","slug":"eoes","status":"publish","type":"page","link":"https:\/\/blogsaverroes.juntadeandalucia.es\/orientacionalmeria\/eoes\/","title":{"rendered":"EOEs"},"content":{"rendered":"<hr \/>\n<p style=\"text-align: justify\">&nbsp;<\/p>\n<p><img loading=\"lazy\" decoding=\"async\" class=\"wp-image-4977 alignleft\" src=\"https:\/\/blogsaverroes.juntadeandalucia.es\/orientacionalmeria\/files\/2022\/03\/MAPA-ZONA-EOEXX-297x300.jpg\" alt=\"\" width=\"799\" height=\"807\" srcset=\"https:\/\/blogsaverroes.juntadeandalucia.es\/orientacionalmeria\/files\/2022\/03\/MAPA-ZONA-EOEXX-297x300.jpg 297w, https:\/\/blogsaverroes.juntadeandalucia.es\/orientacionalmeria\/files\/2022\/03\/MAPA-ZONA-EOEXX-768x775.jpg 768w, https:\/\/blogsaverroes.juntadeandalucia.es\/orientacionalmeria\/files\/2022\/03\/MAPA-ZONA-EOEXX.jpg 790w\" sizes=\"(max-width: 799px) 100vw, 799px\" \/><\/p>\n<p style=\"text-align: justify\"><span style=\"font-family: arial, helvetica, sans-serif;font-size: 12pt\">Los Equipos de Orientaci\u00f3n Educativa (E.O.Es) son unidades b\u00e1sicas de orientaci\u00f3n psicopedag\u00f3gica que, mediante el desempe\u00f1o de funciones especializadas en las \u00e1reas de orientaci\u00f3n educativa, atenci\u00f3n a los alumnos y alumnas con necesidades educativas especiales, compensaci\u00f3n educativa y apoyo a la funci\u00f3n tutorial del profesorado, act\u00faan en el conjunto de los centros de cada una de las zonas educativas asignadas.<\/span><\/p>\n<p style=\"text-align: justify\"><span style=\"font-family: arial, helvetica, sans-serif;font-size: 12pt\">Est\u00e1n constituidos por titulados en psicolog\u00eda, pedagog\u00eda o psicopedagog\u00eda y, cuando las especiales caracter\u00edsticas y necesidades del alumnado de la zona educativa as\u00ed lo aconsejen, por m\u00e9dicos y maestros, y trabajadores o educadores sociales.<\/span><\/p>\n<p><span style=\"font-family: arial, helvetica, sans-serif;font-size: 12pt\">Las <strong>funciones<\/strong> generales que desarrollan son:<\/span><\/p>\n<p style=\"text-align: justify\"><span style=\"font-family: arial, helvetica, sans-serif;font-size: 12pt\">a) Asesorar a los centros en la elaboraci\u00f3n, aplicaci\u00f3n y evaluaci\u00f3n del Plan de centro, en los aspectos m\u00e1s estrechamente ligados a la orientaci\u00f3n educativa y la atenci\u00f3n a la diversidad.<\/span><br \/>\n<span style=\"font-family: arial, helvetica, sans-serif;font-size: 12pt\"> b) Asesorar al profesorado en el dise\u00f1o de procedimientos e instrumentos de evaluaci\u00f3n tanto de los aprendizajes de los alumnos y alumnas como de los procesos de ense\u00f1anza.<\/span><br \/>\n<span style=\"font-family: arial, helvetica, sans-serif;font-size: 12pt\"> c) Colaborar con los Centros de Profesores en la formaci\u00f3n, apoyo y asesoramiento al profesorado de la zona en el \u00e1mbito de la orientaci\u00f3n educativa.<\/span><br \/>\n<span style=\"font-family: arial, helvetica, sans-serif;font-size: 12pt\"> d) Atender las demandas de evaluaci\u00f3n psicopedag\u00f3gica de los alumnos y alumnas que la requieran y proponer la modalidad de escolarizaci\u00f3n m\u00e1s adecuada en cada caso.<\/span><br \/>\n<span style=\"font-family: arial, helvetica, sans-serif;font-size: 12pt\"> e) Asesorar al profesorado en el tratamiento educativo de la diversidad de aptitudes, intereses y motivaciones de los alumnos y alumnas, y colaborar en la aplicaci\u00f3n de las medidas educativas oportunas.<\/span><br \/>\n<span style=\"font-family: arial, helvetica, sans-serif;font-size: 12pt\"> f) Participar en el dise\u00f1o y desarrollo de programas de refuerzo, adaptaci\u00f3n y diversificaci\u00f3n curricular de los centros de la zona.<\/span><br \/>\n<span style=\"font-family: arial, helvetica, sans-serif;font-size: 12pt\"> g) Asesorar a las familias del alumnado, participando en el dise\u00f1o y desarrollo de programas formativos de padres y madres de alumnos.<\/span><br \/>\n<span style=\"font-family: arial, helvetica, sans-serif;font-size: 12pt\"> h) Elaborar, adaptar y divulgar materiales e instrumentos de orientaci\u00f3n educativa e intervenci\u00f3n psicopedag\u00f3gica que sean utilidad para el profesorado.<\/span><\/p>\n<p align=\"center\"><span style=\"font-size: 12pt;font-family: arial, helvetica, sans-serif\"><b>DIRECTORIO <\/b><b>EQUIPOS DE ORIENTACI\u00d3N EDUCATIVA<\/b><b> <\/b><b>DE ALMER\u00cdA <\/b><\/span><\/p>\n<table width=\"1294\" cellspacing=\"0\" cellpadding=\"9\">\n<tbody>\n<tr>\n<td width=\"34\">&nbsp;<\/td>\n<td width=\"118\">\n<p align=\"center\"><span style=\"font-family: arial, helvetica, sans-serif;font-size: 12pt\"><b>EOE<\/b><\/span><\/p>\n<\/td>\n<td width=\"282\">\n<p align=\"center\"><span style=\"font-family: arial, helvetica, sans-serif;font-size: 12pt\"><b>CORREO ELECTR\u00d3NICO<\/b><\/span><\/p>\n<\/td>\n<td width=\"193\">\n<p align=\"center\"><span style=\"font-family: arial, helvetica, sans-serif;font-size: 12pt\"><b>TELEFONO SEDE<\/b><\/span><\/p>\n<\/td>\n<td width=\"576\">\n<p align=\"center\"><span style=\"font-family: arial, helvetica, sans-serif;font-size: 12pt\"><b>DIRECCI\u00d3N<\/b><\/span><\/p>\n<\/td>\n<\/tr>\n<tr valign=\"top\">\n<td width=\"34\">\n<p align=\"center\"><span style=\"font-family: arial, helvetica, sans-serif;font-size: 12pt\">1<\/span><\/p>\n<\/td>\n<td width=\"118\"><span style=\"font-family: arial, helvetica, sans-serif;font-size: 12pt\"><b>ADRA<\/b><\/span><\/td>\n<td width=\"282\"><span style=\"font-family: arial, helvetica, sans-serif;font-size: 12pt\">04010176.edu@juntadeandalucia.es<\/span><\/td>\n<td width=\"193\"><span style=\"font-family: arial, helvetica, sans-serif;font-size: 12pt\">950579623 (792623)<\/span><\/td>\n<td width=\"576\"><span style=\"font-family: arial, helvetica, sans-serif;font-size: 12pt\">C\/ Zacat\u00edn, 39. CEIP San Nicol\u00e1s. Adra 04770 (Almer\u00eda)<\/span><\/td>\n<\/tr>\n<tr valign=\"top\">\n<td width=\"34\">\n<p align=\"center\"><span style=\"font-family: arial, helvetica, sans-serif;font-size: 12pt\">2<\/span><\/p>\n<\/td>\n<td width=\"118\"><span style=\"font-family: arial, helvetica, sans-serif;font-size: 12pt\"><b>AGUADULCE<\/b><\/span><\/td>\n<td width=\"282\"><span style=\"font-family: arial, helvetica, sans-serif;font-size: 12pt\">04010061.edu@juntadeandalucia.es<\/span><\/td>\n<td width=\"193\"><span style=\"font-family: arial, helvetica, sans-serif;font-size: 12pt\">950153129 (776129)<\/span><\/td>\n<td width=\"576\"><span style=\"font-family: arial, helvetica, sans-serif;font-size: 12pt\">C\/ Islas C\u00edes, 42, Bajo, 04720 Aguadulce, Roquetas de Mar<\/span><\/td>\n<\/tr>\n<tr valign=\"top\">\n<td bgcolor=\"#ffffff\" width=\"34\">\n<p align=\"center\"><span style=\"font-family: arial, helvetica, sans-serif;font-size: 12pt\">3<\/span><\/p>\n<\/td>\n<td bgcolor=\"#ffffff\" width=\"118\"><span style=\"font-family: arial, helvetica, sans-serif;font-size: 12pt\"><b>ALHAMA DE ALMER\u00cdA<\/b><\/span><\/td>\n<td bgcolor=\"#ffffff\" width=\"282\"><span style=\"font-family: arial, helvetica, sans-serif;font-size: 12pt\">04010115.edu@juntadeandalucia.es<\/span><\/td>\n<td width=\"193\"><span style=\"font-family: arial, helvetica, sans-serif;font-size: 12pt\">950153142 (776142)<\/span><\/td>\n<td width=\"576\"><span style=\"font-family: arial, helvetica, sans-serif;font-size: 12pt\">C\/ Art\u00e9s de Arcos Marco (1\u00aa Planta. Edificio Municipal) Alhama de Almer\u00eda<\/span><\/td>\n<\/tr>\n<tr valign=\"top\">\n<td bgcolor=\"#ffffff\" width=\"34\">\n<p align=\"center\"><span style=\"font-family: arial, helvetica, sans-serif;font-size: 12pt\">4<\/span><\/p>\n<\/td>\n<td bgcolor=\"#ffffff\" width=\"118\"><span style=\"font-family: arial, helvetica, sans-serif;font-size: 12pt\"><b>ALCAZABA<\/b><\/span><\/td>\n<td bgcolor=\"#ffffff\" width=\"282\"><span style=\"font-family: arial, helvetica, sans-serif;font-size: 12pt\">04010036.edu@juntadeandalucia.es<\/span><\/td>\n<td width=\"193\"><span style=\"font-family: arial, helvetica, sans-serif;font-size: 12pt\">950153135 (776135)<\/span><\/td>\n<td width=\"576\"><span style=\"font-family: arial, helvetica, sans-serif;font-size: 12pt\"><span style=\"color: #202124\">P.\u00ba de la Caridad, 125, 04008 Almer\u00eda.&nbsp;<\/span>Almer\u00eda<\/span><\/td>\n<\/tr>\n<tr valign=\"top\">\n<td width=\"34\">\n<p align=\"center\"><span style=\"font-family: arial, helvetica, sans-serif;font-size: 12pt\">5<\/span><\/p>\n<\/td>\n<td width=\"118\"><span style=\"font-family: arial, helvetica, sans-serif;font-size: 12pt\"><b>M\u00d3NSUL<\/b><\/span><\/td>\n<td width=\"282\"><span style=\"font-family: arial, helvetica, sans-serif;font-size: 12pt\">04010051.edu@juntadeandalucia.es<\/span><\/td>\n<td width=\"193\"><span style=\"font-family: arial, helvetica, sans-serif;font-size: 12pt\">950153134 (776134)<\/span><\/td>\n<td width=\"576\"><span style=\"font-family: arial, helvetica, sans-serif;font-size: 12pt\"><span style=\"color: #202124\">P.\u00ba de la Caridad, 125, 04008 Almer\u00eda.&nbsp;<\/span>Almer\u00eda<\/span><\/td>\n<\/tr>\n<tr valign=\"top\">\n<td width=\"34\">\n<p align=\"center\"><span style=\"font-family: arial, helvetica, sans-serif;font-size: 12pt\">6<\/span><\/p>\n<\/td>\n<td width=\"118\"><span style=\"font-family: arial, helvetica, sans-serif;font-size: 12pt\"><b>URCI<\/b><\/span><\/td>\n<td width=\"282\"><span style=\"font-family: arial, helvetica, sans-serif;font-size: 12pt\">04010048.edu@juntadeandalucia.es<\/span><\/td>\n<td width=\"193\"><span style=\"font-family: arial, helvetica, sans-serif;font-size: 12pt\">950153133 (776133)<\/span><\/td>\n<td width=\"576\"><span style=\"font-family: arial, helvetica, sans-serif;font-size: 12pt\"><span style=\"color: #202124\">P.\u00ba de la Caridad, 125, 04008 Almer\u00eda.&nbsp;<\/span>Almer\u00eda<\/span><\/td>\n<\/tr>\n<tr valign=\"top\">\n<td bgcolor=\"#ffffff\" width=\"34\" height=\"4\">\n<p align=\"center\"><span style=\"font-family: arial, helvetica, sans-serif;font-size: 12pt\">7<\/span><\/p>\n<\/td>\n<td bgcolor=\"#ffffff\" width=\"118\"><span style=\"font-family: arial, helvetica, sans-serif;font-size: 12pt\"><b>BERJA<\/b><\/span><\/td>\n<td bgcolor=\"#ffffff\" width=\"282\"><span style=\"font-family: arial, helvetica, sans-serif;font-size: 12pt\">04010140.edu@juntadeandalucia.es<\/span><\/td>\n<td width=\"193\"><span style=\"font-family: arial, helvetica, sans-serif;font-size: 12pt\">950579620 (792620)<\/span><\/td>\n<td width=\"576\"><span style=\"font-family: arial, helvetica, sans-serif;font-size: 12pt\">Parque F\u00e9lix Rodr\u00edguez de la Fuente, s\/n. Berja<\/span><\/td>\n<\/tr>\n<tr valign=\"top\">\n<td width=\"34\">\n<p align=\"center\"><span style=\"font-family: arial, helvetica, sans-serif;font-size: 12pt\">8<\/span><\/p>\n<\/td>\n<td width=\"118\"><span style=\"font-family: arial, helvetica, sans-serif;font-size: 12pt\"><b>CUEVAS DEL ALMANZORA<\/b><\/span><\/td>\n<td width=\"282\"><span style=\"font-family: arial, helvetica, sans-serif;font-size: 12pt\">04010127.edu@juntadeandalucia.es<\/span><\/td>\n<td width=\"193\"><span style=\"font-family: arial, helvetica, sans-serif;font-size: 12pt\">950451740 (798740)<\/span><\/td>\n<td width=\"576\"><span style=\"font-family: arial, helvetica, sans-serif;font-size: 12pt\">Plaza Constituci\u00f3n n\u00ba 1 (Ayuntamiento Viejo).&nbsp;Cuevas del Almanzora<\/span><\/td>\n<\/tr>\n<tr valign=\"top\">\n<td width=\"34\">\n<p align=\"center\"><span style=\"font-family: arial, helvetica, sans-serif;font-size: 12pt\">9<\/span><\/p>\n<\/td>\n<td width=\"118\"><span style=\"font-family: arial, helvetica, sans-serif;font-size: 12pt\"><b>EL EJIDO<\/b><\/span><\/td>\n<td width=\"282\"><span style=\"font-family: arial, helvetica, sans-serif;font-size: 12pt\">04010073.edu@juntadeandalucia.es<\/span><\/td>\n<td width=\"193\"><span style=\"font-family: arial, helvetica, sans-serif;font-size: 12pt\">950153137 (776137)<\/span><\/td>\n<td width=\"576\"><span style=\"font-family: arial, helvetica, sans-serif;font-size: 12pt\">C\/ Escuelas, 1. San Agust\u00edn.&nbsp;El Ejido<\/span><\/td>\n<\/tr>\n<tr valign=\"top\">\n<td width=\"34\">\n<p align=\"center\"><span style=\"font-family: arial, helvetica, sans-serif;font-size: 12pt\">10<\/span><\/p>\n<\/td>\n<td width=\"118\"><span style=\"font-family: arial, helvetica, sans-serif;font-size: 12pt\"><b>FI\u00d1ANA<\/b><\/span><\/td>\n<td width=\"282\"><span style=\"font-family: arial, helvetica, sans-serif;font-size: 12pt\">04007918.edu@juntadeandalucia.es<\/span><\/td>\n<td width=\"193\"><span style=\"font-family: arial, helvetica, sans-serif;font-size: 12pt\">950359547 (791547)<\/span><\/td>\n<td width=\"576\"><span style=\"font-family: arial, helvetica, sans-serif;font-size: 12pt\">Plaza de la Constituci\u00f3n 1 \u2013 04500 Fi\u00f1ana<\/span><\/td>\n<\/tr>\n<tr valign=\"top\">\n<td width=\"34\">\n<p align=\"center\"><span style=\"font-family: arial, helvetica, sans-serif;font-size: 12pt\">11<\/span><\/p>\n<\/td>\n<td width=\"118\"><span style=\"font-family: arial, helvetica, sans-serif;font-size: 12pt\"><b>HU\u00c9RCAL OVERA<\/b><\/span><\/td>\n<td width=\"282\"><span style=\"font-family: arial, helvetica, sans-serif;font-size: 12pt\">04010188.edu@juntadeandalucia.es<\/span><\/td>\n<td width=\"193\"><span style=\"font-family: arial, helvetica, sans-serif;font-size: 12pt\">950451776 (798776)<\/span><\/td>\n<td width=\"576\"><span style=\"font-family: arial, helvetica, sans-serif;font-size: 12pt\">Centro de Servicios Sociales M\u00f3nica S\u00e1nchez, bajo, sala 3.<\/span><\/p>\n<p><span style=\"font-family: arial, helvetica, sans-serif;font-size: 12pt\">C\/ Retama n\u00ba 2.<\/span><\/p>\n<p><span style=\"font-family: arial, helvetica, sans-serif;font-size: 12pt\">Bda. San Isidro, C.P. 04600 , Hu\u00e9rcal-Overa<\/span><\/td>\n<\/tr>\n<tr valign=\"top\">\n<td width=\"34\">\n<p align=\"center\"><span style=\"font-family: arial, helvetica, sans-serif;font-size: 12pt\">12<\/span><\/p>\n<\/td>\n<td width=\"118\"><span style=\"font-family: arial, helvetica, sans-serif;font-size: 12pt\"><b>N\u00cdJAR<\/b><\/span><\/td>\n<td width=\"282\"><span style=\"font-family: arial, helvetica, sans-serif;font-size: 12pt\">04010164.edu@juntadeandalucia.es<\/span><\/td>\n<td width=\"193\"><span style=\"font-family: arial, helvetica, sans-serif;font-size: 12pt\">950153131 (776131)<\/span><\/td>\n<td width=\"576\"><span style=\"font-family: arial, helvetica, sans-serif;font-size: 12pt\">C\/ del Tel\u00e9fono s\/n San Isidro,&nbsp;N\u00edjar<\/span><\/td>\n<\/tr>\n<tr valign=\"top\">\n<td width=\"34\">\n<p align=\"center\"><span style=\"font-family: arial, helvetica, sans-serif;font-size: 12pt\">13<\/span><\/p>\n<\/td>\n<td width=\"118\"><span style=\"font-family: arial, helvetica, sans-serif;font-size: 12pt\"><b>OLULA DEL R\u00cdO<\/b><\/span><\/td>\n<td width=\"282\"><span style=\"font-family: arial, helvetica, sans-serif;font-size: 12pt\">04010152.edu@juntadeandalucia.es<\/span><\/td>\n<td width=\"193\"><span style=\"font-family: arial, helvetica, sans-serif;font-size: 12pt\">950639640 (793640)<\/span><\/td>\n<td width=\"576\"><span style=\"font-family: arial, helvetica, sans-serif;font-size: 12pt\">C\/ Mercado s\/n.&nbsp;Olula del R\u00edo<\/span><\/td>\n<\/tr>\n<tr valign=\"top\">\n<td width=\"34\">\n<p align=\"center\"><span style=\"font-family: arial, helvetica, sans-serif;font-size: 12pt\">14<\/span><\/p>\n<\/td>\n<td width=\"118\"><span style=\"font-family: arial, helvetica, sans-serif;font-size: 12pt\"><b>TABERNAS<\/b><\/span><\/td>\n<td width=\"282\"><span style=\"font-family: arial, helvetica, sans-serif;font-size: 12pt\">04010103.edu@juntadeandalucia.es<\/span><\/td>\n<td width=\"193\"><span style=\"font-family: arial, helvetica, sans-serif;font-size: 12pt\">950368579 (795579)<\/span><\/td>\n<td width=\"576\"><span style=\"font-family: arial, helvetica, sans-serif;font-size: 12pt\">C\/ Reyes Cat\u00f3licos s\/n.&nbsp;Tabernas<\/span><\/td>\n<\/tr>\n<tr valign=\"top\">\n<td width=\"34\">\n<p align=\"center\"><span style=\"font-family: arial, helvetica, sans-serif;font-size: 12pt\">15<\/span><\/p>\n<\/td>\n<td width=\"118\"><span style=\"font-family: arial, helvetica, sans-serif;font-size: 12pt\"><b>V\u00c9LEZ RUBIO<\/b><\/span><\/td>\n<td width=\"282\"><span style=\"font-family: arial, helvetica, sans-serif;font-size: 12pt\">04010097.edu@juntadeandalucia.es<\/span><\/td>\n<td width=\"193\"><span style=\"font-family: arial, helvetica, sans-serif;font-size: 12pt\">950419552 (797552)<\/span><\/td>\n<td width=\"576\"><span style=\"font-family: arial, helvetica, sans-serif;font-size: 12pt\">Casa de la Juventud de Vel\u00e9z Rubio<\/span><\/p>\n<p><span style=\"font-family: arial, helvetica, sans-serif;font-size: 12pt\">C\/Alfahari, 6, 04820 V\u00e9lez Rubio<\/span><\/td>\n<\/tr>\n<tr valign=\"top\">\n<td width=\"34\" height=\"17\">\n<p align=\"center\"><span style=\"font-family: arial, helvetica, sans-serif;font-size: 12pt\">16<\/span><\/p>\n<\/td>\n<td width=\"118\"><span style=\"font-family: arial, helvetica, sans-serif;font-size: 12pt\"><b>V\u00cdCAR<\/b><\/span><\/td>\n<td width=\"282\"><span style=\"font-family: arial, helvetica, sans-serif;font-size: 12pt\">04007992.edu@juntadeandalucia.es<\/span><\/td>\n<td width=\"193\"><span style=\"font-family: arial, helvetica, sans-serif;font-size: 12pt\">950153139 (776139)<\/span><\/td>\n<td width=\"576\"><span style=\"font-family: arial, helvetica, sans-serif;font-size: 12pt\">C\/ Acequias, n\u00ba 6. BIBLIOTECA P\u00daBLICA \u201cAntonio Machado\u201d Puebla de Vicar<\/span><\/td>\n<\/tr>\n<tr valign=\"top\">\n<td width=\"34\">\n<p align=\"center\"><span style=\"font-family: arial, helvetica, sans-serif;font-size: 12pt\">17<\/span><\/p>\n<\/td>\n<td width=\"118\"><span style=\"font-family: arial, helvetica, sans-serif;font-size: 12pt\"><b>EQUIPO DE ORIENTACI\u00d3N EDUCATIVO ESPECIALIZADO<\/b><\/span><\/td>\n<td width=\"282\"><span style=\"color: #000000;font-size: 12pt;font-family: arial, helvetica, sans-serif\">04007891.edu@juntadeandalucia.es<\/span><\/td>\n<td width=\"193\"><span style=\"font-family: arial, helvetica, sans-serif;font-size: 12pt\">950 158398 (790398)<\/span><\/td>\n<td width=\"576\"><span style=\"font-family: arial, helvetica, sans-serif;font-size: 12pt\">Centro de Profesorado de Almer\u00eda. Finca Santa Isabel. Almer\u00eda<\/span><\/td>\n<\/tr>\n<\/tbody>\n<\/table>\n<p>&nbsp;<\/p>\n<p>&nbsp;<\/p>\n","protected":false},"excerpt":{"rendered":"<p>&nbsp; Los Equipos de Orientaci\u00f3n Educativa (E.O.Es) son unidades b\u00e1sicas de orientaci\u00f3n psicopedag\u00f3gica que, mediante el desempe\u00f1o de funciones especializadas en las \u00e1reas de orientaci\u00f3n educativa, atenci\u00f3n a los alumnos y alumnas con necesidades&#46;&#46;&#46;<\/p>\n","protected":false},"author":1,"featured_media":0,"parent":0,"menu_order":0,"comment_status":"closed","ping_status":"closed","template":"","meta":{"ngg_post_thumbnail":0,"footnotes":"","_mc_calendar":[]},"aioseo_notices":[],"_links":{"self":[{"href":"https:\/\/blogsaverroes.juntadeandalucia.es\/orientacionalmeria\/wp-json\/wp\/v2\/pages\/3014"}],"collection":[{"href":"https:\/\/blogsaverroes.juntadeandalucia.es\/orientacionalmeria\/wp-json\/wp\/v2\/pages"}],"about":[{"href":"https:\/\/blogsaverroes.juntadeandalucia.es\/orientacionalmeria\/wp-json\/wp\/v2\/types\/page"}],"author":[{"embeddable":true,"href":"https:\/\/blogsaverroes.juntadeandalucia.es\/orientacionalmeria\/wp-json\/wp\/v2\/users\/1"}],"replies":[{"embeddable":true,"href":"https:\/\/blogsaverroes.juntadeandalucia.es\/orientacionalmeria\/wp-json\/wp\/v2\/comments?post=3014"}],"version-history":[{"count":28,"href":"https:\/\/blogsaverroes.juntadeandalucia.es\/orientacionalmeria\/wp-json\/wp\/v2\/pages\/3014\/revisions"}],"predecessor-version":[{"id":5721,"href":"https:\/\/blogsaverroes.juntadeandalucia.es\/orientacionalmeria\/wp-json\/wp\/v2\/pages\/3014\/revisions\/5721"}],"wp:attachment":[{"href":"https:\/\/blogsaverroes.juntadeandalucia.es\/orientacionalmeria\/wp-json\/wp\/v2\/media?parent=3014"}],"curies":[{"name":"wp","href":"https:\/\/api.w.org\/{rel}","templated":true}]}}