{"id":3028,"date":"2013-05-14T11:34:56","date_gmt":"2013-05-14T09:34:56","guid":{"rendered":"http:\/\/orientacion.cepindalo.es\/?page_id=51"},"modified":"2022-03-29T07:29:41","modified_gmt":"2022-03-29T06:29:41","slug":"documentos-orientacion","status":"publish","type":"page","link":"https:\/\/blogsaverroes.juntadeandalucia.es\/orientacionalmeria\/documentos-orientacion\/","title":{"rendered":"Documentaci\u00f3n"},"content":{"rendered":"<hr \/>\n<p><strong><span style=\"font-size: 12pt;font-family: arial,helvetica,sans-serif;color: #000000\"><a href=\"http:\/\/blogsaverroes.juntadeandalucia.es\/orientacionalmeria\/files\/2013\/05\/Orgyfunc.jpg\"><img loading=\"lazy\" decoding=\"async\" class=\" wp-image-2301 alignleft\" src=\"http:\/\/blogsaverroes.juntadeandalucia.es\/orientacionalmeria\/files\/2013\/05\/Orgyfunc-300x30.jpg\" alt=\"\" width=\"280\" height=\"28\" srcset=\"https:\/\/blogsaverroes.juntadeandalucia.es\/orientacionalmeria\/files\/2013\/05\/Orgyfunc.jpg 300w, https:\/\/blogsaverroes.juntadeandalucia.es\/orientacionalmeria\/files\/2013\/05\/Orgyfunc-24x2.jpg 24w, https:\/\/blogsaverroes.juntadeandalucia.es\/orientacionalmeria\/files\/2013\/05\/Orgyfunc-36x4.jpg 36w, https:\/\/blogsaverroes.juntadeandalucia.es\/orientacionalmeria\/files\/2013\/05\/Orgyfunc-48x5.jpg 48w\" sizes=\"(max-width: 280px) 100vw, 280px\" \/><\/a><\/span><\/strong><\/p>\n<p>&nbsp;<\/p>\n<hr \/>\n<ul>\n<li style=\"text-align: left\"><span style=\"font-size: 10pt;color: #000080\"><a style=\"color: #000080\" href=\"https:\/\/blogsaverroes.juntadeandalucia.es\/orientacionalmeria\/files\/2014\/02\/Guia-lopd-centros-educativos.pdf\" target=\"_blank\" rel=\"noopener noreferrer\">Gu\u00eda de protecci\u00f3n de datos de car\u00e1cter personal para los centros de ense\u00f1anza<\/a><\/span><\/li>\n<li><span style=\"font-family: georgia, palatino, serif;font-size: 10pt;color: #000080\"><a style=\"color: #000080\" href=\"https:\/\/blogsaverroes.juntadeandalucia.es\/orientacionalmeria\/files\/2013\/05\/Aspectos-jur\u00eddicos-relacionados-con-la-orientaci\u00f3n-educativa2.pdf\">Aspectos jur\u00eddicos relacionados con la orientaci\u00f3n educativa&nbsp;&nbsp;<\/a><\/span><\/li>\n<\/ul>\n<hr \/>\n<p><span style=\"color: #000080\"><a style=\"color: #000080\" href=\"http:\/\/blogsaverroes.juntadeandalucia.es\/orientacionalmeria\/files\/2013\/05\/nee2.jpg\"><img loading=\"lazy\" decoding=\"async\" class=\" wp-image-2304 alignleft\" src=\"http:\/\/blogsaverroes.juntadeandalucia.es\/orientacionalmeria\/files\/2013\/05\/nee2-300x18.jpg\" alt=\"\" width=\"449\" height=\"27\" srcset=\"https:\/\/blogsaverroes.juntadeandalucia.es\/orientacionalmeria\/files\/2013\/05\/nee2-300x18.jpg 300w, https:\/\/blogsaverroes.juntadeandalucia.es\/orientacionalmeria\/files\/2013\/05\/nee2-24x1.jpg 24w, https:\/\/blogsaverroes.juntadeandalucia.es\/orientacionalmeria\/files\/2013\/05\/nee2-36x2.jpg 36w, https:\/\/blogsaverroes.juntadeandalucia.es\/orientacionalmeria\/files\/2013\/05\/nee2-48x3.jpg 48w, https:\/\/blogsaverroes.juntadeandalucia.es\/orientacionalmeria\/files\/2013\/05\/nee2.jpg 500w\" sizes=\"(max-width: 449px) 100vw, 449px\" \/><\/a><\/span><\/p>\n<p>&nbsp;<\/p>\n<hr \/>\n<p><span style=\"font-size: 10pt;color: #000080\"><a style=\"color: #000080\" href=\"https:\/\/blogsaverroes.juntadeandalucia.es\/orientacionalmeria\/files\/2013\/05\/icono_word.jpg\"><img loading=\"lazy\" decoding=\"async\" class=\" wp-image-1200 alignleft\" src=\"https:\/\/blogsaverroes.juntadeandalucia.es\/orientacionalmeria\/files\/2013\/05\/icono_word.jpg\" alt=\"\" width=\"23\" height=\"22\" srcset=\"https:\/\/blogsaverroes.juntadeandalucia.es\/orientacionalmeria\/files\/2013\/05\/icono_word.jpg 38w, https:\/\/blogsaverroes.juntadeandalucia.es\/orientacionalmeria\/files\/2013\/05\/icono_word-24x24.jpg 24w, https:\/\/blogsaverroes.juntadeandalucia.es\/orientacionalmeria\/files\/2013\/05\/icono_word-36x34.jpg 36w\" sizes=\"(max-width: 23px) 100vw, 23px\" \/><\/a><a style=\"color: #000080\" href=\"https:\/\/blogsaverroes.juntadeandalucia.es\/orientacionalmeria\/files\/2013\/05\/Modelo-Informe-Delegaci\u00f3n-General-para-SALUD-Almer\u00eda2.doc\">Modelo de documento para la derivaci\u00f3n al centro de salud\/servicio de pediatr\u00eda<\/a><\/span><\/p>\n<p><span style=\"font-size: 10pt;color: #000080\">&#8212;&#8212;&#8212;&#8212;&#8212;&#8212; Documentos descargables para dictamen e IEP:<\/span><\/p>\n<ul>\n<li><span style=\"font-size: 10pt;color: #000080\"><a style=\"color: #000080\" href=\"https:\/\/blogsaverroes.juntadeandalucia.es\/orientacionalmeria\/files\/2013\/05\/OPINI\u00d3N-DE-LOS-REPRESENTANTES-LEGALES-EN-RELACI\u00d3N-CON-EL-DICTAMEN-DE-ESCOLARIZACI\u00d3N-1.docx\">D<\/a><a style=\"color: #000080\" href=\"https:\/\/blogsaverroes.juntadeandalucia.es\/orientacionalmeria\/files\/2013\/05\/icono_word.jpg\"><img loading=\"lazy\" decoding=\"async\" class=\" wp-image-1200 alignleft\" src=\"https:\/\/blogsaverroes.juntadeandalucia.es\/orientacionalmeria\/files\/2013\/05\/icono_word.jpg\" alt=\"\" width=\"21\" height=\"20\" srcset=\"https:\/\/blogsaverroes.juntadeandalucia.es\/orientacionalmeria\/files\/2013\/05\/icono_word.jpg 38w, https:\/\/blogsaverroes.juntadeandalucia.es\/orientacionalmeria\/files\/2013\/05\/icono_word-24x24.jpg 24w, https:\/\/blogsaverroes.juntadeandalucia.es\/orientacionalmeria\/files\/2013\/05\/icono_word-36x34.jpg 36w\" sizes=\"(max-width: 21px) 100vw, 21px\" \/><\/a><a style=\"color: #000080\" href=\"https:\/\/blogsaverroes.juntadeandalucia.es\/orientacionalmeria\/files\/2013\/05\/OPINI\u00d3N-DE-LOS-REPRESENTANTES-LEGALES-EN-RELACI\u00d3N-CON-EL-DICTAMEN-DE-ESCOLARIZACI\u00d3N-1.docx\">ocumento de opini\u00f3n de los representantes legales en relaci\u00f3n al dictamen de escolarizaci\u00f3n<\/a><br \/>\n<\/span><\/li>\n<li>&nbsp;<\/li>\n<li><span style=\"font-size: 10pt;color: #000080\"><a style=\"color: #000080\" href=\"https:\/\/blogsaverroes.juntadeandalucia.es\/orientacionalmeria\/files\/2013\/05\/ppt_icon.png\"><img loading=\"lazy\" decoding=\"async\" class=\" wp-image-1186 alignleft\" src=\"https:\/\/blogsaverroes.juntadeandalucia.es\/orientacionalmeria\/files\/2013\/05\/ppt_icon.png\" alt=\"\" width=\"22\" height=\"22\" srcset=\"https:\/\/blogsaverroes.juntadeandalucia.es\/orientacionalmeria\/files\/2013\/05\/ppt_icon.png 38w, https:\/\/blogsaverroes.juntadeandalucia.es\/orientacionalmeria\/files\/2013\/05\/ppt_icon-24x24.png 24w, https:\/\/blogsaverroes.juntadeandalucia.es\/orientacionalmeria\/files\/2013\/05\/ppt_icon-36x36.png 36w\" sizes=\"(max-width: 22px) 100vw, 22px\" \/><\/a><a style=\"color: #000080\" href=\"https:\/\/blogsaverroes.juntadeandalucia.es\/orientacionalmeria\/files\/2013\/05\/INFORMACION-PADRES-CONTENIDO-IEP-RELLENABLE.pdf\">Documento de opini\u00f3n de los representantes legales en relaci\u00f3n al Informe de Evaluaci\u00f3n Psicopedag\u00f3gica<\/a>&nbsp; <em>(Impreso rellenable)<\/em><\/span><\/li>\n<\/ul>\n<p><span style=\"color: #000080\">_________ <span style=\"font-size: 10pt\">Reuni\u00f3n T\u00e9cnica Mayo 2018<\/span><\/span><\/p>\n<ul style=\"list-style-type: circle\">\n<li><span style=\"font-size: 10pt;color: #000080\"><a style=\"color: #000080\" href=\"https:\/\/blogsaverroes.juntadeandalucia.es\/orientacionalmeria\/files\/2013\/05\/cuaderno-Pasos-Protocolo.pdf\" target=\"_blank\" rel=\"noopener noreferrer\">Comunicaci\u00f3n de Luis Miguel Mart\u00edn Cruz, orientador: \u00abProtocolo de atenci\u00f3n al alumnado n.e.a.e en un centro, Cuaderno para la tutor\u00eda\u00bb<\/a><\/span><\/li>\n<li><span style=\"font-size: 10pt;color: #000080\"><a style=\"color: #000080\" href=\"https:\/\/blogsaverroes.juntadeandalucia.es\/orientacionalmeria\/files\/2013\/05\/INDICACION-EN-MATRICULA-DE-ALUMNADO-DE-MEDIDAS.pdf\" target=\"_blank\" rel=\"noopener noreferrer\">Indicaci\u00f3n en la matr\u00edcula de medidas para el alumnado con refuerzo educativo y ACS en el sistema S\u00e9neca.<\/a><\/span><\/li>\n<\/ul>\n<p><span style=\"color: #000080\">_________ <span style=\"font-size: 10pt\">Reuni\u00f3n t\u00e9cnica Febrero 2018<\/span><\/span><\/p>\n<ul>\n<li><span style=\"font-size: 10pt;color: #000080\"><a style=\"color: #000080\" href=\"https:\/\/blogsaverroes.juntadeandalucia.es\/orientacionalmeria\/files\/2013\/05\/REUNION_TECNICA_FEBRERO_20183.pdf\">Presentaci\u00f3n para la escolarizaci\u00f3n del alumnado con NEE para el curso 2018\/19<\/a><\/span><\/li>\n<li><span style=\"font-size: 10pt;color: #000080\"> <a style=\"color: #000080\" href=\"https:\/\/blogsaverroes.juntadeandalucia.es\/orientacionalmeria\/files\/2013\/05\/CUADRO_EDADES_18_19.pdf\">Cuadro de edades 1: Modalidad Grupos ordinarios (mod. B). Curso 2018\/19<\/a><\/span><\/li>\n<li><span style=\"font-size: 10pt;color: #000080\"><a style=\"color: #000080\" href=\"https:\/\/blogsaverroes.juntadeandalucia.es\/orientacionalmeria\/files\/2013\/05\/CUADRO_EDADES_C_18_19.pdf\">Cuadro de edades 2: Aulas\/Centros Espec\u00edficos (mod. C_D). Curso 2018\/19<\/a><\/span><\/li>\n<li><span style=\"font-size: 10pt;color: #000080\"><a style=\"color: #000080\" href=\"https:\/\/blogsaverroes.juntadeandalucia.es\/orientacionalmeria\/files\/2013\/05\/REF_EDADES_02_PARA_18_19.pdf\">Cuadro de referencia de a\u00f1os de&nbsp; para los l\u00edmites m\u00e1ximos de cambios de permanencias del alumnado con N.E.E.&nbsp; Curso 20018\/2019<\/a><\/span><\/li>\n<\/ul>\n<p><span style=\"color: #000080\">_________<span style=\"font-size: 10pt\">&nbsp;Reuni\u00f3n T\u00e9cnica Febrero 2017<\/span><\/span><\/p>\n<ul style=\"list-style-type: disc\">\n<li><span style=\"font-size: 10pt;color: #000080\"><a style=\"color: #000080\" href=\"https:\/\/blogsaverroes.juntadeandalucia.es\/orientacionalmeria\/files\/2017\/02\/Presentaci\u00f3n-RT-FEB-17.pdf\">Presentaci\u00f3n para la escolarizaci\u00f3n del alumnado con NEE para el Curso 2017\/18.&nbsp;<\/a><\/span><\/li>\n<\/ul>\n<p style=\"padding-left: 60px\"><span style=\"font-size: 10pt;color: #000080\"><a style=\"color: #000080\" href=\"http:\/\/blogsaverroes.juntadeandalucia.es\/orientacionalmeria\/files\/2013\/05\/Acta-y-tr\u00e1mite-permanencia-extraodinaria-NEE-SECUNDARIA_16_17.doc\" target=\"_blank\" rel=\"noopener noreferrer\"><img loading=\"lazy\" decoding=\"async\" class=\"alignleft wp-image-1200\" src=\"http:\/\/blogsaverroes.juntadeandalucia.es\/orientacionalmeria\/files\/2013\/05\/icono_word.jpg\" alt=\"\" width=\"20\" height=\"19\" srcset=\"https:\/\/blogsaverroes.juntadeandalucia.es\/orientacionalmeria\/files\/2013\/05\/icono_word.jpg 38w, https:\/\/blogsaverroes.juntadeandalucia.es\/orientacionalmeria\/files\/2013\/05\/icono_word-24x24.jpg 24w, https:\/\/blogsaverroes.juntadeandalucia.es\/orientacionalmeria\/files\/2013\/05\/icono_word-36x34.jpg 36w\" sizes=\"(max-width: 20px) 100vw, 20px\" \/><\/a><a style=\"color: #000080\" href=\"https:\/\/blogsaverroes.juntadeandalucia.es\/orientacionalmeria\/files\/2013\/05\/Acta-y-tr\u00e1mite-permanencia-extraodinaria-NEE-SECUNDARIA_16_17.doc\" target=\"_blank\" rel=\"noopener noreferrer\">Acta y tr\u00e1mite permanencia extraodinaria NEE SECUNDARIA_16_17<\/a><\/span><\/p>\n<p style=\"padding-left: 60px\"><span style=\"font-size: 10pt;color: #000080\"><a style=\"color: #000080\" href=\"http:\/\/blogsaverroes.juntadeandalucia.es\/orientacionalmeria\/files\/2013\/05\/Acta-y-tr\u00e1mite-permanencia-extraodinaria-NEE-SECUNDARIA_16_17.doc\" target=\"_blank\" rel=\"noopener noreferrer\"><img loading=\"lazy\" decoding=\"async\" class=\"alignleft wp-image-1200\" src=\"http:\/\/blogsaverroes.juntadeandalucia.es\/orientacionalmeria\/files\/2013\/05\/icono_word.jpg\" alt=\"\" width=\"20\" height=\"19\" srcset=\"https:\/\/blogsaverroes.juntadeandalucia.es\/orientacionalmeria\/files\/2013\/05\/icono_word.jpg 38w, https:\/\/blogsaverroes.juntadeandalucia.es\/orientacionalmeria\/files\/2013\/05\/icono_word-24x24.jpg 24w, https:\/\/blogsaverroes.juntadeandalucia.es\/orientacionalmeria\/files\/2013\/05\/icono_word-36x34.jpg 36w\" sizes=\"(max-width: 20px) 100vw, 20px\" \/><\/a><a style=\"color: #000080\" href=\"https:\/\/blogsaverroes.juntadeandalucia.es\/orientacionalmeria\/files\/2013\/05\/02_Modelo-informe-PER-INFANTIL_TODOS.docx\">Modelo informe permanencia excepcional en Segundo Cilclo de INFANTIL<\/a><\/span><\/p>\n<p style=\"padding-left: 60px\"><span style=\"font-size: 10pt;color: #000080\"><a style=\"color: #000080\" href=\"http:\/\/blogsaverroes.juntadeandalucia.es\/orientacionalmeria\/files\/2013\/05\/Acta-y-tr\u00e1mite-permanencia-extraodinaria-NEE-SECUNDARIA_16_17.doc\" target=\"_blank\" rel=\"noopener noreferrer\"><img loading=\"lazy\" decoding=\"async\" class=\"alignleft wp-image-1200\" src=\"http:\/\/blogsaverroes.juntadeandalucia.es\/orientacionalmeria\/files\/2013\/05\/icono_word.jpg\" alt=\"\" width=\"20\" height=\"19\" srcset=\"https:\/\/blogsaverroes.juntadeandalucia.es\/orientacionalmeria\/files\/2013\/05\/icono_word.jpg 38w, https:\/\/blogsaverroes.juntadeandalucia.es\/orientacionalmeria\/files\/2013\/05\/icono_word-24x24.jpg 24w, https:\/\/blogsaverroes.juntadeandalucia.es\/orientacionalmeria\/files\/2013\/05\/icono_word-36x34.jpg 36w\" sizes=\"(max-width: 20px) 100vw, 20px\" \/><\/a><a style=\"color: #000080\" href=\"https:\/\/blogsaverroes.juntadeandalucia.es\/orientacionalmeria\/files\/2013\/05\/Acta-y-tr\u00e1mite-permanencia-extraordinaria-NEE-PRIMARIA_16_17.doc\">Acta y tr\u00e1mite permanencia extraordinaria en PRIMARIA del alumnado NEE<\/a><\/span><\/p>\n<p style=\"padding-left: 60px\"><span style=\"font-size: 10pt;color: #000080\"><a style=\"color: #000080\" href=\"https:\/\/blogsaverroes.juntadeandalucia.es\/orientacionalmeria\/files\/2013\/05\/PEPER_EDADES_16_17.xlsx\" target=\"_blank\" rel=\"noopener noreferrer\"><img loading=\"lazy\" decoding=\"async\" class=\"alignleft wp-image-2261\" src=\"http:\/\/blogsaverroes.juntadeandalucia.es\/orientacionalmeria\/files\/2013\/05\/icono-archivo.jpg\" alt=\"\" width=\"20\" height=\"20\" srcset=\"https:\/\/blogsaverroes.juntadeandalucia.es\/orientacionalmeria\/files\/2013\/05\/icono-archivo.jpg 32w, https:\/\/blogsaverroes.juntadeandalucia.es\/orientacionalmeria\/files\/2013\/05\/icono-archivo-24x24.jpg 24w\" sizes=\"(max-width: 20px) 100vw, 20px\" \/>Hoja de c\u00e1lculo para el apoyo en la toma de decisiones de promoci\u00f3n y permanencia<\/a><\/span><\/p>\n<p><span style=\"color: #000080\">_____________________________________________________________________<\/span><\/p>\n<ul>\n<li><span style=\"font-size: 10pt;color: #000080\"><a style=\"color: #000080\" href=\"https:\/\/blogsaverroes.juntadeandalucia.es\/orientacionalmeria\/files\/2017\/05\/OrientacEscala-2017.pdf\" target=\"_blank\" rel=\"noopener noreferrer\">Orientaciones para la aplicaci\u00f3n de la Prueba Escala<\/a><\/span><\/li>\n<li><span style=\"font-size: 10pt;color: #000080\"><a style=\"color: #000080\" href=\"http:\/\/blogsaverroes.juntadeandalucia.es\/orientacionalmeria\/files\/2013\/05\/Presentaci\u00f3nPLAN_ANDALUZ_PREV_DEPEND.pdf\">Presentaci\u00f3n Plan Andaluz de Promoci\u00f3n de la Autonom\u00eda Personal y Prevenci\u00f3n de la Dependencia 2016-2020 -Programa bienal 2017-2018<\/a><\/span><\/li>\n<\/ul>\n<ul>\n<li><span style=\"font-size: 12px;color: #000080\"><a style=\"color: #000080\" href=\"https:\/\/www.juntadeandalucia.es\/educacion\/portals\/web\/protocolo-neae\" target=\"_blank\" rel=\"noopener noreferrer\"><span style=\"font-size: 10pt\">Portal protocolo de Necesidades Educativas de Apoyo Educativo<\/span><\/a><\/span><\/li>\n<li><span style=\"font-size: 10pt;color: #000080\"><a style=\"color: #000080\" href=\"https:\/\/blogsaverroes.juntadeandalucia.es\/orientacionalmeria\/files\/2015\/11\/ProtoATemprana.pdf\" target=\"_blank\" rel=\"noopener noreferrer\">Protocolo de coordinaci\u00f3n en Atenci\u00f3n Temprana<\/a><\/span><\/li>\n<li><span style=\"font-size: 10pt;color: #000080\"><a style=\"color: #000080\" href=\"https:\/\/blogsaverroes.juntadeandalucia.es\/orientacionalmeria\/files\/2014\/04\/modelos-IEP_DEFINITIVO.doc\">Modelos de Informe de Evaluaci\u00f3n Psicopedag\u00f3gica para alumnado con necesidades educativas especiales<\/a><\/span><\/li>\n<li style=\"text-align: left\"><span style=\"font-size: 10pt;color: #000080\"><a style=\"color: #000080\" href=\"https:\/\/orientacion.cepindalo.es\/wp-content\/uploads\/2014\/03\/Convenios-NEE.zip\">Convenios de colaboraci\u00f3n para la mejora de la atenci\u00f3n educativa del alumnado con necesidades educativas especiales, aclaraciones y modelo de solicitud para la intervenci\u00f3n de asociaciones no federadas en las entidades con convenio.<\/a><\/span><\/li>\n<li style=\"text-align: left\"><span style=\"font-size: 10pt;color: #000080\"><a style=\"color: #000080\" href=\"https:\/\/blogsaverroes.juntadeandalucia.es\/orientacionalmeria\/files\/2017\/06\/ORIENTACIONES-AL-FIRMADAS.pdf\">Orientaciones que regulan la organizaci\u00f3n y funcionamiento de la atenci\u00f3n educativa en audici\u00f3n y lenguaje en los centros p\u00fablicos de la provincia de Almer\u00eda<\/a><\/span>\n<ul>\n<li style=\"text-align: left\"><span style=\"font-size: 10pt;color: #000080\"><a style=\"color: #000080\" href=\"https:\/\/blogsaverroes.juntadeandalucia.es\/orientacionalmeria\/files\/2017\/06\/ANEXOS_ORIENTACIONES_AL_2013.pdf\">Anexos a las orientaciones AL<\/a><\/span><\/li>\n<\/ul>\n<\/li>\n<li style=\"text-align: left\"><span style=\"color: #000080\"><span style=\"font-size: 10pt\"><a style=\"color: #000080\" href=\"https:\/\/orientacion.cepindalo.es\/wp-content\/uploads\/2013\/05\/Protocolo-trastornos-conducta.zip\">Protocolo de actuaci\u00f3n conjunta para la detecci\u00f3n temprana, diagn\u00f3stico e intervenci\u00f3n con menores que&nbsp; presentan problemas o trastornos de conducta<\/a>&nbsp;<\/span> &nbsp;&nbsp;<span style=\"font-family: arial,helvetica,sans-serif;font-size: small\">&nbsp; &nbsp; &nbsp; &nbsp;<\/span><\/span><\/li>\n<li style=\"text-align: left\"><span style=\"font-size: small;color: #000080\"><a style=\"color: #000080\" href=\"https:\/\/www.juntadeandalucia.es\/educacion\/webportal\/web\/escuela-de-familias\/neae\/necesidades-educativas-especiales\" target=\"_blank\" rel=\"noopener noreferrer\">Manuales de Atenci\u00f3n al Alumnado con Necesidades Espec\u00edficas de Apoyo Educativo<\/a><\/span><\/li>\n<li style=\"text-align: left\"><span style=\"font-size: 10pt;color: #000080\"><a style=\"color: #000080\" href=\"http:\/\/blogsaverroes.juntadeandalucia.es\/orientacionalmeria\/files\/2013\/05\/Presentacion-USMIJ.pdf\" target=\"_blank\" rel=\"noopener noreferrer\">La Unidad de Salud Mental Infanto Juvenil de Almer\u00eda<\/a><\/span><\/li>\n<li style=\"text-align: left\"><span style=\"font-size: 10pt;color: #000080\"><a style=\"color: #000080\" href=\"https:\/\/blogsaverroes.juntadeandalucia.es\/orientacionalmeria\/files\/2013\/05\/1205322581612_wysiwyg_atencioneducativaalumnadodiscapacidad.pdf\" target=\"_blank\" rel=\"noopener noreferrer\">La Atenci\u00f3n al alumnado con discapacidad en la Comunidad Aut\u00f3noma de Andaluc\u00eda<\/a><\/span><\/li>\n<li style=\"text-align: left\"><span style=\"font-size: 10pt;color: #000080\"><a style=\"color: #000080\" href=\"https:\/\/blogsaverroes.juntadeandalucia.es\/orientacionalmeria\/files\/2013\/05\/guia.pdf\" target=\"_blank\" rel=\"noopener noreferrer\">Gu\u00eda de Orientaci\u00f3n al profesorado del alumnado con discapacidad. Universidad de M\u00e1laga<\/a><\/span><\/li>\n<li style=\"text-align: left\"><span style=\"font-size: small;font-family: arial, helvetica, sans-serif;color: #000080\"><a style=\"color: #000080\" href=\"https:\/\/blogsaverroes.juntadeandalucia.es\/orientacionalmeria\/files\/2013\/05\/GUIA-CENSO-NEAE_SENECA_Mayo-2003.pdf\">Gu\u00eda orientativa para la gesti\u00f3n del Censo de NEAE en S\u00e9neca.<\/a>&nbsp;<\/span><\/li>\n<li style=\"text-align: left\"><span style=\"font-family: arial, helvetica, sans-serif;font-size: 12px;color: #000080\"><a style=\"color: #000080\" href=\"https:\/\/evaluaccion.es\/2015\/03\/02\/la-evaluacion-psicopedagogica-tambien-es-evaluacion-pero-de-que\/\" target=\"_blank\" rel=\"noopener noreferrer\">La evaluaci\u00f3n psicopedag\u00f3gica tambi\u00e9n es evaluaci\u00f3n, pero \u00bfde qu\u00e9?<\/a><\/span><\/li>\n<\/ul>\n<hr \/>\n<p style=\"text-align: justify\"><span style=\"font-family: arial, helvetica, sans-serif;font-size: small;color: #000080\"><strong><span style=\"font-family: arial,helvetica,sans-serif\"><a style=\"color: #000080\" href=\"http:\/\/blogsaverroes.juntadeandalucia.es\/orientacionalmeria\/files\/2013\/05\/ce.jpg\"><img loading=\"lazy\" decoding=\"async\" class=\" wp-image-2305 alignleft\" src=\"http:\/\/blogsaverroes.juntadeandalucia.es\/orientacionalmeria\/files\/2013\/05\/ce-300x23.jpg\" alt=\"\" width=\"404\" height=\"31\" srcset=\"https:\/\/blogsaverroes.juntadeandalucia.es\/orientacionalmeria\/files\/2013\/05\/ce-300x23.jpg 300w, https:\/\/blogsaverroes.juntadeandalucia.es\/orientacionalmeria\/files\/2013\/05\/ce-24x2.jpg 24w, https:\/\/blogsaverroes.juntadeandalucia.es\/orientacionalmeria\/files\/2013\/05\/ce-36x3.jpg 36w, https:\/\/blogsaverroes.juntadeandalucia.es\/orientacionalmeria\/files\/2013\/05\/ce-48x4.jpg 48w, https:\/\/blogsaverroes.juntadeandalucia.es\/orientacionalmeria\/files\/2013\/05\/ce.jpg 400w\" sizes=\"(max-width: 404px) 100vw, 404px\" \/><\/a><\/span><\/strong><\/span><\/p>\n<p style=\"text-align: justify\">&nbsp;<\/p>\n<hr \/>\n<ul style=\"list-style-type: circle\">\n<li><span style=\"font-family: arial, helvetica, sans-serif;font-size: 10pt;color: #000080\"><a style=\"color: #000080\" href=\"https:\/\/blogsaverroes.juntadeandalucia.es\/orientacionalmeria\/files\/2013\/05\/compeducativa.pdf\" target=\"_blank\" rel=\"noopener noreferrer\">Compensaci\u00f3n educativa en Andaluc\u00eda<\/a><a style=\"color: #000080\" href=\"http:\/\/blogsaverroes.juntadeandalucia.es\/orientacioncepindalo\/files\/2013\/05\/compeducativa.pdf\">.<\/a><\/span><\/li>\n<li><span style=\"font-family: arial, helvetica, sans-serif;font-size: 10pt;color: #000080\"><a style=\"color: #000080\" href=\"https:\/\/blogsaverroes.juntadeandalucia.es\/orientacionalmeria\/files\/2013\/05\/A-DOMICILIARIA-INSTRUCCIONES-CON-FIRMA.pdf\">Instrucciones para atenci\u00f3n al alumnado con enfermedad en domicilio:<\/a><\/span><\/li>\n<li><span style=\"font-size: 10pt;font-family: arial, helvetica, sans-serif;color: #000080\"><a style=\"color: #000080\" href=\"https:\/\/blogsaverroes.juntadeandalucia.es\/orientacionalmeria\/files\/2013\/05\/ppt_icon.png\"><img loading=\"lazy\" decoding=\"async\" class=\"wp-image-1186\" src=\"https:\/\/blogsaverroes.juntadeandalucia.es\/orientacionalmeria\/files\/2013\/05\/ppt_icon.png\" alt=\"\" width=\"19\" height=\"19\" srcset=\"https:\/\/blogsaverroes.juntadeandalucia.es\/orientacionalmeria\/files\/2013\/05\/ppt_icon.png 38w, https:\/\/blogsaverroes.juntadeandalucia.es\/orientacionalmeria\/files\/2013\/05\/ppt_icon-24x24.png 24w, https:\/\/blogsaverroes.juntadeandalucia.es\/orientacionalmeria\/files\/2013\/05\/ppt_icon-36x36.png 36w\" sizes=\"(max-width: 19px) 100vw, 19px\" \/><\/a><a style=\"color: #000080\" href=\"https:\/\/blogsaverroes.juntadeandalucia.es\/orientacionalmeria\/files\/2013\/05\/1A-DOMICILIARIA-INFORM-ORIENTADOR.pdf\">Anexo I:&nbsp; Informe de orientaci\u00f3n educativa<\/a><\/span><\/li>\n<li><span style=\"color: #000080\"><a style=\"color: #000080\" href=\"https:\/\/blogsaverroes.juntadeandalucia.es\/orientacionalmeria\/files\/2013\/05\/ppt_icon.png\"><img loading=\"lazy\" decoding=\"async\" class=\"wp-image-1186\" src=\"https:\/\/blogsaverroes.juntadeandalucia.es\/orientacionalmeria\/files\/2013\/05\/ppt_icon.png\" alt=\"\" width=\"19\" height=\"19\" srcset=\"https:\/\/blogsaverroes.juntadeandalucia.es\/orientacionalmeria\/files\/2013\/05\/ppt_icon.png 38w, https:\/\/blogsaverroes.juntadeandalucia.es\/orientacionalmeria\/files\/2013\/05\/ppt_icon-24x24.png 24w, https:\/\/blogsaverroes.juntadeandalucia.es\/orientacionalmeria\/files\/2013\/05\/ppt_icon-36x36.png 36w\" sizes=\"(max-width: 19px) 100vw, 19px\" \/><\/a><span style=\"font-family: arial, helvetica, sans-serif;font-size: 10pt\"><a style=\"color: #000080\" href=\"https:\/\/blogsaverroes.juntadeandalucia.es\/orientacionalmeria\/files\/2013\/05\/2A-DOMICILIARIA-SOLICITUD.pdf\">Anexo 2: Solicitud<\/a><\/span><\/span><\/li>\n<li style=\"text-align: left\"><span style=\"font-size: 10pt;font-family: arial, helvetica, sans-serif;color: #000080\"><a style=\"color: #000080\" href=\"https:\/\/blogsaverroes.juntadeandalucia.es\/orientacionalmeria\/files\/2013\/05\/1189595375293_libro_acompaxamiento_web.pdf\" target=\"_blank\" rel=\"noopener noreferrer\">Orientaciones pedag\u00f3gicas para el desarrollo del Programa de Acompa\u00f1amiento Escolar en Andaluc\u00eda<\/a><\/span><\/li>\n<li style=\"text-align: left\"><span style=\"font-size: 10pt;font-family: arial, helvetica, sans-serif;color: #000080\"><a style=\"color: #000080\" href=\"https:\/\/blogsaverroes.juntadeandalucia.es\/orientacionalmeria\/files\/2013\/05\/PROA-ANDALUCIA-13-14.ppt\" target=\"_blank\" rel=\"noopener noreferrer\">Programas de Refuerzo y Orientaci\u00f3n Educativa de Andaluc\u00eda (PROA ANDALUCIA). Presentaci\u00f3n<\/a><\/span><\/li>\n<\/ul>\n<p style=\"text-align: center\"><span style=\"font-family: arial, helvetica, sans-serif;color: #000080;font-size: 10pt\"><strong><a style=\"color: #000080\" href=\"http:\/\/blogsaverroes.juntadeandalucia.es\/orientacionalmeria\/files\/2013\/05\/Interc.jpg\"><img loading=\"lazy\" decoding=\"async\" class=\"aligncenter wp-image-2306 \" src=\"http:\/\/blogsaverroes.juntadeandalucia.es\/orientacionalmeria\/files\/2013\/05\/Interc.jpg\" alt=\"\" width=\"180\" height=\"27\" srcset=\"https:\/\/blogsaverroes.juntadeandalucia.es\/orientacionalmeria\/files\/2013\/05\/Interc.jpg 200w, https:\/\/blogsaverroes.juntadeandalucia.es\/orientacionalmeria\/files\/2013\/05\/Interc-24x4.jpg 24w, https:\/\/blogsaverroes.juntadeandalucia.es\/orientacionalmeria\/files\/2013\/05\/Interc-36x5.jpg 36w, https:\/\/blogsaverroes.juntadeandalucia.es\/orientacionalmeria\/files\/2013\/05\/Interc-48x7.jpg 48w\" sizes=\"(max-width: 180px) 100vw, 180px\" \/><\/a><\/strong><\/span><\/p>\n<ul>\n<li><span style=\"font-size: 10pt;color: #000080\"><a style=\"color: #000080\" href=\"https:\/\/blogsaverroes.juntadeandalucia.es\/orientacionalmeria\/files\/2013\/05\/Anexo-I_ATAL.doc\" target=\"_blank\" rel=\"noopener noreferrer\">Modelos de informes (anexos) para la demanda de profesorado ATAL<\/a><\/span><\/li>\n<li><span style=\"font-size: 10pt;color: #000080\"><a style=\"color: #000080\" href=\"https:\/\/blogsaverroes.juntadeandalucia.es\/orientacionalmeria\/files\/2013\/05\/Educacion-intercultural-Andalucia.pdf\" target=\"_blank\" rel=\"noopener noreferrer\">Educacion intercultural Andalucia<\/a><\/span><\/li>\n<li><span style=\"font-size: 10pt;color: #000080\"><a style=\"color: #000080\" href=\"https:\/\/blogsaverroes.juntadeandalucia.es\/orientacionalmeria\/files\/2013\/05\/Prueba-de-Nivel-para-Primaria_ATAL.pdf\" target=\"_blank\" rel=\"noopener noreferrer\">Pruebas de exploraci\u00f3n de la competencia ling\u00fc\u00edstica del alumnado inmigrante de EDUCACI\u00d3N PRIMARIA<\/a><br \/>\n<\/span><\/li>\n<li><span style=\"font-size: 10pt;color: #000080\"><a style=\"color: #000080\" href=\"https:\/\/blogsaverroes.juntadeandalucia.es\/orientacionalmeria\/files\/2013\/05\/Prueba-de-Nivel-para-Secundaria_ATAL.pdf\" target=\"_blank\" rel=\"noopener noreferrer\">Pruebas de exploraci\u00f3n de la competencia ling\u00fc\u00edstica del alumnado inmigrante de EDUCACI\u00d3N SECUNDARIA<\/a><\/span><\/li>\n<\/ul>\n<hr \/>\n<p><span style=\"font-size: 12pt;font-family: arial, helvetica, sans-serif;color: #000080\"><strong><a style=\"color: #000080\" href=\"http:\/\/blogsaverroes.juntadeandalucia.es\/orientacionalmeria\/files\/2013\/05\/tutorial.jpg\"><img loading=\"lazy\" decoding=\"async\" class=\"wp-image-2307 size-medium alignleft\" src=\"http:\/\/blogsaverroes.juntadeandalucia.es\/orientacionalmeria\/files\/2013\/05\/tutorial-300x23.jpg\" width=\"300\" height=\"23\" srcset=\"https:\/\/blogsaverroes.juntadeandalucia.es\/orientacionalmeria\/files\/2013\/05\/tutorial-300x23.jpg 300w, https:\/\/blogsaverroes.juntadeandalucia.es\/orientacionalmeria\/files\/2013\/05\/tutorial-24x2.jpg 24w, https:\/\/blogsaverroes.juntadeandalucia.es\/orientacionalmeria\/files\/2013\/05\/tutorial-36x3.jpg 36w, https:\/\/blogsaverroes.juntadeandalucia.es\/orientacionalmeria\/files\/2013\/05\/tutorial-48x4.jpg 48w, https:\/\/blogsaverroes.juntadeandalucia.es\/orientacionalmeria\/files\/2013\/05\/tutorial.jpg 400w\" sizes=\"(max-width: 300px) 100vw, 300px\" \/><\/a><\/strong><\/span><\/p>\n<p>&nbsp;<\/p>\n<hr \/>\n<ul>\n<li class=\"entry-title\"><span style=\"font-size: 10pt;color: #000080\"><a style=\"color: #000080\" href=\"https:\/\/blogsaverroes.juntadeandalucia.es\/orientacionalmeria\/files\/2016\/03\/POSTER-PROTOCOLO-7-MARZO-FINAL.pdf\" target=\"_blank\" rel=\"noopener noreferrer\">Documento s\u00edntesis del protocolo para la detecci\u00f3n, identificaci\u00f3n y respuesta educativa de alumnado con n.e.a.e. <\/a><a style=\"color: #000080\" href=\"http:\/\/orientacion.cepindalo.es\/blog\/documento-sintesis-del-protocolo-la-deteccion-identificacion-respuesta-educativa-alumnado-n-e-e\/\" target=\"_blank\" rel=\"bookmark noopener noreferrer\">&nbsp;<\/a><\/span><\/li>\n<li class=\"entry-title\"><span style=\"font-size: 10pt;color: #000080\"><a style=\"color: #000080\" href=\"https:\/\/blogsaverroes.juntadeandalucia.es\/orientacionalmeria\/files\/2014\/10\/WEB-cuestionarios-Tutor\u00eda.doc\" target=\"_blank\" rel=\"noopener noreferrer\">Cuestionarios de tutor\u00eda<\/a><\/span><\/li>\n<li style=\"text-align: left\"><span style=\"font-size: 10pt;color: #000080\"><a style=\"color: #000080\" href=\"https:\/\/blogsaverroes.juntadeandalucia.es\/orientacionalmeria\/files\/2013\/05\/Entradas-Blog-tutor\u00eda.pdf\" target=\"_blank\" rel=\"noopener noreferrer\">Recopilatorio de banco de materiales y recursos de inter\u00e9s para la acci\u00f3n tutorial<\/a><strong><br \/>\n<\/strong><\/span><\/li>\n<li style=\"text-align: left\"><span style=\"color: #000080\"><a style=\"color: #000080\" href=\"http:\/\/www.sas.junta-andalucia.es\/contenidos\/publicaciones\/datos\/391\/pdf\/guia_prevencionsuicidio.pdf\" target=\"_blank\" rel=\"noopener noreferrer\">Prevenci\u00f3n de la conducta suicida e intervenciones tras el suicidio:Recomendaciones para el \u00e1mbito escolar<\/a><\/span><\/li>\n<\/ul>\n<p style=\"text-align: center\"><span style=\"color: #000080\"><strong><span style=\"font-size: 10pt\">PROGRAMAS DE INTERVENCI\u00d3N<\/span><\/strong><\/span><\/p>\n<ul>\n<li class=\"western\" style=\"text-align: justify\"><span style=\"font-size: 10pt;color: #000080\"><a style=\"color: #000080\" href=\"https:\/\/blogsaverroes.juntadeandalucia.es\/orientacionalmeria\/files\/2013\/05\/protocolo-de-acoso-escolar.pdf\" target=\"_blank\" rel=\"noopener noreferrer\">Protocolos de actuaci\u00f3n para casos de acoso escolar, maltrato infantil, violencia de g\u00e9nero y agresi\u00f3n al profesorado<\/a><\/span><\/li>\n<li class=\"western\" style=\"text-align: justify\"><span style=\"color: #000080;font-size: 10pt\"><a style=\"color: #000080\" href=\"https:\/\/blogsaverroes.juntadeandalucia.es\/orientacionalmeria\/files\/2015\/02\/PROTOCOLOS-DE-ACTUACI\u00d3N-ORDEN-DE-20-DE-JUNIO-DE-2011.pdf\">Protocolos de actuaci\u00f3n para la convivencia <\/a><\/span><\/li>\n<li class=\"western\" style=\"text-align: justify\"><span style=\"font-size: 10pt;color: #000080\"><a style=\"color: #000080\" href=\"https:\/\/blogsaverroes.juntadeandalucia.es\/orientacionalmeria\/files\/2013\/05\/ESQUEMAS-Y-DIAGRAMAS-PROTOCOLOS-ORDEN-DE-20-DE-JUNIO-DE-2011-S\u00f3lo-lectura.pdf\" target=\"_blank\" rel=\"noopener noreferrer\">Esquemas de los protocolos para acoso escolar, maltrato infantil, violencia de g\u00e9nero y agresi\u00f3n al profesorado<\/a><\/span><\/li>\n<li class=\"western\" style=\"text-align: justify\"><span style=\"font-size: 10pt;color: #000080\"><a style=\"color: #000080\" href=\"https:\/\/blogsaverroes.juntadeandalucia.es\/orientacionalmeria\/files\/2013\/05\/PASOS-DEL-PROTOCOLO-DE-MALTRATO-Y-ACOSO.pdf\" target=\"_blank\" rel=\"noopener noreferrer\">Gu\u00eda para las actuaciones en supuestos de acoso escolar, maltrato infantil, violencia de g\u00e9nero y agresi\u00f3n del profesorado<\/a><\/span><\/li>\n<li class=\"western\" style=\"text-align: justify\"><span style=\"font-size: 10pt;color: #000080\"><a style=\"color: #000080\" href=\"https:\/\/blogsaverroes.juntadeandalucia.es\/orientacionalmeria\/files\/2013\/05\/Evaluaci\u00f3n-inicial-en-supuestos-de-MALTRATO.doc\" target=\"_blank\" rel=\"noopener noreferrer\">Evaluaci\u00f3n inicial en casos de maltrato infantil<\/a><\/span><\/li>\n<li style=\"text-align: justify\"><span style=\"font-size: 10pt;color: #000080\"><a style=\"color: #000080\" href=\"http:\/\/blogsaverroes.juntadeandalucia.es\/orientacionalmeria\/files\/2013\/05\/Tutor\u00eda-orientaci\u00f3n.pdf\" target=\"_blank\" rel=\"noopener noreferrer\">Tutor\u00eda orientaci\u00f3n (Presentaci\u00f3n en la reuni\u00f3n t\u00e9cnica de orientaci\u00f3n de Octubre 2014<\/a><\/span><\/li>\n<li style=\"text-align: justify\"><span style=\"font-size: 10pt;color: #000080\"><a style=\"color: #000080\" href=\"https:\/\/blogsaverroes.juntadeandalucia.es\/orientacionalmeria\/files\/2013\/05\/Programas-de-Acci\u00f3n-tutorial.pdf\" target=\"_blank\" rel=\"noopener noreferrer\">Programas de Acci\u00f3n tutorial<\/a><\/span><\/li>\n<li style=\"text-align: justify\"><span style=\"font-size: 10pt;color: #000080\"><a style=\"color: #000080\" href=\"https:\/\/blogsaverroes.juntadeandalucia.es\/orientacionalmeria\/files\/2014\/03\/Sociograma-JM.pdf\" target=\"_blank\" rel=\"noopener noreferrer\">El Sociograma y el diagn\u00f3stico de la interacci\u00f3n social en el aula<\/a><\/span><\/li>\n<li style=\"text-align: justify\"><span style=\"font-size: small;color: #000080\"><a style=\"color: #000080\" href=\"https:\/\/blogsaverroes.juntadeandalucia.es\/orientacionalmeria\/files\/2014\/01\/GUIAANOREXIA.pdf\" target=\"_blank\" rel=\"noopener noreferrer\">Gu\u00eda pr\u00e1ctica: Prevenci\u00f3n de los trastornos de conducta alimentaria<\/a><\/span><\/li>\n<li style=\"text-align: justify\"><span style=\"font-size: small;color: #000080\"><a style=\"color: #000080\" href=\"https:\/\/blogsaverroes.juntadeandalucia.es\/orientacionalmeria\/files\/2013\/12\/Programa-de-prevenci\u00f3n-en-matem\u00e1ticas.pdf\" target=\"_blank\" rel=\"noopener noreferrer\">Programa de prevenci\u00f3n en Matem\u00e1ticas en Educaci\u00f3n Infantil, Primaria y Primer Ciclo de Secundaria.<\/a><\/span><\/li>\n<li style=\"text-align: justify\"><span style=\"font-size: 10pt;color: #000080\"><a style=\"color: #000080\" href=\"https:\/\/blogsaverroes.juntadeandalucia.es\/orientacionalmeria\/files\/2013\/05\/Introducci\u00f3n-normativa-e-implicaciones-educativas-de-la-propuesta.pdf\" target=\"_blank\" rel=\"noopener noreferrer\">Estructura y esquema general del protocolo provincial para las dificultades de aprendizaje.<\/a><\/span><\/li>\n<li><span style=\"font-family: arial, helvetica, sans-serif;font-size: small;color: #000080\"><span style=\"font-size: 10pt\"><a style=\"color: #000080\" href=\"https:\/\/blogsaverroes.juntadeandalucia.es\/orientacionalmeria\/files\/2013\/05\/EOC_DOCUMENTO-completo.pdf\" target=\"_blank\" rel=\"noopener noreferrer\">Desarrollo de la propuesta provincial del protocolo de actuaci\u00f3n en dificultades de aprendizaje: prevenci\u00f3n, detecci\u00f3n, evaluaci\u00f3n, asesoramiento y adaptaciones did\u00e1cticas, organizativas para el alumnado con DIA (NEAE).<\/a><\/span><\/span><\/li>\n<li style=\"text-align: justify\"><span style=\"font-family: arial, helvetica, sans-serif;font-size: small;color: #000080\"><span style=\"font-size: 10pt\"><a style=\"color: #000080\" href=\"https:\/\/blogsaverroes.juntadeandalucia.es\/orientacionalmeria\/files\/2013\/05\/Oden-de-20-07-2011_Protocolo-de-maltrato.pdf\" target=\"_blank\" rel=\"noopener noreferrer\">Promoci\u00f3n de la convivencia: desarrolllo de medidas ordinarias para desarrollar en el centro de acuerdo con la normativa.<\/a>.<\/span> <\/span><\/li>\n<li style=\"text-align: justify\"><span style=\"color: #000080\"><span style=\"font-size: 10pt\"><a style=\"color: #000080\" href=\"https:\/\/sites.google.com\/site\/orientalinea\/CuadAprEstudiarn1_0708.doc?attredirects=0\" target=\"_blank\" rel=\"noopener noreferrer\">Material de t\u00e9cnicas de estudio. Grupo de trabajo de orientadores del IES Campo de G<\/a><\/span><span style=\"font-size: 10pt\"><a style=\"color: #000080\" href=\"https:\/\/sites.google.com\/site\/orientalinea\/CuadAprEstudiarn1_0708.doc?attredirects=0\" target=\"_blank\" rel=\"noopener noreferrer\">ibraltar <\/a><\/span><\/span><\/li>\n<\/ul>\n<hr \/>\n<p><span style=\"color: #000080\"><a style=\"color: #000080\" href=\"http:\/\/blogsaverroes.juntadeandalucia.es\/orientacionalmeria\/files\/2013\/05\/orprf1.jpg\"><img loading=\"lazy\" decoding=\"async\" class=\" wp-image-2310 alignleft\" src=\"http:\/\/blogsaverroes.juntadeandalucia.es\/orientacionalmeria\/files\/2013\/05\/orprf1-300x23.jpg\" alt=\"\" width=\"352\" height=\"27\" srcset=\"https:\/\/blogsaverroes.juntadeandalucia.es\/orientacionalmeria\/files\/2013\/05\/orprf1-300x23.jpg 300w, https:\/\/blogsaverroes.juntadeandalucia.es\/orientacionalmeria\/files\/2013\/05\/orprf1-24x2.jpg 24w, https:\/\/blogsaverroes.juntadeandalucia.es\/orientacionalmeria\/files\/2013\/05\/orprf1-36x3.jpg 36w, https:\/\/blogsaverroes.juntadeandalucia.es\/orientacionalmeria\/files\/2013\/05\/orprf1-48x4.jpg 48w, https:\/\/blogsaverroes.juntadeandalucia.es\/orientacionalmeria\/files\/2013\/05\/orprf1.jpg 400w\" sizes=\"(max-width: 352px) 100vw, 352px\" \/><\/a><\/span><\/p>\n<p>&nbsp;<\/p>\n<hr \/>\n<ul>\n<li class=\"entry-title\"><span style=\"font-size: 10pt;color: #000080\"><a style=\"color: #000080\" href=\"https:\/\/blogsaverroes.juntadeandalucia.es\/orientacionalmeria\/files\/2013\/05\/1_SE_Cuaderno_Orientaci\u00f3n.pdf\">Esquema general del Sistema Educativo<\/a><\/span><\/li>\n<li class=\"entry-title\"><span style=\"font-size: 10pt;color: #000080\"><a style=\"color: #000080\" href=\"https:\/\/blogsaverroes.juntadeandalucia.es\/orientacionalmeria\/files\/2013\/05\/triptico-ESO-18-19.pdf\">Tr\u00edptico para el tr\u00e1nsito de Ed. Primaria a Ed. Secundaria. Curso 2018-2019 (Formato pdf)<\/a><\/span><\/li>\n<li><span style=\"font-size: 10pt;color: #000080\"><a style=\"color: #000080\" href=\"https:\/\/blogsaverroes.juntadeandalucia.es\/orientacionalmeria\/files\/2013\/05\/triptico-transito18_19.doc\">Documento informat\u00edvo para el tr\u00e1nsito de Ed. Primaria a Ed. Secundaria. Curso 2018-2019 (Formato word)<\/a><\/span><\/li>\n<li class=\"entry-title\"><span style=\"font-size: 14px;color: #000080\"><span style=\"font-size: 10pt\"><a style=\"color: #000080\" href=\"http:\/\/blogsaverroes.juntadeandalucia.es\/orientacionalmeria\/files\/2013\/05\/Sistema-Educativo-LOMCE1.pdf\" target=\"_blank\" rel=\"noopener noreferrer\">Presentaci\u00f3n de sistema educativo LOMCE (Reuni\u00f3n T\u00e9cnica de Octubre 2016)<\/a><\/span><br \/>\n<\/span><\/li>\n<li class=\"entry-title\"><span style=\"font-size: 10pt;color: #000080\"><a style=\"color: #000080\" href=\"https:\/\/blogsaverroes.juntadeandalucia.es\/orientacionalmeria\/files\/2013\/05\/Anexo-I.-Modelo-de-Infome-para-ADAPTACI\u00d3N-PAU-2015-16.doc\">Informe para la solicitud de adaptaciones para el alumnado con n.e.a.e en las Pruebas de Acceso a la Universidad (Anexo I)&nbsp;<\/a><\/span><\/li>\n<li><span style=\"font-size: 10pt;color: #000080\"><a style=\"color: #000080\" href=\"https:\/\/blogsaverroes.juntadeandalucia.es\/orientacionalmeria\/files\/2013\/05\/documento-de-apoyo-a-la-orientaciu00F3n.pdf\" target=\"_blank\" rel=\"noopener noreferrer\">Documento de apoyo a la orientaci\u00f3n (entidades y asociaciones)<\/a><\/span><\/li>\n<li><span style=\"font-size: 10pt;color: #000080\"><a style=\"color: #000080\" href=\"https:\/\/blogsaverroes.juntadeandalucia.es\/orientacionalmeria\/files\/2013\/05\/Diptico-transito.pdf\" target=\"_blank\" rel=\"noopener noreferrer\">Programa de tr\u00e1nsito Ed.Primaria a Ed. Secundaria Obligatoria: Gu\u00eda informativa para alumnado y familias 2015-16<\/a><\/span><\/li>\n<li><span style=\"color: #000080\"><span style=\"font-size: small\"><a style=\"color: #000080\" href=\"https:\/\/blogsaverroes.juntadeandalucia.es\/orientacionalmeria\/files\/2013\/05\/Cambios-LOMCE-modf.ppt\">Cambios LOMCE: Tr\u00e1nsito Infantil \u2013Primaria, Tr\u00e1nsito Primaria .<\/a><\/span><span style=\"font-size: small\">Tr\u00e1nsito Postobligatoria- Universidad.<\/span><\/span><\/li>\n<\/ul>\n<hr \/>\n<p><span style=\"color: #000080\"><strong><span style=\"font-family: arial, helvetica, sans-serif\"><a style=\"color: #000080\" href=\"http:\/\/blogsaverroes.juntadeandalucia.es\/orientacionalmeria\/files\/2013\/05\/rec.jpg\"><img loading=\"lazy\" decoding=\"async\" class=\" wp-image-2308 size-medium alignleft\" src=\"http:\/\/blogsaverroes.juntadeandalucia.es\/orientacionalmeria\/files\/2013\/05\/rec-300x30.jpg\" alt=\"\" width=\"300\" height=\"30\" srcset=\"https:\/\/blogsaverroes.juntadeandalucia.es\/orientacionalmeria\/files\/2013\/05\/rec.jpg 300w, https:\/\/blogsaverroes.juntadeandalucia.es\/orientacionalmeria\/files\/2013\/05\/rec-24x2.jpg 24w, https:\/\/blogsaverroes.juntadeandalucia.es\/orientacionalmeria\/files\/2013\/05\/rec-36x4.jpg 36w, https:\/\/blogsaverroes.juntadeandalucia.es\/orientacionalmeria\/files\/2013\/05\/rec-48x5.jpg 48w\" sizes=\"(max-width: 300px) 100vw, 300px\" \/><\/a><\/span><\/strong><\/span><\/p>\n<p>&nbsp;<\/p>\n<p>&nbsp;<\/p>\n<ul>\n<li><span style=\"font-size: 10pt;font-family: arial, helvetica, sans-serif;color: #000080\"><a style=\"color: #000080\" href=\"https:\/\/blogsaverroes.juntadeandalucia.es\/orientacionalmeria\/files\/2013\/05\/guia-ACNS.pdf\">Gu\u00eda para las Adaptaciones curriculares no significativas en S\u00e9neca. Elaborada por Jos\u00e9 Manuel Ruiz Palacios, orientador del EOE M\u00e1laga Norte Palmilla<\/a><\/span><\/li>\n<li><span style=\"font-size: 10pt;color: #000080\"><a style=\"color: #000080\" href=\"https:\/\/blogsaverroes.juntadeandalucia.es\/orientacionalmeria\/files\/2013\/05\/ORIENTACIONES-CONSEJO-ORIENTADOR-ESO.-1.pdf\">Orientaciones para la cumplimentaci\u00f3n del Consejo Orientador (todos los cursos) en S\u00e9neca. Elaboradas por Juan Francisco Luna Pedrosa. Orientador del IES Santo Domingo (El Ejido)<\/a><\/span><\/li>\n<li><span style=\"color: #000080\"><span style=\"font-size: 10pt;font-family: arial, helvetica, sans-serif\"><a style=\"color: #000080\" href=\"https:\/\/blogsaverroes.juntadeandalucia.es\/orientacionalmeria\/files\/2013\/05\/Asesoramiento-ACNS-17-18.pdf\">Gu\u00eda breve para la elaboraci\u00f3n de Adaptaciones curriculares no significativas en S\u00e9neca. Elaborada por Juan Francisco Luna Pedrosa, orientador del IES Santo Domingo (El Ejido).<\/a><\/span><a style=\"font-family: arial, helvetica, sans-serif;font-size: 10pt;color: #000080\" href=\"https:\/\/blogsaverroes.juntadeandalucia.es\/orientacionalmeria\/files\/2013\/05\/ASESORAMIENTO-CONSEJO-ORIENTADOR.pdf\">:<\/a><\/span><\/li>\n<li>&nbsp;<\/li>\n<li><span style=\"font-size: 12pt;font-family: arial, helvetica, sans-serif;color: #000080\"><strong>Dotaci\u00f3n de recursos materiales espec\u00edficos para el alumnado con necesidades educativas especiales asociadas a discapacidad<\/strong>:<\/span><\/li>\n<\/ul>\n<ul style=\"list-style-type: circle\">\n<li style=\"text-align: justify\"><span style=\"color: #000080\"><a style=\"color: #000080\" href=\"http:\/\/blogsaverroes.juntadeandalucia.es\/orientacionalmeria\/files\/2013\/05\/Anexo-I_Solicitud-.pdf\" target=\"_blank\" rel=\"noopener noreferrer\"><img loading=\"lazy\" decoding=\"async\" class=\"alignleft wp-image-1148\" src=\"http:\/\/blogsaverroes.juntadeandalucia.es\/orientacionalmeria\/files\/2013\/05\/pdf-e1386182417574.png\" alt=\"\" width=\"21\" height=\"21\" srcset=\"https:\/\/blogsaverroes.juntadeandalucia.es\/orientacionalmeria\/files\/2013\/05\/pdf-e1386182417574.png 38w, https:\/\/blogsaverroes.juntadeandalucia.es\/orientacionalmeria\/files\/2013\/05\/pdf-e1386182417574-24x24.png 24w, https:\/\/blogsaverroes.juntadeandalucia.es\/orientacionalmeria\/files\/2013\/05\/pdf-e1386182417574-36x36.png 36w\" sizes=\"(max-width: 21px) 100vw, 21px\" \/><\/a><span style=\"font-size: 10pt\"><a style=\"color: #000080\" href=\"https:\/\/blogsaverroes.juntadeandalucia.es\/orientacionalmeria\/files\/2013\/05\/instrucciones_ayudas_tecnicas-1.pdf\">Instrucciones de 25 de Enero de 2017 de la Direcci\u00f3n General de Participaci\u00f3n y Equidad y de la Agencia P\u00fablica Andaluza de Educaci\u00f3n por la que se regula el procedimiento para la dotaci\u00f3n de recursos de materiales espec\u00edficos para el alumnado con necesidades educativas especiales asociadas a discapacidad.<\/a><\/span><\/span><\/li>\n<li><span style=\"color: #000080\"><strong>ANEXOS:<\/strong><\/span><\/li>\n<li><span style=\"color: #000080\"><a style=\"color: #000080\" href=\"https:\/\/blogsaverroes.juntadeandalucia.es\/orientacionalmeria\/files\/2018\/09\/02_anexo-I-recursos-materiales-espec\u00edficos-PDF-DEF.pdf\">Anexo I. Solicitud de recursos materiales espec\u00edficos por parte del equipo directivo<\/a><\/span><\/li>\n<li><span style=\"color: #000080\"><a style=\"color: #000080\" href=\"https:\/\/blogsaverroes.juntadeandalucia.es\/orientacionalmeria\/files\/2018\/09\/03_RECEPCION-MATERIAL-DEF-PDF.pdf\">Anexo II. Comunicaci\u00f3n de la recepci\u00f3n del recurso material espec\u00edfico en el centro docente<\/a><\/span><\/li>\n<li><span style=\"color: #000080\"><a style=\"color: #000080\" href=\"https:\/\/blogsaverroes.juntadeandalucia.es\/orientacionalmeria\/files\/2018\/09\/04_anexo-III-PR\u00c9STAMO-RECURSO-MATERIAL-FUERA-CENTRO-pdf.pdf\">Anexo III. Pr\u00e9stamo de un recurso material espec\u00edfico para su uso fuera del centro<\/a><\/span><\/li>\n<li><span style=\"color: #000080\"><a style=\"color: #000080\" href=\"https:\/\/blogsaverroes.juntadeandalucia.es\/orientacionalmeria\/files\/2018\/09\/05_anexo-IV-TRANSFERENCIA-TRASLADO-PDF.pdf\">Anexo IV. Autorizaci\u00f3n para uso de recursos materiales espec\u00edficos de Transferencia-Traslado (movilidad reducida)<\/a><\/span><\/li>\n<li><span style=\"color: #000080\"><a style=\"color: #000080\" href=\"https:\/\/blogsaverroes.juntadeandalucia.es\/orientacionalmeria\/files\/2018\/09\/06_ANEXO_RETIRADA_RELLENABLE.pdf\">Anexo Retirada. Comunicaci\u00f3n de la retirada del recurso material espec\u00edfico en el Centro Docente<\/a><\/span><\/li>\n<li><span style=\"color: #000080\"><a style=\"color: #000080\" href=\"https:\/\/blogsaverroes.juntadeandalucia.es\/orientacionalmeria\/files\/2018\/09\/07_ANEXO_TRASLADO_RELLENABLE.pdf\">Anexo Traslado. Comunicaci\u00f3n del traslado de alumnado con recursos materiales espec\u00edficos a otro centro docente<\/a><\/span><\/li>\n<li><span style=\"color: #000080\"><a style=\"color: #000080\" href=\"https:\/\/blogsaverroes.juntadeandalucia.es\/orientacionalmeria\/files\/2018\/09\/08_ANEXO_TRASLADO_CURSO_PROXIMO_RELLENABLE.pdf\">Anexo Traslado para el curso pr\u00f3ximo. Comunicaci\u00f3n del traslado de alumnado con recursos espec\u00edficos a otro centro docente<\/a><\/span><\/li>\n<li><span style=\"color: #000080\"><a style=\"color: #000080\" href=\"https:\/\/blogsaverroes.juntadeandalucia.es\/orientacionalmeria\/files\/2018\/09\/09_Manual-env\u00edo-baja-material-Seneca-para-solicitud-de-retiradas.pdf\">09_Manual env\u00edo baja material Seneca para solicitud de retiradas<\/a><\/span><\/li>\n<li><span style=\"color: #000080\"><a style=\"color: #000080\" href=\"https:\/\/blogsaverroes.juntadeandalucia.es\/orientacionalmeria\/files\/2018\/09\/10_resumen-procedimiento.pdf\">10_resumen-procedimiento<\/a><a style=\"color: #000080\" href=\"https:\/\/blogsaverroes.juntadeandalucia.es\/orientacionalmeria\/files\/2018\/09\/11_resumen-normas-de-centro-receptor.pdf\">11_resumen-normas-de-centro-receptor<\/a><\/span><\/li>\n<\/ul>\n<ul style=\"list-style-type: disc\">\n<li><span style=\"font-family: arial, helvetica, sans-serif;font-size: 10pt;color: #000080\"><a style=\"color: #000080\" href=\"https:\/\/blogsaverroes.juntadeandalucia.es\/orientacionalmeria\/files\/2013\/05\/RECURSOS.pdf\" target=\"_blank\" rel=\"noopener noreferrer\">Recursos digitalizados interactivos para la tutor\u00eda con alumnado de necesidades educativas especiales<\/a> Orientadores y orientadoras de la zona de Linares-And\u00fajar (Ja\u00e9n)<\/span><\/li>\n<li><span style=\"font-family: arial, helvetica, sans-serif;font-size: 10pt;color: #000080\"><a style=\"color: #000080\" href=\"https:\/\/blogsaverroes.juntadeandalucia.es\/orientacionalmeria\/files\/2013\/05\/GuiaMultimediaNEE-1.pdf\" target=\"_blank\" rel=\"noopener noreferrer\">Gu\u00eda multimedia de recursos educativos para alumnado con necesidades educativas especiales.<\/a>Centro del Profesorado y de Recursos de Gij\u00f3n.<\/span><\/li>\n<li><span style=\"font-family: arial, helvetica, sans-serif;font-size: 10pt;color: #000080\"><a style=\"color: #000080\" href=\"http:\/\/guiadis.discapnet.es\/\" target=\"_blank\" rel=\"noopener noreferrer\">Gu\u00eda de Ayudas a la discapacidad.Buscador web<\/a><a style=\"color: #000080\" href=\"https:\/\/blogsaverroes.juntadeandalucia.es\/orientacionalmeria\/files\/2018\/09\/11_resumen-normas-de-centro-receptor.pdf\">11_resumen-normas-de-centro-receptor<\/a><\/span><\/li>\n<\/ul>\n","protected":false},"excerpt":{"rendered":"<p>&nbsp; Gu\u00eda de protecci\u00f3n de datos de car\u00e1cter personal para los centros de ense\u00f1anza Aspectos jur\u00eddicos relacionados con la orientaci\u00f3n educativa&nbsp;&nbsp; &nbsp; Modelo de documento para la derivaci\u00f3n al centro de salud\/servicio de pediatr\u00eda&#46;&#46;&#46;<\/p>\n","protected":false},"author":1,"featured_media":0,"parent":0,"menu_order":5,"comment_status":"closed","ping_status":"closed","template":"","meta":{"ngg_post_thumbnail":0,"footnotes":"","_mc_calendar":[]},"aioseo_notices":[],"_links":{"self":[{"href":"https:\/\/blogsaverroes.juntadeandalucia.es\/orientacionalmeria\/wp-json\/wp\/v2\/pages\/3028"}],"collection":[{"href":"https:\/\/blogsaverroes.juntadeandalucia.es\/orientacionalmeria\/wp-json\/wp\/v2\/pages"}],"about":[{"href":"https:\/\/blogsaverroes.juntadeandalucia.es\/orientacionalmeria\/wp-json\/wp\/v2\/types\/page"}],"author":[{"embeddable":true,"href":"https:\/\/blogsaverroes.juntadeandalucia.es\/orientacionalmeria\/wp-json\/wp\/v2\/users\/1"}],"replies":[{"embeddable":true,"href":"https:\/\/blogsaverroes.juntadeandalucia.es\/orientacionalmeria\/wp-json\/wp\/v2\/comments?post=3028"}],"version-history":[{"count":134,"href":"https:\/\/blogsaverroes.juntadeandalucia.es\/orientacionalmeria\/wp-json\/wp\/v2\/pages\/3028\/revisions"}],"predecessor-version":[{"id":4115,"href":"https:\/\/blogsaverroes.juntadeandalucia.es\/orientacionalmeria\/wp-json\/wp\/v2\/pages\/3028\/revisions\/4115"}],"wp:attachment":[{"href":"https:\/\/blogsaverroes.juntadeandalucia.es\/orientacionalmeria\/wp-json\/wp\/v2\/media?parent=3028"}],"curies":[{"name":"wp","href":"https:\/\/api.w.org\/{rel}","templated":true}]}}