{"id":287,"date":"2020-03-08T23:18:42","date_gmt":"2020-03-08T22:18:42","guid":{"rendered":"https:\/\/blogsaverroes.juntadeandalucia.es\/orientacioniesvega\/?page_id=287"},"modified":"2026-01-21T16:30:48","modified_gmt":"2026-01-21T15:30:48","slug":"profesiones-y-carreras","status":"publish","type":"page","link":"https:\/\/blogsaverroes.juntadeandalucia.es\/orientacioniesvega\/profesiones-y-carreras\/","title":{"rendered":"Profesiones y carreras"},"content":{"rendered":"<div>\n<table class=\" aligncenter\" style=\"height: 2145px;width: 95.5737%\" width=\"809\">\n<tbody>\n<tr style=\"background-color: #67ebaf;height: 80px\">\n<td style=\"height: 80px;width: 799px;text-align: left;vertical-align: middle\">\n<ul>\n<li>Iniciamos esta p\u00e1gina para dar respuesta a algunas de las preguntas que me hac\u00e9is sobre profesiones y carreras. Se ir\u00e1 completando atendiendo a vuestros requerimientos:<\/li>\n<\/ul>\n<\/td>\n<\/tr>\n<tr style=\"height: 24px\">\n<td style=\"height: 24px;width: 799px;text-align: left;vertical-align: middle\">\n<ul style=\"list-style-type: square\">\n<li><span style=\"color: #3366ff\"><strong style=\"font-family: inherit;font-size: inherit\">ELIGE UNA PROFESI\u00d3N SIN RESTRICCIONES DE G\u00c9NERO. PINCHA EN LA IMAGEN:<\/strong><\/span><\/li>\n<\/ul>\n<p><a href=\"http:\/\/www.eligeprofesion.org\/pro_002.asp?ipag=12\" target=\"_blank\" rel=\"noopener\"><img loading=\"lazy\" decoding=\"async\" class=\"size-full wp-image-2317 aligncenter\" src=\"https:\/\/blogsaverroes.juntadeandalucia.es\/orientacioniesvega\/files\/2024\/05\/Elige-profesion.png\" alt=\"\" width=\"725\" height=\"456\" srcset=\"https:\/\/blogsaverroes.juntadeandalucia.es\/orientacioniesvega\/files\/2024\/05\/Elige-profesion.png 725w, https:\/\/blogsaverroes.juntadeandalucia.es\/orientacioniesvega\/files\/2024\/05\/Elige-profesion-300x189.png 300w\" sizes=\"(max-width: 725px) 100vw, 725px\" \/><\/a><\/td>\n<\/tr>\n<tr style=\"height: 24px\">\n<td style=\"height: 24px;width: 799px;text-align: left;vertical-align: middle\">\n<ul style=\"list-style-type: square\">\n<li><span style=\"color: #3366ff\"><a style=\"color: #3366ff\" href=\"https:\/\/blogsaverroes.juntadeandalucia.es\/orientacioniesvega\/oferta-de-ciclos-formativos\/\" target=\"_blank\" rel=\"noopener noreferrer\"><strong>CICLOS FORMATIVOS EN ANDALUCIA.<\/strong><\/a><\/span><\/li>\n<\/ul>\n<p><a href=\"https:\/\/www.juntadeandalucia.es\/educacion\/portales\/web\/formacion-profesional-andaluza\/que-estudiar\/oferta-formativa\/grados-d-ciclos-formativos?redirect=\/educacion\/portales\/web\/formacion-profesional-andaluza\/que-estudiar\/oferta-formativa\" rel=\"attachment wp-att-2530\"><img loading=\"lazy\" decoding=\"async\" class=\"alignnone size-full wp-image-2530\" src=\"https:\/\/blogsaverroes.juntadeandalucia.es\/orientacioniesvega\/files\/2025\/05\/Captura-de-pantalla-2025-05-22-a-las-23.41.57.png\" alt=\"\" width=\"975\" height=\"148\" srcset=\"https:\/\/blogsaverroes.juntadeandalucia.es\/orientacioniesvega\/files\/2025\/05\/Captura-de-pantalla-2025-05-22-a-las-23.41.57.png 975w, https:\/\/blogsaverroes.juntadeandalucia.es\/orientacioniesvega\/files\/2025\/05\/Captura-de-pantalla-2025-05-22-a-las-23.41.57-300x46.png 300w, https:\/\/blogsaverroes.juntadeandalucia.es\/orientacioniesvega\/files\/2025\/05\/Captura-de-pantalla-2025-05-22-a-las-23.41.57-768x117.png 768w\" sizes=\"(max-width: 975px) 100vw, 975px\" \/><\/a><\/td>\n<\/tr>\n<tr style=\"height: 24px\">\n<td style=\"height: 24px;width: 799px;text-align: left;vertical-align: middle\">\n<ul>\n<li><span style=\"color: #3366ff\"><strong><a style=\"color: #3366ff\" href=\"https:\/\/view.genial.ly\/5fc23f72c852dd0d3638017c\/horizontal-infographic-review-notas-de-corte-grados-en-la-ugr\" target=\"_blank\" rel=\"noopener noreferrer\">GRADOS UNIVERSITARIOS, NOTAS DE CORTES Y M\u00c1S.<\/a><\/strong><\/span><\/li>\n<\/ul>\n<\/td>\n<\/tr>\n<tr>\n<td style=\"width: 799px;text-align: left;vertical-align: middle\">\n<ul style=\"list-style-type: disc\">\n<li><strong><a href=\"https:\/\/empleo.ugr.es\/salidasprofesionales\/\">SALIDAS PROFESIONALES DE LOS GRADOS UNIVERSITARIOS.<\/a><\/strong><\/li>\n<\/ul>\n<\/td>\n<\/tr>\n<tr style=\"height: 24px\">\n<td style=\"height: 24px;width: 799px;text-align: left;vertical-align: middle\">\n<ul style=\"list-style-type: square\">\n<li><strong>POLIC\u00cdA NACIONAL: <\/strong><a href=\"https:\/\/www.policia.es\/portalaspirantes\/inicio\" target=\"_blank\" rel=\"noopener\"><span style=\"color: #3366ff\"><strong>Escala b\u00e1sica, <\/strong><\/span><span style=\"color: #3366ff\"><strong>Escala ejecutiva, <\/strong><\/span><span style=\"color: #3366ff\"><strong>Facultativos y t\u00e9cnicos.<\/strong><\/span><\/a><\/li>\n<\/ul>\n<p><a href=\"https:\/\/www.policia.es\/portalaspirantes\/inicio\" rel=\"attachment wp-att-2537\"><img loading=\"lazy\" decoding=\"async\" class=\"size-full wp-image-2537 aligncenter\" src=\"https:\/\/blogsaverroes.juntadeandalucia.es\/orientacioniesvega\/files\/2025\/05\/Policia.png\" alt=\"\" width=\"570\" height=\"118\" srcset=\"https:\/\/blogsaverroes.juntadeandalucia.es\/orientacioniesvega\/files\/2025\/05\/Policia.png 570w, https:\/\/blogsaverroes.juntadeandalucia.es\/orientacioniesvega\/files\/2025\/05\/Policia-300x62.png 300w\" sizes=\"(max-width: 570px) 100vw, 570px\" \/><\/a><\/p>\n<ul>\n<li style=\"list-style-type: none\">&nbsp;<\/li>\n<\/ul>\n<\/td>\n<\/tr>\n<tr>\n<td style=\"width: 799px;text-align: left;vertical-align: middle\">\n<ul style=\"list-style-type: square\">\n<li><span style=\"color: #3366ff\"><strong><a style=\"color: #3366ff\" href=\"https:\/\/www.guardiacivil.es\/es\/servicios\/tablonanuncios\/ingresocuerpo\/index.html\" target=\"_blank\" rel=\"noopener noreferrer\">GUARDIA CIVIL: CABOS Y CUARDIAS.<\/a><\/strong><\/span><\/li>\n<\/ul>\n<p><a href=\"https:\/\/www.guardiacivil.es\/es\/servicios\/tablonanuncios\/ingresocuerpo\/index.html\" target=\"_blank\" rel=\"noopener noreferrer\"><img loading=\"lazy\" decoding=\"async\" class=\"aligncenter size-large wp-image-1163\" src=\"https:\/\/blogsaverroes.juntadeandalucia.es\/orientacioniesvega\/files\/2021\/05\/Guardias-civiles-1024x182.png\" alt=\"\" width=\"1024\" height=\"182\" srcset=\"https:\/\/blogsaverroes.juntadeandalucia.es\/orientacioniesvega\/files\/2021\/05\/Guardias-civiles-1024x182.png 1024w, https:\/\/blogsaverroes.juntadeandalucia.es\/orientacioniesvega\/files\/2021\/05\/Guardias-civiles-300x53.png 300w, https:\/\/blogsaverroes.juntadeandalucia.es\/orientacioniesvega\/files\/2021\/05\/Guardias-civiles-768x137.png 768w, https:\/\/blogsaverroes.juntadeandalucia.es\/orientacioniesvega\/files\/2021\/05\/Guardias-civiles-1536x273.png 1536w, https:\/\/blogsaverroes.juntadeandalucia.es\/orientacioniesvega\/files\/2021\/05\/Guardias-civiles.png 1900w\" sizes=\"(max-width: 1024px) 100vw, 1024px\" \/><\/a><\/td>\n<\/tr>\n<tr style=\"height: 24px\">\n<td style=\"height: 24px;width: 799px;text-align: left;vertical-align: middle\">\n<ul style=\"list-style-type: square\">\n<li><strong><span style=\"color: #3366ff\">PROFESIONES DEL SECTOR A\u00c9REO.<\/span><\/strong>\n<ul style=\"list-style-type: square\">\n<li><a href=\"https:\/\/es.indeed.com\/orientacion-laboral\/desarrollo-profesional\/como-ser-piloto-avion\">Pilotos de aviaci\u00f3n<\/a><\/li>\n<li><a href=\"https:\/\/www.seguridadaerea.gob.es\/es\/particulares\/tripulante-de-cabina-de-pasajeros\">Tripulantes de cabina de pasajeros<\/a><\/li>\n<li><a href=\"https:\/\/www.seguridadaerea.gob.es\/index.php\/es\/ambitos\/formacion-y-examenes\/examenes-de-piloto\/examinador-de-vuelo-fcl\">Examinador de vuelo<\/a><\/li>\n<li><a href=\"https:\/\/www.seguridadaerea.gob.es\/es\/ambitos\/aeronaves\/aeronavegabilidad-continuada\/tecnicos-de-mantenimiento-de-aeronaves\">T\u00e9cnicos de mantenimiento de aeronaves<\/a><\/li>\n<li><a href=\"https:\/\/www.seguridadaerea.gob.es\/es\/ambitos\/navegacion-aerea\/controladores\">Controladores de tr\u00e1nsito a\u00e9reo<\/a><\/li>\n<li><a href=\"https:\/\/www.seguridadaerea.gob.es\/es\/ambitos\/drones\/formacion-de-pilotos-a-distancia-uas-drones\/formacion-de-pilotos-uas-drones-en-categoria-respecificar\">Piloto de drones<\/a><\/li>\n<li><a href=\"https:\/\/www.seguridadaerea.gob.es\/index.php\/es\/particulares\/instructor-avsec\">Instructores AVSEC<\/a><\/li>\n<\/ul>\n<\/li>\n<\/ul>\n<p><a href=\"https:\/\/portalaesav2.azurewebsites.net\/lang_castellano\/prof_sector\/default.aspx\" target=\"_blank\" rel=\"noopener noreferrer\"><img loading=\"lazy\" decoding=\"async\" class=\"aligncenter size-large wp-image-1165\" src=\"https:\/\/blogsaverroes.juntadeandalucia.es\/orientacioniesvega\/files\/2021\/05\/Sector-a\u00e9reo-1024x113.png\" alt=\"\" width=\"1024\" height=\"113\" srcset=\"https:\/\/blogsaverroes.juntadeandalucia.es\/orientacioniesvega\/files\/2021\/05\/Sector-a\u00e9reo-1024x113.png 1024w, https:\/\/blogsaverroes.juntadeandalucia.es\/orientacioniesvega\/files\/2021\/05\/Sector-a\u00e9reo-300x33.png 300w, https:\/\/blogsaverroes.juntadeandalucia.es\/orientacioniesvega\/files\/2021\/05\/Sector-a\u00e9reo-768x85.png 768w, https:\/\/blogsaverroes.juntadeandalucia.es\/orientacioniesvega\/files\/2021\/05\/Sector-a\u00e9reo-1536x169.png 1536w, https:\/\/blogsaverroes.juntadeandalucia.es\/orientacioniesvega\/files\/2021\/05\/Sector-a\u00e9reo.png 1744w\" sizes=\"(max-width: 1024px) 100vw, 1024px\" \/><\/a><\/td>\n<\/tr>\n<tr style=\"height: 48px\">\n<td style=\"height: 24px;width: 799px;text-align: left;vertical-align: middle\">\n<ul style=\"list-style-type: square\">\n<li style=\"text-align: center\"><span style=\"color: #3366ff\"><a style=\"font-family: inherit;font-size: inherit;color: #3366ff\" href=\"https:\/\/www.policia.es\/_es\/tupolicia_procesos_selectivos_vigilantesyespecialidades.php\" target=\"_blank\" rel=\"noopener noreferrer\"><strong>VIGILANTES Y ESPECIALIDADES DE SEGURIDAD PRIVADA.<\/strong><\/a><\/span><\/li>\n<\/ul>\n<p><a href=\"https:\/\/www.policia.es\/_es\/tupolicia_procesos_selectivos_vigilantesyespecialidades.php\" target=\"_blank\" rel=\"noopener noreferrer\"><img loading=\"lazy\" decoding=\"async\" class=\"aligncenter size-large wp-image-1167\" src=\"https:\/\/blogsaverroes.juntadeandalucia.es\/orientacioniesvega\/files\/2021\/05\/Policia-1024x109.png\" alt=\"\" width=\"1024\" height=\"109\" srcset=\"https:\/\/blogsaverroes.juntadeandalucia.es\/orientacioniesvega\/files\/2021\/05\/Policia-1024x109.png 1024w, https:\/\/blogsaverroes.juntadeandalucia.es\/orientacioniesvega\/files\/2021\/05\/Policia-300x32.png 300w, https:\/\/blogsaverroes.juntadeandalucia.es\/orientacioniesvega\/files\/2021\/05\/Policia-768x82.png 768w, https:\/\/blogsaverroes.juntadeandalucia.es\/orientacioniesvega\/files\/2021\/05\/Policia-1536x164.png 1536w, https:\/\/blogsaverroes.juntadeandalucia.es\/orientacioniesvega\/files\/2021\/05\/Policia-2048x219.png 2048w\" sizes=\"(max-width: 1024px) 100vw, 1024px\" \/><\/a><\/td>\n<\/tr>\n<tr>\n<td style=\"width: 799px;text-align: left;vertical-align: middle\">\n<ul>\n<li style=\"list-style-type: none\">\n<ul>\n<li style=\"list-style-type: none\">\n<ul style=\"list-style-type: disc\">\n<li><a href=\"https:\/\/reclutamiento.defensa.gob.es\" target=\"_blank\" rel=\"noopener noreferrer\"><b>FUERZAS ARMADAS<\/b><\/a><\/li>\n<\/ul>\n<\/li>\n<\/ul>\n<\/li>\n<\/ul>\n<\/td>\n<\/tr>\n<tr>\n<td style=\"width: 799px;text-align: left;vertical-align: middle\"><a href=\"https:\/\/reclutamiento.defensa.gob.es\" target=\"_blank\" rel=\"noopener noreferrer\"><strong><img loading=\"lazy\" decoding=\"async\" class=\"alignnone wp-image-1492\" src=\"https:\/\/blogsaverroes.juntadeandalucia.es\/orientacioniesvega\/files\/2021\/07\/Fuerzas-Armandas-300x42.png\" alt=\"\" width=\"956\" height=\"134\" srcset=\"https:\/\/blogsaverroes.juntadeandalucia.es\/orientacioniesvega\/files\/2021\/07\/Fuerzas-Armandas-300x42.png 300w, https:\/\/blogsaverroes.juntadeandalucia.es\/orientacioniesvega\/files\/2021\/07\/Fuerzas-Armandas-1024x144.png 1024w, https:\/\/blogsaverroes.juntadeandalucia.es\/orientacioniesvega\/files\/2021\/07\/Fuerzas-Armandas-768x108.png 768w, https:\/\/blogsaverroes.juntadeandalucia.es\/orientacioniesvega\/files\/2021\/07\/Fuerzas-Armandas.png 1320w\" sizes=\"(max-width: 956px) 100vw, 956px\" \/><\/strong><\/a><\/td>\n<\/tr>\n<tr>\n<td style=\"width: 799px;text-align: left;vertical-align: middle\">\n<ul>\n<li><a href=\"https:\/\/www.granada.org\/inet\/edictos.nsf\/xcodopo\/D644CAC334C6FD19C12588010029CD4A\" target=\"_blank\" rel=\"noopener\"><strong>BOMBEROS<\/strong><\/a><\/li>\n<\/ul>\n<\/td>\n<\/tr>\n<\/tbody>\n<\/table>\n<\/div>\n<div style=\"text-align: center\">&nbsp;<\/div>\n<div style=\"text-align: center\">&nbsp;<\/div>\n<div id=\"tituloItem\" class=\"blockTituloItem\">&nbsp;<\/div>\n<div>&nbsp;<\/div>\n<div>&nbsp;<\/div>\n<div>&nbsp;<\/div>\n<div id=\"contenido_sitio\" class=\"tiny_personalizado\">\n<p>&nbsp;<br \/>\n&nbsp;<br \/>\n&nbsp;<br \/>\n&nbsp;<\/p>\n<\/div>\n<p>&nbsp;<\/p>\n<p>&nbsp;<\/p>\n<p>&nbsp;<\/p>\n<p>&nbsp;<\/p>\n<p>&nbsp;<\/p>\n<p>&nbsp;<\/p>\n<p>&nbsp;<\/p>\n<p>&nbsp;<\/p>\n<p>&nbsp;<\/p>\n<p>&nbsp;<\/p>\n<p>&nbsp;<\/p>\n<p>&nbsp;<\/p>\n<p>&nbsp;<\/p>\n<p>&nbsp;<\/p>\n<p>&nbsp;<\/p>\n<p>&nbsp;<\/p>\n<p>&nbsp;<\/p>\n<p>&nbsp;<\/p>\n","protected":false},"excerpt":{"rendered":"<p>Iniciamos esta p\u00e1gina para dar respuesta a algunas de las preguntas que me hac\u00e9is sobre profesiones y carreras. Se ir\u00e1 completando atendiendo a vuestros requerimientos: ELIGE UNA PROFESI\u00d3N SIN RESTRICCIONES DE G\u00c9NERO. PINCHA EN&#46;&#46;&#46;<\/p>\n","protected":false},"author":7749,"featured_media":0,"parent":0,"menu_order":0,"comment_status":"closed","ping_status":"closed","template":"","meta":{"ngg_post_thumbnail":0,"footnotes":""},"aioseo_notices":[],"_links":{"self":[{"href":"https:\/\/blogsaverroes.juntadeandalucia.es\/orientacioniesvega\/wp-json\/wp\/v2\/pages\/287"}],"collection":[{"href":"https:\/\/blogsaverroes.juntadeandalucia.es\/orientacioniesvega\/wp-json\/wp\/v2\/pages"}],"about":[{"href":"https:\/\/blogsaverroes.juntadeandalucia.es\/orientacioniesvega\/wp-json\/wp\/v2\/types\/page"}],"author":[{"embeddable":true,"href":"https:\/\/blogsaverroes.juntadeandalucia.es\/orientacioniesvega\/wp-json\/wp\/v2\/users\/7749"}],"replies":[{"embeddable":true,"href":"https:\/\/blogsaverroes.juntadeandalucia.es\/orientacioniesvega\/wp-json\/wp\/v2\/comments?post=287"}],"version-history":[{"count":55,"href":"https:\/\/blogsaverroes.juntadeandalucia.es\/orientacioniesvega\/wp-json\/wp\/v2\/pages\/287\/revisions"}],"predecessor-version":[{"id":2646,"href":"https:\/\/blogsaverroes.juntadeandalucia.es\/orientacioniesvega\/wp-json\/wp\/v2\/pages\/287\/revisions\/2646"}],"wp:attachment":[{"href":"https:\/\/blogsaverroes.juntadeandalucia.es\/orientacioniesvega\/wp-json\/wp\/v2\/media?parent=287"}],"curies":[{"name":"wp","href":"https:\/\/api.w.org\/{rel}","templated":true}]}}