{"id":54,"date":"2020-02-11T21:24:27","date_gmt":"2020-02-11T20:24:27","guid":{"rendered":"https:\/\/blogsaverroes.juntadeandalucia.es\/orientacioniesvega\/?page_id=54"},"modified":"2025-11-08T16:12:02","modified_gmt":"2025-11-08T15:12:02","slug":"programas","status":"publish","type":"page","link":"https:\/\/blogsaverroes.juntadeandalucia.es\/orientacioniesvega\/programas\/","title":{"rendered":"Programaciones"},"content":{"rendered":"<table class=\" alignleft\" style=\"height: 369px;width: 84.260479%\" width=\"1169\">\n<tbody>\n<tr style=\"height: 53.1133px\">\n<td style=\"width: 1162.27px;height: 53px;text-align: left\">\n<ul style=\"list-style-type: square\">\n<li><a href=\"https:\/\/blogsaverroes.juntadeandalucia.es\/orientacioniesvega\/files\/2025\/11\/25-26-DO-Plan_Centro_PC_H_POAT-firmada.pdf\" target=\"_blank\" rel=\"noopener noreferrer\"><strong>PLAN DE ORIENTACI\u00d3N Y ACCI\u00d3N TUTORIAL<\/strong><\/a><\/li>\n<\/ul>\n<\/td>\n<\/tr>\n<tr style=\"height: 53.1133px\">\n<td style=\"width: 1162.27px;height: 38px;text-align: left\">\n<ul>\n<li><strong><a title=\"Aula de Apoyo\" href=\"https:\/\/blogsaverroes.juntadeandalucia.es\/orientacioniesvega\/files\/2025\/11\/25-26-Programacion-Aula-de-Apoyo.pdf\" target=\"_blank\" rel=\"noopener noreferrer\">PROGRAMACI\u00d3N DEL AULA DE APOYO A LA INTEGRACI\u00d3N<\/a><\/strong><\/li>\n<\/ul>\n<\/td>\n<\/tr>\n<tr style=\"height: 53.1133px\">\n<td style=\"width: 1162.27px;height: 53px;text-align: left\">\n<ul>\n<li><strong><a title=\"\u00c1mbito ESO1 18-19\" href=\"https:\/\/blogsaverroes.juntadeandalucia.es\/orientacioniesvega\/files\/2025\/11\/25-26-DO-Programa-de-Compensacion-firmada.pdf\" target=\"_blank\" rel=\"noopener noreferrer\">PROGRAMA DE COMPENSACI\u00d3N EDUCATIVA<\/a><\/strong><\/li>\n<\/ul>\n<\/td>\n<\/tr>\n<tr style=\"height: 53.1133px\">\n<td style=\"width: 1162.27px;height: 53px;text-align: left\">\n<ul style=\"list-style-type: square\">\n<li><strong>PROGRAMACI\u00d3N DIVERSIFICACI\u00d3N 3\u00ba y 4\u00ba de ESO:<\/strong><\/li>\n<\/ul>\n<\/td>\n<\/tr>\n<tr style=\"height: 53.1133px\">\n<td style=\"width: 1162.27px;height: 53px;text-align: left\">\n<ul>\n<li style=\"list-style-type: none\">\n<ul class=\"Estilo3\">\n<li style=\"text-align: left\"><a href=\"https:\/\/blogsaverroes.juntadeandalucia.es\/orientacioniesvega\/files\/2025\/11\/25-26-PDC_General-firmada.pdf\" target=\"_blank\" rel=\"noopener\"><strong>Diversificaci\u00f3n<\/strong><\/a><strong>. <a href=\"https:\/\/blogsaverroes.juntadeandalucia.es\/orientacioniesvega\/files\/2025\/11\/25-26-PDC_General-firmada.pdf\" target=\"_blank\" rel=\"noopener\">Aspectos generales<\/a><br \/>\n<\/strong><\/li>\n<li style=\"text-align: left\"><strong><a title=\"PMAR 2 Ling\u00fc\u00edstico y Social\" href=\"https:\/\/blogsaverroes.juntadeandalucia.es\/orientacioniesvega\/files\/2025\/11\/25-26-PDC3-4-LS-programacion-firmada.pdf\" target=\"_blank\" rel=\"noopener\">Diversificaci\u00f3n. \u00c1mbito Ling\u00fc\u00edstico y Social I y II<\/a><\/strong><strong><br \/>\n<\/strong><\/li>\n<li>\n<div style=\"text-align: left\"><strong><a title=\"PMAR3 CT\" href=\"https:\/\/blogsaverroes.juntadeandalucia.es\/orientacioniesvega\/files\/2025\/11\/25-26-PDC3-4-CT-programacion-firmada.pdf\" target=\"_blank\" rel=\"noopener noreferrer\">Diversificaci\u00f3n. \u00c1mbito Cient\u00edfico-Tecnol\u00f3gico I y II<\/a><\/strong><\/div>\n<\/li>\n<\/ul>\n<\/li>\n<\/ul>\n<\/td>\n<\/tr>\n<tr style=\"height: 53.1133px\">\n<td style=\"width: 1162.27px;height: 53px;text-align: left\">\n<ul style=\"list-style-type: square\">\n<li><strong>PROGRAMACI\u00d3N GENERAL DE FORMACI\u00d3N PROFESIONAL DE GRADO B\u00c1SICO. SERVICIOS ADMINISTRATIVOS:<\/strong><\/li>\n<\/ul>\n<\/td>\n<\/tr>\n<tr style=\"height: 192px\">\n<td style=\"width: 1162.27px;text-align: left;height: 10px\">\n<ul>\n<li style=\"list-style-type: none\">\n<ul style=\"list-style-type: circle\">\n<li><a href=\"https:\/\/blogsaverroes.juntadeandalucia.es\/orientacioniesvega\/files\/2024\/11\/FPB_SA_00_General-24-25.pdf\" target=\"_blank\" rel=\"noopener noreferrer\"><strong>CF de Grado B\u00e1sico. Aspectos Generales<\/strong><\/a><\/li>\n<li><a href=\"https:\/\/blogsaverroes.juntadeandalucia.es\/orientacioniesvega\/files\/2025\/11\/25-26-CFGB-CCSS-I-Y-II-Firmado.pdf\" target=\"_blank\" rel=\"noopener noreferrer\"><strong style=\"font-family: inherit;font-size: inherit\">CF de Grado B\u00e1sico . Comunicaci\u00f3n y Ciencias Sociales I y II<\/strong><\/a><\/li>\n<li><a href=\"https:\/\/blogsaverroes.juntadeandalucia.es\/orientacioniesvega\/files\/2025\/11\/25-26-DO-programacion-didactica-cfgb-ciencias-aplicadas-i-y-ii.pdf\" target=\"_blank\" rel=\"noopener noreferrer\"><strong style=\"font-family: inherit;font-size: inherit\">CF de Grado B\u00e1sico. Ciencias Aplicadas I y II<\/strong><\/a><\/li>\n<\/ul>\n<\/li>\n<\/ul>\n<\/td>\n<\/tr>\n<tr style=\"height: 56px\">\n<td style=\"width: 1162.27px;text-align: left;height: 56px\">\n<ul style=\"list-style-type: square\">\n<li><a href=\"https:\/\/blogsaverroes.juntadeandalucia.es\/orientacioniesvega\/files\/2025\/11\/25-26-ASE-programacion-firmada.pdf\" target=\"_blank\" rel=\"noopener\"><strong>PROGRAMACI\u00d3N DE &nbsp;LA MATERIA DE APRENDIZAJE SOCIAL Y EMOCIONAL &#8211; 4\u00ba DE ESO.<\/strong><\/a><\/li>\n<\/ul>\n<\/td>\n<\/tr>\n<\/tbody>\n<\/table>\n<p>&nbsp;<\/p>\n","protected":false},"excerpt":{"rendered":"<p>PLAN DE ORIENTACI\u00d3N Y ACCI\u00d3N TUTORIAL PROGRAMACI\u00d3N DEL AULA DE APOYO A LA INTEGRACI\u00d3N PROGRAMA DE COMPENSACI\u00d3N EDUCATIVA PROGRAMACI\u00d3N DIVERSIFICACI\u00d3N 3\u00ba y 4\u00ba de ESO: Diversificaci\u00f3n. Aspectos generales Diversificaci\u00f3n. \u00c1mbito Ling\u00fc\u00edstico y Social I&#46;&#46;&#46;<\/p>\n","protected":false},"author":7749,"featured_media":0,"parent":0,"menu_order":0,"comment_status":"closed","ping_status":"closed","template":"","meta":{"ngg_post_thumbnail":0,"footnotes":""},"aioseo_notices":[],"_links":{"self":[{"href":"https:\/\/blogsaverroes.juntadeandalucia.es\/orientacioniesvega\/wp-json\/wp\/v2\/pages\/54"}],"collection":[{"href":"https:\/\/blogsaverroes.juntadeandalucia.es\/orientacioniesvega\/wp-json\/wp\/v2\/pages"}],"about":[{"href":"https:\/\/blogsaverroes.juntadeandalucia.es\/orientacioniesvega\/wp-json\/wp\/v2\/types\/page"}],"author":[{"embeddable":true,"href":"https:\/\/blogsaverroes.juntadeandalucia.es\/orientacioniesvega\/wp-json\/wp\/v2\/users\/7749"}],"replies":[{"embeddable":true,"href":"https:\/\/blogsaverroes.juntadeandalucia.es\/orientacioniesvega\/wp-json\/wp\/v2\/comments?post=54"}],"version-history":[{"count":133,"href":"https:\/\/blogsaverroes.juntadeandalucia.es\/orientacioniesvega\/wp-json\/wp\/v2\/pages\/54\/revisions"}],"predecessor-version":[{"id":2600,"href":"https:\/\/blogsaverroes.juntadeandalucia.es\/orientacioniesvega\/wp-json\/wp\/v2\/pages\/54\/revisions\/2600"}],"wp:attachment":[{"href":"https:\/\/blogsaverroes.juntadeandalucia.es\/orientacioniesvega\/wp-json\/wp\/v2\/media?parent=54"}],"curies":[{"name":"wp","href":"https:\/\/api.w.org\/{rel}","templated":true}]}}