{"id":16,"date":"2020-11-23T13:05:16","date_gmt":"2020-11-23T13:05:16","guid":{"rendered":"https:\/\/blogsaverroes.juntadeandalucia.es\/orientacionvegademar\/?page_id=16"},"modified":"2022-09-10T14:35:08","modified_gmt":"2022-09-10T14:35:08","slug":"inclusion","status":"publish","type":"page","link":"https:\/\/blogsaverroes.juntadeandalucia.es\/orientacionvegademar\/inclusion\/","title":{"rendered":"Inclusi\u00f3n"},"content":{"rendered":"<p>Entre todos y todas caminamos hacia un <strong>dise\u00f1o universal<\/strong> de nuestro centro educativo, de forma que todas las personas, independientemente de sus capacidades, intereses, motivaciones, origen, cultura, ideas, g\u00e9nero, orientaci\u00f3n sexual y cualquier otra caracter\u00edstica no limiten el desarrollo de todas sus potencialidades. Para conseguirlo tenemos que participar en la<strong> eliminaci\u00f3n de todas las barreras para la presencia, aprendizaje y participaci\u00f3n<\/strong> que encontremos.&nbsp;<\/p>\n<h1 style=\"text-align: center\">PROGRAMAS EDUCATIVOS EN HORARIO EXTRA-ESCOLAR<\/h1>\n<table style=\"border-collapse: collapse;width: 100%;height: 244px\">\n<tbody>\n<tr style=\"height: 220px\">\n<td style=\"width: 20.3273%;height: 220px\"><a href=\"https:\/\/blogsaverroes.juntadeandalucia.es\/inkludita\/2021\/10\/27\/proa-andalucia-en-el-ies-vega-de-mar\/\"><img loading=\"lazy\" decoding=\"async\" class=\"alignnone size-medium wp-image-561\" src=\"https:\/\/blogsaverroes.juntadeandalucia.es\/inkludita\/files\/2021\/10\/proa-300x171.jpg\" alt=\"\" width=\"300\" height=\"171\" srcset=\"https:\/\/blogsaverroes.juntadeandalucia.es\/orientacionvegademar\/files\/2021\/10\/proa-300x171.jpg 300w, https:\/\/blogsaverroes.juntadeandalucia.es\/orientacionvegademar\/files\/2021\/10\/proa-1024x583.jpg 1024w, https:\/\/blogsaverroes.juntadeandalucia.es\/orientacionvegademar\/files\/2021\/10\/proa-768x437.jpg 768w, https:\/\/blogsaverroes.juntadeandalucia.es\/orientacionvegademar\/files\/2021\/10\/proa.jpg 1258w\" sizes=\"(max-width: 300px) 100vw, 300px\" \/><\/a><\/td>\n<td style=\"width: 79.6727%;height: 220px\">\n<p style=\"text-align: center\"><span style=\"font-size: 18pt\"><strong>PROA &#8211; ANDALUC\u00cdA. PROGRAMA DE REFUERZO, ORIENTACI\u00d3N Y APOYO<\/strong><\/span><\/p>\n<p style=\"text-align: left\"><strong>Martes y jueves de 16:30 a 18:30<\/strong> con grupos de:&nbsp;<\/p>\n<ul>\n<li style=\"text-align: left\">Acompa\u00f1amiento Escolar a 1\u00ba de ESO, 2\u00ba de ESO, 3\u00ba de ESO y 4\u00ba de ESO.<\/li>\n<li style=\"text-align: left\">Acompa\u00f1amiento ling\u00fc\u00edstico para alumnado inmigrante.<\/li>\n<li style=\"text-align: left\">Acompa\u00f1amiento Escolar Domiciliario para alumnado con imposibilidad de acudir al centro educativo por convalecencia o enfermedad (horario adaptado al alumno o alumna y disponibilidad del profesorado).<\/li>\n<\/ul>\n<\/td>\n<\/tr>\n<tr style=\"height: 24px\">\n<td style=\"width: 20.3273%;height: 24px\"><img loading=\"lazy\" decoding=\"async\" class=\"alignnone size-medium wp-image-787\" src=\"https:\/\/blogsaverroes.juntadeandalucia.es\/inkludita\/files\/2022\/01\/profundiza-297x300.jpg\" alt=\"\" width=\"297\" height=\"300\" srcset=\"https:\/\/blogsaverroes.juntadeandalucia.es\/orientacionvegademar\/files\/2022\/01\/profundiza-297x300.jpg 297w, https:\/\/blogsaverroes.juntadeandalucia.es\/orientacionvegademar\/files\/2022\/01\/profundiza-80x80.jpg 80w, https:\/\/blogsaverroes.juntadeandalucia.es\/orientacionvegademar\/files\/2022\/01\/profundiza.jpg 538w\" sizes=\"(max-width: 297px) 100vw, 297px\" \/><\/td>\n<td style=\"width: 79.6727%;height: 24px;text-align: center\"><span style=\"font-size: 18pt\"><strong>ANDALUC\u00cdA PROFUNDIZA (pendiente inicio edici\u00f3n 2021\/2022).<\/strong><\/span><\/p>\n<p style=\"text-align: left\"><strong>Jueves de 15:00 a 18:00,<\/strong> con grupos de:<\/p>\n<ul>\n<li style=\"text-align: left\">Organizaci\u00f3n de la semana STEAM: grupo de 3\u00ba y 4\u00ba de ESO.<\/li>\n<li style=\"text-align: left\">Vega 4 Future: grupo de 1\u00ba, 2\u00ba, 3\u00ba y 4\u00ba de ESO.<\/li>\n<\/ul>\n<\/td>\n<\/tr>\n<\/tbody>\n<\/table>\n<p>&nbsp;<\/p>\n<h1 style=\"text-align: center\">PROTOCOLO DE DETECCI\u00d3N E IDENTIFICACI\u00d3N ANEAE<\/h1>\n<table style=\"height: 78px;width: 100%;border-collapse: collapse;background-color: #f0f0f0\">\n<tbody>\n<tr style=\"height: 55px\">\n<td style=\"width: 25.293%;height: 55px;text-align: center\"><strong>1.- CUESTIONARIO DETECCI\u00d3N INDICIOS DE ANEAE<\/strong><\/p>\n<p><a href=\"https:\/\/www.juntadeandalucia.es\/educacion\/portals\/delegate\/content\/16d537f8-665c-48f8-9bee-fc93e35ccab6\/02.3.-%20Detecci%C3%B3n%20Indicios%20NEAE%20-%20ESO\"><img loading=\"lazy\" decoding=\"async\" class=\"alignnone size-medium wp-image-75\" src=\"https:\/\/blogsaverroes.juntadeandalucia.es\/inkludita\/files\/2020\/11\/cuestionario-300x200.jpeg\" alt=\"\" width=\"300\" height=\"200\" srcset=\"https:\/\/blogsaverroes.juntadeandalucia.es\/orientacionvegademar\/files\/2020\/11\/cuestionario-300x200.jpeg 300w, https:\/\/blogsaverroes.juntadeandalucia.es\/orientacionvegademar\/files\/2020\/11\/cuestionario-1024x682.jpeg 1024w, https:\/\/blogsaverroes.juntadeandalucia.es\/orientacionvegademar\/files\/2020\/11\/cuestionario-768x512.jpeg 768w, https:\/\/blogsaverroes.juntadeandalucia.es\/orientacionvegademar\/files\/2020\/11\/cuestionario-1536x1024.jpeg 1536w, https:\/\/blogsaverroes.juntadeandalucia.es\/orientacionvegademar\/files\/2020\/11\/cuestionario-24x16.jpeg 24w, https:\/\/blogsaverroes.juntadeandalucia.es\/orientacionvegademar\/files\/2020\/11\/cuestionario-36x24.jpeg 36w, https:\/\/blogsaverroes.juntadeandalucia.es\/orientacionvegademar\/files\/2020\/11\/cuestionario-48x32.jpeg 48w, https:\/\/blogsaverroes.juntadeandalucia.es\/orientacionvegademar\/files\/2020\/11\/cuestionario.jpeg 1880w\" sizes=\"(max-width: 300px) 100vw, 300px\" \/><\/a><\/td>\n<td style=\"width: 24.7908%;height: 55px;text-align: center\"><strong>2.- REUNI\u00d3N EQUIPO DOCENTE + D. ORIENTACI\u00d3N.<\/strong><\/p>\n<p><a href=\"https:\/\/www.juntadeandalucia.es\/educacion\/portals\/delegate\/content\/dde47880-2cde-4f4a-a2c5-7e0abcb18f04\/04.-%20Acta%20reuni%C3%B3n%20equipo%20docente%20(Detecci%C3%B3n%20indicios%20NEAE\"><img loading=\"lazy\" decoding=\"async\" class=\"alignnone size-medium wp-image-76\" src=\"https:\/\/blogsaverroes.juntadeandalucia.es\/inkludita\/files\/2020\/11\/reuni\u00f3n1-300x200.jpg\" alt=\"\" width=\"300\" height=\"200\" srcset=\"https:\/\/blogsaverroes.juntadeandalucia.es\/orientacionvegademar\/files\/2020\/11\/reuni\u00f3n1-300x200.jpg 300w, https:\/\/blogsaverroes.juntadeandalucia.es\/orientacionvegademar\/files\/2020\/11\/reuni\u00f3n1-1024x682.jpg 1024w, https:\/\/blogsaverroes.juntadeandalucia.es\/orientacionvegademar\/files\/2020\/11\/reuni\u00f3n1-768x512.jpg 768w, https:\/\/blogsaverroes.juntadeandalucia.es\/orientacionvegademar\/files\/2020\/11\/reuni\u00f3n1-1536x1024.jpg 1536w, https:\/\/blogsaverroes.juntadeandalucia.es\/orientacionvegademar\/files\/2020\/11\/reuni\u00f3n1-24x16.jpg 24w, https:\/\/blogsaverroes.juntadeandalucia.es\/orientacionvegademar\/files\/2020\/11\/reuni\u00f3n1-36x24.jpg 36w, https:\/\/blogsaverroes.juntadeandalucia.es\/orientacionvegademar\/files\/2020\/11\/reuni\u00f3n1-48x32.jpg 48w, https:\/\/blogsaverroes.juntadeandalucia.es\/orientacionvegademar\/files\/2020\/11\/reuni\u00f3n1.jpg 1880w\" sizes=\"(max-width: 300px) 100vw, 300px\" \/><\/a><\/td>\n<td style=\"width: 25.0084%;height: 55px;text-align: center\"><strong>3.- REUNI\u00d3N INFORMACI\u00d3N TUTOR\/A &#8211; FAMILIA.<\/strong><\/p>\n<p><a href=\"https:\/\/www.juntadeandalucia.es\/educacion\/portals\/delegate\/content\/818a92a4-ef5f-4af6-86d7-03165a7c45b1\/05.-%20Acta%20comunicaci%C3%B3n%20familia%20detecci%C3%B3n%20indicios%20NEAE\"><img loading=\"lazy\" decoding=\"async\" class=\"alignnone wp-image-77\" src=\"https:\/\/blogsaverroes.juntadeandalucia.es\/inkludita\/files\/2020\/11\/familia-300x225.jpeg\" alt=\"\" width=\"199\" height=\"150\" srcset=\"https:\/\/blogsaverroes.juntadeandalucia.es\/orientacionvegademar\/files\/2020\/11\/familia-300x225.jpeg 300w, https:\/\/blogsaverroes.juntadeandalucia.es\/orientacionvegademar\/files\/2020\/11\/familia-1024x768.jpeg 1024w, https:\/\/blogsaverroes.juntadeandalucia.es\/orientacionvegademar\/files\/2020\/11\/familia-768x576.jpeg 768w, https:\/\/blogsaverroes.juntadeandalucia.es\/orientacionvegademar\/files\/2020\/11\/familia-1536x1152.jpeg 1536w, https:\/\/blogsaverroes.juntadeandalucia.es\/orientacionvegademar\/files\/2020\/11\/familia-24x18.jpeg 24w, https:\/\/blogsaverroes.juntadeandalucia.es\/orientacionvegademar\/files\/2020\/11\/familia-36x27.jpeg 36w, https:\/\/blogsaverroes.juntadeandalucia.es\/orientacionvegademar\/files\/2020\/11\/familia-48x36.jpeg 48w, https:\/\/blogsaverroes.juntadeandalucia.es\/orientacionvegademar\/files\/2020\/11\/familia.jpeg 1733w\" sizes=\"(max-width: 199px) 100vw, 199px\" \/><\/a><\/td>\n<td style=\"width: 24.9078%;height: 55px;text-align: center\"><strong>4.- PUESTA EN MARCHA DE MEDIDAS EDUCATIVAS.<\/strong><\/p>\n<p><img loading=\"lazy\" decoding=\"async\" class=\"alignnone wp-image-79\" src=\"https:\/\/blogsaverroes.juntadeandalucia.es\/inkludita\/files\/2020\/11\/colegio1-225x300.jpeg\" alt=\"\" width=\"123\" height=\"164\" srcset=\"https:\/\/blogsaverroes.juntadeandalucia.es\/orientacionvegademar\/files\/2020\/11\/colegio1-225x300.jpeg 225w, https:\/\/blogsaverroes.juntadeandalucia.es\/orientacionvegademar\/files\/2020\/11\/colegio1-768x1024.jpeg 768w, https:\/\/blogsaverroes.juntadeandalucia.es\/orientacionvegademar\/files\/2020\/11\/colegio1-18x24.jpeg 18w, https:\/\/blogsaverroes.juntadeandalucia.es\/orientacionvegademar\/files\/2020\/11\/colegio1-27x36.jpeg 27w, https:\/\/blogsaverroes.juntadeandalucia.es\/orientacionvegademar\/files\/2020\/11\/colegio1-36x48.jpeg 36w, https:\/\/blogsaverroes.juntadeandalucia.es\/orientacionvegademar\/files\/2020\/11\/colegio1.jpeg 975w\" sizes=\"(max-width: 123px) 100vw, 123px\" \/><\/td>\n<\/tr>\n<tr style=\"height: 23px\">\n<td style=\"width: 25.293%;height: 23px;text-align: center\"><strong>5.- SEGUIMIENTO DEL EQUIPO DOCENTE + D. ORIENTACI\u00d3N<\/strong><\/p>\n<p><a href=\"https:\/\/www.juntadeandalucia.es\/educacion\/portals\/delegate\/content\/2acc37f5-ca35-48bf-aeee-0902ef0d2cfe\/06.-%20Acta%20reuni%C3%B3n%20equipo%20docente%20seguimiento\"><img loading=\"lazy\" decoding=\"async\" class=\"alignnone size-medium wp-image-78\" src=\"https:\/\/blogsaverroes.juntadeandalucia.es\/inkludita\/files\/2020\/11\/reuni\u00f3n-2-300x200.jpeg\" alt=\"\" width=\"300\" height=\"200\" srcset=\"https:\/\/blogsaverroes.juntadeandalucia.es\/orientacionvegademar\/files\/2020\/11\/reuni\u00f3n-2-300x200.jpeg 300w, https:\/\/blogsaverroes.juntadeandalucia.es\/orientacionvegademar\/files\/2020\/11\/reuni\u00f3n-2-1024x684.jpeg 1024w, https:\/\/blogsaverroes.juntadeandalucia.es\/orientacionvegademar\/files\/2020\/11\/reuni\u00f3n-2-768x513.jpeg 768w, https:\/\/blogsaverroes.juntadeandalucia.es\/orientacionvegademar\/files\/2020\/11\/reuni\u00f3n-2-1536x1025.jpeg 1536w, https:\/\/blogsaverroes.juntadeandalucia.es\/orientacionvegademar\/files\/2020\/11\/reuni\u00f3n-2-24x16.jpeg 24w, https:\/\/blogsaverroes.juntadeandalucia.es\/orientacionvegademar\/files\/2020\/11\/reuni\u00f3n-2-36x24.jpeg 36w, https:\/\/blogsaverroes.juntadeandalucia.es\/orientacionvegademar\/files\/2020\/11\/reuni\u00f3n-2-48x32.jpeg 48w, https:\/\/blogsaverroes.juntadeandalucia.es\/orientacionvegademar\/files\/2020\/11\/reuni\u00f3n-2.jpeg 1880w\" sizes=\"(max-width: 300px) 100vw, 300px\" \/><\/a><\/td>\n<td style=\"width: 24.7908%;height: 23px;text-align: center\"><strong>6.- EVALUACI\u00d3N PSICOPEDAG\u00d3GICA.<\/strong><\/p>\n<p><a href=\"https:\/\/www.juntadeandalucia.es\/educacion\/portals\/delegate\/content\/da824b4c-30b0-4713-bf8f-6c654d34205d\/07.-%20Solicitud%20evaluaci%C3%B3n%20psicopedag%C3%B3gica\"><img loading=\"lazy\" decoding=\"async\" class=\"alignnone wp-image-80\" src=\"https:\/\/blogsaverroes.juntadeandalucia.es\/inkludita\/files\/2020\/11\/Evaluaci\u00f3n-psicopedag\u00f3gica-200x300.jpeg\" alt=\"\" width=\"131\" height=\"197\" srcset=\"https:\/\/blogsaverroes.juntadeandalucia.es\/orientacionvegademar\/files\/2020\/11\/Evaluaci\u00f3n-psicopedag\u00f3gica-200x300.jpeg 200w, https:\/\/blogsaverroes.juntadeandalucia.es\/orientacionvegademar\/files\/2020\/11\/Evaluaci\u00f3n-psicopedag\u00f3gica-683x1024.jpeg 683w, https:\/\/blogsaverroes.juntadeandalucia.es\/orientacionvegademar\/files\/2020\/11\/Evaluaci\u00f3n-psicopedag\u00f3gica-768x1152.jpeg 768w, https:\/\/blogsaverroes.juntadeandalucia.es\/orientacionvegademar\/files\/2020\/11\/Evaluaci\u00f3n-psicopedag\u00f3gica-16x24.jpeg 16w, https:\/\/blogsaverroes.juntadeandalucia.es\/orientacionvegademar\/files\/2020\/11\/Evaluaci\u00f3n-psicopedag\u00f3gica-24x36.jpeg 24w, https:\/\/blogsaverroes.juntadeandalucia.es\/orientacionvegademar\/files\/2020\/11\/Evaluaci\u00f3n-psicopedag\u00f3gica-32x48.jpeg 32w, https:\/\/blogsaverroes.juntadeandalucia.es\/orientacionvegademar\/files\/2020\/11\/Evaluaci\u00f3n-psicopedag\u00f3gica.jpeg 867w\" sizes=\"(max-width: 131px) 100vw, 131px\" \/><\/a><\/td>\n<td style=\"width: 25.0084%;height: 23px;text-align: center\"><strong>7. PUESTA EN MARCHA DE MEDIDAS EDUCATIVAS.<\/strong><\/p>\n<p><img loading=\"lazy\" decoding=\"async\" class=\"alignnone wp-image-81\" src=\"https:\/\/blogsaverroes.juntadeandalucia.es\/inkludita\/files\/2020\/11\/colegio3-300x200.jpeg\" alt=\"\" width=\"265\" height=\"176\" srcset=\"https:\/\/blogsaverroes.juntadeandalucia.es\/orientacionvegademar\/files\/2020\/11\/colegio3-300x200.jpeg 300w, https:\/\/blogsaverroes.juntadeandalucia.es\/orientacionvegademar\/files\/2020\/11\/colegio3-1024x682.jpeg 1024w, https:\/\/blogsaverroes.juntadeandalucia.es\/orientacionvegademar\/files\/2020\/11\/colegio3-768x512.jpeg 768w, https:\/\/blogsaverroes.juntadeandalucia.es\/orientacionvegademar\/files\/2020\/11\/colegio3-1536x1024.jpeg 1536w, https:\/\/blogsaverroes.juntadeandalucia.es\/orientacionvegademar\/files\/2020\/11\/colegio3-24x16.jpeg 24w, https:\/\/blogsaverroes.juntadeandalucia.es\/orientacionvegademar\/files\/2020\/11\/colegio3-36x24.jpeg 36w, https:\/\/blogsaverroes.juntadeandalucia.es\/orientacionvegademar\/files\/2020\/11\/colegio3-48x32.jpeg 48w, https:\/\/blogsaverroes.juntadeandalucia.es\/orientacionvegademar\/files\/2020\/11\/colegio3.jpeg 1880w\" sizes=\"(max-width: 265px) 100vw, 265px\" \/><\/td>\n<td style=\"width: 24.9078%;height: 23px;text-align: center\"><strong>8.- SEGUIMIENTO DEL EQUIPO DOCENTE + D. ORIENTACI\u00d3N.<\/strong><\/p>\n<p><a href=\"https:\/\/www.juntadeandalucia.es\/educacion\/portals\/delegate\/content\/2acc37f5-ca35-48bf-aeee-0902ef0d2cfe\/06.-%20Acta%20reuni%C3%B3n%20equipo%20docente%20seguimiento\"><img loading=\"lazy\" decoding=\"async\" class=\"alignnone size-medium wp-image-82\" src=\"https:\/\/blogsaverroes.juntadeandalucia.es\/inkludita\/files\/2020\/11\/reuni\u00f3n-3-300x200.jpeg\" alt=\"\" width=\"300\" height=\"200\" srcset=\"https:\/\/blogsaverroes.juntadeandalucia.es\/orientacionvegademar\/files\/2020\/11\/reuni\u00f3n-3-300x200.jpeg 300w, https:\/\/blogsaverroes.juntadeandalucia.es\/orientacionvegademar\/files\/2020\/11\/reuni\u00f3n-3-1024x682.jpeg 1024w, https:\/\/blogsaverroes.juntadeandalucia.es\/orientacionvegademar\/files\/2020\/11\/reuni\u00f3n-3-768x512.jpeg 768w, https:\/\/blogsaverroes.juntadeandalucia.es\/orientacionvegademar\/files\/2020\/11\/reuni\u00f3n-3-1536x1024.jpeg 1536w, https:\/\/blogsaverroes.juntadeandalucia.es\/orientacionvegademar\/files\/2020\/11\/reuni\u00f3n-3-24x16.jpeg 24w, https:\/\/blogsaverroes.juntadeandalucia.es\/orientacionvegademar\/files\/2020\/11\/reuni\u00f3n-3-36x24.jpeg 36w, https:\/\/blogsaverroes.juntadeandalucia.es\/orientacionvegademar\/files\/2020\/11\/reuni\u00f3n-3-48x32.jpeg 48w, https:\/\/blogsaverroes.juntadeandalucia.es\/orientacionvegademar\/files\/2020\/11\/reuni\u00f3n-3.jpeg 1880w\" sizes=\"(max-width: 300px) 100vw, 300px\" \/><\/a><\/td>\n<\/tr>\n<\/tbody>\n<\/table>\n<p>La familia puede aportar un <strong>informe externo (Salud, Servicios Sociales, etc.)<\/strong> que ser\u00e1 tratado por el tutor o tutora como un indicio de NEAE, por lo que el protocolo comenzar\u00e1 en el punto 2 despu\u00e9s de que lo haya entregado por registro de entrada en el IES junto a <a href=\"https:\/\/www.juntadeandalucia.es\/educacion\/portals\/delegate\/content\/03636d92-3232-47e8-ad87-f9a5e43ca5d8\/03.-%20Registro%20de%20entrega%20de%20documentaci%C3%B3n%20por%20la%20familia\">este modelo.<\/a><\/p>\n<h1 style=\"text-align: center\">EQUIPOS DE ORIENTACI\u00d3N EDUCATIVA ESPECIALIZADOS EN LA PROVINCIA DE M\u00c1LAGA<\/h1>\n<p>Las EOE Especializados asesoran al conjunto de la comunidad educativa en diversas necesidades educativas. Adem\u00e1s existe un blog a nivel provincial de las Aulas de Adaptaci\u00f3n Temporal Ling\u00fc\u00edstica.<\/p>\n<table style=\"border-collapse: collapse;width: 100%;height: 583px\">\n<tbody>\n<tr style=\"height: 337px\">\n<td style=\"width: 25%;height: 337px\">\n<p style=\"text-align: center\"><strong>EOEE Diversidad funcional visual<a href=\"https:\/\/blogsaverroes.juntadeandalucia.es\/equipoespecificodiscapacidadvisualmalaga\/\"><img loading=\"lazy\" decoding=\"async\" class=\"alignnone wp-image-357\" src=\"https:\/\/blogsaverroes.juntadeandalucia.es\/inkludita\/files\/2021\/04\/eoee-visuales-300x300.jpg\" alt=\"\" width=\"186\" height=\"186\" srcset=\"https:\/\/blogsaverroes.juntadeandalucia.es\/orientacionvegademar\/files\/2021\/04\/eoee-visuales-300x300.jpg 300w, https:\/\/blogsaverroes.juntadeandalucia.es\/orientacionvegademar\/files\/2021\/04\/eoee-visuales-150x150.jpg 150w, https:\/\/blogsaverroes.juntadeandalucia.es\/orientacionvegademar\/files\/2021\/04\/eoee-visuales-80x80.jpg 80w, https:\/\/blogsaverroes.juntadeandalucia.es\/orientacionvegademar\/files\/2021\/04\/eoee-visuales-320x320.jpg 320w, https:\/\/blogsaverroes.juntadeandalucia.es\/orientacionvegademar\/files\/2021\/04\/eoee-visuales.jpg 332w\" sizes=\"(max-width: 186px) 100vw, 186px\" \/><\/a><\/strong><\/p>\n<\/td>\n<td style=\"width: 25%;height: 337px\">\n<p style=\"text-align: center\"><strong>EOEE Orientaci\u00f3n Sexual para J\u00f3venes<\/strong><\/p>\n<p><a href=\"https:\/\/blogsaverroes.juntadeandalucia.es\/cosjmalaga\/\"><img loading=\"lazy\" decoding=\"async\" class=\"wp-image-360 aligncenter\" src=\"https:\/\/blogsaverroes.juntadeandalucia.es\/inkludita\/files\/2021\/04\/eoee-orientacion-sexual-300x296.jpg\" alt=\"\" width=\"175\" height=\"172\" srcset=\"https:\/\/blogsaverroes.juntadeandalucia.es\/orientacionvegademar\/files\/2021\/04\/eoee-orientacion-sexual-300x296.jpg 300w, https:\/\/blogsaverroes.juntadeandalucia.es\/orientacionvegademar\/files\/2021\/04\/eoee-orientacion-sexual-80x80.jpg 80w, https:\/\/blogsaverroes.juntadeandalucia.es\/orientacionvegademar\/files\/2021\/04\/eoee-orientacion-sexual.jpg 348w\" sizes=\"(max-width: 175px) 100vw, 175px\" \/><\/a><\/td>\n<td style=\"width: 25%;height: 337px\">\n<p style=\"text-align: center\"><strong>EOEE Dificultades espec\u00edficas de aprendizaje<\/strong><\/p>\n<p>&nbsp;<\/p>\n<p><a href=\"https:\/\/blogsaverroes.juntadeandalucia.es\/deamalaga\/\"><img loading=\"lazy\" decoding=\"async\" class=\"wp-image-359 aligncenter\" src=\"https:\/\/blogsaverroes.juntadeandalucia.es\/inkludita\/files\/2021\/04\/eoee-dea-300x216.jpg\" alt=\"\" width=\"183\" height=\"132\" srcset=\"https:\/\/blogsaverroes.juntadeandalucia.es\/orientacionvegademar\/files\/2021\/04\/eoee-dea-300x216.jpg 300w, https:\/\/blogsaverroes.juntadeandalucia.es\/orientacionvegademar\/files\/2021\/04\/eoee-dea.jpg 426w\" sizes=\"(max-width: 183px) 100vw, 183px\" \/><\/a><\/td>\n<td style=\"width: 25%;height: 337px\">\n<p style=\"text-align: center\"><strong>EOEE Altas capacidades intelectuales<\/strong><\/p>\n<p>&nbsp;<\/p>\n<p><a href=\"https:\/\/blogsaverroes.juntadeandalucia.es\/altascapacidadesmalaga\/\"><img loading=\"lazy\" decoding=\"async\" class=\"alignnone size-medium wp-image-361\" src=\"https:\/\/blogsaverroes.juntadeandalucia.es\/inkludita\/files\/2021\/04\/eoee-aaccii-300x221.jpg\" alt=\"\" width=\"300\" height=\"221\" srcset=\"https:\/\/blogsaverroes.juntadeandalucia.es\/orientacionvegademar\/files\/2021\/04\/eoee-aaccii-300x221.jpg 300w, https:\/\/blogsaverroes.juntadeandalucia.es\/orientacionvegademar\/files\/2021\/04\/eoee-aaccii.jpg 349w\" sizes=\"(max-width: 300px) 100vw, 300px\" \/><\/a><\/td>\n<\/tr>\n<tr style=\"height: 246px\">\n<td style=\"width: 25%;height: 246px\">\n<p style=\"text-align: center\"><strong>Aulas de Adaptaci\u00f3n Temporal Ling\u00fc\u00edstica<\/strong><\/p>\n<p><img loading=\"lazy\" decoding=\"async\" class=\"wp-image-358 aligncenter\" src=\"https:\/\/blogsaverroes.juntadeandalucia.es\/inkludita\/files\/2021\/04\/eoee-atal-274x300.jpg\" alt=\"\" width=\"159\" height=\"174\" srcset=\"https:\/\/blogsaverroes.juntadeandalucia.es\/orientacionvegademar\/files\/2021\/04\/eoee-atal-274x300.jpg 274w, https:\/\/blogsaverroes.juntadeandalucia.es\/orientacionvegademar\/files\/2021\/04\/eoee-atal.jpg 357w\" sizes=\"(max-width: 159px) 100vw, 159px\" \/><\/td>\n<td style=\"width: 25%;height: 246px\">\n<p style=\"text-align: center\"><strong>Directorio otros EOEE<\/strong><\/p>\n<p>&nbsp;<\/p>\n<p><a href=\"https:\/\/blogsaverroes.juntadeandalucia.es\/orientadelegacionmalaga\/e-o-e-e\/\"><img loading=\"lazy\" decoding=\"async\" class=\"size-full wp-image-362 aligncenter\" src=\"https:\/\/blogsaverroes.juntadeandalucia.es\/inkludita\/files\/2021\/04\/eoee.jpg\" alt=\"\" width=\"164\" height=\"113\"><\/a><\/td>\n<td style=\"width: 25%;height: 246px\">\n<ul>\n<li>EOEE Diversidad funcional motora.<\/li>\n<li>EOEE Diversidad funcional auditiva.<\/li>\n<li>EOEE Trastornos del espectro autista.<\/li>\n<li>EOEE Atenci\u00f3n temprana.<\/li>\n<li>EOEE Trastornos graves de conducta.<\/li>\n<\/ul>\n<\/td>\n<td style=\"width: 25%;height: 246px\">&nbsp;<\/td>\n<\/tr>\n<\/tbody>\n<\/table>\n<p>&nbsp;<\/p>\n<h1 style=\"text-align: center\">OTROS RECURSOS<\/h1>\n<p>&nbsp;<\/p>\n<table style=\"border-collapse: collapse;width: 100%\">\n<tbody>\n<tr>\n<td style=\"width: 25%\">\n<p style=\"text-align: center\"><strong>CAMBIOS ATENCI\u00d3N A LA DIVERSIDAD 21\/22<\/strong><\/p>\n<p style=\"text-align: center\">Asesoramiento al Claustro<\/p>\n<p><a href=\"https:\/\/drive.google.com\/file\/d\/1emmgEqRKNhxdNMdp_3sU8JFai53nPe5O\/view\"><img loading=\"lazy\" decoding=\"async\" class=\"wp-image-370 aligncenter\" src=\"https:\/\/blogsaverroes.juntadeandalucia.es\/inkludita\/files\/2021\/04\/loscambiosquevienen-300x168.jpg\" alt=\"\" width=\"173\" height=\"96\" srcset=\"https:\/\/blogsaverroes.juntadeandalucia.es\/orientacionvegademar\/files\/2021\/04\/loscambiosquevienen-300x168.jpg 300w, https:\/\/blogsaverroes.juntadeandalucia.es\/orientacionvegademar\/files\/2021\/04\/loscambiosquevienen-768x431.jpg 768w, https:\/\/blogsaverroes.juntadeandalucia.es\/orientacionvegademar\/files\/2021\/04\/loscambiosquevienen.jpg 869w\" sizes=\"(max-width: 173px) 100vw, 173px\" \/><\/a><\/td>\n<td style=\"width: 25%;text-align: center\"><strong>RECURSOS ALUMNADO DESCONOCIMIENTO GRAVE DE LA LENGUA DE APRENDIZAJE<\/strong><\/p>\n<p>Equipos docentes<\/p>\n<p><a href=\"https:\/\/drive.google.com\/drive\/folders\/1sS0Ojntpe1JGp-pxzAppAx7OgWdSMXb8?usp=sharing\"><img loading=\"lazy\" decoding=\"async\" class=\"alignnone wp-image-541\" src=\"https:\/\/blogsaverroes.juntadeandalucia.es\/inkludita\/files\/2021\/09\/pexels-pixabay-267669-300x200.jpg\" alt=\"\" width=\"178\" height=\"118\" srcset=\"https:\/\/blogsaverroes.juntadeandalucia.es\/orientacionvegademar\/files\/2021\/09\/pexels-pixabay-267669-300x200.jpg 300w, https:\/\/blogsaverroes.juntadeandalucia.es\/orientacionvegademar\/files\/2021\/09\/pexels-pixabay-267669-1024x683.jpg 1024w, https:\/\/blogsaverroes.juntadeandalucia.es\/orientacionvegademar\/files\/2021\/09\/pexels-pixabay-267669-768x512.jpg 768w, https:\/\/blogsaverroes.juntadeandalucia.es\/orientacionvegademar\/files\/2021\/09\/pexels-pixabay-267669-1536x1024.jpg 1536w, https:\/\/blogsaverroes.juntadeandalucia.es\/orientacionvegademar\/files\/2021\/09\/pexels-pixabay-267669-2048x1365.jpg 2048w\" sizes=\"(max-width: 178px) 100vw, 178px\" \/><\/a><\/td>\n<td style=\"width: 25%;text-align: center\"><strong>C\u00d3MO ELABORAR UN PROGRAMA DE PROFUNDIZACI\u00d3N PARA ALUMNADO CON ALTAS CAPACIDADES INTELECTUALES<\/strong><\/p>\n<p>Asesoramiento EOEE AACCII<\/p>\n<p><a href=\"https:\/\/drive.google.com\/file\/d\/1K2O5QQL1F_kjB4j8scGLAYu7an72EITa\/view?usp=sharing\"><img loading=\"lazy\" decoding=\"async\" class=\"alignnone wp-image-572\" src=\"https:\/\/blogsaverroes.juntadeandalucia.es\/inkludita\/files\/2021\/11\/programasprofundizaci\u00f3n-220x300.jpg\" alt=\"\" width=\"161\" height=\"220\" srcset=\"https:\/\/blogsaverroes.juntadeandalucia.es\/orientacionvegademar\/files\/2021\/11\/programasprofundizaci\u00f3n-220x300.jpg 220w, https:\/\/blogsaverroes.juntadeandalucia.es\/orientacionvegademar\/files\/2021\/11\/programasprofundizaci\u00f3n.jpg 542w\" sizes=\"(max-width: 161px) 100vw, 161px\" \/><\/a><\/td>\n<td style=\"width: 25%\">\n<p style=\"text-align: center\"><strong>ORIENTACIONES DIFICULTADES DE APRENDIZAJE ASOCIADAS A RETRASO EN LA LECTURA, LA ESCRITURA O DISLEXIA<\/strong><\/p>\n<p style=\"text-align: center\">Asesoramiento EOEE DEA<\/p>\n<p><a href=\"https:\/\/drive.google.com\/file\/d\/1Q8F-T-7H5xtSy8jVDRcilnbcVpn_6H8y\/view?usp=sharing\"><img loading=\"lazy\" decoding=\"async\" class=\"wp-image-578 aligncenter\" src=\"https:\/\/blogsaverroes.juntadeandalucia.es\/inkludita\/files\/2021\/11\/dea-300x211.jpg\" alt=\"\" width=\"255\" height=\"180\" srcset=\"https:\/\/blogsaverroes.juntadeandalucia.es\/orientacionvegademar\/files\/2021\/11\/dea-300x211.jpg 300w, https:\/\/blogsaverroes.juntadeandalucia.es\/orientacionvegademar\/files\/2021\/11\/dea-768x541.jpg 768w, https:\/\/blogsaverroes.juntadeandalucia.es\/orientacionvegademar\/files\/2021\/11\/dea.jpg 819w\" sizes=\"(max-width: 255px) 100vw, 255px\" \/><\/a>&nbsp;<\/td>\n<\/tr>\n<tr>\n<td style=\"width: 25%\">\n<p style=\"text-align: center\"><strong>HACER POSIBLE LO CONTRARIO<\/strong><\/p>\n<p style=\"text-align: center\">Estrategias y m\u00e9todos de ense\u00f1anza de \u00e9xito (ETPOEP Gr)<\/p>\n<p><a href=\"https:\/\/drive.google.com\/file\/d\/1RzoMcmfQN3HfbO9se-neEAGlER19mNB0\/view?usp=sharing\"><img loading=\"lazy\" decoding=\"async\" class=\"wp-image-581 aligncenter\" src=\"https:\/\/blogsaverroes.juntadeandalucia.es\/inkludita\/files\/2021\/11\/HACERPOSIBLELOCONTRARIO-215x300.jpg\" alt=\"\" width=\"157\" height=\"219\" srcset=\"https:\/\/blogsaverroes.juntadeandalucia.es\/orientacionvegademar\/files\/2021\/11\/HACERPOSIBLELOCONTRARIO-215x300.jpg 215w, https:\/\/blogsaverroes.juntadeandalucia.es\/orientacionvegademar\/files\/2021\/11\/HACERPOSIBLELOCONTRARIO.jpg 553w\" sizes=\"(max-width: 157px) 100vw, 157px\" \/><\/a><\/td>\n<td style=\"width: 25%;text-align: center\"><strong>&nbsp;METODOLOG\u00cdAS ACTIVAS<\/strong><\/p>\n<p>Gu\u00eda y recursos sobre metodolog\u00edas activas (ETPOEP M\u00e1laga)<\/p>\n<p><a href=\"https:\/\/drive.google.com\/file\/d\/1S3yto3ga1ieR9hG0d3zpYxjdE3P2Je-E\/view?usp=sharing\"><img loading=\"lazy\" decoding=\"async\" class=\"alignnone wp-image-583\" src=\"https:\/\/blogsaverroes.juntadeandalucia.es\/inkludita\/files\/2021\/11\/METODOLOG\u00cdAS-ACTIVAS-MALAGA-197x300.jpg\" alt=\"\" width=\"157\" height=\"239\" srcset=\"https:\/\/blogsaverroes.juntadeandalucia.es\/orientacionvegademar\/files\/2021\/11\/METODOLOG\u00cdAS-ACTIVAS-MALAGA-197x300.jpg 197w, https:\/\/blogsaverroes.juntadeandalucia.es\/orientacionvegademar\/files\/2021\/11\/METODOLOG\u00cdAS-ACTIVAS-MALAGA.jpg 474w\" sizes=\"(max-width: 157px) 100vw, 157px\" \/><\/a><\/td>\n<td style=\"width: 25%;text-align: center\"><strong>GU\u00cdA DISE\u00d1O DE PROGRAMAS DE REFUERZO DEL APRENDIZAJE<\/strong><\/p>\n<p>EOE Olula del R\u00edo (Lola Rodr\u00edguez)<\/p>\n<p><a href=\"https:\/\/drive.google.com\/file\/d\/1V3vJE2njobTrTF-TeENORrRTwmD0Qffy\/view?usp=sharing\"><img loading=\"lazy\" decoding=\"async\" class=\"alignnone wp-image-614\" src=\"https:\/\/blogsaverroes.juntadeandalucia.es\/inkludita\/files\/2021\/11\/GuiaPRA-212x300.jpg\" alt=\"\" width=\"182\" height=\"258\" srcset=\"https:\/\/blogsaverroes.juntadeandalucia.es\/orientacionvegademar\/files\/2021\/11\/GuiaPRA-212x300.jpg 212w, https:\/\/blogsaverroes.juntadeandalucia.es\/orientacionvegademar\/files\/2021\/11\/GuiaPRA.jpg 415w\" sizes=\"(max-width: 182px) 100vw, 182px\" \/><\/a><\/td>\n<td style=\"width: 25%\">\n<p style=\"text-align: center\"><strong>&nbsp;TODO SOBRE LA MESA.<\/strong><\/p>\n<p style=\"text-align: center\">Documento t\u00e9cnico de asesoramiento en atenci\u00f3n a la diversidad. Enero 2022. (ETPOEP Gr)<\/p>\n<p style=\"text-align: center\"><a href=\"https:\/\/equipotecnicoorientaciongranada.files.wordpress.com\/2022\/02\/todosobrelamesa.pdf\"><img loading=\"lazy\" decoding=\"async\" class=\"alignnone wp-image-859\" src=\"https:\/\/blogsaverroes.juntadeandalucia.es\/inkludita\/files\/2022\/02\/Todosobrelamesa-213x300.jpg\" alt=\"\" width=\"198\" height=\"279\" srcset=\"https:\/\/blogsaverroes.juntadeandalucia.es\/orientacionvegademar\/files\/2022\/02\/Todosobrelamesa-213x300.jpg 213w, https:\/\/blogsaverroes.juntadeandalucia.es\/orientacionvegademar\/files\/2022\/02\/Todosobrelamesa.jpg 414w\" sizes=\"(max-width: 198px) 100vw, 198px\" \/><\/a><\/p>\n<\/td>\n<\/tr>\n<tr>\n<td style=\"width: 25%\">\n<p style=\"text-align: center\"><strong>DISE\u00d1O UNIVERSAL DE APRENDIZAJE ACCESIBLE<\/strong><\/p>\n<p style=\"text-align: center\">Gu\u00eda DUA CEFIRE Valencia<\/p>\n<p><a href=\"https:\/\/portal.edu.gva.es\/cefireinclusiva\/wp-content\/uploads\/sites\/193\/2022\/02\/DUAA-castellano.pdf\"><img loading=\"lazy\" decoding=\"async\" class=\"size-medium wp-image-886 aligncenter\" src=\"https:\/\/blogsaverroes.juntadeandalucia.es\/inkludita\/files\/2022\/02\/DUAA-300x200.jpg\" alt=\"\" width=\"300\" height=\"200\" srcset=\"https:\/\/blogsaverroes.juntadeandalucia.es\/orientacionvegademar\/files\/2022\/02\/DUAA-300x200.jpg 300w, https:\/\/blogsaverroes.juntadeandalucia.es\/orientacionvegademar\/files\/2022\/02\/DUAA-768x513.jpg 768w, https:\/\/blogsaverroes.juntadeandalucia.es\/orientacionvegademar\/files\/2022\/02\/DUAA.jpg 983w\" sizes=\"(max-width: 300px) 100vw, 300px\" \/><\/a><\/td>\n<td style=\"width: 25%;text-align: center\"><strong>&nbsp;<\/strong><\/td>\n<td style=\"width: 25%;text-align: center\"><strong>&nbsp;<\/strong><\/td>\n<td style=\"width: 25%\">\n<p style=\"text-align: center\"><strong>&nbsp;<\/strong><\/p>\n<\/td>\n<\/tr>\n<\/tbody>\n<\/table>\n<p>&nbsp;<\/p>\n<h1 style=\"text-align: center\">Plan de Atenci\u00f3n a la Diversidad<\/h1>\n<p>El Plan de Atenci\u00f3n a la Diversidad es el documento de car\u00e1cter plurianual que forma parte del proyecto educativo y que recoge las funciones de los diferentes profesionales, as\u00ed como las actuaciones a desarrollar para facilitar que el dise\u00f1o de las ense\u00f1anzas y del centro educativo se adapte a las necesidades y diferentes formas de funcionamiento de todas las personas que convivimos en el centro.&nbsp;<\/p>\n","protected":false},"excerpt":{"rendered":"<p>Entre todos y todas caminamos hacia un dise\u00f1o universal de nuestro centro educativo, de forma que todas las personas, independientemente de sus capacidades, intereses, motivaciones, origen, cultura, ideas, g\u00e9nero, orientaci\u00f3n sexual y cualquier otra&#46;&#46;&#46;<\/p>\n","protected":false},"author":11559,"featured_media":0,"parent":0,"menu_order":0,"comment_status":"closed","ping_status":"closed","template":"","meta":{"ngg_post_thumbnail":0,"footnotes":""},"aioseo_notices":[],"post_mailing_queue_ids":[],"_links":{"self":[{"href":"https:\/\/blogsaverroes.juntadeandalucia.es\/orientacionvegademar\/wp-json\/wp\/v2\/pages\/16"}],"collection":[{"href":"https:\/\/blogsaverroes.juntadeandalucia.es\/orientacionvegademar\/wp-json\/wp\/v2\/pages"}],"about":[{"href":"https:\/\/blogsaverroes.juntadeandalucia.es\/orientacionvegademar\/wp-json\/wp\/v2\/types\/page"}],"author":[{"embeddable":true,"href":"https:\/\/blogsaverroes.juntadeandalucia.es\/orientacionvegademar\/wp-json\/wp\/v2\/users\/11559"}],"replies":[{"embeddable":true,"href":"https:\/\/blogsaverroes.juntadeandalucia.es\/orientacionvegademar\/wp-json\/wp\/v2\/comments?post=16"}],"version-history":[{"count":26,"href":"https:\/\/blogsaverroes.juntadeandalucia.es\/orientacionvegademar\/wp-json\/wp\/v2\/pages\/16\/revisions"}],"predecessor-version":[{"id":1104,"href":"https:\/\/blogsaverroes.juntadeandalucia.es\/orientacionvegademar\/wp-json\/wp\/v2\/pages\/16\/revisions\/1104"}],"wp:attachment":[{"href":"https:\/\/blogsaverroes.juntadeandalucia.es\/orientacionvegademar\/wp-json\/wp\/v2\/media?parent=16"}],"curies":[{"name":"wp","href":"https:\/\/api.w.org\/{rel}","templated":true}]}}