{"id":527,"date":"2013-02-20T11:36:41","date_gmt":"2013-02-20T11:36:41","guid":{"rendered":"http:\/\/www.educacionenmalaga.es\/orientamalaga\/?page_id=527"},"modified":"2013-02-20T11:36:41","modified_gmt":"2013-02-20T11:36:41","slug":"blogs-educativos-3","status":"publish","type":"page","link":"https:\/\/blogsaverroes.juntadeandalucia.es\/orientadelegacionmalaga\/blogs-educativos-3\/","title":{"rendered":"BLOGS EDUCATIVOS"},"content":{"rendered":"<p><strong>Delegaci\u00f3n de Educaci\u00f3n de M\u00e1laga<\/strong><\/p>\n<ul>\n<li><a href=\"http:\/\/www.educacionenmalaga.es\/\">Educaci\u00f3n en M\u00e1laga<\/a>.<\/li>\n<li><a href=\"http:\/\/www.educacionenmalaga.es\/valores\/\">Educaci\u00f3n en valores en M\u00e1laga<\/a>\u00a0.<\/li>\n<li><a href=\"http:\/\/www.educacionenmalaga.es\/bilinguismo\/\">Pluriling\u00fcismo en M\u00e1laga<\/a>.<\/li>\n<li><a href=\"https:\/\/www.educacionenmalaga.es\/becrea\/\">Bibliotecas escolares en M\u00e1laga<\/a>.<\/li>\n<li><a href=\"https:\/\/www.educacionenmalaga.es\/gbellasartes\/\">Gabinete pedag\u00f3gico de bellas artes<\/a>.<\/li>\n<\/ul>\n<p><strong>Orientaci\u00f3n Educativa<\/strong><\/p>\n<ul>\n<li><a href=\"http:\/\/orientaydecide.blogspot.com.es\/\">Orienta y Decide<\/a>\u00a0de la orientadora Eva Moreno.<\/li>\n<li><a href=\"http:\/\/orientaiescampanillas.blogspot.com.es\/\">Orientaci\u00f3n Educativa<\/a> del IES Campanillas.<\/li>\n<li><a href=\"http:\/\/orientabenalmadena.blogspot.com.es\/\">Orientabenalmadena<\/a>\u00a0del IES Benalm\u00e1dena.<\/li>\n<li><a href=\"http:\/\/orientaguadalpin.blogspot.com.es\/\">Orienta Guadalp\u00edn<\/a> de la orientadora del IES Guadalp\u00edn, Mar\u00eda \u00c1ngeles Garc\u00eda Blanco.<a href=\"http:\/\/orientafer.blogspot.com.es\/2012\/10\/100000-cumplevisitas.html\"><br \/>\n<\/a><\/li>\n<li><a href=\"http:\/\/orientafer.blogspot.com.es\/2012\/10\/100000-cumplevisitas.html\">La botica del orientador<\/a>\u00a0 del orientador Fernando Navarro Morcillo del IES \u00abCarlos \u00c1lvarez\u00bb de Churriana.<\/li>\n<li><a href=\"http:\/\/orientandoqueesgerundio.wordpress.com\/\">Departamento de orientaci\u00f3n del Gaona \u00abAula Joaqu\u00edn Deblas\u00bb<\/a><\/li>\n<li><a href=\"http:\/\/averroes.ced.junta-andalucia.es\/%7E29070155\/index.php?option=com_content&amp;task=view&amp;id=12&amp;Itemid=32\">EOE de M\u00e1laga Este<\/a>.<\/li>\n<li><a href=\"http:\/\/www.juntadeandalucia.es\/averroes\/orientakira\/\">Orientakira<\/a> del EOE de Antequera.<\/li>\n<li><a href=\"\/\/sites.google.com\/site\/eoeronda\/\">EOE de Ronda<\/a>.<\/li>\n<li><a href=\"http:\/\/www.orientacionandujar.es\/\">Orientaci\u00f3n And\u00fajar<\/a>.<\/li>\n<li><a href=\"http:\/\/redined.mecd.gob.es\/\">Redined<\/a> (red de informaci\u00f3n educativa)<\/li>\n<li><a href=\"http:\/\/www.orientared.com\/\">Orientared<\/a><\/li>\n<li><a href=\"http:\/\/www.copoe.org\/\">COPOE<\/a><\/li>\n<li><a href=\"http:\/\/www.juntadeandalucia.es\/educacion\/webportal\/web\/tutoria-fp-basica\/presentacion\">Tutor\u00eda de Formaci\u00f3n Profesional B\u00e1sica<\/a><\/li>\n<\/ul>\n<p><strong>Orientaci\u00f3n Vocacional y Profesional<\/strong><\/p>\n<ul>\n<li><a href=\"http:\/\/www.andaluciaemprende.es\/es\/inicio\">Andaluc\u00eda Emprende (CADE)<\/a><\/li>\n<li><a href=\"http:\/\/www.juntadeandalucia.es\/educacion\/webportal\/web\/iacp\">Instituto Andaluz de Cualificaciones Profesionales (IACP)<\/a><\/li>\n<li><a href=\"http:\/\/averroes.ced.junta-andalucia.es\/~emprender\/index.php?option=com_content&amp;task=view&amp;id=15&amp;Itemid=26\">Educando para emprender<\/a><\/li>\n<li><a href=\"http:\/\/www.finanzasparatodos.es\/gepeese\/\">Programa de Educaci\u00f3n Financiera<\/a><\/li>\n<li><a href=\"http:\/\/edificacionpolitecnico.blogspot.com.es\/\">IES Polit\u00e9cnico Jes\u00fas Mar\u00edn. Dpto. de Edificaci\u00f3n<\/a><\/li>\n<li><a href=\"http:\/\/cepmalaga.com\/fp\/\">Blog de Formaci\u00f3n Profesional del CEP de M\u00e1laga<\/a><\/li>\n<\/ul>\n<p><strong>Acci\u00f3n Tutorial y Asesoramiento a la Convivencia<\/strong><\/p>\n<ul>\n<li><a href=\"http:\/\/ceiplabiznagaespaciodepaz.blogspot.com.es\/\">CEIP \u00abLa Biznaga\u00bb<\/a><\/li>\n<li><a href=\"http:\/\/yonoqueriasertutor.blogspot.com.es\/\">Yo no quer\u00eda ser tutor (ni tutora)<\/a> de Inmaculada Ruz Mart\u00edn.<\/li>\n<li><a href=\"https:\/\/sites.google.com\/site\/guiapracticadeltutor\/cuaderno-del-tutor-a\">Gu\u00eda Pr\u00e1ctica del Tutor-a<\/a><\/li>\n<\/ul>\n<p><strong>Atenci\u00f3n a la Diversidad<\/strong><\/p>\n<ul>\n<li style=\"text-align: justify\"><a href=\"http:\/\/latribuenteraaltascapacidades.blogspot.com.es\/\">La Tribu Entera. Altas Capacidades Intelectuales<\/a> de Inmaculada Moreno Naranjo.<\/li>\n<li style=\"text-align: justify\"><a href=\"http:\/\/diversialmenara.blogspot.com.es\/\">Diversialmenara<\/a> de Jes\u00fas Arnanz del IES Torre Almenara.<\/li>\n<li style=\"text-align: justify\"><a href=\"http:\/\/diversiconchamendez.blogspot.com.es\/\">Diversiconchamendez<\/a>,\u00a0Grupo de Diversificaci\u00f3n Curricular del IES Concha M\u00e9ndez Cuesta de Torremolinos.<\/li>\n<li style=\"text-align: justify\"><a href=\"http:\/\/neaediversidad.blogspot.com.es\/\">Blog de la Asesor\u00eda Atenci\u00f3n a la Diversidad<\/a>, del IES Suel.<\/li>\n<li style=\"text-align: justify\"><a href=\"http:\/\/www.apassa.es\/\">APASSA<\/a> (Asociaci\u00f3n de profesorado de apoyo a sordos y sordas de Andaluc\u00eda)<\/li>\n<li style=\"text-align: justify\"><a href=\"http:\/\/arceysordera.blogspot.com.es\/\">Arce: Aprender a comprender (LSE)<\/a>.<\/li>\n<li style=\"text-align: justify\"><a href=\"http:\/\/www.juntadeandalucia.es\/averroes\/~11006620\/web\/Nueva\/\">EOEE de C\u00e1diz<\/a>.<\/li>\n<li style=\"text-align: justify\"><a href=\"http:\/\/creena.educacion.navarra.es\/\">CREENA<\/a> &#8211; Centro de Recursos de Educaci\u00f3n Especial de Navarra.<\/li>\n<li style=\"text-align: justify\"><a href=\"http:\/\/www.centrocadis.com\/\">C.A.D.I.S.<\/a>\u00a0&#8211; Centro pionero en Andaluc\u00eda dedicado al diagn\u00f3stico, intervenci\u00f3n y seguimiento de ni\u00f1os y ni\u00f1as con altas capacidades intelectuales, superdotados, y talentos.<\/li>\n<\/ul>\n<p style=\"text-align: justify\"><strong>Otros blogs de inter\u00e9s<\/strong><\/p>\n<ul>\n<li><a href=\"http:\/\/www.politecnicomalaga.com\/\">IES Polit\u00e9cnico Jes\u00fas Mar\u00edn<\/a>, M\u00e1laga.<\/li>\n<li><a href=\"http:\/\/proyectocartama.es\/\">Proyecto C\u00e1rtama<\/a>, del IES Cartima.<\/li>\n<li><a href=\"http:\/\/www.mariateresaleon.com\/\">CEIP Mar\u00eda Teresa Le\u00f3n<\/a>, San Pedro de Alc\u00e1ntara.<\/li>\n<li><a href=\"http:\/\/www.colegiosantateresa.es\/CEIP_SANTA_TERESA\/INICIO.html\">CEIP Santa Teresa<\/a> de Marbella.<\/li>\n<li><a href=\"http:\/\/larecachadellugar.jimdo.com\/\">La Recacha del Lugar (radio escolar)<\/a>. Colegio Ntra. Sra. de Monsalud de Alfarnate.<\/li>\n<li><a href=\"http:\/\/www.sepe.es\/contenido\/observatorio\/\">Observatorio de las ocupaciones<\/a>,\u00a0SEPE.<\/li>\n<li><a href=\"http:\/\/www.juntadeandalucia.es\/educacion\/webportal\/web\/cecd\/servicios\/guias-y-publicaciones\/-\/libre\/detalle\/I1gt\/proyecto-de-sensibilizacion-escolar-sobre-el-alzheimer-1\">Proyecto escolar sobre el Alzheimer<\/a>.<\/li>\n<\/ul>\n<p>&nbsp;<\/p>\n<p>&nbsp;<\/p>\n<p>&nbsp;<\/p>\n<p>&nbsp;<\/p>\n","protected":false},"excerpt":{"rendered":"<p>Delegaci\u00f3n de Educaci\u00f3n de M\u00e1laga Educaci\u00f3n en M\u00e1laga. Educaci\u00f3n en valores en M\u00e1laga\u00a0. Pluriling\u00fcismo en M\u00e1laga. Bibliotecas escolares en M\u00e1laga. Gabinete pedag\u00f3gico de bellas artes. Orientaci\u00f3n Educativa Orienta y Decide\u00a0de la orientadora Eva Moreno.&#46;&#46;&#46;<\/p>\n","protected":false},"author":8106,"featured_media":0,"parent":0,"menu_order":0,"comment_status":"closed","ping_status":"closed","template":"","meta":{"ngg_post_thumbnail":0,"footnotes":""},"aioseo_notices":[],"_links":{"self":[{"href":"https:\/\/blogsaverroes.juntadeandalucia.es\/orientadelegacionmalaga\/wp-json\/wp\/v2\/pages\/527"}],"collection":[{"href":"https:\/\/blogsaverroes.juntadeandalucia.es\/orientadelegacionmalaga\/wp-json\/wp\/v2\/pages"}],"about":[{"href":"https:\/\/blogsaverroes.juntadeandalucia.es\/orientadelegacionmalaga\/wp-json\/wp\/v2\/types\/page"}],"author":[{"embeddable":true,"href":"https:\/\/blogsaverroes.juntadeandalucia.es\/orientadelegacionmalaga\/wp-json\/wp\/v2\/users\/8106"}],"replies":[{"embeddable":true,"href":"https:\/\/blogsaverroes.juntadeandalucia.es\/orientadelegacionmalaga\/wp-json\/wp\/v2\/comments?post=527"}],"version-history":[{"count":0,"href":"https:\/\/blogsaverroes.juntadeandalucia.es\/orientadelegacionmalaga\/wp-json\/wp\/v2\/pages\/527\/revisions"}],"wp:attachment":[{"href":"https:\/\/blogsaverroes.juntadeandalucia.es\/orientadelegacionmalaga\/wp-json\/wp\/v2\/media?parent=527"}],"curies":[{"name":"wp","href":"https:\/\/api.w.org\/{rel}","templated":true}]}}