{"id":7670,"date":"2019-12-05T14:53:17","date_gmt":"2019-12-05T13:53:17","guid":{"rendered":"https:\/\/blogsaverroes.juntadeandalucia.es\/orientadelegacionmalaga\/?page_id=7670"},"modified":"2021-10-23T15:52:22","modified_gmt":"2021-10-23T13:52:22","slug":"medidas-generales-ad-y-metodologias-inclusivas","status":"publish","type":"page","link":"https:\/\/blogsaverroes.juntadeandalucia.es\/orientadelegacionmalaga\/medidas-generales-ad-y-metodologias-inclusivas\/","title":{"rendered":"Medidas generales AD y metodolog\u00edas inclusivas"},"content":{"rendered":"<p><img loading=\"lazy\" decoding=\"async\" class=\"size-medium wp-image-7665 alignleft\" src=\"https:\/\/blogsaverroes.juntadeandalucia.es\/orientadelegacionmalaga\/files\/2019\/11\/1-sesion-coord-IES-EOE-212x300.jpg\" alt=\"\" width=\"212\" height=\"300\" srcset=\"https:\/\/blogsaverroes.juntadeandalucia.es\/orientadelegacionmalaga\/files\/2019\/11\/1-sesion-coord-IES-EOE-212x300.jpg 212w, https:\/\/blogsaverroes.juntadeandalucia.es\/orientadelegacionmalaga\/files\/2019\/11\/1-sesion-coord-IES-EOE-768x1086.jpg 768w, https:\/\/blogsaverroes.juntadeandalucia.es\/orientadelegacionmalaga\/files\/2019\/11\/1-sesion-coord-IES-EOE-724x1024.jpg 724w, https:\/\/blogsaverroes.juntadeandalucia.es\/orientadelegacionmalaga\/files\/2019\/11\/1-sesion-coord-IES-EOE-17x24.jpg 17w, https:\/\/blogsaverroes.juntadeandalucia.es\/orientadelegacionmalaga\/files\/2019\/11\/1-sesion-coord-IES-EOE-25x36.jpg 25w, https:\/\/blogsaverroes.juntadeandalucia.es\/orientadelegacionmalaga\/files\/2019\/11\/1-sesion-coord-IES-EOE-34x48.jpg 34w, https:\/\/blogsaverroes.juntadeandalucia.es\/orientadelegacionmalaga\/files\/2019\/11\/1-sesion-coord-IES-EOE.jpg 1587w\" sizes=\"(max-width: 212px) 100vw, 212px\" \/>En la 1\u00aa reuni\u00f3n de coordinaci\u00f3n zonal se trabaj\u00f3 en equipo para reforzar el asesoramiento con relaci\u00f3n a la atenci\u00f3n a la diversidad:&nbsp; &nbsp;<\/p>\n<p><strong>1. Metodolog\u00edas inclusivas de atenci\u00f3n a la diversidad.<\/strong> Aqu\u00ed hay un resumen del trabajo desarrollado, que puede ser utilizado para el asesoramiento al profesorado: <a href=\"https:\/\/blogsaverroes.juntadeandalucia.es\/orientadelegacionmalaga\/files\/2019\/12\/1-Metodolog\u00edas-inclusivas-DEFIN.pdf\" target=\"_blank\" rel=\"noopener noreferrer\">Metodolog\u00edas inclusivas DEFIN<\/a><\/p>\n<p><strong>2. An\u00e1lisis de las Medidas generales de atenci\u00f3n a la diversidad<\/strong> desarrolladas en los centros: puede servir como reflexi\u00f3n para desarrollar estas medidas recogidas en la normativa actual: <a href=\"https:\/\/blogsaverroes.juntadeandalucia.es\/orientadelegacionmalaga\/files\/2019\/12\/2-Medidas-generales-AD.pdf\" target=\"_blank\" rel=\"noopener noreferrer\">2 Medidas generales AD<\/a><\/p>\n<p>&nbsp;<\/p>\n<p>&nbsp;<\/p>\n<p>&nbsp;<\/p>\n<p>&nbsp;<\/p>\n<p>&nbsp;<\/p>\n<p>&nbsp;<\/p>\n<p><a href=\"https:\/\/blogsaverroes.juntadeandalucia.es\/orientadelegacionmalaga\/files\/2021\/10\/TUTORIAL-PRN-ampliado.pdf\" target=\"_blank\" rel=\"noopener noreferrer\">TUTORIAL SOBRE LA ELABORACIO\u0301N DE PROGRAMAS DE REFUERZO PARA ALUMNADO CON NEAE EN SE\u0301NECA<br \/>\nESPERANZA SAMANIEGO GARCI\u0301A ORIENTADORA IES CASABERMEJA, MA\u0301LAGA<\/a><\/p>\n<p>&nbsp;<\/p>\n<p>Material elaborado por el EOE de Fuengirola. Cronogramas de medidas espec\u00edficas y ordinarias:<\/p>\n<p><a href=\"https:\/\/blogsaverroes.juntadeandalucia.es\/orientadelegacionmalaga\/files\/2021\/10\/Cronograma-1.3-Educacion-Infantil-Medidas-ordinarias-seguimiento-alumno.docx\" target=\"_blank\" rel=\"noopener noreferrer\">Cronograma 1.3 Educacion Infantil Medidas ordinarias seguimiento alumno<\/a><\/p>\n<p><a href=\"https:\/\/blogsaverroes.juntadeandalucia.es\/orientadelegacionmalaga\/files\/2021\/10\/Cronograma-1.3-Educacion-Infantil-Medidas-ordinarias-seguimiento-alumno.pdf\" target=\"_blank\" rel=\"noopener noreferrer\">Cronograma 1.3 Educacion Infantil Medidas ordinarias seguimiento alumno<\/a><\/p>\n<p><a href=\"https:\/\/blogsaverroes.juntadeandalucia.es\/orientadelegacionmalaga\/files\/2021\/10\/Cronograma-1.6-Educaci\u00f3n-Primaria-Medidas-ordinarias-seguimiento-alumno.docx\" target=\"_blank\" rel=\"noopener noreferrer\">Cronograma 1.6 Educaci\u00f3n Primaria Medidas ordinarias seguimiento alumno<\/a><\/p>\n<p><a href=\"https:\/\/blogsaverroes.juntadeandalucia.es\/orientadelegacionmalaga\/files\/2021\/10\/Cronograma-1.6-Educaci\u00f3n-Primaria-Medidas-ordinarias-seguimiento-alumno.pdf\" target=\"_blank\" rel=\"noopener noreferrer\">Cronograma 1.6 Educaci\u00f3n Primaria Medidas ordinarias seguimiento alumno<\/a><\/p>\n<p><a href=\"https:\/\/blogsaverroes.juntadeandalucia.es\/orientadelegacionmalaga\/files\/2021\/10\/Cronograma-Aula-1.1-Educacion-infantil-Medidas-Espec\u00edficas.docx\" target=\"_blank\" rel=\"noopener noreferrer\">Cronograma Aula 1.1 Educacion infantil Medidas Espec\u00edficas<\/a><\/p>\n<p><a href=\"https:\/\/blogsaverroes.juntadeandalucia.es\/orientadelegacionmalaga\/files\/2021\/10\/Cronograma-Aula-1.1-Educacion-infantil-Medidas-Espec\u00edficas.pdf\" target=\"_blank\" rel=\"noopener noreferrer\">Cronograma Aula 1.1 Educacion infantil Medidas Espec\u00edficas<\/a><\/p>\n<p><a href=\"https:\/\/blogsaverroes.juntadeandalucia.es\/orientadelegacionmalaga\/files\/2021\/10\/Cronograma-Aula-1.2-Educaci\u00f3n-infantil-Medidas-Ordinarias.docx\" target=\"_blank\" rel=\"noopener noreferrer\">Cronograma Aula 1.2 Educaci\u00f3n infantil Medidas Ordinarias<\/a><\/p>\n<p><a href=\"https:\/\/blogsaverroes.juntadeandalucia.es\/orientadelegacionmalaga\/files\/2021\/10\/Cronograma-Aula-1.2-Educaci\u00f3n-infantil-Medidas-Ordinarias.pdf\" target=\"_blank\" rel=\"noopener noreferrer\">Cronograma Aula 1.2 Educaci\u00f3n infantil Medidas Ordinarias<\/a><\/p>\n<p><a href=\"https:\/\/blogsaverroes.juntadeandalucia.es\/orientadelegacionmalaga\/files\/2021\/10\/Cronograma-Aula-1.4-Educaci\u00f3n-Primaria-Medidas-Espec\u00edficas.docx\" target=\"_blank\" rel=\"noopener noreferrer\">Cronograma Aula 1.4 Educaci\u00f3n Primaria Medidas Espec\u00edficas<\/a><\/p>\n<p><a href=\"https:\/\/blogsaverroes.juntadeandalucia.es\/orientadelegacionmalaga\/files\/2021\/10\/Cronograma-Aula-1.4-Educaci\u00f3n-Primaria-Medidas-Espec\u00edficas.pdf\" target=\"_blank\" rel=\"noopener noreferrer\">Cronograma Aula 1.4 Educaci\u00f3n Primaria Medidas Espec\u00edficas<\/a><\/p>\n<p><a href=\"https:\/\/blogsaverroes.juntadeandalucia.es\/orientadelegacionmalaga\/files\/2021\/10\/Cronograma-Aula-1.5-Educaci\u00f3n-Primaria-Medidas-Ordinarias.docx\" target=\"_blank\" rel=\"noopener noreferrer\">Cronograma Aula 1.5 Educaci\u00f3n Primaria Medidas Ordinarias<\/a><\/p>\n<p><a href=\"https:\/\/blogsaverroes.juntadeandalucia.es\/orientadelegacionmalaga\/files\/2021\/10\/Cronograma-Aula-1.5-Educaci\u00f3n-Primaria-Medidas-Ordinarias.pdf\" target=\"_blank\" rel=\"noopener noreferrer\">Cronograma Aula 1.5 Educaci\u00f3n Primaria Medidas Ordinarias<\/a><\/p>\n<p>&nbsp;<\/p>\n","protected":false},"excerpt":{"rendered":"<p>En la 1\u00aa reuni\u00f3n de coordinaci\u00f3n zonal se trabaj\u00f3 en equipo para reforzar el asesoramiento con relaci\u00f3n a la atenci\u00f3n a la diversidad:&nbsp; &nbsp; 1. Metodolog\u00edas inclusivas de atenci\u00f3n a la diversidad. Aqu\u00ed hay&#46;&#46;&#46;<\/p>\n","protected":false},"author":8106,"featured_media":7665,"parent":0,"menu_order":0,"comment_status":"closed","ping_status":"closed","template":"","meta":{"ngg_post_thumbnail":0,"footnotes":""},"aioseo_notices":[],"_links":{"self":[{"href":"https:\/\/blogsaverroes.juntadeandalucia.es\/orientadelegacionmalaga\/wp-json\/wp\/v2\/pages\/7670"}],"collection":[{"href":"https:\/\/blogsaverroes.juntadeandalucia.es\/orientadelegacionmalaga\/wp-json\/wp\/v2\/pages"}],"about":[{"href":"https:\/\/blogsaverroes.juntadeandalucia.es\/orientadelegacionmalaga\/wp-json\/wp\/v2\/types\/page"}],"author":[{"embeddable":true,"href":"https:\/\/blogsaverroes.juntadeandalucia.es\/orientadelegacionmalaga\/wp-json\/wp\/v2\/users\/8106"}],"replies":[{"embeddable":true,"href":"https:\/\/blogsaverroes.juntadeandalucia.es\/orientadelegacionmalaga\/wp-json\/wp\/v2\/comments?post=7670"}],"version-history":[{"count":7,"href":"https:\/\/blogsaverroes.juntadeandalucia.es\/orientadelegacionmalaga\/wp-json\/wp\/v2\/pages\/7670\/revisions"}],"predecessor-version":[{"id":10461,"href":"https:\/\/blogsaverroes.juntadeandalucia.es\/orientadelegacionmalaga\/wp-json\/wp\/v2\/pages\/7670\/revisions\/10461"}],"wp:featuredmedia":[{"embeddable":true,"href":"https:\/\/blogsaverroes.juntadeandalucia.es\/orientadelegacionmalaga\/wp-json\/wp\/v2\/media\/7665"}],"wp:attachment":[{"href":"https:\/\/blogsaverroes.juntadeandalucia.es\/orientadelegacionmalaga\/wp-json\/wp\/v2\/media?parent=7670"}],"curies":[{"name":"wp","href":"https:\/\/api.w.org\/{rel}","templated":true}]}}