{"id":8878,"date":"2020-06-14T22:20:52","date_gmt":"2020-06-14T20:20:52","guid":{"rendered":"https:\/\/blogsaverroes.juntadeandalucia.es\/orientadelegacionmalaga\/?page_id=8878"},"modified":"2023-10-02T09:39:05","modified_gmt":"2023-10-02T07:39:05","slug":"feria-virtual-fp","status":"publish","type":"page","link":"https:\/\/blogsaverroes.juntadeandalucia.es\/orientadelegacionmalaga\/feria-virtual-fp\/","title":{"rendered":"FERIA virtual FP"},"content":{"rendered":"<p><img loading=\"lazy\" decoding=\"async\" class=\"size-medium wp-image-8819 alignright\" src=\"https:\/\/blogsaverroes.juntadeandalucia.es\/orientadelegacionmalaga\/files\/2020\/06\/Feria-v-FP-D-212x300.jpg\" alt=\"\" width=\"212\" height=\"300\" srcset=\"https:\/\/blogsaverroes.juntadeandalucia.es\/orientadelegacionmalaga\/files\/2020\/06\/Feria-v-FP-D-212x300.jpg 212w, https:\/\/blogsaverroes.juntadeandalucia.es\/orientadelegacionmalaga\/files\/2020\/06\/Feria-v-FP-D-768x1086.jpg 768w, https:\/\/blogsaverroes.juntadeandalucia.es\/orientadelegacionmalaga\/files\/2020\/06\/Feria-v-FP-D-724x1024.jpg 724w, https:\/\/blogsaverroes.juntadeandalucia.es\/orientadelegacionmalaga\/files\/2020\/06\/Feria-v-FP-D-17x24.jpg 17w, https:\/\/blogsaverroes.juntadeandalucia.es\/orientadelegacionmalaga\/files\/2020\/06\/Feria-v-FP-D-25x36.jpg 25w, https:\/\/blogsaverroes.juntadeandalucia.es\/orientadelegacionmalaga\/files\/2020\/06\/Feria-v-FP-D-34x48.jpg 34w, https:\/\/blogsaverroes.juntadeandalucia.es\/orientadelegacionmalaga\/files\/2020\/06\/Feria-v-FP-D.jpg 1131w\" sizes=\"(max-width: 212px) 100vw, 212px\" \/>En el <span style=\"color: #0000ff\"><a style=\"color: #0000ff\" href=\"https:\/\/www.youtube.com\/channel\/UCEgsGkc-6c-WET2doQMVr7w\" target=\"_blank\" rel=\"noopener noreferrer\">CANAL YOUTUBE SERVICIO ORDENACI\u00d3N EDUCATIVA<\/a> <\/span>todos los v\u00eddeos de la Feria Virtual de Formaci\u00f3n profesional, coordinada por el \u00e1rea de OVP del ETPOEP de la&nbsp;D.T. EDUCACI\u00d3N DE M\u00c1LAGA.&nbsp;<\/p>\n<p><strong>Programa completo<\/strong> de la <span style=\"color: #0000ff\"><a style=\"color: #0000ff\" href=\"https:\/\/blogsaverroes.juntadeandalucia.es\/orientadelegacionmalaga\/files\/2020\/06\/Feria-V-FP-Malaga-2.pdf\" target=\"_blank\" rel=\"noopener noreferrer\">Feria V FP M\u00e1laga<\/a><\/span><\/p>\n<p><strong>Presentaciones:&nbsp;<\/strong><\/p>\n<p><strong>FORMACI\u00d3N PROFESIONAL INICIAL:<\/strong><\/p>\n<ul style=\"list-style-type: circle\">\n<li><a href=\"https:\/\/blogsaverroes.juntadeandalucia.es\/orientadelegacionmalaga\/files\/2019\/06\/FP-2020-Escolarizacion-5-06-2020.pdf\" target=\"_blank\" rel=\"noopener noreferrer\"><span style=\"color: #0000ff\"><strong>Escolarizaci\u00f3n FP<\/strong> inicial: requisitos acceso, modalidades, FP Dual, oferta, cupos de acceso, solicitudes<\/span><\/a><\/li>\n<li><span style=\"color: #0000ff\"><a style=\"color: #0000ff\" href=\"https:\/\/www.juntadeandalucia.es\/educacion\/portals\/web\/formacion-profesional-andaluza\/quiero-formarme\/modalidades\/fp-dual\" target=\"_blank\" rel=\"noopener noreferrer\">Formaci\u00f3n profesional dual.<\/a>&nbsp;<\/span><\/li>\n<li><span style=\"color: #0000ff\"><a style=\"color: #0000ff\" href=\"https:\/\/www.juntadeandalucia.es\/educacion\/portals\/web\/formacion-profesional-andaluza\/estudiante\/formarme-extranjero\" target=\"_blank\" rel=\"noopener noreferrer\">Erasmus <strong>+ <\/strong>en FP<\/a><\/span><\/li>\n<li><span style=\"color: #0000ff\"><a style=\"color: #0000ff\" href=\"https:\/\/view.genial.ly\/5ee12d92e72a170d81ecb57f\/presentation-a-la-universidad-desde-la-fp\" target=\"_blank\" rel=\"noopener noreferrer\">Acceso a la Universidad desde la Formaci\u00f3n Profesional<\/a><\/span><\/li>\n<li>Web <span style=\"color: #0000ff\"><a style=\"color: #0000ff\" href=\"https:\/\/www.juntadeandalucia.es\/educacion\/portals\/web\/formacion-profesional-andaluza\" target=\"_blank\" rel=\"noopener noreferrer\">\u00abFP Andaluza\u00bb<\/a><\/span> \/ Consulta la oferta en: \u00ab<span style=\"color: #0000ff\"><a style=\"color: #0000ff\" href=\"https:\/\/www.juntadeandalucia.es\/educacion\/secretariavirtual\/consultas\/\" target=\"_blank\" rel=\"noopener noreferrer\">Secretar\u00eda virtual\u00bb<\/a><\/span><\/li>\n<li><a href=\"https:\/\/blogsaverroes.juntadeandalucia.es\/orientadelegacionmalaga\/files\/2020\/06\/FPB-y-CFGM-relacionados.pdf\">FPB y CFGM relacionados<\/a><\/li>\n<li><a href=\"https:\/\/blogsaverroes.juntadeandalucia.es\/orientadelegacionmalaga\/files\/2020\/06\/CFGM-y-CFGS-relacionados.pdf\">CFGM y CFGS relacionados<\/a><\/li>\n<li><span style=\"color: #0000ff\"><a style=\"color: #0000ff\" href=\"https:\/\/blogsaverroes.juntadeandalucia.es\/orientadelegacionmalaga\/files\/2019\/06\/bachillerato-relac-fp-y-opciones.pdf\">Bachillerato relac FP y OPCIONES<\/a><\/span><\/li>\n<li><span style=\"color: #ff0000\"><a style=\"color: #ff0000\" href=\"https:\/\/blogsaverroes.juntadeandalucia.es\/orientadelegacionmalaga\/files\/2019\/06\/equivlanecias-eso-y-bachillerato.pdf\"><span style=\"color: #0000ff\">Equivalencias ESO Y BACHILLERATO<\/span><\/a><\/span><\/li>\n<\/ul>\n<p><span style=\"color: #008000\"><strong>FPI por FAMILIAS PROFESIONALES:&nbsp;<\/strong><\/span><\/p>\n<p><strong>GRUPO A:<\/strong><\/p>\n<p>&nbsp;<\/p>\n<ul>\n<li><span style=\"color: #0000ff\"><a style=\"color: #0000ff\" href=\"https:\/\/blogsaverroes.juntadeandalucia.es\/orientadelegacionmalaga\/files\/2020\/06\/Comercio-y-Marketing.pdf\" target=\"_blank\" rel=\"noopener noreferrer\">COMERCIO Y MARKETING<\/a><\/span><\/li>\n<li><span style=\"color: #0000ff\"><a style=\"color: #0000ff\" href=\"https:\/\/blogsaverroes.juntadeandalucia.es\/orientadelegacionmalaga\/files\/2020\/06\/Hosteleria-y-turismo.pdf\" target=\"_blank\" rel=\"noopener noreferrer\">HOSTELER\u00cdA Y TURISMO<\/a>.&nbsp;<\/span><\/li>\n<li><span style=\"color: #0000ff\"><a style=\"color: #0000ff\" href=\"https:\/\/blogsaverroes.juntadeandalucia.es\/orientadelegacionmalaga\/files\/2020\/06\/SERVICIOS-SOCIOCULTURALES-Y-A-LA-COMUNIDAD.pdf\" target=\"_blank\" rel=\"noopener noreferrer\">SERVICIOS SOCIOCULTURALES Y A LA COMUNIDAD<\/a><\/span><\/li>\n<\/ul>\n<p><strong>GRUPO B:<\/strong><\/p>\n<ul>\n<li><a href=\"https:\/\/blogsaverroes.juntadeandalucia.es\/orientadelegacionmalaga\/files\/2020\/06\/Informatica-y-comunicaciones.pdf\" target=\"_blank\" rel=\"noopener noreferrer\">INFORM\u00c1TICA Y COMUNICACIONES<\/a><\/li>\n<li><a href=\"https:\/\/blogsaverroes.juntadeandalucia.es\/orientadelegacionmalaga\/files\/2020\/06\/EdificacionyObraCivil.pdf\" target=\"_blank\" rel=\"noopener noreferrer\">EDIFICACI\u00d3N Y OBRA CIVIL<\/a> (m\u00e1s informaci\u00f3n, en T.S. <a href=\"https:\/\/blogsaverroes.juntadeandalucia.es\/orientadelegacionmalaga\/files\/2020\/06\/Proyectos-de-Edificaci\u00f3n-IES-Polit\u00e9cnico-Jes\u00fas-Mar\u00edn.pdf\">Proyectos de Edificaci\u00f3n<\/a>)<\/li>\n<li><a href=\"https:\/\/blogsaverroes.juntadeandalucia.es\/orientadelegacionmalaga\/files\/2020\/06\/Fabricaci\u00f3n-Mec\u00e1nica.pdf\" target=\"_blank\" rel=\"noopener noreferrer\">FABRICACI\u00d3N MEC\u00c1NICA<\/a>.&nbsp;<\/li>\n<li><span style=\"color: #0000ff\"><a style=\"color: #0000ff\" href=\"https:\/\/blogsaverroes.juntadeandalucia.es\/orientadelegacionmalaga\/files\/2020\/06\/INSTALACI\u00d3N-Y-MANTENIMIENTO.pdf\">INSTALACI\u00d3N Y MANTENIMIENTO<\/a><\/span><\/li>\n<li><a href=\"https:\/\/blogsaverroes.juntadeandalucia.es\/orientadelegacionmalaga\/files\/2020\/06\/ELECTRICIDAD-Y-ELECTRONICA.pdf\">ELECTRICIDAD Y ELECTR\u00d3NICA<\/a><\/li>\n<li><a href=\"https:\/\/blogsaverroes.juntadeandalucia.es\/orientadelegacionmalaga\/files\/2020\/06\/Madera-mueble-y-Corcho.pdf\" target=\"_blank\" rel=\"noopener noreferrer\">MADERA, MUEBLE Y CORCHO<\/a>.&nbsp;<\/li>\n<li><a href=\"http:\/\/todofp.es\/que-como-y-donde-estudiar\/que-estudiar\/familia\/loe\/maritimo-pesquera.html\" target=\"_blank\" rel=\"noopener noreferrer\">MAR\u00cdTIMO-PESQUERA<\/a> (salvo ciclos relacionados con producci\u00f3n y\/o obtenci\u00f3n de organismos vivos, que pertenecen al grupo C) (No hay en M\u00e1laga)<\/li>\n<li>ARTES GR\u00c1FICAS.&nbsp;<\/li>\n<li><a href=\"https:\/\/blogsaverroes.juntadeandalucia.es\/orientadelegacionmalaga\/files\/2020\/06\/Transporte-y-Mantenimiento-de-Veh\u00edculos-Prueba-1.pdf\" target=\"_blank\" rel=\"noopener noreferrer\">TRANSPORTE Y MANTENIMIENTO DE VEH\u00cdCULOS<\/a>.&nbsp;<\/li>\n<li><a href=\"http:\/\/todofp.es\/que-como-y-donde-estudiar\/que-estudiar\/familia\/loe\/textil-confeccion-piel.html\" target=\"_blank\" rel=\"noopener noreferrer\">TEXTIL, CONFECCI\u00d3N Y PIEL<\/a> (salvo ciclos relacionados con curtido de&nbsp; materiales biol\u00f3gicos y procesos de ennoblecimiento, que pertenecen al grupo C). (No hay en M\u00e1laga)<\/li>\n<li><a href=\"https:\/\/blogsaverroes.juntadeandalucia.es\/orientadelegacionmalaga\/files\/2020\/06\/IMAGEN-Y-SONIDO.pdf\" target=\"_blank\" rel=\"noopener noreferrer\">IMAGEN Y SONIDO<\/a><\/li>\n<li><a href=\"https:\/\/blogsaverroes.juntadeandalucia.es\/orientadelegacionmalaga\/files\/2020\/06\/Feria-Virtual-FP-Energia-y-Agua-Andres-Viedma.pdf\" target=\"_blank\" rel=\"noopener noreferrer\">ENERG\u00cdA Y AGUA<\/a><\/li>\n<li><span style=\"color: #0000ff\"><a style=\"color: #0000ff\" href=\"http:\/\/todofp.es\/que-como-y-donde-estudiar\/que-estudiar\/familia\/loe\/vidrio-ceramica.html\" target=\"_blank\" rel=\"noopener noreferrer\">V\u00cdDRIO Y CER\u00c1MICA<\/a>.&nbsp;<\/span><\/li>\n<\/ul>\n<p><strong>GRUPO C:&nbsp;<\/strong><\/p>\n<ul>\n<li><a href=\"https:\/\/blogsaverroes.juntadeandalucia.es\/orientadelegacionmalaga\/files\/2020\/06\/IES-N\u00fam-1-UNIVERSIDAD-LABORAL-FERIA-FP-F\u00c1MILIA-QU\u00cdMICA-optimizado.pdf\" target=\"_blank\" rel=\"noopener noreferrer\">QU\u00cdMICA<\/a><\/li>\n<li>ACTIVIDADES F\u00cdSICAS Y DEPORTIVAS:\n<ul>\n<li><a href=\"https:\/\/blogsaverroes.juntadeandalucia.es\/orientadelegacionmalaga\/files\/2020\/06\/Presentaci\u00f3n-CICLO-GRADO-MEDIO.pdf\" target=\"_blank\" rel=\"noopener noreferrer\">GM T\u00e9cnico Conducci\u00f3n Actividades f\u00edsico-deportivas en el medio natural (TECO)<\/a><\/li>\n<li><a href=\"https:\/\/blogsaverroes.juntadeandalucia.es\/orientadelegacionmalaga\/files\/2020\/06\/GM-Actividades-ecuestres.pdf\" target=\"_blank\" rel=\"noopener noreferrer\">GM T\u00e9cnico en Actividades ecuestres<\/a>.&nbsp;<\/li>\n<li><a href=\"https:\/\/blogsaverroes.juntadeandalucia.es\/orientadelegacionmalaga\/files\/2020\/06\/CFGS-ACOND-FISICO.pdf\" target=\"_blank\" rel=\"noopener noreferrer\">CFGS T.S. Acondicionamiento Superior<\/a><\/li>\n<li><a href=\"https:\/\/blogsaverroes.juntadeandalucia.es\/orientadelegacionmalaga\/files\/2020\/06\/Presentaci\u00f3n-CICLO-GRADO-SUPERIOR.pdf\" target=\"_blank\" rel=\"noopener noreferrer\">CFGS T.S. Ense\u00f1anza y animaci\u00f3n sociodeportiva<\/a><\/li>\n<\/ul>\n<\/li>\n<li>AGRARIA:\n<ul>\n<li><a href=\"https:\/\/blogsaverroes.juntadeandalucia.es\/orientadelegacionmalaga\/files\/2020\/06\/Orientaciones-para-estudiar-JyF.pdf\" target=\"_blank\" rel=\"noopener noreferrer\">GM T\u00e9cnico Jardiner\u00eda y Florister\u00eda<\/a>.&nbsp;<\/li>\n<li><a href=\"https:\/\/blogsaverroes.juntadeandalucia.es\/orientadelegacionmalaga\/files\/2020\/06\/Orientaciones-para-estudiar-GFMN.pdf\" target=\"_blank\" rel=\"noopener noreferrer\">GM T\u00e9cnico Gesti\u00f3n forestal y del Medio natural<\/a><\/li>\n<li><a href=\"https:\/\/blogsaverroes.juntadeandalucia.es\/orientadelegacionmalaga\/files\/2020\/06\/Orientaciones-para-estudiar-PMR.pdf\" target=\"_blank\" rel=\"noopener noreferrer\">GS T\u00e9cnico Superior Paisajismo y medio rural<\/a><\/li>\n<\/ul>\n<\/li>\n<li><a href=\"https:\/\/blogsaverroes.juntadeandalucia.es\/orientadelegacionmalaga\/files\/2020\/06\/INDUSTRIAS-ALIMENTARIAS-comprimido.pdf\" target=\"_blank\" rel=\"noopener noreferrer\">INDUSTRIAS ALIMENTARIAS<\/a>.<\/li>\n<li><a href=\"https:\/\/blogsaverroes.juntadeandalucia.es\/orientadelegacionmalaga\/files\/2020\/06\/SANIDAD_IES-Santa-B\u00e1rbara_Feria-FP-16..6.20_12-50-h.pdf\">SANIDAD<\/a><\/li>\n<li>.<a href=\"https:\/\/blogsaverroes.juntadeandalucia.es\/orientadelegacionmalaga\/files\/2020\/06\/Imagen-personal.pdf\" target=\"_blank\" rel=\"noopener noreferrer\">IMAGEN PERSONAL<\/a><\/li>\n<li><a href=\"http:\/\/www.todofp.es\/dam\/jcr:275356a6-3ae5-4fed-b602-3b860428bce1\/sea.pdf\" target=\"_blank\" rel=\"noopener noreferrer\">SEGURIDAD Y MEDIO AMBIENTE <\/a>&nbsp;M\u00e1laga:\n<ul>\n<li><a href=\"https:\/\/blogsaverroes.juntadeandalucia.es\/orientadelegacionmalaga\/files\/2020\/06\/pistas-ECA.pdf\" target=\"_blank\" rel=\"noopener noreferrer\">GS T\u00e9cnico Superior Educaci\u00f3n y Control ambiental<\/a>.&nbsp;<\/li>\n<li><a href=\"http:\/\/todofp.es\/que-como-y-donde-estudiar\/que-estudiar\/familia\/loe\/seguridad-medio-ambiente\/quimica-salud-ambiental.html\" target=\"_blank\" rel=\"noopener noreferrer\">GS T\u00e9cnico Superior Qu\u00edmica y Salud ambiental&nbsp;<\/a><\/li>\n<\/ul>\n<\/li>\n<\/ul>\n<p>&nbsp;<\/p>\n<ul>\n<li><span style=\"color: #0000ff\"><a style=\"color: #0000ff\" href=\"http:\/\/escueladeartesantelmo.es\/\" target=\"_blank\" rel=\"noopener noreferrer\">ENSE\u00d1ANZAS DE ARTES PL\u00c1STICAS Y DISE\u00d1O<\/a><\/span><\/li>\n<li><a href=\"https:\/\/blogsaverroes.juntadeandalucia.es\/orientadelegacionmalaga\/files\/2020\/06\/EDRE-2020-21.pdf\" target=\"_blank\" rel=\"noopener noreferrer\">ENSE\u00d1ANZAS DEPORTIVAS DE R\u00c9GIMEN ESPECIAL<\/a><\/li>\n<\/ul>\n<p>&nbsp;<\/p>\n<p><span style=\"color: #800080\"><strong>ORIENTACI\u00d3N LABORAL<\/strong><\/span><\/p>\n<ul style=\"list-style-type: circle\">\n<li><a href=\"https:\/\/blogsaverroes.juntadeandalucia.es\/orientadelegacionmalaga\/files\/2020\/06\/Emprendimiento-Juan-Ant\u00ba-Aguilar.pdf\" target=\"_blank\" rel=\"noopener noreferrer\">EMPRENDIMIENTO (Juan Antonio Aguilar)<\/a>\n<ul style=\"list-style-type: circle\">\n<li><span style=\"color: #0000ff\"><a style=\"color: #0000ff\" href=\"https:\/\/fpempresa.net\/\" target=\"_blank\" rel=\"noopener noreferrer\">FP Empresa<\/a><\/span><\/li>\n<li>\u00bfQuieres montar una empresa? <span style=\"color: #0000ff\"><a style=\"color: #0000ff\" href=\"https:\/\/www.andaluciaemprende.es\/\" target=\"_blank\" rel=\"noopener noreferrer\">Andaluc\u00eda Emprende<\/a><\/span><\/li>\n<\/ul>\n<\/li>\n<li><span style=\"color: #0000ff\"><a style=\"color: #0000ff\" href=\"https:\/\/www.juntadeandalucia.es\/organismos\/empleoformacionytrabajoautonomo\/sae\/areas\/mejora-empleabilidad\/andalucia-orienta.html\" target=\"_blank\" rel=\"noopener noreferrer\">ANDALUC\u00cdA ORIENTA<\/a>&nbsp; &nbsp;Colaboraci\u00f3n con los\/as <a href=\"https:\/\/blogsaverroes.juntadeandalucia.es\/orientadelegacionmalaga\/files\/2020\/03\/Colaboracion-Orientacion-educativa-y-SAE-DEF.pdf\" target=\"_blank\" rel=\"noopener noreferrer\">T\u00e9cnicos de Orientaci\u00f3n laboral del SAE<\/a><\/span><\/li>\n<li><strong>OPOSICIONES:&nbsp;<\/strong>\n<ul style=\"list-style-type: circle\">\n<li><a href=\"https:\/\/blogsaverroes.juntadeandalucia.es\/orientadelegacionmalaga\/files\/2020\/06\/OPOSICIONES.pdf\">T\u00e9cnicos Auxiliares de Inform\u00e1tica (AGE)<\/a>.&nbsp;<\/li>\n<li><a href=\"https:\/\/blogsaverroes.juntadeandalucia.es\/orientadelegacionmalaga\/files\/2020\/06\/Oposiciones-Cuerpo-Administrativo.pdf\">Oposiciones Cuerpo Administrativo<\/a><\/li>\n<li><a href=\"https:\/\/blogsaverroes.juntadeandalucia.es\/orientadelegacionmalaga\/files\/2020\/06\/AGENTES-HACIENDA-P\u00daBLICA-VERSI\u00d3N-OK.pdf\" target=\"_blank\" rel=\"noopener noreferrer\">Agentes de la Hacienda P\u00fablica<\/a><\/li>\n<\/ul>\n<\/li>\n<\/ul>\n<p>M\u00e1s informaci\u00f3n:&nbsp;<\/p>\n<p><span style=\"color: #ff0000\"><strong>TODO FP: <\/strong><\/span><\/p>\n<ul>\n<li><a href=\"http:\/\/www.todofp.es\/orientacion-profesional\/como-elegir-tu-futuro\/perfiles-profesionales.html\" target=\"_blank\" rel=\"noopener noreferrer\">Perfiles profesionales<\/a><\/li>\n<li><a href=\"http:\/\/www.todofp.es\/ocupaciones\/ServletOcupaciones\" target=\"_blank\" rel=\"noopener noreferrer\">Elige tu profesi\u00f3n<\/a><\/li>\n<\/ul>\n","protected":false},"excerpt":{"rendered":"<p>En el CANAL YOUTUBE SERVICIO ORDENACI\u00d3N EDUCATIVA todos los v\u00eddeos de la Feria Virtual de Formaci\u00f3n profesional, coordinada por el \u00e1rea de OVP del ETPOEP de la&nbsp;D.T. EDUCACI\u00d3N DE M\u00c1LAGA.&nbsp; Programa completo de la&#46;&#46;&#46;<\/p>\n","protected":false},"author":8106,"featured_media":8819,"parent":0,"menu_order":0,"comment_status":"closed","ping_status":"closed","template":"","meta":{"ngg_post_thumbnail":0,"footnotes":""},"aioseo_notices":[],"_links":{"self":[{"href":"https:\/\/blogsaverroes.juntadeandalucia.es\/orientadelegacionmalaga\/wp-json\/wp\/v2\/pages\/8878"}],"collection":[{"href":"https:\/\/blogsaverroes.juntadeandalucia.es\/orientadelegacionmalaga\/wp-json\/wp\/v2\/pages"}],"about":[{"href":"https:\/\/blogsaverroes.juntadeandalucia.es\/orientadelegacionmalaga\/wp-json\/wp\/v2\/types\/page"}],"author":[{"embeddable":true,"href":"https:\/\/blogsaverroes.juntadeandalucia.es\/orientadelegacionmalaga\/wp-json\/wp\/v2\/users\/8106"}],"replies":[{"embeddable":true,"href":"https:\/\/blogsaverroes.juntadeandalucia.es\/orientadelegacionmalaga\/wp-json\/wp\/v2\/comments?post=8878"}],"version-history":[{"count":20,"href":"https:\/\/blogsaverroes.juntadeandalucia.es\/orientadelegacionmalaga\/wp-json\/wp\/v2\/pages\/8878\/revisions"}],"predecessor-version":[{"id":11687,"href":"https:\/\/blogsaverroes.juntadeandalucia.es\/orientadelegacionmalaga\/wp-json\/wp\/v2\/pages\/8878\/revisions\/11687"}],"wp:featuredmedia":[{"embeddable":true,"href":"https:\/\/blogsaverroes.juntadeandalucia.es\/orientadelegacionmalaga\/wp-json\/wp\/v2\/media\/8819"}],"wp:attachment":[{"href":"https:\/\/blogsaverroes.juntadeandalucia.es\/orientadelegacionmalaga\/wp-json\/wp\/v2\/media?parent=8878"}],"curies":[{"name":"wp","href":"https:\/\/api.w.org\/{rel}","templated":true}]}}