{"id":9650,"date":"2021-01-28T16:00:47","date_gmt":"2021-01-28T15:00:47","guid":{"rendered":"https:\/\/blogsaverroes.juntadeandalucia.es\/orientadelegacionmalaga\/?page_id=9650"},"modified":"2022-01-21T10:48:21","modified_gmt":"2022-01-21T09:48:21","slug":"derivacion-cs-salud-mental","status":"publish","type":"page","link":"https:\/\/blogsaverroes.juntadeandalucia.es\/orientadelegacionmalaga\/derivacion-cs-salud-mental\/","title":{"rendered":"Derivaci\u00f3n Centro Salud y Salud Mental"},"content":{"rendered":"<p style=\"text-align: left\">En el centro educativo se detectan problemas relacionados con la salud del alumnado sobre los que son necesarios, en determinadas circunstancias, informar y\/o solicitar la colaboraci\u00f3n del pediatra \/ m\u00e9dico\/a de cabecera del Centro de Salud. Tambi\u00e9n, por la gravedad de las conductas observadas, se puede solicitar al m\u00e9dico que valore la idoneidad de su derivaci\u00f3n al Centro de Salud Mental comunitario.&nbsp;<\/p>\n<p>Documentos: <img loading=\"lazy\" decoding=\"async\" class=\"size-medium wp-image-9665 alignright\" src=\"https:\/\/blogsaverroes.juntadeandalucia.es\/orientadelegacionmalaga\/files\/2021\/01\/2\u00aa-REUNI\u00d3N-COORD-ZONAL-212x300.jpg\" alt=\"\" width=\"212\" height=\"300\" srcset=\"https:\/\/blogsaverroes.juntadeandalucia.es\/orientadelegacionmalaga\/files\/2021\/01\/2\u00aa-REUNI\u00d3N-COORD-ZONAL-212x300.jpg 212w, https:\/\/blogsaverroes.juntadeandalucia.es\/orientadelegacionmalaga\/files\/2021\/01\/2\u00aa-REUNI\u00d3N-COORD-ZONAL-724x1024.jpg 724w, https:\/\/blogsaverroes.juntadeandalucia.es\/orientadelegacionmalaga\/files\/2021\/01\/2\u00aa-REUNI\u00d3N-COORD-ZONAL-768x1086.jpg 768w, https:\/\/blogsaverroes.juntadeandalucia.es\/orientadelegacionmalaga\/files\/2021\/01\/2\u00aa-REUNI\u00d3N-COORD-ZONAL-1086x1536.jpg 1086w, https:\/\/blogsaverroes.juntadeandalucia.es\/orientadelegacionmalaga\/files\/2021\/01\/2\u00aa-REUNI\u00d3N-COORD-ZONAL-1448x2048.jpg 1448w, https:\/\/blogsaverroes.juntadeandalucia.es\/orientadelegacionmalaga\/files\/2021\/01\/2\u00aa-REUNI\u00d3N-COORD-ZONAL-17x24.jpg 17w, https:\/\/blogsaverroes.juntadeandalucia.es\/orientadelegacionmalaga\/files\/2021\/01\/2\u00aa-REUNI\u00d3N-COORD-ZONAL-25x36.jpg 25w, https:\/\/blogsaverroes.juntadeandalucia.es\/orientadelegacionmalaga\/files\/2021\/01\/2\u00aa-REUNI\u00d3N-COORD-ZONAL-34x48.jpg 34w, https:\/\/blogsaverroes.juntadeandalucia.es\/orientadelegacionmalaga\/files\/2021\/01\/2\u00aa-REUNI\u00d3N-COORD-ZONAL.jpg 1587w\" sizes=\"(max-width: 212px) 100vw, 212px\" \/><\/p>\n<ul>\n<li><span style=\"color: #0000ff\"><a style=\"color: #0000ff\" href=\"https:\/\/blogsaverroes.juntadeandalucia.es\/orientadelegacionmalaga\/files\/2021\/01\/INFOGRAF\u00cdA-SALUD-MENTAL-1.pdf\" target=\"_blank\" rel=\"noopener noreferrer\">INFOGRAF\u00cdA<\/a>:<\/span> Protocolo derivaci\u00f3n Centro\/Orientaci\u00f3n a los centros de salud \/ USMC \/ Salud Mental.<\/li>\n<li>Anexo I y II:\n<ul>\n<li>Anexos <a href=\"https:\/\/blogsaverroes.juntadeandalucia.es\/orientadelegacionmalaga\/files\/2021\/02\/Derivacion-pediatra-y-Salud-Mental.pdf\" target=\"_blank\" rel=\"noopener noreferrer\">Derivaci\u00f3n pediatra y Salud Mental<\/a>&nbsp;(pdf)<\/li>\n<li><a href=\"https:\/\/blogsaverroes.juntadeandalucia.es\/orientadelegacionmalaga\/files\/2022\/01\/autorizaci\u00f3n-familia.pdf\">Autorizaci\u00f3n familia<\/a><\/li>\n<li>Anexos <a href=\"https:\/\/blogsaverroes.juntadeandalucia.es\/orientadelegacionmalaga\/files\/2021\/02\/Derivacion-pediatra-y-Salud-Mental.odt\" target=\"_blank\" rel=\"noopener noreferrer\">Derivaci\u00f3n pediatra y Salud Mental<\/a>&nbsp;(odt).<\/li>\n<li><a href=\"https:\/\/blogsaverroes.juntadeandalucia.es\/orientadelegacionmalaga\/files\/2022\/01\/autorizaci\u00f3n-familia.pdf\">Autorizaci\u00f3n familia<\/a><\/li>\n<\/ul>\n<\/li>\n<\/ul>\n<ul>\n<li style=\"list-style-type: none\">\n<ul>\n<li style=\"list-style-type: none\">\n<ul>\n<li>Derivaci\u00f3n a Centro de salud \/ pediatra. (anexo I).&nbsp;<\/li>\n<li>Informe de Derivaci\u00f3n a Salud Mental (anexo II)<\/li>\n<li>Autorizaci\u00f3n a la familia de intercambio de informaci\u00f3n con otros profesionales.&nbsp;<\/li>\n<li>Recib\u00ed: Derivaci\u00f3n del EOE\/DO a centro de salud \/ SMC.<\/li>\n<li>Otros: <a href=\"https:\/\/blogsaverroes.juntadeandalucia.es\/orientadelegacionmalaga\/files\/2021\/05\/protocolo-de-derivacio\u0301n-y-traspaso-de-informacio\u0301n.odt\" target=\"_blank\" rel=\"noopener noreferrer\">Documento de derivacio\u0301n y traspaso de informacio\u0301n<\/a><\/li>\n<\/ul>\n<\/li>\n<\/ul>\n<\/li>\n<\/ul>\n<p>Estudio de la red de Orientaci\u00f3n de M\u00e1laga 2021:&nbsp;<\/p>\n<ul>\n<li><span style=\"color: #ff0000\"><a style=\"color: #ff0000\" href=\"https:\/\/docs.google.com\/forms\/d\/e\/1FAIpQLSfVVru782JqTiPuJX0lkTtjSiYm-xVWaK_tx7RtIqBTs4XLgw\/viewform\" target=\"_blank\" rel=\"noopener noreferrer\"><strong>Cuestionario para el alumnado de Educaci\u00f3n Primaria, Secundaria, y postobligatoria<\/strong><\/a><\/span>. A la red de Orientaci\u00f3n de M\u00e1laga nos gustar\u00eda saber c\u00f3mo se encuentra nuestro alumnado, qu\u00e9 necesidades emocionales y sociales presenta y valorar si estamos siendo capaces de ayudarte. Por ello, de forma an\u00f3nima, nos gustar\u00eda que cumplimentases este cuestionario (febrero-marzo 2021). Los datos son confidenciales y no vamos a pedir informaci\u00f3n que pueda identificarte. Muchas gracias por tu colaboraci\u00f3n.&nbsp;<\/li>\n<\/ul>\n<p>&nbsp;<\/p>\n<p><strong><span style=\"color: #000080\">2\u00aa REUNI\u00d3N COORDINACI\u00d3N ZONAL: NECESIDADES EMOCIONALES Y SOCIALES ALUMNADO. COORDINACI\u00d3N SALUD MENTAL (3\/2\/2021). Material:&nbsp;<\/span><\/strong><\/p>\n<ul>\n<li><a href=\"https:\/\/blogsaverroes.juntadeandalucia.es\/orientadelegacionmalaga\/files\/2021\/02\/PRESENTACI\u00d3N-emociones-TGC.pdf\" target=\"_blank\" rel=\"noopener noreferrer\">Necesidades socioemocionales del alumnado y pautas de actuaci\u00f3n<\/a> (EOE TGC, Ismael Gonz\u00e1lez).<\/li>\n<li><a href=\"https:\/\/blogsaverroes.juntadeandalucia.es\/orientadelegacionmalaga\/files\/2021\/02\/Presentaci\u00f3n-Salud-mental.pdf\" target=\"_blank\" rel=\"noopener noreferrer\">Infancia y adolescencia: salud, factores implicados, Servicios de salud mental comunitarios<\/a> (Pedro Vega, psic\u00f3logo cl\u00ednico SSMC Axarqu\u00eda)<\/li>\n<li><a href=\"https:\/\/blogsaverroes.juntadeandalucia.es\/orientadelegacionmalaga\/files\/2021\/02\/Programa-educaci\u00f3n-emocional.-E.O.E.-Malaga-Sur.pdf\" target=\"_blank\" rel=\"noopener noreferrer\">Programa educaci\u00f3n emocional. E.O.E. M\u00e1laga Sur<\/a> (Maril\u00f3 Rodr\u00edguez, orientadora EOE M\u00e1laga Sur)<\/li>\n<li><a href=\"https:\/\/blogsaverroes.juntadeandalucia.es\/orientadelegacionmalaga\/files\/2021\/02\/Presentacio\u0301n-Inteligencia-Emocional-Febrero-2021.pdf\" target=\"_blank\" rel=\"noopener noreferrer\">Actuaciones y programas Inteligencia Emocional E. Secundaria<\/a> (IES Jacobo Orellana, Alameda; Alejandro Langendijk).<\/li>\n<li>Asignatura<a href=\"https:\/\/blogsaverroes.juntadeandalucia.es\/orientadelegacionmalaga\/files\/2021\/02\/Presentaci\u00f3n-Inteligencia-Emocional-IES-Isidora-Sanchez.pdf\" target=\"_blank\" rel=\"noopener noreferrer\"> Inteligencia Emocional (IES Isidora S\u00e1nchez<\/a>) (Araceli Moreno).<\/li>\n<li>Material tutor\u00eda Inteligencia emocional: M\u00aa Paz R\u00edos, orientadora IES Manuel Romero, Vva.Concepci\u00f3n; Instagram @psico_mporienta)\n<ul>\n<li><a href=\"https:\/\/blogsaverroes.juntadeandalucia.es\/orientadelegacionmalaga\/files\/2021\/02\/REBELDES-EMOCIONALES.pdf\" target=\"_blank\" rel=\"noopener noreferrer\">REBELDES EMOCIONALES<\/a> (@psico_mporienta).<\/li>\n<li><a href=\"https:\/\/blogsaverroes.juntadeandalucia.es\/orientadelegacionmalaga\/files\/2021\/02\/CREATIVIDAD-EMOCIONAL.pdf\" target=\"_blank\" rel=\"noopener noreferrer\">CREATIVIDAD EMOCIONAL<\/a>(@psico_mporienta)<\/li>\n<\/ul>\n<\/li>\n<\/ul>\n<ul style=\"list-style-type: circle\">\n<li>M\u00e1s recursos para el alumnado en riesgo social: se puede derivar \/ contactar con Servicios sociales comunitarios y\/o otras entidades (<a href=\"https:\/\/blogsaverroes.juntadeandalucia.es\/orientadelegacionmalaga\/derivacion-s-sociales-u-otras-entidades\/\" target=\"_blank\" rel=\"noopener noreferrer\">BLOG ETPOEP \/ ATC \/ SALUD \/Derivaci\u00f3n SS.SS.CC.<\/a>)<\/li>\n<\/ul>\n<p>&nbsp;<\/p>\n","protected":false},"excerpt":{"rendered":"<p>En el centro educativo se detectan problemas relacionados con la salud del alumnado sobre los que son necesarios, en determinadas circunstancias, informar y\/o solicitar la colaboraci\u00f3n del pediatra \/ m\u00e9dico\/a de cabecera del Centro&#46;&#46;&#46;<\/p>\n","protected":false},"author":8106,"featured_media":0,"parent":0,"menu_order":0,"comment_status":"closed","ping_status":"closed","template":"","meta":{"ngg_post_thumbnail":0,"footnotes":""},"aioseo_notices":[],"_links":{"self":[{"href":"https:\/\/blogsaverroes.juntadeandalucia.es\/orientadelegacionmalaga\/wp-json\/wp\/v2\/pages\/9650"}],"collection":[{"href":"https:\/\/blogsaverroes.juntadeandalucia.es\/orientadelegacionmalaga\/wp-json\/wp\/v2\/pages"}],"about":[{"href":"https:\/\/blogsaverroes.juntadeandalucia.es\/orientadelegacionmalaga\/wp-json\/wp\/v2\/types\/page"}],"author":[{"embeddable":true,"href":"https:\/\/blogsaverroes.juntadeandalucia.es\/orientadelegacionmalaga\/wp-json\/wp\/v2\/users\/8106"}],"replies":[{"embeddable":true,"href":"https:\/\/blogsaverroes.juntadeandalucia.es\/orientadelegacionmalaga\/wp-json\/wp\/v2\/comments?post=9650"}],"version-history":[{"count":29,"href":"https:\/\/blogsaverroes.juntadeandalucia.es\/orientadelegacionmalaga\/wp-json\/wp\/v2\/pages\/9650\/revisions"}],"predecessor-version":[{"id":10721,"href":"https:\/\/blogsaverroes.juntadeandalucia.es\/orientadelegacionmalaga\/wp-json\/wp\/v2\/pages\/9650\/revisions\/10721"}],"wp:attachment":[{"href":"https:\/\/blogsaverroes.juntadeandalucia.es\/orientadelegacionmalaga\/wp-json\/wp\/v2\/media?parent=9650"}],"curies":[{"name":"wp","href":"https:\/\/api.w.org\/{rel}","templated":true}]}}