{"id":4223,"date":"2017-05-23T11:58:17","date_gmt":"2017-05-23T11:58:17","guid":{"rendered":"https:\/\/blogsaverroes.juntadeandalucia.es\/orientajaen\/?page_id=4223"},"modified":"2022-02-11T09:57:07","modified_gmt":"2022-02-11T09:57:07","slug":"inicio","status":"publish","type":"page","link":"https:\/\/blogsaverroes.juntadeandalucia.es\/orientajaen\/","title":{"rendered":"INICIO"},"content":{"rendered":"<p style=\"text-align: center\"><\/p>\n<p style=\"text-align: center\"><div class=\"osc-res-tab tabbable   osc-tabs-left\"><div style=\"clear:both;width: 100%;\"><ul class=\"nav osc-res-nav nav-tabs osc-tabs-left-ul\" id=\"oscitas-restabs-1-inicio-23538\"><li class=\"active\"><a href=\"#ert_pane1-0\" data-toggle=\"tab\">NOVEDADES<\/a><\/li><\/ul><\/div><div style=\"clear:both;width: 100%;\"><ul class=\"tab-content\" id=\"oscitas-restabcontent-1-inicio-23538\"><li class=\"tab-pane active\" id=\"ert_pane1-0\"><\/p>\n<div class=\"pt-cv-wrapper\"><div class=\"pt-cv-view pt-cv-grid pt-cv-colsys pt-cv-nolf\" id=\"pt-cv-view-f083bb9sr1\"><div data-id=\"pt-cv-page-1\" class=\"pt-cv-page\" data-cvc=\"1\"><div class=\"col-md-12 col-sm-6 col-xs-12 pt-cv-content-item pt-cv-2-col\" ><div class='pt-cv-ifield'><a href=\"https:\/\/blogsaverroes.juntadeandalucia.es\/orientajaen\/2026\/04\/27\/27-de-abril-2026\/\" class=\"_self pt-cv-href-thumbnail pt-cv-thumb-left\" target=\"_self\" ><\/a>\n<h4 class=\"pt-cv-title\"><a href=\"https:\/\/blogsaverroes.juntadeandalucia.es\/orientajaen\/2026\/04\/27\/27-de-abril-2026\/\" class=\"_self\" target=\"_self\" >27 de abril 2026<\/a><\/h4>\n<div class=\"pt-cv-content\"><p style=\"text-align: center\"><strong>ORIENTACIONES Y RECURSOS PARA LA PREVENCI\u00d3N Y APLICACI\u00d3N DEL&nbsp; PROTOCOLO DE ACTUACI\u00d3N EN CASOS DE VIOLENCIA DE G\u00c9NERO<\/strong><\/p>\n<p><a href=\"https:\/\/drive.google.com\/file\/d\/1GjztbfBoffYaf2FnGB_l-szDfUb2GUyy\/view?usp=drive_link\"><img fetchpriority=\"high\" fetchpriority=\"high\" decoding=\"async\" class=\"aligncenter wp-image-9292 \" src=\"https:\/\/blogsaverroes.juntadeandalucia.es\/orientajaen\/files\/2026\/04\/Documento-A4-Portada-Proyecto-Ilustrativo-Violeta-y-Azul-1-724x1024.jpg\" alt=\"\" width=\"537\" height=\"759\" srcset=\"https:\/\/blogsaverroes.juntadeandalucia.es\/orientajaen\/files\/2026\/04\/Documento-A4-Portada-Proyecto-Ilustrativo-Violeta-y-Azul-1-724x1024.jpg 724w, https:\/\/blogsaverroes.juntadeandalucia.es\/orientajaen\/files\/2026\/04\/Documento-A4-Portada-Proyecto-Ilustrativo-Violeta-y-Azul-1-212x300.jpg 212w, https:\/\/blogsaverroes.juntadeandalucia.es\/orientajaen\/files\/2026\/04\/Documento-A4-Portada-Proyecto-Ilustrativo-Violeta-y-Azul-1-768x1086.jpg 768w, https:\/\/blogsaverroes.juntadeandalucia.es\/orientajaen\/files\/2026\/04\/Documento-A4-Portada-Proyecto-Ilustrativo-Violeta-y-Azul-1-1086x1536.jpg 1086w, https:\/\/blogsaverroes.juntadeandalucia.es\/orientajaen\/files\/2026\/04\/Documento-A4-Portada-Proyecto-Ilustrativo-Violeta-y-Azul-1.jpg 1131w\" sizes=\"(max-width: 537px) 100vw, 537px\" \/><\/a><\/p>\n<p style=\"text-align: center\">&nbsp;<\/p>\n<p>&nbsp;<\/p>\n<p>&nbsp;<\/p>\n<p>&nbsp;<\/p>\n<\/div><\/div><\/div>\n<div class=\"col-md-12 col-sm-6 col-xs-12 pt-cv-content-item pt-cv-2-col\" ><div class='pt-cv-ifield'><a href=\"https:\/\/blogsaverroes.juntadeandalucia.es\/orientajaen\/2026\/02\/23\/23-de-febrero-2023\/\" class=\"_self pt-cv-href-thumbnail pt-cv-thumb-left\" target=\"_self\" ><\/a>\n<h4 class=\"pt-cv-title\"><a href=\"https:\/\/blogsaverroes.juntadeandalucia.es\/orientajaen\/2026\/02\/23\/23-de-febrero-2023\/\" class=\"_self\" target=\"_self\" >23 de febrero 2023<\/a><\/h4>\n<div class=\"pt-cv-content\"><p style=\"text-align: center\"><strong>PROFESIONALES DE LA ORIENTACI\u00d3N EN EL PROGRAMA DE EDUCACI\u00d3N INCLUSIVA.<\/strong><\/p>\n<p style=\"text-align: center\"><strong>INFOGRAF\u00cdA SOBRE ORIENTADOR ATENCI\u00d3N TEMPRANA<\/strong><\/p>\n<p><a href=\"https:\/\/drive.google.com\/file\/d\/1Sb2b8ijxrzndnOhnh-qCXkK_Z8o1cQwE\/view?usp=sharing\"><img decoding=\"async\" class=\"aligncenter wp-image-9269 size-large\" src=\"https:\/\/blogsaverroes.juntadeandalucia.es\/orientajaen\/files\/2026\/02\/Infografia-Programa-de-Educacion-Inclusiva-Atencion-Temprana-451x1024.png\" alt=\"\" width=\"451\" height=\"1024\" srcset=\"https:\/\/blogsaverroes.juntadeandalucia.es\/orientajaen\/files\/2026\/02\/Infografia-Programa-de-Educacion-Inclusiva-Atencion-Temprana-451x1024.png 451w, https:\/\/blogsaverroes.juntadeandalucia.es\/orientajaen\/files\/2026\/02\/Infografia-Programa-de-Educacion-Inclusiva-Atencion-Temprana-132x300.png 132w, https:\/\/blogsaverroes.juntadeandalucia.es\/orientajaen\/files\/2026\/02\/Infografia-Programa-de-Educacion-Inclusiva-Atencion-Temprana-768x1745.png 768w, https:\/\/blogsaverroes.juntadeandalucia.es\/orientajaen\/files\/2026\/02\/Infografia-Programa-de-Educacion-Inclusiva-Atencion-Temprana-676x1536.png 676w, https:\/\/blogsaverroes.juntadeandalucia.es\/orientajaen\/files\/2026\/02\/Infografia-Programa-de-Educacion-Inclusiva-Atencion-Temprana.png 704w\" sizes=\"(max-width: 451px) 100vw, 451px\" \/><\/a><\/p>\n<p>&nbsp;<\/p>\n<p>&nbsp;<\/p>\n<\/div><\/div><\/div>\n<div class=\"col-md-12 col-sm-6 col-xs-12 pt-cv-content-item pt-cv-2-col\" ><div class='pt-cv-ifield'><a href=\"https:\/\/blogsaverroes.juntadeandalucia.es\/orientajaen\/2026\/02\/16\/16-de-febrero-2026\/\" class=\"_self pt-cv-href-thumbnail pt-cv-thumb-left\" target=\"_self\" ><\/a>\n<h4 class=\"pt-cv-title\"><a href=\"https:\/\/blogsaverroes.juntadeandalucia.es\/orientajaen\/2026\/02\/16\/16-de-febrero-2026\/\" class=\"_self\" target=\"_self\" >16 de febrero 2026<\/a><\/h4>\n<div class=\"pt-cv-content\"><p style=\"text-align: center\"><strong>O.N.C.E. &#8211; JORNADA CON PROFESIONALES DE&nbsp; LA ORIENTACI\u00d3N DE JA\u00c9N<\/strong><a href=\"https:\/\/drive.google.com\/file\/d\/1HSWyz0YOw7768PxnrFS-70ztg6ckwBLW\/view?usp=sharing\"><strong style=\"text-align: center\"><img decoding=\"async\" class=\"aligncenter wp-image-9260 \" src=\"https:\/\/blogsaverroes.juntadeandalucia.es\/orientajaen\/files\/2026\/02\/Cartel-jornada-18-feb_page-0001-1024x576.jpg\" alt=\"\" width=\"939\" height=\"528\" srcset=\"https:\/\/blogsaverroes.juntadeandalucia.es\/orientajaen\/files\/2026\/02\/Cartel-jornada-18-feb_page-0001-1024x576.jpg 1024w, https:\/\/blogsaverroes.juntadeandalucia.es\/orientajaen\/files\/2026\/02\/Cartel-jornada-18-feb_page-0001-300x169.jpg 300w, https:\/\/blogsaverroes.juntadeandalucia.es\/orientajaen\/files\/2026\/02\/Cartel-jornada-18-feb_page-0001-768x432.jpg 768w, https:\/\/blogsaverroes.juntadeandalucia.es\/orientajaen\/files\/2026\/02\/Cartel-jornada-18-feb_page-0001-1536x864.jpg 1536w, https:\/\/blogsaverroes.juntadeandalucia.es\/orientajaen\/files\/2026\/02\/Cartel-jornada-18-feb_page-0001.jpg 1600w\" sizes=\"(max-width: 939px) 100vw, 939px\" \/><\/strong><\/a><\/p>\n<p>&nbsp;<\/p>\n<p>&nbsp;<\/p>\n<\/div><\/div><\/div>\n<div class=\"col-md-12 col-sm-6 col-xs-12 pt-cv-content-item pt-cv-2-col\" ><div class='pt-cv-ifield'><a href=\"https:\/\/blogsaverroes.juntadeandalucia.es\/orientajaen\/2026\/02\/12\/12-de-febrero-2026\/\" class=\"_self pt-cv-href-thumbnail pt-cv-thumb-left\" target=\"_self\" ><\/a>\n<h4 class=\"pt-cv-title\"><a href=\"https:\/\/blogsaverroes.juntadeandalucia.es\/orientajaen\/2026\/02\/12\/12-de-febrero-2026\/\" class=\"_self\" target=\"_self\" >12 de febrero 2026<\/a><\/h4>\n<div class=\"pt-cv-content\"><p style=\"text-align: center\"><strong>ENCUENTRO INFORMATIVO<\/strong><\/p>\n<p style=\"text-align: center\">PROCESO DE INTERVENCI\u00d3N EN CASOS DE ABSENTISMO ESCOLAR<\/p>\n<p><a href=\"https:\/\/drive.google.com\/file\/d\/16EbDYF0vv2GP03viySq4u9oRkj89h9Gv\/view?usp=sharing\"><img loading=\"lazy\" loading=\"lazy\" decoding=\"async\" class=\"aligncenter wp-image-9257 \" src=\"https:\/\/blogsaverroes.juntadeandalucia.es\/orientajaen\/files\/2026\/02\/Encuentro-Informativo-Absentismo.pdf-724x1024.jpg\" alt=\"\" width=\"644\" height=\"911\" srcset=\"https:\/\/blogsaverroes.juntadeandalucia.es\/orientajaen\/files\/2026\/02\/Encuentro-Informativo-Absentismo.pdf-724x1024.jpg 724w, https:\/\/blogsaverroes.juntadeandalucia.es\/orientajaen\/files\/2026\/02\/Encuentro-Informativo-Absentismo.pdf-212x300.jpg 212w, https:\/\/blogsaverroes.juntadeandalucia.es\/orientajaen\/files\/2026\/02\/Encuentro-Informativo-Absentismo.pdf-768x1086.jpg 768w, https:\/\/blogsaverroes.juntadeandalucia.es\/orientajaen\/files\/2026\/02\/Encuentro-Informativo-Absentismo.pdf-1086x1536.jpg 1086w, https:\/\/blogsaverroes.juntadeandalucia.es\/orientajaen\/files\/2026\/02\/Encuentro-Informativo-Absentismo.pdf.jpg 1414w\" sizes=\"(max-width: 644px) 100vw, 644px\" \/><\/a><\/p>\n<p>&nbsp;<\/p>\n<p>&nbsp;<\/p>\n<\/div><\/div><\/div>\n<div class=\"col-md-12 col-sm-6 col-xs-12 pt-cv-content-item pt-cv-2-col\" ><div class='pt-cv-ifield'><a href=\"https:\/\/blogsaverroes.juntadeandalucia.es\/orientajaen\/2026\/01\/19\/19-de-enero-2026\/\" class=\"_self pt-cv-href-thumbnail pt-cv-thumb-left\" target=\"_self\" ><\/a>\n<h4 class=\"pt-cv-title\"><a href=\"https:\/\/blogsaverroes.juntadeandalucia.es\/orientajaen\/2026\/01\/19\/19-de-enero-2026\/\" class=\"_self\" target=\"_self\" >19 de enero 2026<\/a><\/h4>\n<div class=\"pt-cv-content\"><p style=\"text-align: center\"><strong>ENCUENTRO INFORMATIVO.<\/strong><\/p>\n<p style=\"text-align: center\">ORIENTACIONES PARA ALUMNADO NEAE QUE NECESITA ADAPTACIONES EN LA P.A.U.<\/p>\n<p><a href=\"https:\/\/drive.google.com\/file\/d\/1TsIhCejw3Qjuk8k36V5b5eNx8mbwCGsk\/view?usp=sharing\"><img loading=\"lazy\" loading=\"lazy\" decoding=\"async\" class=\"aligncenter wp-image-9253 size-large\" src=\"https:\/\/blogsaverroes.juntadeandalucia.es\/orientajaen\/files\/2026\/01\/Encuentro-informativo-adaptaciones-PAU-1024x724.jpg\" alt=\"\" width=\"843\" height=\"596\" srcset=\"https:\/\/blogsaverroes.juntadeandalucia.es\/orientajaen\/files\/2026\/01\/Encuentro-informativo-adaptaciones-PAU-1024x724.jpg 1024w, https:\/\/blogsaverroes.juntadeandalucia.es\/orientajaen\/files\/2026\/01\/Encuentro-informativo-adaptaciones-PAU-300x212.jpg 300w, https:\/\/blogsaverroes.juntadeandalucia.es\/orientajaen\/files\/2026\/01\/Encuentro-informativo-adaptaciones-PAU-768x543.jpg 768w, https:\/\/blogsaverroes.juntadeandalucia.es\/orientajaen\/files\/2026\/01\/Encuentro-informativo-adaptaciones-PAU-1536x1086.jpg 1536w, https:\/\/blogsaverroes.juntadeandalucia.es\/orientajaen\/files\/2026\/01\/Encuentro-informativo-adaptaciones-PAU.jpg 1600w\" sizes=\"(max-width: 843px) 100vw, 843px\" \/><\/a><\/p>\n<p>&nbsp;<\/p>\n<p style=\"text-align: center\"><span style=\"font-size: 14pt\"><strong>ID de reuni\u00f3n: 673 3395 2325<\/strong><\/span><br \/>\n<span style=\"font-size: 14pt\"><strong>C\u00f3digo de acceso: 318555<\/strong><\/span><\/p>\n<p>&nbsp;<\/p>\n<p>&nbsp;<\/p>\n<\/div><\/div><\/div>\n<div class=\"col-md-12 col-sm-6 col-xs-12 pt-cv-content-item pt-cv-2-col\" ><div class='pt-cv-ifield'><a href=\"https:\/\/blogsaverroes.juntadeandalucia.es\/orientajaen\/2026\/01\/13\/13-de-enero-2026\/\" class=\"_self pt-cv-href-thumbnail pt-cv-thumb-left\" target=\"_self\" ><\/a>\n<h4 class=\"pt-cv-title\"><a href=\"https:\/\/blogsaverroes.juntadeandalucia.es\/orientajaen\/2026\/01\/13\/13-de-enero-2026\/\" class=\"_self\" target=\"_self\" >13 de enero 2026<\/a><\/h4>\n<div class=\"pt-cv-content\"><p style=\"text-align: center\"><span style=\"font-size: 12pt\"><strong>ENCUENTRO INFORMATIVO.<\/strong><\/span><\/p>\n<p style=\"text-align: center\"><span style=\"font-size: 12pt\"><strong> \u00abBUENAS PR\u00c1CTICAS PARA LA PUESTA EN MARCHA DEL PROTOCOLO EN CASOS DE MALTRATO INFANTIL\u00bb<\/strong><\/span><\/p>\n<p>&nbsp;<\/p>\n<p style=\"text-align: center\"><a href=\"https:\/\/drive.google.com\/file\/d\/1GBOcg_4awU29IqGm-Icvs10wn1w7GSxP\/view?usp=sharing\"><img loading=\"lazy\" loading=\"lazy\" decoding=\"async\" class=\"alignnone wp-image-9234 size-large\" src=\"https:\/\/blogsaverroes.juntadeandalucia.es\/orientajaen\/files\/2026\/01\/cartel-formacion-protocolo-maltrato-1024x724.png\" alt=\"\" width=\"843\" height=\"596\" srcset=\"https:\/\/blogsaverroes.juntadeandalucia.es\/orientajaen\/files\/2026\/01\/cartel-formacion-protocolo-maltrato-1024x724.png 1024w, https:\/\/blogsaverroes.juntadeandalucia.es\/orientajaen\/files\/2026\/01\/cartel-formacion-protocolo-maltrato-300x212.png 300w, https:\/\/blogsaverroes.juntadeandalucia.es\/orientajaen\/files\/2026\/01\/cartel-formacion-protocolo-maltrato-768x543.png 768w, https:\/\/blogsaverroes.juntadeandalucia.es\/orientajaen\/files\/2026\/01\/cartel-formacion-protocolo-maltrato-1536x1086.png 1536w, https:\/\/blogsaverroes.juntadeandalucia.es\/orientajaen\/files\/2026\/01\/cartel-formacion-protocolo-maltrato-2048x1448.png 2048w, https:\/\/blogsaverroes.juntadeandalucia.es\/orientajaen\/files\/2026\/01\/cartel-formacion-protocolo-maltrato.png 1600w\" sizes=\"(max-width: 843px) 100vw, 843px\" \/><\/a><\/p>\n<p>&nbsp;<\/p>\n<p>&nbsp;<\/p>\n<\/div><\/div><\/div><\/div><\/div>\n<div class=\" pt-cv-pagination-wrapper\"><ul class=\"pt-cv-pagination pt-cv-ajax pagination\" data-totalpages=\"38\" data-currentpage=\"1\" data-sid=\"f083bb9sr1\" data-unid=\"\" data-isblock=\"\" data-postid=\"\"><li class=\"active\"><a href=\"#\">1<\/a><\/li>\n\t<li ><a class=\"\" href=\"https:\/\/blogsaverroes.juntadeandalucia.es\/orientajaen\/wp-json\/wp\/v2\/pages\/4223\/?_page=2\">2<\/a><\/li>\n\t<li ><a class=\"\" href=\"https:\/\/blogsaverroes.juntadeandalucia.es\/orientajaen\/wp-json\/wp\/v2\/pages\/4223\/?_page=3\">3<\/a><\/li>\n\t<li ><a href=\"#\">&hellip;<\/a><\/li>\n\t<li ><a class=\"\" href=\"https:\/\/blogsaverroes.juntadeandalucia.es\/orientajaen\/wp-json\/wp\/v2\/pages\/4223\/?_page=38\">38<\/a><\/li>\n\t<li ><a class=\" \" href=\"https:\/\/blogsaverroes.juntadeandalucia.es\/orientajaen\/wp-json\/wp\/v2\/pages\/4223\/?_page=2\">&rsaquo;<\/a><\/li>\n\t<\/ul><img loading=\"lazy\" decoding=\"async\" width=\"15\" height=\"15\" class=\"pt-cv-spinner\" alt=\"Cargando...\" src=\"data:image\/gif;base64,R0lGODlhDwAPALMPAMrKygwMDJOTkz09PZWVla+vr3p6euTk5M7OzuXl5TMzMwAAAJmZmWZmZszMzP\/\/\/yH\/C05FVFNDQVBFMi4wAwEAAAAh+QQFCgAPACwAAAAADwAPAAAEQvDJaZaZOIcV8iQK8VRX4iTYoAwZ4iCYoAjZ4RxejhVNoT+mRGP4cyF4Pp0N98sBGIBMEMOotl6YZ3S61Bmbkm4mAgAh+QQFCgAPACwAAAAADQANAAAENPDJSRSZeA418itN8QiK8BiLITVsFiyBBIoYqnoewAD4xPw9iY4XLGYSjkQR4UAUD45DLwIAIfkEBQoADwAsAAAAAA8ACQAABC\/wyVlamTi3nSdgwFNdhEJgTJoNyoB9ISYoQmdjiZPcj7EYCAeCF1gEDo4Dz2eIAAAh+QQFCgAPACwCAAAADQANAAAEM\/DJBxiYeLKdX3IJZT1FU0iIg2RNKx3OkZVnZ98ToRD4MyiDnkAh6BkNC0MvsAj0kMpHBAAh+QQFCgAPACwGAAAACQAPAAAEMDC59KpFDll73HkAA2wVY5KgiK5b0RRoI6MuzG6EQqCDMlSGheEhUAgqgUUAFRySIgAh+QQFCgAPACwCAAIADQANAAAEM\/DJKZNLND\/kkKaHc3xk+QAMYDKsiaqmZCxGVjSFFCxB1vwy2oOgIDxuucxAMTAJFAJNBAAh+QQFCgAPACwAAAYADwAJAAAEMNAs86q1yaWwwv2Ig0jUZx3OYa4XoRAfwADXoAwfo1+CIjyFRuEho60aSNYlOPxEAAAh+QQFCgAPACwAAAIADQANAAAENPA9s4y8+IUVcqaWJ4qEQozSoAzoIyhCK2NFU2SJk0hNnyEOhKR2AzAAj4Pj4GE4W0bkJQIAOw==\" \/><div class=\"clear pt-cv-clear-pagination\"><\/div><\/div><\/div>\n<p>&nbsp;<\/p>\n<p>&nbsp;<\/p>\n<p style=\"text-align: center\"><\/li><\/ul><\/div><\/div><\/p>\n<h1 id=\"aui_3_2_0_1404\" style=\"text-align: center\">&nbsp;<\/h1>\n","protected":false},"excerpt":{"rendered":"<p>&nbsp;<\/p>\n","protected":false},"author":1419,"featured_media":7900,"parent":0,"menu_order":0,"comment_status":"closed","ping_status":"closed","template":"page-scs.php","meta":{"ngg_post_thumbnail":0,"footnotes":""},"aioseo_notices":[],"_links":{"self":[{"href":"https:\/\/blogsaverroes.juntadeandalucia.es\/orientajaen\/wp-json\/wp\/v2\/pages\/4223"}],"collection":[{"href":"https:\/\/blogsaverroes.juntadeandalucia.es\/orientajaen\/wp-json\/wp\/v2\/pages"}],"about":[{"href":"https:\/\/blogsaverroes.juntadeandalucia.es\/orientajaen\/wp-json\/wp\/v2\/types\/page"}],"author":[{"embeddable":true,"href":"https:\/\/blogsaverroes.juntadeandalucia.es\/orientajaen\/wp-json\/wp\/v2\/users\/1419"}],"replies":[{"embeddable":true,"href":"https:\/\/blogsaverroes.juntadeandalucia.es\/orientajaen\/wp-json\/wp\/v2\/comments?post=4223"}],"version-history":[{"count":47,"href":"https:\/\/blogsaverroes.juntadeandalucia.es\/orientajaen\/wp-json\/wp\/v2\/pages\/4223\/revisions"}],"predecessor-version":[{"id":7899,"href":"https:\/\/blogsaverroes.juntadeandalucia.es\/orientajaen\/wp-json\/wp\/v2\/pages\/4223\/revisions\/7899"}],"wp:featuredmedia":[{"embeddable":true,"href":"https:\/\/blogsaverroes.juntadeandalucia.es\/orientajaen\/wp-json\/wp\/v2\/media\/7900"}],"wp:attachment":[{"href":"https:\/\/blogsaverroes.juntadeandalucia.es\/orientajaen\/wp-json\/wp\/v2\/media?parent=4223"}],"curies":[{"name":"wp","href":"https:\/\/api.w.org\/{rel}","templated":true}]}}