{"id":4463,"date":"2017-06-04T16:16:42","date_gmt":"2017-06-04T16:16:42","guid":{"rendered":"https:\/\/blogsaverroes.juntadeandalucia.es\/orientajaen\/?page_id=4463"},"modified":"2026-04-22T06:18:50","modified_gmt":"2026-04-22T06:18:50","slug":"directorio","status":"publish","type":"page","link":"https:\/\/blogsaverroes.juntadeandalucia.es\/orientajaen\/directorio\/","title":{"rendered":"ETPOEP: Directorio"},"content":{"rendered":"<p>&nbsp;<\/p>\n<table style=\"width: 100.59%;height: 277px\">\n<tbody>\n<tr style=\"height: 18px\">\n<td style=\"width: 98.65%;height: 18px;text-align: center\" colspan=\"3\"><strong><span style=\"font-family: verdana,geneva,sans-serif;font-size: 14pt\">E<\/span>quipo <span style=\"font-family: verdana,geneva,sans-serif;font-size: 14pt\">T<\/span>\u00e9cnico <span style=\"font-family: verdana,geneva,sans-serif;font-size: 14pt\">P<\/span>rovincial para la <span style=\"font-family: verdana,geneva,sans-serif;font-size: 14pt\">O<\/span>rientaci\u00f3n <span style=\"font-family: verdana,geneva,sans-serif;font-size: 14pt\">E<\/span>ducativa y <span style=\"font-family: verdana,geneva,sans-serif;font-size: 14pt\">P<\/span>rofesional<\/strong><br \/>\n<strong>Delegaci\u00f3n Territorial de Desarrollo Educativo y Formaci\u00f3n Profesional en Ja\u00e9n<\/strong><\/td>\n<\/tr>\n<tr style=\"height: 8px\">\n<td style=\"width: 98.65%;height: 8px\" colspan=\"3\">Paraje del Neveral, s\/n<br \/>\n23080 &#8211; Ja\u00e9n<br \/>\nTwitter: @OrientaJaen<\/td>\n<\/tr>\n<tr style=\"height: 44px\">\n<td style=\"width: 40.64%;height: 44px\"><span style=\"font-size: 10pt\">Coordinaci\u00f3n Provincial del ETPOEP<\/span><\/td>\n<td style=\"width: 39.83%;height: 44px\"><span style=\"font-size: 10pt\">Jes\u00fas Correro Rodr\u00edguez <strong>coordinacionetp.dpja.ced@juntadeandalucia.es<\/strong><\/span><\/td>\n<td style=\"width: 18.16%;height: 44px;text-align: left\"><span style=\"font-size: 10pt\">Tfno.: 600141888&nbsp; Corp.: 641888&nbsp; &nbsp;&nbsp;<br \/>\n<\/span><\/td>\n<\/tr>\n<tr style=\"height: 44px\">\n<td style=\"width: 40.64%;height: 44px\"><span style=\"font-size: 10pt\">Coordinaci\u00f3n del \u00c1rea de Necesidades Educativas Especiales<\/span><\/td>\n<td style=\"width: 39.83%;height: 44px\"><span style=\"font-size: 10pt\">Eva Mar\u00eda Castro Ortega <strong>necesidadesetp.dpja.ced@juntadeandalucia.es<\/strong><\/span><\/td>\n<td style=\"width: 18.16%;height: 44px;text-align: left\"><span style=\"font-size: 10pt\">Tfno.: 671535818&nbsp;&nbsp; Corp.: 635818<\/span><\/td>\n<\/tr>\n<tr style=\"height: 44px\">\n<td style=\"width: 40.64%;height: 44px\"><span style=\"font-size: 10pt\">Coordinaci\u00f3n del \u00c1rea de Compensaci\u00f3n Educativa<\/span><\/td>\n<td style=\"width: 39.83%;height: 44px\"><span style=\"font-size: 10pt\">Encarnaci\u00f3n S\u00e1nchez Robles <strong>compensatoriaetp.dpja.ced@juntadeandalucia.es<\/strong><\/span><\/td>\n<td style=\"width: 18.16%;height: 44px;text-align: left\"><span style=\"font-size: 10pt\">Tfno.: 671537607 &nbsp; Corp.: 637607<\/span><\/td>\n<\/tr>\n<tr style=\"height: 44.88px\">\n<td style=\"width: 40.64%;height: 44px\"><span style=\"font-size: 10pt\">Coordinaci\u00f3n del \u00c1rea de Orientaci\u00f3n Vocacional y Profesional<\/span><\/td>\n<td style=\"width: 39.83%;height: 44px\"><span style=\"font-size: 10pt\"><span style=\"font-size: 13.33px\">Ilde Ortega L\u00f3pez&nbsp; <\/span><strong>orientacionetp.dpja.ced@juntadeandalucia.es<\/strong><\/span><\/td>\n<td style=\"width: 18.16%;height: 44px;text-align: left\"><span style=\"font-size: 10pt\">Tfno.:&nbsp;671539148&nbsp;&nbsp; Corp.: 639148<\/span><\/td>\n<\/tr>\n<tr style=\"height: 44px\">\n<td style=\"width: 40.64%;height: 44px\"><span style=\"font-size: 10pt\">Coordinaci\u00f3n del \u00c1rea de Apoyo a la Acci\u00f3n Tutorial y Asesoramiento a la Convivencia Escolar<\/span><\/td>\n<td style=\"width: 39.83%;height: 44px\"><span style=\"font-size: 10pt\">Rosa Mar\u00eda Mesa del Moral <strong>acciontutorialetp.dpja.ced@juntadeandalucia.es<\/strong><\/span><\/td>\n<td style=\"width: 18.16%;height: 44px;text-align: left\"><span style=\"font-size: 10pt\">Tfno.: 671539142 Corp.: 639142<\/span><\/td>\n<\/tr>\n<tr style=\"height: 44px\">\n<td style=\"width: 40.64%;height: 31px\"><span style=\"font-size: 10pt\">Coordinaci\u00f3n del \u00c1rea de Recursos T\u00e9cnicos<\/span><\/td>\n<td style=\"width: 39.83%;height: 31px\"><span style=\"font-size: 13.33px\">Toni Susi Mozas&nbsp; <strong>recursosetp.dpja.ced@juntadeandalucia.es<\/strong><\/span><\/td>\n<td style=\"width: 18.16%;height: 31px;text-align: left\"><span style=\"font-size: 10pt\">Tfno.: 671537605 &nbsp;Corp.: 637605<\/span><\/td>\n<\/tr>\n<\/tbody>\n<\/table>\n<p>&nbsp;<\/p>\n<table style=\"width: 100.72%;height: 109px\">\n<tbody>\n<tr style=\"height: 22px\">\n<td style=\"width: 109.23%;height: 22px;text-align: center\" colspan=\"3\"><span style=\"font-size: 10pt\"><strong>OTROS\/AS&nbsp; PROFESIONALES CON FUNCIONES ASOCIADAS AL ETPOEP\u2013 JA\u00c9N<\/strong><\/span><\/td>\n<\/tr>\n<tr style=\"height: 31.95px\">\n<td style=\"width: 27.5343%;height: 63px\" rowspan=\"3\"><span style=\"font-size: 10pt\">Equipo de bienestar Emocional<\/span><br \/>\n<span style=\"font-size: 10pt\"><br \/>\n<\/span><span style=\"font-size: 10pt\"><br \/>\n<\/span><\/td>\n<td style=\"width: 48.7843%;height: 63px\">\n<ul>\n<li><span data-sheets-root=\"1\">Alberto Chamorro Garrido<\/span><\/li>\n<\/ul>\n<p><span style=\"font-size: 10pt\"><strong>bienestaremocional.dpja.ced@juntadeandalucia.es<\/strong><\/span><\/td>\n<td style=\"width: 32.9114%;height: 63px\"><span style=\"font-size: 10pt\" data-sheets-root=\"1\">Tlf: 600141892<\/span><\/p>\n<p><span style=\"font-size: 10pt\" data-sheets-root=\"1\">Corp.:641892<\/span><\/td>\n<\/tr>\n<tr>\n<td style=\"width: 48.7843%\">\n<ul>\n<li><span data-sheets-root=\"1\">Marta Emelina Diez Bonilla<\/span><\/li>\n<\/ul>\n<p><span style=\"font-size: 10pt\"><strong>bienestaremocional.dpja.ced@juntadeandalucia.es<\/strong><\/span><\/td>\n<td style=\"width: 32.9114%\"><span style=\"font-size: 10pt\">Tlf: 608642427<\/span><\/p>\n<p><span style=\"font-size: 10pt\">Corp.: 762973<\/span><\/td>\n<\/tr>\n<tr>\n<td style=\"width: 48.7843%\">\n<ul>\n<li><span data-sheets-root=\"1\">Raquel Ayala Romero<\/span><\/li>\n<\/ul>\n<p><span style=\"font-size: 10pt\"><strong>bienestaremocional.dpja.ced@juntadeandalucia.es<\/strong><\/span><\/td>\n<td style=\"width: 32.9114%\"><span style=\"font-size: 10pt\"><span data-sheets-root=\"1\"><span style=\"font-size: 12pt\">Tlf: <\/span>600140450\/ <\/span><\/span><\/p>\n<p><span style=\"font-size: 10pt\"><span data-sheets-root=\"1\">Corp.: 640450<\/span><\/span><\/td>\n<\/tr>\n<tr style=\"height: 31.95px\">\n<td style=\"width: 27.5343%;height: 63px\"><span style=\"font-size: 10pt\">Trabajadora Social<\/span><\/td>\n<td style=\"width: 48.7843%;height: 63px\"><span style=\"font-size: 10pt\">Mar\u00eda Jos\u00e9 Garc\u00eda Romero <strong>mariaj.garcia.romero@juntadeandalucia.es<\/strong><\/span><\/td>\n<td style=\"width: 32.9114%;height: 63px\"><span style=\"font-size: 10pt\">Tfno.: 600140459&nbsp; &nbsp; &nbsp; &nbsp;<\/span><\/p>\n<p><span style=\"font-family: inherit;font-size: 10pt\">Corp.: 640459<\/span><\/td>\n<\/tr>\n<\/tbody>\n<\/table>\n<p>&nbsp;<\/p>\n<p><strong><span style=\"font-size: 10pt\">NORMATIVA:<\/span><\/strong><\/p>\n<p><span style=\"font-size: 10pt\">De acuerdo con lo recogido en el art. 16 del <a href=\"http:\/\/www.juntadeandalucia.es\/boja\/1995\/153\/6\" target=\"_blank\" rel=\"noopener noreferrer\">Decreto 213\/1995, de 12 de septiembre de 1995 (BOJA de 29\/11\/995)<\/a>, \u00ab<em>en cada Delegaci\u00f3n Provincial de la Consejer\u00eda de Educaci\u00f3n existir\u00e1 un Equipo T\u00e9cnico Provincial para la Orientaci\u00f3n Educativa y Profesional, que depender\u00e1 del Jefe de Servicio de Ordenaci\u00f3n Educativa para la organizaci\u00f3n y desarrollo de las funciones que tiene encomendadas\u00bb<\/em>.<\/span><\/p>\n<p><span style=\"font-size: 10pt\"><a href=\"http:\/\/www.juntadeandalucia.es\/boja\/2003\/36\/5\" target=\"_blank\" rel=\"noopener noreferrer\">El Decreto 39\/2003 de 18 de febrero, (BOJA n\u00ba 36, de 21 de febrero de 2003)<\/a>, por el que se regula la provisi\u00f3n de los puestos de trabajo de los Equipos de Orientaci\u00f3n Educativa adscritos al personal docente y se establecen las funciones de los coordinadores de \u00e1rea de los Equipos T\u00e9cnicos Provinciales, dedica el CAP\u00cdTULO III a los EQUIPOS T\u00c9CNICOS PROVINCIALES PARA LA ORIENTACI\u00d3N EDUCATIVA Y PROFESIONAL.<\/span><br \/>\n<span style=\"font-size: 10pt\">En su art\u00edculo 5 (Composici\u00f3n de los Equipos T\u00e9cnicos Provinciales), establece: \u00ab<em>Los Equipos T\u00e9cnicos Provinciales para la Orientaci\u00f3n Educativa y Profesional estar\u00e1n compuestos por un coordinador provincial, un coordinador del \u00e1rea de orientaci\u00f3n vocacional y profesional, un coordinador del \u00e1rea de atenci\u00f3n a las necesidades educativas especiales, un coordinador del \u00e1rea de compensaci\u00f3n educativa, un coordinador del \u00e1rea de apoyo a la funci\u00f3n tutorial del profesorado y de asesoramiento sobre convivencia escolar y un coordinador del \u00e1rea de recursos t\u00e9cnicos<\/em>\u00ab.<\/span><\/p>\n<p><span style=\"font-size: 10pt\"><a href=\"http:\/\/www.juntadeandalucia.es\/boja\/1995\/153\/6\" target=\"_blank\" rel=\"noopener noreferrer\">El Decreto 213\/1995, de 12 de septiembre de 1995 (BOJA de 29\/11\/1995)<\/a>, por el que se regulan los Equipos de Orientaci\u00f3n Educativa,&nbsp; establece en el art\u00edculo 17 las funciones del mismo:<\/span><\/p>\n<ol>\n<li><em><span style=\"font-size: 10pt\">\u00abColaborar con los servicios de la Consejer\u00eda de Educaci\u00f3n y Ciencia en la planificaci\u00f3n, desarrollo y evaluaci\u00f3n de las actuaciones de los Equipos de Orientaci\u00f3n Educativa y de los Departamentos de Orientaci\u00f3n.<\/span><\/em><\/li>\n<li><em><span style=\"font-size: 10pt\">Impulsar y coordinar las actuaciones de los Equipos de Orientaci\u00f3n Educativa de la provincia en las diferentes \u00e1reas de trabajo y de los Departamentos de Orientaci\u00f3n, posibilitando el intercambio de experiencias y la elaboraci\u00f3n de materiales y documentos de orientaci\u00f3n educativa e intervenci\u00f3n psicopedag\u00f3gica.<\/span><\/em><\/li>\n<li><em><span style=\"font-size: 10pt\">Proponer planes de formaci\u00f3n permanente para los profesionales de los Equipos de Orientaci\u00f3n Educativa y Departamentos de Orientaci\u00f3n, en el marco del plan provincial de formaci\u00f3n permanente del profesorado, y colaborar en su desarrollo y evaluaci\u00f3n.<\/span><\/em><\/li>\n<li><em><span style=\"font-size: 10pt\">Determinar las l\u00edneas de actuaci\u00f3n prioritarias de la provincia en lo relativo a la planificaci\u00f3n, desarrollo y evaluaci\u00f3n de actuaciones y programas relacionados con las distintas funciones de los Equipos de Orientaci\u00f3n Educativa, de acuerdo con las directrices de la Consejer\u00eda de Educaci\u00f3n y Ciencia.<\/span><\/em><\/li>\n<li><em><span style=\"font-size: 10pt\">Colaborar con los servicios de la Consejer\u00eda de Educaci\u00f3n y Ciencia en lo relativo a la planificaci\u00f3n, educativa de los medios y recursos necesarios para la atenci\u00f3n a la diversidad de los alumnos y alumnas, particularmente en el \u00e1rea de las necesidades educativas especiales y de la compensaci\u00f3n educativa\u00bb.<\/span><\/em><\/li>\n<\/ol>\n","protected":false},"excerpt":{"rendered":"<p>&nbsp; Equipo T\u00e9cnico Provincial para la Orientaci\u00f3n Educativa y Profesional Delegaci\u00f3n Territorial de Desarrollo Educativo y Formaci\u00f3n Profesional en Ja\u00e9n Paraje del Neveral, s\/n 23080&hellip;<\/p>\n","protected":false},"author":1213,"featured_media":0,"parent":0,"menu_order":0,"comment_status":"closed","ping_status":"closed","template":"elementor_header_footer","meta":{"ngg_post_thumbnail":0,"footnotes":""},"aioseo_notices":[],"_links":{"self":[{"href":"https:\/\/blogsaverroes.juntadeandalucia.es\/orientajaen\/wp-json\/wp\/v2\/pages\/4463"}],"collection":[{"href":"https:\/\/blogsaverroes.juntadeandalucia.es\/orientajaen\/wp-json\/wp\/v2\/pages"}],"about":[{"href":"https:\/\/blogsaverroes.juntadeandalucia.es\/orientajaen\/wp-json\/wp\/v2\/types\/page"}],"author":[{"embeddable":true,"href":"https:\/\/blogsaverroes.juntadeandalucia.es\/orientajaen\/wp-json\/wp\/v2\/users\/1213"}],"replies":[{"embeddable":true,"href":"https:\/\/blogsaverroes.juntadeandalucia.es\/orientajaen\/wp-json\/wp\/v2\/comments?post=4463"}],"version-history":[{"count":63,"href":"https:\/\/blogsaverroes.juntadeandalucia.es\/orientajaen\/wp-json\/wp\/v2\/pages\/4463\/revisions"}],"predecessor-version":[{"id":9283,"href":"https:\/\/blogsaverroes.juntadeandalucia.es\/orientajaen\/wp-json\/wp\/v2\/pages\/4463\/revisions\/9283"}],"wp:attachment":[{"href":"https:\/\/blogsaverroes.juntadeandalucia.es\/orientajaen\/wp-json\/wp\/v2\/media?parent=4463"}],"curies":[{"name":"wp","href":"https:\/\/api.w.org\/{rel}","templated":true}]}}