{"id":4991,"date":"2017-07-28T17:55:08","date_gmt":"2017-07-28T17:55:08","guid":{"rendered":"https:\/\/blogsaverroes.juntadeandalucia.es\/orientajaen\/?page_id=4991"},"modified":"2020-03-30T18:18:16","modified_gmt":"2020-03-30T18:18:16","slug":"at-igualdad-portales","status":"publish","type":"page","link":"https:\/\/blogsaverroes.juntadeandalucia.es\/orientajaen\/at-igualdad-portales\/","title":{"rendered":"AT: IGUALDAD \u2013 Portales"},"content":{"rendered":"<p><span style=\"font-size: 10pt\"><strong>Unidad de igualdad de g\u00e9nero: Materiales y documentaci\u00f3n.<\/strong><\/span><\/p>\n<p><a href=\"https:\/\/www.juntadeandalucia.es\/institutodelamujer\/institutodelamujer\/ugen\/mats_docs\" target=\"_blank\" rel=\"noopener noreferrer\"><img fetchpriority=\"high\" decoding=\"async\" class=\"size-medium wp-image-7252 aligncenter\" src=\"https:\/\/blogsaverroes.juntadeandalucia.es\/orientajaen\/files\/2020\/03\/UIG\u00c9NERO_MATERIALES-300x177.jpg\" alt=\"\" width=\"300\" height=\"177\" srcset=\"https:\/\/blogsaverroes.juntadeandalucia.es\/orientajaen\/files\/2020\/03\/UIG\u00c9NERO_MATERIALES-300x177.jpg 300w, https:\/\/blogsaverroes.juntadeandalucia.es\/orientajaen\/files\/2020\/03\/UIG\u00c9NERO_MATERIALES-24x14.jpg 24w, https:\/\/blogsaverroes.juntadeandalucia.es\/orientajaen\/files\/2020\/03\/UIG\u00c9NERO_MATERIALES-36x21.jpg 36w, https:\/\/blogsaverroes.juntadeandalucia.es\/orientajaen\/files\/2020\/03\/UIG\u00c9NERO_MATERIALES-48x28.jpg 48w, https:\/\/blogsaverroes.juntadeandalucia.es\/orientajaen\/files\/2020\/03\/UIG\u00c9NERO_MATERIALES.jpg 711w\" sizes=\"(max-width: 300px) 100vw, 300px\" \/><\/a><\/p>\n<p><span style=\"font-size: 10pt\"><strong>Observatorio andaluz de la publicidad no sexista. Caminando hacia una publicidad en positivo.<\/strong><\/span><\/p>\n<p><a href=\"http:\/\/www.juntadeandalucia.es\/institutodelamujer\/index.php\/observatorio-andaluz-de-publicidad-no-sexista\" target=\"_blank\" rel=\"noopener noreferrer\"><img decoding=\"async\" class=\"size-medium wp-image-7255 aligncenter\" src=\"https:\/\/blogsaverroes.juntadeandalucia.es\/orientajaen\/files\/2020\/03\/1.-PUBLICIDAD_NO-SEXISTA-300x114.jpg\" alt=\"\" width=\"300\" height=\"114\" srcset=\"https:\/\/blogsaverroes.juntadeandalucia.es\/orientajaen\/files\/2020\/03\/1.-PUBLICIDAD_NO-SEXISTA-300x114.jpg 300w, https:\/\/blogsaverroes.juntadeandalucia.es\/orientajaen\/files\/2020\/03\/1.-PUBLICIDAD_NO-SEXISTA-768x291.jpg 768w, https:\/\/blogsaverroes.juntadeandalucia.es\/orientajaen\/files\/2020\/03\/1.-PUBLICIDAD_NO-SEXISTA-1024x388.jpg 1024w, https:\/\/blogsaverroes.juntadeandalucia.es\/orientajaen\/files\/2020\/03\/1.-PUBLICIDAD_NO-SEXISTA-24x9.jpg 24w, https:\/\/blogsaverroes.juntadeandalucia.es\/orientajaen\/files\/2020\/03\/1.-PUBLICIDAD_NO-SEXISTA-36x14.jpg 36w, https:\/\/blogsaverroes.juntadeandalucia.es\/orientajaen\/files\/2020\/03\/1.-PUBLICIDAD_NO-SEXISTA-48x18.jpg 48w, https:\/\/blogsaverroes.juntadeandalucia.es\/orientajaen\/files\/2020\/03\/1.-PUBLICIDAD_NO-SEXISTA.jpg 1056w\" sizes=\"(max-width: 300px) 100vw, 300px\" \/><\/a><\/p>\n<p>&nbsp;<\/p>\n<p><span style=\"font-size: 10pt\"><strong>Violencia de G\u00e9nero. Por una sociedad libre de violencia de g\u00e9nero.<\/strong><\/span><\/p>\n<p><a href=\"http:\/\/www.violenciagenero.igualdad.gob.es\/\" target=\"_blank\" rel=\"noopener noreferrer\"><img decoding=\"async\" class=\"size-medium wp-image-7256 aligncenter\" src=\"https:\/\/blogsaverroes.juntadeandalucia.es\/orientajaen\/files\/2020\/03\/2.-GOBIERNO_CONTRA_VG-300x129.jpg\" alt=\"\" width=\"300\" height=\"129\" srcset=\"https:\/\/blogsaverroes.juntadeandalucia.es\/orientajaen\/files\/2020\/03\/2.-GOBIERNO_CONTRA_VG-300x129.jpg 300w, https:\/\/blogsaverroes.juntadeandalucia.es\/orientajaen\/files\/2020\/03\/2.-GOBIERNO_CONTRA_VG-768x329.jpg 768w, https:\/\/blogsaverroes.juntadeandalucia.es\/orientajaen\/files\/2020\/03\/2.-GOBIERNO_CONTRA_VG-1024x439.jpg 1024w, https:\/\/blogsaverroes.juntadeandalucia.es\/orientajaen\/files\/2020\/03\/2.-GOBIERNO_CONTRA_VG-24x10.jpg 24w, https:\/\/blogsaverroes.juntadeandalucia.es\/orientajaen\/files\/2020\/03\/2.-GOBIERNO_CONTRA_VG-36x15.jpg 36w, https:\/\/blogsaverroes.juntadeandalucia.es\/orientajaen\/files\/2020\/03\/2.-GOBIERNO_CONTRA_VG-48x21.jpg 48w, https:\/\/blogsaverroes.juntadeandalucia.es\/orientajaen\/files\/2020\/03\/2.-GOBIERNO_CONTRA_VG.jpg 1108w\" sizes=\"(max-width: 300px) 100vw, 300px\" \/><\/a><\/p>\n<p>&nbsp;<\/p>\n<p><span style=\"font-size: 10pt\"><strong>Instituto de la Mujer y para la Igualdad de Oportunidades.<\/strong><\/span><\/p>\n<p><a href=\"http:\/\/www.inmujer.gob.es\/\" target=\"_blank\" rel=\"noopener noreferrer\"><img loading=\"lazy\" decoding=\"async\" class=\"size-medium wp-image-7257 aligncenter\" src=\"https:\/\/blogsaverroes.juntadeandalucia.es\/orientajaen\/files\/2020\/03\/3.-IAM_IGUALDAD_OPORT-300x84.jpg\" alt=\"\" width=\"300\" height=\"84\" srcset=\"https:\/\/blogsaverroes.juntadeandalucia.es\/orientajaen\/files\/2020\/03\/3.-IAM_IGUALDAD_OPORT-300x84.jpg 300w, https:\/\/blogsaverroes.juntadeandalucia.es\/orientajaen\/files\/2020\/03\/3.-IAM_IGUALDAD_OPORT-768x214.jpg 768w, https:\/\/blogsaverroes.juntadeandalucia.es\/orientajaen\/files\/2020\/03\/3.-IAM_IGUALDAD_OPORT-1024x286.jpg 1024w, https:\/\/blogsaverroes.juntadeandalucia.es\/orientajaen\/files\/2020\/03\/3.-IAM_IGUALDAD_OPORT-24x7.jpg 24w, https:\/\/blogsaverroes.juntadeandalucia.es\/orientajaen\/files\/2020\/03\/3.-IAM_IGUALDAD_OPORT-36x10.jpg 36w, https:\/\/blogsaverroes.juntadeandalucia.es\/orientajaen\/files\/2020\/03\/3.-IAM_IGUALDAD_OPORT-48x13.jpg 48w, https:\/\/blogsaverroes.juntadeandalucia.es\/orientajaen\/files\/2020\/03\/3.-IAM_IGUALDAD_OPORT.jpg 1558w\" sizes=\"(max-width: 300px) 100vw, 300px\" \/><\/a><\/p>\n<p>&nbsp;<\/p>\n<p><span style=\"font-size: 10pt\"><strong>Intercambia. Educar en femenino y en masculino.<\/strong><\/span><\/p>\n<p><a href=\"http:\/\/www.educacionyfp.gob.es\/educacion\/mc\/intercambia\/presentacion.html\" target=\"_blank\" rel=\"noopener noreferrer\"><img loading=\"lazy\" decoding=\"async\" class=\"size-medium wp-image-7258 aligncenter\" src=\"https:\/\/blogsaverroes.juntadeandalucia.es\/orientajaen\/files\/2020\/03\/4.-INTERCAMBIA-300x141.jpg\" alt=\"\" width=\"300\" height=\"141\" srcset=\"https:\/\/blogsaverroes.juntadeandalucia.es\/orientajaen\/files\/2020\/03\/4.-INTERCAMBIA-300x141.jpg 300w, https:\/\/blogsaverroes.juntadeandalucia.es\/orientajaen\/files\/2020\/03\/4.-INTERCAMBIA-768x362.jpg 768w, https:\/\/blogsaverroes.juntadeandalucia.es\/orientajaen\/files\/2020\/03\/4.-INTERCAMBIA-1024x482.jpg 1024w, https:\/\/blogsaverroes.juntadeandalucia.es\/orientajaen\/files\/2020\/03\/4.-INTERCAMBIA-640x300.jpg 640w, https:\/\/blogsaverroes.juntadeandalucia.es\/orientajaen\/files\/2020\/03\/4.-INTERCAMBIA-24x11.jpg 24w, https:\/\/blogsaverroes.juntadeandalucia.es\/orientajaen\/files\/2020\/03\/4.-INTERCAMBIA-36x17.jpg 36w, https:\/\/blogsaverroes.juntadeandalucia.es\/orientajaen\/files\/2020\/03\/4.-INTERCAMBIA-48x23.jpg 48w, https:\/\/blogsaverroes.juntadeandalucia.es\/orientajaen\/files\/2020\/03\/4.-INTERCAMBIA.jpg 1280w\" sizes=\"(max-width: 300px) 100vw, 300px\" \/><\/a><\/p>\n<p>&nbsp;<\/p>\n<p><strong><span style=\"font-size: 10pt\">Atenci\u00f3n a la mujer. Apoyamos\/Protegemos a la mujer v\u00edctima de violencia (<\/span><\/strong><span style=\"font-size: 10pt\">Movimiento por la Paz, ONG que defiende los derechos de las mujeres maltratadas).<\/span><\/p>\n<p><a href=\"http:\/\/www.mpdl.org\/nuestro-trabajo\/espana\/migracion\/atencion-mujer?gclid=Cj0KCQjw_JrMBRDPARIsACis1Hyq3CXNM35fNJe2v8e46deMECrd--900l6asFC7NCIFTmXcoBxhPR0aAql9EALw_wcB#sthash.eaKC5g8f.ILEDTT6B.dpbs\" target=\"_blank\" rel=\"noopener noreferrer\"><img loading=\"lazy\" decoding=\"async\" class=\"size-medium wp-image-7259 aligncenter\" src=\"https:\/\/blogsaverroes.juntadeandalucia.es\/orientajaen\/files\/2020\/03\/5.-PROTEGEMOS_MUJER-300x155.jpg\" alt=\"\" width=\"300\" height=\"155\" srcset=\"https:\/\/blogsaverroes.juntadeandalucia.es\/orientajaen\/files\/2020\/03\/5.-PROTEGEMOS_MUJER-300x155.jpg 300w, https:\/\/blogsaverroes.juntadeandalucia.es\/orientajaen\/files\/2020\/03\/5.-PROTEGEMOS_MUJER-768x397.jpg 768w, https:\/\/blogsaverroes.juntadeandalucia.es\/orientajaen\/files\/2020\/03\/5.-PROTEGEMOS_MUJER-1024x529.jpg 1024w, https:\/\/blogsaverroes.juntadeandalucia.es\/orientajaen\/files\/2020\/03\/5.-PROTEGEMOS_MUJER-24x12.jpg 24w, https:\/\/blogsaverroes.juntadeandalucia.es\/orientajaen\/files\/2020\/03\/5.-PROTEGEMOS_MUJER-36x19.jpg 36w, https:\/\/blogsaverroes.juntadeandalucia.es\/orientajaen\/files\/2020\/03\/5.-PROTEGEMOS_MUJER-48x25.jpg 48w, https:\/\/blogsaverroes.juntadeandalucia.es\/orientajaen\/files\/2020\/03\/5.-PROTEGEMOS_MUJER.jpg 1133w\" sizes=\"(max-width: 300px) 100vw, 300px\" \/><\/a><\/p>\n<p>&nbsp;<\/p>\n<p><span style=\"font-size: 10pt\"><strong>Portal de Igualdad.<\/strong><\/span><\/p>\n<p><a href=\"http:\/\/www.juntadeandalucia.es\/educacion\/webportal\/web\/portal-de-igualdad\" target=\"_blank\" rel=\"noopener noreferrer\"><img loading=\"lazy\" decoding=\"async\" class=\"size-medium wp-image-7260 aligncenter\" src=\"https:\/\/blogsaverroes.juntadeandalucia.es\/orientajaen\/files\/2020\/03\/6.-PORTAL_IGUALDAD-300x146.jpg\" alt=\"\" width=\"300\" height=\"146\" srcset=\"https:\/\/blogsaverroes.juntadeandalucia.es\/orientajaen\/files\/2020\/03\/6.-PORTAL_IGUALDAD-300x146.jpg 300w, https:\/\/blogsaverroes.juntadeandalucia.es\/orientajaen\/files\/2020\/03\/6.-PORTAL_IGUALDAD-768x374.jpg 768w, https:\/\/blogsaverroes.juntadeandalucia.es\/orientajaen\/files\/2020\/03\/6.-PORTAL_IGUALDAD-24x12.jpg 24w, https:\/\/blogsaverroes.juntadeandalucia.es\/orientajaen\/files\/2020\/03\/6.-PORTAL_IGUALDAD-36x18.jpg 36w, https:\/\/blogsaverroes.juntadeandalucia.es\/orientajaen\/files\/2020\/03\/6.-PORTAL_IGUALDAD-48x23.jpg 48w, https:\/\/blogsaverroes.juntadeandalucia.es\/orientajaen\/files\/2020\/03\/6.-PORTAL_IGUALDAD.jpg 854w\" sizes=\"(max-width: 300px) 100vw, 300px\" \/><\/a><\/p>\n<p>&nbsp;<\/p>\n<p><span style=\"font-size: 10pt\"><strong>Equidad \/ Mujeres y g\u00e9nero \/ Salud sexual y reproductiva.<\/strong><\/span><\/p>\n<p><a href=\"https:\/\/www.mscbs.gob.es\/organizacion\/sns\/planCalidadSNS\/e02_t04.htm\" target=\"_blank\" rel=\"noopener noreferrer\"><img loading=\"lazy\" decoding=\"async\" class=\"size-medium wp-image-7261 aligncenter\" src=\"https:\/\/blogsaverroes.juntadeandalucia.es\/orientajaen\/files\/2020\/03\/7.-EQUIDAD_MUJERES-Y-G\u00c9NERO-300x165.jpg\" alt=\"\" width=\"300\" height=\"165\" srcset=\"https:\/\/blogsaverroes.juntadeandalucia.es\/orientajaen\/files\/2020\/03\/7.-EQUIDAD_MUJERES-Y-G\u00c9NERO-300x165.jpg 300w, https:\/\/blogsaverroes.juntadeandalucia.es\/orientajaen\/files\/2020\/03\/7.-EQUIDAD_MUJERES-Y-G\u00c9NERO-768x423.jpg 768w, https:\/\/blogsaverroes.juntadeandalucia.es\/orientajaen\/files\/2020\/03\/7.-EQUIDAD_MUJERES-Y-G\u00c9NERO-24x13.jpg 24w, https:\/\/blogsaverroes.juntadeandalucia.es\/orientajaen\/files\/2020\/03\/7.-EQUIDAD_MUJERES-Y-G\u00c9NERO-36x20.jpg 36w, https:\/\/blogsaverroes.juntadeandalucia.es\/orientajaen\/files\/2020\/03\/7.-EQUIDAD_MUJERES-Y-G\u00c9NERO-48x26.jpg 48w, https:\/\/blogsaverroes.juntadeandalucia.es\/orientajaen\/files\/2020\/03\/7.-EQUIDAD_MUJERES-Y-G\u00c9NERO.jpg 799w\" sizes=\"(max-width: 300px) 100vw, 300px\" \/><\/a><\/p>\n","protected":false},"excerpt":{"rendered":"<p>Unidad de igualdad de g\u00e9nero: Materiales y documentaci\u00f3n. Observatorio andaluz de la publicidad no sexista. Caminando hacia una publicidad en positivo. &nbsp; Violencia de G\u00e9nero.&hellip;<\/p>\n","protected":false},"author":1213,"featured_media":0,"parent":0,"menu_order":0,"comment_status":"closed","ping_status":"closed","template":"","meta":{"ngg_post_thumbnail":0,"footnotes":""},"aioseo_notices":[],"_links":{"self":[{"href":"https:\/\/blogsaverroes.juntadeandalucia.es\/orientajaen\/wp-json\/wp\/v2\/pages\/4991"}],"collection":[{"href":"https:\/\/blogsaverroes.juntadeandalucia.es\/orientajaen\/wp-json\/wp\/v2\/pages"}],"about":[{"href":"https:\/\/blogsaverroes.juntadeandalucia.es\/orientajaen\/wp-json\/wp\/v2\/types\/page"}],"author":[{"embeddable":true,"href":"https:\/\/blogsaverroes.juntadeandalucia.es\/orientajaen\/wp-json\/wp\/v2\/users\/1213"}],"replies":[{"embeddable":true,"href":"https:\/\/blogsaverroes.juntadeandalucia.es\/orientajaen\/wp-json\/wp\/v2\/comments?post=4991"}],"version-history":[{"count":9,"href":"https:\/\/blogsaverroes.juntadeandalucia.es\/orientajaen\/wp-json\/wp\/v2\/pages\/4991\/revisions"}],"predecessor-version":[{"id":7262,"href":"https:\/\/blogsaverroes.juntadeandalucia.es\/orientajaen\/wp-json\/wp\/v2\/pages\/4991\/revisions\/7262"}],"wp:attachment":[{"href":"https:\/\/blogsaverroes.juntadeandalucia.es\/orientajaen\/wp-json\/wp\/v2\/media?parent=4991"}],"curies":[{"name":"wp","href":"https:\/\/api.w.org\/{rel}","templated":true}]}}