{"id":5037,"date":"2017-08-01T15:25:04","date_gmt":"2017-08-01T15:25:04","guid":{"rendered":"https:\/\/blogsaverroes.juntadeandalucia.es\/orientajaen\/?page_id=5037"},"modified":"2017-09-29T05:56:32","modified_gmt":"2017-09-29T05:56:32","slug":"at-id-alumnado-con-medidas-de-proteccion-tutelados","status":"publish","type":"page","link":"https:\/\/blogsaverroes.juntadeandalucia.es\/orientajaen\/at-id-alumnado-con-medidas-de-proteccion-tutelados\/","title":{"rendered":"AT: ID \u2013 Alumnado con medidas de protecci\u00f3n \u2013 Tutelados"},"content":{"rendered":"<p style=\"text-align: center\"><strong><span style=\"font-size: 12pt\">PROPUESTA PARA LA ELABORACI\u00d3N DEL PLAN DE ACOGIDA <\/span><\/strong><\/p>\n<p style=\"text-align: center\"><strong><span style=\"font-size: 12pt\">AL ALUMNADO CON MEDIDAS DE PROTECCI\u00d3N EN LOS CENTROS EDUCATIVOS<\/span><\/strong><\/p>\n<p><span style=\"font-size: 10pt\"><strong>INTRODUCCI\u00d3N<\/strong><\/span><\/p>\n<p><span style=\"font-size: 10pt\">La escuela es siempre reflejo de la realidad social en la que se est\u00e1 inmersa, siendo un espacio privilegiado de encuentro y reflexi\u00f3n.<\/span><br \/>\n<span style=\"font-size: 10pt\"> Los menores sujetos a medidas de protecci\u00f3n tienen derecho a que las Administraciones P\u00fablicas que intervengan en su caso act\u00faen de forma coordinada, en beneficio de su situaci\u00f3n personal y familiar.<\/span><\/p>\n<p><span style=\"font-size: 10pt\"><strong>CONTEXTUALIZACI\u00d3N: Plan de Acogida al alumnado con alguna medida de protecci\u00f3n<\/strong><\/span><\/p>\n<p><span style=\"font-size: 10pt\">Las experiencias de maltrato sufridas por ni\u00f1os y ni\u00f1as no pasan sobre el psiquismo infantil sin dejar huella. Las secuelas pueden incluir el retraso f\u00edsico y psicomotor, problemas intelectuales, dificultades para una relaci\u00f3n confiada y segura con los dem\u00e1s, muy baja autoestima, conductas o bien agresivas y descontroladas, o bien muy retra\u00eddas, que van a afectar a su desarrollo psicol\u00f3gico, a sus relaciones, a su adaptaci\u00f3n familiar y escolar, a su rendimiento acad\u00e9mico.<\/span><br \/>\n<span style=\"font-size: 10pt\"> La edad en que ocurren todas estas situaciones determina en gran parte c\u00f3mo son vividas. En los a\u00f1os de educaci\u00f3n infantil es frecuente que se sientan culpables de lo que ha ocurrido. En la etapa de educaci\u00f3n primaria pueden entender mejor las causas de la separaci\u00f3n, pero la falta de informaci\u00f3n sobre algunos detalles y el deseo de ser como la mayor\u00eda les lleva a veces a fantasear sobre el pasado y a inventar historias como que su padre y su madre se han ido de vacaciones, pero muy pronto volver\u00e1n y estar\u00e1n otra vez juntos. En la adolescencia son m\u00e1s frecuentes los s\u00edntomas depresivos o la agresividad, mostrando as\u00ed su rabia y desesperaci\u00f3n.<\/span><br \/>\n<span style=\"font-size: 10pt\"> Por ello es tan importante que en sus nuevos contextos de desarrollo (centros, familias, escuela), sea cual sea su edad, estos ni\u00f1os y ni\u00f1as se sientan seguros, aceptados y acompa\u00f1ados, y que puedan expresar abiertamente sus sentimientos con alguien. Adem\u00e1s, deben saber expl\u00edcitamente qu\u00e9 se espera de ellos y ellas, conocer las nuevas normas y las consecuencias de no cumplirlas. Y, sobre todo, recibir mucha comprensi\u00f3n y mucho afecto. Sin esos ingredientes, la tarea educativa se hace mucho m\u00e1s dif\u00edcil y su adaptaci\u00f3n m\u00e1s complicada.<\/span><br \/>\n<span style=\"font-size: 10pt\"> Para chicos y chicas que han crecido en situaciones de riesgo, su nueva realidad \u2013incluida la escolar- debe consistir en experiencias de protecci\u00f3n y oportunidades para un desarrollo m\u00e1s positivo.<\/span><\/p>\n<p><span style=\"font-size: 10pt\"><strong>PLAN DE ACOGIDA<\/strong><\/span><\/p>\n<p><span style=\"font-size: 10pt\">La importancia que tiene una buena acogida en el centro escolar muchas veces es determinante para el futuro desarrollo del alumnado. En el caso que nos ocupa, alumnado con alguna medida de protecci\u00f3n, al poderse incorporar \u00e9ste en cualquier momento del curso escolar puede agravar la problem\u00e1tica de su integraci\u00f3n.<\/span><br \/>\n<span style=\"font-size: 10pt\"> Su objetivo es facilitar la integraci\u00f3n de los nuevos alumnos (que provienen de un centro de protecci\u00f3n, o tienen alguna&nbsp; otra medida de protecci\u00f3n) en el centro escolar; as\u00ed como para las familias, y a los responsables de los centros de protecci\u00f3n.<\/span><br \/>\n<span style=\"font-size: 10pt\"> El hecho de escolarizar a un alumno o alumna que ha pasado por una medida de protecci\u00f3n no significa, inevitablemente, presentar problemas de conducta o dificultades de aprendizaje. Esta idea \u00fanicamente contribuye a estigmatizar a estos y estas menores y a dificultar su adaptaci\u00f3n y su desarrollo escolar.<\/span><\/p>\n<p><span style=\"font-size: 10pt\"><strong>OBJETIVOS&nbsp; QUE FAVORECEN LA INTEGRACI\u00d3N EN EL AULA<\/strong>&nbsp;<\/span><\/p>\n<p><span style=\"font-size: 10pt\">Siguiendo a D\u00edaz Aguado y cols., (1999), Los objetivos que proponemos desde este \u201cPlan de Acogida\u201d son los siguientes:<\/span><\/p>\n<ul>\n<li><span style=\"font-size: 10pt\"><strong>Proporcionar al ni\u00f1o reconocimiento por parte del docente<\/strong>: Esta figura es o puede ser para el ni\u00f1o muy significativa, su aceptaci\u00f3n y valoraci\u00f3n pueden mejorar su autoestima. Es importante tener en cuenta no s\u00f3lo los mensajes expl\u00edcitos, sino tambi\u00e9n los impl\u00edcitos (tono, voz, mirada, etc), intensamente sentidos por estos ni\u00f1os.<\/span><\/li>\n<li><span style=\"font-size: 10pt\"><strong>Ayudarles a superar el sentimiento de culpabilidad e infravaloraci\u00f3n<\/strong> que sienten al haber asumido el maltrato como su responsabilidad:<\/span><\/li>\n<\/ul>\n<p style=\"padding-left: 60px\"><span style=\"font-size: 10pt\">\u2192&nbsp; Ofrecerle oportunidades para demostrar su rendimiento: pregunt\u00e1ndole cuando sabe que va a responder bien o cuando tiene inter\u00e9s por participar.<\/span><br \/>\n<span style=\"font-size: 10pt\"> \u2192&nbsp; Expresando de forma clara los progresos que ha realizado, utiliz\u00e1ndolo siempre que sea posible como ejemplo.<\/span><br \/>\n<span style=\"font-size: 10pt\"> \u2192&nbsp; Valorando su punto de vista, su opini\u00f3n.<\/span><br \/>\n<span style=\"font-size: 10pt\"> \u2192&nbsp; Favoreciendo que desempe\u00f1e papeles de cierta responsabilidad, aunque para ello sea necesario entrenarle.<\/span><\/p>\n<p><span style=\"font-size: 10pt\"><strong>DESTINATARIOS<\/strong><\/span><\/p>\n<p><span style=\"font-size: 10pt\">Un Plan de Acogida afecta a toda la comunidad educativa y no s\u00f3lo al alumnado que se incorpora. En nuestro caso, existen otros agentes, como son: familias acogedoras, responsables de los centros de protecci\u00f3n encargados de su tutorizaci\u00f3n, que debemos de tener tambi\u00e9n en cuenta.<\/span><\/p>\n<p><span style=\"font-size: 10pt\"><strong>ACOGIDA A LA&nbsp; FAMILIA O A LOS T\u00c9CNICOS DEL CENTRO DE PROTECCI\u00d3N<\/strong><\/span><\/p>\n<p><span style=\"font-size: 10pt\">Cuando una familia de acogida o t\u00e9cnicos de los centros de protecci\u00f3n tienen que matricular al ni\u00f1o o ni\u00f1a en el centro, acude al menos dos veces antes de que se inicie la escolarizaci\u00f3n:<\/span><\/p>\n<ul style=\"list-style-type: square\">\n<li><span style=\"font-size: 10pt\">Para ver si el centro tiene plazas y solicitar informaci\u00f3n y documentaci\u00f3n para la posible matriculaci\u00f3n del ni\u00f1o o ni\u00f1a.<\/span><\/li>\n<li><span style=\"font-size: 10pt\">Para entregar dicha documentaci\u00f3n y proceder a la escolarizaci\u00f3n.<\/span><\/li>\n<\/ul>\n<p><span style=\"font-size: 10pt\">En este momento de la Acogida es el secretario la secretaria la persona que m\u00e1s interviene y asume el compromiso de que las familias reciban una primera impresi\u00f3n positiva y acogedora del centro. El equipo directivo puede proponer que alguna persona o equipo de personas apoyen al secretario a secretaria en este primer contacto:<\/span><\/p>\n<ul style=\"list-style-type: disc\">\n<li><span style=\"font-size: 10pt\">Un maestro o maestra encargado de la acogida.<\/span><\/li>\n<li><span style=\"font-size: 10pt\">Una alumna o alumno del mismo curso, si es posible, que actuar\u00e1 como representante del resto de compa\u00f1eros y compa\u00f1eras.<\/span><\/li>\n<\/ul>\n<p><span style=\"font-size: 10pt\"><strong>Se les informar\u00e1 de los documentos necesarios que han de traer para formalizar la matr\u00edcula:<\/strong><\/span><\/p>\n<ul style=\"list-style-type: circle\">\n<li><span style=\"font-size: 10pt\">Actualizaci\u00f3n de datos personales en el Programa de Gesti\u00f3n de Centros Educativos \u201cS\u00e9neca\u201d (Ver modelo de solicitud).<\/span><\/li>\n<li><span style=\"font-size: 10pt\">Horario de tutor\u00edas, horario del orientador u orientadora<\/span><\/li>\n<li><span style=\"font-size: 10pt\">Calendario del curso escolar<\/span><\/li>\n<li><span style=\"font-size: 10pt\">Equipo Directivo, claustro, representantes del AMPA, orientador, orientadora,\u2026<\/span><\/li>\n<li><span style=\"font-size: 10pt\">Horarios del equipo directivo y de las visitas a tutores, tutoras,&#8230;<\/span><\/li>\n<li><span style=\"font-size: 10pt\">Lugares de entrada y salida del alumno o alumna<\/span><\/li>\n<li><span style=\"font-size: 10pt\">Servicios de los que el centro dispone (comedor, biblioteca, gimnasio,\u2026) y normas de funcionamiento y\/o utilizaci\u00f3n de los mismos<\/span><\/li>\n<li><span style=\"font-size: 10pt\">Justificaci\u00f3n de las faltas de asistencia<\/span><\/li>\n<li><span style=\"font-size: 10pt\">Actividades que se realizan fuera del centro<\/span><\/li>\n<li><span style=\"font-size: 10pt\">Informaci\u00f3n sobre las ayudas para libros, transporte y comedor escolar<\/span><\/li>\n<li><span style=\"font-size: 10pt\">Informaci\u00f3n sobre las funciones y actividades del AMPA del centro, as\u00ed como el horario y los\/as representantes de la misma<\/span><\/li>\n<\/ul>\n<p><span style=\"font-size: 10pt\"><strong>ACOGIDA AL ALUMNADO<\/strong><\/span><\/p>\n<p><span style=\"font-size: 10pt\">Previamente informado el profesorado, un miembro del equipo directivo acompa\u00f1a al nuevo alumno\/a y a su familia de acogida o responsable del centro de protecci\u00f3n a su aula y les presenta a su maestro\/a tutor\/a. Ahora empieza la acogida en el grupo que va a constituir su clase.<\/span><br \/>\n<span style=\"font-size: 10pt\">Es recomendable favorecer en el centro una educaci\u00f3n en valores de solidaridad, ayuda mutua, justicia,\u2026 que promuevan en el alumnado una visi\u00f3n m\u00e1s amplia de la realidad y que mejore la relaci\u00f3n con todo el alumnado nuevo que llegue al colegio.<\/span><br \/>\n<span style=\"font-size: 10pt\"><strong>Potenciar la interacci\u00f3n con los iguales y el desarrollo de sus habilidades sociales<\/strong>, mediante el desarrollo de situaciones de aprendizaje cooperativo que ser\u00e1 posible mejorar la atenci\u00f3n que se proporciona a los ni\u00f1os y ni\u00f1as en situaci\u00f3n de riesgo social, debido a que, como se\u00f1ala D\u00edaz Aguado (1994):<\/span><\/p>\n<ul>\n<li><span style=\"font-size: 10pt\">Aumenta considerablemente la interacci\u00f3n con los compa\u00f1eros que los alumnos mantienen en la escuela, con las consiguientes ventajas para el aprendizaje de habilidades sociales que se adquieren entre iguales.<\/span><\/li>\n<li><span style=\"font-size: 10pt\">Compensa situaciones anteriores de privaci\u00f3n social, al garantizar que todos los alumnos interact\u00faen con sus compa\u00f1eros de forma positiva.<\/span><\/li>\n<li><span style=\"font-size: 10pt\">Puede proporcionar a todos los alumnos un nivel \u00f3ptimo de \u00e9xito y reconocimiento.<\/span><\/li>\n<li><span style=\"font-size: 10pt\">Puede contribuir a superar los obst\u00e1culos para el aprendizaje que tienen los ni\u00f1os maltratados.<\/span><\/li>\n<\/ul>\n<p><span style=\"font-size: 10pt\"><strong>Desarrollo de capacidades emocionales y emp\u00e1ticas. <\/strong>Los ni\u00f1os maltratados suelen tener dificultades en el reconocimiento y expresi\u00f3n emocional. Ocultan sus emociones. Les resulta dif\u00edcil sintonizar con los sentimientos de otras personas. De la Caba (1999) y Calvo (2003), se\u00f1alan algunas de las actividades que pueden proponerse en el aula relacionadas con estos \u00e1mbitos de competencias:<\/span><\/p>\n<ul style=\"list-style-type: square\">\n<li><span style=\"font-size: 10pt\">Actividades de reconocimiento de expresiones y emociones. Mediante el reconocimiento de las expresiones en dibujos, mediante historias contadas, video, role-playing, etc.<\/span><\/li>\n<li><span style=\"font-size: 10pt\">Actividades para el enriquecimiento del lenguaje afectivo: recopilando palabras-sentimiento, sin\u00f3nimos, etc.<\/span><\/li>\n<li><span style=\"font-size: 10pt\">Actividades para estimular la adopci\u00f3n de perspectiva y de respuesta emocional, pensando y reflexionando sobre las situaciones que nos provocan emociones con el fin de pasar posteriormente a la comprensi\u00f3n y empat\u00eda de las emociones en aquellos que nos rodean.<\/span><\/li>\n<\/ul>\n<p><span style=\"font-size: 10pt\"><strong>TUTORIZACI\u00d3N POR PARTE DEL ALUMNADO<\/strong><\/span><\/p>\n<p><span style=\"font-size: 10pt\">Se han llevado a cabo experiencias muy positivas en la tutorizaci\u00f3n de un alumno reci\u00e9n llegado por parte de otro compa\u00f1ero. El profesorado tutor del grupo-clase solicita la colaboraci\u00f3n de uno o dos compa\u00f1eros o compa\u00f1eras que le ayuden, orienten y acompa\u00f1en, sobre todo en las primeras semanas.<\/span><br \/>\n<span style=\"font-size: 10pt\">\u00c9stos se colocar\u00e1n a su lado en clase, en el comedor, le acompa\u00f1ar\u00e1n al recreo, y procurar\u00e1n que se sienta aceptado. Le explicar\u00e1n las normas de convivencia m\u00e1s elementales y las de funcionamiento de la clase. Se potenciar\u00e1 al mismo tiempo la cooperaci\u00f3n entre todos los compa\u00f1eros y la implicaci\u00f3n del grupo en su proceso de adaptaci\u00f3n.<\/span><br \/>\n<span style=\"font-size: 10pt\">Conviene destacar las habilidades personales del nuevo alumno o alumna, con el fin de mejorar su propia autoestima y la consideraci\u00f3n de los compa\u00f1eros y compa\u00f1eras, mediante el trabajo en peque\u00f1os grupos y recurriendo a actividades dentro del plan de acci\u00f3n tutorial que favorezcan su inclusi\u00f3n, como expon\u00edamos anteriormente.<\/span><br \/>\n<span style=\"font-size: 10pt\">Es importante se\u00f1alar, sin embargo, que la labor del alumna o alumno tutor debe ir desapareciendo poco a poco a medida que el alumno o alumna nuevo se vaya integrando en el centro y en el grupo-clase. Adem\u00e1s, si el proceso se alarga se debe cambiar de alumnado tutor para evitar dependencia por parte del alumnado nuevo.<\/span><\/p>\n<p><span style=\"font-size: 10pt\"><strong>D\u00cdPTICO DEL PLAN DE ACOGIDA<\/strong><\/span><\/p>\n<p><a href=\"https:\/\/blogsaverroes.juntadeandalucia.es\/orientajaen\/files\/2017\/08\/Tr\u00edptico_Plan-de-acogida.pdf\" target=\"_blank\"><img fetchpriority=\"high\" decoding=\"async\" width=\"300\" height=\"225\" class=\"alignnone wp-image-5307 size-medium\" alt=\"\" src=\"https:\/\/blogsaverroes.juntadeandalucia.es\/orientajaen\/files\/2017\/08\/Tr\u00edptico_Plan-de-acogida-300x225.jpg\" srcset=\"https:\/\/blogsaverroes.juntadeandalucia.es\/orientajaen\/files\/2017\/08\/Tr\u00edptico_Plan-de-acogida-300x225.jpg 300w, https:\/\/blogsaverroes.juntadeandalucia.es\/orientajaen\/files\/2017\/08\/Tr\u00edptico_Plan-de-acogida-768x576.jpg 768w, https:\/\/blogsaverroes.juntadeandalucia.es\/orientajaen\/files\/2017\/08\/Tr\u00edptico_Plan-de-acogida-1024x768.jpg 1024w, https:\/\/blogsaverroes.juntadeandalucia.es\/orientajaen\/files\/2017\/08\/Tr\u00edptico_Plan-de-acogida-24x18.jpg 24w, https:\/\/blogsaverroes.juntadeandalucia.es\/orientajaen\/files\/2017\/08\/Tr\u00edptico_Plan-de-acogida-36x27.jpg 36w, https:\/\/blogsaverroes.juntadeandalucia.es\/orientajaen\/files\/2017\/08\/Tr\u00edptico_Plan-de-acogida-48x36.jpg 48w, https:\/\/blogsaverroes.juntadeandalucia.es\/orientajaen\/files\/2017\/08\/Tr\u00edptico_Plan-de-acogida.jpg 1600w\" sizes=\"(max-width: 300px) 100vw, 300px\" \/><\/a><\/p>\n<p><strong><span style=\"font-size: 10pt\">Gu\u00eda r\u00e1pida enti\u00e9ndeme, ens\u00e9\u00f1ame<\/span><\/strong><\/p>\n<p><a href=\"https:\/\/blogsaverroes.juntadeandalucia.es\/orientajaen\/files\/2017\/09\/Gu\u00eda-r\u00e1pida-enti\u00e9ndeme-ens\u00e9\u00f1ame-.pdf\" target=\"_blank\"><img decoding=\"async\" width=\"300\" height=\"212\" class=\"alignnone wp-image-5933 size-medium\" alt=\"\" src=\"https:\/\/blogsaverroes.juntadeandalucia.es\/orientajaen\/files\/2017\/09\/Gu\u00eda-r\u00e1pida-enti\u00e9ndeme-ens\u00e9\u00f1ame--300x212.jpg\" srcset=\"https:\/\/blogsaverroes.juntadeandalucia.es\/orientajaen\/files\/2017\/09\/Gu\u00eda-r\u00e1pida-enti\u00e9ndeme-ens\u00e9\u00f1ame--300x212.jpg 300w, https:\/\/blogsaverroes.juntadeandalucia.es\/orientajaen\/files\/2017\/09\/Gu\u00eda-r\u00e1pida-enti\u00e9ndeme-ens\u00e9\u00f1ame--768x543.jpg 768w, https:\/\/blogsaverroes.juntadeandalucia.es\/orientajaen\/files\/2017\/09\/Gu\u00eda-r\u00e1pida-enti\u00e9ndeme-ens\u00e9\u00f1ame--1024x724.jpg 1024w, https:\/\/blogsaverroes.juntadeandalucia.es\/orientajaen\/files\/2017\/09\/Gu\u00eda-r\u00e1pida-enti\u00e9ndeme-ens\u00e9\u00f1ame--24x17.jpg 24w, https:\/\/blogsaverroes.juntadeandalucia.es\/orientajaen\/files\/2017\/09\/Gu\u00eda-r\u00e1pida-enti\u00e9ndeme-ens\u00e9\u00f1ame--36x25.jpg 36w, https:\/\/blogsaverroes.juntadeandalucia.es\/orientajaen\/files\/2017\/09\/Gu\u00eda-r\u00e1pida-enti\u00e9ndeme-ens\u00e9\u00f1ame--48x34.jpg 48w, https:\/\/blogsaverroes.juntadeandalucia.es\/orientajaen\/files\/2017\/09\/Gu\u00eda-r\u00e1pida-enti\u00e9ndeme-ens\u00e9\u00f1ame-.jpg 1600w\" sizes=\"(max-width: 300px) 100vw, 300px\" \/><\/a><\/p>\n<p>&nbsp;<\/p>\n<p><span style=\"font-size: 10pt\">Gu\u00eda para la atenci\u00f3n educativa al alumnado en situaciones de acogimiento familiar, adopci\u00f3n y acogimiento residencial: <strong>Enti\u00e9ndeme, ens\u00e9\u00f1ame<\/strong><\/span><\/p>\n<p><a href=\"https:\/\/blogsaverroes.juntadeandalucia.es\/orientajaen\/files\/2017\/08\/12.-Gu\u00eda_enti\u00e9ndeme-ens\u00e9\u00f1ame.pdf\" target=\"_blank\"><img decoding=\"async\" width=\"216\" height=\"300\" class=\"aligncenter wp-image-5152 size-medium\" alt=\"\" src=\"https:\/\/blogsaverroes.juntadeandalucia.es\/orientajaen\/files\/2017\/08\/12.-Gu\u00eda_enti\u00e9ndeme-ens\u00e9\u00f1ame-216x300.jpg\" srcset=\"https:\/\/blogsaverroes.juntadeandalucia.es\/orientajaen\/files\/2017\/08\/12.-Gu\u00eda_enti\u00e9ndeme-ens\u00e9\u00f1ame-216x300.jpg 216w, https:\/\/blogsaverroes.juntadeandalucia.es\/orientajaen\/files\/2017\/08\/12.-Gu\u00eda_enti\u00e9ndeme-ens\u00e9\u00f1ame-768x1067.jpg 768w, https:\/\/blogsaverroes.juntadeandalucia.es\/orientajaen\/files\/2017\/08\/12.-Gu\u00eda_enti\u00e9ndeme-ens\u00e9\u00f1ame-737x1024.jpg 737w, https:\/\/blogsaverroes.juntadeandalucia.es\/orientajaen\/files\/2017\/08\/12.-Gu\u00eda_enti\u00e9ndeme-ens\u00e9\u00f1ame-17x24.jpg 17w, https:\/\/blogsaverroes.juntadeandalucia.es\/orientajaen\/files\/2017\/08\/12.-Gu\u00eda_enti\u00e9ndeme-ens\u00e9\u00f1ame-26x36.jpg 26w, https:\/\/blogsaverroes.juntadeandalucia.es\/orientajaen\/files\/2017\/08\/12.-Gu\u00eda_enti\u00e9ndeme-ens\u00e9\u00f1ame-35x48.jpg 35w, https:\/\/blogsaverroes.juntadeandalucia.es\/orientajaen\/files\/2017\/08\/12.-Gu\u00eda_enti\u00e9ndeme-ens\u00e9\u00f1ame.jpg 1152w\" sizes=\"(max-width: 216px) 100vw, 216px\" \/><\/a><\/p>\n<p><strong>FORMACI\u00d3N:<\/strong><\/p>\n<p style=\"text-align: center\"><strong><span style=\"font-size: 10pt\">JORNADA DIRIGIDA A PROFESIONALES RESPONSABLES DE MENORES TUTELADOS: <\/span><\/strong><\/p>\n<p style=\"text-align: center\"><strong><span style=\"font-size: 10pt\">POSIBILIDADES QUE OFRECE EL SISTEMA EDUCATIVO ACTUAL<\/span><\/strong><\/p>\n<p>&nbsp;<a href=\"https:\/\/blogsaverroes.juntadeandalucia.es\/orientajaen\/files\/2017\/08\/10.-Cartel-Jornada-Formativa-Sistema-Educativo-Inscripci\u00f3n.pdf\" target=\"_blank\"><img loading=\"lazy\" decoding=\"async\" width=\"213\" height=\"300\" class=\"alignnone wp-image-5147 size-medium\" alt=\"\" src=\"https:\/\/blogsaverroes.juntadeandalucia.es\/orientajaen\/files\/2017\/08\/10.-Cartel-Jornada-Formativa-Sistema-Educativo-Inscripci\u00f3n-213x300.jpg\" srcset=\"https:\/\/blogsaverroes.juntadeandalucia.es\/orientajaen\/files\/2017\/08\/10.-Cartel-Jornada-Formativa-Sistema-Educativo-Inscripci\u00f3n-213x300.jpg 213w, https:\/\/blogsaverroes.juntadeandalucia.es\/orientajaen\/files\/2017\/08\/10.-Cartel-Jornada-Formativa-Sistema-Educativo-Inscripci\u00f3n-768x1083.jpg 768w, https:\/\/blogsaverroes.juntadeandalucia.es\/orientajaen\/files\/2017\/08\/10.-Cartel-Jornada-Formativa-Sistema-Educativo-Inscripci\u00f3n-726x1024.jpg 726w, https:\/\/blogsaverroes.juntadeandalucia.es\/orientajaen\/files\/2017\/08\/10.-Cartel-Jornada-Formativa-Sistema-Educativo-Inscripci\u00f3n-17x24.jpg 17w, https:\/\/blogsaverroes.juntadeandalucia.es\/orientajaen\/files\/2017\/08\/10.-Cartel-Jornada-Formativa-Sistema-Educativo-Inscripci\u00f3n-26x36.jpg 26w, https:\/\/blogsaverroes.juntadeandalucia.es\/orientajaen\/files\/2017\/08\/10.-Cartel-Jornada-Formativa-Sistema-Educativo-Inscripci\u00f3n-34x48.jpg 34w, https:\/\/blogsaverroes.juntadeandalucia.es\/orientajaen\/files\/2017\/08\/10.-Cartel-Jornada-Formativa-Sistema-Educativo-Inscripci\u00f3n.jpg 1134w\" sizes=\"(max-width: 213px) 100vw, 213px\" \/><\/a><a href=\"https:\/\/blogsaverroes.juntadeandalucia.es\/orientajaen\/files\/2017\/08\/11.-Tr\u00edptico-Jornada-Formativa-Sistema-Educativo-Inscripci\u00f3n.pdf\" target=\"_blank\"><img loading=\"lazy\" decoding=\"async\" width=\"300\" height=\"212\" class=\"alignnone wp-image-5149 size-medium\" alt=\"\" src=\"https:\/\/blogsaverroes.juntadeandalucia.es\/orientajaen\/files\/2017\/08\/11.-Tr\u00edptico-Jornada-Formativa-Sistema-Educativo-Inscripci\u00f3n-300x212.jpg\" srcset=\"https:\/\/blogsaverroes.juntadeandalucia.es\/orientajaen\/files\/2017\/08\/11.-Tr\u00edptico-Jornada-Formativa-Sistema-Educativo-Inscripci\u00f3n-300x212.jpg 300w, https:\/\/blogsaverroes.juntadeandalucia.es\/orientajaen\/files\/2017\/08\/11.-Tr\u00edptico-Jornada-Formativa-Sistema-Educativo-Inscripci\u00f3n-768x543.jpg 768w, https:\/\/blogsaverroes.juntadeandalucia.es\/orientajaen\/files\/2017\/08\/11.-Tr\u00edptico-Jornada-Formativa-Sistema-Educativo-Inscripci\u00f3n-1024x724.jpg 1024w, https:\/\/blogsaverroes.juntadeandalucia.es\/orientajaen\/files\/2017\/08\/11.-Tr\u00edptico-Jornada-Formativa-Sistema-Educativo-Inscripci\u00f3n-24x17.jpg 24w, https:\/\/blogsaverroes.juntadeandalucia.es\/orientajaen\/files\/2017\/08\/11.-Tr\u00edptico-Jornada-Formativa-Sistema-Educativo-Inscripci\u00f3n-36x25.jpg 36w, https:\/\/blogsaverroes.juntadeandalucia.es\/orientajaen\/files\/2017\/08\/11.-Tr\u00edptico-Jornada-Formativa-Sistema-Educativo-Inscripci\u00f3n-48x34.jpg 48w, https:\/\/blogsaverroes.juntadeandalucia.es\/orientajaen\/files\/2017\/08\/11.-Tr\u00edptico-Jornada-Formativa-Sistema-Educativo-Inscripci\u00f3n.jpg 1600w\" sizes=\"(max-width: 300px) 100vw, 300px\" \/><\/a><\/p>\n<p>&nbsp;<\/p>\n<p><strong><span style=\"font-size: 10pt\">MATERIALES DE LA JORNADA:<\/span><\/strong><\/p>\n<ul>\n<li><a href=\"https:\/\/blogsaverroes.juntadeandalucia.es\/orientajaen\/files\/2017\/08\/Jornada_MENORES_TUTELADOS_PACO_\u00daBEDA.pdf\" target=\"_blank\"><span style=\"font-size: 10pt\">Presentaci\u00f3n Coordinador y orientador del EOE de \u00dabeda<\/span><\/a><\/li>\n<li><a href=\"https:\/\/blogsaverroes.juntadeandalucia.es\/orientajaen\/files\/2017\/08\/Jornada_MENORES_TUTELADOS_ESTHER.pdf\" target=\"_blank\"><span style=\"font-size: 10pt\">Presentaci\u00f3n Coordinadora \u00c1rea NEE<\/span><\/a><\/li>\n<li><span style=\"font-size: 10pt\"><a href=\"https:\/\/blogsaverroes.juntadeandalucia.es\/orientajaen\/files\/2017\/08\/Jornada_MENORES_TUTELADOS_TONI.pdf\" target=\"_blank\">Presentaci\u00f3n Inspecci\u00f3n Educativa<\/a><br \/>\n<\/span><\/li>\n<li><a href=\"https:\/\/blogsaverroes.juntadeandalucia.es\/orientajaen\/files\/2017\/08\/Jornada_MENORES_TUTELADOS_G\u00c1MEZ.pdf\" target=\"_blank\"><span style=\"font-size: 10pt\">Presentaci\u00f3n Coordinador \u00c1rea OVP<\/span><\/a><\/li>\n<\/ul>\n<p><strong>COMISIONES:<\/strong><\/p>\n<ul>\n<li><span style=\"font-size: 10pt\">La Comisi\u00f3n Provincial de Medidas de Protecci\u00f3n se realiza una vez a la semana concretamente los mi\u00e9rcoles donde asiste un representante de la Delegaci\u00f3n de Educaci\u00f3n (la coordinadora del \u00e1rea de Acci\u00f3n Tutorial y asesoramiento a la Convivencia) junto con otros representantes de otras instituciones y se tratan diferentes aspectos relacionados con el desamparo, las guardas&nbsp; y el acogimiento familiar.<\/span><\/li>\n<li><span style=\"font-size: 10pt\">Grupo de Trabajo para la coordinaci\u00f3n entre las Delegaciones Territoriales de Educaci\u00f3n y de Igualdad, Salud y Pol\u00edticas Sociales para la prevenci\u00f3n y la actuaci\u00f3n en caso de maltrato infantil ampliando sus actuaciones al alumnado con medidas de protecci\u00f3n.<\/span><\/li>\n<\/ul>\n","protected":false},"excerpt":{"rendered":"<p>PROPUESTA PARA LA ELABORACI\u00d3N DEL PLAN DE ACOGIDA AL ALUMNADO CON MEDIDAS DE PROTECCI\u00d3N EN LOS CENTROS EDUCATIVOS INTRODUCCI\u00d3N La escuela es siempre reflejo de&hellip;<\/p>\n","protected":false},"author":1213,"featured_media":0,"parent":0,"menu_order":0,"comment_status":"closed","ping_status":"closed","template":"","meta":{"ngg_post_thumbnail":0,"footnotes":""},"aioseo_notices":[],"_links":{"self":[{"href":"https:\/\/blogsaverroes.juntadeandalucia.es\/orientajaen\/wp-json\/wp\/v2\/pages\/5037"}],"collection":[{"href":"https:\/\/blogsaverroes.juntadeandalucia.es\/orientajaen\/wp-json\/wp\/v2\/pages"}],"about":[{"href":"https:\/\/blogsaverroes.juntadeandalucia.es\/orientajaen\/wp-json\/wp\/v2\/types\/page"}],"author":[{"embeddable":true,"href":"https:\/\/blogsaverroes.juntadeandalucia.es\/orientajaen\/wp-json\/wp\/v2\/users\/1213"}],"replies":[{"embeddable":true,"href":"https:\/\/blogsaverroes.juntadeandalucia.es\/orientajaen\/wp-json\/wp\/v2\/comments?post=5037"}],"version-history":[{"count":12,"href":"https:\/\/blogsaverroes.juntadeandalucia.es\/orientajaen\/wp-json\/wp\/v2\/pages\/5037\/revisions"}],"predecessor-version":[{"id":5934,"href":"https:\/\/blogsaverroes.juntadeandalucia.es\/orientajaen\/wp-json\/wp\/v2\/pages\/5037\/revisions\/5934"}],"wp:attachment":[{"href":"https:\/\/blogsaverroes.juntadeandalucia.es\/orientajaen\/wp-json\/wp\/v2\/media?parent=5037"}],"curies":[{"name":"wp","href":"https:\/\/api.w.org\/{rel}","templated":true}]}}