{"id":181,"date":"2020-05-09T14:00:03","date_gmt":"2020-05-09T12:00:03","guid":{"rendered":"https:\/\/blogsaverroes.juntadeandalucia.es\/paranonimosfaradays\/?page_id=181"},"modified":"2022-02-22T22:18:02","modified_gmt":"2022-02-22T21:18:02","slug":"cuadernillo-de-pendientes-tecnologia-2o-e-s-o","status":"publish","type":"page","link":"https:\/\/blogsaverroes.juntadeandalucia.es\/paranonimosfaradays\/cuadernillo-de-pendientes-tecnologia-2o-e-s-o\/","title":{"rendered":"Cuadernillo de Pendientes (Tecnolog\u00eda  1\u00ba y 2\u00ba E.S.O.)"},"content":{"rendered":"<p>&nbsp;&nbsp; Hace unos a\u00f1os, mis compa\u00f1eros actualizaron las tareas para los alumnos que ten\u00edan alguna asignatura de Tecnolog\u00eda de otros cursos pendiente, con gran acierto por su parte. El cuadernillo que ahora usamos ha sido elaborado por el departamento de Tecnolog\u00eda del&nbsp; I.E.S Dr. Antonio Gonz\u00e1lez Gonz\u00e1lez de Tejina (puedes visitar su blog usando el siguiente enlace: <a href=\"https:\/\/aprendemostecnologia.org\/category\/ies-antonio-glez-glez\/\">aprendemos tecnolog\u00eda.<\/a> ). Los profesores que elaboraron este material le dieron licencia Creative Commons By Nc Sa. La portada del cuadernillo que usamos actualmente no refleja este hecho, por eso quiero dejar aqu\u00ed constancia de ello. En cuanto pueda proceder\u00e9 a solventarlo.<\/p>\n<p>&nbsp;&nbsp; Aprovecho para agradecer a quienes crearon el material que se os entrega su labor y su generosidad por compartirlo.<\/p>\n<p>Pod\u00e9is acceder al cuadernillo para recuperar Tecnolog\u00eda de 1\u00ba y 2\u00ba de E.S.O&nbsp; usando el siguiente enlace: <a href=\"https:\/\/blogsaverroes.juntadeandalucia.es\/paranonimosfaradays\/files\/2020\/05\/Cuaderno-de-pendientes-Tecnolog\u00eda-1\u00ba-y-2\u00ba-ESO.pdf\">haz click aqu\u00ed para abrir el cuaderno de pendientes Tecnolog\u00eda 1\u00ba y 2\u00ba ESO<\/a>.<\/p>\n<p>&nbsp;&nbsp; Las tarea de dicho cuadernillo habr\u00e1n de ser entregadas seg\u00fan se indica a continuaci\u00f3n:<\/p>\n<ul>\n<li>\n<p align=\"left\"><span style=\"color: #000000\"><span style=\"font-size: medium\">Primer d\u00eda de clase de la semana del 18 al 22 de octubre de 2021: del ejercicio 1 del bloque I (p\u00e1gina 5) al ejercicio 20 del bloque I (p\u00e1gina 14).<\/span><\/span><\/p>\n<\/li>\n<li>\n<p align=\"left\"><span style=\"font-size: medium\"><span style=\"color: #000000\">Primer d\u00eda de clase de la semana del 15 al 19 de noviembre de 2021: del ejercicio 21 del bloque I (p\u00e1gina <\/span><span style=\"color: #000000\">15<\/span><span style=\"color: #000000\">) al ejercicio 38 del bloque I (p\u00e1gina <\/span><span style=\"color: #000000\">21<\/span><span style=\"color: #000000\">).<\/span><\/span><\/p>\n<\/li>\n<li>\n<p align=\"left\"><span style=\"font-size: medium\"><span style=\"color: #000000\">Primer d\u00eda de clase de la semana del <\/span><span style=\"color: #000000\">6<\/span><span style=\"color: #000000\"> al 1<\/span><span style=\"color: #000000\">0<\/span><span style=\"color: #000000\"> de <\/span><span style=\"color: #000000\">dic<\/span><span style=\"color: #000000\">iembre de 2021: del ejercicio 1 del bloque I<\/span><span style=\"color: #000000\">I<\/span><span style=\"color: #000000\"> (p\u00e1gina <\/span><span style=\"color: #000000\">22<\/span><span style=\"color: #000000\">) al ejercicio <\/span><span style=\"color: #000000\">15<\/span><span style=\"color: #000000\"> del bloque <\/span><span style=\"color: #000000\">I<\/span><span style=\"color: #000000\">I (p\u00e1gina <\/span><span style=\"color: #000000\">33<\/span><span style=\"color: #000000\">).<\/span><\/span><\/p>\n<\/li>\n<li>\n<p align=\"left\"><span style=\"font-size: medium\"><span style=\"color: #000000\">Primer d\u00eda de clase de la semana del 1<\/span><span style=\"color: #000000\">0<\/span><span style=\"color: #000000\"> al 1<\/span><span style=\"color: #000000\">4<\/span><span style=\"color: #000000\"> de <\/span><span style=\"color: #000000\">enero<\/span><span style=\"color: #000000\"> de 202<\/span><span style=\"color: #000000\">2<\/span><span style=\"color: #000000\">: del ejercicio <\/span><span style=\"color: #000000\">16<\/span><span style=\"color: #000000\"> del bloque I<\/span><span style=\"color: #000000\">I<\/span><span style=\"color: #000000\"> (p\u00e1gina <\/span><span style=\"color: #000000\">35<\/span><span style=\"color: #000000\">) al ejercicio <\/span><span style=\"color: #000000\">26<\/span><span style=\"color: #000000\"> del bloque I<\/span><span style=\"color: #000000\">I<\/span><span style=\"color: #000000\"> (p\u00e1gina <\/span><span style=\"color: #000000\">53<\/span><span style=\"color: #000000\">).<\/span><\/span><\/p>\n<\/li>\n<li>\n<p align=\"left\"><span style=\"font-size: medium\"><span style=\"color: #000000\">Primer d\u00eda de clase de la semana del <\/span><span style=\"color: #000000\">7<\/span><span style=\"color: #000000\"> al 1<\/span><span style=\"color: #000000\">1<\/span><span style=\"color: #000000\"> de <\/span><span style=\"color: #000000\">febrero<\/span><span style=\"color: #000000\"> de 202<\/span><span style=\"color: #000000\">2<\/span><span style=\"color: #000000\">: del ejercicio <\/span><span style=\"color: #000000\">1<\/span><span style=\"color: #000000\"> del bloque <\/span><span style=\"color: #000000\">I<\/span><span style=\"color: #000000\">I<\/span><span style=\"color: #000000\">I<\/span><span style=\"color: #000000\"> (p\u00e1gina <\/span><span style=\"color: #000000\">57<\/span><span style=\"color: #000000\">) al ejercicio <\/span><span style=\"color: #000000\">19<\/span><span style=\"color: #000000\"> del bloque <\/span><span style=\"color: #000000\">I<\/span><span style=\"color: #000000\">I<\/span><span style=\"color: #000000\">I<\/span><span style=\"color: #000000\"> (p\u00e1gina <\/span><span style=\"color: #000000\">65<\/span><span style=\"color: #000000\">).<\/span><\/span><\/p>\n<\/li>\n<li>\n<p align=\"left\"><span style=\"font-size: medium\"><span style=\"color: #000000\">Primer d\u00eda de clase de la semana del <\/span><span style=\"color: #000000\">7<\/span><span style=\"color: #000000\"> al 1<\/span><span style=\"color: #000000\">1<\/span><span style=\"color: #000000\"> de <\/span><span style=\"color: #000000\">marzo<\/span><span style=\"color: #000000\"> de 202<\/span><span style=\"color: #000000\">2<\/span><span style=\"color: #000000\">: del ejercicio <\/span><span style=\"color: #000000\">20<\/span><span style=\"color: #000000\"> del bloque <\/span><span style=\"color: #000000\">I<\/span><span style=\"color: #000000\">I<\/span><span style=\"color: #000000\">I<\/span><span style=\"color: #000000\"> (p\u00e1gina <\/span><span style=\"color: #000000\">6<\/span><span style=\"color: #000000\">7<\/span><span style=\"color: #000000\">) al <\/span><span style=\"color: #000000\">final<\/span><span style=\"color: #000000\">.<\/span><\/span><\/p>\n<\/li>\n<\/ul>\n<p align=\"left\"><span style=\"color: #000000\"> <span style=\"font-size: medium\">Tambi\u00e9n se convocar\u00e1 una prueba escrita para superar las materias pendientes. La fecha de dicha prueba no ha sido establecida por el momento. Ser\u00e1 comunicada cuando se determine.<br \/>\n<\/span><\/span><\/p>\n","protected":false},"excerpt":{"rendered":"<p>&nbsp;&nbsp; Hace unos a\u00f1os, mis compa\u00f1eros actualizaron las tareas para los alumnos que ten\u00edan alguna asignatura de Tecnolog\u00eda de otros cursos pendiente, con gran acierto por su parte. El cuadernillo que ahora usamos ha&#46;&#46;&#46;<\/p>\n","protected":false},"author":9541,"featured_media":0,"parent":0,"menu_order":0,"comment_status":"closed","ping_status":"closed","template":"","meta":{"ngg_post_thumbnail":0,"footnotes":""},"aioseo_notices":[],"_links":{"self":[{"href":"https:\/\/blogsaverroes.juntadeandalucia.es\/paranonimosfaradays\/wp-json\/wp\/v2\/pages\/181"}],"collection":[{"href":"https:\/\/blogsaverroes.juntadeandalucia.es\/paranonimosfaradays\/wp-json\/wp\/v2\/pages"}],"about":[{"href":"https:\/\/blogsaverroes.juntadeandalucia.es\/paranonimosfaradays\/wp-json\/wp\/v2\/types\/page"}],"author":[{"embeddable":true,"href":"https:\/\/blogsaverroes.juntadeandalucia.es\/paranonimosfaradays\/wp-json\/wp\/v2\/users\/9541"}],"replies":[{"embeddable":true,"href":"https:\/\/blogsaverroes.juntadeandalucia.es\/paranonimosfaradays\/wp-json\/wp\/v2\/comments?post=181"}],"version-history":[{"count":8,"href":"https:\/\/blogsaverroes.juntadeandalucia.es\/paranonimosfaradays\/wp-json\/wp\/v2\/pages\/181\/revisions"}],"predecessor-version":[{"id":550,"href":"https:\/\/blogsaverroes.juntadeandalucia.es\/paranonimosfaradays\/wp-json\/wp\/v2\/pages\/181\/revisions\/550"}],"wp:attachment":[{"href":"https:\/\/blogsaverroes.juntadeandalucia.es\/paranonimosfaradays\/wp-json\/wp\/v2\/media?parent=181"}],"curies":[{"name":"wp","href":"https:\/\/api.w.org\/{rel}","templated":true}]}}