{"id":35,"date":"2015-03-13T08:21:43","date_gmt":"2015-03-13T08:21:43","guid":{"rendered":"http:\/\/blogsaverroes.juntadeandalucia.es\/pre\/ceip\/?page_id=35"},"modified":"2022-10-25T17:50:16","modified_gmt":"2022-10-25T17:50:16","slug":"el-centro-2","status":"publish","type":"page","link":"https:\/\/blogsaverroes.juntadeandalucia.es\/peman\/el-centro-2\/","title":{"rendered":"Datos del centro"},"content":{"rendered":"<p>&nbsp;<\/p>\n<h4>&nbsp;<\/h4>\n<h4>&nbsp;<\/h4>\n<h4>Datos de contacto<\/h4>\n<p>C.E.I.P. Jos\u00e9 Mar\u00eda Pem\u00e1n-Puente Genil<\/p>\n<p><strong>Direcci\u00f3n:<\/strong>&nbsp; Plaza La Paz s\/n<\/p>\n<p><strong>Tel\u00e9fono \/ FAX: <\/strong>957 618 916<br \/>\n<strong>Email:<\/strong> 14006126.edu@juntadeandalucia.es<\/p>\n<h4><strong>Horario de&nbsp; SECRETAR\u00cdA (Curso 2022\/23) :<\/strong><\/h4>\n<p>&#8211; El horario de atenci\u00f3n tanto presencial como telef\u00f3nico ser\u00e1 de 9:15 a 11:15 y de 12 a 13 horas<\/p>\n<p>-La atenci\u00f3n presencial en Secretar\u00eda <strong>siempre<\/strong> se har\u00e1 <strong>tras cita previa<\/strong>.<\/p>\n<p>&nbsp;<\/p>\n<p>Equipo Directivo<\/p>\n<h4><strong>Oferta educativa<\/strong><\/h4>\n<h4>Instalaciones<\/h4>\n<p><!-- default-view.php -->\n<div\n\tclass=\"ngg-galleryoverview default-view\n\t ngg-ajax-pagination-none\t\"\n\tid=\"ngg-gallery-7bd57b0a1e84a07a972d91eb4118437e-1\">\n\n\t\t<!-- Thumbnails -->\n\t\t\t\t<div id=\"ngg-image-0\" class=\"ngg-gallery-thumbnail-box\n\t\t\t\t\t\t\t\t\t\t\t\"\n\t\t\t>\n\t\t\t\t\t\t<div class=\"ngg-gallery-thumbnail\">\n\t\t\t<a href=\"https:\/\/blogsaverroes.juntadeandalucia.es\/peman\/wp-content\/uploads\/sites\/797\/nggallery\/el-centro\/instalacion01.jpg\"\n\t\t\t\ttitle=\"\"\n\t\t\t\tdata-src=\"https:\/\/blogsaverroes.juntadeandalucia.es\/peman\/wp-content\/uploads\/sites\/797\/nggallery\/el-centro\/instalacion01.jpg\"\n\t\t\t\tdata-thumbnail=\"https:\/\/blogsaverroes.juntadeandalucia.es\/peman\/wp-content\/uploads\/sites\/797\/nggallery\/el-centro\/thumbs\/thumbs_instalacion01.jpg\"\n\t\t\t\tdata-image-id=\"14\"\n\t\t\t\tdata-title=\"instalacion01\"\n\t\t\t\tdata-description=\"\"\n\t\t\t\tdata-image-slug=\"instalacion01-1\"\n\t\t\t\tclass=\"ngg-fancybox\" rel=\"7bd57b0a1e84a07a972d91eb4118437e\">\n\t\t\t\t<img\n\t\t\t\t\ttitle=\"instalacion01\"\n\t\t\t\t\talt=\"instalacion01\"\n\t\t\t\t\tsrc=\"https:\/\/blogsaverroes.juntadeandalucia.es\/peman\/wp-content\/uploads\/sites\/797\/nggallery\/el-centro\/thumbs\/thumbs_instalacion01.jpg\"\n\t\t\t\t\twidth=\"120\"\n\t\t\t\t\theight=\"90\"\n\t\t\t\t\tstyle=\"max-width:100%;\"\n\t\t\t\t\/>\n\t\t\t<\/a>\n\t\t<\/div>\n\t\t\t\t\t\t\t<\/div>\n\t\t\t\n\t\t\t\t<div id=\"ngg-image-1\" class=\"ngg-gallery-thumbnail-box\n\t\t\t\t\t\t\t\t\t\t\t\"\n\t\t\t>\n\t\t\t\t\t\t<div class=\"ngg-gallery-thumbnail\">\n\t\t\t<a href=\"https:\/\/blogsaverroes.juntadeandalucia.es\/peman\/wp-content\/uploads\/sites\/797\/nggallery\/el-centro\/instalacion02.jpg\"\n\t\t\t\ttitle=\"\"\n\t\t\t\tdata-src=\"https:\/\/blogsaverroes.juntadeandalucia.es\/peman\/wp-content\/uploads\/sites\/797\/nggallery\/el-centro\/instalacion02.jpg\"\n\t\t\t\tdata-thumbnail=\"https:\/\/blogsaverroes.juntadeandalucia.es\/peman\/wp-content\/uploads\/sites\/797\/nggallery\/el-centro\/thumbs\/thumbs_instalacion02.jpg\"\n\t\t\t\tdata-image-id=\"15\"\n\t\t\t\tdata-title=\"instalacion02\"\n\t\t\t\tdata-description=\"\"\n\t\t\t\tdata-image-slug=\"instalacion02-1\"\n\t\t\t\tclass=\"ngg-fancybox\" rel=\"7bd57b0a1e84a07a972d91eb4118437e\">\n\t\t\t\t<img\n\t\t\t\t\ttitle=\"instalacion02\"\n\t\t\t\t\talt=\"instalacion02\"\n\t\t\t\t\tsrc=\"https:\/\/blogsaverroes.juntadeandalucia.es\/peman\/wp-content\/uploads\/sites\/797\/nggallery\/el-centro\/thumbs\/thumbs_instalacion02.jpg\"\n\t\t\t\t\twidth=\"120\"\n\t\t\t\t\theight=\"90\"\n\t\t\t\t\tstyle=\"max-width:100%;\"\n\t\t\t\t\/>\n\t\t\t<\/a>\n\t\t<\/div>\n\t\t\t\t\t\t\t<\/div>\n\t\t\t\n\t\t\t\t<div id=\"ngg-image-2\" class=\"ngg-gallery-thumbnail-box\n\t\t\t\t\t\t\t\t\t\t\t\"\n\t\t\t>\n\t\t\t\t\t\t<div class=\"ngg-gallery-thumbnail\">\n\t\t\t<a href=\"https:\/\/blogsaverroes.juntadeandalucia.es\/peman\/wp-content\/uploads\/sites\/797\/nggallery\/el-centro\/instalacion03.jpg\"\n\t\t\t\ttitle=\"\"\n\t\t\t\tdata-src=\"https:\/\/blogsaverroes.juntadeandalucia.es\/peman\/wp-content\/uploads\/sites\/797\/nggallery\/el-centro\/instalacion03.jpg\"\n\t\t\t\tdata-thumbnail=\"https:\/\/blogsaverroes.juntadeandalucia.es\/peman\/wp-content\/uploads\/sites\/797\/nggallery\/el-centro\/thumbs\/thumbs_instalacion03.jpg\"\n\t\t\t\tdata-image-id=\"16\"\n\t\t\t\tdata-title=\"instalacion03\"\n\t\t\t\tdata-description=\"\"\n\t\t\t\tdata-image-slug=\"instalacion03-1\"\n\t\t\t\tclass=\"ngg-fancybox\" rel=\"7bd57b0a1e84a07a972d91eb4118437e\">\n\t\t\t\t<img\n\t\t\t\t\ttitle=\"instalacion03\"\n\t\t\t\t\talt=\"instalacion03\"\n\t\t\t\t\tsrc=\"https:\/\/blogsaverroes.juntadeandalucia.es\/peman\/wp-content\/uploads\/sites\/797\/nggallery\/el-centro\/thumbs\/thumbs_instalacion03.jpg\"\n\t\t\t\t\twidth=\"120\"\n\t\t\t\t\theight=\"90\"\n\t\t\t\t\tstyle=\"max-width:100%;\"\n\t\t\t\t\/>\n\t\t\t<\/a>\n\t\t<\/div>\n\t\t\t\t\t\t\t<\/div>\n\t\t\t\n\t\t\t\t<div id=\"ngg-image-3\" class=\"ngg-gallery-thumbnail-box\n\t\t\t\t\t\t\t\t\t\t\t\"\n\t\t\t>\n\t\t\t\t\t\t<div class=\"ngg-gallery-thumbnail\">\n\t\t\t<a href=\"https:\/\/blogsaverroes.juntadeandalucia.es\/peman\/wp-content\/uploads\/sites\/797\/nggallery\/el-centro\/instalacion04.jpg\"\n\t\t\t\ttitle=\"\"\n\t\t\t\tdata-src=\"https:\/\/blogsaverroes.juntadeandalucia.es\/peman\/wp-content\/uploads\/sites\/797\/nggallery\/el-centro\/instalacion04.jpg\"\n\t\t\t\tdata-thumbnail=\"https:\/\/blogsaverroes.juntadeandalucia.es\/peman\/wp-content\/uploads\/sites\/797\/nggallery\/el-centro\/thumbs\/thumbs_instalacion04.jpg\"\n\t\t\t\tdata-image-id=\"17\"\n\t\t\t\tdata-title=\"instalacion04\"\n\t\t\t\tdata-description=\"\"\n\t\t\t\tdata-image-slug=\"instalacion04-1\"\n\t\t\t\tclass=\"ngg-fancybox\" rel=\"7bd57b0a1e84a07a972d91eb4118437e\">\n\t\t\t\t<img\n\t\t\t\t\ttitle=\"instalacion04\"\n\t\t\t\t\talt=\"instalacion04\"\n\t\t\t\t\tsrc=\"https:\/\/blogsaverroes.juntadeandalucia.es\/peman\/wp-content\/uploads\/sites\/797\/nggallery\/el-centro\/thumbs\/thumbs_instalacion04.jpg\"\n\t\t\t\t\twidth=\"120\"\n\t\t\t\t\theight=\"90\"\n\t\t\t\t\tstyle=\"max-width:100%;\"\n\t\t\t\t\/>\n\t\t\t<\/a>\n\t\t<\/div>\n\t\t\t\t\t\t\t<\/div>\n\t\t\t\n\t\n\t<br style=\"clear: both\" \/>\n\n\t\t<div class=\"slideshowlink\">\n\t\t<a href='https:\/\/blogsaverroes.juntadeandalucia.es\/peman\/el-centro-2\/nggallery\/slideshow'>[Mostrar presentaci\u00f3n de diapositivas]<\/a>\n\n\t<\/div>\n\t\n\t\t<!-- Pagination -->\n\t\t<div class='ngg-clear'><\/div>\t<\/div>\n<\/p>\n","protected":false},"excerpt":{"rendered":"<p>&nbsp; &nbsp; &nbsp; Datos de contacto C.E.I.P. Jos\u00e9 Mar\u00eda Pem\u00e1n-Puente Genil Direcci\u00f3n:&nbsp; Plaza La Paz s\/n Tel\u00e9fono \/ FAX: 957 618 916 Email: 14006126.edu@juntadeandalucia.es Horario de&nbsp; SECRETAR\u00cdA (Curso 2022\/23) : &#8211; El horario de&#46;&#46;&#46;<\/p>\n","protected":false},"author":1,"featured_media":0,"parent":0,"menu_order":0,"comment_status":"closed","ping_status":"open","template":"","meta":{"ngg_post_thumbnail":0,"footnotes":"","_mc_calendar":[]},"aioseo_notices":[],"_links":{"self":[{"href":"https:\/\/blogsaverroes.juntadeandalucia.es\/peman\/wp-json\/wp\/v2\/pages\/35"}],"collection":[{"href":"https:\/\/blogsaverroes.juntadeandalucia.es\/peman\/wp-json\/wp\/v2\/pages"}],"about":[{"href":"https:\/\/blogsaverroes.juntadeandalucia.es\/peman\/wp-json\/wp\/v2\/types\/page"}],"author":[{"embeddable":true,"href":"https:\/\/blogsaverroes.juntadeandalucia.es\/peman\/wp-json\/wp\/v2\/users\/1"}],"replies":[{"embeddable":true,"href":"https:\/\/blogsaverroes.juntadeandalucia.es\/peman\/wp-json\/wp\/v2\/comments?post=35"}],"version-history":[{"count":28,"href":"https:\/\/blogsaverroes.juntadeandalucia.es\/peman\/wp-json\/wp\/v2\/pages\/35\/revisions"}],"predecessor-version":[{"id":3151,"href":"https:\/\/blogsaverroes.juntadeandalucia.es\/peman\/wp-json\/wp\/v2\/pages\/35\/revisions\/3151"}],"wp:attachment":[{"href":"https:\/\/blogsaverroes.juntadeandalucia.es\/peman\/wp-json\/wp\/v2\/media?parent=35"}],"curies":[{"name":"wp","href":"https:\/\/api.w.org\/{rel}","templated":true}]}}