{"id":2183,"date":"2019-12-24T12:07:10","date_gmt":"2019-12-24T12:07:10","guid":{"rendered":"https:\/\/blogsaverroes.juntadeandalucia.es\/penyaluenga\/?page_id=2183"},"modified":"2023-01-11T09:09:34","modified_gmt":"2023-01-11T09:09:34","slug":"directiva-ampa","status":"publish","type":"page","link":"https:\/\/blogsaverroes.juntadeandalucia.es\/penyaluenga\/directiva-ampa\/","title":{"rendered":"Directiva AMPA"},"content":{"rendered":"<p><a href=\"https:\/\/blogsaverroes.juntadeandalucia.es\/penyaluenga\/files\/2019\/06\/nuevo-logo-AMPA.jpg\"><img loading=\"lazy\" decoding=\"async\" class=\"size-medium wp-image-2126 aligncenter\" src=\"https:\/\/blogsaverroes.juntadeandalucia.es\/penyaluenga\/files\/2019\/06\/nuevo-logo-AMPA-300x185.jpg\" alt=\"\" width=\"300\" height=\"185\" srcset=\"https:\/\/blogsaverroes.juntadeandalucia.es\/penyaluenga\/files\/2019\/06\/nuevo-logo-AMPA-300x185.jpg 300w, https:\/\/blogsaverroes.juntadeandalucia.es\/penyaluenga\/files\/2019\/06\/nuevo-logo-AMPA-768x473.jpg 768w, https:\/\/blogsaverroes.juntadeandalucia.es\/penyaluenga\/files\/2019\/06\/nuevo-logo-AMPA-1024x631.jpg 1024w, https:\/\/blogsaverroes.juntadeandalucia.es\/penyaluenga\/files\/2019\/06\/nuevo-logo-AMPA-700x431.jpg 700w, https:\/\/blogsaverroes.juntadeandalucia.es\/penyaluenga\/files\/2019\/06\/nuevo-logo-AMPA-332x205.jpg 332w, https:\/\/blogsaverroes.juntadeandalucia.es\/penyaluenga\/files\/2019\/06\/nuevo-logo-AMPA-268x164.jpg 268w, https:\/\/blogsaverroes.juntadeandalucia.es\/penyaluenga\/files\/2019\/06\/nuevo-logo-AMPA-24x15.jpg 24w, https:\/\/blogsaverroes.juntadeandalucia.es\/penyaluenga\/files\/2019\/06\/nuevo-logo-AMPA-36x22.jpg 36w, https:\/\/blogsaverroes.juntadeandalucia.es\/penyaluenga\/files\/2019\/06\/nuevo-logo-AMPA-48x30.jpg 48w, https:\/\/blogsaverroes.juntadeandalucia.es\/penyaluenga\/files\/2019\/06\/nuevo-logo-AMPA.jpg 1280w\" sizes=\"(max-width: 300px) 100vw, 300px\" \/><\/a><\/p>\n<p style=\"text-align: center\"><strong>Presidente<\/strong> D. Juan Antonio Mateo Fern\u00e1ndez.<\/p>\n<p style=\"text-align: center\"><strong>Vicepresidenta<\/strong> D. Carlos Manuel Cook Dom\u00ednguez.<\/p>\n<p style=\"text-align: center\"><strong>Tesorera<\/strong> D\u00f1a. Nuria P\u00e9rez \u00c1lvarez.<\/p>\n<p style=\"text-align: center\"><strong>Secretaria<\/strong> D\u00f1a. Sheila P\u00e9rez \u00c1lvarez.<\/p>\n<p style=\"text-align: center\"><strong>Vocal 1<\/strong> D\u00f1a. Ana Bel\u00e9n S\u00e1nchez Dom\u00ednguez.<\/p>\n<p style=\"text-align: center\"><strong>Vocal 2<\/strong> D\u00f1a. Erika Nogales Romero.<\/p>\n<p style=\"text-align: center\"><strong>Vocal 3<\/strong> D\u00f1a. Laura L\u00f3pez Garc\u00eda.<\/p>\n<p style=\"text-align: center\"><strong>Vocal 4<\/strong> D\u00f1a. Mar\u00eda del Carmen S\u00e1nchez Aznar.<\/p>\n<p style=\"text-align: center\"><strong>Vocal 5<\/strong> D\u00f1a. Mar\u00eda Luisa L\u00f3pez Garc\u00eda.<\/p>\n<p style=\"text-align: center\"><strong>Vocal 6.&nbsp;<\/strong>D\u00f1a. Mar\u00eda del Prado Fern\u00e1ndez Pav\u00f3n.<\/p>\n<p style=\"text-align: center\"><strong>Vocal 7.&nbsp;<\/strong>D\u00f1a. Silvia Franco Ortega.<\/p>\n","protected":false},"excerpt":{"rendered":"<p>Presidente D. Juan Antonio Mateo Fern\u00e1ndez. Vicepresidenta D. Carlos Manuel Cook Dom\u00ednguez. Tesorera D\u00f1a. Nuria P\u00e9rez \u00c1lvarez. Secretaria D\u00f1a. Sheila P\u00e9rez \u00c1lvarez. Vocal 1 D\u00f1a. Ana Bel\u00e9n S\u00e1nchez Dom\u00ednguez. Vocal 2 D\u00f1a. Erika Nogales&#46;&#46;&#46;<\/p>\n","protected":false},"author":1896,"featured_media":0,"parent":0,"menu_order":0,"comment_status":"closed","ping_status":"closed","template":"","meta":{"ngg_post_thumbnail":0,"footnotes":"","_mc_calendar":[]},"aioseo_notices":[],"post_mailing_queue_ids":[],"_links":{"self":[{"href":"https:\/\/blogsaverroes.juntadeandalucia.es\/penyaluenga\/wp-json\/wp\/v2\/pages\/2183"}],"collection":[{"href":"https:\/\/blogsaverroes.juntadeandalucia.es\/penyaluenga\/wp-json\/wp\/v2\/pages"}],"about":[{"href":"https:\/\/blogsaverroes.juntadeandalucia.es\/penyaluenga\/wp-json\/wp\/v2\/types\/page"}],"author":[{"embeddable":true,"href":"https:\/\/blogsaverroes.juntadeandalucia.es\/penyaluenga\/wp-json\/wp\/v2\/users\/1896"}],"replies":[{"embeddable":true,"href":"https:\/\/blogsaverroes.juntadeandalucia.es\/penyaluenga\/wp-json\/wp\/v2\/comments?post=2183"}],"version-history":[{"count":6,"href":"https:\/\/blogsaverroes.juntadeandalucia.es\/penyaluenga\/wp-json\/wp\/v2\/pages\/2183\/revisions"}],"predecessor-version":[{"id":4167,"href":"https:\/\/blogsaverroes.juntadeandalucia.es\/penyaluenga\/wp-json\/wp\/v2\/pages\/2183\/revisions\/4167"}],"wp:attachment":[{"href":"https:\/\/blogsaverroes.juntadeandalucia.es\/penyaluenga\/wp-json\/wp\/v2\/media?parent=2183"}],"curies":[{"name":"wp","href":"https:\/\/api.w.org\/{rel}","templated":true}]}}