{"id":2283,"date":"2020-01-19T16:39:42","date_gmt":"2020-01-19T16:39:42","guid":{"rendered":"https:\/\/blogsaverroes.juntadeandalucia.es\/penyaluenga\/?page_id=2283"},"modified":"2022-05-27T08:17:22","modified_gmt":"2022-05-27T08:17:22","slug":"escolarizacion-2","status":"publish","type":"page","link":"https:\/\/blogsaverroes.juntadeandalucia.es\/penyaluenga\/escolarizacion-2\/","title":{"rendered":"Escolarizaci\u00f3n"},"content":{"rendered":"<div style=\"text-align: center\"><a href=\"https:\/\/www.juntadeandalucia.es\/educacion\/secretariavirtual\/\" target=\"_blank\" rel=\"noopener noreferrer\"><img loading=\"lazy\" decoding=\"async\" class=\"aligncenter size-full wp-image-2946\" src=\"https:\/\/blogsaverroes.juntadeandalucia.es\/penyaluenga\/files\/2020\/07\/Secretar\u00eda-virtual.jpg\" alt=\"\" width=\"900\" height=\"600\" srcset=\"https:\/\/blogsaverroes.juntadeandalucia.es\/penyaluenga\/files\/2020\/07\/Secretar\u00eda-virtual.jpg 900w, https:\/\/blogsaverroes.juntadeandalucia.es\/penyaluenga\/files\/2020\/07\/Secretar\u00eda-virtual-300x200.jpg 300w, https:\/\/blogsaverroes.juntadeandalucia.es\/penyaluenga\/files\/2020\/07\/Secretar\u00eda-virtual-768x512.jpg 768w, https:\/\/blogsaverroes.juntadeandalucia.es\/penyaluenga\/files\/2020\/07\/Secretar\u00eda-virtual-24x16.jpg 24w, https:\/\/blogsaverroes.juntadeandalucia.es\/penyaluenga\/files\/2020\/07\/Secretar\u00eda-virtual-36x24.jpg 36w, https:\/\/blogsaverroes.juntadeandalucia.es\/penyaluenga\/files\/2020\/07\/Secretar\u00eda-virtual-48x32.jpg 48w\" sizes=\"(max-width: 900px) 100vw, 900px\" \/>(Pulsa sobre la imagen para acceder a los tr\u00e1mites on-line)<\/a><\/div>\n<div style=\"text-align: justify\">&nbsp;<\/div>\n<div style=\"text-align: justify\"><strong><span style=\"font-family: arial, helvetica, sans-serif\"><span style=\"text-decoration: underline\">IMPORTANTE:<\/span> Con el objetivo de agilizar los tr\u00e1mites as\u00ed como de ser respetuosos\/as con el medio ambiente, se recomienda la matriculaci\u00f3n telem\u00e1tica a trav\u00e9s de la Secretar\u00eda Virtual de los centros educativos de Andaluc\u00eda.<\/span><\/strong><\/div>\n<div>&nbsp;<\/div>\n<div>&nbsp;<\/div>\n<div style=\"text-align: center\"><strong><span style=\"font-size: 18pt\">Nota informativa sobre matriculaci\u00f3n 2022\/23:<\/span><\/strong><\/div>\n<div><img loading=\"lazy\" decoding=\"async\" class=\"aligncenter size-full wp-image-4095\" src=\"https:\/\/blogsaverroes.juntadeandalucia.es\/penyaluenga\/files\/2022\/05\/Instrucciones-matr\u00edcula-22-23.jpg\" alt=\"\" width=\"591\" height=\"827\" srcset=\"https:\/\/blogsaverroes.juntadeandalucia.es\/penyaluenga\/files\/2022\/05\/Instrucciones-matr\u00edcula-22-23.jpg 591w, https:\/\/blogsaverroes.juntadeandalucia.es\/penyaluenga\/files\/2022\/05\/Instrucciones-matr\u00edcula-22-23-214x300.jpg 214w\" sizes=\"(max-width: 591px) 100vw, 591px\" \/><\/div>\n<div>&nbsp;<\/div>\n<div><span style=\"font-family: arial, helvetica, sans-serif\"><a href=\"https:\/\/blogsaverroes.juntadeandalucia.es\/penyaluenga\/files\/2022\/05\/00-Instrucciones-de-matr\u00edcula-22-23.pdf\">00 &#8211; Instrucciones de matr\u00edcula 22-23<\/a><\/span><\/div>\n<div>&nbsp;<\/div>\n<div><em><span style=\"font-family: arial, helvetica, sans-serif\"><strong>FECHAS IMPORTANTES A TENER EN CUENTA:<\/strong><\/span><\/em><\/div>\n<div>\n<section class=\"seccion-mes\">\n<header>\n<h3 class=\"titulo\" style=\"text-align: justify\"><strong><span class=\"fecha-mes\" style=\"font-family: arial, helvetica, sans-serif;font-size: 12pt\">JUNIO<\/span><\/strong><\/h3>\n<\/header>\n<div class=\"wrapper-listado\" style=\"text-align: justify\">\n<ul class=\"listado mensual-eventos\">\n<li class=\"item item_listado clearfix \">\n<div class=\"inner-item evento evento-normal\">\n<div class=\"calendar-evento\">\n<div class=\"calendar-evento-dia\"><span style=\"font-family: arial, helvetica, sans-serif;font-size: 12pt\"><strong>Plazo de matriculaci\u00f3n<\/strong> (segundo ciclo de Educaci\u00f3n Infantil, Educaci\u00f3n Primaria y Educaci\u00f3n Secundaria Obligatoria): d<\/span><span class=\"texto\" style=\"font-family: arial, helvetica, sans-serif;font-size: 12pt\">el<\/span><span style=\"font-family: arial, helvetica, sans-serif;font-size: 12pt\">&nbsp;<\/span><strong style=\"font-family: arial, helvetica, sans-serif;font-size: 12pt\"><span class=\"fecha-dia\">01 <\/span><\/strong><span class=\"texto\" style=\"font-family: arial, helvetica, sans-serif;font-size: 12pt\">al <strong>8<\/strong><\/span><strong style=\"font-family: arial, helvetica, sans-serif;font-size: 12pt\">&nbsp;<span class=\"texto\">de<\/span>&nbsp;<span class=\"fecha-mes\">junio<\/span>&nbsp;<span class=\"texto\">de<\/span>&nbsp;<span class=\"fecha-anyo\"><strong>2022<\/strong>.<\/span><\/strong><\/div>\n<\/div>\n<\/div>\n<\/li>\n<\/ul>\n<\/div>\n<\/section>\n<section class=\"seccion-mes\">\n<header><\/header>\n<div class=\"wrapper-listado\">\n<ul class=\"listado mensual-eventos\">\n<li class=\"item item_listado clearfix \" style=\"text-align: justify\">\n<div class=\"inner-item evento evento-normal\">\n<div class=\"content-evento contenido_titulo\" style=\"text-align: justify\"><span style=\"text-align: justify;font-size: 12pt;font-family: arial, helvetica, sans-serif\">Toda la informaci\u00f3n la puedes consultar en la Secretar\u00eda de nuestro centro, as\u00ed como en la p\u00e1gina <a href=\"https:\/\/www.juntadeandalucia.es\/educacion\/portals\/web\/escolarizacion\" target=\"_blank\" rel=\"noopener noreferrer\">web de escolarizaci\u00f3n<\/a>.<\/span><\/div>\n<\/div>\n<div>&nbsp;<\/div>\n<p><strong><span style=\"font-family: arial, helvetica, sans-serif\">SEPTIEMBRE:<\/span><\/strong><\/li>\n<li style=\"text-align: justify\"><span style=\"font-family: arial, helvetica, sans-serif\"><strong>Solicitud de bonificaci\u00f3n en Actividades Extraescolares<\/strong>: del 1 al 7 de septiembre de 2022.<\/span><\/li>\n<\/ul>\n<\/div>\n<\/section>\n<\/div>\n","protected":false},"excerpt":{"rendered":"<p>(Pulsa sobre la imagen para acceder a los tr\u00e1mites on-line) &nbsp; IMPORTANTE: Con el objetivo de agilizar los tr\u00e1mites as\u00ed como de ser respetuosos\/as con el medio ambiente, se recomienda la matriculaci\u00f3n telem\u00e1tica a&#46;&#46;&#46;<\/p>\n","protected":false},"author":1896,"featured_media":0,"parent":0,"menu_order":0,"comment_status":"closed","ping_status":"closed","template":"","meta":{"ngg_post_thumbnail":0,"footnotes":"","_mc_calendar":[]},"aioseo_notices":[],"post_mailing_queue_ids":[],"_links":{"self":[{"href":"https:\/\/blogsaverroes.juntadeandalucia.es\/penyaluenga\/wp-json\/wp\/v2\/pages\/2283"}],"collection":[{"href":"https:\/\/blogsaverroes.juntadeandalucia.es\/penyaluenga\/wp-json\/wp\/v2\/pages"}],"about":[{"href":"https:\/\/blogsaverroes.juntadeandalucia.es\/penyaluenga\/wp-json\/wp\/v2\/types\/page"}],"author":[{"embeddable":true,"href":"https:\/\/blogsaverroes.juntadeandalucia.es\/penyaluenga\/wp-json\/wp\/v2\/users\/1896"}],"replies":[{"embeddable":true,"href":"https:\/\/blogsaverroes.juntadeandalucia.es\/penyaluenga\/wp-json\/wp\/v2\/comments?post=2283"}],"version-history":[{"count":12,"href":"https:\/\/blogsaverroes.juntadeandalucia.es\/penyaluenga\/wp-json\/wp\/v2\/pages\/2283\/revisions"}],"predecessor-version":[{"id":4097,"href":"https:\/\/blogsaverroes.juntadeandalucia.es\/penyaluenga\/wp-json\/wp\/v2\/pages\/2283\/revisions\/4097"}],"wp:attachment":[{"href":"https:\/\/blogsaverroes.juntadeandalucia.es\/penyaluenga\/wp-json\/wp\/v2\/media?parent=2283"}],"curies":[{"name":"wp","href":"https:\/\/api.w.org\/{rel}","templated":true}]}}