{"id":2411,"date":"2025-11-08T19:51:12","date_gmt":"2025-11-08T18:51:12","guid":{"rendered":"https:\/\/blogsaverroes.juntadeandalucia.es\/plurilinguismocordoba\/?page_id=2411"},"modified":"2026-04-11T16:38:22","modified_gmt":"2026-04-11T14:38:22","slug":"contacto","status":"publish","type":"page","link":"https:\/\/blogsaverroes.juntadeandalucia.es\/plurilinguismocordoba\/contacto\/","title":{"rendered":"Contacto"},"content":{"rendered":"<h2><img fetchpriority=\"high\" decoding=\"async\" class=\"aligncenter wp-image-2413 size-medium\" src=\"https:\/\/blogsaverroes.juntadeandalucia.es\/plurilinguismocordoba\/files\/2025\/11\/Captura-de-pantalla-2025-11-08-a-las-19.49.44-300x282.png\" alt=\"\" width=\"300\" height=\"282\" srcset=\"https:\/\/blogsaverroes.juntadeandalucia.es\/plurilinguismocordoba\/files\/2025\/11\/Captura-de-pantalla-2025-11-08-a-las-19.49.44-300x282.png 300w, https:\/\/blogsaverroes.juntadeandalucia.es\/plurilinguismocordoba\/files\/2025\/11\/Captura-de-pantalla-2025-11-08-a-las-19.49.44-1024x962.png 1024w, https:\/\/blogsaverroes.juntadeandalucia.es\/plurilinguismocordoba\/files\/2025\/11\/Captura-de-pantalla-2025-11-08-a-las-19.49.44-768x721.png 768w, https:\/\/blogsaverroes.juntadeandalucia.es\/plurilinguismocordoba\/files\/2025\/11\/Captura-de-pantalla-2025-11-08-a-las-19.49.44-750x704.png 750w, https:\/\/blogsaverroes.juntadeandalucia.es\/plurilinguismocordoba\/files\/2025\/11\/Captura-de-pantalla-2025-11-08-a-las-19.49.44.png 1086w\" sizes=\"(max-width: 300px) 100vw, 300px\" \/><\/h2>\n<div class=\"tabla_gen\">\n<table id=\"tabla-propulsor\" class=\"display dataTable\" style=\"width: 100%\" role=\"grid\" width=\"100%\" cellspacing=\"0\">\n<thead>\n<tr role=\"row\">\n<th>Correo electr\u00f3nico<\/th>\n<th>plurilinguismo.dpco.ced@juntadeandalucia.es<\/th>\n<\/tr>\n<\/thead>\n<tbody>\n<tr>\n<td width=\"255\"><strong>Tel\u00e9fono<\/strong><\/td>\n<td width=\"302\">\n<ul style=\"list-style-type: circle\">\n<li><strong>Corporativo:<\/strong> 501164<\/li>\n<li><strong>M\u00f3vil:<\/strong> 671596471<\/li>\n<li>957001164&nbsp;<\/li>\n<\/ul>\n<\/td>\n<\/tr>\n<\/tbody>\n<thead>\n<tr role=\"row\">\n<th style=\"width: 42.6667%\">Presencial<\/th>\n<th style=\"width: 57.2%\"><span style=\"color: #808080\">Delegaci\u00f3n Territorial de Desarrollo Educativo y Formaci\u00f3n Profesional y de Universidad, Investigaci\u00f3n e Innovaci\u00f3n en C\u00f3rdoba<\/span><br \/>\n<span style=\"color: #808080\">C\/ Tom\u00e1s de Aquino, s\/n, Poniente Sur, 14004 C\u00f3rdoba<\/span><br \/>\n<span style=\"color: #808080\">Segunda planta<\/span><\/th>\n<\/tr>\n<\/thead>\n<\/table>\n<\/div>\n","protected":false},"excerpt":{"rendered":"<p>Correo electr\u00f3nico plurilinguismo.dpco.ced@juntadeandalucia.es Tel\u00e9fono Corporativo: 501164 M\u00f3vil: 671596471 957001164&nbsp; Presencial Delegaci\u00f3n Territorial de Desarrollo Educativo y Formaci\u00f3n Profesional y de Universidad, Investigaci\u00f3n e Innovaci\u00f3n en C\u00f3rdoba C\/ Tom\u00e1s de Aquino, s\/n, Poniente Sur, 14004 C\u00f3rdoba Segunda planta<\/p>\n","protected":false},"author":18252,"featured_media":0,"parent":0,"menu_order":0,"comment_status":"closed","ping_status":"closed","template":"","meta":{"ngg_post_thumbnail":0,"footnotes":""},"aioseo_notices":[],"post_mailing_queue_ids":[],"_links":{"self":[{"href":"https:\/\/blogsaverroes.juntadeandalucia.es\/plurilinguismocordoba\/wp-json\/wp\/v2\/pages\/2411"}],"collection":[{"href":"https:\/\/blogsaverroes.juntadeandalucia.es\/plurilinguismocordoba\/wp-json\/wp\/v2\/pages"}],"about":[{"href":"https:\/\/blogsaverroes.juntadeandalucia.es\/plurilinguismocordoba\/wp-json\/wp\/v2\/types\/page"}],"author":[{"embeddable":true,"href":"https:\/\/blogsaverroes.juntadeandalucia.es\/plurilinguismocordoba\/wp-json\/wp\/v2\/users\/18252"}],"replies":[{"embeddable":true,"href":"https:\/\/blogsaverroes.juntadeandalucia.es\/plurilinguismocordoba\/wp-json\/wp\/v2\/comments?post=2411"}],"version-history":[{"count":6,"href":"https:\/\/blogsaverroes.juntadeandalucia.es\/plurilinguismocordoba\/wp-json\/wp\/v2\/pages\/2411\/revisions"}],"predecessor-version":[{"id":2875,"href":"https:\/\/blogsaverroes.juntadeandalucia.es\/plurilinguismocordoba\/wp-json\/wp\/v2\/pages\/2411\/revisions\/2875"}],"wp:attachment":[{"href":"https:\/\/blogsaverroes.juntadeandalucia.es\/plurilinguismocordoba\/wp-json\/wp\/v2\/media?parent=2411"}],"curies":[{"name":"wp","href":"https:\/\/api.w.org\/{rel}","templated":true}]}}