{"id":2464,"date":"2025-11-16T18:14:15","date_gmt":"2025-11-16T17:14:15","guid":{"rendered":"https:\/\/blogsaverroes.juntadeandalucia.es\/plurilinguismocordoba\/?page_id=2464"},"modified":"2025-11-16T18:14:15","modified_gmt":"2025-11-16T17:14:15","slug":"inmersion-linguistica","status":"publish","type":"page","link":"https:\/\/blogsaverroes.juntadeandalucia.es\/plurilinguismocordoba\/inmersion-linguistica\/","title":{"rendered":"Inmersi\u00f3n Ling\u00fc\u00edstica"},"content":{"rendered":"<h3><img fetchpriority=\"high\" decoding=\"async\" class=\"aligncenter wp-image-2465 \" src=\"https:\/\/blogsaverroes.juntadeandalucia.es\/plurilinguismocordoba\/files\/2025\/11\/Captura-de-pantalla-2025-11-16-a-las-18.10.52-1024x825.png\" alt=\"\" width=\"489\" height=\"394\" srcset=\"https:\/\/blogsaverroes.juntadeandalucia.es\/plurilinguismocordoba\/files\/2025\/11\/Captura-de-pantalla-2025-11-16-a-las-18.10.52-1024x825.png 1024w, https:\/\/blogsaverroes.juntadeandalucia.es\/plurilinguismocordoba\/files\/2025\/11\/Captura-de-pantalla-2025-11-16-a-las-18.10.52-300x242.png 300w, https:\/\/blogsaverroes.juntadeandalucia.es\/plurilinguismocordoba\/files\/2025\/11\/Captura-de-pantalla-2025-11-16-a-las-18.10.52-768x619.png 768w, https:\/\/blogsaverroes.juntadeandalucia.es\/plurilinguismocordoba\/files\/2025\/11\/Captura-de-pantalla-2025-11-16-a-las-18.10.52-750x605.png 750w, https:\/\/blogsaverroes.juntadeandalucia.es\/plurilinguismocordoba\/files\/2025\/11\/Captura-de-pantalla-2025-11-16-a-las-18.10.52.png 1124w\" sizes=\"(max-width: 489px) 100vw, 489px\" \/><\/h3>\n<p><span style=\"font-size: 10pt\">Licencia de la imagen: <a href=\"https:\/\/www.freepik.com\/free-photo\/teacher-kids-looking-leaves_10153183.htm#fromView=search&amp;page=1&amp;position=21&amp;uuid=cbcb999e-6f8b-41ef-93ae-0756a48fcc87&amp;query=children+and+teachers+school+trip\" target=\"_blank\" rel=\"noopener\">Freepick. Teacher and kids looking at leaves. Licencia Freepick<\/a><\/span><\/p>\n<table border=\"0\" cellspacing=\"1\" cellpadding=\"1\">\n<tbody>\n<tr>\n<td>\n<ul>\n<li><strong><a href=\"https:\/\/www.juntadeandalucia.es\/educacion\/portales\/web\/programas-educativos-internacionales\/ensenanza-bilingue\/inmersion-linguistica#profesorado\">Profesorado<\/a><\/strong>\n<ul>\n<li>Profesorado ANL definitivo en centros p\u00fablicos biling\u00fce<\/li>\n<li>Convocatoria anual mediante resoluci\u00f3n<\/li>\n<li>Estancias en verano&nbsp;<\/li>\n<\/ul>\n<\/li>\n<\/ul>\n<\/td>\n<td>\n<ul>\n<li><strong><a href=\"https:\/\/www.juntadeandalucia.es\/educacion\/portales\/web\/programas-educativos-internacionales\/ensenanza-bilingue\/inmersion-linguistica#alumnado\">Alumnado<\/a>&nbsp;&nbsp; &nbsp;<\/strong>\n<ul>\n<li>Alumnado de 6\u00ba de Primaria y 2\u00ba de ESO<\/li>\n<li>Convocatoria anual del Ministerio de Educaci\u00f3n y Formaci\u00f3n Profesional&nbsp;&nbsp;<\/li>\n<li>Estancias en oto\u00f1o y primavera<\/li>\n<\/ul>\n<\/li>\n<\/ul>\n<\/td>\n<\/tr>\n<\/tbody>\n<\/table>\n","protected":false},"excerpt":{"rendered":"<p>Licencia de la imagen: Freepick. Teacher and kids looking at leaves. Licencia Freepick Profesorado Profesorado ANL definitivo en centros p\u00fablicos biling\u00fce Convocatoria anual mediante resoluci\u00f3n Estancias en verano&nbsp; Alumnado&nbsp;&nbsp; &nbsp; Alumnado de 6\u00ba de Primaria y 2\u00ba de ESO Convocatoria anual del Ministerio de Educaci\u00f3n y Formaci\u00f3n Profesional&nbsp;&nbsp; Estancias en oto\u00f1o y primavera<\/p>\n","protected":false},"author":18252,"featured_media":0,"parent":0,"menu_order":0,"comment_status":"closed","ping_status":"closed","template":"","meta":{"ngg_post_thumbnail":0,"footnotes":""},"aioseo_notices":[],"post_mailing_queue_ids":[],"_links":{"self":[{"href":"https:\/\/blogsaverroes.juntadeandalucia.es\/plurilinguismocordoba\/wp-json\/wp\/v2\/pages\/2464"}],"collection":[{"href":"https:\/\/blogsaverroes.juntadeandalucia.es\/plurilinguismocordoba\/wp-json\/wp\/v2\/pages"}],"about":[{"href":"https:\/\/blogsaverroes.juntadeandalucia.es\/plurilinguismocordoba\/wp-json\/wp\/v2\/types\/page"}],"author":[{"embeddable":true,"href":"https:\/\/blogsaverroes.juntadeandalucia.es\/plurilinguismocordoba\/wp-json\/wp\/v2\/users\/18252"}],"replies":[{"embeddable":true,"href":"https:\/\/blogsaverroes.juntadeandalucia.es\/plurilinguismocordoba\/wp-json\/wp\/v2\/comments?post=2464"}],"version-history":[{"count":1,"href":"https:\/\/blogsaverroes.juntadeandalucia.es\/plurilinguismocordoba\/wp-json\/wp\/v2\/pages\/2464\/revisions"}],"predecessor-version":[{"id":2467,"href":"https:\/\/blogsaverroes.juntadeandalucia.es\/plurilinguismocordoba\/wp-json\/wp\/v2\/pages\/2464\/revisions\/2467"}],"wp:attachment":[{"href":"https:\/\/blogsaverroes.juntadeandalucia.es\/plurilinguismocordoba\/wp-json\/wp\/v2\/media?parent=2464"}],"curies":[{"name":"wp","href":"https:\/\/api.w.org\/{rel}","templated":true}]}}