{"id":30,"date":"2020-02-21T13:16:03","date_gmt":"2020-02-21T12:16:03","guid":{"rendered":"https:\/\/blogsaverroes.juntadeandalucia.es\/plurilinguismocordoba\/?page_id=30"},"modified":"2026-04-13T05:18:15","modified_gmt":"2026-04-13T03:18:15","slug":"centros-educacion-bilingue-infantil","status":"publish","type":"page","link":"https:\/\/blogsaverroes.juntadeandalucia.es\/plurilinguismocordoba\/centros-educacion-bilingue-infantil\/","title":{"rendered":"Centros Biling\u00fces de Educaci\u00f3n Infantil y Primaria"},"content":{"rendered":"<table style=\"border-collapse: collapse;width: 100%;height: 3335px\">\n<tbody>\n<tr style=\"background-color: #e6f4fa\">\n<td style=\"width: 25%;text-align: center;height: 39px\"><strong>CENTRO<\/strong><\/td>\n<td style=\"width: 25%;text-align: center;height: 39px\"><strong>LOCALIDAD<\/strong><\/td>\n<td style=\"width: 25%;text-align: center;height: 39px\"><strong>IDIOMA<\/strong><\/td>\n<td style=\"width: 25%;text-align: center;height: 39px\"><strong>IMPLEMENTACI\u00d3N<\/strong><\/td>\n<\/tr>\n<tr style=\"height: 39px\">\n<td style=\"width: 25%;height: 39px\"><a href=\"https:\/\/colegioalandalus.es\/\" target=\"_blank\" rel=\"noopener\"><strong>C.E.I.P. Al-\u00c1ndalus<\/strong><\/a><\/td>\n<td style=\"width: 25%;height: 39px\">C\u00f3rdoba<\/td>\n<td style=\"width: 25%;height: 39px\">Alem\u00e1n, Ingl\u00e9s<\/td>\n<td style=\"width: 25%;height: 39px\">2009<\/td>\n<\/tr>\n<tr style=\"height: 39px\">\n<td style=\"width: 25%;height: 39px\"><strong><a href=\"https:\/\/blogsaverroes.juntadeandalucia.es\/ceipalyussana\/\" target=\"_blank\" rel=\"noopener\">C.E.I.P. Al-Yussana<\/a><\/strong><\/td>\n<td style=\"width: 25%;height: 39px\">Lucena<\/td>\n<td style=\"width: 25%;height: 39px\">Ingl\u00e9s<\/td>\n<td style=\"width: 25%;height: 39px\">2009<\/td>\n<\/tr>\n<tr style=\"height: 62px\">\n<td style=\"width: 25%;height: 62px\"><a href=\"https:\/\/sites.google.com\/site\/colegioalcaldejimenezruiz\/\" target=\"_blank\" rel=\"noopener\"><strong>C.E.I.P. Alcalde Jim\u00e9nez Ruiz<\/strong><\/a><\/td>\n<td style=\"width: 25%;height: 62px\">C\u00f3rdoba<\/td>\n<td style=\"width: 25%;height: 62px\">Ingl\u00e9s<\/td>\n<td style=\"width: 25%;height: 62px\">2016<\/td>\n<\/tr>\n<tr style=\"height: 62px\">\n<td style=\"width: 25%;height: 62px\"><a href=\"https:\/\/www.ceippedrobarbudo.es\/\" target=\"_blank\" rel=\"noopener\"><strong>C.E.I.P. Alcalde Pedro Barbudo<\/strong><\/a><\/td>\n<td style=\"width: 25%;height: 62px\">C\u00f3rdoba<\/td>\n<td style=\"width: 25%;height: 62px\">Ingl\u00e9s<\/td>\n<td style=\"width: 25%;height: 62px\">2014<\/td>\n<\/tr>\n<tr style=\"height: 39px\">\n<td style=\"width: 25%;height: 39px\"><a href=\"https:\/\/blogsaverroes.juntadeandalucia.es\/ceipalfar\/\" target=\"_blank\" rel=\"noopener\"><strong>C.E.I.P. Alfar<\/strong><\/a><\/td>\n<td style=\"width: 25%;height: 39px\">La Rambla<\/td>\n<td style=\"width: 25%;height: 39px\">Ingl\u00e9s<\/td>\n<td style=\"width: 25%;height: 39px\">2016<\/td>\n<\/tr>\n<tr style=\"height: 39px\">\n<td style=\"width: 25%;height: 39px\"><strong><a href=\"https:\/\/ceip-alfredo-gil.blogspot.com\/p\/blog-page.html\" target=\"_blank\" rel=\"noopener\">C.E.I.P. Alfredo Gil<\/a><\/strong><\/td>\n<td style=\"width: 25%;height: 39px\">Pe\u00f1arroya-Pueblonuevo<\/td>\n<td style=\"width: 25%;height: 39px\">Franc\u00e9s<\/td>\n<td style=\"width: 25%;height: 39px\">2011<\/td>\n<\/tr>\n<tr style=\"height: 39px\">\n<td style=\"width: 25%;height: 39px\"><a href=\"https:\/\/blogsaverroes.juntadeandalucia.es\/ceipandaluciaposadas\/\" target=\"_blank\" rel=\"noopener\"><strong>C.E.I.P. Andaluc\u00eda<\/strong><\/a><\/td>\n<td style=\"width: 25%;height: 39px\">Posadas<\/td>\n<td style=\"width: 25%;height: 39px\">Ingl\u00e9s<\/td>\n<td style=\"width: 25%;height: 39px\">2020<\/td>\n<\/tr>\n<tr style=\"height: 39px\">\n<td style=\"width: 25%;height: 39px\"><strong><a href=\"https:\/\/blogsaverroes.juntadeandalucia.es\/ceipangelcarrillo\/\" target=\"_blank\" rel=\"noopener\">C.E.I.P. \u00c1ngel Carrillo<\/a><\/strong><\/td>\n<td style=\"width: 25%;height: 39px\">Priego de C\u00f3rdoba<\/td>\n<td style=\"width: 25%;height: 39px\">Ingl\u00e9s<\/td>\n<td style=\"width: 25%;height: 39px\">2009<\/td>\n<\/tr>\n<tr style=\"height: 39px\">\n<td style=\"width: 25%;height: 39px\"><a href=\"https:\/\/blogsaverroes.juntadeandalucia.es\/ceipaverroes\/el-centro-2\/\" target=\"_blank\" rel=\"noopener\"><strong>C.E.I.P. Averroes<\/strong><\/a><\/td>\n<td style=\"width: 25%;height: 39px\">C\u00f3rdoba<\/td>\n<td style=\"width: 25%;height: 39px\">Ingl\u00e9s<\/td>\n<td style=\"width: 25%;height: 39px\">2006<\/td>\n<\/tr>\n<tr style=\"height: 62px\">\n<td style=\"width: 25%;height: 62px\"><strong><a href=\"https:\/\/blogsaverroes.juntadeandalucia.es\/ceipbarahonadesoto\/\" target=\"_blank\" rel=\"noopener\">C.E.I.P. Barahona de Soto<\/a><\/strong><\/td>\n<td style=\"width: 25%;height: 62px\">Lucena<\/td>\n<td style=\"width: 25%;height: 62px\">Ingl\u00e9s<\/td>\n<td style=\"width: 25%;height: 62px\">2019<\/td>\n<\/tr>\n<tr style=\"height: 62px\">\n<td style=\"width: 25%;height: 62px\"><a href=\"https:\/\/caballerosdesantiagoweb.wordpress.com\/\" target=\"_blank\" rel=\"noopener\"><strong>C.E.I.P. Caballeros de Santiago<\/strong><\/a><\/td>\n<td style=\"width: 25%;height: 62px\">C\u00f3rdoba<\/td>\n<td style=\"width: 25%;height: 62px\">Ingl\u00e9s<\/td>\n<td style=\"width: 25%;height: 62px\">2021<\/td>\n<\/tr>\n<tr style=\"height: 62px\">\n<td style=\"width: 25%;height: 62px\"><a href=\"http:\/\/colegiocamachomelendo.es\/\" target=\"_blank\" rel=\"noopener\"><strong>C.E.I.P. Camacho Melendo<\/strong><\/a><\/td>\n<td style=\"width: 25%;height: 62px\">Priego de C\u00f3rdoba<\/td>\n<td style=\"width: 25%;height: 62px\">Ingl\u00e9s<\/td>\n<td style=\"width: 25%;height: 62px\">2010<\/td>\n<\/tr>\n<tr style=\"height: 39px\">\n<td style=\"width: 25%;height: 39px\"><a href=\"https:\/\/blogsaverroes.juntadeandalucia.es\/ceipcarlostercero\/\" target=\"_blank\" rel=\"noopener\"><strong>C.E.I.P. Carlos III<\/strong><\/a><\/td>\n<td style=\"width: 25%;height: 39px\">La Carlota<\/td>\n<td style=\"width: 25%;height: 39px\">Ingl\u00e9s<\/td>\n<td style=\"width: 25%;height: 39px\">2014<\/td>\n<\/tr>\n<tr style=\"height: 39px\">\n<td style=\"width: 25%;height: 39px\"><a href=\"https:\/\/colegiocarmenromero.com\/\" target=\"_blank\" rel=\"noopener\"><strong>C.E.I.P. Carmen Romero<\/strong><\/a><\/td>\n<td style=\"width: 25%;height: 39px\">Aguilar de la Frontera<\/td>\n<td style=\"width: 25%;height: 39px\">Ingl\u00e9s<\/td>\n<td style=\"width: 25%;height: 39px\">2017<\/td>\n<\/tr>\n<tr style=\"height: 39px\">\n<td style=\"width: 25%;height: 39px\"><a href=\"https:\/\/blogsaverroes.juntadeandalucia.es\/ceipcervantes\/el-centro-2\/\" target=\"_blank\" rel=\"noopener\"><strong>C.E.I.P. Cervantes<\/strong><\/a><\/td>\n<td style=\"width: 25%;height: 39px\">Espejo<\/td>\n<td style=\"width: 25%;height: 39px\">Ingl\u00e9s<\/td>\n<td style=\"width: 25%;height: 39px\">2009<\/td>\n<\/tr>\n<tr style=\"height: 39px\">\n<td style=\"width: 25%;height: 39px\"><a href=\"https:\/\/sites.google.com\/g.educaand.es\/ceipciudadjardincordoba\/inicio\" target=\"_blank\" rel=\"noopener\"><strong>C.E.I.P. Ciudad Jard\u00edn<\/strong><\/a><\/td>\n<td style=\"width: 25%;height: 39px\">C\u00f3rdoba<\/td>\n<td style=\"width: 25%;height: 39px\">Franc\u00e9s<\/td>\n<td style=\"width: 25%;height: 39px\">2005<\/td>\n<\/tr>\n<tr style=\"height: 39px\">\n<td style=\"width: 25%;height: 39px\"><a href=\"https:\/\/blogsaverroes.juntadeandalucia.es\/ceipcolon\/\" target=\"_blank\" rel=\"noopener\"><strong>C.E.I.P. Col\u00f3n<\/strong><\/a><\/td>\n<td style=\"width: 25%;height: 39px\">C\u00f3rdoba<\/td>\n<td style=\"width: 25%;height: 39px\">Ingl\u00e9s<\/td>\n<td style=\"width: 25%;height: 39px\">2005<\/td>\n<\/tr>\n<tr style=\"height: 62px\">\n<td style=\"width: 25%;height: 62px\"><a href=\"https:\/\/blogsaverroes.juntadeandalucia.es\/cristoballuqueonieva\/\" target=\"_blank\" rel=\"noopener\"><strong>C.E.I.P. Crist\u00f3bal Luque Onieva<\/strong><\/a><\/td>\n<td style=\"width: 25%;height: 62px\">Priego de C\u00f3rdoba<\/td>\n<td style=\"width: 25%;height: 62px\">Ingl\u00e9s<\/td>\n<td style=\"width: 25%;height: 62px\">2005<\/td>\n<\/tr>\n<tr style=\"height: 62px\">\n<td style=\"width: 25%;height: 62px\"><a href=\"https:\/\/blogsaverroes.juntadeandalucia.es\/ceipcronista\/\" target=\"_blank\" rel=\"noopener\"><strong>C.E.I.P. Cronista Rey D\u00edaz<\/strong><\/a><\/td>\n<td style=\"width: 25%;height: 62px\">C\u00f3rdoba<\/td>\n<td style=\"width: 25%;height: 62px\">Ingl\u00e9s<\/td>\n<td style=\"width: 25%;height: 62px\">2013<\/td>\n<\/tr>\n<tr style=\"height: 62px\">\n<td style=\"width: 25%;height: 62px\"><a href=\"https:\/\/www.colegiomariacoronel.es\/?cat=25\" target=\"_blank\" rel=\"noopener\"><strong>C.E.I.P. Do\u00f1a Mar\u00eda Coronel<\/strong><\/a><\/td>\n<td style=\"width: 25%;height: 62px\">Aguilar de la Frontera<\/td>\n<td style=\"width: 25%;height: 62px\">Ingl\u00e9s<\/td>\n<td style=\"width: 25%;height: 62px\">2017<\/td>\n<\/tr>\n<tr style=\"height: 39px\">\n<td style=\"width: 25%;height: 39px\"><a href=\"https:\/\/blogsaverroes.juntadeandalucia.es\/ceipdulcenombre\/\" target=\"_blank\" rel=\"noopener\"><strong>C.E.I.P. Dulce Nombre<\/strong><\/a><\/td>\n<td style=\"width: 25%;height: 39px\">Puente Genil<\/td>\n<td style=\"width: 25%;height: 39px\">Ingl\u00e9s<\/td>\n<td style=\"width: 25%;height: 39px\">2007<\/td>\n<\/tr>\n<tr style=\"height: 39px\">\n<td style=\"width: 25%;height: 39px\"><a href=\"https:\/\/www.colegioelpradolucena.es\/\" target=\"_blank\" rel=\"noopener\"><strong> C.E.I.P. El Prado<\/strong><\/a><\/td>\n<td style=\"width: 25%;height: 39px\">Lucena<\/td>\n<td style=\"width: 25%;height: 39px\">Ingl\u00e9s<\/td>\n<td style=\"width: 25%;height: 39px\">2016<\/td>\n<\/tr>\n<tr style=\"height: 39px\">\n<td style=\"width: 25%;height: 39px\"><a href=\"https:\/\/eladioleon.net\/\" target=\"_blank\" rel=\"noopener\"><strong>C.E.I.P. Eladio Le\u00f3n<\/strong><\/a><\/td>\n<td style=\"width: 25%;height: 39px\">Pe\u00f1arroya-Pueblonuevo<\/td>\n<td style=\"width: 25%;height: 39px\">Ingl\u00e9s<\/td>\n<td style=\"width: 25%;height: 39px\">2023<\/td>\n<\/tr>\n<tr style=\"height: 39px\">\n<td style=\"width: 25%;height: 39px\"><a href=\"https:\/\/blogsaverroes.juntadeandalucia.es\/ceipferrobus\/\" target=\"_blank\" rel=\"noopener\"><strong>C.E.I.P. Ferrob\u00fas<\/strong><\/a><\/td>\n<td style=\"width: 25%;height: 39px\">Palma del R\u00edo<\/td>\n<td style=\"width: 25%;height: 39px\">Ingl\u00e9s<\/td>\n<td style=\"width: 25%;height: 39px\">2009<\/td>\n<\/tr>\n<tr style=\"height: 39px\">\n<td style=\"width: 25%;height: 39px\"><a href=\"https:\/\/blogsaverroes.juntadeandalucia.es\/frayalbino-algallarin\/\" target=\"_blank\" rel=\"noopener\"><strong>C.E.I.P. Fray Albino<\/strong><\/a><\/td>\n<td style=\"width: 25%;height: 39px\">Algallar\u00edn<\/td>\n<td style=\"width: 25%;height: 39px\">Franc\u00e9s<\/td>\n<td style=\"width: 25%;height: 39px\">2009<\/td>\n<\/tr>\n<tr style=\"height: 39px\">\n<td style=\"width: 25%;height: 39px\"><a href=\"https:\/\/blogsaverroes.juntadeandalucia.es\/ceipfrayalbinocor\/\" target=\"_blank\" rel=\"noopener\"><strong>C.E.I.P. Fray Albino<\/strong><\/a><\/td>\n<td style=\"width: 25%;height: 39px\">C\u00f3rdoba<\/td>\n<td style=\"width: 25%;height: 39px\">Ingl\u00e9s<\/td>\n<td style=\"width: 25%;height: 39px\">2017<\/td>\n<\/tr>\n<tr style=\"height: 62px\">\n<td style=\"width: 25%;height: 62px\"><strong><a href=\"https:\/\/www.colegiopublicoginesdesepulveda.es\/\" target=\"_blank\" rel=\"noopener\">C.E.I.P. Gin\u00e9s de Sep\u00falveda<\/a><br \/>\n<\/strong><\/td>\n<td style=\"width: 25%;height: 62px\">Pozoblanco<\/td>\n<td style=\"width: 25%;height: 62px\">Ingl\u00e9s<\/td>\n<td style=\"width: 25%;height: 62px\">2013<\/td>\n<\/tr>\n<tr style=\"height: 39px\">\n<td style=\"width: 25%;height: 39px\"><a href=\"https:\/\/blogsaverroes.juntadeandalucia.es\/grancapitan\/\" target=\"_blank\" rel=\"noopener\"><strong>C.E.I.P. Gran Capit\u00e1n<\/strong><\/a><\/td>\n<td style=\"width: 25%;height: 39px\">Montilla<\/td>\n<td style=\"width: 25%;height: 39px\">Ingl\u00e9s<\/td>\n<td style=\"width: 25%;height: 39px\">2013<\/td>\n<\/tr>\n<tr style=\"height: 39px\">\n<td style=\"width: 25%;height: 39px\"><a href=\"https:\/\/blogsaverroes.juntadeandalucia.es\/blogceipinmaculadahinojosa\/\" target=\"_blank\" rel=\"noopener\"><strong>C.E.I.P. Inmaculada<\/strong><\/a><\/td>\n<td style=\"width: 25%;height: 39px\">Hinojosa del Duque<\/td>\n<td style=\"width: 25%;height: 39px\">Ingl\u00e9s<\/td>\n<td style=\"width: 25%;height: 39px\">2009<\/td>\n<\/tr>\n<tr style=\"height: 39px\">\n<td style=\"width: 25%;height: 39px\"><a href=\"https:\/\/inmaculadadelvoto.blogspot.com\/\" target=\"_blank\" rel=\"noopener\"><strong>C.E.I.P. Inmaculada del Voto<\/strong><\/a><\/td>\n<td style=\"width: 25%;height: 39px\">Bujalance<\/td>\n<td style=\"width: 25%;height: 39px\">Ingl\u00e9s<\/td>\n<td style=\"width: 25%;height: 39px\">2015<\/td>\n<\/tr>\n<tr style=\"height: 62px\">\n<td style=\"width: 25%;height: 62px\"><a href=\"https:\/\/blogsaverroes.juntadeandalucia.es\/ceipjoaquintenaartigas\/\" target=\"_blank\" rel=\"noopener\"><strong>C.E.I.P. Joaqu\u00edn Tena Artigas<\/strong><\/a><\/td>\n<td style=\"width: 25%;height: 62px\">Alcolea<\/td>\n<td style=\"width: 25%;height: 62px\">Ingl\u00e9s<\/td>\n<td style=\"width: 25%;height: 62px\">2018<\/td>\n<\/tr>\n<tr style=\"height: 62px\">\n<td style=\"width: 25%;height: 62px\"><strong><a href=\"https:\/\/blogsaverroes.juntadeandalucia.es\/peman\/\" target=\"_blank\" rel=\"noopener\">C.E.I.P. Jos\u00e9 Mar\u00eda Pem\u00e1n<\/a><br \/>\n<\/strong><\/td>\n<td style=\"width: 25%;height: 62px\">Puente Genil<\/td>\n<td style=\"width: 25%;height: 62px\">Ingl\u00e9s<\/td>\n<td style=\"width: 25%;height: 62px\">2008<\/td>\n<\/tr>\n<tr style=\"height: 39px\">\n<td style=\"width: 25%;height: 39px\"><a href=\"https:\/\/blogsaverroes.juntadeandalucia.es\/ceipjuandemena\/\" target=\"_blank\" rel=\"noopener\"><strong>C.E.I.P. Juan de Mena<\/strong><\/a><\/td>\n<td style=\"width: 25%;height: 39px\">C\u00f3rdoba<\/td>\n<td style=\"width: 25%;height: 39px\">Ingl\u00e9s<\/td>\n<td style=\"width: 25%;height: 39px\">2009<\/td>\n<\/tr>\n<tr style=\"height: 39px\">\n<td style=\"width: 25%;height: 39px\"><a href=\"https:\/\/blogsaverroes.juntadeandalucia.es\/colegiojuanvalera\/\" target=\"_blank\" rel=\"noopener\"><strong>C.E.I.P. Juan Valera<\/strong><\/a><\/td>\n<td style=\"width: 25%;height: 39px\">Cabra<\/td>\n<td style=\"width: 25%;height: 39px\">Ingl\u00e9s<\/td>\n<td style=\"width: 25%;height: 39px\">2009<\/td>\n<\/tr>\n<tr style=\"height: 39px\">\n<td style=\"width: 25%;height: 39px\"><a href=\"https:\/\/colegiopublicolaaduana.es\/\" target=\"_blank\" rel=\"noopener\"><strong>C.E.I.P. La Aduana<\/strong><\/a><\/td>\n<td style=\"width: 25%;height: 39px\">C\u00f3rdoba<\/td>\n<td style=\"width: 25%;height: 39px\">Ingl\u00e9s<\/td>\n<td style=\"width: 25%;height: 39px\">2016<\/td>\n<\/tr>\n<tr style=\"height: 39px\">\n<td style=\"width: 25%;height: 39px\"><a href=\"https:\/\/blogsaverroes.juntadeandalucia.es\/ceiplopezdieguez\/\" target=\"_blank\" rel=\"noopener\"><strong>C.E.I.P. L\u00f3pez Di\u00e9guez<\/strong><\/a><\/td>\n<td style=\"width: 25%;height: 39px\">C\u00f3rdoba<\/td>\n<td style=\"width: 25%;height: 39px\">Ingl\u00e9s<\/td>\n<td style=\"width: 25%;height: 39px\">2006<\/td>\n<\/tr>\n<tr style=\"height: 39px\">\n<td style=\"width: 25%;height: 39px\"><a href=\"https:\/\/ceiplosangeles.jimdofree.com\/\" target=\"_blank\" rel=\"noopener\"><strong>C.E.I.P. Los \u00c1ngeles<\/strong><\/a><\/td>\n<td style=\"width: 25%;height: 39px\">Alcolea<\/td>\n<td style=\"width: 25%;height: 39px\">Ingl\u00e9s<\/td>\n<td style=\"width: 25%;height: 39px\">2019<\/td>\n<\/tr>\n<tr style=\"height: 39px\">\n<td style=\"width: 25%;height: 39px\"><a href=\"https:\/\/blogsaverroes.juntadeandalucia.es\/ceipmariamoreno\/documentos-del-centro\/\" target=\"_blank\" rel=\"noopener\"><strong> C.E.I.P. Mar\u00eda Moreno<\/strong><\/a><\/td>\n<td style=\"width: 25%;height: 39px\">Villanueva de C\u00f3rdoba<\/td>\n<td style=\"width: 25%;height: 39px\">Ingl\u00e9s<\/td>\n<td style=\"width: 25%;height: 39px\">2021<\/td>\n<\/tr>\n<tr style=\"height: 39px\">\n<td style=\"width: 25%;height: 39px\"><a href=\"https:\/\/blogsaverroes.juntadeandalucia.es\/colemediterraneo\/\" target=\"_blank\" rel=\"noopener\"><strong> C.E.I.P. Mediterr\u00e1neo<\/strong><\/a><\/td>\n<td style=\"width: 25%;height: 39px\">C\u00f3rdoba<\/td>\n<td style=\"width: 25%;height: 39px\">Ingl\u00e9s<\/td>\n<td style=\"width: 25%;height: 39px\">2009<\/td>\n<\/tr>\n<tr style=\"height: 39px\">\n<td style=\"width: 25%;height: 39px\"><a href=\"https:\/\/blogsaverroes.juntadeandalucia.es\/ceipmiragenil\/\" target=\"_blank\" rel=\"noopener\"><strong>C.E.I.P. Miragenil<\/strong><\/a><\/td>\n<td style=\"width: 25%;height: 39px\">Puente Genil<\/td>\n<td style=\"width: 25%;height: 39px\">Ingl\u00e9s<\/td>\n<td style=\"width: 25%;height: 39px\">2007<\/td>\n<\/tr>\n<tr style=\"height: 39px\">\n<td style=\"width: 25%;height: 39px\"><a href=\"https:\/\/blogsaverroes.juntadeandalucia.es\/ceipmontealbo\/\" target=\"_blank\" rel=\"noopener\"><strong>C.E.I.P. Monte Albo<\/strong><\/a><\/td>\n<td style=\"width: 25%;height: 39px\">Montalb\u00e1n de C\u00f3rdoba<\/td>\n<td style=\"width: 25%;height: 39px\">Ingl\u00e9s<\/td>\n<td style=\"width: 25%;height: 39px\">2009<\/td>\n<\/tr>\n<tr style=\"height: 39px\">\n<td style=\"width: 25%;height: 39px\"><a href=\"https:\/\/blogsaverroes.juntadeandalucia.es\/ceipnelsonmandela\/\" target=\"_blank\" rel=\"noopener\"><strong>C.E.I.P. Nelson Mandela<\/strong><\/a><\/td>\n<td style=\"width: 25%;height: 39px\">La Carlota<\/td>\n<td style=\"width: 25%;height: 39px\">Ingl\u00e9s<\/td>\n<td style=\"width: 25%;height: 39px\">2014<\/td>\n<\/tr>\n<tr style=\"height: 62px\">\n<td style=\"width: 25%;height: 62px\"><a href=\"https:\/\/colegionicetoalcalazamora.blogspot.com\/\" target=\"_blank\" rel=\"noopener\"><strong>C.E.I.P. Niceto Alcal\u00e1-Zamora y Torres<\/strong><\/a><\/td>\n<td style=\"width: 25%;height: 62px\">Priego de C\u00f3rdoba<\/td>\n<td style=\"width: 25%;height: 62px\">Ingl\u00e9s<\/td>\n<td style=\"width: 25%;height: 62px\">2008<\/td>\n<\/tr>\n<tr style=\"height: 62px\">\n<td style=\"width: 25%;height: 62px\"><a href=\"https:\/\/www.colegioaraceli.com\/\" target=\"_blank\" rel=\"noopener\"><strong>C.E.I.P. Ntra. Sra. de Araceli<\/strong><\/a><\/td>\n<td style=\"width: 25%;height: 62px\">Lucena<\/td>\n<td style=\"width: 25%;height: 62px\">Ingl\u00e9s<\/td>\n<td style=\"width: 25%;height: 62px\">2013<\/td>\n<\/tr>\n<tr style=\"height: 62px\">\n<td style=\"width: 25%;height: 62px\"><a href=\"https:\/\/colegiolapiedadiznajar.wordpress.com\/\" target=\"_blank\" rel=\"noopener\"><strong>C.E.I.P. Ntra. Sra. de la Piedad<\/strong><\/a><\/td>\n<td style=\"width: 25%;height: 62px\">Izn\u00e1jar<\/td>\n<td style=\"width: 25%;height: 62px\">Ingl\u00e9s<\/td>\n<td style=\"width: 25%;height: 62px\">2008<\/td>\n<\/tr>\n<tr style=\"height: 62px\">\n<td style=\"width: 25%;height: 62px\"><a href=\"https:\/\/blogsaverroes.juntadeandalucia.es\/colelasalud\/\" target=\"_blank\" rel=\"noopener\"><strong>C.E.I.P. Ntra. Sra. de la Salud<\/strong><\/a><\/td>\n<td style=\"width: 25%;height: 62px\">Posadas<\/td>\n<td style=\"width: 25%;height: 62px\">Ingl\u00e9s<\/td>\n<td style=\"width: 25%;height: 62px\">2020<\/td>\n<\/tr>\n<tr style=\"height: 62px\">\n<td style=\"width: 25%;height: 62px\"><a href=\"https:\/\/blogsaverroes.juntadeandalucia.es\/ceiplasierra\/\" target=\"_blank\" rel=\"noopener\"><strong> C.E.I.P. Ntra. Sra. de la Sierra<\/strong><\/a><\/td>\n<td style=\"width: 25%;height: 62px\">Cabra<\/td>\n<td style=\"width: 25%;height: 62px\">Ingl\u00e9s<\/td>\n<td style=\"width: 25%;height: 62px\">2005<\/td>\n<\/tr>\n<tr style=\"height: 62px\">\n<td style=\"width: 25%;height: 62px\"><a href=\"https:\/\/elcarmenesmicole.blogspot.com\/\" target=\"_blank\" rel=\"noopener\"><strong>C.E.I.P. Ntra. Sra. del Carmen<\/strong><\/a><\/td>\n<td style=\"width: 25%;height: 62px\">Lucena<\/td>\n<td style=\"width: 25%;height: 62px\">Ingl\u00e9s<\/td>\n<td style=\"width: 25%;height: 62px\">2015<\/td>\n<\/tr>\n<tr style=\"height: 62px\">\n<td style=\"width: 25%;height: 62px\"><a href=\"https:\/\/blogsaverroes.juntadeandalucia.es\/coleluque\/datos-del-ceip-nuestra-senora-del-rosario-de-luque\/\" target=\"_blank\" rel=\"noopener\"><strong>C.E.I.P. Ntra. Sra. del Rosario<\/strong><\/a><\/td>\n<td style=\"width: 25%;height: 62px\">Luque<\/td>\n<td style=\"width: 25%;height: 62px\">Ingl\u00e9s<\/td>\n<td style=\"width: 25%;height: 62px\">2008<\/td>\n<\/tr>\n<tr style=\"height: 62px\">\n<td style=\"width: 25%;height: 62px\"><a href=\"https:\/\/blogsaverroes.juntadeandalucia.es\/ceipnsdelrosario\/\" target=\"_blank\" rel=\"noopener\"><strong>C.E.I.P. Ntra. Sra. del Rosario<\/strong><\/a><\/td>\n<td style=\"width: 25%;height: 62px\">Montoro<\/td>\n<td style=\"width: 25%;height: 62px\">Ingl\u00e9s<\/td>\n<td style=\"width: 25%;height: 62px\">2011<\/td>\n<\/tr>\n<tr style=\"height: 62px\">\n<td style=\"width: 25%;height: 62px\"><a href=\"https:\/\/blogsaverroes.juntadeandalucia.es\/ceippablogarciabaena\/\" target=\"_blank\" rel=\"noopener\"><strong>C.E.I.P. Pablo Garc\u00eda Baena<\/strong><\/a><\/td>\n<td style=\"width: 25%;height: 62px\">C\u00f3rdoba<\/td>\n<td style=\"width: 25%;height: 62px\">Ingl\u00e9s<\/td>\n<td style=\"width: 25%;height: 62px\">2021<\/td>\n<\/tr>\n<tr style=\"height: 39px\">\n<td style=\"width: 25%;height: 39px\"><a href=\"https:\/\/blogsaverroes.juntadeandalucia.es\/ceippoetamolleja\/\" target=\"_blank\" rel=\"noopener\"><strong>C.E.I.P. Poeta Molleja<\/strong><\/a><\/td>\n<td style=\"width: 25%;height: 39px\">Villa del R\u00edo<\/td>\n<td style=\"width: 25%;height: 39px\">Ingl\u00e9s<\/td>\n<td style=\"width: 25%;height: 39px\">2013<\/td>\n<\/tr>\n<tr style=\"height: 39px\">\n<td style=\"width: 25%;height: 39px\"><a href=\"https:\/\/blogsaverroes.juntadeandalucia.es\/ceiprodriguezvega\/\" target=\"_blank\" rel=\"noopener\"><strong>C.E.I.P. Rodr\u00edguez Vega<\/strong><\/a><\/td>\n<td style=\"width: 25%;height: 39px\">Almedinilla<\/td>\n<td style=\"width: 25%;height: 39px\">Ingl\u00e9s<\/td>\n<td style=\"width: 25%;height: 39px\">2016<\/td>\n<\/tr>\n<tr style=\"height: 62px\">\n<td style=\"width: 25%;height: 62px\"><a href=\"https:\/\/blogsaverroes.juntadeandalucia.es\/ceipsalvadorvinuesa\/\" target=\"_blank\" rel=\"noopener\"><strong> C.E.I.P. Salvador Vinuesa<\/strong><\/a><\/td>\n<td style=\"width: 25%;height: 62px\">C\u00f3rdoba<\/td>\n<td style=\"width: 25%;height: 62px\">Ingl\u00e9s<\/td>\n<td style=\"width: 25%;height: 62px\">2009<\/td>\n<\/tr>\n<tr style=\"height: 39px\">\n<td style=\"width: 25%;height: 39px\"><a href=\"https:\/\/blogsaverroes.juntadeandalucia.es\/sanjosemontilla\/\" target=\"_blank\" rel=\"noopener\"><strong>C.E.I.P. San Jos\u00e9<\/strong><\/a><\/td>\n<td style=\"width: 25%;height: 39px\">Montilla<\/td>\n<td style=\"width: 25%;height: 39px\">Ingl\u00e9s<\/td>\n<td style=\"width: 25%;height: 39px\">2022<\/td>\n<\/tr>\n<tr style=\"height: 62px\">\n<td style=\"width: 25%;height: 62px\"><a href=\"https:\/\/sanjosecalasanzfrances.blogspot.com\/\" target=\"_blank\" rel=\"noopener\"><strong>C.E.I.P. San Jos\u00e9 de Calasanz<\/strong><\/a><\/td>\n<td style=\"width: 25%;height: 62px\">Pe\u00f1arroya-Pueblonuevo<\/td>\n<td style=\"width: 25%;height: 62px\">Franc\u00e9s, Ingl\u00e9s<\/td>\n<td style=\"width: 25%;height: 62px\">2005<\/td>\n<\/tr>\n<tr style=\"height: 39px\">\n<td style=\"width: 25%;height: 39px\"><a href=\"https:\/\/blogsaverroes.juntadeandalucia.es\/sanlorenzo\/\" target=\"_blank\" rel=\"noopener\"><strong>C.E.I.P. San Lorenzo<\/strong><\/a><\/td>\n<td style=\"width: 25%;height: 39px\">C\u00f3rdoba<\/td>\n<td style=\"width: 25%;height: 39px\">Ingl\u00e9s<\/td>\n<td style=\"width: 25%;height: 39px\">2010<\/td>\n<\/tr>\n<tr style=\"height: 39px\">\n<td style=\"width: 25%;height: 39px\"><a href=\"https:\/\/elcolegiosanmiguel.blogspot.com\/2021\/02\/colegio-san-miguel.html\" target=\"_blank\" rel=\"noopener\"><strong>C.E.I.P. San Miguel<\/strong><\/a><\/td>\n<td style=\"width: 25%;height: 39px\">Villanueva de C\u00f3rdoba<\/td>\n<td style=\"width: 25%;height: 39px\">Ingl\u00e9s<\/td>\n<td style=\"width: 25%;height: 39px\">2014<\/td>\n<\/tr>\n<tr style=\"height: 39px\">\n<td style=\"width: 25%;height: 39px\"><a href=\"https:\/\/www.colegiosansebastian.es\/page\/11\/\" target=\"_blank\" rel=\"noopener\"><strong>C.E.I.P. San Sebasti\u00e1n<\/strong><\/a><\/td>\n<td style=\"width: 25%;height: 39px\">Palma del R\u00edo<\/td>\n<td style=\"width: 25%;height: 39px\">Ingl\u00e9s<\/td>\n<td style=\"width: 25%;height: 39px\">2006<\/td>\n<\/tr>\n<tr style=\"height: 62px\">\n<td style=\"width: 25%;height: 62px\"><a href=\"https:\/\/sansebastiandelosballesteros.es\/el-colegio-de-nuestra-localidad-ceip-santo-tomas-de-aquino-premiado-por-la-consejeria-de-educacion-por-su-periodico-escolar\/\" target=\"_blank\" rel=\"noopener\"><strong>C.E.I.P. Santo Tom\u00e1s de Aquino<\/strong><\/a><\/td>\n<td style=\"width: 25%;height: 62px\">San Sebasti\u00e1n de los Ballesteros<\/td>\n<td style=\"width: 25%;height: 62px\">Ingl\u00e9s<\/td>\n<td style=\"width: 25%;height: 62px\">2012<\/td>\n<\/tr>\n<tr style=\"height: 39px\">\n<td style=\"width: 25%;height: 39px\"><a href=\"https:\/\/blogsaverroes.juntadeandalucia.es\/ceiptirsodemolina\/\" target=\"_blank\" rel=\"noopener\"><strong>C.E.I.P. Tirso de Molina<\/strong><\/a><\/td>\n<td style=\"width: 25%;height: 39px\">C\u00f3rdoba<\/td>\n<td style=\"width: 25%;height: 39px\">Ingl\u00e9s<\/td>\n<td style=\"width: 25%;height: 39px\">2014<\/td>\n<\/tr>\n<tr style=\"height: 62px\">\n<td style=\"width: 25%;height: 62px\"><a href=\"https:\/\/blogsaverroes.juntadeandalucia.es\/ceipvalverdeyperales\/\" target=\"_blank\" rel=\"noopener\"><strong>C.E.I.P. Valverde y Perales<\/strong><\/a><\/td>\n<td style=\"width: 25%;height: 62px\">Baena<\/td>\n<td style=\"width: 25%;height: 62px\">Ingl\u00e9s<\/td>\n<td style=\"width: 25%;height: 62px\">2010<\/td>\n<\/tr>\n<tr style=\"height: 62px\">\n<td style=\"width: 25%;height: 62px\"><a href=\"https:\/\/blogsaverroes.juntadeandalucia.es\/vicentealeixandremontilla\/\" target=\"_blank\" rel=\"noopener\"><strong>C.E.I.P. Vicente Aleixandre<\/strong><\/a><\/td>\n<td style=\"width: 25%;height: 62px\">Montilla<\/td>\n<td style=\"width: 25%;height: 62px\">Ingl\u00e9s<\/td>\n<td style=\"width: 25%;height: 62px\">2020<\/td>\n<\/tr>\n<tr style=\"height: 39px\">\n<td style=\"width: 25%;height: 39px\"><a href=\"https:\/\/blogsaverroes.juntadeandalucia.es\/ceipvictoriadiez\/\" target=\"_blank\" rel=\"noopener\"><strong>C.E.I.P. Victoria D\u00edez<\/strong><\/a><\/td>\n<td style=\"width: 25%;height: 39px\">Hornachuelos<\/td>\n<td style=\"width: 25%;height: 39px\">Ingl\u00e9s<\/td>\n<td style=\"width: 25%;height: 39px\">2013<\/td>\n<\/tr>\n<tr style=\"height: 62px\">\n<td style=\"width: 25%;height: 62px\"><a href=\"https:\/\/priegodecordoba.es\/temas\/priego-educa\/centros-educacion-infantil-y-primaria\/\" target=\"_blank\" rel=\"noopener\"><strong>C.E.I.P. Virgen de la Cabeza<\/strong><\/a><\/td>\n<td style=\"width: 25%;height: 62px\">Priego de C\u00f3rdoba<\/td>\n<td style=\"width: 25%;height: 62px\">Ingl\u00e9s&nbsp;<\/td>\n<td style=\"width: 25%;height: 62px\">2006<\/td>\n<\/tr>\n<tr style=\"height: 62px\">\n<td style=\"width: 25%;height: 62px\"><a href=\"https:\/\/ceipvirgendelasalud.es\/\" target=\"_blank\" rel=\"noopener\"><strong>C.E.I.P. Virgen de la Salud<\/strong><\/a><\/td>\n<td style=\"width: 25%;height: 62px\">Castro del R\u00edo<\/td>\n<td style=\"width: 25%;height: 62px\">Ingl\u00e9s<\/td>\n<td style=\"width: 25%;height: 62px\">2009<\/td>\n<\/tr>\n<tr style=\"height: 62px\">\n<td style=\"width: 25%;height: 62px\"><a href=\"https:\/\/blogsaverroes.juntadeandalucia.es\/ceipvirgendelascruces\/el-centro-2\/\" target=\"_blank\" rel=\"noopener\"><strong>C.E.I.P. Virgen de las Cruces<\/strong><\/a><\/td>\n<td style=\"width: 25%;height: 62px\">El Guijo<\/td>\n<td style=\"width: 25%;height: 62px\">Ingl\u00e9s<\/td>\n<td style=\"width: 25%;height: 62px\">2009<\/td>\n<\/tr>\n<tr style=\"height: 39px\">\n<td style=\"width: 25%;height: 39px\"><a href=\"https:\/\/ceipvirgendeluna.webnode.es\/\" target=\"_blank\" rel=\"noopener\"><strong>C.E.I.P. Virgen de Luna<\/strong><\/a><\/td>\n<td style=\"width: 25%;height: 39px\">Villanueva de C\u00f3rdoba<\/td>\n<td style=\"width: 25%;height: 39px\">Ingl\u00e9s<\/td>\n<td style=\"width: 25%;height: 39px\">2007<\/td>\n<\/tr>\n<\/tbody>\n<\/table>\n","protected":false},"excerpt":{"rendered":"<p>CENTRO LOCALIDAD IDIOMA IMPLEMENTACI\u00d3N C.E.I.P. Al-\u00c1ndalus C\u00f3rdoba Alem\u00e1n, Ingl\u00e9s 2009 C.E.I.P. Al-Yussana Lucena Ingl\u00e9s 2009 C.E.I.P. Alcalde Jim\u00e9nez Ruiz C\u00f3rdoba Ingl\u00e9s 2016 C.E.I.P. Alcalde Pedro Barbudo C\u00f3rdoba Ingl\u00e9s 2014 C.E.I.P. Alfar La Rambla Ingl\u00e9s 2016 C.E.I.P. Alfredo Gil Pe\u00f1arroya-Pueblonuevo Franc\u00e9s 2011 C.E.I.P. Andaluc\u00eda Posadas Ingl\u00e9s 2020 C.E.I.P. \u00c1ngel Carrillo Priego de C\u00f3rdoba Ingl\u00e9s 2009 C.E.I.P. &hellip; <\/p>\n<p><a class=\"more-link btn\" href=\"https:\/\/blogsaverroes.juntadeandalucia.es\/plurilinguismocordoba\/centros-educacion-bilingue-infantil\/\">Seguir leyendo<\/a><\/p>\n","protected":false},"author":7786,"featured_media":0,"parent":0,"menu_order":0,"comment_status":"closed","ping_status":"closed","template":"","meta":{"ngg_post_thumbnail":0,"footnotes":""},"aioseo_notices":[],"post_mailing_queue_ids":[],"_links":{"self":[{"href":"https:\/\/blogsaverroes.juntadeandalucia.es\/plurilinguismocordoba\/wp-json\/wp\/v2\/pages\/30"}],"collection":[{"href":"https:\/\/blogsaverroes.juntadeandalucia.es\/plurilinguismocordoba\/wp-json\/wp\/v2\/pages"}],"about":[{"href":"https:\/\/blogsaverroes.juntadeandalucia.es\/plurilinguismocordoba\/wp-json\/wp\/v2\/types\/page"}],"author":[{"embeddable":true,"href":"https:\/\/blogsaverroes.juntadeandalucia.es\/plurilinguismocordoba\/wp-json\/wp\/v2\/users\/7786"}],"replies":[{"embeddable":true,"href":"https:\/\/blogsaverroes.juntadeandalucia.es\/plurilinguismocordoba\/wp-json\/wp\/v2\/comments?post=30"}],"version-history":[{"count":21,"href":"https:\/\/blogsaverroes.juntadeandalucia.es\/plurilinguismocordoba\/wp-json\/wp\/v2\/pages\/30\/revisions"}],"predecessor-version":[{"id":2891,"href":"https:\/\/blogsaverroes.juntadeandalucia.es\/plurilinguismocordoba\/wp-json\/wp\/v2\/pages\/30\/revisions\/2891"}],"wp:attachment":[{"href":"https:\/\/blogsaverroes.juntadeandalucia.es\/plurilinguismocordoba\/wp-json\/wp\/v2\/media?parent=30"}],"curies":[{"name":"wp","href":"https:\/\/api.w.org\/{rel}","templated":true}]}}