{"id":339,"date":"2020-10-12T19:32:59","date_gmt":"2020-10-12T17:32:59","guid":{"rendered":"https:\/\/blogsaverroes.juntadeandalucia.es\/plurilinguismocordoba\/?page_id=339"},"modified":"2022-11-01T07:55:13","modified_gmt":"2022-11-01T06:55:13","slug":"newsletters-mensuales-para-auxiliares-de-conversacion","status":"publish","type":"page","link":"https:\/\/blogsaverroes.juntadeandalucia.es\/plurilinguismocordoba\/newsletters-mensuales-para-auxiliares-de-conversacion\/","title":{"rendered":"How to ask for an appointment in the police office to do paperwork (EU REGISTRATION CERTIFICATE \/ FOREIGN IDENTITY CARD)"},"content":{"rendered":"<h1><span style=\"font-size: 18pt\">NOTA INFORMATIVA EXTRANJER\u00cdA <\/span><span style=\"font-size: 14pt\">*\u00bbEl pasado 20 de octubre entr\u00f3 en vigor el punto 3 de la Disposici\u00f3n Adicional Tercera del RD 557\/2011 que regula el Reglamento de Extranjer\u00eda. Esta cuesti\u00f3n,<\/span> <span style=\"font-size: 14pt\">entre otros afecta a las solicitudes de pr\u00f3rroga de estancia por pr\u00e1cticas no laborales. En concreto, esta modificaci\u00f3n supone que<span style=\"color: #ff0000\"><strong> las solicitudes de pr\u00f3rroga, s\u00f3lo pueden solicitarse, o bien presencialmente en la Oficina de Extranjer\u00eda (tras pedir la oportuna Cita Previa en Solicitud de Autorizaciones),<\/strong> <\/span>o bien, digitalmente a trav\u00e9s de la Plataforma MERCURIO (directamente o a trav\u00e9s de representante). Tanto la Oficina de Extranjer\u00eda, como al propio auxiliar de conversaci\u00f3n, le interesa, por comodidad en las notificaciones, obtener el certificado digital y realizar la solicitud a trav\u00e9s de esta Plataforma.\u00bb Esto supone que las solicitudes que se presenten por el Registro Electr\u00f3nico Com\u00fan, por Correo Postal, o en un Registro Administrativo (ya sea el de la propia Subdelegaci\u00f3n, de la Junta, o del Ayuntamiento), ser\u00e1n autom\u00e1ticamente INADMITIDAS A TR\u00c1MITE.\u00bb<\/span><\/h1>\n<h1>&#8212;&#8212;&#8212;&#8212;&#8212;&#8212;&#8212;&#8212;&#8212;&#8212;&#8212;&#8212;&#8212;&#8212;&#8212;&#8212;&#8212;&#8212;&#8212;&#8212;&#8212;&#8212;&#8212;&#8212;&#8212;&#8212;&#8212;&#8212;&#8212;&#8212;&#8212;&#8212;&#8212;&#8212;&#8212;-<\/h1>\n<h1><span style=\"font-size: 14pt\">You will need a letter provided by MEFP or CEJA in order to identify yourself asa a Language Assistant when in the Police Office to arrange documents for your stay in Spain.<\/span><\/h1>\n<h1><span style=\"font-size: 14pt\">CARTA DESCARGABLE PARA QUE EL\/LA AUXILIAR PRESENTE LA DOCUMENTACI\u00d3N EN LA OFICINA DE EXTRANJER\u00cdA&nbsp;<\/span><\/h1>\n<p><span style=\"font-size: 14pt\">*If you have not received the official letter to identify yourself as a LANGUAGE ASSISTANT, please ask your mentor for it or write an email to plurilinguismo.dpco.ced@juntadeandalucia.es.<\/span><\/p>\n<h1><span style=\"font-size: 14pt\">How to ask ONLINE for an appointment in the police office to do paperwork (Identification card &#8211; NIE and TIE):<\/span><\/h1>\n<p><span style=\"font-size: 14pt\"><a href=\"https:\/\/drive.google.com\/file\/d\/16ecPyaPtRte2Kt3qqG5rO18t5WjhxKwc\/view?usp=sharing\">&#8211;<strong> CITIZENS COMING FROM COUNTRIES OUTSIDE THE EU<\/strong><\/a><\/span><\/p>\n<p><span style=\"font-size: 14pt\"><strong><a href=\"https:\/\/drive.google.com\/file\/d\/16ecPyaPtRte2Kt3qqG5rO18t5WjhxKwc\/view?usp=sharing\">&#8211; CITIZENS COMING FROM COUNTRIES FROM THE EU<\/a><\/strong><\/span><\/p>\n<h1><span style=\"font-size: 14pt\">Relevant info about paperwork at the arrival<\/span><\/h1>\n<p><span style=\"font-size: 14pt\">ENGLISH <a href=\"https:\/\/drive.google.com\/file\/d\/1gb9qp3GWnBnqkT4UV7g3BpDe7NcI4Nvn\/view?usp=sharing\">https:\/\/drive.google.com\/file\/d\/1gb9qp3GWnBnqkT4UV7g3BpDe7NcI4Nvn\/view?usp=sharing<\/a><\/span><\/p>\n<p><span style=\"font-size: 14pt\">SPANISH<a href=\"https:\/\/drive.google.com\/file\/d\/1mHhFXU8Iufc0YpUNYb1RGxIij9SsS-gU\/view?usp=sharing\"> https:\/\/drive.google.com\/file\/d\/1mHhFXU8Iufc0YpUNYb1RGxIij9SsS-gU\/view?usp=sharing<\/a><\/span><\/p>\n<p><span style=\"font-size: 14pt\">&#8212;&#8212;&#8212;&#8212;&#8212;&#8212;&#8212;&#8212;&#8212;&#8212;&#8212;&#8212;&#8212;&#8212;&#8212;&#8212;&#8212;&#8212;&#8212;&#8212;&#8212;&#8212;&#8212;&#8212;&#8212;&#8212;&#8212;&#8212;&#8212;&#8212;&#8212;&#8212;&#8212;&#8212;&#8212;&#8212;&#8212;&#8212;&#8212;&#8212;&#8212;&#8212;&#8212;&#8212;&#8212;&#8212;&#8212;&#8212;&#8212;&#8212;&#8212;&#8212;&#8212;&#8212;&#8212;&#8212;&#8212;&#8212;&#8212;&#8212;&#8212;&#8212;&#8212;&#8212;&#8212;&#8212;&#8212;&#8212;&#8212;&#8212;&#8212;&#8211;<\/span><\/p>\n<p><span style=\"font-size: 14pt\">Al llegar a Espa\u00f1a uno de los temas que m\u00e1s preocupa al auxiliar de conversaci\u00f3n c\u00f3mo obtener el N.I.E. (N\u00famero de Identidad de Extranjero) o el Certificado de Residencia Comunitaria para ciudadanos europeos.<\/span><\/p>\n<div class=\"entry-content\">\n<p data-adtags-visited=\"true\"><span style=\"font-size: 14pt\">El n\u00famero personal ser\u00e1 el identificador del extranjero, que deber\u00e1 figurar en todos los documentos que se le expidan o tramiten, as\u00ed como las diligencias que se estampen en su tarjeta de identidad o pasaporte.<\/span><\/p>\n<p data-adtags-visited=\"true\"><span style=\"font-size: 14pt\">&nbsp;&nbsp;&nbsp; La gesti\u00f3n del N.I.E. cambia dependiendo de varios factores:<\/span><\/p>\n<p data-adtags-visited=\"true\"><span style=\"font-size: 14pt\">*&nbsp;<strong>Nacionalidad del auxiliar<\/strong><\/span><\/p>\n<p data-adtags-visited=\"true\"><span style=\"font-size: 14pt\"><strong>* Si se trata de primer a\u00f1o o si, por el contrario, se trata de una renovaci\u00f3n.<\/strong><\/span><\/p>\n<p data-adtags-visited=\"true\"><span style=\"font-size: 14pt\">Aseg\u00farate de que tramitas bien tu N.I.E., T.I.E o C.U.E. seg\u00fan tu nacionalidad y si eres o no repetidor:<\/span><\/p>\n<p><span style=\"font-size: 14pt\"><strong>Language assistants from member countries of the European Union: how to obtain the EU Registration Certificate .<\/strong><\/span><\/p>\n<p><span style=\"font-size: 14pt\">The first step to take upon arriving is to apply for an EU Registration Certificate at the immigration office or police station in the assigned city or town. Assistants will have to go to the local immigration office (or, if there is none, to the corresponding police station), in order to apply for registration in the Central Register of Foreign Nationals.<\/span><br \/>\n<span style=\"font-size: 14pt\">To apply for the EU Registration Certificate, a fee must be paid (about ten euros) and the following documents will have to be provided:<\/span><\/p>\n<p><span style=\"font-size: 14pt\"><strong>Documents to be provided:<\/strong><\/span><\/p>\n<ul>\n<li><span style=\"font-size: 14pt\">Modelo oficial EX-18 (the EX-18 form), in duplicate, duly completed and signed. Valid identity document (if it is expired, a copy of both the expired<\/span><br \/>\n<span style=\"font-size: 14pt\">document and the renewal application will have to be provided). The original document must be presented upon submitting the application.<\/span><\/li>\n<li><span style=\"font-size: 14pt\">Appointment Letter.<\/span><\/li>\n<li><span style=\"font-size: 14pt\">Proof of payment of the corresponding fee.<\/span><\/li>\n<\/ul>\n<p><span style=\"font-size: 14pt\">Once the application is submitted and the fee has been paid, a Registration Certificate will be issued, which will include name, nationality, address, date of registration and Foreigner Identification Number (NIE). This number will be required by the bank to open the Spanish bank account which will allow the assistant to receive the monthly stipend.<\/span><\/p>\n<p><span style=\"font-size: 14pt\">It may also be possible to request the NIE, before arriving in Spain, at the consular offices of the Embassy of Spain in the assistant\u2019s country. However, once in Spain the assistant is required to apply for the EU Registration Certificate locally.<\/span><\/p>\n<p><span style=\"font-size: 14pt\"><strong>Language assistants from countries outside the European Union: How to obtain the Foreigner Identity Card.<\/strong><\/span><\/p>\n<p><span style=\"font-size: 14pt\">The assistant, upon arriving at the destination, must apply for the Foreigner Identity Card (TIE), in which the Foreigner Identification Number (NIE) appears. This must be done at the local immigration office or police station.<\/span><\/p>\n<p><span style=\"font-size: 14pt\">The TIE is the document that proves that foreigners have obtained a residence permit or authorization to stay in Spain for a period of more than 6 months.<\/span><br \/>\n<span style=\"font-size: 14pt\">To apply for the TIE, the corresponding fee must be paid (about fifteen euros) and provide the following documents must be provided (only if it is the first time applying for it):<\/span><\/p>\n<p><span style=\"font-size: 14pt\"><strong>Documents to be provided:<\/strong><\/span><\/p>\n<ul>\n<li><span style=\"font-size: 14pt\">Application form (EX-17), duplicate, completed, and signed.<\/span><\/li>\n<li><span style=\"font-size: 14pt\">Original and photocopy of the passport or travel document (with the stamp, sign or mark made upon entry at the border checkpoint), and visa.<\/span><\/li>\n<li><span style=\"font-size: 14pt\">Three recent passport-size photographs (4\u00d73 cm) in color with a white background.<\/span><\/li>\n<li><span style=\"font-size: 14pt\">Original and photocopy of the visa, if applicable.<\/span><\/li>\n<li><span style=\"font-size: 14pt\">Original and photocopy of the letter of appointment as language assistant from the Ministry of Education and Vocational Training or from the<\/span><br \/>\n<span style=\"font-size: 14pt\">corresponding autonomous community.<\/span><\/li>\n<li><span style=\"font-size: 14pt\">Proof of payment of the corresponding fee.<\/span><\/li>\n<\/ul>\n<h3 class=\"o-list__name ppg-heading ppg-heading--type02\" data-toggle=\"link03\"><span style=\"font-size: 14pt\"><a href=\"https:\/\/administracion.gob.es\/pagFront\/espanaAdmon\/directorioOrganigramas\/listarOficinas.htm?idUnidOrganica=130100&amp;origenUO=gobiernoEstado&amp;volver=volverFicha&amp;cIdUdOrganica=EA0040209\">Oficina de Extranjer\u00eda en C\u00f3rdoba<\/a><\/span><\/h3>\n<div class=\"ppg-table__content\" data-toggle=\"content03\">\n<div class=\"ppg-table__box o-unit__row\">\n<ul class=\"ppg-table__list ppg-table--type02\">\n<li class=\"o-list__item o-it-2\/8 o-it-md-1\/2 o-it-sm-2\/2\">\n<ul class=\"ppg-table--type02\">\n<li class=\"ppg-icon__address-a ppg-icon--before\">\n<h4 class=\"ppg-heading\"><span style=\"font-size: 14pt\">Direcci\u00f3n:<\/span><\/h4>\n<\/li>\n<li>\n<p class=\"ppg-text\"><span style=\"font-size: 14pt\">Plaza De la Constituci\u00f3n 1<\/span><br \/>\n<span style=\"font-size: 14pt\">14004 C\u00f3rdoba (C\u00f3rdoba)<\/span><\/p>\n<\/li>\n<li><span style=\"font-size: 14pt\"><a class=\"ppg-link t-padding-left-30 popupmap\" href=\"https:\/\/www.google.com\/maps\/search\/?api=1&amp;query=37.8786889,-4.7862843\" data-lightbox-type=\"google_maps\" data-lightbox-link=\"map\/1875957375\">Ver Detalles<\/a><\/span><\/li>\n<\/ul>\n<\/li>\n<li class=\"o-list__item o-it-2\/8 o-it-md-1\/2 o-it-sm-2\/2\">\n<ul class=\"ppg-table--type02\">\n<li class=\"ppg-icon__timetable-a ppg-icon--before\">\n<h4 class=\"ppg-heading\"><span style=\"font-size: 14pt\">Horario:<\/span><\/h4>\n<ul>\n<li>\n<p class=\"ppg-text\"><span style=\"font-size: 14pt\">Lunes a viernes- 9h a 14h Cita Previa: lunes a viernes- 9h a 10h<\/span><\/p>\n<\/li>\n<\/ul>\n<\/li>\n<\/ul>\n<\/li>\n<li class=\"o-list__item o-it-2\/8 o-it-md-1\/2 o-it-sm-2\/2\">\n<ul class=\"ppg-table--type02\">\n<li class=\"ppg-icon__tlfGrey-a ppg-icon--before\">\n<h4 class=\"ppg-heading\"><span style=\"font-size: 14pt\">Tel\u00e9fono<\/span><\/h4>\n<p class=\"ppg-text\"><span style=\"font-size: 14pt\">957989000<\/span><\/p>\n<\/li>\n<li class=\"ppg-icon__tlfGrey-a ppg-icon--before\">\n<h4 class=\"ppg-heading\"><span style=\"font-size: 14pt\">Tel\u00e9fono<\/span><\/h4>\n<p class=\"ppg-text\"><span style=\"font-size: 14pt\">957989228<\/span><\/p>\n<\/li>\n<li class=\"ppg-icon__tlfGrey-a ppg-icon--before\">\n<h4 class=\"ppg-heading\"><span style=\"font-size: 14pt\">Fax<\/span><\/h4>\n<p class=\"ppg-text\"><span style=\"font-size: 14pt\">957989295<\/span><\/p>\n<\/li>\n<li class=\"ppg-icon__mailgrey-a ppg-icon--before\">\n<h4 class=\"ppg-heading\"><span style=\"font-size: 14pt\">URL cita previa<\/span><\/h4>\n<p class=\"ppg-text\"><span style=\"font-size: 14pt\">https:\/\/icp.administracionelectronica.gob.es\/icpplus\/index.html<\/span><\/p>\n<\/li>\n<li><span style=\"font-size: 14pt\"><img decoding=\"async\" class=\"ppg-iconoPequeno\" title=\"URL\" src=\"https:\/\/administracion.gob.es\/pag_Home\/resources\/templating-kit\/themes\/pag\/img\/general\/icons\/iconoWeb.png\" alt=\"URL\"><\/span><br \/>\n<h4 class=\"ppg-heading\"><span style=\"font-size: 14pt\">URL<\/span><\/h4>\n<p><span style=\"font-size: 14pt\"><a class=\"ppg-link ppg-link--type02 ppg-text\" title=\"https:\/\/ssweb.seap.minhap.es\/ayuda\/consulta\/ExtranjeriaCG\" href=\"https:\/\/ssweb.seap.minhap.es\/ayuda\/consulta\/ExtranjeriaCG\" target=\"_blank\" rel=\"noopener noreferrer\">https:\/\/ssweb.seap.minhap.es\/ayuda\/consulta\/ExtranjeriaCG<\/a><\/span><\/li>\n<\/ul>\n<\/li>\n<li class=\"o-list__item o-it-2\/8 o-it-md-1\/2 o-it-sm-2\/2\">\n<ul class=\"ppg-table--type02\">\n<li class=\"ppg-icon__position-a ppg-icon--before\">\n<h4 class=\"ppg-heading\"><span style=\"font-size: 14pt\">Administracion:<\/span><\/h4>\n<p class=\"ppg-text\"><span style=\"font-size: 14pt\">Administraci\u00f3n del Estado<\/span><\/p>\n<\/li>\n<li class=\"ppg-icon__tree-a ppg-icon--before\">\n<h4 class=\"ppg-heading\"><span style=\"font-size: 14pt\">Especialidad:<\/span><\/h4>\n<p class=\"ppg-text\"><span style=\"font-size: 14pt\">, Extranjer\u00eda<\/span><\/p>\n<\/li>\n<\/ul>\n<\/li>\n<\/ul>\n<\/div>\n<\/div>\n<table style=\"border-collapse: collapse;width: 100%;height: 408px\">\n<tbody>\n<tr style=\"height: 384px\">\n<td style=\"width: 19.1256%;text-align: center;height: 384px\"><span style=\"font-size: 14pt\"><strong>Language assistants from member countries of the European Union: how to obtain<\/strong><\/span><br \/>\n<span style=\"font-size: 14pt\"><strong>the EU Registration Certificate .<\/strong><\/span><\/td>\n<td style=\"width: 47.541%;text-align: center;height: 384px\"><span style=\"font-size: 14pt\">The first step to take upon arriving is to apply for an EU Registration Certificate at the Immigration office or police station in the assigned city or town.<\/span><br \/>\n<span style=\"font-size: 14pt\">Assistants will have to go to the local immigration office (or, if there is none, to<\/span><br \/>\n<span style=\"font-size: 14pt\">the corresponding police station), in order to apply for registration in the Central Register of Foreign Nationals.Once the application is submitted and the fee has been paid, a Registration Certificate will be issued, which will include name, nationality, address, date of registration and Foreigner Identification Number (NIE). This number will be required by the bank to open the Spanish bank account which will allow the assistant to receive the monthly stipend.<\/span><br \/>\n<span style=\"font-size: 14pt\">It may also be possible to request the NIE, before arriving in Spain, at the consular offices of the Embassy of Spain in the assistant\u2019s country. However, once in Spain the assistant is required to apply for the EU Registration Certificate locally.To apply for the EU Registration Certificate, a fee must be paid (about ten euros) and the following documents will have to be provided:<\/span><\/td>\n<td style=\"width: 33.3333%;height: 384px\"><span style=\"font-size: 14pt\"><img decoding=\"async\" class=\"alignnone wp-image-1671\" src=\"https:\/\/blogsaverroes.juntadeandalucia.es\/plurilinguismocordoba\/files\/2022\/10\/eu-300x104.png\" alt=\"\" width=\"352\" height=\"122\" srcset=\"https:\/\/blogsaverroes.juntadeandalucia.es\/plurilinguismocordoba\/files\/2022\/10\/eu-300x104.png 300w, https:\/\/blogsaverroes.juntadeandalucia.es\/plurilinguismocordoba\/files\/2022\/10\/eu-1024x357.png 1024w, https:\/\/blogsaverroes.juntadeandalucia.es\/plurilinguismocordoba\/files\/2022\/10\/eu-768x267.png 768w, https:\/\/blogsaverroes.juntadeandalucia.es\/plurilinguismocordoba\/files\/2022\/10\/eu.png 1114w\" sizes=\"(max-width: 352px) 100vw, 352px\" \/><\/span><\/td>\n<\/tr>\n<tr style=\"height: 24px\">\n<td style=\"width: 19.1256%;height: 24px;text-align: center\"><span style=\"font-size: 14pt\"><strong>Language assistants from countries outside the European Union: How to obtain the<\/strong><\/span><br \/>\n<span style=\"font-size: 14pt\"><strong>Foreigner Identity Card.<\/strong><\/span><\/td>\n<td style=\"width: 47.541%;height: 24px;text-align: center\"><span style=\"font-size: 14pt\">The assistant, upon arriving at the destination, must apply for the Foreigner Identity Card (TIE), in which the Foreigner Identification Number (NIE) appears. This must be done at the local immigration office or police station.<\/span><br \/>\n<span style=\"font-size: 14pt\">The TIE is the document that proves that foreigners have obtained a residence<\/span><br \/>\n<span style=\"font-size: 14pt\">permit or authorization to stay in Spain for a period of more than 6 months.<\/span><br \/>\n<span style=\"font-size: 14pt\">To apply for the TIE, the corresponding fee must be paid (about fifteen euros)<\/span><br \/>\n<span style=\"font-size: 14pt\">and provide the following documents must be provided (only if it is the first time applying for it):<\/span><\/td>\n<td style=\"width: 33.3333%;height: 24px\"><span style=\"font-size: 14pt\"><img fetchpriority=\"high\" decoding=\"async\" class=\"alignnone wp-image-1672\" src=\"https:\/\/blogsaverroes.juntadeandalucia.es\/plurilinguismocordoba\/files\/2022\/10\/foreigners-300x159.png\" alt=\"\" width=\"347\" height=\"184\" srcset=\"https:\/\/blogsaverroes.juntadeandalucia.es\/plurilinguismocordoba\/files\/2022\/10\/foreigners-300x159.png 300w, https:\/\/blogsaverroes.juntadeandalucia.es\/plurilinguismocordoba\/files\/2022\/10\/foreigners-1024x542.png 1024w, https:\/\/blogsaverroes.juntadeandalucia.es\/plurilinguismocordoba\/files\/2022\/10\/foreigners-768x407.png 768w, https:\/\/blogsaverroes.juntadeandalucia.es\/plurilinguismocordoba\/files\/2022\/10\/foreigners.png 1114w\" sizes=\"(max-width: 347px) 100vw, 347px\" \/><\/span><\/td>\n<\/tr>\n<\/tbody>\n<\/table>\n<dl>\n<dd><\/dd>\n<\/dl>\n<dl>\n<dd>\n<table width=\"442\" cellspacing=\"0\" cellpadding=\"4\">\n<tbody>\n<tr>\n<td width=\"572\" valign=\"TOP\" bgcolor=\"#cfe7f5\">\n<p align=\"CENTER\"><span style=\"font-size: 14pt\">AUXILIARES EUROPEOS (COMUNITARIOS)<\/span><\/p>\n<p align=\"CENTER\"><span style=\"font-size: 14pt\"><a href=\"https:\/\/auxiliaresgranada2013.files.wordpress.com\/2013\/09\/union-europea.jpeg\"><img decoding=\"async\" class=\"alignnone size-full wp-image-44\" src=\"https:\/\/auxiliaresgranada2013.files.wordpress.com\/2013\/09\/union-europea.jpeg?w=640\" alt=\"union europea\" data-attachment-id=\"44\" data-permalink=\"https:\/\/auxiliaresgranada2013.wordpress.com\/gestion-del-n-i-e\/union-europea\/\" data-orig-file=\"https:\/\/auxiliaresgranada2013.files.wordpress.com\/2013\/09\/union-europea.jpeg\" data-orig-size=\"274,184\" data-comments-opened=\"1\" data-image-meta=\"{&quot;aperture&quot;:&quot;0&quot;,&quot;credit&quot;:&quot;&quot;,&quot;camera&quot;:&quot;&quot;,&quot;caption&quot;:&quot;&quot;,&quot;created_timestamp&quot;:&quot;0&quot;,&quot;copyright&quot;:&quot;&quot;,&quot;focal_length&quot;:&quot;0&quot;,&quot;iso&quot;:&quot;0&quot;,&quot;shutter_speed&quot;:&quot;0&quot;,&quot;title&quot;:&quot;&quot;}\" data-image-title=\"union europea\" data-image-description=\"\" data-image-caption=\"\" data-medium-file=\"https:\/\/auxiliaresgranada2013.files.wordpress.com\/2013\/09\/union-europea.jpeg?w=274\" data-large-file=\"https:\/\/auxiliaresgranada2013.files.wordpress.com\/2013\/09\/union-europea.jpeg?w=274\"><\/a><\/span><\/p>\n<p><span style=\"font-size: 14pt\"><a title=\"1. SOY AUXILIAR EUROPEO Y ES LA PRIMERA VEZ QUE VENGO A&nbsp;ESPA\u00d1A\" href=\"https:\/\/auxiliaresgranada2013.wordpress.com\/1-soy-auxiliar-europeo-y-es-la-primera-vez-que-vengo-a-espana\/\"><b>1. SOY AUXILIAR EUROPEO Y ES LA PRIMERA VEZ QUE VENGO A ESPA\u00d1A<\/b><\/a><\/span><\/p>\n<p>&nbsp;<\/p>\n<p><span style=\"font-size: 14pt\"><a title=\"2. SOY AUXILIAR EUROPEO Y&nbsp;REPITO\" href=\"https:\/\/auxiliaresgranada2013.wordpress.com\/2-soy-auxiliar-europeo-y-repito\/\"><b>2. SOY AUXILIAR EUROPEO Y REPITO<\/b><\/a><\/span><\/p>\n<p>&nbsp;<\/td>\n<\/tr>\n<\/tbody>\n<\/table>\n<\/dd>\n<\/dl>\n<dl>\n<dd>\n<table width=\"442\" cellspacing=\"0\" cellpadding=\"4\">\n<tbody>\n<tr>\n<td width=\"572\" valign=\"TOP\" bgcolor=\"#ffcc99\">\n<p align=\"CENTER\"><span style=\"font-size: 14pt\">AUXILIARES NO EUROPEOS (EXTRACOMUNITARIOS)<\/span><\/p>\n<p align=\"CENTER\"><span style=\"font-size: 14pt\"><a href=\"https:\/\/auxiliaresgranada2013.files.wordpress.com\/2013\/09\/australia.jpg\"><img decoding=\"async\" class=\"alignnone size-medium wp-image-45\" src=\"https:\/\/auxiliaresgranada2013.files.wordpress.com\/2013\/09\/australia.jpg?w=300&amp;h=197\" alt=\"Australia\" data-attachment-id=\"45\" data-permalink=\"https:\/\/auxiliaresgranada2013.wordpress.com\/gestion-del-n-i-e\/australia\/\" data-orig-file=\"https:\/\/auxiliaresgranada2013.files.wordpress.com\/2013\/09\/australia.jpg\" data-orig-size=\"350,230\" data-comments-opened=\"1\" data-image-meta=\"{&quot;aperture&quot;:&quot;0&quot;,&quot;credit&quot;:&quot;&quot;,&quot;camera&quot;:&quot;&quot;,&quot;caption&quot;:&quot;&quot;,&quot;created_timestamp&quot;:&quot;0&quot;,&quot;copyright&quot;:&quot;&quot;,&quot;focal_length&quot;:&quot;0&quot;,&quot;iso&quot;:&quot;0&quot;,&quot;shutter_speed&quot;:&quot;0&quot;,&quot;title&quot;:&quot;&quot;}\" data-image-title=\"Australia\" data-image-description=\"\" data-image-caption=\"\" data-medium-file=\"https:\/\/auxiliaresgranada2013.files.wordpress.com\/2013\/09\/australia.jpg?w=300\" data-large-file=\"https:\/\/auxiliaresgranada2013.files.wordpress.com\/2013\/09\/australia.jpg?w=350\"><\/a><a href=\"https:\/\/auxiliaresgranada2013.files.wordpress.com\/2013\/09\/usa.jpeg\"><img decoding=\"async\" class=\"alignnone size-medium wp-image-48\" src=\"https:\/\/auxiliaresgranada2013.files.wordpress.com\/2013\/09\/usa.jpeg?w=300&amp;h=159\" alt=\"usa\" data-attachment-id=\"48\" data-permalink=\"https:\/\/auxiliaresgranada2013.wordpress.com\/gestion-del-n-i-e\/usa\/\" data-orig-file=\"https:\/\/auxiliaresgranada2013.files.wordpress.com\/2013\/09\/usa.jpeg\" data-orig-size=\"310,163\" data-comments-opened=\"1\" data-image-meta=\"{&quot;aperture&quot;:&quot;0&quot;,&quot;credit&quot;:&quot;&quot;,&quot;camera&quot;:&quot;&quot;,&quot;caption&quot;:&quot;&quot;,&quot;created_timestamp&quot;:&quot;0&quot;,&quot;copyright&quot;:&quot;&quot;,&quot;focal_length&quot;:&quot;0&quot;,&quot;iso&quot;:&quot;0&quot;,&quot;shutter_speed&quot;:&quot;0&quot;,&quot;title&quot;:&quot;&quot;}\" data-image-title=\"usa\" data-image-description=\"\" data-image-caption=\"\" data-medium-file=\"https:\/\/auxiliaresgranada2013.files.wordpress.com\/2013\/09\/usa.jpeg?w=300\" data-large-file=\"https:\/\/auxiliaresgranada2013.files.wordpress.com\/2013\/09\/usa.jpeg?w=310\"><\/a><a href=\"https:\/\/auxiliaresgranada2013.files.wordpress.com\/2013\/09\/canada-4.gif\"><img decoding=\"async\" class=\"alignnone size-medium wp-image-46\" src=\"https:\/\/auxiliaresgranada2013.files.wordpress.com\/2013\/09\/canada-4.gif?w=300&amp;h=174\" alt=\"canada-4\" data-attachment-id=\"46\" data-permalink=\"https:\/\/auxiliaresgranada2013.wordpress.com\/gestion-del-n-i-e\/canada-4\/\" data-orig-file=\"https:\/\/auxiliaresgranada2013.files.wordpress.com\/2013\/09\/canada-4.gif\" data-orig-size=\"1018,598\" data-comments-opened=\"1\" data-image-meta=\"{&quot;aperture&quot;:&quot;0&quot;,&quot;credit&quot;:&quot;&quot;,&quot;camera&quot;:&quot;&quot;,&quot;caption&quot;:&quot;&quot;,&quot;created_timestamp&quot;:&quot;0&quot;,&quot;copyright&quot;:&quot;&quot;,&quot;focal_length&quot;:&quot;0&quot;,&quot;iso&quot;:&quot;0&quot;,&quot;shutter_speed&quot;:&quot;0&quot;,&quot;title&quot;:&quot;&quot;}\" data-image-title=\"canada-4\" data-image-description=\"\" data-image-caption=\"\" data-medium-file=\"https:\/\/auxiliaresgranada2013.files.wordpress.com\/2013\/09\/canada-4.gif?w=300\" data-large-file=\"https:\/\/auxiliaresgranada2013.files.wordpress.com\/2013\/09\/canada-4.gif?w=640\"><\/a><a href=\"https:\/\/auxiliaresgranada2013.files.wordpress.com\/2013\/09\/nueva-zelanda.png\"><img decoding=\"async\" class=\"alignnone size-medium wp-image-47\" src=\"https:\/\/auxiliaresgranada2013.files.wordpress.com\/2013\/09\/nueva-zelanda.png?w=300&amp;h=150\" alt=\"NUEVA ZELANDA\" data-attachment-id=\"47\" data-permalink=\"https:\/\/auxiliaresgranada2013.wordpress.com\/gestion-del-n-i-e\/nueva-zelanda\/\" data-orig-file=\"https:\/\/auxiliaresgranada2013.files.wordpress.com\/2013\/09\/nueva-zelanda.png\" data-orig-size=\"2560,1280\" data-comments-opened=\"1\" data-image-meta=\"{&quot;aperture&quot;:&quot;0&quot;,&quot;credit&quot;:&quot;&quot;,&quot;camera&quot;:&quot;&quot;,&quot;caption&quot;:&quot;&quot;,&quot;created_timestamp&quot;:&quot;0&quot;,&quot;copyright&quot;:&quot;&quot;,&quot;focal_length&quot;:&quot;0&quot;,&quot;iso&quot;:&quot;0&quot;,&quot;shutter_speed&quot;:&quot;0&quot;,&quot;title&quot;:&quot;&quot;}\" data-image-title=\"NUEVA ZELANDA\" data-image-description=\"\" data-image-caption=\"\" data-medium-file=\"https:\/\/auxiliaresgranada2013.files.wordpress.com\/2013\/09\/nueva-zelanda.png?w=300\" data-large-file=\"https:\/\/auxiliaresgranada2013.files.wordpress.com\/2013\/09\/nueva-zelanda.png?w=640\"><\/a><\/span><\/p>\n<p><span style=\"font-size: 14pt\"><a title=\"1. SOY AUXILIAR DE OTRO PA\u00cdS NO EUROPEO (EXTRACOMUNITARIO) QUE VENGO POR PRIMERA VEZ A&nbsp;ESPA\u00d1A\" href=\"https:\/\/auxiliaresgranada2013.wordpress.com\/1-soy-auxiliar-de-otro-pais-no-europeo-extracomunitario-que-vengo-por-primera-vez-a-espana\/\"><b>1. SOY AUXILIAR DE OTRO PA\u00cdS NO EUROPEO (EXTRACOMUNITARIO) QUE VENGO POR PRIMERA VEZ A ESPA\u00d1A<\/b><\/a><\/span><\/p>\n<p><span style=\"font-size: 14pt\"><a title=\"2. SOY AUXILIAR DE OTRO PA\u00cdS NO EUROPEO (EXTRACOMUNITARIO) Y&nbsp;REPITO.\" href=\"https:\/\/auxiliaresgranada2013.wordpress.com\/2-soy-auxiliar-de-otro-pais-no-europeo-extracomunitario-y-repito\/\"><b>2. SOY AUXILIAR DE OTRO PA\u00cdS NO EUROPEO (EXTRACOMUNITARIO) Y REPITO<\/b><\/a><\/span><\/td>\n<\/tr>\n<\/tbody>\n<\/table>\n<\/dd>\n<\/dl>\n<\/div>\n<p>&nbsp;<\/p>\n<p>&nbsp;<\/p>\n","protected":false},"excerpt":{"rendered":"<p>NOTA INFORMATIVA EXTRANJER\u00cdA *\u00bbEl pasado 20 de octubre entr\u00f3 en vigor el punto 3 de la Disposici\u00f3n Adicional Tercera del RD 557\/2011 que regula el Reglamento de Extranjer\u00eda. Esta cuesti\u00f3n, entre otros afecta a las solicitudes de pr\u00f3rroga de estancia por pr\u00e1cticas no laborales. En concreto, esta modificaci\u00f3n supone que las solicitudes de pr\u00f3rroga, s\u00f3lo &hellip; <\/p>\n<p><a class=\"more-link btn\" href=\"https:\/\/blogsaverroes.juntadeandalucia.es\/plurilinguismocordoba\/newsletters-mensuales-para-auxiliares-de-conversacion\/\">Seguir leyendo<\/a><\/p>\n","protected":false},"author":530,"featured_media":0,"parent":0,"menu_order":0,"comment_status":"closed","ping_status":"closed","template":"","meta":{"ngg_post_thumbnail":0,"footnotes":""},"aioseo_notices":[],"post_mailing_queue_ids":[],"_links":{"self":[{"href":"https:\/\/blogsaverroes.juntadeandalucia.es\/plurilinguismocordoba\/wp-json\/wp\/v2\/pages\/339"}],"collection":[{"href":"https:\/\/blogsaverroes.juntadeandalucia.es\/plurilinguismocordoba\/wp-json\/wp\/v2\/pages"}],"about":[{"href":"https:\/\/blogsaverroes.juntadeandalucia.es\/plurilinguismocordoba\/wp-json\/wp\/v2\/types\/page"}],"author":[{"embeddable":true,"href":"https:\/\/blogsaverroes.juntadeandalucia.es\/plurilinguismocordoba\/wp-json\/wp\/v2\/users\/530"}],"replies":[{"embeddable":true,"href":"https:\/\/blogsaverroes.juntadeandalucia.es\/plurilinguismocordoba\/wp-json\/wp\/v2\/comments?post=339"}],"version-history":[{"count":29,"href":"https:\/\/blogsaverroes.juntadeandalucia.es\/plurilinguismocordoba\/wp-json\/wp\/v2\/pages\/339\/revisions"}],"predecessor-version":[{"id":1775,"href":"https:\/\/blogsaverroes.juntadeandalucia.es\/plurilinguismocordoba\/wp-json\/wp\/v2\/pages\/339\/revisions\/1775"}],"wp:attachment":[{"href":"https:\/\/blogsaverroes.juntadeandalucia.es\/plurilinguismocordoba\/wp-json\/wp\/v2\/media?parent=339"}],"curies":[{"name":"wp","href":"https:\/\/api.w.org\/{rel}","templated":true}]}}