{"id":345,"date":"2020-10-12T20:03:53","date_gmt":"2020-10-12T18:03:53","guid":{"rendered":"https:\/\/blogsaverroes.juntadeandalucia.es\/plurilinguismocordoba\/?page_id=345"},"modified":"2022-10-09T18:58:38","modified_gmt":"2022-10-09T16:58:38","slug":"primeros-tramites-en-la-incorporacion-del-auxiliar-al-centro-educativo","status":"publish","type":"page","link":"https:\/\/blogsaverroes.juntadeandalucia.es\/plurilinguismocordoba\/primeros-tramites-en-la-incorporacion-del-auxiliar-al-centro-educativo\/","title":{"rendered":"Letter of Appointment &#8211; CEJA (Andalucia) or MEFP (Ministry) and how to complete basic paperwork before and after the arrival at school"},"content":{"rendered":"<p>Letter of Appointment &#8211; CEJA (Andalucia) or MEFP (Ministry) and how to complete basic paperwork before and after the arrival at school<\/p>\n<p><span style=\"font-size: 14pt;font-family: verdana, geneva, sans-serif\"><strong>CURSO 2022\/23<\/strong><\/span><\/p>\n<ul>\n<li><span style=\"font-size: 14pt;font-family: verdana, geneva, sans-serif\"><strong>Preparations before arriving in Spain <\/strong>During the months of June and July, the language assistant will receive a Letter of Appointment. The Letter of Appointment is an official document of the assignment for the position of language assistant in Spain, and it is essential in order to be able to complete basic paperwork, such as applying for a visa, opening a bank account, or managing a rental agreement.<\/span><\/li>\n<\/ul>\n<p><span style=\"font-size: 14pt;font-family: verdana, geneva, sans-serif\">The first step to take once the Appointment Letter is received is to get in touch with the assigned school\/s and\/or contact person. It is important to know that<\/span><br \/>\n<span style=\"font-size: 14pt;font-family: verdana, geneva, sans-serif\">most schools are closed during the month of August.<\/span><\/p>\n<p><span style=\"font-size: 14pt;font-family: verdana, geneva, sans-serif\">Questions that might be useful to ask the assigned school\/mentor:<\/span><br \/>\n<span style=\"font-size: 14pt;font-family: verdana, geneva, sans-serif\">&#8211; Age of the students you will be with.<\/span><br \/>\n<span style=\"font-size: 14pt;font-family: verdana, geneva, sans-serif\">&#8211; Number of teachers who teach the target language.<\/span><br \/>\n<span style=\"font-size: 14pt;font-family: verdana, geneva, sans-serif\">&#8211; School calendar.<\/span><br \/>\n<span style=\"font-size: 14pt;font-family: verdana, geneva, sans-serif\">&#8211; School dress code.<\/span><br \/>\n<span style=\"font-size: 14pt;font-family: verdana, geneva, sans-serif\">&#8211; Transportation for arriving at your school.<\/span><br \/>\n<span style=\"font-size: 14pt;font-family: verdana, geneva, sans-serif\">&#8211; Mentor teacher contact information.<\/span><br \/>\n<span style=\"font-size: 14pt;font-family: verdana, geneva, sans-serif\">&#8211; When to arrive, where to go and who to look for.<\/span><br \/>\n<span style=\"font-size: 14pt;font-family: verdana, geneva, sans-serif\">&#8211; If possible, the names and contact information of previous language assistants. It<\/span><br \/>\n<span style=\"font-size: 14pt;font-family: verdana, geneva, sans-serif\">might be useful to get firsthand information about their experiences at the same location,<\/span><br \/>\n<span style=\"font-size: 14pt;font-family: verdana, geneva, sans-serif\">the teaching methodology, housing, etc.<\/span><br \/>\n<span style=\"font-size: 14pt;font-family: verdana, geneva, sans-serif\">&#8211; What authentic materials can be brought to the classroom.<\/span><\/p>\n<p><span style=\"font-size: 14pt;font-family: verdana, geneva, sans-serif\">STEPS TO FOLLOW&nbsp; WHEN CONTACTING YOUR MENTOR AT SCHOOL<\/span><\/p>\n<p><span style=\"font-size: 14pt;font-family: verdana, geneva, sans-serif\">1\u00ba Facilitar el nombramiento recibido por parte de <strong>auxiliares.ced@juntadeandalucia.es<\/strong> al mentor\/a del centro educativo. <\/span><\/p>\n<p><span style=\"font-size: 14pt;font-family: verdana, geneva, sans-serif\">Please, do attach the Letter of Appointment so that the school principal can identify what set you belong to, either CEJA or MEFP. Depending on the type the administrative procedures that they will have to pursue might be different.<\/span><\/p>\n<p><span style=\"font-size: 14pt\"><strong>Local Registration<\/strong><\/span><br \/>\n<span style=\"font-size: 14pt\">Once you have settled at the permanent address in Spain, you may go to the City Hall or<\/span><span style=\"font-size: 14pt\"> corresponding Municipal Council to register locally. In some autonomous communities <\/span><span style=\"font-size: 14pt\">this may be required. Information on the steps to take and the necessary documentation <\/span><span style=\"font-size: 14pt\">can be found on the website of the City Hall of the destination town.<\/span><\/p>\n<p>&nbsp;<\/p>\n<p><span style=\"font-size: 14pt;font-family: verdana, geneva, sans-serif\">2\u00ba En dicho nombramiento debe figurar el cupo, si se trata de auxiliares nombrados por CEJA (Consejer\u00eda de Desarrollo Educativo y Formaci\u00f3n Profesional) o si se trata de MEFP (Ministerio de Educaci\u00f3n y Formaci\u00f3n profesional). <\/span><\/p>\n<p><span style=\"font-size: 14pt;font-family: verdana, geneva, sans-serif\">Es importante que reconozcas lo que supone pertenecer a un cupo u a otro ya que en CEJA cuentas con una cobertura sanitaria de la compa\u00f1ia ADESLAS si eres ciudadano extracomunitario o bien con la TARJETA SANITARIA EUROPEA si eres comunitario. <\/span><\/p>\n<p><span style=\"font-size: 14pt;font-family: verdana, geneva, sans-serif\"><img fetchpriority=\"high\" decoding=\"async\" class=\"alignnone wp-image-1646\" src=\"https:\/\/blogsaverroes.juntadeandalucia.es\/plurilinguismocordoba\/files\/2022\/10\/healthcare-300x134.png\" alt=\"\" width=\"452\" height=\"202\" srcset=\"https:\/\/blogsaverroes.juntadeandalucia.es\/plurilinguismocordoba\/files\/2022\/10\/healthcare-300x134.png 300w, https:\/\/blogsaverroes.juntadeandalucia.es\/plurilinguismocordoba\/files\/2022\/10\/healthcare-768x344.png 768w, https:\/\/blogsaverroes.juntadeandalucia.es\/plurilinguismocordoba\/files\/2022\/10\/healthcare.png 862w\" sizes=\"(max-width: 452px) 100vw, 452px\" \/><\/span><\/p>\n<p><span style=\"font-size: 14pt;font-family: verdana, geneva, sans-serif\">For Europeans: THE HEALTH CARE CARD will ensure health assistance in any state-funded hospital.<\/span><\/p>\n<p><span style=\"font-size: 14pt;font-family: verdana, geneva, sans-serif\">For non-Europeans: PRIVATE INSURANCE \u00abADESLAS\u00bb will ensure health assistance in any private hospital. Please, do identify those at your arrival. No assistance will be provided at state-funded hospital but in those cases of urgency when no private assistance is available at the location where the language assistant has set his her residence. <\/span><\/p>\n<ul>\n<li><span style=\"font-size: 14pt;font-family: verdana, geneva, sans-serif\">Desde el 1 de octubre los auxiliares procedente de pa\u00edses extracomunitarios (EEUU, India, Marruecos&#8230;) tendr\u00e9is habilitado vuestro seguro m\u00e9dico con la aseguradora Adeslas: <a class=\"moz-txt-link-freetext\" href=\"https:\/\/www.segurcaixaadeslas.es\/\" target=\"_blank\" rel=\"noopener noreferrer\">https:\/\/www.segurcaixaadeslas.es\/<\/a>&nbsp;&nbsp;<\/span><\/li>\n<li><span style=\"font-size: 14pt;font-family: verdana, geneva, sans-serif\">La empresa os mandar\u00e1 un correo electr\u00f3nico proporcion\u00e1ndoos informaci\u00f3n as\u00ed como una carta que os permitir\u00e1 asistir a cualquiera de los centros sanitarios que tienen convenio con Adeslas. Posteriormente la compa\u00f1\u00eda enviar\u00e1 la tarjeta sanitaria a vuestro centro educativo.<\/span><\/li>\n<li><span style=\"font-size: 14pt;font-family: verdana, geneva, sans-serif\">Es muy importante que revis\u00e9is el cat\u00e1logo de centros y servicios ya que s\u00f3lo ser\u00e9is atendidos de forma gratuita en ellos: <a class=\"moz-txt-link-freetext\" href=\"https:\/\/www.segurcaixaadeslas.es\/cuadromedico\/busqueda\" target=\"_blank\" rel=\"noopener noreferrer\">https:\/\/www.segurcaixaadeslas.es\/cuadromedico\/busqueda<\/a> . <b>No podr\u00e9is acudir a la red sanitaria p\u00fablica<\/b> salvo si se trata de una urgencia vital en un entorno rural en el que no haya urgencias sanitarias de la compa\u00f1\u00eda Adeslas.&nbsp;&nbsp;<\/span><\/li>\n<li><span style=\"font-size: 14pt;font-family: verdana, geneva, sans-serif\">Por otro lado, los auxiliares comunitarios podr\u00e1n acceder a todos los centros sanitarios de la red p\u00fablica presentando su Tarjeta Sanitaria Europea. Tendr\u00e9is m\u00e1s informaci\u00f3n sobre el seguro sanitario y otros tr\u00e1mites en la Jornada de Acogida de Auxiliares de Conversaci\u00f3n que tendr\u00e1 lugar del 4 al 10 de octubre en la capital de vuestra provincia.<\/span><\/li>\n<\/ul>\n<p><span style=\"font-size: 14pt;font-family: verdana, geneva, sans-serif\">En el caso de pertenecer al MEFP la cobertura sanitaria la gestiona el Ministerio\/ If you belong to the MEFP set private assistance will be provided through ensurance that will be managed by the Ministry. Access to documentation will be made directly by mail attachements from the Ministry management office.&nbsp; <\/span><\/p>\n<p><span style=\"font-size: 14pt;font-family: verdana, geneva, sans-serif\">3\u00ba How to <strong>obtain a bank account:<\/strong><\/span><\/p>\n<p><span style=\"font-size: 14pt;font-family: verdana, geneva, sans-serif\">You need your NIE (on the visa)<\/span><\/p>\n<p><span style=\"font-size: 14pt;font-family: verdana, geneva, sans-serif\">The account number must have this format:<\/span><\/p>\n<p><span style=\"font-size: 14pt;font-family: verdana, geneva, sans-serif\">Two letters<\/span><\/p>\n<p><span style=\"font-size: 14pt;font-family: verdana, geneva, sans-serif\">ES and 22 digits<\/span><\/p>\n<p><span style=\"font-size: 14pt;font-family: verdana, geneva, sans-serif\">Example: <\/span><\/p>\n<p><span style=\"font-size: 14pt;font-family: verdana, geneva, sans-serif\">ES 76 2077 0024 0031 0257 5766<\/span><\/p>\n<p>If you have opened a bank account without an NIE, when you obtain the NIE you must notify this number to the bank immediately, otherwise, they may freeze<br \/>\nyour account. After obtaining the NIE, it is likely that the bank account number will automatically change. You should ask the bank about the possibility of this happening. If the bank account number does change, provide your new bank details through the Profex platform and communicate immediately your new bank details<\/p>\n<p><span style=\"font-size: 14pt;font-family: verdana, geneva, sans-serif\">In order to receive your October stipend as soon as possible, it is necessary for the school to receive bank account details a.s.a.p<\/span><\/p>\n<ul>\n<li><span style=\"font-size: 12pt;font-family: verdana, geneva, sans-serif\">It is possible that, due to the complexity of the process, the first monthly stipend may be dalayed.<\/span><\/li>\n<li><span style=\"font-size: 12pt\">Payments for each month will be made during the first 15 days of the following month.<\/span><\/li>\n<li><span style=\"font-size: 12pt\">Do not close ypur Spanish bank account until after you have received your last payment.<\/span><\/li>\n<\/ul>\n<p><span style=\"font-size: 14pt;font-family: verdana, geneva, sans-serif\">Otra diferencia entre los dos cupos es c\u00f3mo recibes la mensualidad. En el caso del cupo CEJA, el abono de los 700 euros mensuales lo hace el centro educativo; mientras que aquellos\/as auxiliares del cupo MEFP reciben directamente la mensualidad en sus cuentas bancarias desde el MEFP.<\/span><\/p>\n<p><span style=\"font-size: 12pt;font-family: verdana, geneva, sans-serif\">Monthly payment will be provided by MEFP also directly to the LANGUAGE ASSISTANT\u00b4s account, whereas those belonging to the CEJA set will receive their monthly stipend by a bank account transfer from the school.<\/span><\/p>\n<p><span style=\"font-size: 14pt;font-family: verdana, geneva, sans-serif\"><img decoding=\"async\" class=\"alignnone wp-image-1647\" src=\"https:\/\/blogsaverroes.juntadeandalucia.es\/plurilinguismocordoba\/files\/2022\/10\/bank-300x149.png\" alt=\"\" width=\"499\" height=\"248\" srcset=\"https:\/\/blogsaverroes.juntadeandalucia.es\/plurilinguismocordoba\/files\/2022\/10\/bank-300x149.png 300w, https:\/\/blogsaverroes.juntadeandalucia.es\/plurilinguismocordoba\/files\/2022\/10\/bank-768x382.png 768w, https:\/\/blogsaverroes.juntadeandalucia.es\/plurilinguismocordoba\/files\/2022\/10\/bank.png 856w\" sizes=\"(max-width: 499px) 100vw, 499px\" \/><\/span><\/p>\n<p><span style=\"font-size: 14pt;font-family: verdana, geneva, sans-serif\"><img decoding=\"async\" class=\"alignnone wp-image-1648\" src=\"https:\/\/blogsaverroes.juntadeandalucia.es\/plurilinguismocordoba\/files\/2022\/10\/pago-de-subvencion-300x147.png\" alt=\"\" width=\"518\" height=\"254\" srcset=\"https:\/\/blogsaverroes.juntadeandalucia.es\/plurilinguismocordoba\/files\/2022\/10\/pago-de-subvencion-300x147.png 300w, https:\/\/blogsaverroes.juntadeandalucia.es\/plurilinguismocordoba\/files\/2022\/10\/pago-de-subvencion.png 769w\" sizes=\"(max-width: 518px) 100vw, 518px\" \/><\/span><\/p>\n<p><span style=\"font-size: 14pt;font-family: verdana, geneva, sans-serif\">4\u00ba Documentaci\u00f3n necesaria a la llegada al centro para auxiliares de cupo CEJA y MEFP:<\/span><\/p>\n<ul>\n<li><span style=\"font-size: 14pt;font-family: verdana, geneva, sans-serif\"><strong>CARTA PARA EL BANCO<\/strong> (IDENTIFICACI\u00d3N COMO AUXILIAR)&nbsp; para la obtenci\u00f3n de un n\u00famero de cuenta bancaria en el que recibir los ingresos mensuales.<\/span><\/li>\n<li><span style=\"font-size: 14pt;font-family: verdana, geneva, sans-serif\"><strong>CARTA PARA LA OFICINA DE EXTRANJER\u00cd<\/strong>A (IDENTIFICACI\u00d3N DEL AUXILIAR) para tr\u00e1mites como la obtenci\u00f3n del NIE\/ TIE<\/span><\/li>\n<\/ul>\n<p><span style=\"font-size: 14pt;font-family: verdana, geneva, sans-serif\">* If your mentor has not provided <strong>both letters<\/strong> (to identify yourself at the bank and also at the police department for NIE and TIE obtention), please write down an email to<span style=\"color: #0000ff\"><strong> plurilinguismo.dpco.ced@juntadeandalucia.es<\/strong> <\/span><\/span><\/p>\n<p><span style=\"font-size: 18pt\"><strong>Language assistants from member countries of the European Union: how to obtain the EU Registration Certificate .<\/strong><\/span><\/p>\n<p>The first step to take upon arriving is to apply for an EU Registration Certificate at the immigration office or police station in the assigned city or town. Assistants will have to go to the local immigration office (or, if there is none, to the corresponding police station), in order to apply for registration in the Central Register of Foreign Nationals.<br \/>\nTo apply for the EU Registration Certificate, a fee must be paid (about ten euros) and the following documents will have to be provided:<\/p>\n<p><strong>Documents to be provided:<\/strong><\/p>\n<ul>\n<li>Modelo oficial EX-18 (the EX-18 form), in duplicate, duly completed and signed. Valid identity document (if it is expired, a copy of both the expired<br \/>\ndocument and the renewal application will have to be provided). The original document must be presented upon submitting the application.<\/li>\n<li>Appointment Letter.<\/li>\n<li>Proof of payment of the corresponding fee.<\/li>\n<\/ul>\n<p>Once the application is submitted and the fee has been paid, a Registration Certificate will be issued, which will include name, nationality, address, date of registration and Foreigner Identification Number (NIE). This number will be required by the bank to open the Spanish bank account which will allow the assistant to receive the monthly stipend.<\/p>\n<p>It may also be possible to request the NIE, before arriving in Spain, at the consular offices of the Embassy of Spain in the assistant\u2019s country. However, once in Spain the assistant is required to apply for the EU Registration Certificate locally.<\/p>\n<p>&nbsp;<\/p>\n<p><strong><span style=\"font-size: 18pt\">Language assistants from countries outside the European Union: How to obtain the Foreigner Identity Card.<\/span><\/strong><\/p>\n<p>The assistant, upon arriving at the destination, must apply for the Foreigner Identity Card (TIE), in which the Foreigner Identification Number (NIE) appears. This must be done at the local immigration office or police station.<\/p>\n<p>The TIE is the document that proves that foreigners have obtained a residence permit or authorization to stay in Spain for a period of more than 6 months.<br \/>\nTo apply for the TIE, the corresponding fee must be paid (about fifteen euros) and provide the following documents must be provided (only if it is the first time applying for it):<\/p>\n<p><strong>Documents to be provided:<\/strong><\/p>\n<ul>\n<li>Application form (EX-17), duplicate, completed, and signed.<\/li>\n<li>Original and photocopy of the passport or travel document (with the stamp, sign or mark made upon entry at the border checkpoint), and visa.<\/li>\n<li>Three recent passport-size photographs (4&#215;3 cm) in color with a white background.<\/li>\n<li>Original and photocopy of the visa, if applicable.<\/li>\n<li>Original and photocopy of the letter of appointment as language assistant from the Ministry of Education and Vocational Training or from the<br \/>\ncorresponding autonomous community.<\/li>\n<li>Proof of payment of the corresponding fee.<\/li>\n<\/ul>\n<h3 class=\"o-list__name ppg-heading ppg-heading--type02\" data-toggle=\"link03\"><a href=\"https:\/\/administracion.gob.es\/pagFront\/espanaAdmon\/directorioOrganigramas\/listarOficinas.htm?idUnidOrganica=130100&amp;origenUO=gobiernoEstado&amp;volver=volverFicha&amp;cIdUdOrganica=EA0040209\">Oficina de Extranjer\u00eda en C\u00f3rdoba<\/a><\/h3>\n<div class=\"ppg-table__content\" data-toggle=\"content03\">\n<div class=\"ppg-table__box o-unit__row\">\n<ul class=\"ppg-table__list ppg-table--type02\">\n<li class=\"o-list__item o-it-2\/8 o-it-md-1\/2 o-it-sm-2\/2\">\n<ul class=\"ppg-table--type02\">\n<li class=\"ppg-icon__address-a ppg-icon--before\">\n<h4 class=\"ppg-heading\">Direcci\u00f3n:<\/h4>\n<\/li>\n<li>\n<p class=\"ppg-text\">Plaza De la Constituci\u00f3n 1<br \/>\n14004 C\u00f3rdoba (C\u00f3rdoba)<\/p>\n<\/li>\n<li><a class=\"ppg-link t-padding-left-30 popupmap\" href=\"https:\/\/www.google.com\/maps\/search\/?api=1&amp;query=37.8786889,-4.7862843\" data-lightbox-type=\"google_maps\" data-lightbox-link=\"map\/1875957375\">Ver Detalles<\/a><\/li>\n<\/ul>\n<\/li>\n<li class=\"o-list__item o-it-2\/8 o-it-md-1\/2 o-it-sm-2\/2\">\n<ul class=\"ppg-table--type02\">\n<li class=\"ppg-icon__timetable-a ppg-icon--before\">\n<h4 class=\"ppg-heading\">Horario:<\/h4>\n<ul>\n<li>\n<p class=\"ppg-text\">Lunes a viernes- 9h a 14h Cita Previa: lunes a viernes- 9h a 10h<\/p>\n<\/li>\n<\/ul>\n<\/li>\n<\/ul>\n<\/li>\n<li class=\"o-list__item o-it-2\/8 o-it-md-1\/2 o-it-sm-2\/2\">\n<ul class=\"ppg-table--type02\">\n<li class=\"ppg-icon__tlfGrey-a ppg-icon--before\">\n<h4 class=\"ppg-heading\">Tel\u00e9fono<\/h4>\n<p class=\"ppg-text\">957989000<\/p>\n<\/li>\n<li class=\"ppg-icon__tlfGrey-a ppg-icon--before\">\n<h4 class=\"ppg-heading\">Tel\u00e9fono<\/h4>\n<p class=\"ppg-text\">957989228<\/p>\n<\/li>\n<li class=\"ppg-icon__tlfGrey-a ppg-icon--before\">\n<h4 class=\"ppg-heading\">Fax<\/h4>\n<p class=\"ppg-text\">957989295<\/p>\n<\/li>\n<li class=\"ppg-icon__mailgrey-a ppg-icon--before\">\n<h4 class=\"ppg-heading\">URL cita previa<\/h4>\n<p class=\"ppg-text\">https:\/\/icp.administracionelectronica.gob.es\/icpplus\/index.html<\/p>\n<\/li>\n<li><img decoding=\"async\" class=\"ppg-iconoPequeno\" title=\"URL\" src=\"https:\/\/administracion.gob.es\/pag_Home\/resources\/templating-kit\/themes\/pag\/img\/general\/icons\/iconoWeb.png\" alt=\"URL\"><br \/>\n<h4 class=\"ppg-heading\">URL<\/h4>\n<p><a class=\"ppg-link ppg-link--type02 ppg-text\" title=\"https:\/\/ssweb.seap.minhap.es\/ayuda\/consulta\/ExtranjeriaCG\" href=\"https:\/\/ssweb.seap.minhap.es\/ayuda\/consulta\/ExtranjeriaCG\" target=\"_blank\" rel=\"noopener noreferrer\">https:\/\/ssweb.seap.minhap.es\/ayuda\/consulta\/ExtranjeriaCG<\/a><\/li>\n<\/ul>\n<\/li>\n<li class=\"o-list__item o-it-2\/8 o-it-md-1\/2 o-it-sm-2\/2\">\n<ul class=\"ppg-table--type02\">\n<li class=\"ppg-icon__position-a ppg-icon--before\">\n<h4 class=\"ppg-heading\">Administracion:<\/h4>\n<p class=\"ppg-text\">Administraci\u00f3n del Estado<\/p>\n<\/li>\n<li class=\"ppg-icon__tree-a ppg-icon--before\">\n<h4 class=\"ppg-heading\">Especialidad:<\/h4>\n<p class=\"ppg-text\">, Extranjer\u00eda<\/p>\n<\/li>\n<\/ul>\n<\/li>\n<\/ul>\n<\/div>\n<\/div>\n<p><span style=\"font-size: 14pt;font-family: verdana, geneva, sans-serif\"><strong>Recomendamos leer atentamente esta informaci\u00f3n sobre LOS PRIMEROS PASOS A LA LLEGADA AL CENTRO:<\/strong> <\/span><\/p>\n<p><span style=\"font-size: 14pt;font-family: verdana, geneva, sans-serif\"><img loading=\"lazy\" decoding=\"async\" class=\"alignnone size-medium wp-image-1602\" src=\"https:\/\/blogsaverroes.juntadeandalucia.es\/plurilinguismocordoba\/files\/2022\/10\/procedimientos-300x168.png\" alt=\"\" width=\"300\" height=\"168\" srcset=\"https:\/\/blogsaverroes.juntadeandalucia.es\/plurilinguismocordoba\/files\/2022\/10\/procedimientos-300x168.png 300w, https:\/\/blogsaverroes.juntadeandalucia.es\/plurilinguismocordoba\/files\/2022\/10\/procedimientos-1024x574.png 1024w, https:\/\/blogsaverroes.juntadeandalucia.es\/plurilinguismocordoba\/files\/2022\/10\/procedimientos-768x430.png 768w, https:\/\/blogsaverroes.juntadeandalucia.es\/plurilinguismocordoba\/files\/2022\/10\/procedimientos-1536x860.png 1536w, https:\/\/blogsaverroes.juntadeandalucia.es\/plurilinguismocordoba\/files\/2022\/10\/procedimientos-2048x1147.png 2048w\" sizes=\"(max-width: 300px) 100vw, 300px\" \/><\/span><\/p>\n<p><span style=\"font-size: 14pt;font-family: verdana, geneva, sans-serif\"><img loading=\"lazy\" decoding=\"async\" class=\"alignnone size-full wp-image-1603\" src=\"https:\/\/blogsaverroes.juntadeandalucia.es\/plurilinguismocordoba\/files\/2022\/10\/ADMINISTRATIVE-PROCEDURES.png\" alt=\"\" width=\"294\" height=\"294\" srcset=\"https:\/\/blogsaverroes.juntadeandalucia.es\/plurilinguismocordoba\/files\/2022\/10\/ADMINISTRATIVE-PROCEDURES.png 294w, https:\/\/blogsaverroes.juntadeandalucia.es\/plurilinguismocordoba\/files\/2022\/10\/ADMINISTRATIVE-PROCEDURES-150x150.png 150w, https:\/\/blogsaverroes.juntadeandalucia.es\/plurilinguismocordoba\/files\/2022\/10\/ADMINISTRATIVE-PROCEDURES-80x80.png 80w\" sizes=\"(max-width: 294px) 100vw, 294px\" \/><\/span><\/p>\n<p>&nbsp;<\/p>\n<p><span style=\"font-size: 14pt;font-family: verdana, geneva, sans-serif\"><strong>CURSO 2021\/22<\/strong> <\/span><\/p>\n<p><span style=\"font-size: 14pt;font-family: verdana, geneva, sans-serif\"><strong>Descarga de documento de MEFP &#8211; PRIMEROS TR\u00c1MITES<\/strong><\/span><\/p>\n<p><span style=\"font-size: 14pt;font-family: verdana, geneva, sans-serif\"><a href=\"https:\/\/blogsaverroes.juntadeandalucia.es\/plurilinguismocordoba\/files\/2021\/09\/tramites-aacc-mefp-20-21.pdf\">tramites-aacc-mefp<\/a><\/span><\/p>\n<p><span style=\"font-size: 14pt;font-family: verdana, geneva, sans-serif\">Los auxiliares de conversaci\u00f3n necesitan hacer dos tr\u00e1mites a su llegada a Espa\u00f1a:<\/span><\/p>\n<ul>\n<li><span style=\"font-size: 14pt;font-family: verdana, geneva, sans-serif\"><strong>Obtener el NIE\/TIE<\/strong> en las Oficinas de Extranjer\u00eda y Comisar\u00edas de Polic\u00eda de las localidades donde colaboren (en un plazo de 30 d\u00edas desde su llegada a Espa\u00f1a).<\/span><\/li>\n<\/ul>\n<p><span style=\"font-size: 14pt;font-family: verdana, geneva, sans-serif\">Estos tr\u00e1mites ser\u00e1n diferentes para lo comunitarios y los no comunitarios. En los siguientes enlaces encontrar\u00e1s unas instrucciones para realizarlo.<\/span><\/p>\n<p><span style=\"font-size: 14pt;font-family: verdana, geneva, sans-serif\">&nbsp;&nbsp;&nbsp;&nbsp;&nbsp;&nbsp;&nbsp;&nbsp;&nbsp; \u2013<a href=\"https:\/\/blogsaverroes.juntadeandalucia.es\/plurilinguismodelegacionjaen\/files\/2020\/09\/Instucciones-tr\u00e1mites-extranjer\u00eda-Comunitarios-1.pdf\">Instucciones-tr\u00e1mites-extranjer\u00eda-Comunitarios<\/a><\/span><\/p>\n<p><span style=\"font-size: 14pt;font-family: verdana, geneva, sans-serif\">&nbsp;&nbsp;&nbsp;&nbsp;&nbsp;&nbsp;&nbsp;&nbsp;&nbsp; \u2013 <a href=\"https:\/\/blogsaverroes.juntadeandalucia.es\/plurilinguismodelegacionjaen\/files\/2020\/09\/Instucciones-tr\u00e1mites-extranjer\u00eda-NOComunitarios.pdf\">Instucciones-tr\u00e1mites-extranjer\u00eda-NOComunitarios<\/a><\/span><\/p>\n<p><span style=\"font-size: 14pt;font-family: verdana, geneva, sans-serif\">&nbsp; &nbsp; &nbsp; &nbsp; &nbsp; \u2013 <a href=\"https:\/\/blogsaverroes.juntadeandalucia.es\/plurilinguismodelegacionjaen\/files\/2020\/09\/Instruccciones-auxiliares-Reino-Unido-Brexit.pdf\">Instrucciones tramites extranjer\u00eda auxiliares Reino Unido (Brexit)<\/a><\/span><\/p>\n<p><span style=\"font-size: 14pt;font-family: verdana, geneva, sans-serif\">&nbsp;&nbsp;&nbsp;&nbsp;&nbsp;&nbsp;&nbsp;&nbsp;&nbsp; \u2013 <a href=\"https:\/\/blogsaverroes.juntadeandalucia.es\/plurilinguismodelegacionjaen\/files\/2020\/09\/Carta-oficina-de-extranjeros-2020_2021F.pdf\" target=\"_blank\" rel=\"noopener noreferrer\">Carta para presentar en la oficina de extranjer\u00eda<\/a><\/span><\/p>\n<h1><span style=\"font-size: 14pt;font-family: verdana, geneva, sans-serif\">&nbsp;EL\/LA AUXILIAR DEBE PRESENTAR LA CARTA DE IDENTIFICACI\u00d3N FACILITADA POR EL TUTOR EN EL CENTRO EN LA OFICINA DE EXTRANJER\u00cdA&nbsp;<\/span><\/h1>\n<ul>\n<li><span style=\"font-size: 14pt;font-family: verdana, geneva, sans-serif\"><strong>Apertura de cuentas bancarias<\/strong>. Carta que deber\u00e1n llevar al banco. <a href=\"https:\/\/blogsaverroes.juntadeandalucia.es\/plurilinguismodelegacionjaen\/files\/2020\/09\/Carta-a-banco-2020_2021F.pdf\" target=\"_blank\" rel=\"noopener noreferrer\">Carta a banco 2020\/2021<\/a><\/span><\/li>\n<\/ul>\n<h1><span style=\"font-size: 14pt;font-family: verdana, geneva, sans-serif\">EL\/LA AUXILIAR DEBE PRESENTAR LA CARTA DE IDENTIFICACI\u00d3N FACILITADA POR EL TUTOR EN EL CENTRO EN LA OFICINA O SUCURSAL BANCARIA&nbsp;<\/span><\/h1>\n<p><span style=\"font-size: 14pt;font-family: verdana, geneva, sans-serif\"><a href=\"https:\/\/drive.google.com\/file\/d\/14jtnwGgZX_cZOGVttlX2EmwuM1z2x8N2\/view?usp=sharing\">https:\/\/drive.google.com\/file\/d\/14jtnwGgZX_cZOGVttlX2EmwuM1z2x8N2\/view?usp=sharing<\/a><\/span><\/p>\n<ul>\n<li><span style=\"font-size: 14pt;font-family: verdana, geneva, sans-serif\"><strong><u>Informaci\u00f3n sobre el seguro de atenci\u00f3n sanitaria<\/u>:<\/strong>La compa\u00f1\u00eda que se har\u00e1 cargo es ADESLAS, que remitir\u00e1 a las direcciones de los centros&nbsp; las tarjetas para los auxiliares no comunitarios y para aquellos auxiliares comunitarios que no dispongan de la tarjeta sanitaria europea. <strong>Los auxiliares procedentes de Reino Unido<\/strong> ser\u00e1n beneficiarios de este seguro a partir del Brexit, es decir, desde 1 de enero de 2021. Hasta tanto reciban sus tarjetas, dispondr\u00e1n de un certificado provisional remitido por email a sus cuentas personales y tambi\u00e9n a vosotros. El seguro s\u00f3lo tiene validez en territorio nacional. Si van a desplazarse fuera de Espa\u00f1a, deber\u00e1n contratar un seguro de viajes. Cuadro m\u00e9dico y la relaci\u00f3n de hospitales de ADESLAS, as\u00ed como los tel\u00e9fonos de la compa\u00f1\u00eda a los que puedan llamar <a href=\"https:\/\/www.doctoralia.es\/clinicas\/cordoba\/adeslas\">https:\/\/www.doctoralia.es\/clinicas\/cordoba\/adeslas <\/a>&nbsp; &nbsp; &nbsp;<a href=\"https:\/\/aseguramossalud.com\/oficinas\/cordoba\/\">https:\/\/aseguramossalud.com\/oficinas\/cordoba\/<\/a><\/span><\/li>\n<li><span style=\"font-size: 14pt;font-family: verdana, geneva, sans-serif\">Es fundamental saber d\u00f3nde deben acudir en caso de emergencia. Si los beneficiarios del seguro privado de ASISA hacen uso del sistema p\u00fablico de salud, deber\u00e1n abonar el coste del servicio.<\/span><\/li>\n<\/ul>\n<p>&nbsp;<\/p>\n<p><span style=\"font-size: 14pt;font-family: verdana, geneva, sans-serif\"><!--more--><\/span><\/p>\n<p><span style=\"font-size: 14pt;font-family: verdana, geneva, sans-serif\"><strong>Auxiliares comunitarios<\/strong><\/span><\/p>\n<p><span style=\"font-size: 14pt;font-family: verdana, geneva, sans-serif\">&#8211; Tarjeta sanitaria europea <a href=\"https:\/\/ec.europa.eu\/social\/main.jsp?catId=857&amp;langId=es&amp;intPageId=1304\">https:\/\/ec.europa.eu\/social\/main.jsp?catId=857&amp;langId=es&amp;intPageId=1304<\/a><\/span><\/p>\n<p><span style=\"font-size: 14pt;font-family: verdana, geneva, sans-serif\">&#8211; Certificado de penales<\/span><\/p>\n<p><span style=\"font-size: 14pt;font-family: verdana, geneva, sans-serif\">&#8211; NIE (*Necesaria para obtener un n\u00famero de cuenta bancario para recibir el ingreso de la subvenci\u00f3n por parte del centro mensualmente).<\/span><\/p>\n<p><span style=\"font-size: 14pt;font-family: verdana, geneva, sans-serif\"><strong>Auxiliares extracomunitarios<\/strong><\/span><\/p>\n<p><span style=\"font-size: 14pt;font-family: verdana, geneva, sans-serif\">&#8211; Tarjeta sanitaria ADESLAS, que se enviar\u00e1 al correo electr\u00f3nico del auxiliar de conversaci\u00f3n.<\/span><\/p>\n<p><span style=\"font-size: 14pt;font-family: verdana, geneva, sans-serif\">&#8211; Certificado de penales.<\/span><\/p>\n<p><span style=\"font-size: 14pt;font-family: verdana, geneva, sans-serif\">&#8211; NIE y TIE (Tarjeta de identidad de extranjero) para estancias de 8 meses, como es el acaso del auxiliar de conversaci\u00f3n.<\/span><\/p>\n<p><span style=\"font-size: 14pt;font-family: verdana, geneva, sans-serif\"><a href=\"http:\/\/www.interior.gob.es\/web\/servicios-al-ciudadano\/extranjeria\/regimen-general\/tarjeta-de-identidad-de-extranjero\">http:\/\/www.interior.gob.es\/web\/servicios-al-ciudadano\/extranjeria\/regimen-general\/tarjeta-de-identidad-de-extranjero<\/a><\/span><\/p>\n<ul>\n<li><span style=\"font-size: 14pt;font-family: verdana, geneva, sans-serif\"><a title=\"Concepto\" href=\"http:\/\/www.interior.gob.es\/web\/servicios-al-ciudadano\/extranjeria\/regimen-general\/tarjeta-de-identidad-de-extranjero#Concepto\">Concepto<\/a><\/span><\/li>\n<li><span style=\"font-size: 14pt;font-family: verdana, geneva, sans-serif\"><a title=\"\u00c1mbito de aplicaci\u00f3n\" href=\"http:\/\/www.interior.gob.es\/web\/servicios-al-ciudadano\/extranjeria\/regimen-general\/tarjeta-de-identidad-de-extranjero#\u00c1mbito de aplicaci\u00f3n\">\u00c1mbito de aplicaci\u00f3n<\/a><\/span><\/li>\n<li><span style=\"font-size: 14pt;font-family: verdana, geneva, sans-serif\"><a title=\"Obligaciones del titular\" href=\"http:\/\/www.interior.gob.es\/web\/servicios-al-ciudadano\/extranjeria\/regimen-general\/tarjeta-de-identidad-de-extranjero#Obligaciones del titular\">Obligaciones del titular<\/a><\/span><\/li>\n<li><span style=\"font-size: 14pt;font-family: verdana, geneva, sans-serif\"><a title=\"Solicitud: lugar y documentaci\u00f3n\" href=\"http:\/\/www.interior.gob.es\/web\/servicios-al-ciudadano\/extranjeria\/regimen-general\/tarjeta-de-identidad-de-extranjero#Solicitud: lugar y documentaci\u00f3n\">Solicitud: lugar y documentaci\u00f3n<\/a><\/span><\/li>\n<li><span style=\"font-size: 14pt;font-family: verdana, geneva, sans-serif\"><a title=\"Vigencia de la tarjeta de extranjero\" href=\"http:\/\/www.interior.gob.es\/web\/servicios-al-ciudadano\/extranjeria\/regimen-general\/tarjeta-de-identidad-de-extranjero#Vigencia de la tarjeta de extranjero\">Vigencia de la tarjeta del extranjero<\/a><\/span><\/li>\n<li><span style=\"font-size: 14pt;font-family: verdana, geneva, sans-serif\"><a title=\"Competencia\" href=\"http:\/\/www.interior.gob.es\/web\/servicios-al-ciudadano\/extranjeria\/regimen-general\/tarjeta-de-identidad-de-extranjero#Competencia\">Competencia<\/a><\/span><\/li>\n<li><span style=\"font-size: 14pt;font-family: verdana, geneva, sans-serif\"><a title=\"Expedici\u00f3n y entrega\" href=\"http:\/\/www.interior.gob.es\/web\/servicios-al-ciudadano\/extranjeria\/regimen-general\/tarjeta-de-identidad-de-extranjero#Expedici\u00f3n y entrega\">Expedici\u00f3n y entrega<\/a><\/span><\/li>\n<\/ul>\n<p><span style=\"font-size: 14pt;font-family: verdana, geneva, sans-serif\">Finalmente, todos\/as los\/as auxiliares deben tener un n\u00famero de cuenta bancaria espa\u00f1ola para recibir el ingreso mensual de la subvenci\u00f3n de 700 euros.<\/span><\/p>\n<p><span style=\"font-size: 14pt;font-family: verdana, geneva, sans-serif\"><strong>AUXILIARES BRIT\u00c1NICOS Y AUSTR\u00cdACOS PROCEDENTES DE UNIVERSIDADES&nbsp;<\/strong><\/span><\/p>\n<p align=\"justify\"><span style=\"color: #000000;font-size: 14pt;font-family: verdana, geneva, sans-serif\">Varios auxiliares vienen en el marco del programa a Erasmus+ o de otra movilidad de sus universidades, sobre todo son brit\u00e1nicos y austriacos.&nbsp;Reciben cr\u00e9ditos por su formaci\u00f3n en el extranjero por lo que se pueden firmar por parte de los tutores, adem\u00e1s les pedir\u00e1n un informe final.<\/span><\/p>\n<p class=\"sdendnote\" align=\"justify\"><span style=\"color: #000000;font-size: 14pt;font-family: verdana, geneva, sans-serif\">En el documento que nos mandan viene definida la figura de mentor y supervisor:<\/span><\/p>\n<p class=\"sdendnote\" align=\"justify\"><span style=\"color: #000000;font-size: 14pt;font-family: verdana, geneva, sans-serif\">Mentor: the role of the mentor is to provide support, encouragement and information to the trainee on the life and experience relative to the enterprise (culture of the enterprise, informal codes and conducts, etc.). Normally, the mentor should be a different person than the supervisor.<\/span><\/p>\n<p class=\"sdendnote\" align=\"justify\"><span style=\"color: #000000;font-size: 14pt;font-family: verdana, geneva, sans-serif\">Responsible person in the receiving organisation (supervisor): this person is responsible for signing the Learning Agreement, amending it if needed, supervising the trainee during the traineeship and signing the Traineeship Certificate.<\/span><\/p>\n<p class=\"sdendnote\" align=\"justify\"><span style=\"color: #000000;font-size: 14pt;font-family: verdana, geneva, sans-serif\">Teniendo esto presente, considerar\u00edamos que el mentor es la persona coordinadora del programa biling\u00fce y el supervisor el director\/a del centro.<\/span><\/p>\n<p align=\"justify\"><span style=\"font-size: 14pt;font-family: verdana, geneva, sans-serif\">&#8212;&#8212;&#8212;&#8212;&#8212;&#8212;&#8212;&#8212;&#8212;&#8212;&#8212;&#8212;&#8212;&#8212;&#8212;&#8212;&#8212;&#8212;&#8212;&#8212;&#8212;&#8212;&#8212;&#8212;&#8212;&#8212;&#8212;&#8212;&#8212;&#8212;&#8212;&#8212;&#8212;&#8212;&#8212;&#8212;&#8212;&#8212;&#8212;&#8212;&#8212;&#8212;&#8212;&#8212;&#8212;&#8212;&#8212;&#8212;&#8212;&#8212;&#8212;&#8212;&#8212;&#8212;&#8212;&#8212;&#8212;&#8212;&#8212;&#8212;&#8212;&#8212;&#8212;&#8212;&#8212;&#8212;&#8212;&#8212;&#8212;&#8212;&#8212;&#8212;&#8212;&#8212;&#8212;&#8212;&#8212;&#8212;&#8212;&#8212;&#8212;&#8212;&#8212;&#8212;&#8212;&#8212;&#8212;&#8212;&#8212;-<\/span><\/p>\n<p align=\"justify\"><span style=\"font-size: 14pt;font-family: verdana, geneva, sans-serif\"><strong>FONDO SOCIAL EUROPEO&nbsp;<\/strong>Los\/as auxiliares que pertenecen a este cupo:<\/span><\/p>\n<p align=\"justify\"><span style=\"font-size: 14pt;font-family: verdana, geneva, sans-serif\">1\u00ba Deben tener el horario registrado en S\u00e9neca.<\/span><\/p>\n<p><span style=\"font-size: 14pt;font-family: verdana, geneva, sans-serif\"><a href=\"https:\/\/drive.google.com\/file\/d\/1vb_3LQh4t6AgbKdlgMjOcsABtNWWroH-\/view?usp=sharing\">https:\/\/drive.google.com\/file\/d\/1vb_3LQh4t6AgbKdlgMjOcsABtNWWroH-\/view?usp=sharing<\/a><\/span><\/p>\n<p align=\"justify\"><span style=\"font-size: 14pt;font-family: verdana, geneva, sans-serif\">2\u00ba Deben tener un control de asistencia con registro de las ausencias y la recuperaci\u00f3n de las horas.<\/span><\/p>\n<p><span style=\"font-size: 14pt;font-family: verdana, geneva, sans-serif\"><a href=\"https:\/\/drive.google.com\/file\/d\/1tUSfnrttWWrF0DrOyio91uGvqInHsg30\/view?usp=sharing\">https:\/\/drive.google.com\/file\/d\/1tUSfnrttWWrF0DrOyio91uGvqInHsg30\/view?usp=sharing<\/a><\/span><\/p>\n<p align=\"justify\"><span style=\"font-size: 14pt;font-family: verdana, geneva, sans-serif\">3\u00ba Debe habilitarse un espacio para recoger los recursos que elabore a lo largo de su estancia en el centro.<\/span><\/p>\n<ul>\n<li><span style=\"font-size: 14pt;font-family: verdana, geneva, sans-serif\">Plataforma Digital Educativa&nbsp;<\/span><\/li>\n<li><span style=\"font-size: 14pt;font-family: verdana, geneva, sans-serif\">Blog&nbsp;<\/span><\/li>\n<li><span style=\"font-size: 14pt;font-family: verdana, geneva, sans-serif\">Web corporativa del centro<\/span><\/li>\n<\/ul>\n<p><span style=\"font-size: 14pt;font-family: verdana, geneva, sans-serif\">&#8212;&#8212;&#8212;&#8212;&#8212;&#8212;&#8212;&#8212;&#8212;&#8212;&#8212;&#8212;&#8212;&#8212;&#8212;&#8212;&#8212;&#8212;&#8212;&#8212;&#8212;&#8212;&#8212;&#8212;&#8212;&#8212;&#8212;&#8212;&#8212;&#8212;&#8212;&#8212;&#8212;&#8212;&#8212;&#8212;&#8212;&#8212;&#8212;&#8212;&#8212;&#8212;&#8212;&#8212;&#8212;&#8212;&#8212;&#8212;&#8212;&#8212;&#8212;&#8212;&#8212;&#8212;&#8212;&#8212;&#8212;&#8212;&#8212;&#8212;&#8212;&#8212;&#8212;&#8212;&#8212;&#8212;&#8212;&#8212;&#8212;&#8212;&#8212;&#8212;&#8212;&#8212;&#8212;&#8212;&#8212;&#8212;&#8212;&#8212;&#8212;&#8212;&#8212;&#8212;&#8212;&#8212;&#8212;&#8212;&#8212;&#8212;-<\/span><\/p>\n<h1 class=\"entry-title\"><span style=\"font-size: 14pt;font-family: verdana, geneva, sans-serif\">PREGUNTAS FRECUENTES (FAQs)<\/span><\/h1>\n<div class=\"entry-content\">\n<p data-adtags-visited=\"true\"><span style=\"font-size: 14pt;font-family: verdana, geneva, sans-serif\"><img loading=\"lazy\" decoding=\"async\" class=\"alignnone wp-image-206\" src=\"https:\/\/auxiliaresgranada2013.files.wordpress.com\/2016\/05\/1.png?w=27&amp;h=27\" alt=\"1\" data-attachment-id=\"206\" data-permalink=\"https:\/\/auxiliaresgranada2013.wordpress.com\/certificado-de-delitos-de-naturaleza-sexual\/attachment\/1\/\" data-orig-file=\"https:\/\/auxiliaresgranada2013.files.wordpress.com\/2016\/05\/1.png\" data-orig-size=\"200,200\" data-comments-opened=\"1\" data-image-meta=\"{&quot;aperture&quot;:&quot;0&quot;,&quot;credit&quot;:&quot;&quot;,&quot;camera&quot;:&quot;&quot;,&quot;caption&quot;:&quot;&quot;,&quot;created_timestamp&quot;:&quot;0&quot;,&quot;copyright&quot;:&quot;&quot;,&quot;focal_length&quot;:&quot;0&quot;,&quot;iso&quot;:&quot;0&quot;,&quot;shutter_speed&quot;:&quot;0&quot;,&quot;title&quot;:&quot;&quot;,&quot;orientation&quot;:&quot;0&quot;}\" data-image-title=\"1\" data-image-description=\"\" data-image-caption=\"\" data-medium-file=\"https:\/\/auxiliaresgranada2013.files.wordpress.com\/2016\/05\/1.png?w=200\" data-large-file=\"https:\/\/auxiliaresgranada2013.files.wordpress.com\/2016\/05\/1.png?w=200\" width=\"27\" height=\"27\">&nbsp;<strong>He recibido mi nombramiento y deseo cambiar de localidad. \u00bfEs posible?<\/strong><\/span><\/p>\n<p data-adtags-visited=\"true\"><span style=\"font-size: 14pt;font-family: verdana, geneva, sans-serif\"><strong>No, no es posible. Los puestos son asignados seg\u00fan puntuaci\u00f3n obtenida y seg\u00fan las peticiones de cada auxiliar. Los auxiliares que solicitan participar por primera vez tendr\u00e1n adem\u00e1s prioridad en la asignaci\u00f3n de destino.<\/strong><\/span><\/p>\n<p data-adtags-visited=\"true\"><span style=\"font-size: 14pt;font-family: verdana, geneva, sans-serif\"><img loading=\"lazy\" decoding=\"async\" class=\"alignnone wp-image-209\" src=\"https:\/\/auxiliaresgranada2013.files.wordpress.com\/2016\/05\/2.png?w=29&amp;h=35\" alt=\"2\" data-attachment-id=\"209\" data-permalink=\"https:\/\/auxiliaresgranada2013.wordpress.com\/certificado-de-delitos-de-naturaleza-sexual\/attachment\/2\/\" data-orig-file=\"https:\/\/auxiliaresgranada2013.files.wordpress.com\/2016\/05\/2.png\" data-orig-size=\"199,240\" data-comments-opened=\"1\" data-image-meta=\"{&quot;aperture&quot;:&quot;0&quot;,&quot;credit&quot;:&quot;&quot;,&quot;camera&quot;:&quot;&quot;,&quot;caption&quot;:&quot;&quot;,&quot;created_timestamp&quot;:&quot;0&quot;,&quot;copyright&quot;:&quot;&quot;,&quot;focal_length&quot;:&quot;0&quot;,&quot;iso&quot;:&quot;0&quot;,&quot;shutter_speed&quot;:&quot;0&quot;,&quot;title&quot;:&quot;&quot;,&quot;orientation&quot;:&quot;0&quot;}\" data-image-title=\"2\" data-image-description=\"\" data-image-caption=\"\" data-medium-file=\"https:\/\/auxiliaresgranada2013.files.wordpress.com\/2016\/05\/2.png?w=199\" data-large-file=\"https:\/\/auxiliaresgranada2013.files.wordpress.com\/2016\/05\/2.png?w=199\" width=\"29\" height=\"35\">&nbsp;<strong>He faltado a clase por estar enfermo\/a. \u00bfDebo recuperar las clases?<\/strong><\/span><\/p>\n<p data-adtags-visited=\"true\"><span style=\"font-size: 14pt;font-family: verdana, geneva, sans-serif\"><b>En el caso de enfermedad no ser\u00e1 necesario recuperar las clases si se aporta certificaci\u00f3n m\u00e9dica que se\u00f1ale los d\u00edas de ausencia por motivo de enfermedad.<\/b><\/span><\/p>\n<p data-adtags-visited=\"true\"><span style=\"font-size: 14pt;font-family: verdana, geneva, sans-serif\"><a href=\"https:\/\/auxiliaresgranada2013.files.wordpress.com\/2016\/05\/3.png\"><img loading=\"lazy\" decoding=\"async\" class=\"alignnone wp-image-212\" src=\"https:\/\/auxiliaresgranada2013.files.wordpress.com\/2016\/05\/3.png?w=27&amp;h=27\" alt=\"3\" data-attachment-id=\"212\" data-permalink=\"https:\/\/auxiliaresgranada2013.wordpress.com\/certificado-de-delitos-de-naturaleza-sexual\/attachment\/3\/\" data-orig-file=\"https:\/\/auxiliaresgranada2013.files.wordpress.com\/2016\/05\/3.png\" data-orig-size=\"300,300\" data-comments-opened=\"1\" data-image-meta=\"{&quot;aperture&quot;:&quot;0&quot;,&quot;credit&quot;:&quot;&quot;,&quot;camera&quot;:&quot;&quot;,&quot;caption&quot;:&quot;&quot;,&quot;created_timestamp&quot;:&quot;0&quot;,&quot;copyright&quot;:&quot;&quot;,&quot;focal_length&quot;:&quot;0&quot;,&quot;iso&quot;:&quot;0&quot;,&quot;shutter_speed&quot;:&quot;0&quot;,&quot;title&quot;:&quot;&quot;,&quot;orientation&quot;:&quot;0&quot;}\" data-image-title=\"3\" data-image-description=\"\" data-image-caption=\"\" data-medium-file=\"https:\/\/auxiliaresgranada2013.files.wordpress.com\/2016\/05\/3.png?w=300\" data-large-file=\"https:\/\/auxiliaresgranada2013.files.wordpress.com\/2016\/05\/3.png?w=300\" width=\"27\" height=\"27\"><\/a>&nbsp;<strong>Mientras desempe\u00f1e mi puesto como auxiliar, \u00bfpuedo tambi\u00e9n desempe\u00f1ar otros puestos de trabajo?&nbsp;<\/strong><\/span><\/p>\n<p data-adtags-visited=\"true\"><span style=\"font-size: 14pt;font-family: verdana, geneva, sans-serif\"><strong>Dependiendo de si se trata de auxiliares comunitarios o extracomunitarios, puede darse o no darse esta circunstancia, por lo que antes de desempe\u00f1ar otro puesto de trabajo mientras se percibe la subvenci\u00f3n como auxiliar, deber\u00e1n asegurarse de estar haci\u00e9ndolo dentro del marco de la legalidad.<\/strong><\/span><\/p>\n<p data-adtags-visited=\"true\"><span style=\"font-size: 14pt;font-family: verdana, geneva, sans-serif\"><strong>Es muy importante conocer los procedimientos para auxiliares comunitarios y extracomunitarios (en este \u00faltimo caso deben llevarse a cabo m\u00e1s tr\u00e1mites), y para cualquier duda se ruega sea transmitida a la Oficina de Extranjer\u00eda para asegurarse de estar procediendo de forma correcta.<\/strong><\/span><\/p>\n<\/div>\n<p data-adtags-visited=\"true\">&nbsp;<\/p>\n<p><span style=\"font-size: 14pt;font-family: verdana, geneva, sans-serif\">&#8212;&#8212;&#8212;&#8212;&#8212;&#8212;&#8212;&#8212;&#8212;&#8212;&#8212;&#8212;&#8212;&#8212;&#8212;&#8212;&#8212;&#8212;&#8212;&#8212;&#8212;&#8212;&#8212;&#8212;&#8212;&#8212;&#8212;&#8212;&#8212;&#8212;&#8212;&#8212;&#8212;&#8212;&#8212;&#8212;&#8212;&#8212;&#8212;&#8212;&#8212;&#8212;&#8212;&#8212;&#8212;&#8212;&#8212;&#8212;&#8212;&#8212;&#8212;&#8212;&#8212;&#8212;&#8212;&#8212;&#8212;&#8212;&#8212;&#8212;&#8212;&#8212;&#8212;&#8212;&#8212;&#8212;&#8212;&#8212;&#8212;&#8212;&#8212;&#8212;&#8212;&#8212;&#8212;&#8212;&#8212;&#8212;&#8212;&#8212;&#8212;&#8212;&#8212;&#8212;&#8212;&#8212;&#8212;&#8212;&#8212;&#8212;&#8212;-<\/span><\/p>\n<p><span style=\"font-size: 14pt;font-family: verdana, geneva, sans-serif\"><strong>Adem\u00e1s de la informaci\u00f3n facilitada en cursos anteriores, este a\u00f1o a causa del Brexit, hay novedades para los auxiliares procedentes de Reino Unido curso 2020\/21.<\/strong><\/span><\/p>\n<p><span style=\"font-size: 14pt;font-family: verdana, geneva, sans-serif\">Auxiliares de conversaci\u00f3n de Reino Unido: El Acuerdo de Retirada de Reino Unido de la Uni\u00f3n Europea (Brexit) ha previsto el establecimiento de un periodo transitorio hasta el 31 de diciembre de 2020. Durante ese periodo se mantendr\u00e1n los derechos derivados de la aplicaci\u00f3n del Derecho de la Uni\u00f3n.<\/span><\/p>\n<p><span style=\"font-size: 14pt;font-family: verdana, geneva, sans-serif\">Los auxiliares de conversaci\u00f3n <strong>brit\u00e1nicos que ya tienen un certificado de registro<\/strong>, presentar\u00e1n la siguiente documentaci\u00f3n en la Oficina de Extranjer\u00eda o Comisar\u00eda de Polic\u00eda de la provincia de residencia:<\/span><\/p>\n<ul>\n<li><span style=\"font-size: 14pt;font-family: verdana, geneva, sans-serif\">Impreso de solicitud &#8211;<a href=\"http:\/\/extranjeros.inclusion.gob.es\/es\/modelossolicitudes\/mod_solicitudes2\/\">EX 23 Solicitud de tarjeta<\/a> (art. 18.4 Acuerdo de Retirada).<\/span><\/li>\n<li><span style=\"font-size: 14pt;font-family: verdana, geneva, sans-serif\">Pasaporte v\u00e1lido y en vigor.<\/span><\/li>\n<li><span style=\"font-size: 14pt;font-family: verdana, geneva, sans-serif\">Impreso acreditativo del abono de la tasa correspondiente (modelo 790, c\u00f3digo 012).<\/span><\/li>\n<li><span style=\"font-size: 14pt;font-family: verdana, geneva, sans-serif\">Una fotograf\u00eda tama\u00f1o carn\u00e9.<\/span><\/li>\n<\/ul>\n<p><span style=\"font-size: 14pt;font-family: verdana, geneva, sans-serif\">Los auxiliares que <strong>NO tienen un certificado de registro en Espa\u00f1a<\/strong>, deber\u00e1n presentar una solicitud con la siguiente documentaci\u00f3n:<\/span><\/p>\n<ul>\n<li><span style=\"font-size: 14pt;font-family: verdana, geneva, sans-serif\">Impreso de solicitud &#8211;<a href=\"http:\/\/extranjeros.inclusion.gob.es\/es\/modelossolicitudes\/mod_solicitudes2\/\">EX 20- Solicitud de documento de residencia<\/a> art\u00edculo 18.4 para nacionales del Reino Unido.<\/span><\/li>\n<li><span style=\"font-size: 14pt;font-family: verdana, geneva, sans-serif\">Pasaporte v\u00e1lido y en vigor.<\/span><\/li>\n<li><span style=\"font-size: 14pt;font-family: verdana, geneva, sans-serif\">Original y fotocopia del&nbsp; nombramiento como auxiliar de conversaci\u00f3n.<\/span><\/li>\n<\/ul>\n<p><span style=\"font-size: 14pt;font-family: verdana, geneva, sans-serif\"><strong>Tras la aprobaci\u00f3n de residencia se solicitar\u00e1 la tarjeta con el formulario EX 23.<\/strong><\/span><\/p>\n<p><span style=\"font-size: 14pt;font-family: verdana, geneva, sans-serif\">Los auxiliares de conversaci\u00f3n que lleguen despu\u00e9s del 31 de diciembre de 2020 tendr\u00e1n unos derechos distintos, bien los que les reconozca la relaci\u00f3n futura entre la Uni\u00f3n Europea y el Reino Unido, bien, en defecto de ello, los que se les reconozca por la legislaci\u00f3n espa\u00f1ola.<\/span><\/p>\n<p><span style=\"font-size: 14pt;font-family: verdana, geneva, sans-serif\">Para m\u00e1s informaci\u00f3n: <a href=\"http:\/\/www.interior.gob.es\/web\/servicios-al-ciudadano\/brexit\">http:\/\/www.interior.gob.es\/web\/servicios-al-ciudadano\/brexit<\/a><\/span><\/p>\n<p><span style=\"font-size: 14pt;font-family: verdana, geneva, sans-serif\">Recuerde que la realizaci\u00f3n de estos tr\u00e1mites es competencia de las distintas Delegaciones o Subdelegaciones de Gobierno del lugar donde vaya a residir.<\/span><\/p>\n","protected":false},"excerpt":{"rendered":"<p>Letter of Appointment &#8211; CEJA (Andalucia) or MEFP (Ministry) and how to complete basic paperwork before and after the arrival at school CURSO 2022\/23 Preparations before arriving in Spain During the months of June and July, the language assistant will receive a Letter of Appointment. The Letter of Appointment is an official document of the &hellip; <\/p>\n<p><a class=\"more-link btn\" href=\"https:\/\/blogsaverroes.juntadeandalucia.es\/plurilinguismocordoba\/primeros-tramites-en-la-incorporacion-del-auxiliar-al-centro-educativo\/\">Seguir leyendo<\/a><\/p>\n","protected":false},"author":530,"featured_media":0,"parent":0,"menu_order":0,"comment_status":"closed","ping_status":"closed","template":"","meta":{"ngg_post_thumbnail":0,"footnotes":""},"aioseo_notices":[],"post_mailing_queue_ids":[],"_links":{"self":[{"href":"https:\/\/blogsaverroes.juntadeandalucia.es\/plurilinguismocordoba\/wp-json\/wp\/v2\/pages\/345"}],"collection":[{"href":"https:\/\/blogsaverroes.juntadeandalucia.es\/plurilinguismocordoba\/wp-json\/wp\/v2\/pages"}],"about":[{"href":"https:\/\/blogsaverroes.juntadeandalucia.es\/plurilinguismocordoba\/wp-json\/wp\/v2\/types\/page"}],"author":[{"embeddable":true,"href":"https:\/\/blogsaverroes.juntadeandalucia.es\/plurilinguismocordoba\/wp-json\/wp\/v2\/users\/530"}],"replies":[{"embeddable":true,"href":"https:\/\/blogsaverroes.juntadeandalucia.es\/plurilinguismocordoba\/wp-json\/wp\/v2\/comments?post=345"}],"version-history":[{"count":21,"href":"https:\/\/blogsaverroes.juntadeandalucia.es\/plurilinguismocordoba\/wp-json\/wp\/v2\/pages\/345\/revisions"}],"predecessor-version":[{"id":1660,"href":"https:\/\/blogsaverroes.juntadeandalucia.es\/plurilinguismocordoba\/wp-json\/wp\/v2\/pages\/345\/revisions\/1660"}],"wp:attachment":[{"href":"https:\/\/blogsaverroes.juntadeandalucia.es\/plurilinguismocordoba\/wp-json\/wp\/v2\/media?parent=345"}],"curies":[{"name":"wp","href":"https:\/\/api.w.org\/{rel}","templated":true}]}}