{"id":393,"date":"2020-10-01T08:08:20","date_gmt":"2020-10-01T06:08:20","guid":{"rendered":"https:\/\/blogsaverroes.juntadeandalucia.es\/plurilinguismodelegacioncadiz\/?page_id=393"},"modified":"2024-10-23T08:57:36","modified_gmt":"2024-10-23T06:57:36","slug":"auxiliares-de-conversacion","status":"publish","type":"page","link":"https:\/\/blogsaverroes.juntadeandalucia.es\/plurilinguismodelegacioncadiz\/auxiliares-de-conversacion\/","title":{"rendered":"Auxiliares de conversaci\u00f3n"},"content":{"rendered":"<p>REUNI\u00d3N ONLINE 22 de octubre SOBRE GESTI\u00d3N DE AUXILIARES DE CONVERSACI\u00d3N<\/p>\n<p><a href=\"https:\/\/blogsaverroes.juntadeandalucia.es\/plurilinguismodelegacioncadiz\/files\/2024\/10\/Jornada-informativa-direccion-y-coordinacion-bilingue_-2024_25.png\"><img loading=\"lazy\" decoding=\"async\" class=\"alignnone size-thumbnail wp-image-2449\" src=\"https:\/\/blogsaverroes.juntadeandalucia.es\/plurilinguismodelegacioncadiz\/files\/2024\/10\/Jornada-informativa-direccion-y-coordinacion-bilingue_-2024_25-150x150.png\" alt=\"\" width=\"150\" height=\"150\" srcset=\"https:\/\/blogsaverroes.juntadeandalucia.es\/plurilinguismodelegacioncadiz\/files\/2024\/10\/Jornada-informativa-direccion-y-coordinacion-bilingue_-2024_25-150x150.png 150w, https:\/\/blogsaverroes.juntadeandalucia.es\/plurilinguismodelegacioncadiz\/files\/2024\/10\/Jornada-informativa-direccion-y-coordinacion-bilingue_-2024_25-80x80.png 80w\" sizes=\"(max-width: 150px) 100vw, 150px\" \/><\/a><\/p>\n<p>A continuaci\u00f3n os dejo toda la informaci\u00f3n de la reuni\u00f3n celebrada online ayer 22 de octubre:<\/p>\n<p>Cronograma de actuaci\u00f3n en S\u00e9neca con los auxiliares de conversaci\u00f3n.<\/p>\n<p>&nbsp;<a href=\"https:\/\/blogsaverroes.juntadeandalucia.es\/plurilinguismodelegacioncadiz\/files\/2024\/10\/Cronograma-visual-2024-2025-1.png\"><img loading=\"lazy\" decoding=\"async\" class=\"alignnone size-thumbnail wp-image-2450\" src=\"https:\/\/blogsaverroes.juntadeandalucia.es\/plurilinguismodelegacioncadiz\/files\/2024\/10\/Cronograma-visual-2024-2025-1-150x150.png\" alt=\"\" width=\"150\" height=\"150\" srcset=\"https:\/\/blogsaverroes.juntadeandalucia.es\/plurilinguismodelegacioncadiz\/files\/2024\/10\/Cronograma-visual-2024-2025-1-150x150.png 150w, https:\/\/blogsaverroes.juntadeandalucia.es\/plurilinguismodelegacioncadiz\/files\/2024\/10\/Cronograma-visual-2024-2025-1-80x80.png 80w, https:\/\/blogsaverroes.juntadeandalucia.es\/plurilinguismodelegacioncadiz\/files\/2024\/10\/Cronograma-visual-2024-2025-1-320x320.png 320w\" sizes=\"(max-width: 150px) 100vw, 150px\" \/><\/a><\/p>\n<p>Presentaci\u00f3n:<\/p>\n<p><a href=\"https:\/\/blogsaverroes.juntadeandalucia.es\/plurilinguismodelegacioncadiz\/files\/2024\/10\/Jornada-informativa-direccion-y-coordinacion-bilingue_-2024_25.pdf\">Jornada informativa direcci\u00f3n y coordinaci\u00f3n biling\u00fce_ 2024_25<\/a><\/p>\n<p>P\u00e1gina de Programas Educativos Internacionales:<\/p>\n<p><a href=\"https:\/\/portales.ced.junta-andalucia.es\/educacion\/portales\/web\/programas-educativos-internacionales\/auxiliares-conversacion\/documentacion-y-solicitudes\">https:\/\/portales.ced.junta-andalucia.es\/educacion\/portales\/web\/programas-educativos-internacionales\/auxiliares-conversacion\/documentacion-y-solicitudes<\/a><\/p>\n<p>&nbsp;<\/p>\n<p><strong>JORNADA DE ACOGIDA DE AUXILIARES DE CONVERSACI\u00d3N\/ ASISTENTES LING\u00dc\u00cdSTICOS<\/strong><\/p>\n<p><a href=\"https:\/\/blogsaverroes.juntadeandalucia.es\/plurilinguismodelegacioncadiz\/files\/2024\/10\/Jornada-auxiliares-2024_25.pptx-3.png\"><img loading=\"lazy\" decoding=\"async\" class=\"alignnone size-thumbnail wp-image-2404\" src=\"https:\/\/blogsaverroes.juntadeandalucia.es\/plurilinguismodelegacioncadiz\/files\/2024\/10\/Jornada-auxiliares-2024_25.pptx-3-150x150.png\" alt=\"\" width=\"150\" height=\"150\" srcset=\"https:\/\/blogsaverroes.juntadeandalucia.es\/plurilinguismodelegacioncadiz\/files\/2024\/10\/Jornada-auxiliares-2024_25.pptx-3-150x150.png 150w, https:\/\/blogsaverroes.juntadeandalucia.es\/plurilinguismodelegacioncadiz\/files\/2024\/10\/Jornada-auxiliares-2024_25.pptx-3-80x80.png 80w, https:\/\/blogsaverroes.juntadeandalucia.es\/plurilinguismodelegacioncadiz\/files\/2024\/10\/Jornada-auxiliares-2024_25.pptx-3-320x320.png 320w\" sizes=\"(max-width: 150px) 100vw, 150px\" \/><\/a><\/p>\n<p>Ayer tuvo lugar la Jornada de Acogida de los auxiliares de conversaci\u00f3n\/ asistentes ling\u00fc\u00edsticos que se han incorporado a los centros biling\u00fces de la provincia.<\/p>\n<p>La Jornada fue presentada por la Delegada Territorial qui\u00e9n destac\u00f3 la importancia de la figura del asistente ling\u00fc\u00edstico en el programa biling\u00fce de los centros escolares.<\/p>\n<p>Los auxiliares recibieron la informaci\u00f3n que aparece en los siguientes enlaces:<\/p>\n<p><a href=\"https:\/\/blogsaverroes.juntadeandalucia.es\/plurilinguismodelegacioncadiz\/files\/2024\/10\/Jornada-auxiliares-2024_25.pptx-3.png\"><img loading=\"lazy\" decoding=\"async\" class=\"alignnone size-thumbnail wp-image-2404\" src=\"https:\/\/blogsaverroes.juntadeandalucia.es\/plurilinguismodelegacioncadiz\/files\/2024\/10\/Jornada-auxiliares-2024_25.pptx-3-150x150.png\" alt=\"\" width=\"150\" height=\"150\" srcset=\"https:\/\/blogsaverroes.juntadeandalucia.es\/plurilinguismodelegacioncadiz\/files\/2024\/10\/Jornada-auxiliares-2024_25.pptx-3-150x150.png 150w, https:\/\/blogsaverroes.juntadeandalucia.es\/plurilinguismodelegacioncadiz\/files\/2024\/10\/Jornada-auxiliares-2024_25.pptx-3-80x80.png 80w, https:\/\/blogsaverroes.juntadeandalucia.es\/plurilinguismodelegacioncadiz\/files\/2024\/10\/Jornada-auxiliares-2024_25.pptx-3-320x320.png 320w\" sizes=\"(max-width: 150px) 100vw, 150px\" \/><\/a><\/p>\n<p>\u2297 <a href=\"https:\/\/blogsaverroes.juntadeandalucia.es\/plurilinguismodelegacioncadiz\/files\/2024\/10\/241004_Presentacion_Jornadas_Auxiliares-2024_25.pdf\">241004_Presentaci\u00f3n_Jornadas_Auxiliares 2024_25<\/a><\/p>\n<p><a href=\"https:\/\/blogsaverroes.juntadeandalucia.es\/plurilinguismodelegacioncadiz\/files\/2024\/10\/1.-Sistema-Educativo-2024-2025.pdf\">1. Sistema Educativo 2024 2025<\/a><\/p>\n<p>\u2297<a href=\"https:\/\/blogsaverroes.juntadeandalucia.es\/plurilinguismodelegacioncadiz\/files\/2024\/10\/presentacion-auxiliares-de-conversacion.pdf\">presentacion auxiliares de conversacion<\/a><\/p>\n<p><strong>&nbsp;TARJETA DE COORDENADAS.&nbsp;<\/strong><\/p>\n<p>\u2297<a href=\"https:\/\/www.youtube.com\/watch?v=ZFjAc_pcmvw\"> Tarjeta de coordenadas<\/a><\/p>\n<p>Adem\u00e1s fueron informados por la polic\u00eda nacional de los tr\u00e1mites que han de gestionar para su estancia en nuestro pa\u00eds.<\/p>\n<p><strong>PRIMERAS GESTIONES: AUXILIARES EXTRACOMUNITARIOS (NO UE) Tarjeta de identidad de extranjero.<\/strong><\/p>\n<p>Si no eres ciudadana\/o de la UE, tendr\u00e1s que solicitar la \u00ab<a href=\"https:\/\/sede.policia.gob.es\/portalCiudadano\/_es\/tramites_extranjeria_tramite_tarjetaestudiantesextranjeros_inicial_renovacion.php\" target=\"_blank\" rel=\"noopener\"><strong>TARJETA DE IDENTIDAD DE EXTRANJERO<\/strong><\/a>\u00ab. El tr\u00e1mite se llama \u00ab<strong>POLIC\u00cdA-TOMA DE HUELLAS (EXPEDICI\u00d3N DE TARJETA<\/strong>\u00ab<\/p>\n<p>\u00c9stos son los documentos que tendr\u00e1s que presentar:<\/p>\n<p>1.- Original del pasaporte en vigor.<\/p>\n<p>2.- Original y fotocopia de la documentaci\u00f3n enviada por la Consejer\u00eda de Desarrollo Educativo y Formaci\u00f3n Profesional de la Junta de Andaluc\u00eda que acredite la asignaci\u00f3n como auxiliar de conversaci\u00f3n a un centro educativo&nbsp; y&nbsp; el documento&nbsp;<strong>Carta a Oficina Extranjer\u00eda 2024\/2025.<\/strong><\/p>\n<p>3.- Una fotograf\u00eda en color, en fondo blanco, tama\u00f1o carn\u00e9.<\/p>\n<p>4.- Impreso de&nbsp;<strong>solicitud<\/strong>&nbsp;de tarjeta de identidad de extranjero en modelo oficial&nbsp;<a href=\"https:\/\/www.inclusion.gob.es\/documents\/410169\/2156469\/17-Formulario_TIE.pdf?t=1674731356427\" target=\"_blank\" rel=\"noopener\"><strong>EX 17<\/strong><\/a>&nbsp;debidamente cumplimentado y firmado por la persona solicitante.<\/p>\n<p>5. \u2013&nbsp;<strong>Tasas pagadas<\/strong>: Ejemplar destinado a la Administraci\u00f3n del impreso de tasas abonadas (16,08\u20ac),&nbsp;<strong><a href=\"https:\/\/sede.policia.gob.es\/Tasa790_012\/ImpresoRellenar\" target=\"_blank\" rel=\"noopener\">Impreso Modelo 790 de pago de tasas<\/a>&nbsp;C\u00f3digo 012 ( ir al concepto \u00ab<b>Tarjetas de identidad de extranjeros (TIE) y certificados de registro de residentes comunitarios\u00bb&nbsp;<\/b>y seleccionar \u00abTIE que documenta la primera concesi\u00f3n de la autorizaci\u00f3n de residencia temporal, de estancia o para trabajadores transfronterizos\u00bb. )<\/strong>, que podr\u00e1s pagar en cualquier banco. No hace falta tener cuenta bancaria para hacerlo ( en algunos bancos s\u00f3lo se puede hacer en el cajero autom\u00e1tico).&nbsp; Se puede realizar el pago identific\u00e1ndose con el pasaporte o con el NIE. Si s\u00f3lo se puede hacer mediante el NIE y no se dispone de \u00e9l porque en el visado no aparece impreso, dirigir un mensaje a sevilla.oue@policia.es adjuntando una imagen del visado y de la p\u00e1gina biogr\u00e1fica del pasaporte indicando en el asunto\u00bb Falta NIE. Problemas pago tasas\u00bb,&nbsp;<\/p>\n<p>&nbsp;<\/p>\n<p><strong>PRIMERAS GESTIONES: AUXILIARES COMUNITARIOS (UE) Certificado de registro de ciudadano de la UE<\/strong><\/p>\n<p>Si eres ciudadana\/o de la UE, tendr\u00e1s que solicitar el \u00ab<a href=\"https:\/\/sede.policia.gob.es\/portalCiudadano\/_es\/tramites_extranjeria_tramite_certificadoregistro_ciudadanoue.php\" target=\"_blank\" rel=\"noopener\"><strong>CERTIFICADO DE REGISTRO DE CIUDADANO DE LA UNI\u00d3N<\/strong><\/a>\u00ab. El tr\u00e1mite se llama \u00ab<strong>POLIC\u00cdA-CERTIFICADO DE REGISTRO DE CIUDADANO DE LA U.E<\/strong>.\u00bb<\/p>\n<p>\u00c9stos son los documentos que tendr\u00e1s que presentar:<\/p>\n<p>1.- Original y fotocopia del pasaporte (p\u00e1gina biogr\u00e1fica) o tarjeta de identidad en vigor.<\/p>\n<p>2.- Original y fotocopia de la documentaci\u00f3n enviada por la Consejer\u00eda de Desarrollo Educativo y Formaci\u00f3n Profesional de la Junta de Andaluc\u00eda que acredite la asignaci\u00f3n como auxiliar de conversaci\u00f3n a un centro educativo&nbsp; y el documento&nbsp;<strong>Carta a oficina de extranjer\u00eda 24\/25.<\/strong><\/p>\n<p>3.- Documentaci\u00f3n para acreditar que dispones de Seguro M\u00e9dico en vigor (Tarjeta Sanitaria Europea).<\/p>\n<p>4.- Impreso de&nbsp;<strong>solicitud<\/strong>&nbsp;de certificado de registro de residente comunitario en modelo oficial&nbsp;<a href=\"https:\/\/www.inclusion.gob.es\/documents\/410169\/2156469\/18-Certificado_residencia_comunitaria.pdf?t=1674731356790\" target=\"_blank\" rel=\"noopener\"><strong>EX18<\/strong><\/a>&nbsp;<strong>por duplicado,&nbsp;<\/strong>cumplimentad0 y firmado por la persona solicitante.<\/p>\n<p>5. \u2013&nbsp;<strong>Tasas pagadas<\/strong>: Ejemplar destinado a la Administraci\u00f3n del impreso de tasas abonadas (12,00 \u20ac),&nbsp;<strong><a href=\"https:\/\/sede.policia.gob.es\/Tasa790_012\/ImpresoRellenar\" target=\"_blank\" rel=\"noopener\">Impreso Modelo 790 de pago de tasas<\/a>&nbsp;C\u00f3digo 012 ( ir al concepto \u00ab<b>Tarjetas de identidad de extranjeros (TIE) y certificados de registro de residentes comunitarios\u00bb&nbsp;<\/b>y seleccionar \u00abCertificado de registro de residente comunitario o Tarjeta de residencia de familiar de un ciudadano de la Uni\u00f3n\u00bb<\/strong>)&nbsp; que podr\u00e1s pagar en cualquier banco. No hace falta tener cuenta bancaria para hacerlo ( en algunos bancos s\u00f3lo se puede hacer en el cajero autom\u00e1tico)<\/p>\n<p>En la P\u00e1gina de Programas Educativos Internacionales ten\u00e9is toda la informaci\u00f3n relativa a los auxiliares<\/p>\n<p>\u2297<a href=\"https:\/\/portales.ced.junta-andalucia.es\/educacion\/portales\/web\/programas-educativos-internacionales\/auxiliares-conversacion\">P\u00c1GINA DE PROGRAMAS EDUCATIVOS INTERNACIONALES<\/a><\/p>\n<p>&nbsp;<\/p>\n<p><strong>3 DE OCTUBRE. JORNADA DE ACOGIDA Y FORMACI\u00d3N DE AUXILIARES DE CONVERSACI\u00d3N 2024 2025.&nbsp;<\/strong><\/p>\n<p><a href=\"https:\/\/blogsaverroes.juntadeandalucia.es\/plurilinguismodelegacioncadiz\/files\/2024\/09\/JORNADA-DE-AUXILIARES-24-25.jpg\"><img loading=\"lazy\" decoding=\"async\" class=\"alignnone wp-image-2393\" src=\"https:\/\/blogsaverroes.juntadeandalucia.es\/plurilinguismodelegacioncadiz\/files\/2024\/09\/JORNADA-DE-AUXILIARES-24-25-150x150.jpg\" alt=\"\" width=\"305\" height=\"305\" srcset=\"https:\/\/blogsaverroes.juntadeandalucia.es\/plurilinguismodelegacioncadiz\/files\/2024\/09\/JORNADA-DE-AUXILIARES-24-25-150x150.jpg 150w, https:\/\/blogsaverroes.juntadeandalucia.es\/plurilinguismodelegacioncadiz\/files\/2024\/09\/JORNADA-DE-AUXILIARES-24-25-80x80.jpg 80w, https:\/\/blogsaverroes.juntadeandalucia.es\/plurilinguismodelegacioncadiz\/files\/2024\/09\/JORNADA-DE-AUXILIARES-24-25-320x320.jpg 320w\" sizes=\"(max-width: 305px) 100vw, 305px\" \/><\/a><\/p>\n<p>En el siguiente&nbsp;<strong><a href=\"https:\/\/blogsaverroes.juntadeandalucia.es\/auxiliaresconversacionsevilla\/files\/2024\/09\/Auxiliares-de-conversacion.-Actuaciones-generales.pdf\">cronograma<\/a><\/strong>&nbsp;aparecen las actuaciones generales relacionadas con la gesti\u00f3n de asistentes ling\u00fc\u00edsticos para el curso 2024\/25. Es muy importante conocerlas y realizarlas en los plazos y del modo que especifican las&nbsp;<a href=\"https:\/\/www.juntadeandalucia.es\/educacion\/portals\/delegate\/content\/0dc29ae3-11df-4742-8aad-7b79cfcc0f9d\/Instrucciones%20de%2026%20de%20julio%20de%202024,%20de%20la%20Direcci%C3%B3n%20General%20de%20Tecnolog%C3%ADas%20Avanzadas%20y%20Transformaci%C3%B3n%20Educativa,%20sobre%20Auxiliares%20de%20Conversaci%C3%B3n\/Asistentes%20Ling%C3%BC%C3%ADsticos%20para%20el%20curso%20escolar%202024\/2025\"><strong>Instrucciones de 26 de julio de 2024, de la Direcci\u00f3n General de Tecnolog\u00edas Avanzadas y Transformaci\u00f3n Educativa, sobre Auxiliares de Conversaci\u00f3n\/Asistentes Ling\u00fc\u00edsticos para el curso escolar 2024\/2025.<\/strong><\/a><\/p>\n<p>Toda la informaci\u00f3n de la gesti\u00f3n en S\u00e9neca de auxiliares la ten\u00e9is en la p\u00e1gina de PROGRAMAS EDUCATIVOS INTERNACIONALES, que pod\u00e9is encontrar en la columna izquierda de este blog:<\/p>\n<p>https:\/\/portales.ced.junta-andalucia.es\/educacion\/portales\/web\/programas-educativos-internacionales\/auxiliares-conversacion<\/p>\n<p>&nbsp;<\/p>\n<p><img decoding=\"async\" src=\"https:\/\/blogsaverroes.juntadeandalucia.es\/auxiliaresconversacionsevilla\/files\/2024\/09\/Sin-titulo-6.jpg\"><\/p>\n<p><span style=\"color: #ff0000\"><strong>PRIMERAS GESTIONES: AUXILIARES EXTRACOMUNITARIOS (NO UE) Tarjeta de identidad de extranjero.<\/strong><\/span><\/p>\n<p>Si no eres ciudadana\/o de la UE, tendr\u00e1s que solicitar la \u00ab<a href=\"https:\/\/sede.policia.gob.es\/portalCiudadano\/_es\/tramites_extranjeria_tramite_tarjetaestudiantesextranjeros_inicial_renovacion.php\"><strong>TARJETA DE IDENTIDAD DE EXTRANJERO<\/strong><\/a>\u00ab. El tr\u00e1mite se llama \u00ab<strong>POLIC\u00cdA-TOMA DE HUELLAS (EXPEDICI\u00d3N DE TARJETA<\/strong>\u00ab<\/p>\n<p>\u00c9stos son los documentos que tendr\u00e1s que presentar:<\/p>\n<p>1.- Original del pasaporte en vigor.<\/p>\n<p>2.- Original y fotocopia de la documentaci\u00f3n enviada por la Consejer\u00eda de Desarrollo Educativo y Formaci\u00f3n Profesional de la Junta de Andaluc\u00eda que acredite la asignaci\u00f3n como auxiliar de conversaci\u00f3n a un centro educativo&nbsp; y&nbsp; el documento&nbsp;<strong>Carta a Oficina Extranjer\u00eda 2024\/2025.<\/strong><\/p>\n<p>3.- Una fotograf\u00eda en color, en fondo blanco, tama\u00f1o carn\u00e9.<\/p>\n<p>4.- Impreso de&nbsp;<strong>solicitud<\/strong>&nbsp;de tarjeta de identidad de extranjero en modelo oficial&nbsp;<a href=\"https:\/\/www.inclusion.gob.es\/documents\/410169\/2156469\/17-Formulario_TIE.pdf?t=1674731356427\"><strong>EX 17<\/strong><\/a>&nbsp;debidamente cumplimentado y firmado por la persona solicitante.<\/p>\n<p>5. \u2013&nbsp;<strong>Tasas pagadas<\/strong>: Ejemplar destinado a la Administraci\u00f3n del impreso de tasas abonadas (16,08\u20ac),&nbsp;<strong><a href=\"https:\/\/sede.policia.gob.es\/Tasa790_012\/ImpresoRellenar\">Impreso Modelo 790 de pago de tasas<\/a>&nbsp;C\u00f3digo 012 ( ir al concepto \u00ab<b>Tarjetas de identidad de extranjeros (TIE) y certificados de registro de residentes comunitarios\u00bb&nbsp;<\/b>y seleccionar \u00abTIE que documenta la primera concesi\u00f3n de la autorizaci\u00f3n de residencia temporal, de estancia o para trabajadores transfronterizos\u00bb. )<\/strong>, que podr\u00e1s pagar en cualquier banco. No hace falta tener cuenta bancaria para hacerlo ( en algunos bancos s\u00f3lo se puede hacer en el cajero autom\u00e1tico).&nbsp; Se puede realizar el pago identific\u00e1ndose con el pasaporte o con el NIE. Si s\u00f3lo se puede hacer mediante el NIE y no se dispone de \u00e9l porque en el visado no aparece impreso, dirigir un mensaje a sevilla.oue@policia.es adjuntando una imagen del visado y de la p\u00e1gina biogr\u00e1fica del pasaporte indicando en el asunto\u00bb Falta NIE. Problemas pago tasas\u00bb,&nbsp;<\/p>\n<p>&nbsp;<\/p>\n<p><span style=\"color: #ff0000\"><strong>PRIMERAS GESTIONES: AUXILIARES COMUNITARIOS (UE) Certificado de registro de ciudadano de la UE<\/strong><\/span><\/p>\n<p>Si eres ciudadana\/o de la UE, tendr\u00e1s que solicitar el \u00ab<a href=\"https:\/\/sede.policia.gob.es\/portalCiudadano\/_es\/tramites_extranjeria_tramite_certificadoregistro_ciudadanoue.php\"><strong>CERTIFICADO DE REGISTRO DE CIUDADANO DE LA UNI\u00d3N<\/strong><\/a>\u00ab. El tr\u00e1mite se llama \u00ab<strong>POLIC\u00cdA-CERTIFICADO DE REGISTRO DE CIUDADANO DE LA U.E<\/strong>.\u00bb<\/p>\n<p>\u00c9stos son los documentos que tendr\u00e1s que presentar:<\/p>\n<p>1.- Original y fotocopia del pasaporte (p\u00e1gina biogr\u00e1fica) o tarjeta de identidad en vigor.<\/p>\n<p>2.- Original y fotocopia de la documentaci\u00f3n enviada por la Consejer\u00eda de Desarrollo Educativo y Formaci\u00f3n Profesional de la Junta de Andaluc\u00eda que acredite la asignaci\u00f3n como auxiliar de conversaci\u00f3n a un centro educativo&nbsp; y el documento&nbsp;<strong>Carta a oficina de extranjer\u00eda 24\/25.<\/strong><\/p>\n<p>3.- Documentaci\u00f3n para acreditar que dispones de Seguro M\u00e9dico en vigor (Tarjeta Sanitaria Europea).<\/p>\n<p>4.- Impreso de&nbsp;<strong>solicitud<\/strong>&nbsp;de certificado de registro de residente comunitario en modelo oficial&nbsp;<a href=\"https:\/\/www.inclusion.gob.es\/documents\/410169\/2156469\/18-Certificado_residencia_comunitaria.pdf?t=1674731356790\"><strong>EX18<\/strong><\/a>&nbsp;<strong>por duplicado,&nbsp;<\/strong>cumplimentad0 y firmado por la persona solicitante.<\/p>\n<p>5. \u2013&nbsp;<strong>Tasas pagadas<\/strong>: Ejemplar destinado a la Administraci\u00f3n del impreso de tasas abonadas (12,00 \u20ac),&nbsp;<strong><a href=\"https:\/\/sede.policia.gob.es\/Tasa790_012\/ImpresoRellenar\">Impreso Modelo 790 de pago de tasas<\/a>&nbsp;C\u00f3digo 012 ( ir al concepto \u00ab<b>Tarjetas de identidad de extranjeros (TIE) y certificados de registro de residentes comunitarios\u00bb&nbsp;<\/b>y seleccionar \u00abCertificado de registro de residente comunitario o Tarjeta de residencia de familiar de un ciudadano de la Uni\u00f3n\u00bb<\/strong>)&nbsp; que podr\u00e1s pagar en cualquier banco. No hace falta tener cuenta bancaria para hacerlo ( en algunos bancos s\u00f3lo se puede hacer en el cajero autom\u00e1tico)<\/p>\n<p>&nbsp;<\/p>\n<p><strong>JORNADA DE ACOGIDA DE AUXILIARES DE CONVERSACI\u00d3N. 5 DE OCTUBRE. PRIMERAS GESTIONES<\/strong><\/p>\n<p>El pasado jueves se celebr\u00f3 la JORNADA DE ACOGIDA DE AUXILIARS DE CONVERSACI\u00d3N DE NUESTRA PROVINCIA. Acudi\u00f3 un gran n\u00famero de Auxiliares. Result\u00f3 muy productiva. En primer lugar contamos con la presencia de la Polic\u00eda Nacional que intervino para explicar los tr\u00e1mites a seguir para tener en regla los papeles necesarios para disfrutar de vuestra estancia en nuestro pa\u00eds.<\/p>\n<p>Desde la Consejer\u00eda, a trav\u00e9s de la Delegaci\u00f3n Territorial, se dieron instrucciones relativas a la gesti\u00f3n en S\u00e9neca y a las funciones de los auxiliares en sus centros.<\/p>\n<p>Finalmente, disfrutamos de las experiencias de distintos centros educativos que nos comentaron las actividades m\u00e1s interesantes en las que los auxiliares participan. Tambi\u00e9n contamos con la colaboraci\u00f3n de una auxiliar que repite este curso y que nos cont\u00f3 su experiencia del curso pasado.<\/p>\n<p><a href=\"https:\/\/blogsaverroes.juntadeandalucia.es\/plurilinguismodelegacioncadiz\/files\/2023\/10\/IMG-20231005-WA0002.jpg\"><img loading=\"lazy\" decoding=\"async\" class=\"alignnone size-thumbnail wp-image-1895\" src=\"https:\/\/blogsaverroes.juntadeandalucia.es\/plurilinguismodelegacioncadiz\/files\/2023\/10\/IMG-20231005-WA0002-150x150.jpg\" alt=\"\" width=\"150\" height=\"150\" srcset=\"https:\/\/blogsaverroes.juntadeandalucia.es\/plurilinguismodelegacioncadiz\/files\/2023\/10\/IMG-20231005-WA0002-150x150.jpg 150w, https:\/\/blogsaverroes.juntadeandalucia.es\/plurilinguismodelegacioncadiz\/files\/2023\/10\/IMG-20231005-WA0002-80x80.jpg 80w, https:\/\/blogsaverroes.juntadeandalucia.es\/plurilinguismodelegacioncadiz\/files\/2023\/10\/IMG-20231005-WA0002-320x320.jpg 320w\" sizes=\"(max-width: 150px) 100vw, 150px\" \/><\/a> <a href=\"https:\/\/blogsaverroes.juntadeandalucia.es\/plurilinguismodelegacioncadiz\/files\/2023\/10\/IMG-20231005-WA0001.jpg\"><img loading=\"lazy\" decoding=\"async\" class=\"alignnone size-thumbnail wp-image-1896\" src=\"https:\/\/blogsaverroes.juntadeandalucia.es\/plurilinguismodelegacioncadiz\/files\/2023\/10\/IMG-20231005-WA0001-150x150.jpg\" alt=\"\" width=\"150\" height=\"150\" srcset=\"https:\/\/blogsaverroes.juntadeandalucia.es\/plurilinguismodelegacioncadiz\/files\/2023\/10\/IMG-20231005-WA0001-150x150.jpg 150w, https:\/\/blogsaverroes.juntadeandalucia.es\/plurilinguismodelegacioncadiz\/files\/2023\/10\/IMG-20231005-WA0001-80x80.jpg 80w, https:\/\/blogsaverroes.juntadeandalucia.es\/plurilinguismodelegacioncadiz\/files\/2023\/10\/IMG-20231005-WA0001-320x320.jpg 320w\" sizes=\"(max-width: 150px) 100vw, 150px\" \/><\/a> <a href=\"https:\/\/blogsaverroes.juntadeandalucia.es\/plurilinguismodelegacioncadiz\/files\/2023\/10\/20231005_135100-scaled.jpg\"><img loading=\"lazy\" decoding=\"async\" class=\"alignnone size-thumbnail wp-image-1897\" src=\"https:\/\/blogsaverroes.juntadeandalucia.es\/plurilinguismodelegacioncadiz\/files\/2023\/10\/20231005_135100-150x150.jpg\" alt=\"\" width=\"150\" height=\"150\" srcset=\"https:\/\/blogsaverroes.juntadeandalucia.es\/plurilinguismodelegacioncadiz\/files\/2023\/10\/20231005_135100-150x150.jpg 150w, https:\/\/blogsaverroes.juntadeandalucia.es\/plurilinguismodelegacioncadiz\/files\/2023\/10\/20231005_135100-80x80.jpg 80w, https:\/\/blogsaverroes.juntadeandalucia.es\/plurilinguismodelegacioncadiz\/files\/2023\/10\/20231005_135100-320x320.jpg 320w\" sizes=\"(max-width: 150px) 100vw, 150px\" \/><\/a><\/p>\n<p>Tal como dijimos en la Jornada, aqu\u00ed os dejamos la presentaci\u00f3n con la informaci\u00f3n m\u00e1s importante.&nbsp;<\/p>\n<p>\u2297PRESENTACI\u00d3N JORNADA DE AUXILIARES DE <a href=\"https:\/\/docs.google.com\/presentation\/d\/1S8jsuHsdpW_J0c67eNT5jpWvcs8EBQJQWWrVYJVD8Wk\/edit?usp=sharing\">CONVERSACI\u00d3N.<\/a> IMPORTANTE.<\/p>\n<p>\u2297<a href=\"https:\/\/www.youtube.com\/watch?v=ZFjAc_pcmvw\">COMO SACAR LA TARJETA DE COORDENADAS<\/a><\/p>\n<p>Recordad:<\/p>\n<p>Una vez que los auxiliares han llegado al centro, lo primero es aceptar su incorporaci\u00f3n en S\u00e9neca. Una vez hecho esto a los auxiliares les llegar\u00e1 un correo electr\u00f3nico con el usuario y la clave de S\u00e9neca.<\/p>\n<p>Despu\u00e9s deben sacar la tarjeta de coordenadas, para firmar digitalmente todos los anexos.<\/p>\n<p>Los ciudadanos europeos disponen de la TARJETA SANITARIA EUROPEA, los no comunitarios, recibir\u00e1n en su correo electr\u00f3nico una tarjeta de seguro sanitario de ASISA.<\/p>\n<p><strong>Primeras gestiones: Tramitaci\u00f3n documentaci\u00f3n extranjer\u00eda<\/strong><\/p>\n<p>&nbsp;Carta para la Oficina de Extranjer\u00eda<\/p>\n<p><a href=\"https:\/\/blogsaverroes.juntadeandalucia.es\/plurilinguismodelegacioncadiz\/files\/2023\/10\/231003_Carta_Oficina_Extranjeria_AuxConv_V1F-1.pdf\">231003_Carta_Oficina_Extranjeria_AuxConv_V1(F)<\/a> <a href=\"https:\/\/blogsaverroes.juntadeandalucia.es\/plurilinguismodelegacioncadiz\/files\/2023\/10\/231003_Carta_entidad_bancaria_AuxConv_V1F-1.pdf\">231003<\/a><\/p>\n<p>Carta para la entidad bancaria<\/p>\n<p><a href=\"https:\/\/blogsaverroes.juntadeandalucia.es\/plurilinguismodelegacioncadiz\/files\/2023\/10\/231003_Carta_entidad_bancaria_AuxConv_V1F-1.pdf\">_Carta_entidad_bancaria_AuxConv_V1(F)<\/a><\/p>\n<p>Tarjeta TIE<\/p>\n<p><a href=\"https:\/\/blogsaverroes.juntadeandalucia.es\/plurilinguismodelegacioncadiz\/files\/2023\/10\/Obtenci\u00f3n_TIE_tarjeta_identidad_extranjera.pdf\">Obtenci\u00f3n_TIE_tarjeta_identidad_extranjera<\/a><\/p>\n<p>&nbsp;<\/p>\n<p><strong>DISFRUTAD DE VUESTRA ESTANCIA EN ANDALUC\u00cdA.<\/strong><\/p>\n<p>&nbsp;<\/p>\n<p><strong>INSTRUCCIONES DE AUXILIARES DE CONVERSACI\u00d3N PARA EL CURSO 2023 2024.<\/strong><\/p>\n<p>Estar\u00e1n en los centros 14 horas, 12 de atenci\u00f3n directa al alumnado 2 horas para preparar materiales y labores de coordinaci\u00f3n con el profesorado.<\/p>\n<p>Cubren preferentemente el horario del profesorado de ANLs.<\/p>\n<p>Recordad que es muy importante que recopil\u00e9is todos los materiales elaborados por la Auxiliar para trabajar en el centro, y que dej\u00e9is constancia de ellos en un espacio digital.<\/p>\n<p>Recordad tambi\u00e9n que en dicho espacio tiene que aparecer el logo de los Fondos Europeos en lugar visible y en color y tama\u00f1o A3 en el centro educativo. Dicho cartel lo encontrar\u00e9is en el m\u00f3dulo de S\u00e9neca en el apartado Auxiliares de Conversaci\u00f3n.<\/p>\n<p>Y no olvid\u00e9is que todos <strong>los documentos tienen que ir firmados digitalmente tambi\u00e9n por el auxiliar.<\/strong><\/p>\n<p><strong><span style=\"color: #ff0000\">LA JORNADA DE ACOGIDA DE AUXILIARES ser\u00e1 el pr\u00f3ximo 5 de octubre en El Puerto de Santa Mar\u00eda, IES PINTOR JUAN LARA.&nbsp;<\/span><\/strong><\/p>\n<p><a href=\"https:\/\/blogsaverroes.juntadeandalucia.es\/plurilinguismodelegacioncadiz\/files\/2023\/09\/Instrucciones-de-29-de-agosto-sobre-Auxiliares-de-Conversaci\u00f3n-Curso-2023_2024F.pdf\">Instrucciones de 29 de agosto sobre Auxiliares de Conversaci\u00f3n Curso 2023_2024(F)<\/a><\/p>\n<p>&nbsp;<\/p>\n<p>Han salido las <strong>INSTRUCCIONES DE AUXILIARES DE CONVERSACI\u00d3N PARA EL CURSO 2023 2024.<\/strong><\/p>\n<p>La novedad es que estar\u00e1n en los centros 14 horas, 12 de atenci\u00f3n directa al alumnado 2 horas para preparar materiales y labores de coordinaci\u00f3n con el profesorado.<\/p>\n<p>Recordad que es muy importante que recopil\u00e9is todos los materiales elaborados por la Auxiliar para trabajar en el centro, y que dej\u00e9is constancia de ellos en un espacio digital. Recordad tambi\u00e9n que en dicho espacio tiene que aparecer el logo de los Fondos Europeos en lugar visible y en color y tama\u00f1o A3 en el centro educativo. Dicho cartel lo encontrar\u00e9is en el m\u00f3dulo de S\u00e9neca en el apartado Auxiliares de Conversaci\u00f3n. Y no olvid\u00e9is que todos los documentos tienen que ir firmados digitalmente tambi\u00e9n por el auxiliar.<\/p>\n<p><a href=\"https:\/\/blogsaverroes.juntadeandalucia.es\/plurilinguismodelegacioncadiz\/files\/2023\/09\/Instrucciones-de-29-de-agosto-sobre-Auxiliares-de-Conversaci\u00f3n-Curso-2023_2024F.pdf\">Instrucciones de 29 de agosto sobre Auxiliares de Conversaci\u00f3n Curso 2023_2024(F)<\/a><\/p>\n<p>&nbsp;<\/p>\n<p>Algunos centros tienen ya el nombramiento provisional de sus Auxiliares, y han recibido por tanto la siguiente carta de comunicaci\u00f3n.<\/p>\n<p><a href=\"https:\/\/blogsaverroes.juntadeandalucia.es\/plurilinguismodelegacioncadiz\/files\/2023\/06\/Carta-Adjudicaci\u00f3n-Provisional-AACC-direcci\u00f3n-2023_2024F.pdf\">Carta Adjudicaci\u00f3n Provisional AACC direcci\u00f3n 2023_2024(F)<\/a><\/p>\n<p>Aqu\u00ed ten\u00e9is algunos documentos que les pueden servir.<\/p>\n<p><a href=\"https:\/\/blogsaverroes.juntadeandalucia.es\/plurilinguismodelegacioncadiz\/files\/2023\/06\/Gu\u00edaAuxiliarConversaci\u00f3n21_22_espa\u00f1ol.pdf\">Gu\u00edaAuxiliarConversaci\u00f3n21_22_espa\u00f1ol<\/a> <a href=\"https:\/\/blogsaverroes.juntadeandalucia.es\/plurilinguismodelegacioncadiz\/files\/2023\/06\/Language_assistants_guide_21_22.pdf\">Language_assistants_guide_21_22<\/a><\/p>\n<p><a href=\"https:\/\/blogsaverroes.juntadeandalucia.es\/plurilinguismodelegacioncadiz\/files\/2023\/06\/Language_assistants_guide_21_22.pdf\">Language_assistants_guide_21_22<\/a><\/p>\n<p><strong>PAPELEO RENUNCIAS AUXILIARES DE CONVERSACI\u00d3N<\/strong><\/p>\n<p>Es muy importante que todos los documentos relativos a los Auxiliares de Conversaci\u00f3n, est\u00e9n debidamente cumplimentados, por ello, le hacemos las siguientes aclaraciones en el documento adjunto:<\/p>\n<p>La documentaci\u00f3n necesaria para las 3 situaciones en las que se pueden englobar todos los casos en los que el centro ha recibido el dinero del auxiliar de conversaci\u00f3n:<\/p>\n<p>1. El centro no ha pagado ning\u00fan mes al auxiliar.<\/p>\n<p>2. El centro ha pagado alg\u00fan mes al auxiliar y ha renunciado.<\/p>\n<p>3. El auxiliar termina su estancia al final del periodo habi\u00e9ndose incorporado tanto en su fecha correcta o tard\u00edamente.<\/p>\n<p>Si no aport\u00e1is la documentaci\u00f3n de la manera descrita, estar\u00e9is incumpliendo lo dispuesto en el art\u00edculo 14.1 B) de la Ley 38\/2003, de 17 de Noviembre, General de subvenciones y por ello, se os iniciar\u00e1 el procedimiento de reintegro por dichas cantidades no justificadas.<\/p>\n<p><a href=\"https:\/\/blogsaverroes.juntadeandalucia.es\/plurilinguismodelegacioncadiz\/files\/2023\/02\/Comunicaci\u00f3n-a-centros-renunciasF.pdf\">Comunicaci\u00f3n a centros renuncias(F)<\/a><\/p>\n<p><a href=\"https:\/\/blogsaverroes.juntadeandalucia.es\/plurilinguismodelegacioncadiz\/files\/2023\/02\/tramites-auxiliares-es.pdf\">tramites-auxiliares-es<\/a><\/p>\n<p><strong>FICHA DE CENTROS PARA AUXILIARES DE CONVERSACI\u00d3N<\/strong><\/p>\n<p>Como ya hemos comentado en ocasiones&nbsp;<strong>es necesario que rellen\u00e9is la ficha informativa para auxiliares de conversaci\u00f3n con los datos relativos a vuestro centro escolar que puedan ser importantes a la hora de elegir centro por parte del Auxiliar.<\/strong>&nbsp;Estar\u00e1 alojada en Aux@nd para la consulta de los AACC en el proceso de colocaci\u00f3n, que empezar\u00e1 a finales de abril-mayo. Se pretende as\u00ed que esta informaci\u00f3n sea homog\u00e9nea, usando la misma tabla en todos los centros, de forma que se facilite la consulta y comparaci\u00f3n entre destinos.&nbsp;<strong>Es muy importante que los\/las coordinadores\/as hag\u00e1is la ficha lo m\u00e1s atractiva posible<\/strong>&nbsp;para lo que estar\u00eda bien que la rellenarais con la colaboraci\u00f3n del actual AC ya que podr\u00e9is incluir la informaci\u00f3n que les hubiera gustado disponer antes de llegar al destino. En el portal de pluriling\u00fcismo se han colgado algunos ejemplos.&nbsp;<\/p>\n<p><a href=\"https:\/\/portals.ced.junta-andalucia.es\/educacion\/portals\/web\/plurilinguismo\/novedades\/-\/contenidos\/detalle\/ficha-informativa-para-auxiliares-de-conversacion-1f0j7503bhaq5\" target=\"_blank\" rel=\"noopener noreferrer\">Novedades \u2013 Consejer\u00eda de Desarrollo Educativo y Formaci\u00f3n Profesional (junta-andalucia.es)<\/a><\/p>\n<p><strong><span dir=\"ltr\" role=\"presentation\">Una vez cumplimentada esta ficha informativa, se alojar\u00e1 en un espacio dedicado a auxiliares de&nbsp;<\/span><span dir=\"ltr\" role=\"presentation\">conversaci\u00f3n de la web del centro, en la del blog del proyecto biling\u00fce o, en su defecto, cualquier otro&nbsp;<\/span><span dir=\"ltr\" role=\"presentation\">entorno digital en internet.<\/span><\/strong><\/p>\n<p><span dir=\"ltr\" role=\"presentation\">Se podr\u00e1 enriquecer la ficha con informaci\u00f3n&nbsp;<\/span><span dir=\"ltr\" role=\"presentation\">adicional, siempre que se mantenga el formato de la tabla para facilitar la consulta a auxiliares de<\/span><br role=\"presentation\"><span dir=\"ltr\" role=\"presentation\">conversaci\u00f3n. Adem\u00e1s, es recomendable destacar los aspectos que hacen m\u00e1s atractiva la elecci\u00f3n de la&nbsp;<\/span><span dir=\"ltr\" role=\"presentation\">plaza, as\u00ed como otros valores que distinguen el programa de Auxiliares de Conversaci\u00f3n en su centro. Por&nbsp;<\/span><span dir=\"ltr\" role=\"presentation\">tanto,&nbsp;<strong>los centros deber\u00e1n enviar&nbsp;con anterioridad al 20 de marzo de 2023,&nbsp;la URL de la p\u00e1gina donde se encuentre alojada dicha ficha del centro, a trav\u00e9s del&nbsp;<\/strong><\/span><strong><span dir=\"ltr\" role=\"presentation\">siguiente<\/span>&nbsp;<span dir=\"ltr\" role=\"presentation\">formulario:<\/span><\/strong><br role=\"presentation\"><span dir=\"ltr\" role=\"presentation\"><a href=\"https:\/\/docs.google.com\/forms\/d\/e\/1FAIpQLSdyE4M7pu1cJdICDzVQUjjy7ZhDSNwO_2nDh_F95yK5oL_VqQ\/viewform\" target=\"_blank\" rel=\"noopener noreferrer\">Informaci\u00f3n para la aplicaci\u00f3n de Auxiliares de Conversaci\u00f3n (google.com)<\/a><\/span><\/p>\n<p>Es muy importante que teng\u00e1is esta gesti\u00f3n realizada y enviada antes del 20 de marzo para que conste en el programa Aux@nd a trav\u00e9s del cual los Auxiliares erigir\u00e1n centro escolar para el pr\u00f3ximo curso 2023\/24.<\/p>\n<p>Todo lo ten\u00e9is en el siguiente comunicado<\/p>\n<p><a href=\"https:\/\/blogsaverroes.juntadeandalucia.es\/plurilinguismodelegacioncadiz\/files\/2023\/03\/Comunicaci\u00f3n-a-centros-Aux@ndF.pdf\">Comunicaci\u00f3n a centros Aux@nd(F)<\/a><\/p>\n<p>&nbsp;<\/p>\n<p>Abierto el plazo para la <strong>RENOVACI\u00d3N DE AUXILIARES DE CONVERSACI\u00d3N<\/strong> que deseen permanecer el curso 2023 \/ 2024 en Andaluc\u00eda.<\/p>\n<p><a href=\"https:\/\/blogsaverroes.juntadeandalucia.es\/plurilinguismodelegacioncadiz\/files\/2023\/02\/Procedimiento-Renovaci\u00f3n-2023-2024-2.pdf\">Procedimiento Renovaci\u00f3n 2023-2024<\/a><\/p>\n<p><a href=\"https:\/\/blogsaverroes.juntadeandalucia.es\/plurilinguismodelegacioncadiz\/files\/2023\/02\/Renovaci\u00f3n-Auxiliares-Andaluc\u00eda-Infograf\u00eda-1.pdf\">Renovaci\u00f3n Auxiliares Andaluc\u00eda Infograf\u00eda<\/a><\/p>\n<p><a href=\"https:\/\/blogsaverroes.juntadeandalucia.es\/plurilinguismodelegacioncadiz\/files\/2023\/02\/tramites-auxiliares-es.pdf\">tramites-auxiliares-es<\/a><\/p>\n<p>Recordar a los coordinadores que los auxiliares necesitan para la renovaci\u00f3n un informe favorable. En caso de que el auxiliar sea compartido, deber\u00e1 tener informe favorable de los dos centros.&nbsp;<\/p>\n<p>Pod\u00e9is encontrar m\u00e1s informaci\u00f3n en la p\u00e1gina de Pluriling\u00fcismo de la Junta de Andaluc\u00eda.<\/p>\n<p><a href=\"https:\/\/portals.ced.junta-andalucia.es\/educacion\/portals\/web\/plurilinguismo\/documentacion-y-solicitudes\">https:\/\/portals.ced.junta-andalucia.es\/educacion\/portals\/web\/plurilinguismo\/documentacion-y-solicitudes<\/a><\/p>\n<p align=\"justify\"><span style=\"font-family: Arial Unicode MS, sans-serif\"><span style=\"font-family: Source Sans Pro, sans-serif\"><span style=\"font-size: small\">El programa de auxiliares de conversaci\u00f3n permite la renovaci\u00f3n siempre y cuando&nbsp;<\/span><\/span><span style=\"font-family: Source Sans Pro, sans-serif\"><span style=\"font-size: small\">se&nbsp;<\/span><\/span><span style=\"font-family: Source Sans Pro, sans-serif\"><span style=\"font-size: small\">obtenga una valoraci\u00f3n positiva por el centro o los centros educativos con los que colaboran. En caso de rechazo o no incorporaci\u00f3n al centro asignado, no podr\u00e1n&nbsp;<\/span><\/span><span style=\"font-family: Source Sans Pro, sans-serif\"><span style=\"font-size: small\">renovar&nbsp;<\/span><\/span><span style=\"font-family: Source Sans Pro, sans-serif\"><span style=\"font-size: small\">durante el mismo curso escolar dentro del programa de la Comunidad de Andaluc\u00eda, ni tampoco solicitar esta Comunidad para el siguiente curso escolar&nbsp;<\/span><\/span><span style=\"font-family: Source Sans Pro, sans-serif\"><span style=\"font-size: small\">en una nueva solicitud<\/span><\/span><span style=\"font-family: Source Sans Pro, sans-serif\"><span style=\"font-size: small\">.&nbsp;<\/span><\/span><span style=\"font-family: Source Sans Pro, sans-serif\"><span style=\"font-size: small\">Al igual que en cursos anteriores<\/span><\/span><span style=\"font-family: Source Sans Pro, sans-serif\"><span style=\"font-size: small\"><b>, los\/las auxiliares de conversaci\u00f3n<\/b><\/span><\/span><span style=\"font-family: Source Sans Pro, sans-serif\"><span style=\"font-size: small\">&nbsp;<\/span><\/span><span style=\"font-family: Source Sans Pro, sans-serif\"><span style=\"font-size: small\"><b>no podr\u00e1n permanecer en Andaluc\u00eda m\u00e1s de dos cursos,&nbsp;<\/b><\/span><\/span><span style=\"font-family: Source Sans Pro, sans-serif\"><span style=\"font-size: small\"><b>consecutivos o no<\/b><\/span><\/span><span style=\"font-family: Source Sans Pro, sans-serif\"><span style=\"font-size: small\">.&nbsp;<\/span><\/span><span style=\"font-family: Source Sans Pro, sans-serif\"><span style=\"font-size: small\">T<\/span><\/span><span style=\"font-family: Source Sans Pro, sans-serif\"><span style=\"font-size: small\">ambi\u00e9n<\/span><\/span><span style=\"font-family: Source Sans Pro, sans-serif\"><span style=\"font-size: small\">&nbsp;se ha a\u00f1adido desde el MEFP un l\u00edmite m\u00e1ximo de 5 a\u00f1os para participar en el programa en&nbsp;<\/span><\/span><span style=\"font-family: Source Sans Pro, sans-serif\"><span style=\"font-size: small\">Espa\u00f1a<\/span><\/span><span style=\"font-family: Source Sans Pro, sans-serif\"><span style=\"font-size: small\">. En caso de&nbsp;<\/span><\/span><span style=\"font-family: Source Sans Pro, sans-serif\"><span style=\"font-size: small\">renuncia<\/span><\/span><span style=\"font-family: Source Sans Pro, sans-serif\"><span style=\"font-size: small\">&nbsp;o no incorporaci\u00f3n al centro asignado, no podr\u00e1n participar de nuevo&nbsp;<\/span><\/span><span style=\"font-family: Source Sans Pro, sans-serif\"><span style=\"font-size: small\">en el<\/span><\/span><span style=\"font-family: Source Sans Pro, sans-serif\"><span style=\"font-size: small\">&nbsp;programa&nbsp;<\/span><\/span><span style=\"font-family: Source Sans Pro, sans-serif\"><span style=\"font-size: small\">en<\/span><\/span><span style=\"font-family: Source Sans Pro, sans-serif\"><span style=\"font-size: small\">&nbsp;la Comunidad de Andaluc\u00eda para el siguiente curso escolar.<\/span><\/span><\/span><\/p>\n<ul>\n<li>\n<p align=\"justify\"><span style=\"font-family: Arial Unicode MS, sans-serif\"><span style=\"color: #000000\"><span style=\"font-family: Source Sans Pro, sans-serif\"><span style=\"font-size: small\">T<\/span><\/span><\/span><span style=\"color: #000000\"><span style=\"font-family: Source Sans Pro, sans-serif\"><span style=\"font-size: small\">odos\/as los\/las auxiliares que vayan a solicitar su renovaci\u00f3n&nbsp;<\/span><\/span><\/span><span style=\"color: #000000\"><span style=\"font-family: Source Sans Pro, sans-serif\"><span style=\"font-size: small\">deber\u00e1n,&nbsp;<\/span><\/span><\/span><span style=\"color: #000000\"><span style=\"font-family: Source Sans Pro, sans-serif\"><span style=\"font-size: small\">en primer lugar,<\/span><\/span><\/span><span style=\"color: #000000\"><span style=\"font-family: Source Sans Pro, sans-serif\"><span style=\"font-size: small\">&nbsp;realizar el tr\u00e1mite en PROFEX&nbsp;<\/span><\/span><\/span><span style=\"color: #000000\"><span style=\"font-family: Source Sans Pro, sans-serif\"><span style=\"font-size: small\">(<\/span><\/span><\/span><span style=\"color: #000000\"><span style=\"font-family: Source Sans Pro, sans-serif\"><span style=\"font-size: small\">o&nbsp;<\/span><\/span><\/span><span style=\"color: #000000\"><span style=\"font-family: Source Sans Pro, sans-serif\"><span style=\"font-size: small\">en&nbsp;<\/span><\/span><\/span><span style=\"color: #000000\"><span style=\"font-family: Source Sans Pro, sans-serif\"><span style=\"font-size: small\">su propio organismo<\/span><\/span><\/span><span style=\"color: #000000\"><span style=\"font-family: Source Sans Pro, sans-serif\"><span style=\"font-size: small\">). En el caso de PROFEX,&nbsp;<\/span><\/span><\/span><span style=\"font-family: Source Sans Pro, sans-serif\"><span style=\"font-size: small\"><span lang=\"es-ES-u-co-trad\">pod<\/span><\/span><\/span><span style=\"font-family: Source Sans Pro, sans-serif\"><span style=\"font-size: small\"><span lang=\"es-ES-u-co-trad\">r<\/span><\/span><\/span><span style=\"font-family: Source Sans Pro, sans-serif\"><span style=\"font-size: small\"><span lang=\"es-ES-u-co-trad\">\u00e1n acceder a la&nbsp;<\/span><\/span><\/span><a href=\"https:\/\/sede.educacion.gob.es\/sede\/login\/inicio.jjsp?idConvocatoria=17\"><span style=\"font-family: Source Sans Pro, sans-serif\"><span style=\"font-size: small\">solicitud online<\/span><\/span><\/a><span style=\"font-family: Source Sans Pro, sans-serif\"><span style=\"font-size: small\"><span lang=\"es-ES-u-co-trad\">, que deber\u00e1n leer atentamente con la conveniente ayuda del\/la coordinador\/a del&nbsp;<\/span><\/span><\/span><span style=\"font-family: Source Sans Pro, sans-serif\"><span style=\"font-size: small\"><span lang=\"es-ES-u-co-trad\">p<\/span><\/span><\/span><span style=\"font-family: Source Sans Pro, sans-serif\"><span style=\"font-size: small\"><span lang=\"es-ES-u-co-trad\">rograma en sus centros de destino.<\/span><\/span><\/span><span style=\"font-family: Source Sans Pro, sans-serif\"><span style=\"font-size: small\"><span lang=\"es-ES-u-co-trad\">&nbsp;<\/span><\/span><\/span><span style=\"color: #000000\"><span style=\"font-family: Source Sans Pro, sans-serif\"><span style=\"font-size: small\"><span lang=\"es-ES-u-co-trad\">En este&nbsp;<\/span><\/span><\/span><\/span><a href=\"https:\/\/www.educacionyfp.gob.es\/servicios-al-ciudadano\/catalogo\/general\/99\/998188\/ficha\/998188-2023.html\"><span style=\"color: #000080\"><span style=\"font-family: Source Sans Pro, sans-serif\"><span style=\"font-size: small\"><span lang=\"zxx\"><u>este<\/u><\/span><\/span><\/span><\/span><span style=\"color: #000080\"><span style=\"font-family: Source Sans Pro, sans-serif\"><span style=\"font-size: small\"><span lang=\"zxx\"><u>&nbsp;enlace<\/u><\/span><\/span><\/span><\/span><span style=\"color: #000000\"><span style=\"font-family: Source Sans Pro, sans-serif\"><span style=\"font-size: small\"><span lang=\"es-ES-u-co-trad\">&nbsp;<\/span><\/span><\/span><\/span><\/a><span style=\"color: #000000\"><span style=\"font-family: Source Sans Pro, sans-serif\"><span style=\"font-size: small\"><span lang=\"es-ES-u-co-trad\">podr\u00e1n obtener toda la informaci\u00f3n del MEFP relevante al programa, tanto para Auxiliares renovadores como para nuevas incorporaciones.<\/span><\/span><\/span><\/span><\/span><\/p>\n<\/li>\n<li>\n<p align=\"justify\"><span style=\"font-family: Arial Unicode MS, sans-serif\"><span style=\"color: #000000\"><span style=\"font-family: Source Sans Pro, sans-serif\"><span style=\"font-size: small\">Para renovar en Andaluc\u00eda (Cupo Comunidad) deber\u00e1n,&nbsp;<\/span><\/span><\/span><span style=\"color: #000000\"><span style=\"font-family: Source Sans Pro, sans-serif\"><span style=\"font-size: small\">adem\u00e1s de lo anterior,<\/span><\/span><\/span><span style=\"color: #000000\"><span style=\"font-family: Source Sans Pro, sans-serif\"><span style=\"font-size: small\">&nbsp;<\/span><\/span><\/span><span style=\"color: #000000\"><span style=\"font-family: Source Sans Pro, sans-serif\"><span style=\"font-size: small\">rellenar<\/span><\/span><\/span><span style=\"color: #000000\"><span style=\"font-family: Source Sans Pro, sans-serif\"><span style=\"font-size: small\">&nbsp;<\/span><\/span><\/span><span style=\"color: #000000\"><span style=\"font-family: Source Sans Pro, sans-serif\"><span style=\"font-size: small\">la&nbsp;<\/span><\/span><\/span><span style=\"color: #000000\"><span style=\"font-family: Source Sans Pro, sans-serif\"><span style=\"font-size: small\">solicitud<\/span><\/span><\/span><span style=\"color: #000000\"><span style=\"font-family: Source Sans Pro, sans-serif\"><span style=\"font-size: small\">&nbsp;<\/span><\/span><\/span><span style=\"color: #000000\"><span style=\"font-family: Source Sans Pro, sans-serif\"><span style=\"font-size: small\">(<\/span><\/span><\/span><a href=\"https:\/\/docs.google.com\/forms\/d\/e\/1FAIpQLSdfZbyPdaACYQ_yKz6racM5XTOfrFTP_VW7P0XM-B8NhyAmtg\/viewform?usp=sf_link\"><span style=\"font-family: Source Sans Pro, sans-serif\"><span style=\"font-size: small\">FORMULARIO ONLINE<\/span><\/span><\/a><span style=\"color: #000000\"><span style=\"font-family: Source Sans Pro, sans-serif\"><span style=\"font-size: small\">) aportando&nbsp;<\/span><\/span><\/span><a href=\"https:\/\/www.educacionyfp.gob.es\/dam\/jcr:20acde2b-d953-4418-b0c2-0cd74313f438\/informe-centro-renovaciones-2022.pdf\"><span style=\"color: #000000\"><span style=\"font-family: Source Sans Pro, sans-serif\"><span style=\"font-size: small\">el&nbsp;<\/span><\/span><\/span><\/a><span style=\"color: #0000ff\"><u><a href=\"https:\/\/www.educacionyfp.gob.es\/dam\/jcr:55e35935-7c79-4efd-877e-782775ac2e8a\/informe-centro-renovaciones-2023.pdf\"><span style=\"color: #000080\"><span style=\"font-family: Source Sans Pro, sans-serif\"><span style=\"font-size: small\"><span lang=\"zxx\"><b>Informe del Centro correspondiente al curso 202<\/b><\/span><\/span><\/span><\/span><\/a><\/u><\/span><span style=\"color: #0000ff\"><u><a href=\"https:\/\/www.educacionyfp.gob.es\/dam\/jcr:55e35935-7c79-4efd-877e-782775ac2e8a\/informe-centro-renovaciones-2023.pdf\"><span style=\"color: #000080\"><span style=\"font-family: Source Sans Pro, sans-serif\"><span style=\"font-size: small\"><span lang=\"zxx\"><b>2<\/b><\/span><\/span><\/span><\/span><\/a><\/u><\/span><span style=\"color: #0000ff\"><u><a href=\"https:\/\/www.educacionyfp.gob.es\/dam\/jcr:55e35935-7c79-4efd-877e-782775ac2e8a\/informe-centro-renovaciones-2023.pdf\"><span style=\"color: #000080\"><span style=\"font-family: Source Sans Pro, sans-serif\"><span style=\"font-size: small\"><span lang=\"zxx\"><b>-202<\/b><\/span><\/span><\/span><\/span><\/a><\/u><\/span><span style=\"color: #0000ff\"><u><a href=\"https:\/\/www.educacionyfp.gob.es\/dam\/jcr:55e35935-7c79-4efd-877e-782775ac2e8a\/informe-centro-renovaciones-2023.pdf\"><span style=\"color: #000080\"><span style=\"font-family: Source Sans Pro, sans-serif\"><span style=\"font-size: small\"><span lang=\"zxx\"><b>3<\/b><\/span><\/span><\/span><\/span><\/a><\/u><\/span><span style=\"color: #000000\"><span style=\"font-family: Source Sans Pro, sans-serif\"><span style=\"font-size: small\">&nbsp;debidamente cumplimentado. En&nbsp;<\/span><\/span><\/span><span style=\"color: #000000\"><span style=\"font-family: Source Sans Pro, sans-serif\"><span style=\"font-size: small\">caso de que esta valoraci\u00f3n cambie antes de la finalizaci\u00f3n del curso escolar,&nbsp;<\/span><\/span><\/span><span style=\"color: #000000\"><span style=\"font-family: Source Sans Pro, sans-serif\"><span style=\"font-size: small\"><b>la Direcci\u00f3n del centro<\/b><\/span><\/span><\/span><span style=\"color: #000000\"><span style=\"font-family: Source Sans Pro, sans-serif\"><span style=\"font-size: small\">&nbsp;de destino&nbsp;<\/span><\/span><\/span><span style=\"color: #000000\"><span style=\"font-family: Source Sans Pro, sans-serif\"><span style=\"font-size: small\">puede dirigirse a:&nbsp;<\/span><\/span><\/span><a href=\"mailto:auxiliares.ced@juntadeandalucia.es\"><span style=\"color: #000000\"><span style=\"font-family: Source Sans Pro, sans-serif\"><span style=\"font-size: small\">auxiliares.ced@juntadeandalucia.e<\/span><\/span><\/span><span style=\"font-family: Source Sans Pro, sans-serif\"><span style=\"font-size: small\">s<\/span><\/span><\/a><span style=\"color: #000000\"><span style=\"font-family: Source Sans Pro, sans-serif\"><span style=\"font-size: small\">&nbsp;<\/span><\/span><\/span><span style=\"color: #000000\"><span style=\"font-family: Source Sans Pro, sans-serif\"><span style=\"font-size: small\">y comunicar los cambios que considere oportunos. Aquellos\/as auxiliares nombrados oficialmente en&nbsp;<\/span><\/span><\/span><span style=\"color: #000000\"><span style=\"font-family: Source Sans Pro, sans-serif\"><span style=\"font-size: small\"><b>centros compartidos&nbsp;<\/b><\/span><\/span><\/span><span style=\"color: #000000\"><span style=\"font-family: Source Sans Pro, sans-serif\"><span style=\"font-size: small\">adjuntar\u00e1n&nbsp;<\/span><\/span><\/span><span style=\"color: #000000\"><span style=\"font-family: Source Sans Pro, sans-serif\"><span style=\"font-size: small\"><u><b>ambos informes<\/b><\/u><\/span><\/span><\/span><span style=\"color: #000000\"><span style=\"font-family: Source Sans Pro, sans-serif\"><span style=\"font-size: small\">&nbsp;correspondientes al curso 20<\/span><\/span><\/span><span style=\"color: #000000\"><span style=\"font-family: Source Sans Pro, sans-serif\"><span style=\"font-size: small\">2<\/span><\/span><\/span><span style=\"color: #000000\"><span style=\"font-family: Source Sans Pro, sans-serif\"><span style=\"font-size: small\">2<\/span><\/span><\/span><span style=\"color: #000000\"><span style=\"font-family: Source Sans Pro, sans-serif\"><span style=\"font-size: small\">-20<\/span><\/span><\/span><span style=\"color: #000000\"><span style=\"font-family: Source Sans Pro, sans-serif\"><span style=\"font-size: small\">2<\/span><\/span><\/span><span style=\"color: #000000\"><span style=\"font-family: Source Sans Pro, sans-serif\"><span style=\"font-size: small\">3<\/span><\/span><\/span><span style=\"color: #000000\"><span style=\"font-family: Source Sans Pro, sans-serif\"><span style=\"font-size: small\">, uno por cada centro de destino.<\/span><\/span><\/span><\/span><\/p>\n<\/li>\n<\/ul>\n<p>TUTORIAL PARA LA RECUPERACI\u00d3N DE HORAS DE AUXILIARES DE CONVERSACI\u00d3N QUE SE INCORPORAN TARDE.<\/p>\n<p><a href=\"https:\/\/blogsaverroes.juntadeandalucia.es\/plurilinguismodelegacioncadiz\/files\/2023\/01\/Recuperaci\u00f3n-de-horas-Auxiliares-que-se-incorporan-tarde.pdf\">Recuperaci\u00f3n de horas Auxiliares que se incorporan tarde<\/a><\/p>\n<p>INSTRUCCI\u00d3N 20\/2022, DE JULIO DE LA DIRECCI\u00d3N GENERAL DE ORDENACI\u00d3N Y EVALUACI\u00d3N EDUCATIVA, SOBRE AUXILIARES DE CONVERSACI\u00d3N PARA EL CURSO ESCOLAR 2022\/23<\/p>\n<p><a href=\"https:\/\/blogsaverroes.juntadeandalucia.es\/plurilinguismodelegacioncadiz\/files\/2022\/12\/Instrucciones-de-Auxiliares-de-Conversaci\u00f3n-Curso-2022_2023F.pdf\">Instrucciones de Auxiliares de Conversaci\u00f3n Curso 2022_2023(F)<\/a><\/p>\n<p><span style=\"color: #000000\"><a style=\"color: #000000\" href=\"https:\/\/docs.google.com\/presentation\/d\/1QjEGZSBYS-sXLQDECJzQQ6WDyIe9hFb7\/template\/preview\">Gu\u00eda de bienvenida de los centros para auxiliares: plantilla.<\/a><\/span><\/p>\n<p><span style=\"color: #008000\"><a style=\"color: #008000\" href=\"https:\/\/blogsaverroes.juntadeandalucia.es\/plurilinguismodelegacioncadiz\/files\/2022\/02\/IES_Jos\u00e9Cadalso_GU\u00cdA-AUXILIAR-CONVERSACI\u00d3N.pdf\">IES_Jos\u00e9Cadalso_GU\u00cdA AUXILIAR CONVERSACI\u00d3N<\/a><\/span><\/p>\n<p><span style=\"color: #000000\"><a style=\"color: #000000\" href=\"https:\/\/blogsaverroes.juntadeandalucia.es\/plurilinguismodelegacioncadiz\/files\/2021\/09\/Material-De-Bienvenida.zip\">Material De Bienvenida<\/a><\/span><\/p>\n<p><span style=\"color: #000000\"><a style=\"color: #000000\" href=\"https:\/\/blogsaverroes.juntadeandalucia.es\/plurilinguismodelegacioncadiz\/files\/2021\/04\/Renovaci\u00f3n_TIE-1.pdf\">Renovaci\u00f3n TIE: auxiliares renovadores<\/a><\/span><\/p>\n<p><span style=\"color: #000000\"><a style=\"color: #000000\" href=\"https:\/\/blogsaverroes.juntadeandalucia.es\/plurilinguismodelegacioncadiz\/files\/2020\/10\/before_your_arrival.pdf\">Before your arrival<\/a><\/span><\/p>\n<p><span style=\"color: #008000\"><strong><a style=\"color: #008000\" href=\"https:\/\/blogsaverroes.juntadeandalucia.es\/plurilinguismodelegacioncadiz\/files\/2021\/09\/Gu\u00edaAuxiliarConversaci\u00f3n21_22_espa\u00f1ol.pdf\">Gu\u00eda del auxiliar de conversaci\u00f3n 2021\/22_espa\u00f1ol<\/a><\/strong><\/span><\/p>\n<p><strong><span style=\"color: #008000\"><a style=\"color: #008000\" href=\"https:\/\/blogsaverroes.juntadeandalucia.es\/plurilinguismodelegacioncadiz\/files\/2021\/10\/Language_assistants_guide_21_22.pdf\">Language assistants guide (EN) 21\/22<\/a><\/span><\/strong><\/p>\n<p><strong><span style=\"color: #008000\"><a style=\"color: #008000\" href=\"https:\/\/blogsaverroes.juntadeandalucia.es\/plurilinguismodelegacioncadiz\/files\/2021\/09\/Gu\u00edaTutor_21_22.pdf\">Gu\u00eda del Tutor 2021\/22<\/a><\/span><\/strong><\/p>\n<p><span style=\"color: #000000\"><a style=\"color: #000000\" href=\"https:\/\/blogsaverroes.juntadeandalucia.es\/plurilinguismodelegacioncadiz\/files\/2020\/10\/Tramites-AACC-MEFP-20-21.pdf\">Tr\u00e1mites auxiliares cupo Ministerio&nbsp;<\/a><\/span><\/p>\n<p><span style=\"color: #000000\">&nbsp; &nbsp;En la gu\u00eda \u00abTr\u00e1mites auxiliares cupo Ministerio\u00bb se puede encontrar informaci\u00f3n de inter\u00e9s para todos los auxiliares de conversaci\u00f3n.<\/span><\/p>\n<p><a href=\"https:\/\/blogsaverroes.juntadeandalucia.es\/auxiliaresconversacionsevilla\/files\/2020\/09\/Tr%C3%A1mites-auxiliares-cupo-Ministerio.pdf\" target=\"_blank\" rel=\"noopener noreferrer\"><img loading=\"lazy\" decoding=\"async\" class=\"alignnone wp-image-397 size-medium\" src=\"https:\/\/blogsaverroes.juntadeandalucia.es\/plurilinguismodelegacioncadiz\/files\/2020\/10\/Gu\u00eda_tr\u00e1mites_MEFP-300x137.png\" alt=\"\" width=\"300\" height=\"137\" srcset=\"https:\/\/blogsaverroes.juntadeandalucia.es\/plurilinguismodelegacioncadiz\/files\/2020\/10\/Gu\u00eda_tr\u00e1mites_MEFP-300x137.png 300w, https:\/\/blogsaverroes.juntadeandalucia.es\/plurilinguismodelegacioncadiz\/files\/2020\/10\/Gu\u00eda_tr\u00e1mites_MEFP-1024x467.png 1024w, https:\/\/blogsaverroes.juntadeandalucia.es\/plurilinguismodelegacioncadiz\/files\/2020\/10\/Gu\u00eda_tr\u00e1mites_MEFP-768x350.png 768w, https:\/\/blogsaverroes.juntadeandalucia.es\/plurilinguismodelegacioncadiz\/files\/2020\/10\/Gu\u00eda_tr\u00e1mites_MEFP-980x450.png 980w, https:\/\/blogsaverroes.juntadeandalucia.es\/plurilinguismodelegacioncadiz\/files\/2020\/10\/Gu\u00eda_tr\u00e1mites_MEFP-24x11.png 24w, https:\/\/blogsaverroes.juntadeandalucia.es\/plurilinguismodelegacioncadiz\/files\/2020\/10\/Gu\u00eda_tr\u00e1mites_MEFP-36x16.png 36w, https:\/\/blogsaverroes.juntadeandalucia.es\/plurilinguismodelegacioncadiz\/files\/2020\/10\/Gu\u00eda_tr\u00e1mites_MEFP-48x22.png 48w, https:\/\/blogsaverroes.juntadeandalucia.es\/plurilinguismodelegacioncadiz\/files\/2020\/10\/Gu\u00eda_tr\u00e1mites_MEFP.png 1392w\" sizes=\"(max-width: 300px) 100vw, 300px\" \/><\/a><\/p>\n<p>&nbsp;<\/p>\n<p><span style=\"color: #000000\"> <a style=\"color: #000000\" href=\"https:\/\/blogsaverroes.juntadeandalucia.es\/plurilinguismodelegacioncadiz\/files\/2020\/10\/VERSI\u00d3N-ACTUALIZADA-FUNCIONES-DE-LOS-AUXILIARES-DE-CONVERSACI\u00d3N-2020.pdf\">Funciones de los auxiliares de conversaci\u00f3n 2020\/21<\/a><\/span><\/p>\n<p><span style=\"color: #000000\"><a style=\"color: #000000\" href=\"https:\/\/blogsaverroes.juntadeandalucia.es\/plurilinguismodelegacioncadiz\/files\/2020\/10\/C\u00f3mo_abrir_cuenta_bancaria.pdf\">Como abrir una cuenta bancaria<\/a><\/span><\/p>\n<p><strong><span style=\"color: #008000\"><a style=\"color: #008000\" href=\"https:\/\/blogsaverroes.juntadeandalucia.es\/plurilinguismodelegacioncadiz\/files\/2021\/09\/Carta-a-banco-21.22F.pdf\">Carta a banco 21\/22<\/a><\/span><\/strong><\/p>\n<p><strong><span style=\"color: #008000\"><a style=\"color: #008000\" href=\"https:\/\/blogsaverroes.juntadeandalucia.es\/plurilinguismodelegacioncadiz\/files\/2021\/09\/Carta-a-oficina-de-extranjeria-21.22F.pdf\">Carta a oficina de extranjer\u00eda 21\/22<\/a><\/span><\/strong><\/p>\n<p><strong><span style=\"color: #008000\"><a style=\"color: #008000\" href=\"https:\/\/blogsaverroes.juntadeandalucia.es\/plurilinguismodelegacioncadiz\/files\/2021\/09\/Extranjer\u00eda_C\u00e1diz_sept2021.pdf\">Extranjer\u00eda_C\u00e1diz_sept2021<\/a><\/span><\/strong><\/p>\n<p><span style=\"color: #000000\"><a style=\"color: #000000\" href=\"https:\/\/blogsaverroes.juntadeandalucia.es\/plurilinguismodelegacioncadiz\/files\/2020\/10\/Obtenci\u00f3n_TIE_tarjeta_identidad_extranjera.pdf\">Obtenci\u00f3n del TIE\/ Auxiliares de Reino Unido<\/a><\/span><\/p>\n<p><span style=\"color: #000000\"><a style=\"color: #000000\" href=\"https:\/\/blogsaverroes.juntadeandalucia.es\/plurilinguismodelegacioncadiz\/files\/2020\/10\/HojasInformativas_EX17_EX18_EX00.docx\">HojasInformativas_EX17_EX18_EX00<\/a><\/span><\/p>\n<p><span style=\"color: #000000\"><a style=\"color: #000000\" href=\"https:\/\/blogsaverroes.juntadeandalucia.es\/plurilinguismodelegacioncadiz\/files\/2020\/10\/Asistencia_sanitaria.pdf\">Asistencia sanitaria<\/a><\/span><\/p>\n<p><span style=\"color: #000000\"><a style=\"color: #000000\" title=\"Buenas pr\u00e1cticas de auxiliares de conversaci\u00f3n\" href=\"https:\/\/portals.ced.junta-andalucia.es\/educacion\/portals\/web\/plurilinguismo\/recursos-educativos-y-buenas-practicas\">Buenas pr\u00e1cticas de auxiliares de conversaci\u00f3n<\/a><\/span><\/p>\n<p><span style=\"color: #993366\"><strong><a style=\"color: #993366\" href=\"https:\/\/awksaux.wixsite.com\/awksaux\">Experiencia auxiliar: the world is your oyster.<\/a> \u21d0 \u21d0<\/strong><\/span><\/p>\n<p>&nbsp;<\/p>\n<p>&nbsp;<\/p>\n","protected":false},"excerpt":{"rendered":"<p>REUNI\u00d3N ONLINE 22 de octubre SOBRE GESTI\u00d3N DE AUXILIARES DE CONVERSACI\u00d3N A continuaci\u00f3n os dejo toda la informaci\u00f3n de la&#46;&#46;&#46;<\/p>\n","protected":false},"author":7804,"featured_media":2449,"parent":0,"menu_order":0,"comment_status":"closed","ping_status":"closed","template":"","meta":{"ngg_post_thumbnail":0,"footnotes":""},"aioseo_notices":[],"_links":{"self":[{"href":"https:\/\/blogsaverroes.juntadeandalucia.es\/plurilinguismodelegacioncadiz\/wp-json\/wp\/v2\/pages\/393"}],"collection":[{"href":"https:\/\/blogsaverroes.juntadeandalucia.es\/plurilinguismodelegacioncadiz\/wp-json\/wp\/v2\/pages"}],"about":[{"href":"https:\/\/blogsaverroes.juntadeandalucia.es\/plurilinguismodelegacioncadiz\/wp-json\/wp\/v2\/types\/page"}],"author":[{"embeddable":true,"href":"https:\/\/blogsaverroes.juntadeandalucia.es\/plurilinguismodelegacioncadiz\/wp-json\/wp\/v2\/users\/7804"}],"replies":[{"embeddable":true,"href":"https:\/\/blogsaverroes.juntadeandalucia.es\/plurilinguismodelegacioncadiz\/wp-json\/wp\/v2\/comments?post=393"}],"version-history":[{"count":39,"href":"https:\/\/blogsaverroes.juntadeandalucia.es\/plurilinguismodelegacioncadiz\/wp-json\/wp\/v2\/pages\/393\/revisions"}],"predecessor-version":[{"id":2453,"href":"https:\/\/blogsaverroes.juntadeandalucia.es\/plurilinguismodelegacioncadiz\/wp-json\/wp\/v2\/pages\/393\/revisions\/2453"}],"wp:featuredmedia":[{"embeddable":true,"href":"https:\/\/blogsaverroes.juntadeandalucia.es\/plurilinguismodelegacioncadiz\/wp-json\/wp\/v2\/media\/2449"}],"wp:attachment":[{"href":"https:\/\/blogsaverroes.juntadeandalucia.es\/plurilinguismodelegacioncadiz\/wp-json\/wp\/v2\/media?parent=393"}],"curies":[{"name":"wp","href":"https:\/\/api.w.org\/{rel}","templated":true}]}}