{"id":980,"date":"2021-07-13T10:25:02","date_gmt":"2021-07-13T08:25:02","guid":{"rendered":"https:\/\/blogsaverroes.juntadeandalucia.es\/plurilinguismodelegacioncadiz\/?page_id=980"},"modified":"2023-04-11T10:31:24","modified_gmt":"2023-04-11T08:31:24","slug":"guias","status":"publish","type":"page","link":"https:\/\/blogsaverroes.juntadeandalucia.es\/plurilinguismodelegacioncadiz\/guias\/","title":{"rendered":"Gu\u00edas"},"content":{"rendered":"<p>&nbsp;<\/p>\n<table style=\"border-collapse: collapse;width: 100%;height: 278px\">\n<tbody>\n<tr style=\"height: 254px\">\n<td style=\"width: 16.6667%;height: 254px\"><a href=\"https:\/\/blogsaverroes.juntadeandalucia.es\/plurilinguismodelegacioncadiz\/files\/2021\/07\/gu\u00eda-auxiliares-20_21.png\"><img loading=\"lazy\" decoding=\"async\" class=\"size-thumbnail wp-image-982 aligncenter\" src=\"https:\/\/blogsaverroes.juntadeandalucia.es\/plurilinguismodelegacioncadiz\/files\/2021\/07\/gu\u00eda-auxiliares-20_21-150x150.png\" alt=\"\" width=\"150\" height=\"150\" srcset=\"https:\/\/blogsaverroes.juntadeandalucia.es\/plurilinguismodelegacioncadiz\/files\/2021\/07\/gu\u00eda-auxiliares-20_21-150x150.png 150w, https:\/\/blogsaverroes.juntadeandalucia.es\/plurilinguismodelegacioncadiz\/files\/2021\/07\/gu\u00eda-auxiliares-20_21-80x80.png 80w, https:\/\/blogsaverroes.juntadeandalucia.es\/plurilinguismodelegacioncadiz\/files\/2021\/07\/gu\u00eda-auxiliares-20_21-320x320.png 320w\" sizes=\"(max-width: 150px) 100vw, 150px\" \/><\/a><\/p>\n<p><span style=\"color: #000000\"><a style=\"color: #000000\" href=\"https:\/\/blogsaverroes.juntadeandalucia.es\/plurilinguismodelegacioncadiz\/files\/2021\/07\/aacc-20-21-guia-es.pdf\">Gu\u00eda auxiliares de<span style=\"color: #000000\"> conversaci\u00f3n (espa\u00f1ol)<\/span><\/a><\/span><\/td>\n<td style=\"width: 16.6667%;height: 254px\"><a href=\"https:\/\/blogsaverroes.juntadeandalucia.es\/plurilinguismodelegacioncadiz\/files\/2021\/07\/gu\u00eda-tutor-auxiliares-2021_ingl\u00e9s.png\"><img loading=\"lazy\" decoding=\"async\" class=\"size-thumbnail wp-image-987 aligncenter\" src=\"https:\/\/blogsaverroes.juntadeandalucia.es\/plurilinguismodelegacioncadiz\/files\/2021\/07\/gu\u00eda-tutor-auxiliares-2021_ingl\u00e9s-150x150.png\" alt=\"\" width=\"150\" height=\"150\" srcset=\"https:\/\/blogsaverroes.juntadeandalucia.es\/plurilinguismodelegacioncadiz\/files\/2021\/07\/gu\u00eda-tutor-auxiliares-2021_ingl\u00e9s-150x150.png 150w, https:\/\/blogsaverroes.juntadeandalucia.es\/plurilinguismodelegacioncadiz\/files\/2021\/07\/gu\u00eda-tutor-auxiliares-2021_ingl\u00e9s-80x80.png 80w, https:\/\/blogsaverroes.juntadeandalucia.es\/plurilinguismodelegacioncadiz\/files\/2021\/07\/gu\u00eda-tutor-auxiliares-2021_ingl\u00e9s-320x320.png 320w\" sizes=\"(max-width: 150px) 100vw, 150px\" \/><\/a><\/p>\n<p><span style=\"color: #000000\"><a style=\"color: #000000\" href=\"https:\/\/blogsaverroes.juntadeandalucia.es\/plurilinguismodelegacioncadiz\/files\/2021\/07\/aacc-20-21-guia-en.pdf\">Gu\u00eda auxiliares de conversaci\u00f3n (ingl\u00e9s)<\/a><\/span><\/td>\n<td style=\"width: 16.6667%;height: 254px\"><a href=\"https:\/\/blogsaverroes.juntadeandalucia.es\/plurilinguismodelegacioncadiz\/files\/2021\/07\/gu\u00eda-tutor-auxiliares-2021.png\"><img loading=\"lazy\" decoding=\"async\" class=\"size-thumbnail wp-image-985 aligncenter\" src=\"https:\/\/blogsaverroes.juntadeandalucia.es\/plurilinguismodelegacioncadiz\/files\/2021\/07\/gu\u00eda-tutor-auxiliares-2021-150x150.png\" alt=\"\" width=\"150\" height=\"150\" srcset=\"https:\/\/blogsaverroes.juntadeandalucia.es\/plurilinguismodelegacioncadiz\/files\/2021\/07\/gu\u00eda-tutor-auxiliares-2021-150x150.png 150w, https:\/\/blogsaverroes.juntadeandalucia.es\/plurilinguismodelegacioncadiz\/files\/2021\/07\/gu\u00eda-tutor-auxiliares-2021-80x80.png 80w, https:\/\/blogsaverroes.juntadeandalucia.es\/plurilinguismodelegacioncadiz\/files\/2021\/07\/gu\u00eda-tutor-auxiliares-2021-320x320.png 320w\" sizes=\"(max-width: 150px) 100vw, 150px\" \/><\/a><span style=\"color: #000000\"><a style=\"color: #000000\" href=\"https:\/\/blogsaverroes.juntadeandalucia.es\/plurilinguismodelegacioncadiz\/files\/2021\/07\/aacc-20-21-guiatutores.pdf\">Gu\u00eda auxiliares de conversaci\u00f3n: gu\u00eda del tutor<\/a><\/span><\/td>\n<td style=\"width: 16.6667%;height: 254px\"><span style=\"color: #000000\"><a style=\"color: #000000\" href=\"https:\/\/blogsaverroes.juntadeandalucia.es\/plurilinguismodelegacioncadiz\/files\/2021\/07\/gu\u00eda-informativa-ense\u00f1anza-en-centros-biling\u00fces.png\"><img loading=\"lazy\" decoding=\"async\" class=\"size-thumbnail wp-image-983 aligncenter\" src=\"https:\/\/blogsaverroes.juntadeandalucia.es\/plurilinguismodelegacioncadiz\/files\/2021\/07\/gu\u00eda-informativa-ense\u00f1anza-en-centros-biling\u00fces-150x150.png\" alt=\"\" width=\"150\" height=\"150\" srcset=\"https:\/\/blogsaverroes.juntadeandalucia.es\/plurilinguismodelegacioncadiz\/files\/2021\/07\/gu\u00eda-informativa-ense\u00f1anza-en-centros-biling\u00fces-150x150.png 150w, https:\/\/blogsaverroes.juntadeandalucia.es\/plurilinguismodelegacioncadiz\/files\/2021\/07\/gu\u00eda-informativa-ense\u00f1anza-en-centros-biling\u00fces-80x80.png 80w, https:\/\/blogsaverroes.juntadeandalucia.es\/plurilinguismodelegacioncadiz\/files\/2021\/07\/gu\u00eda-informativa-ense\u00f1anza-en-centros-biling\u00fces-320x320.png 320w\" sizes=\"(max-width: 150px) 100vw, 150px\" \/><\/a><\/span><\/p>\n<p><span style=\"color: #000000\"><a style=\"color: #000000\" href=\"https:\/\/juntadeandalucia.es\/export\/drupaljda\/Guia_informativa_centros_ense%C3%B1anza_bilingue_.pdf\">Gu\u00eda informativa para centros con ense\u00f1anza biling\u00fce<\/a><\/span><\/td>\n<\/tr>\n<tr style=\"height: 24px\">\n<td style=\"width: 16.6667%;height: 24px\"><a href=\"https:\/\/blogsaverroes.juntadeandalucia.es\/plurilinguismodelegacioncadiz\/files\/2021\/07\/gu\u00eda-erasmus.png\"><img loading=\"lazy\" decoding=\"async\" class=\"size-thumbnail wp-image-988 aligncenter\" src=\"https:\/\/blogsaverroes.juntadeandalucia.es\/plurilinguismodelegacioncadiz\/files\/2021\/07\/gu\u00eda-erasmus-150x150.png\" alt=\"\" width=\"150\" height=\"150\" srcset=\"https:\/\/blogsaverroes.juntadeandalucia.es\/plurilinguismodelegacioncadiz\/files\/2021\/07\/gu\u00eda-erasmus-150x150.png 150w, https:\/\/blogsaverroes.juntadeandalucia.es\/plurilinguismodelegacioncadiz\/files\/2021\/07\/gu\u00eda-erasmus-80x80.png 80w, https:\/\/blogsaverroes.juntadeandalucia.es\/plurilinguismodelegacioncadiz\/files\/2021\/07\/gu\u00eda-erasmus-320x320.png 320w\" sizes=\"(max-width: 150px) 100vw, 150px\" \/><\/a><\/p>\n<p><span style=\"color: #000000\"><a href=\"https:\/\/blogsaverroes.juntadeandalucia.es\/plurilinguismodelegacioncadiz\/files\/2023\/04\/Gu\u00eda-2022-erasmusplus-programme-guide-v2_es.pdf\">Gu\u00eda 2022-erasmusplus-programme-guide-v2_es<\/a><\/span><\/td>\n<td style=\"width: 16.6667%;height: 24px\"><span style=\"color: #000000\"><a style=\"color: #000000\" title=\"Gu\u00eda solicitud nuevos centros biling\u00fces: infantil y primaria\" href=\"https:\/\/blogsaverroes.juntadeandalucia.es\/plurilinguismodelegacionjaen\/files\/2020\/09\/Gu%C3%ADa_Solicitud_Primaria_Curso_21-22-1.pdf\"><img loading=\"lazy\" decoding=\"async\" class=\"size-thumbnail wp-image-989 aligncenter\" src=\"https:\/\/blogsaverroes.juntadeandalucia.es\/plurilinguismodelegacioncadiz\/files\/2021\/07\/nnccbb_inf_pr-150x150.png\" alt=\"\" width=\"150\" height=\"150\" srcset=\"https:\/\/blogsaverroes.juntadeandalucia.es\/plurilinguismodelegacioncadiz\/files\/2021\/07\/nnccbb_inf_pr-150x150.png 150w, https:\/\/blogsaverroes.juntadeandalucia.es\/plurilinguismodelegacioncadiz\/files\/2021\/07\/nnccbb_inf_pr-80x80.png 80w, https:\/\/blogsaverroes.juntadeandalucia.es\/plurilinguismodelegacioncadiz\/files\/2021\/07\/nnccbb_inf_pr-320x320.png 320w\" sizes=\"(max-width: 150px) 100vw, 150px\" \/><\/a><\/span><\/p>\n<p><span style=\"color: #000000\"><a style=\"color: #000000\" href=\"https:\/\/blogsaverroes.juntadeandalucia.es\/plurilinguismodelegacionjaen\/files\/2020\/09\/Gu%C3%ADa_Solicitud_Primaria_Curso_21-22-1.pdf\">Gu\u00eda solicitud nuevos centros biling\u00fces: infantil y primaria<\/a><\/span><\/td>\n<td style=\"width: 16.6667%;height: 24px\"><span style=\"color: #000000\"><img loading=\"lazy\" decoding=\"async\" class=\"size-thumbnail wp-image-990 aligncenter\" src=\"https:\/\/blogsaverroes.juntadeandalucia.es\/plurilinguismodelegacioncadiz\/files\/2021\/07\/nnccbb_eso-150x150.png\" alt=\"\" width=\"150\" height=\"150\" srcset=\"https:\/\/blogsaverroes.juntadeandalucia.es\/plurilinguismodelegacioncadiz\/files\/2021\/07\/nnccbb_eso-150x150.png 150w, https:\/\/blogsaverroes.juntadeandalucia.es\/plurilinguismodelegacioncadiz\/files\/2021\/07\/nnccbb_eso-80x80.png 80w, https:\/\/blogsaverroes.juntadeandalucia.es\/plurilinguismodelegacioncadiz\/files\/2021\/07\/nnccbb_eso-320x320.png 320w\" sizes=\"(max-width: 150px) 100vw, 150px\" \/><\/span><\/p>\n<p><span style=\"color: #000000\"><a style=\"color: #000000\" href=\"https:\/\/blogsaverroes.juntadeandalucia.es\/plurilinguismodelegacionjaen\/files\/2020\/09\/Gu%C3%ADa_Solicitud_Secundaria_Curso_21-22.pdf\">Gu\u00eda informativa para centros con ense\u00f1anza biling\u00fce: secundaria.<\/a><\/span><\/p>\n<p>&nbsp;<\/td>\n<td style=\"width: 16.6667%;height: 24px\"><span style=\"color: #000000\"><a style=\"color: #000000\" href=\"https:\/\/blogsaverroes.juntadeandalucia.es\/plurilinguismodelegacioncadiz\/files\/2021\/06\/flat-people-speaking-different-languages_23-2147864229.jpg\"><img loading=\"lazy\" decoding=\"async\" class=\"alignnone size-thumbnail wp-image-800\" src=\"https:\/\/blogsaverroes.juntadeandalucia.es\/plurilinguismodelegacioncadiz\/files\/2021\/06\/flat-people-speaking-different-languages_23-2147864229-150x150.jpg\" alt=\"\" width=\"150\" height=\"150\" srcset=\"https:\/\/blogsaverroes.juntadeandalucia.es\/plurilinguismodelegacioncadiz\/files\/2021\/06\/flat-people-speaking-different-languages_23-2147864229-150x150.jpg 150w, https:\/\/blogsaverroes.juntadeandalucia.es\/plurilinguismodelegacioncadiz\/files\/2021\/06\/flat-people-speaking-different-languages_23-2147864229-300x300.jpg 300w, https:\/\/blogsaverroes.juntadeandalucia.es\/plurilinguismodelegacioncadiz\/files\/2021\/06\/flat-people-speaking-different-languages_23-2147864229-80x80.jpg 80w, https:\/\/blogsaverroes.juntadeandalucia.es\/plurilinguismodelegacioncadiz\/files\/2021\/06\/flat-people-speaking-different-languages_23-2147864229-320x320.jpg 320w, https:\/\/blogsaverroes.juntadeandalucia.es\/plurilinguismodelegacioncadiz\/files\/2021\/06\/flat-people-speaking-different-languages_23-2147864229.jpg 626w\" sizes=\"(max-width: 150px) 100vw, 150px\" \/><\/a><\/span><\/p>\n<p><span style=\"color: #000000\"><a style=\"color: #000000\" href=\"https:\/\/drive.google.com\/file\/d\/105wM2Cn_WpwZxN9xHTuTWCqUignJv2AI\/view?usp=sharing\">Gu\u00eda bienvenida auxiliares de conversaci\u00f3n\/Welcome pack<\/a><\/span><\/td>\n<\/tr>\n<\/tbody>\n<\/table>\n","protected":false},"excerpt":{"rendered":"<p>&nbsp; Gu\u00eda auxiliares de conversaci\u00f3n (espa\u00f1ol) Gu\u00eda auxiliares de conversaci\u00f3n (ingl\u00e9s) Gu\u00eda auxiliares de conversaci\u00f3n: gu\u00eda del tutor Gu\u00eda informativa&#46;&#46;&#46;<\/p>\n","protected":false},"author":7804,"featured_media":0,"parent":0,"menu_order":0,"comment_status":"closed","ping_status":"closed","template":"","meta":{"ngg_post_thumbnail":0,"footnotes":""},"aioseo_notices":[],"_links":{"self":[{"href":"https:\/\/blogsaverroes.juntadeandalucia.es\/plurilinguismodelegacioncadiz\/wp-json\/wp\/v2\/pages\/980"}],"collection":[{"href":"https:\/\/blogsaverroes.juntadeandalucia.es\/plurilinguismodelegacioncadiz\/wp-json\/wp\/v2\/pages"}],"about":[{"href":"https:\/\/blogsaverroes.juntadeandalucia.es\/plurilinguismodelegacioncadiz\/wp-json\/wp\/v2\/types\/page"}],"author":[{"embeddable":true,"href":"https:\/\/blogsaverroes.juntadeandalucia.es\/plurilinguismodelegacioncadiz\/wp-json\/wp\/v2\/users\/7804"}],"replies":[{"embeddable":true,"href":"https:\/\/blogsaverroes.juntadeandalucia.es\/plurilinguismodelegacioncadiz\/wp-json\/wp\/v2\/comments?post=980"}],"version-history":[{"count":8,"href":"https:\/\/blogsaverroes.juntadeandalucia.es\/plurilinguismodelegacioncadiz\/wp-json\/wp\/v2\/pages\/980\/revisions"}],"predecessor-version":[{"id":1752,"href":"https:\/\/blogsaverroes.juntadeandalucia.es\/plurilinguismodelegacioncadiz\/wp-json\/wp\/v2\/pages\/980\/revisions\/1752"}],"wp:attachment":[{"href":"https:\/\/blogsaverroes.juntadeandalucia.es\/plurilinguismodelegacioncadiz\/wp-json\/wp\/v2\/media?parent=980"}],"curies":[{"name":"wp","href":"https:\/\/api.w.org\/{rel}","templated":true}]}}