{"id":2379,"date":"2016-06-03T14:12:37","date_gmt":"2016-06-03T14:12:37","guid":{"rendered":"http:\/\/blogsaverroes.juntadeandalucia.es\/plurilinguismodelegaciongranada\/?page_id=2379"},"modified":"2020-11-19T15:28:05","modified_gmt":"2020-11-19T15:28:05","slug":"justificacion-de-auxiliares","status":"publish","type":"page","link":"https:\/\/blogsaverroes.juntadeandalucia.es\/plurilinguismodelegaciongranada\/justificacion-de-auxiliares\/","title":{"rendered":"Justificaci\u00f3n de auxiliares"},"content":{"rendered":"<h5 style=\"text-align: justify\">&nbsp;<\/h5>\n<p style=\"text-align: justify\">Una vez que los y las auxiliares de conversaci\u00f3n finalizan su colaboraci\u00f3n en nuestros centros educativos, deben llevarse a cabo determinados tr\u00e1mites, que ser\u00e1n diferentes dependiendo de si el\/la auxiliar ha pertenecido al \u00e1mbito de Gesti\u00f3n de la Consejer\u00eda de Educaci\u00f3n y Deporte de la Junta de Andaluc\u00eda (CEJA), o al del Ministerio de Educaci\u00f3n y Formaci\u00f3n Profesional.<\/p>\n<p>&nbsp;<\/p>\n<h4><span style=\"background-color: #ffff99\"><strong>1. AUXILIARES DEL \u00c1MBITO DE GESTI\u00d3N DE LA CONSEJER\u00cdA DE EDUCACI\u00d3N Y DEPORTE DE LA JUNTA DE ANDALUC\u00cdA<\/strong><\/span><\/h4>\n<p>Fecha l\u00edmite: <strong>30 de junio de 2021<\/strong>, mediante env\u00edo postal por oficio de la documentaci\u00f3n a la siguiente direcci\u00f3n:<\/p>\n<p>&nbsp;<\/p>\n<p style=\"text-align: center\"><em>Consejer\u00eda de Educaci\u00f3n y Deporte<\/em><\/p>\n<p align=\"center\"><em>Direcci\u00f3n General de Ordenaci\u00f3n y Evaluaci\u00f3n Educativa<\/em><\/p>\n<p align=\"center\"><em>Servicio de Programas Educativos Internacionales<\/em><\/p>\n<p align=\"center\"><em>Avda. Juan Antonio de Vizarr\u00f3n, s\/n<\/em><\/p>\n<p align=\"center\"><em>41071 Sevilla<\/em><\/p>\n<p align=\"center\">&nbsp;<\/p>\n<p style=\"text-align: justify\" align=\"center\">Deber\u00e1n realizarla todos los centros que han contado con un\/a auxiliar de conversaci\u00f3n del \u00e1mbito de gesti\u00f3n de la Junta de Andaluc\u00eda.<\/p>\n<p align=\"justify\">En el caso de centros que han compartido auxiliar de conversaci\u00f3n, la documentaci\u00f3n ser\u00e1 remitida \u00fanicamente por el centro que ha gestionado el pago, si bien deber\u00e1 incluir el Anexo III certificado por el otro centro educativo.<\/p>\n<dl>\n<dd>\n<table style=\"border-color: #523d14;background-color: #f4f5e4\" width=\"595\" cellspacing=\"0\" cellpadding=\"4\">\n<colgroup>\n<col width=\"257\">\n<col width=\"323\"> <\/colgroup>\n<tbody>\n<tr valign=\"top\">\n<td bgcolor=\"#eeeeee\" width=\"257\">\n<h5><strong>DOCUMENTO<\/strong><\/h5>\n<\/td>\n<td bgcolor=\"#eeeeee\" width=\"323\">\n<h5><strong>OBSERVACIONES<\/strong><\/h5>\n<\/td>\n<\/tr>\n<tr valign=\"top\">\n<td width=\"257\">\n<p align=\"justify\">&nbsp;<\/p>\n<p align=\"justify\"><strong><a href=\"https:\/\/blogsaverroes.juntadeandalucia.es\/plurilinguismodelegaciongranada\/files\/2020\/11\/ANEXO-II.pdf\">Anexo II<\/a><\/strong> &#8211; Declaraci\u00f3n firmada por los beneficiarios y las beneficiarias de haber cumplido las condiciones y la finalidad para la que les fue concedida la ayuda<\/p>\n<\/td>\n<td width=\"323\">\n<p align=\"justify\">&nbsp;<\/p>\n<p align=\"justify\">* No deber\u00e1 adjuntarse en el caso de que el o la auxiliar de conversaci\u00f3n haya causado baja antes del 31 de mayo del 2020.<\/p>\n<\/td>\n<\/tr>\n<tr valign=\"top\">\n<td width=\"257\">\n<p align=\"justify\"><strong><a href=\"https:\/\/blogsaverroes.juntadeandalucia.es\/plurilinguismodelegaciongranada\/files\/2020\/11\/ANEXO-III.pdf\">Anexo III<\/a><\/strong> &#8211; Informe de la Direcci\u00f3n del centro educativo en el que justifique que la actividad realizada ha cumplido el objetivo para el que la ayuda fue concedida<\/p>\n<\/td>\n<td width=\"323\">* En el caso de centros que comparten auxiliar de conversaci\u00f3n, cada uno de los centros deber\u00e1 cumplimentar el Anexo III, y el centro que no se ocupa de la gesti\u00f3n enviar\u00e1 al centro gestor este Anexo.<\/td>\n<\/tr>\n<tr valign=\"top\">\n<td width=\"257\">&nbsp;<\/p>\n<p>&nbsp;<\/p>\n<p align=\"justify\"><strong><a href=\"https:\/\/blogsaverroes.juntadeandalucia.es\/plurilinguismodelegaciongranada\/files\/2020\/11\/ANEXO-IV.pdf\">Anexo IV<\/a><\/strong> &#8211; Copias de los recibos mensuales justificativos de que los y las auxiliares de conversaci\u00f3n han recibido los pagos, correspondientes a los meses en que han realizado sus funciones, emitidos por los centros educativos en calidad de entidades colaboradoras<\/p>\n<\/td>\n<td width=\"323\">\n<p align=\"justify\">* Es importante que los recibos hayan sido emitidos siguiendo el modelo del Anexo IV, no siendo v\u00e1lidos recibos de pago emitidos por S\u00e9neca ni otro tipo de justificaci\u00f3n documental.<\/p>\n<p align=\"justify\">* Deber\u00e1 haberse emitido un recibo siguiendo el formato del Anexo IV por cada uno de los meses en el que el\/la auxiliar haya recibido el pago de 700\u20ac.<\/p>\n<p align=\"justify\">* Este documento debe ser firmado tambi\u00e9n por el\/la auxiliar, por lo que es muy importante asegurarse de que este\/a haya firmado todos los Anexos correspondientes a todos los meses.<\/p>\n<\/td>\n<\/tr>\n<tr valign=\"top\">\n<td width=\"257\">&nbsp;<\/p>\n<p><strong><a href=\"https:\/\/blogsaverroes.juntadeandalucia.es\/plurilinguismodelegaciongranada\/files\/2020\/11\/ANEXO-V.pdf\">Anexo V<\/a> <\/strong>\u2013 Memoria de autoevaluaci\u00f3n del auxiliar<\/td>\n<td width=\"323\">\n<p align=\"justify\">* Dicha autoevaluaci\u00f3n deber\u00e1 ser aportada por el\/la auxiliar al\/la Director\/a del centro educativo, quien lo incluir\u00e1 junto al resto de documentaci\u00f3n de Justificaci\u00f3n.<\/p>\n<p align=\"justify\">Por otra parte, la Instrucci\u00f3n Sexta, 5, regula que junto a esta Memoria, el\/la auxiliar depositar\u00e1 en el centro los materiales elaborados.<\/p>\n<\/td>\n<\/tr>\n<tr valign=\"top\">\n<td width=\"257\">&nbsp;<\/p>\n<p align=\"justify\">&nbsp;<\/p>\n<p align=\"justify\">&nbsp;<\/p>\n<p align=\"justify\">&nbsp;<\/p>\n<p align=\"justify\">&nbsp;<\/p>\n<p align=\"justify\">SOLO EN EL CASO DE CENTROS CON <strong>Auxiliares que se incorporaron con m\u00e1s de un mes de retraso en relaci\u00f3n a la fecha prevista, o que hayan causado baja antes del 31 de mayo de 2021<\/strong><\/p>\n<\/td>\n<td width=\"323\">\n<p style=\"text-align: justify\">En caso de que el o la auxiliar de conversaci\u00f3n hubiera causado baja antes del 31 de mayo del 2021 o se hubiera incorporado con m\u00e1s de un mes de retraso sin haber recuperado, el centro educativo habr\u00e1 de presentar adem\u00e1s de los documentos anteriormente citados, los que siguen:<\/p>\n<p style=\"text-align: justify\">1. <strong>Una carta o, en su defecto, un certificado de la direcci\u00f3n del centro<\/strong>, especificando el motivo y el d\u00eda de la baja o incorporaci\u00f3n.<\/p>\n<p style=\"text-align: justify\">2. <strong>Documento 046 de devoluci\u00f3n de tasas<\/strong>. Igualmente, el centro educativo habr\u00e1 de proceder, en su caso, a la devoluci\u00f3n de las cantidades no pagadas al auxiliar o la auxiliar de conversaci\u00f3n correspondientes a los meses completos posteriores a la baja o anteriores a su incorporaci\u00f3n. Esta devoluci\u00f3n se llevar\u00e1 a cabo mediante el documento 046 (Tasas, precios p\u00fablicos, sanciones, otros ingresos). Los centros educativos habr\u00e1n de adjuntar el original del documento 046 en su documentaci\u00f3n justificativa.<\/p>\n<p style=\"text-align: justify\" align=\"justify\">* Para una correcta cumplimentaci\u00f3n del Modelo 046, se ruega se tengan en cuenta las <a href=\"https:\/\/blogsaverroes.juntadeandalucia.es\/plurilinguismodelegaciongranada\/files\/2020\/05\/Instrucciones-cumplimentaci\u00f3n-046.pdf\"><strong>indicaciones recogidas en ESTE DOCUMENTO<\/strong><\/a> en el que se explica el procedimiento que debe seguirse para la correcta devoluci\u00f3n de la cuant\u00eda que corresponda.<\/p>\n<\/td>\n<\/tr>\n<\/tbody>\n<\/table>\n<\/dd>\n<\/dl>\n<p>&nbsp;<\/p>\n<p>NOTA: Para la justificaci\u00f3n solo ser\u00e1n v\u00e1lidos originales de todos los documentos o copia compulsada.<\/p>\n<p>&nbsp;<\/p>\n<h4><span style=\"background-color: #ffff99\"><strong>2. AUXILIARES DEL \u00c1MBITO DE GESTI\u00d3N DEL MINISTERIO DE EDUCACI\u00d3N Y FORMACI\u00d3N PROFESIONAL<\/strong><\/span><\/h4>\n<p>En el caso de los auxiliares del \u00e1mbito de gesti\u00f3n del Ministerio de Educaci\u00f3n y Formaci\u00f3n Profesional, este informa a los centros mediante correo electr\u00f3nico de los tr\u00e1mites relativos a los auxiliares de conversaci\u00f3n de su cupo, incluyendo la Memoria Final que los centros deber\u00e1n cumplimentar on-line.<\/p>\n<h5>&nbsp;<\/h5>\n","protected":false},"excerpt":{"rendered":"<p>&nbsp; Una vez que los y las auxiliares de conversaci\u00f3n finalizan su colaboraci\u00f3n en nuestros centros educativos, deben llevarse a cabo determinados tr\u00e1mites, que ser\u00e1n diferentes dependiendo de si el\/la auxiliar ha pertenecido&#46;&#46;&#46;<\/p>\n","protected":false},"author":3720,"featured_media":0,"parent":0,"menu_order":0,"comment_status":"closed","ping_status":"open","template":"","meta":{"ngg_post_thumbnail":0,"footnotes":"","_mc_calendar":[]},"aioseo_notices":[],"_links":{"self":[{"href":"https:\/\/blogsaverroes.juntadeandalucia.es\/plurilinguismodelegaciongranada\/wp-json\/wp\/v2\/pages\/2379"}],"collection":[{"href":"https:\/\/blogsaverroes.juntadeandalucia.es\/plurilinguismodelegaciongranada\/wp-json\/wp\/v2\/pages"}],"about":[{"href":"https:\/\/blogsaverroes.juntadeandalucia.es\/plurilinguismodelegaciongranada\/wp-json\/wp\/v2\/types\/page"}],"author":[{"embeddable":true,"href":"https:\/\/blogsaverroes.juntadeandalucia.es\/plurilinguismodelegaciongranada\/wp-json\/wp\/v2\/users\/3720"}],"replies":[{"embeddable":true,"href":"https:\/\/blogsaverroes.juntadeandalucia.es\/plurilinguismodelegaciongranada\/wp-json\/wp\/v2\/comments?post=2379"}],"version-history":[{"count":45,"href":"https:\/\/blogsaverroes.juntadeandalucia.es\/plurilinguismodelegaciongranada\/wp-json\/wp\/v2\/pages\/2379\/revisions"}],"predecessor-version":[{"id":5772,"href":"https:\/\/blogsaverroes.juntadeandalucia.es\/plurilinguismodelegaciongranada\/wp-json\/wp\/v2\/pages\/2379\/revisions\/5772"}],"wp:attachment":[{"href":"https:\/\/blogsaverroes.juntadeandalucia.es\/plurilinguismodelegaciongranada\/wp-json\/wp\/v2\/media?parent=2379"}],"curies":[{"name":"wp","href":"https:\/\/api.w.org\/{rel}","templated":true}]}}