{"id":2722,"date":"2016-06-08T22:43:46","date_gmt":"2016-06-08T22:43:46","guid":{"rendered":"http:\/\/blogsaverroes.juntadeandalucia.es\/plurilinguismodelegaciongranada\/?page_id=2722"},"modified":"2019-11-25T12:45:22","modified_gmt":"2019-11-25T12:45:22","slug":"educacion-infantil-3","status":"publish","type":"page","link":"https:\/\/blogsaverroes.juntadeandalucia.es\/plurilinguismodelegaciongranada\/educacion-infantil-3\/","title":{"rendered":"Educaci\u00f3n Infantil"},"content":{"rendered":"<p style=\"text-align: justify\">Los centros docentes de titularidad privada que soliciten impartir ense\u00f1anza biling\u00fce deber\u00e1 acreditar las siguientes condiciones:<\/p>\n<h4 style=\"text-align: center\"><strong>Especialidad de Educaci\u00f3n Infantil o Maestro\/a especialista de ingl\u00e9s acompa\u00f1ado del tutor o tutora de Infantil<\/strong><\/h4>\n<p style=\"text-align: justify\">Contar con el n\u00famero adecuado de maestros\/as en posesi\u00f3n de alguna de las titulaciones recogidas en el art\u00edculo 2 del Real Decreto 476\/2013, de 21 de junio, por el que se regulan las condiciones de cualificaci\u00f3n y formaci\u00f3n que deben poseer los maestros de los centros privados de Educaci\u00f3n Infantil y de Educaci\u00f3n Primaria (BOE n\u00ba 167 de 13 de julio).<\/p>\n<p style=\"text-align: justify\">En el caso de la impartici\u00f3n de la ense\u00f1anza biling\u00fce en el segundo ciclo de Educaci\u00f3n Infantil la Orden de 28 de junio de 2011 prev\u00e9 adem\u00e1s, en el Cap\u00edtulo IV, Art\u00edculo 12.3, que \u00abdurante el horario dedicado a la ense\u00f1anza de la L2 se podr\u00e1 organizar la actividad del aula contando con la presencia simult\u00e1nea en el grupo del profesorado especialista de la L2 y del tutor o tutora\u00bb.<\/p>\n<h4 style=\"text-align: center\"><strong>Certificaci\u00f3n Ling\u00fc\u00edstica<\/strong><\/h4>\n<p style=\"text-align: justify\">El personal propuesto deber\u00e1 estar en posesi\u00f3n de Certificaci\u00f3n ling\u00fc\u00edstica oficial expedida por el organismo competente que justifique estar en posesi\u00f3n del nivel de competencia ling\u00fc\u00edstica adecuado, m\u00ednimo B2, del Marco Com\u00fan Europeo de Referencia para las Lenguas (MCERL) (Disposici\u00f3n adicional tercera del Real Decreto 476\/2013, de 21 de junio, BOE n\u00ba 167 de 13 de julio, en relaci\u00f3n con el art\u00edculo 7.1.b)<\/p>\n<p style=\"text-align: justify\">En Andaluc\u00eda las titulaciones v\u00e1lidas para la impartici\u00f3n de ense\u00f1anza biling\u00fce quedan recogidas en el siguiente marco normativo:<\/p>\n<p style=\"text-align: justify\"><strong><em><a href=\"http:\/\/juntadeandalucia.es\/eboja\/2013\/44\/BOJA13-044-00002-3550-01_00022594.pdf\" rel=\"nofollow\">* ORDEN DE 18 DE FEBRERO DE 2013, por la que se modifican la de 28 de junio y 29 de junio de 2011, en la que se explican cu\u00e1les son las titulaciones v\u00e1lidas para impartir docencia biling\u00fce<\/a>.<\/em><\/strong><\/p>\n<p style=\"text-align: justify\"><strong><em><a href=\"http:\/\/juntadeandalucia.es\/eboja\/2016\/65\/BOJA16-065-00003-5941-01_00088522.pdf\">* Orden de 31 de marzo de 2016, por la que se resuelve el procedimiento para el reconocimiento de la acreditaci\u00f3n de los niveles de competencia ling\u00fc\u00edstica en lenguas extranjeras para el profesorado de ense\u00f1anza biling\u00fce en el \u00e1mbito de la Comunidad Aut\u00f3noma de Andaluc\u00eda, correspondiente a la convocatoria de 2015.<\/a><\/em><\/strong><\/p>\n<p style=\"text-align: justify\"><strong><em><a href=\"https:\/\/blogsaverroes.juntadeandalucia.es\/plurilinguismodelegaciongranada\/files\/2018\/04\/Orden-21-marzo-2018-Resoluci\u00f3n-Reconocimiento-de-Niveles-Competencia-Ling\u00fc\u00edstica.pdf\">* Orden de 21 de marzo de 2018, por la que se resuelve el procedimiento para el&nbsp; reconocimiento de la acreditaci\u00f3n de los niveles de competencia ling\u00fc\u00edstica en lenguas extranjeras para el profesorado de ense\u00f1anza biling\u00fce en el \u00e1mbito de la Comunidad Aut\u00f3noma de Andaluc\u00eda, correspondiente a la convocatoria de 2017<\/a>.<\/em><\/strong><\/p>\n<p><em>&nbsp;*&nbsp;<a href=\"https:\/\/juntadeandalucia.es\/boja\/2019\/4\/BOJA19-004-00003-47-01_00148497.pdf\"><strong>Orden de 21 de diciembre de 2018<\/strong>, por la que se resuelve el procedimiento para el reconocimiento de la acreditaci\u00f3n de los niveles de competencia ling\u00fc\u00edstica en lenguas extranjeras para el profesorado de ense\u00f1anza biling\u00fce en el \u00e1mbito de la Comunidad Aut\u00f3noma de Andaluc\u00eda, correspondiente a la convocatoria de 2018<\/a><\/em><\/p>\n<p><a href=\"http:\/\/blogsaverroes.juntadeandalucia.es\/plurilinguismodelegaciongranada\/files\/2016\/06\/TITULACIONES_BIL-4.pdf\"><br \/>\n<\/a>En todo caso habr\u00e1 que garantizar la impartici\u00f3n de los siguientes m\u00ednimos, recogidos en el Art\u00edculo 12 de la <em>Orden de 28 de junio de 2011<\/em>:<\/p>\n<p><em>CAP\u00cdTULO IV<\/em><\/p>\n<p><em>Organizaci\u00f3n y funcionamiento<\/em><\/p>\n<p><em>Art\u00edculo 12. Organizaci\u00f3n y horario en el segundo ciclo de la educaci\u00f3n infantil.<\/em><\/p>\n<ol>\n<li><em>Los centros biling\u00fces establecer\u00e1n el horario lectivo semanal del alumnado del segundo ciclo de la educaci\u00f3n infantil de forma que en cada curso del ciclo se imparta la L2, al menos, una hora y treinta minutos.<\/em><\/li>\n<li><em>El horario de impartici\u00f3n de la L2 se dedicar\u00e1 a la sensibilizaci\u00f3n al idioma extranjero, de conformidad con lo establecido en el art\u00edculo 9.5<\/em><br \/>\n<h4 style=\"text-align: center\" align=\"justify\">&nbsp;<\/h4>\n<h4 style=\"text-align: center\" align=\"justify\"><strong>PROCESO DE SOLICITUD<\/strong><\/h4>\n<\/li>\n<\/ol>\n<p style=\"text-align: justify\">Para formular la solicitud, el CDP deber\u00e1 enviar cumplimentada al <strong>\u00c1rea de Pluriling\u00fcismo, en el Servicio de Ordenaci\u00f3n Educativa de esta Delegaci\u00f3n Territorial<\/strong> la documentaci\u00f3n que sigue:<\/p>\n<p style=\"text-align: justify\">1. <a href=\"https:\/\/blogsaverroes.juntadeandalucia.es\/plurilinguismodelegaciongranada\/files\/2016\/06\/Anexo-I-Orden-29-de-junio-de-2011.pdf\"><strong>Anexo de la&nbsp;ORDEN de 29 de junio de 2011<\/strong>,<\/a> por la que se establece el procedimiento para la autorizaci\u00f3n de la ense\u00f1anza biling\u00fce en los centros docentes de titularidad privada (BOJA 12-07-2011)<\/p>\n<p style=\"text-align: justify\">2. Anexo de&nbsp;<strong><a href=\"https:\/\/blogsaverroes.juntadeandalucia.es\/plurilinguismodelegaciongranada\/files\/2016\/06\/Solicitud-Infantil-Informaci\u00f3n-complementaria.pdf\">Solicitud Infantil-Informaci\u00f3n complementaria<\/a>&nbsp;<\/strong>cumplimentado.<\/p>\n","protected":false},"excerpt":{"rendered":"<p>Los centros docentes de titularidad privada que soliciten impartir ense\u00f1anza biling\u00fce deber\u00e1 acreditar las siguientes condiciones: Especialidad de Educaci\u00f3n Infantil o Maestro\/a especialista de ingl\u00e9s acompa\u00f1ado del tutor o tutora de Infantil Contar&#46;&#46;&#46;<\/p>\n","protected":false},"author":3720,"featured_media":0,"parent":0,"menu_order":0,"comment_status":"closed","ping_status":"open","template":"","meta":{"ngg_post_thumbnail":0,"footnotes":"","_mc_calendar":[]},"aioseo_notices":[],"_links":{"self":[{"href":"https:\/\/blogsaverroes.juntadeandalucia.es\/plurilinguismodelegaciongranada\/wp-json\/wp\/v2\/pages\/2722"}],"collection":[{"href":"https:\/\/blogsaverroes.juntadeandalucia.es\/plurilinguismodelegaciongranada\/wp-json\/wp\/v2\/pages"}],"about":[{"href":"https:\/\/blogsaverroes.juntadeandalucia.es\/plurilinguismodelegaciongranada\/wp-json\/wp\/v2\/types\/page"}],"author":[{"embeddable":true,"href":"https:\/\/blogsaverroes.juntadeandalucia.es\/plurilinguismodelegaciongranada\/wp-json\/wp\/v2\/users\/3720"}],"replies":[{"embeddable":true,"href":"https:\/\/blogsaverroes.juntadeandalucia.es\/plurilinguismodelegaciongranada\/wp-json\/wp\/v2\/comments?post=2722"}],"version-history":[{"count":18,"href":"https:\/\/blogsaverroes.juntadeandalucia.es\/plurilinguismodelegaciongranada\/wp-json\/wp\/v2\/pages\/2722\/revisions"}],"predecessor-version":[{"id":5434,"href":"https:\/\/blogsaverroes.juntadeandalucia.es\/plurilinguismodelegaciongranada\/wp-json\/wp\/v2\/pages\/2722\/revisions\/5434"}],"wp:attachment":[{"href":"https:\/\/blogsaverroes.juntadeandalucia.es\/plurilinguismodelegaciongranada\/wp-json\/wp\/v2\/media?parent=2722"}],"curies":[{"name":"wp","href":"https:\/\/api.w.org\/{rel}","templated":true}]}}