{"id":2781,"date":"2016-06-09T11:46:03","date_gmt":"2016-06-09T11:46:03","guid":{"rendered":"http:\/\/blogsaverroes.juntadeandalucia.es\/plurilinguismodelegaciongranada\/?page_id=2781"},"modified":"2023-11-30T08:21:00","modified_gmt":"2023-11-30T08:21:00","slug":"normativa-sobre-la-organizacion-y-el-funcionamiento-de-la-ensenanza-bilingue","status":"publish","type":"page","link":"https:\/\/blogsaverroes.juntadeandalucia.es\/plurilinguismodelegaciongranada\/normativa-sobre-la-organizacion-y-el-funcionamiento-de-la-ensenanza-bilingue\/","title":{"rendered":"NORMATIVA SOBRE LA ORGANIZACI\u00d3N Y EL FUNCIONAMIENTO DE LA ENSE\u00d1ANZA BILING\u00dcE"},"content":{"rendered":"<h4 style=\"text-align: center\">REDUCCI\u00d3N HORARIA DEL\/LA COORDINADOR\/A &#8211; CENTROS DE TITULARIDAD P\u00daBLICA:<\/h4>\n<p style=\"text-align: justify\"><strong><a href=\"http:\/\/www.adideandalucia.es\/normas\/ordenes\/Orden3sept2010reduccionescoordinadoresplanes.pdf\" target=\"_blank\" rel=\"nofollow noopener noreferrer\">*<em> ORDEN de 3-09-2010<\/em><\/a><\/strong><em><strong>,<\/strong> por la que se establece&nbsp;el horario de dedicaci\u00f3n del profesorado responsable de la coordinaci\u00f3n de los planes y programas&nbsp;estrat\u00e9gicos que desarrolla la Consejer\u00eda competente en materia de educaci\u00f3n (BOJA 16-09-2010).<\/em><\/p>\n<h4 style=\"text-align: center\">&nbsp;ORGANIZACI\u00d3N Y FUNCIONAMIENTO:<\/h4>\n<p style=\"text-align: justify\"><strong><a href=\"http:\/\/www.adideandalucia.es\/normas\/ordenes\/Orden28junio2011EnsenanzaBilingue.pdf\" target=\"_blank\" rel=\"nofollow noopener noreferrer\">* <em>ORDEN de 28 de junio de 2011<\/em><\/a><\/strong><em><strong>,<\/strong>&nbsp;por la que se regula la ense\u00f1anza biling\u00fce&nbsp;en los centros docentes de la Comunidad Aut\u00f3noma de Andaluc\u00eda (BOJA 12-07-2011).<\/em><\/p>\n<p style=\"text-align: justify\"><em><strong><a href=\"http:\/\/www.adideandalucia.es\/normas\/ordenes\/Orden29junio2011AutorizacionCentrosBilingues.pdf\" target=\"_blank\" rel=\"nofollow noopener noreferrer\">* ORDEN de 29 de junio de 2011<\/a>,<\/strong> por la que se establece el procedimiento para la autorizaci\u00f3n de la ense\u00f1anza biling\u00fce en los&nbsp;centros docentes de titularidad privada&nbsp;(BOJA 12-07-2011).<\/em><\/p>\n<p style=\"text-align: justify\"><em><a href=\"http:\/\/www.juntadeandalucia.es\/boja\/2016\/150\/BOJA16-150-00002-14231-01_00096602.pdf\" target=\"_blank\" rel=\"noopener noreferrer\"><strong>* Orden de 1 de agosto de 2016<\/strong>, por la que se modifica la&nbsp;<\/a><a href=\"http:\/\/www.juntadeandalucia.es\/boja\/2016\/150\/BOJA16-150-00002-14231-01_00096602.pdf\" target=\"_blank\" rel=\"noopener noreferrer\">Orden de 28 de junio de 2011, por la que se regula la ense\u00f1anza biling\u00fce en los centros docentes de la Comunidad Aut\u00f3noma de Andaluc\u00eda.<\/a><\/em><\/p>\n<p style=\"text-align: justify\"><a href=\"https:\/\/blogsaverroes.juntadeandalucia.es\/plurilinguismodelegaciongranada\/files\/2023\/11\/231128_Instrucciones_Organizacion_Ens_BilingueF.pdf\"><strong><em>* Instrucciones de 28 de noviembre de 2023, de la Direcci\u00f3n General de Tecnolog\u00edas Avanzadas y Transformaci\u00f3n Educativa, sobre la organizaci\u00f3n y funcionamiento de la ense\u00f1anza biling\u00fce en los centros andaluces.<\/em><\/strong><\/a><\/p>\n<p>&nbsp;<\/p>\n<h4 style=\"text-align: center\">ACREDITACIONES LING\u00dc\u00cdSTICAS DE DOCENTES PARA IMPARTIR ENSE\u00d1ANZA BILING\u00dcE:<\/h4>\n<p style=\"text-align: justify\"><em><a href=\"http:\/\/juntadeandalucia.es\/eboja\/2013\/44\/BOJA13-044-00002-3550-01_00022594.pdf\" rel=\"nofollow\"><strong>* ORDEN DE 18 DE FEBRERO DE 2013<\/strong>, por la que se modifican la de 28 de junio y 29 de junio de 2011, en la que se explican cu\u00e1les son las titulaciones v\u00e1lidas para impartir docencia biling\u00fce<\/a>.<\/em><\/p>\n<p style=\"text-align: justify\"><em><a href=\"http:\/\/juntadeandalucia.es\/eboja\/2015\/109\/BOJA15-109-00008-10206-01_00071310.pdf\"><strong>* Orden de 19 de mayo de 2015<\/strong>, por la que se regula el procedimiento para el reconocimiento de acreditaci\u00f3n de los niveles de competencia ling\u00fc\u00edstica en lenguas extranjeras, de acuerdo con el Marco Com\u00fan europeo de referencia para las Lenguas, para el profesorado de ense\u00f1anza biling\u00fce en el \u00e1mbito de la Comunidad Aut\u00f3noma de Andaluc\u00eda.<\/a><\/em><\/p>\n<p style=\"text-align: justify\" align=\"justify\"><em><a href=\"http:\/\/juntadeandalucia.es\/eboja\/2016\/65\/BOJA16-065-00003-5941-01_00088522.pdf\"><strong>* Orden de 31 de marzo de 2016<\/strong>, por la que se resuelve el procedimiento para el reconocimiento de la acreditaci\u00f3n de los niveles de competencia ling\u00fc\u00edstica en lenguas extranjeras para el profesorado de ense\u00f1anza biling\u00fce en el \u00e1mbito de la Comunidad Aut\u00f3noma de Andaluc\u00eda, correspondiente a la convocatoria de 2015.<\/a><\/em><\/p>\n<p style=\"text-align: justify\"><em><a href=\"https:\/\/blogsaverroes.juntadeandalucia.es\/plurilinguismodelegaciongranada\/files\/2018\/04\/Orden-21-marzo-2018-Resoluci\u00f3n-Reconocimiento-de-Niveles-Competencia-Ling\u00fc\u00edstica.pdf\"><strong>* Orden de 21 de marzo de 2018<\/strong>, por la que se resuelve el procedimiento para el&nbsp; reconocimiento de la acreditaci\u00f3n de los niveles de competencia ling\u00fc\u00edstica en lenguas extranjeras para el profesorado de ense\u00f1anza biling\u00fce en el \u00e1mbito de la Comunidad Aut\u00f3noma de Andaluc\u00eda, correspondiente a la convocatoria de 2017<\/a>.<\/em><\/p>\n<p style=\"text-align: justify\"><em>&nbsp;* <a href=\"https:\/\/juntadeandalucia.es\/boja\/2019\/4\/BOJA19-004-00003-47-01_00148497.pdf\"><strong>Orden de 21 de diciembre de 2018<\/strong>, por la que se resuelve el procedimiento para el reconocimiento de la acreditaci\u00f3n de los niveles de competencia ling\u00fc\u00edstica en lenguas extranjeras para el profesorado de ense\u00f1anza biling\u00fce en el \u00e1mbito de la Comunidad Aut\u00f3noma de Andaluc\u00eda, correspondiente a la convocatoria de 2018<\/a><\/em><\/p>\n<p>*<a href=\"https:\/\/blogsaverroes.juntadeandalucia.es\/plurilinguismodelegaciongranada\/files\/2020\/01\/BOJA19-249-00003-19207-01_001673143.pdf\"><em> <strong>Orden de 20 de diciembre de 2019<\/strong>, por la que se resuelve el procedimiento para el reconocimiento de la acreditaci\u00f3n de los niveles de competencia ling\u00fc\u00edstica en lenguas extranjeras para el profesorado de ense\u00f1anza biling\u00fce en el \u00e1mbito de la Comunidad Aut\u00f3noma de Andaluc\u00eda, correspondiente a la convocatoria de 2019.<\/em><\/a><\/p>\n<p>&nbsp;<\/p>\n<h4 style=\"text-align: center\">INSTRUCCIONES DE CURSOS ANTERIORES<\/h4>\n<p style=\"text-align: justify\"><a href=\"https:\/\/blogsaverroes.juntadeandalucia.es\/plurilinguismodelegaciongranada\/files\/2023\/11\/231128_Instrucciones_Organizacion_Ens_BilingueF.pdf\">* <strong>Instrucciones de 28 de noviembre de 2023<\/strong>, de la Direcci\u00f3n General de Tecnolog\u00edas Avanzadas y Transformaci\u00f3n Educativa, sobre la organizaci\u00f3n y funcionamiento de la ense\u00f1anza biling\u00fce en los centros andaluces.<\/a><\/p>\n<p style=\"text-align: justify\"><a href=\"https:\/\/www.juntadeandalucia.es\/educacion\/portals\/delegate\/content\/d2db8e83-b0f2-4eeb-895b-d28713784c98\/Instrucci%C3%B3n%2020\/2022,%20de%2021%20de%20julio,%20de%20la%20Direcci%C3%B3n%20General%20de%20Ordenaci%C3%B3n%20y%20Evaluaci%C3%B3n%20Educativa,%20sobre%20auxiliares%20de%20conversaci%C3%B3n%20para%20el%20curso%20escolar%202022\/2023\">* <strong>INSTRUCCI\u00d3N 21\/2022, de 21 de julio<\/strong>, de la Direcci\u00f3n General de Ordenaci\u00f3n y Evaluaci\u00f3n Educativa, sobre la organizaci\u00f3n y funcionamiento de la ense\u00f1anza biling\u00fce en los centros andaluces para el curso 2022\/2023.<\/a><\/p>\n<p style=\"text-align: justify\"><a href=\"https:\/\/www.juntadeandalucia.es\/educacion\/portals\/web\/ced\/novedades\/-\/contenidos\/detalle\/publicacion-de-las-instrucciones-de-organizacion-y-funcionamiento-de-la-ensenanza-bilingue-curso-21\">*<strong> INSTRUCCI\u00d3N 7\/2020 DE 8 DE JUNIO<\/strong>, DE LA DIRECCI\u00d3N GENERAL DE ORDENACI\u00d3N Y EVALUACI\u00d3N EDUCATIVA, SOBRE LA ORGANIZACI\u00d3N Y FUNCIONAMIENTO DE LA ENSE\u00d1ANZA BILING\u00dcE EN LOS CENTROS DOCENTES ANDALUCES PARA EL CURSO 2021\/2022&nbsp;<\/a><\/p>\n<p style=\"text-align: justify\">* <a href=\"https:\/\/www.juntadeandalucia.es\/educacion\/portals\/delegate\/content\/7c424436-43b4-4bb9-b63c-bbc09ebd0ee2\/Instrucci%C3%B3n%207\/2020%20de%208%20de%20junio\"><strong>INSTRUCCI\u00d3N 7\/2020 DE 8 DE JUNIO<\/strong>, DE LA DIRECCI\u00d3N GENERAL DE ORDENACI\u00d3N Y EVALUACI\u00d3N EDUCATIVA, SOBRE LA ORGANIZACI\u00d3N Y FUNCIONAMIENTO DE LA ENSE\u00d1ANZA BILING\u00dcE EN LOS CENTROS DOCENTES ANDALUCES PARA EL CURSO 2020\/2021<\/a>&nbsp;<\/p>\n<p style=\"text-align: justify\"><em><a href=\"https:\/\/blogsaverroes.juntadeandalucia.es\/plurilinguismodelegaciongranada\/files\/2019\/05\/INSTRUCCIONES-ENSE\u00d1ANZA-BILING\u00dcE-2019-2020-Firmadas.pdf\"><strong>* INSTRUCCIONES DE 15 DE MAYO DE 2019<\/strong>, DE LA DIRECCI\u00d3N GENERAL DE ORDENACI\u00d3N Y EVALUACI\u00d3N EDUCATIVA, SOBRE LA ORGANIZACI\u00d3N Y FUNCIONAMIENTO DE LA ENSE\u00d1ANZA BILING\u00dcE PARA EL CURSO 2019\/2020<\/a>&nbsp;<\/em><\/p>\n<p style=\"text-align: justify\"><a href=\"http:\/\/www.juntadeandalucia.es\/educacion\/portals\/abaco-portlet\/content\/76fcdf97-b87b-481e-9dfb-28284270db0c\" target=\"_blank\" rel=\"noopener noreferrer\">* I<em>nstrucciones de 7 de junio de 2018 de la Direcci\u00f3n General de Innovaci\u00f3n y Formaci\u00f3n del Profesorado sobre la organizaci\u00f3n y funcionamiento de la ense\u00f1anza biling\u00fce para el curso 2018-2019<\/em><\/a><\/p>\n<p style=\"text-align: justify\"><em><a href=\"https:\/\/blogsaverroes.juntadeandalucia.es\/plurilinguismodelegaciongranada\/files\/2017\/06\/INSTRUCCIONES-ENSE\u00d1ANZA-BILING\u00dcE-2016-172.pdf\">* Instrucciones de 22 de julio de 2016 conjuntas de la Direcci\u00f3n General de Innovaci\u00f3n y de la Direcci\u00f3n General de Formaci\u00f3n Profesional Inicial y Educaci\u00f3n Permanente,&nbsp;sobre la Organizaci\u00f3n y Funcionamiento de la Ense\u00f1anza Biling\u00fce para el curso 2016\/17<\/a>.&nbsp;<\/em><\/p>\n<p style=\"text-align: justify\"><em><a href=\"http:\/\/www.adideandalucia.es\/normas\/instruc\/Instruc20mayo2015EnsenanzaBilingue.pdf\" rel=\"nofollow\">* INSTRUCCIONES de 20 de mayo de 2015<\/a><a href=\"http:\/\/www.adideandalucia.es\/normas\/instruc\/Instruc20mayo2015EnsenanzaBilingue.pdf\" rel=\"nofollow\">&nbsp;conjuntas de la Direcci\u00f3n General de Innovaci\u00f3n Educativa y Formaci\u00f3n del Profesorado, y de la Direcci\u00f3n General de Formaci\u00f3n Profesional Inicial y Educaci\u00f3n Permanente, sobre la organizaci\u00f3n y funcionamiento de la ense\u00f1anza biling\u00fce para el curso 2015-2016<\/a>.<\/em><\/p>\n<p style=\"text-align: justify\"><em><a href=\"http:\/\/www.adideandalucia.es\/normas\/instruc\/Instruc20mayo2015Modificaciones.pdf\" rel=\"nofollow\">* Modificaci\u00f3n a las INSTRUCCIONES de 20 de mayo de 2015<\/a><a href=\"http:\/\/www.adideandalucia.es\/normas\/instruc\/Instruc20mayo2015Modificaciones.pdf\" rel=\"nofollow\">&nbsp;conjuntas de la Direcci\u00f3n General de Innovaci\u00f3n Educativa y Formaci\u00f3n del Profesorado, y de la Direcci\u00f3n General de Formaci\u00f3n Profesional Inicial y Educaci\u00f3n Permanente, sobre la organizaci\u00f3n y funcionamiento de la ense\u00f1anza biling\u00fce para el curso 2015-2016<\/a>.<\/em><\/p>\n","protected":false},"excerpt":{"rendered":"<p>REDUCCI\u00d3N HORARIA DEL\/LA COORDINADOR\/A &#8211; CENTROS DE TITULARIDAD P\u00daBLICA: * ORDEN de 3-09-2010, por la que se establece&nbsp;el horario de dedicaci\u00f3n del profesorado responsable de la coordinaci\u00f3n de los planes y programas&nbsp;estrat\u00e9gicos que&#46;&#46;&#46;<\/p>\n","protected":false},"author":3720,"featured_media":0,"parent":0,"menu_order":0,"comment_status":"closed","ping_status":"open","template":"","meta":{"ngg_post_thumbnail":0,"footnotes":"","_mc_calendar":[]},"aioseo_notices":[],"_links":{"self":[{"href":"https:\/\/blogsaverroes.juntadeandalucia.es\/plurilinguismodelegaciongranada\/wp-json\/wp\/v2\/pages\/2781"}],"collection":[{"href":"https:\/\/blogsaverroes.juntadeandalucia.es\/plurilinguismodelegaciongranada\/wp-json\/wp\/v2\/pages"}],"about":[{"href":"https:\/\/blogsaverroes.juntadeandalucia.es\/plurilinguismodelegaciongranada\/wp-json\/wp\/v2\/types\/page"}],"author":[{"embeddable":true,"href":"https:\/\/blogsaverroes.juntadeandalucia.es\/plurilinguismodelegaciongranada\/wp-json\/wp\/v2\/users\/3720"}],"replies":[{"embeddable":true,"href":"https:\/\/blogsaverroes.juntadeandalucia.es\/plurilinguismodelegaciongranada\/wp-json\/wp\/v2\/comments?post=2781"}],"version-history":[{"count":40,"href":"https:\/\/blogsaverroes.juntadeandalucia.es\/plurilinguismodelegaciongranada\/wp-json\/wp\/v2\/pages\/2781\/revisions"}],"predecessor-version":[{"id":6294,"href":"https:\/\/blogsaverroes.juntadeandalucia.es\/plurilinguismodelegaciongranada\/wp-json\/wp\/v2\/pages\/2781\/revisions\/6294"}],"wp:attachment":[{"href":"https:\/\/blogsaverroes.juntadeandalucia.es\/plurilinguismodelegaciongranada\/wp-json\/wp\/v2\/media?parent=2781"}],"curies":[{"name":"wp","href":"https:\/\/api.w.org\/{rel}","templated":true}]}}