{"id":2791,"date":"2016-06-09T12:10:31","date_gmt":"2016-06-09T12:10:31","guid":{"rendered":"http:\/\/blogsaverroes.juntadeandalucia.es\/plurilinguismodelegaciongranada\/?page_id=2791"},"modified":"2023-03-17T12:19:53","modified_gmt":"2023-03-17T12:19:53","slug":"normativa-sobre-bachibac","status":"publish","type":"page","link":"https:\/\/blogsaverroes.juntadeandalucia.es\/plurilinguismodelegaciongranada\/normativa-sobre-bachibac\/","title":{"rendered":"NORMATIVA SOBRE BACHIBAC"},"content":{"rendered":"<h6 style=\"text-align: center\"><span style=\"color: #000080\"><b>MARCO NORMATIVO ESTATAL<\/b><\/span><\/h6>\n<p style=\"text-align: center\">(Informaci\u00f3n proporcionada en la web de Bachibac,&nbsp;<a href=\"http:\/\/w3.recursostic.edu.es\/bachillerato\/bachibac\/web\/es\/legislacion\">http:\/\/w3.recursostic.edu.es\/bachillerato\/bachibac\/web\/es\/legislacion<\/a>)<\/p>\n<p style=\"text-align: justify\"><strong>Acuerdos:<\/strong><\/p>\n<p style=\"text-align: justify\"><em>\u25aa <strong><a href=\"http:\/\/www.boe.es\/buscar\/doc.php?id=BOE-A-2005-11924\">Aplicaci\u00f3n provisional del Acuerdo Marco<\/a><\/strong>&nbsp;entre el Gobierno del Reino de Espa\u00f1a y el Gobierno de la Rep\u00fablica Francesa sobre los programas educativos, ling\u00fc\u00edsticos y culturales en los Centros Escolares de los dos Estados, hecho en Madrid el 16 de mayo de 2005 (<a href=\"http:\/\/www.boe.es\/boe\/dias\/2005\/07\/11\/pdfs\/A24633-24634.pdf\">enlace a PDF<\/a>).<\/em><\/p>\n<p style=\"text-align: justify\"><em>\u25aa<strong> <a href=\"http:\/\/www.boe.es\/diario_boe\/txt.php?id=BOE-A-2009-5843\">Acuerdo entre el Gobierno del Reino de Espa\u00f1a y el Gobierno de la Rep\u00fablica Francesa<\/a><\/strong>&nbsp;relativo a la doble titulaci\u00f3n de Bachiller y de Baccalaur\u00e9at, hecho \u00abad referendum\u00bb en Par\u00eds el 10 de enero de 2008 (<a href=\"http:\/\/www.boe.es\/boe\/dias\/2009\/04\/08\/pdfs\/BOE-A-2009-5843.pdf\">enlace a PDF<\/a>).<\/em><\/p>\n<p style=\"text-align: justify\"><em><strong>Desarrollo general:<\/strong><\/em><\/p>\n<p style=\"text-align: justify\"><em>\u25aa <strong><a href=\"http:\/\/www.boe.es\/diario_boe\/txt.php?id=BOE-A-2010-4130\">Real Decreto 102\/2010, de 5 de febrero<\/a><\/strong>, por el que se regula la&nbsp;<b>ordenaci\u00f3n de las ense\u00f1anzas<\/b>&nbsp;acogidas al acuerdo entre el Gobierno de Espa\u00f1a y el Gobierno de Francia relativo a la doble titulaci\u00f3n de Bachiller y de Baccalaur\u00e9at en centros docentes espa\u00f1oles (<a href=\"http:\/\/www.boe.es\/boe\/dias\/2010\/03\/12\/pdfs\/BOE-A-2010-4130.pdf\">enlace a PDF<\/a>).<\/em><\/p>\n<p style=\"text-align: justify\"><em>\u25aa <strong><a href=\"http:\/\/www.boe.es\/diario_boe\/txt.php?id=BOE-A-2014-2358\">Real Decreto 95\/2014, de 14 de febrero<\/a><\/strong>, por el que se&nbsp;<b>modifica el Real Decreto 102\/2010, de 5 de febrero<\/b>, por el que se regula la ordenaci\u00f3n de las ense\u00f1anzas acogidas al acuerdo entre el Gobierno de Espa\u00f1a y el Gobierno de Francia relativo a la doble titulaci\u00f3n de Bachiller y de Baccalaur\u00e9at en centros docentes espa\u00f1oles (<a href=\"http:\/\/www.boe.es\/boe\/dias\/2014\/03\/05\/pdfs\/BOE-A-2014-2358.pdf\">enlace a PDF<\/a>).<\/em><\/p>\n<p style=\"text-align: justify\"><em>\u25aa<strong><a href=\"http:\/\/www.boe.es\/diario_boe\/txt.php?id=BOE-A-2010-12706\"> Orden EDU\/2157\/2010, de 30 de julio<\/a><\/strong>, por la que se regula el&nbsp;<b>curr\u00edculo mixto de las ense\u00f1anzas<\/b>&nbsp;acogidas al Acuerdo entre el Gobierno de Espa\u00f1a y el Gobierno de Francia relativo a la doble titulaci\u00f3n de Bachiller y de Baccalaur\u00e9at en centros docentes espa\u00f1oles, as\u00ed como los requisitos para su obtenci\u00f3n (<a href=\"http:\/\/www.boe.es\/boe\/dias\/2010\/08\/07\/pdfs\/BOE-A-2010-12706.pdf\">enlace a PDF<\/a>).<\/em><\/p>\n<p style=\"text-align: justify\"><em>&nbsp;\u25aa&nbsp;<strong><a href=\"https:\/\/www.boe.es\/diario_boe\/txt.php?id=BOE-A-2015-10392\">Orden ECD\/1961\/2015, de 24 de septiembre<\/a><\/strong>, por la que&nbsp;<b>se modifica la Orden EDU\/2157\/2010, de 30 de julio<\/b>, por la que se regula el curr\u00edculo mixto de las ense\u00f1anzas acogidas al Acuerdo entre el Gobierno de Espa\u00f1a y el Gobierno de Francia relativo a la doble titulaci\u00f3n de Bachiller y de Baccalaur\u00e9at en centros docentes espa\u00f1oles, as\u00ed como los requisitos para su obtenci\u00f3n (<a href=\"https:\/\/www.boe.es\/boe\/dias\/2015\/09\/29\/pdfs\/BOE-A-2015-10392.pdf\">enlace a PDF<\/a>).<\/em><\/p>\n<p style=\"text-align: justify\"><strong>Resoluciones anuales:<\/strong><\/p>\n<p><strong>Curso 2018-2019<\/strong><\/p>\n<ul>\n<li><em><strong><a title=\"Acceso a BOE\" href=\"https:\/\/www.boe.es\/diario_boe\/txt.php?id=BOE-A-2018-14104\" target=\"_blank\" rel=\"noopener noreferrer\">Resoluci\u00f3n de 28 de septiembre de 2018<\/a><\/strong>, de la Secretar\u00eda de Estado de Educaci\u00f3n y Formaci\u00f3n Profesional, por la que se dictan instrucciones relativas al programa de doble titulaci\u00f3n Bachiller-Baccalaur\u00e9at&nbsp;&nbsp;&nbsp;&nbsp;&nbsp; correspondientes al curso <strong>2018-2019<\/strong> (<a title=\"En PDF\" href=\"https:\/\/www.boe.es\/boe\/dias\/2018\/10\/15\/pdfs\/BOE-A-2018-14104.pdf\" target=\"_blank\" rel=\"noopener noreferrer\">enlace a PDF<\/a>).<\/em><\/li>\n<\/ul>\n<h6 style=\"text-align: center\"><b><span style=\"color: #000080\">MARCO NORMATIVO AUTON\u00d3MICO<\/span>&nbsp;<\/b><\/h6>\n<p style=\"text-align: justify\">\u2022<em><strong><a href=\"http:\/\/www.adideandalucia.es\/normas\/ordenes\/Orden3agosto2012TituloBachibac.pdf\"> ORDEN ECD\/1767\/2012<\/a><\/strong>, de 3 de agosto, por la que se regula la expedici\u00f3n del T\u00edtulo de Bachiller correspondiente a las ense\u00f1anzas reguladas por la Ley Org\u00e1nica 2\/2006, de 3 de mayo, de Educaci\u00f3n, para el alumnado inscrito en los programas de secciones internacionales espa\u00f1olas y \u00abBachibac\u00bb en Liceos Franceses (BOE 09-08-2012).<\/em><\/p>\n<p style=\"text-align: justify\"><em>\u2022<strong><a href=\"http:\/\/www.adideandalucia.es\/normas\/ordenes\/OrdenECD13marzo2003ModificaBachibac.pdf\"> ORDEN ECD\/445\/2013<\/a><\/strong>, de 13 de marzo, por la que se modifica la Orden ECD\/1767\/2012, de 3 de agosto, por la que se regula la expedici\u00f3n del T\u00edtulo de Bachiller correspondiente a las ense\u00f1anzas reguladas por la Ley Org\u00e1nica 2\/2006, de 3 de mayo, de Educaci\u00f3n, para el alumnado inscrito en los programas de secciones internacionales espa\u00f1olas y \u00abBachibac\u00bb en liceos franceses (BOE 20-03-2013).<\/em><\/p>\n<p style=\"text-align: justify\"><em>\u2022 <strong><a href=\"http:\/\/www.adideandalucia.es\/normas\/RD\/Aclaraciones3abril2013AccesoUniversidadBachibac.pdf\">ACLARACIONES de 3 de abril de 2013<\/a><\/strong>&nbsp;de la Direcci\u00f3n General de Evaluaci\u00f3n y Ordenaci\u00f3n Educativa sobre acceso a la universidad del alumnado que cursa el programa Bachibac.<\/em><\/p>\n<p style=\"text-align: justify\"><em>\u2022<strong><a href=\"http:\/\/www.adideandalucia.es\/normas\/ordenes\/OrdenECD26abril2016Bachibac.pdf\"> ORDEN ECD\/615\/2016<\/a><\/strong>, de 26 de abril, por la que se modifica la Orden ECD\/1767\/2012, de 3 de agosto, por la que se regula la expedici\u00f3n del T\u00edtulo de Bachiller correspondiente a las ense\u00f1anzas reguladas por la Ley Org\u00e1nica 2\/2006, de 3 de mayo, de Educaci\u00f3n, para el alumnado inscrito en los programas de secciones internacionales espa\u00f1olas y \u00abBachibac\u00bb en liceos franceses (BOE 29-04-2016).<\/em><\/p>\n<p style=\"text-align: justify\"><em><a href=\"http:\/\/blogsaverroes.juntadeandalucia.es\/plurilinguismodelegaciongranada\/files\/2016\/06\/Instrucci\u00f3n-1-17-Bachibac.pdf\" target=\"_blank\" rel=\"noopener noreferrer\"><strong>INSTRUCCI\u00d3N 1\/2017, de 17 de enero<\/strong><\/a>, de la Direcci\u00f3n General de Ordenaci\u00f3n Educativa, por la que se regulan determinados aspectos de las ense\u00f1anzas del Programa de doble titulaci\u00f3n Bachiller-Baccalaur\u00e9at en centros docentes de la Comunidad Aut\u00f3noma de Andaluc\u00eda.<\/em><\/p>\n<p style=\"text-align: justify\"><em><a href=\"https:\/\/blogsaverroes.juntadeandalucia.es\/plurilinguismodelegaciongranada\/files\/2023\/03\/RESOLUCI\u00d3N-Bachibac-2022_2023-formateadaF.pdf\"><strong>RESOLUCI\u00d3N DE 16 DE MARZO DE 2023<\/strong><\/a>, DE LA DIRECCI\u00d3N GENERAL DE ORDENACI\u00d3N, INCLUSI\u00d3N, PARTICIPACI\u00d3N Y EVALUACI\u00d3N EDUCATIVA, POR LA QUE SE CONCRETAN ASPECTOS RELATIVOS A LA PRUEBA EXTERNA DEL PROGRAMA DE DOBLE TITULACI\u00d3N BACHILLER-BACCALAUR\u00c9AT CORRESPONDIENTE AL CURSO 2022\/23 EN LA COMUNIDAD AUT\u00d3NOMA DE ANDALUC\u00cdA.<\/em><\/p>\n","protected":false},"excerpt":{"rendered":"<p>MARCO NORMATIVO ESTATAL (Informaci\u00f3n proporcionada en la web de Bachibac,&nbsp;http:\/\/w3.recursostic.edu.es\/bachillerato\/bachibac\/web\/es\/legislacion) Acuerdos: \u25aa Aplicaci\u00f3n provisional del Acuerdo Marco&nbsp;entre el Gobierno del Reino de Espa\u00f1a y el Gobierno de la Rep\u00fablica Francesa sobre los programas&#46;&#46;&#46;<\/p>\n","protected":false},"author":3720,"featured_media":0,"parent":0,"menu_order":0,"comment_status":"closed","ping_status":"open","template":"","meta":{"ngg_post_thumbnail":0,"footnotes":"","_mc_calendar":[]},"aioseo_notices":[],"_links":{"self":[{"href":"https:\/\/blogsaverroes.juntadeandalucia.es\/plurilinguismodelegaciongranada\/wp-json\/wp\/v2\/pages\/2791"}],"collection":[{"href":"https:\/\/blogsaverroes.juntadeandalucia.es\/plurilinguismodelegaciongranada\/wp-json\/wp\/v2\/pages"}],"about":[{"href":"https:\/\/blogsaverroes.juntadeandalucia.es\/plurilinguismodelegaciongranada\/wp-json\/wp\/v2\/types\/page"}],"author":[{"embeddable":true,"href":"https:\/\/blogsaverroes.juntadeandalucia.es\/plurilinguismodelegaciongranada\/wp-json\/wp\/v2\/users\/3720"}],"replies":[{"embeddable":true,"href":"https:\/\/blogsaverroes.juntadeandalucia.es\/plurilinguismodelegaciongranada\/wp-json\/wp\/v2\/comments?post=2791"}],"version-history":[{"count":11,"href":"https:\/\/blogsaverroes.juntadeandalucia.es\/plurilinguismodelegaciongranada\/wp-json\/wp\/v2\/pages\/2791\/revisions"}],"predecessor-version":[{"id":6080,"href":"https:\/\/blogsaverroes.juntadeandalucia.es\/plurilinguismodelegaciongranada\/wp-json\/wp\/v2\/pages\/2791\/revisions\/6080"}],"wp:attachment":[{"href":"https:\/\/blogsaverroes.juntadeandalucia.es\/plurilinguismodelegaciongranada\/wp-json\/wp\/v2\/media?parent=2791"}],"curies":[{"name":"wp","href":"https:\/\/api.w.org\/{rel}","templated":true}]}}